{"id":540,"date":"2024-11-15T13:45:05","date_gmt":"2024-11-15T12:45:05","guid":{"rendered":"https:\/\/nyforetagarcentrum.se\/katrineholm\/?post_type=event&#038;p=540"},"modified":"2024-11-15T13:48:08","modified_gmt":"2024-11-15T12:48:08","slug":"foretagsdrommar-pa-startlinjen","status":"publish","type":"event","link":"https:\/\/nyforetagarcentrum.se\/vastrasormland\/evenemang\/foretagsdrommar-pa-startlinjen\/","title":{"rendered":"F\u00f6retagsdr\u00f6mmar p\u00e5 Startlinjen Katrineholm"},"content":{"rendered":"\n<p><strong>V\u00e4lkommen p\u00e5 infotr\u00e4ff i Ving\u00e5ker, Flen och Katrineholm<\/strong><\/p>\n\n\n\n<p>Har du en aff\u00e4rsid\u00e9 men k\u00e4nner dig os\u00e4ker p\u00e5 n\u00e4sta steg? Kanske har du redan startat men k\u00e4mpar med att f\u00e5 allt p\u00e5 plats? D\u00e5 \u00e4r v\u00e5r kostnadsfria infotr\u00e4ff perfekt f\u00f6r dig!<\/p>\n\n\n\n<p><strong>N\u00e4r:<\/strong>&nbsp;Flen 3 december. Katrineholm 4 december,&nbsp; Ving\u00e5ker 5 december<\/p>\n\n\n\n<p><strong>Tid:<\/strong> Kl.17.00-18.30<\/p>\n\n\n\n<p><strong>Var:<\/strong>&nbsp;Flen J\u00e4rnv\u00e4gshotellet, Katrineholm D11, Ving\u00e5ker S\u00e4fstaholms slott.<br><strong>Kostnad:<\/strong>&nbsp;Gratis, men anm\u00e4lan kr\u00e4vs<\/p>\n\n\n\n<p>Under kv\u00e4llen f\u00e5r du v\u00e4rdefull grundl\u00e4ggande information om att starta och driva f\u00f6retag, t.ex. om bolagsformer, aff\u00e4rsplanering och marknadsf\u00f6ring. Du kommer ocks\u00e5 att f\u00e5 en introduktion till verktyg som&nbsp;<em>Aff\u00e4rsplanen<\/em>&nbsp;och&nbsp;v\u00e5r&nbsp;<em>Checklista<\/em>, och vi ber\u00e4ttar hur Nyf\u00f6retagarcentrum kan hj\u00e4lpa dig med r\u00e5dgivning och utbildning f\u00f6r din f\u00f6retagsstart.<\/p>\n\n\n\n<p>Detta \u00e4r en unik chans att f\u00e5 praktisk r\u00e5dgivning, n\u00e4tverka med andra entrepren\u00f6rer och ta ditt f\u00f6retag till n\u00e4sta niv\u00e5.<\/p>\n\n\n\n<p>Platserna \u00e4r begr\u00e4nsade, s\u00e5 v\u00e4nta inte f\u00f6r l\u00e4nge med att anm\u00e4la dig!<\/p>\n\n\n\n<p>Vi ser fram emot att hj\u00e4lpa dig ta dina f\u00f6rsta steg mot att bli f\u00f6retagare.<\/p>\n\n\n\n<p>Varmt v\u00e4lkomna!<\/p>\n\n\n\n<p>I samarbete med Flens Kommun, Katrineholms Kommun och Ving\u00e5kers Kommun.<\/p>\n","protected":false},"template":"","meta":{"footnotes":""},"acf":[],"yoast_head":"<!-- This site is optimized with the Yoast SEO plugin v22.9 - https:\/\/yoast.com\/wordpress\/plugins\/seo\/ -->\n<title>Evenemang i Katrineholm - Nyf\u00f6retagarCentrum<\/title>\n<meta name=\"description\" content=\"Uppt\u00e4ck kommande evenemang hos Nyf\u00f6retagarCentrum i Katrineholm, utformade f\u00f6r att st\u00f6dja blivande och nya f\u00f6retagare. Delta i workshops, seminarier och n\u00e4tverkstr\u00e4ffar f\u00f6r att f\u00e5 v\u00e4rdefulla insikter och kontakter f\u00f6r din entrepren\u00f6rsresa. F\u00e5 information om datum, platser och hur du anm\u00e4ler dig.\" \/>\n<meta name=\"robots\" content=\"index, follow, max-snippet:-1, max-image-preview:large, max-video-preview:-1\" \/>\n<link rel=\"canonical\" href=\"https:\/\/nyforetagarcentrum.se\/vastrasormland\/evenemang\/foretagsdrommar-pa-startlinjen\/\" \/>\n<meta property=\"og:locale\" content=\"sv_SE\" \/>\n<meta property=\"og:type\" content=\"article\" \/>\n<meta property=\"og:title\" content=\"Evenemang i Katrineholm - Nyf\u00f6retagarCentrum\" \/>\n<meta property=\"og:description\" content=\"Uppt\u00e4ck kommande evenemang hos Nyf\u00f6retagarCentrum i Katrineholm, utformade f\u00f6r att st\u00f6dja blivande och nya f\u00f6retagare. Delta i workshops, seminarier och n\u00e4tverkstr\u00e4ffar f\u00f6r att f\u00e5 v\u00e4rdefulla insikter och kontakter f\u00f6r din entrepren\u00f6rsresa. F\u00e5 information om datum, platser och hur du anm\u00e4ler dig.\" \/>\n<meta property=\"og:url\" content=\"https:\/\/nyforetagarcentrum.se\/vastrasormland\/evenemang\/foretagsdrommar-pa-startlinjen\/\" \/>\n<meta property=\"og:site_name\" content=\"V\u00e4stra S\u00f6rmland\" \/>\n<meta property=\"article:modified_time\" content=\"2024-11-15T12:48:08+00:00\" \/>\n<meta name=\"twitter:card\" content=\"summary_large_image\" \/>\n<meta name=\"twitter:label1\" content=\"Ber\u00e4knad l\u00e4stid\" \/>\n\t<meta name=\"twitter:data1\" content=\"1 minut\" \/>\n<script type=\"application\/ld+json\" class=\"yoast-schema-graph\">{\"@context\":\"https:\/\/schema.org\",\"@graph\":[{\"@type\":\"WebPage\",\"@id\":\"https:\/\/nyforetagarcentrum.se\/vastrasormland\/evenemang\/foretagsdrommar-pa-startlinjen\/\",\"url\":\"https:\/\/nyforetagarcentrum.se\/vastrasormland\/evenemang\/foretagsdrommar-pa-startlinjen\/\",\"name\":\"Evenemang i Katrineholm - Nyf\u00f6retagarCentrum\",\"isPartOf\":{\"@id\":\"https:\/\/nyforetagarcentrum.se\/vastrasormland\/#website\"},\"datePublished\":\"2024-11-15T12:45:05+00:00\",\"dateModified\":\"2024-11-15T12:48:08+00:00\",\"description\":\"Uppt\u00e4ck kommande evenemang hos Nyf\u00f6retagarCentrum i Katrineholm, utformade f\u00f6r att st\u00f6dja blivande och nya f\u00f6retagare. Delta i workshops, seminarier och n\u00e4tverkstr\u00e4ffar f\u00f6r att f\u00e5 v\u00e4rdefulla insikter och kontakter f\u00f6r din entrepren\u00f6rsresa. F\u00e5 information om datum, platser och hur du anm\u00e4ler dig.\",\"breadcrumb\":{\"@id\":\"https:\/\/nyforetagarcentrum.se\/vastrasormland\/evenemang\/foretagsdrommar-pa-startlinjen\/#breadcrumb\"},\"inLanguage\":\"sv-SE\",\"potentialAction\":[{\"@type\":\"ReadAction\",\"target\":[\"https:\/\/nyforetagarcentrum.se\/vastrasormland\/evenemang\/foretagsdrommar-pa-startlinjen\/\"]}]},{\"@type\":\"BreadcrumbList\",\"@id\":\"https:\/\/nyforetagarcentrum.se\/vastrasormland\/evenemang\/foretagsdrommar-pa-startlinjen\/#breadcrumb\",\"itemListElement\":[{\"@type\":\"ListItem\",\"position\":1,\"name\":\"Hem\",\"item\":\"https:\/\/nyforetagarcentrum.se\/vastrasormland\/\"},{\"@type\":\"ListItem\",\"position\":2,\"name\":\"Evenemang\",\"item\":\"https:\/\/nyforetagarcentrum.se\/vastrasormland\/evenemang\/\"},{\"@type\":\"ListItem\",\"position\":3,\"name\":\"F\u00f6retagsdr\u00f6mmar p\u00e5 Startlinjen Katrineholm\"}]},{\"@type\":\"WebSite\",\"@id\":\"https:\/\/nyforetagarcentrum.se\/vastrasormland\/#website\",\"url\":\"https:\/\/nyforetagarcentrum.se\/vastrasormland\/\",\"name\":\"V\u00e4stra S\u00f6rmland\",\"description\":\"Sveriges ledande kraft f\u00f6r fler nya livskraftiga f\u00f6retag\",\"publisher\":{\"@id\":\"https:\/\/nyforetagarcentrum.se\/vastrasormland\/#organization\"},\"potentialAction\":[{\"@type\":\"SearchAction\",\"target\":{\"@type\":\"EntryPoint\",\"urlTemplate\":\"https:\/\/nyforetagarcentrum.se\/vastrasormland\/?s={search_term_string}\"},\"query-input\":\"required name=search_term_string\"}],\"inLanguage\":\"sv-SE\"},{\"@type\":\"Organization\",\"@id\":\"https:\/\/nyforetagarcentrum.se\/vastrasormland\/#organization\",\"name\":\"V\u00e4stra S\u00f6rmland\",\"url\":\"https:\/\/nyforetagarcentrum.se\/vastrasormland\/\",\"logo\":{\"@type\":\"ImageObject\",\"inLanguage\":\"sv-SE\",\"@id\":\"https:\/\/nyforetagarcentrum.se\/vastrasormland\/#\/schema\/logo\/image\/\",\"url\":\"https:\/\/nyforetagarcentrum.se\/vastrasormland\/wp-content\/uploads\/sites\/65\/2024\/07\/vastrasormland_bla.png\",\"contentUrl\":\"https:\/\/nyforetagarcentrum.se\/vastrasormland\/wp-content\/uploads\/sites\/65\/2024\/07\/vastrasormland_bla.png\",\"width\":870,\"height\":355,\"caption\":\"V\u00e4stra S\u00f6rmland\"},\"image\":{\"@id\":\"https:\/\/nyforetagarcentrum.se\/vastrasormland\/#\/schema\/logo\/image\/\"}}]}<\/script>\n<!-- \/ Yoast SEO plugin. -->","yoast_head_json":{"title":"Evenemang i Katrineholm - Nyf\u00f6retagarCentrum","description":"Uppt\u00e4ck kommande evenemang hos Nyf\u00f6retagarCentrum i Katrineholm, utformade f\u00f6r att st\u00f6dja blivande och nya f\u00f6retagare. Delta i workshops, seminarier och n\u00e4tverkstr\u00e4ffar f\u00f6r att f\u00e5 v\u00e4rdefulla insikter och kontakter f\u00f6r din entrepren\u00f6rsresa. F\u00e5 information om datum, platser och hur du anm\u00e4ler dig.","robots":{"index":"index","follow":"follow","max-snippet":"max-snippet:-1","max-image-preview":"max-image-preview:large","max-video-preview":"max-video-preview:-1"},"canonical":"https:\/\/nyforetagarcentrum.se\/vastrasormland\/evenemang\/foretagsdrommar-pa-startlinjen\/","og_locale":"sv_SE","og_type":"article","og_title":"Evenemang i Katrineholm - Nyf\u00f6retagarCentrum","og_description":"Uppt\u00e4ck kommande evenemang hos Nyf\u00f6retagarCentrum i Katrineholm, utformade f\u00f6r att st\u00f6dja blivande och nya f\u00f6retagare. Delta i workshops, seminarier och n\u00e4tverkstr\u00e4ffar f\u00f6r att f\u00e5 v\u00e4rdefulla insikter och kontakter f\u00f6r din entrepren\u00f6rsresa. F\u00e5 information om datum, platser och hur du anm\u00e4ler dig.","og_url":"https:\/\/nyforetagarcentrum.se\/vastrasormland\/evenemang\/foretagsdrommar-pa-startlinjen\/","og_site_name":"V\u00e4stra S\u00f6rmland","article_modified_time":"2024-11-15T12:48:08+00:00","twitter_card":"summary_large_image","twitter_misc":{"Ber\u00e4knad l\u00e4stid":"1 minut"},"schema":{"@context":"https:\/\/schema.org","@graph":[{"@type":"WebPage","@id":"https:\/\/nyforetagarcentrum.se\/vastrasormland\/evenemang\/foretagsdrommar-pa-startlinjen\/","url":"https:\/\/nyforetagarcentrum.se\/vastrasormland\/evenemang\/foretagsdrommar-pa-startlinjen\/","name":"Evenemang i Katrineholm - Nyf\u00f6retagarCentrum","isPartOf":{"@id":"https:\/\/nyforetagarcentrum.se\/vastrasormland\/#website"},"datePublished":"2024-11-15T12:45:05+00:00","dateModified":"2024-11-15T12:48:08+00:00","description":"Uppt\u00e4ck kommande evenemang hos Nyf\u00f6retagarCentrum i Katrineholm, utformade f\u00f6r att st\u00f6dja blivande och nya f\u00f6retagare. Delta i workshops, seminarier och n\u00e4tverkstr\u00e4ffar f\u00f6r att f\u00e5 v\u00e4rdefulla insikter och kontakter f\u00f6r din entrepren\u00f6rsresa. F\u00e5 information om datum, platser och hur du anm\u00e4ler dig.","breadcrumb":{"@id":"https:\/\/nyforetagarcentrum.se\/vastrasormland\/evenemang\/foretagsdrommar-pa-startlinjen\/#breadcrumb"},"inLanguage":"sv-SE","potentialAction":[{"@type":"ReadAction","target":["https:\/\/nyforetagarcentrum.se\/vastrasormland\/evenemang\/foretagsdrommar-pa-startlinjen\/"]}]},{"@type":"BreadcrumbList","@id":"https:\/\/nyforetagarcentrum.se\/vastrasormland\/evenemang\/foretagsdrommar-pa-startlinjen\/#breadcrumb","itemListElement":[{"@type":"ListItem","position":1,"name":"Hem","item":"https:\/\/nyforetagarcentrum.se\/vastrasormland\/"},{"@type":"ListItem","position":2,"name":"Evenemang","item":"https:\/\/nyforetagarcentrum.se\/vastrasormland\/evenemang\/"},{"@type":"ListItem","position":3,"name":"F\u00f6retagsdr\u00f6mmar p\u00e5 Startlinjen Katrineholm"}]},{"@type":"WebSite","@id":"https:\/\/nyforetagarcentrum.se\/vastrasormland\/#website","url":"https:\/\/nyforetagarcentrum.se\/vastrasormland\/","name":"V\u00e4stra S\u00f6rmland","description":"Sveriges ledande kraft f\u00f6r fler nya livskraftiga f\u00f6retag","publisher":{"@id":"https:\/\/nyforetagarcentrum.se\/vastrasormland\/#organization"},"potentialAction":[{"@type":"SearchAction","target":{"@type":"EntryPoint","urlTemplate":"https:\/\/nyforetagarcentrum.se\/vastrasormland\/?s={search_term_string}"},"query-input":"required name=search_term_string"}],"inLanguage":"sv-SE"},{"@type":"Organization","@id":"https:\/\/nyforetagarcentrum.se\/vastrasormland\/#organization","name":"V\u00e4stra S\u00f6rmland","url":"https:\/\/nyforetagarcentrum.se\/vastrasormland\/","logo":{"@type":"ImageObject","inLanguage":"sv-SE","@id":"https:\/\/nyforetagarcentrum.se\/vastrasormland\/#\/schema\/logo\/image\/","url":"https:\/\/nyforetagarcentrum.se\/vastrasormland\/wp-content\/uploads\/sites\/65\/2024\/07\/vastrasormland_bla.png","contentUrl":"https:\/\/nyforetagarcentrum.se\/vastrasormland\/wp-content\/uploads\/sites\/65\/2024\/07\/vastrasormland_bla.png","width":870,"height":355,"caption":"V\u00e4stra S\u00f6rmland"},"image":{"@id":"https:\/\/nyforetagarcentrum.se\/vastrasormland\/#\/schema\/logo\/image\/"}}]}},"_links":{"self":[{"href":"https:\/\/nyforetagarcentrum.se\/vastrasormland\/wp-json\/wp\/v2\/event\/540"}],"collection":[{"href":"https:\/\/nyforetagarcentrum.se\/vastrasormland\/wp-json\/wp\/v2\/event"}],"about":[{"href":"https:\/\/nyforetagarcentrum.se\/vastrasormland\/wp-json\/wp\/v2\/types\/event"}],"version-history":[{"count":3,"href":"https:\/\/nyforetagarcentrum.se\/vastrasormland\/wp-json\/wp\/v2\/event\/540\/revisions"}],"predecessor-version":[{"id":547,"href":"https:\/\/nyforetagarcentrum.se\/vastrasormland\/wp-json\/wp\/v2\/event\/540\/revisions\/547"}],"wp:attachment":[{"href":"https:\/\/nyforetagarcentrum.se\/vastrasormland\/wp-json\/wp\/v2\/media?parent=540"}],"curies":[{"name":"wp","href":"https:\/\/api.w.org\/{rel}","templated":true}]}}