{"id":1035,"date":"2026-04-28T09:39:55","date_gmt":"2026-04-28T07:39:55","guid":{"rendered":"https:\/\/nyforetagarcentrum.se\/vastrasormland\/?post_type=event&#038;p=1035"},"modified":"2026-04-28T17:09:01","modified_gmt":"2026-04-28T15:09:01","slug":"natverkstraff-4-for-nyforetagare-2","status":"publish","type":"event","link":"https:\/\/nyforetagarcentrum.se\/vastrasormland\/evenemang\/natverkstraff-4-for-nyforetagare-2\/","title":{"rendered":"S\u00e4ljutbildning"},"content":{"rendered":"\n<p>S\u00e4lja med relationer<\/p>\n\n\n\n<p>S\u00e4lja beh\u00f6ver inte vara sv\u00e5rt. OM du f\u00f6rst\u00e5r vad kunden egentligen s\u00f6ker och hittar ditt eget s\u00e4tt att m\u00f6ta det.<\/p>\n\n\n\n<p>Relationsf\u00f6rs\u00e4ljning handlar om att f\u00f6rmedla en k\u00e4nsla, snarare \u00e4n en produkt. Den k\u00e4nslan skapar du genom ditt bem\u00f6tande, ditt s\u00e4tt att kommunicera \u2013 och hur du tar hand om relationen \u00e4ven efter att aff\u00e4ren \u00e4r avslutad.<\/p>\n\n\n\n<p>Under den h\u00e4r utbildningen f\u00e5r du l\u00e4ra dig relationss\u00e4lj med inspirerande exempel p\u00e5 hur det kan se ut i praktiken:<\/p>\n\n\n\n<p>\u00b7 Hur en butikss\u00e4ljare byggde s\u00e5 starka relationer att kunderna \u00e5terkom varje vecka med vinflaskor och hembakta pajer.<\/p>\n\n\n\n<p>\u00b7 Hur en br\u00f6llopskoordinator gick fr\u00e5n 4 till 30 br\u00f6llop p\u00e5 tv\u00e5 \u00e5r \u2013 genom att s\u00e4lja p\u00e5 det enda behov brudpar alltid har, fast de inte alltid sj\u00e4lva \u00e4r medvetna om det.<\/p>\n\n\n\n<p>Du kommer f\u00e5 med dig:<\/p>\n\n\n\n<p>\u00b7 Identifiera kundens k\u00e4nslobehov<\/p>\n\n\n\n<p>\u00b7 Hur du kan vara skjysst och \u00e4nd\u00e5 s\u00e4lja mer<\/p>\n\n\n\n<p>\u00b7 Anv\u00e4nda relationsf\u00f6rs\u00e4ljning i din marknadsf\u00f6ring<\/p>\n\n\n\n<p>M\u00e5let \u00e4r att du l\u00e4mnar med inspiration, konkreta exempel och med ett tydligare s\u00e4tt att s\u00e4lja som k\u00e4nns naturligt f\u00f6r dig och som samtidigt g\u00f6r din aff\u00e4r starkare.<\/p>\n\n\n\n<p>Maria Ahlin \u00e4r f\u00f6retagare sen 20 \u00e5r och har vunnit priser f\u00f6r sitt annorlunda med effektiva s\u00e4lj. Hon \u00f6kade antal br\u00f6llop, fr\u00e5n 4 till 30 st p\u00e5 tv\u00e5 \u00e5r och \u00f6kade oms\u00e4ttningen f\u00f6r ett hotell med 37% p\u00e5 samma tid. Hon \u00e4r en passionerad utbildare och brinner f\u00f6r att st\u00e4rka m\u00e4nniskors mod i f\u00f6retagande.<\/p>\n","protected":false},"template":"","meta":{"footnotes":""},"acf":[],"yoast_head":"<!-- This site is optimized with the Yoast SEO plugin v22.9 - https:\/\/yoast.com\/wordpress\/plugins\/seo\/ -->\n<title>Evenemang i Katrineholm - Nyf\u00f6retagarCentrum<\/title>\n<meta name=\"description\" content=\"Uppt\u00e4ck kommande evenemang hos Nyf\u00f6retagarCentrum i Katrineholm, utformade f\u00f6r att st\u00f6dja blivande och nya f\u00f6retagare. Delta i workshops, seminarier och n\u00e4tverkstr\u00e4ffar f\u00f6r att f\u00e5 v\u00e4rdefulla insikter och kontakter f\u00f6r din entrepren\u00f6rsresa. F\u00e5 information om datum, platser och hur du anm\u00e4ler dig.\" \/>\n<meta name=\"robots\" content=\"index, follow, max-snippet:-1, max-image-preview:large, max-video-preview:-1\" \/>\n<link rel=\"canonical\" href=\"https:\/\/nyforetagarcentrum.se\/vastrasormland\/evenemang\/natverkstraff-4-for-nyforetagare-2\/\" \/>\n<meta property=\"og:locale\" content=\"sv_SE\" \/>\n<meta property=\"og:type\" content=\"article\" \/>\n<meta property=\"og:title\" content=\"Evenemang i Katrineholm - Nyf\u00f6retagarCentrum\" \/>\n<meta property=\"og:description\" content=\"Uppt\u00e4ck kommande evenemang hos Nyf\u00f6retagarCentrum i Katrineholm, utformade f\u00f6r att st\u00f6dja blivande och nya f\u00f6retagare. Delta i workshops, seminarier och n\u00e4tverkstr\u00e4ffar f\u00f6r att f\u00e5 v\u00e4rdefulla insikter och kontakter f\u00f6r din entrepren\u00f6rsresa. F\u00e5 information om datum, platser och hur du anm\u00e4ler dig.\" \/>\n<meta property=\"og:url\" content=\"https:\/\/nyforetagarcentrum.se\/vastrasormland\/evenemang\/natverkstraff-4-for-nyforetagare-2\/\" \/>\n<meta property=\"og:site_name\" content=\"V\u00e4stra S\u00f6rmland\" \/>\n<meta property=\"article:modified_time\" content=\"2026-04-28T15:09:01+00:00\" \/>\n<meta name=\"twitter:card\" content=\"summary_large_image\" \/>\n<meta name=\"twitter:label1\" content=\"Ber\u00e4knad l\u00e4stid\" \/>\n\t<meta name=\"twitter:data1\" content=\"2 minuter\" \/>\n<script type=\"application\/ld+json\" class=\"yoast-schema-graph\">{\"@context\":\"https:\/\/schema.org\",\"@graph\":[{\"@type\":\"WebPage\",\"@id\":\"https:\/\/nyforetagarcentrum.se\/vastrasormland\/evenemang\/natverkstraff-4-for-nyforetagare-2\/\",\"url\":\"https:\/\/nyforetagarcentrum.se\/vastrasormland\/evenemang\/natverkstraff-4-for-nyforetagare-2\/\",\"name\":\"Evenemang i Katrineholm - Nyf\u00f6retagarCentrum\",\"isPartOf\":{\"@id\":\"https:\/\/nyforetagarcentrum.se\/vastrasormland\/#website\"},\"datePublished\":\"2026-04-28T07:39:55+00:00\",\"dateModified\":\"2026-04-28T15:09:01+00:00\",\"description\":\"Uppt\u00e4ck kommande evenemang hos Nyf\u00f6retagarCentrum i Katrineholm, utformade f\u00f6r att st\u00f6dja blivande och nya f\u00f6retagare. Delta i workshops, seminarier och n\u00e4tverkstr\u00e4ffar f\u00f6r att f\u00e5 v\u00e4rdefulla insikter och kontakter f\u00f6r din entrepren\u00f6rsresa. F\u00e5 information om datum, platser och hur du anm\u00e4ler dig.\",\"breadcrumb\":{\"@id\":\"https:\/\/nyforetagarcentrum.se\/vastrasormland\/evenemang\/natverkstraff-4-for-nyforetagare-2\/#breadcrumb\"},\"inLanguage\":\"sv-SE\",\"potentialAction\":[{\"@type\":\"ReadAction\",\"target\":[\"https:\/\/nyforetagarcentrum.se\/vastrasormland\/evenemang\/natverkstraff-4-for-nyforetagare-2\/\"]}]},{\"@type\":\"BreadcrumbList\",\"@id\":\"https:\/\/nyforetagarcentrum.se\/vastrasormland\/evenemang\/natverkstraff-4-for-nyforetagare-2\/#breadcrumb\",\"itemListElement\":[{\"@type\":\"ListItem\",\"position\":1,\"name\":\"Hem\",\"item\":\"https:\/\/nyforetagarcentrum.se\/vastrasormland\/\"},{\"@type\":\"ListItem\",\"position\":2,\"name\":\"Evenemang\",\"item\":\"https:\/\/nyforetagarcentrum.se\/vastrasormland\/evenemang\/\"},{\"@type\":\"ListItem\",\"position\":3,\"name\":\"S\u00e4ljutbildning\"}]},{\"@type\":\"WebSite\",\"@id\":\"https:\/\/nyforetagarcentrum.se\/vastrasormland\/#website\",\"url\":\"https:\/\/nyforetagarcentrum.se\/vastrasormland\/\",\"name\":\"V\u00e4stra S\u00f6rmland\",\"description\":\"Sveriges ledande kraft f\u00f6r fler nya livskraftiga f\u00f6retag\",\"publisher\":{\"@id\":\"https:\/\/nyforetagarcentrum.se\/vastrasormland\/#organization\"},\"potentialAction\":[{\"@type\":\"SearchAction\",\"target\":{\"@type\":\"EntryPoint\",\"urlTemplate\":\"https:\/\/nyforetagarcentrum.se\/vastrasormland\/?s={search_term_string}\"},\"query-input\":\"required name=search_term_string\"}],\"inLanguage\":\"sv-SE\"},{\"@type\":\"Organization\",\"@id\":\"https:\/\/nyforetagarcentrum.se\/vastrasormland\/#organization\",\"name\":\"V\u00e4stra S\u00f6rmland\",\"url\":\"https:\/\/nyforetagarcentrum.se\/vastrasormland\/\",\"logo\":{\"@type\":\"ImageObject\",\"inLanguage\":\"sv-SE\",\"@id\":\"https:\/\/nyforetagarcentrum.se\/vastrasormland\/#\/schema\/logo\/image\/\",\"url\":\"https:\/\/nyforetagarcentrum.se\/vastrasormland\/wp-content\/uploads\/sites\/65\/2024\/07\/vastrasormland_bla.png\",\"contentUrl\":\"https:\/\/nyforetagarcentrum.se\/vastrasormland\/wp-content\/uploads\/sites\/65\/2024\/07\/vastrasormland_bla.png\",\"width\":870,\"height\":355,\"caption\":\"V\u00e4stra S\u00f6rmland\"},\"image\":{\"@id\":\"https:\/\/nyforetagarcentrum.se\/vastrasormland\/#\/schema\/logo\/image\/\"}}]}<\/script>\n<!-- \/ Yoast SEO plugin. -->","yoast_head_json":{"title":"Evenemang i Katrineholm - Nyf\u00f6retagarCentrum","description":"Uppt\u00e4ck kommande evenemang hos Nyf\u00f6retagarCentrum i Katrineholm, utformade f\u00f6r att st\u00f6dja blivande och nya f\u00f6retagare. Delta i workshops, seminarier och n\u00e4tverkstr\u00e4ffar f\u00f6r att f\u00e5 v\u00e4rdefulla insikter och kontakter f\u00f6r din entrepren\u00f6rsresa. F\u00e5 information om datum, platser och hur du anm\u00e4ler dig.","robots":{"index":"index","follow":"follow","max-snippet":"max-snippet:-1","max-image-preview":"max-image-preview:large","max-video-preview":"max-video-preview:-1"},"canonical":"https:\/\/nyforetagarcentrum.se\/vastrasormland\/evenemang\/natverkstraff-4-for-nyforetagare-2\/","og_locale":"sv_SE","og_type":"article","og_title":"Evenemang i Katrineholm - Nyf\u00f6retagarCentrum","og_description":"Uppt\u00e4ck kommande evenemang hos Nyf\u00f6retagarCentrum i Katrineholm, utformade f\u00f6r att st\u00f6dja blivande och nya f\u00f6retagare. Delta i workshops, seminarier och n\u00e4tverkstr\u00e4ffar f\u00f6r att f\u00e5 v\u00e4rdefulla insikter och kontakter f\u00f6r din entrepren\u00f6rsresa. F\u00e5 information om datum, platser och hur du anm\u00e4ler dig.","og_url":"https:\/\/nyforetagarcentrum.se\/vastrasormland\/evenemang\/natverkstraff-4-for-nyforetagare-2\/","og_site_name":"V\u00e4stra S\u00f6rmland","article_modified_time":"2026-04-28T15:09:01+00:00","twitter_card":"summary_large_image","twitter_misc":{"Ber\u00e4knad l\u00e4stid":"2 minuter"},"schema":{"@context":"https:\/\/schema.org","@graph":[{"@type":"WebPage","@id":"https:\/\/nyforetagarcentrum.se\/vastrasormland\/evenemang\/natverkstraff-4-for-nyforetagare-2\/","url":"https:\/\/nyforetagarcentrum.se\/vastrasormland\/evenemang\/natverkstraff-4-for-nyforetagare-2\/","name":"Evenemang i Katrineholm - Nyf\u00f6retagarCentrum","isPartOf":{"@id":"https:\/\/nyforetagarcentrum.se\/vastrasormland\/#website"},"datePublished":"2026-04-28T07:39:55+00:00","dateModified":"2026-04-28T15:09:01+00:00","description":"Uppt\u00e4ck kommande evenemang hos Nyf\u00f6retagarCentrum i Katrineholm, utformade f\u00f6r att st\u00f6dja blivande och nya f\u00f6retagare. Delta i workshops, seminarier och n\u00e4tverkstr\u00e4ffar f\u00f6r att f\u00e5 v\u00e4rdefulla insikter och kontakter f\u00f6r din entrepren\u00f6rsresa. F\u00e5 information om datum, platser och hur du anm\u00e4ler dig.","breadcrumb":{"@id":"https:\/\/nyforetagarcentrum.se\/vastrasormland\/evenemang\/natverkstraff-4-for-nyforetagare-2\/#breadcrumb"},"inLanguage":"sv-SE","potentialAction":[{"@type":"ReadAction","target":["https:\/\/nyforetagarcentrum.se\/vastrasormland\/evenemang\/natverkstraff-4-for-nyforetagare-2\/"]}]},{"@type":"BreadcrumbList","@id":"https:\/\/nyforetagarcentrum.se\/vastrasormland\/evenemang\/natverkstraff-4-for-nyforetagare-2\/#breadcrumb","itemListElement":[{"@type":"ListItem","position":1,"name":"Hem","item":"https:\/\/nyforetagarcentrum.se\/vastrasormland\/"},{"@type":"ListItem","position":2,"name":"Evenemang","item":"https:\/\/nyforetagarcentrum.se\/vastrasormland\/evenemang\/"},{"@type":"ListItem","position":3,"name":"S\u00e4ljutbildning"}]},{"@type":"WebSite","@id":"https:\/\/nyforetagarcentrum.se\/vastrasormland\/#website","url":"https:\/\/nyforetagarcentrum.se\/vastrasormland\/","name":"V\u00e4stra S\u00f6rmland","description":"Sveriges ledande kraft f\u00f6r fler nya livskraftiga f\u00f6retag","publisher":{"@id":"https:\/\/nyforetagarcentrum.se\/vastrasormland\/#organization"},"potentialAction":[{"@type":"SearchAction","target":{"@type":"EntryPoint","urlTemplate":"https:\/\/nyforetagarcentrum.se\/vastrasormland\/?s={search_term_string}"},"query-input":"required name=search_term_string"}],"inLanguage":"sv-SE"},{"@type":"Organization","@id":"https:\/\/nyforetagarcentrum.se\/vastrasormland\/#organization","name":"V\u00e4stra S\u00f6rmland","url":"https:\/\/nyforetagarcentrum.se\/vastrasormland\/","logo":{"@type":"ImageObject","inLanguage":"sv-SE","@id":"https:\/\/nyforetagarcentrum.se\/vastrasormland\/#\/schema\/logo\/image\/","url":"https:\/\/nyforetagarcentrum.se\/vastrasormland\/wp-content\/uploads\/sites\/65\/2024\/07\/vastrasormland_bla.png","contentUrl":"https:\/\/nyforetagarcentrum.se\/vastrasormland\/wp-content\/uploads\/sites\/65\/2024\/07\/vastrasormland_bla.png","width":870,"height":355,"caption":"V\u00e4stra S\u00f6rmland"},"image":{"@id":"https:\/\/nyforetagarcentrum.se\/vastrasormland\/#\/schema\/logo\/image\/"}}]}},"_links":{"self":[{"href":"https:\/\/nyforetagarcentrum.se\/vastrasormland\/wp-json\/wp\/v2\/event\/1035"}],"collection":[{"href":"https:\/\/nyforetagarcentrum.se\/vastrasormland\/wp-json\/wp\/v2\/event"}],"about":[{"href":"https:\/\/nyforetagarcentrum.se\/vastrasormland\/wp-json\/wp\/v2\/types\/event"}],"version-history":[{"count":3,"href":"https:\/\/nyforetagarcentrum.se\/vastrasormland\/wp-json\/wp\/v2\/event\/1035\/revisions"}],"predecessor-version":[{"id":1045,"href":"https:\/\/nyforetagarcentrum.se\/vastrasormland\/wp-json\/wp\/v2\/event\/1035\/revisions\/1045"}],"wp:attachment":[{"href":"https:\/\/nyforetagarcentrum.se\/vastrasormland\/wp-json\/wp\/v2\/media?parent=1035"}],"curies":[{"name":"wp","href":"https:\/\/api.w.org\/{rel}","templated":true}]}}