{"id":1021,"date":"2026-03-13T11:04:41","date_gmt":"2026-03-13T10:04:41","guid":{"rendered":"https:\/\/nyforetagarcentrum.se\/vastrasormland\/?post_type=event&#038;p=1021"},"modified":"2026-03-30T13:14:23","modified_gmt":"2026-03-30T11:14:23","slug":"naringslivsfrukost-i-vingaker","status":"publish","type":"event","link":"https:\/\/nyforetagarcentrum.se\/vastrasormland\/evenemang\/naringslivsfrukost-i-vingaker\/","title":{"rendered":"N\u00e4ringslivsfrukost i Ving\u00e5ker"},"content":{"rendered":"\n<p>Starta dagen med en n\u00e4tverksfrukost i Ving\u00e5ker! <br>Vi bjuder p\u00e5 frukost, mingel och delar med oss av vad Stina Ollila, N\u00e4ringslivsansvarig Ving\u00e5ker kommun och Erica B\u00f6rjesson, Nyf\u00f6retagarcentrum V\u00e4stra S\u00f6rmland har i pipen fram\u00e5t. Passa p\u00e5 att knyta nya kontakter och f\u00e5 en uppdatering om vad som h\u00e4nder i Ving\u00e5kers n\u00e4ringsliv. Vi har \u00e4ven Cajsa Jennefors fr\u00e5n Ving\u00e5kershem p\u00e5 plats som visar upp sina fina kontorslokaler som \u00e4r lediga och ber\u00e4ttar mer om vad som finns tillg\u00e4ngligt i Ving\u00e5ker.<\/p>\n\n\n\n<p>Bjud g\u00e4rna med en nyf\u00f6retagare eller n\u00e5gon som dr\u00f6mmer stort men \u00e4nnu inte v\u00e5gat ta steget.<\/p>\n\n\n\n<p>Varmt v\u00e4lkomna!<\/p>\n","protected":false},"template":"","meta":{"footnotes":""},"acf":[],"yoast_head":"<!-- This site is optimized with the Yoast SEO plugin v22.9 - https:\/\/yoast.com\/wordpress\/plugins\/seo\/ -->\n<title>Evenemang i Katrineholm - Nyf\u00f6retagarCentrum<\/title>\n<meta name=\"description\" content=\"Uppt\u00e4ck kommande evenemang hos Nyf\u00f6retagarCentrum i Katrineholm, utformade f\u00f6r att st\u00f6dja blivande och nya f\u00f6retagare. Delta i workshops, seminarier och n\u00e4tverkstr\u00e4ffar f\u00f6r att f\u00e5 v\u00e4rdefulla insikter och kontakter f\u00f6r din entrepren\u00f6rsresa. F\u00e5 information om datum, platser och hur du anm\u00e4ler dig.\" \/>\n<meta name=\"robots\" content=\"index, follow, max-snippet:-1, max-image-preview:large, max-video-preview:-1\" \/>\n<link rel=\"canonical\" href=\"https:\/\/nyforetagarcentrum.se\/vastrasormland\/evenemang\/naringslivsfrukost-i-vingaker\/\" \/>\n<meta property=\"og:locale\" content=\"sv_SE\" \/>\n<meta property=\"og:type\" content=\"article\" \/>\n<meta property=\"og:title\" content=\"Evenemang i Katrineholm - Nyf\u00f6retagarCentrum\" \/>\n<meta property=\"og:description\" content=\"Uppt\u00e4ck kommande evenemang hos Nyf\u00f6retagarCentrum i Katrineholm, utformade f\u00f6r att st\u00f6dja blivande och nya f\u00f6retagare. Delta i workshops, seminarier och n\u00e4tverkstr\u00e4ffar f\u00f6r att f\u00e5 v\u00e4rdefulla insikter och kontakter f\u00f6r din entrepren\u00f6rsresa. F\u00e5 information om datum, platser och hur du anm\u00e4ler dig.\" \/>\n<meta property=\"og:url\" content=\"https:\/\/nyforetagarcentrum.se\/vastrasormland\/evenemang\/naringslivsfrukost-i-vingaker\/\" \/>\n<meta property=\"og:site_name\" content=\"V\u00e4stra S\u00f6rmland\" \/>\n<meta property=\"article:modified_time\" content=\"2026-03-30T11:14:23+00:00\" \/>\n<meta name=\"twitter:card\" content=\"summary_large_image\" \/>\n<meta name=\"twitter:label1\" content=\"Ber\u00e4knad l\u00e4stid\" \/>\n\t<meta name=\"twitter:data1\" content=\"1 minut\" \/>\n<script type=\"application\/ld+json\" class=\"yoast-schema-graph\">{\"@context\":\"https:\/\/schema.org\",\"@graph\":[{\"@type\":\"WebPage\",\"@id\":\"https:\/\/nyforetagarcentrum.se\/vastrasormland\/evenemang\/naringslivsfrukost-i-vingaker\/\",\"url\":\"https:\/\/nyforetagarcentrum.se\/vastrasormland\/evenemang\/naringslivsfrukost-i-vingaker\/\",\"name\":\"Evenemang i Katrineholm - Nyf\u00f6retagarCentrum\",\"isPartOf\":{\"@id\":\"https:\/\/nyforetagarcentrum.se\/vastrasormland\/#website\"},\"datePublished\":\"2026-03-13T10:04:41+00:00\",\"dateModified\":\"2026-03-30T11:14:23+00:00\",\"description\":\"Uppt\u00e4ck kommande evenemang hos Nyf\u00f6retagarCentrum i Katrineholm, utformade f\u00f6r att st\u00f6dja blivande och nya f\u00f6retagare. Delta i workshops, seminarier och n\u00e4tverkstr\u00e4ffar f\u00f6r att f\u00e5 v\u00e4rdefulla insikter och kontakter f\u00f6r din entrepren\u00f6rsresa. F\u00e5 information om datum, platser och hur du anm\u00e4ler dig.\",\"breadcrumb\":{\"@id\":\"https:\/\/nyforetagarcentrum.se\/vastrasormland\/evenemang\/naringslivsfrukost-i-vingaker\/#breadcrumb\"},\"inLanguage\":\"sv-SE\",\"potentialAction\":[{\"@type\":\"ReadAction\",\"target\":[\"https:\/\/nyforetagarcentrum.se\/vastrasormland\/evenemang\/naringslivsfrukost-i-vingaker\/\"]}]},{\"@type\":\"BreadcrumbList\",\"@id\":\"https:\/\/nyforetagarcentrum.se\/vastrasormland\/evenemang\/naringslivsfrukost-i-vingaker\/#breadcrumb\",\"itemListElement\":[{\"@type\":\"ListItem\",\"position\":1,\"name\":\"Hem\",\"item\":\"https:\/\/nyforetagarcentrum.se\/vastrasormland\/\"},{\"@type\":\"ListItem\",\"position\":2,\"name\":\"Evenemang\",\"item\":\"https:\/\/nyforetagarcentrum.se\/vastrasormland\/evenemang\/\"},{\"@type\":\"ListItem\",\"position\":3,\"name\":\"N\u00e4ringslivsfrukost i Ving\u00e5ker\"}]},{\"@type\":\"WebSite\",\"@id\":\"https:\/\/nyforetagarcentrum.se\/vastrasormland\/#website\",\"url\":\"https:\/\/nyforetagarcentrum.se\/vastrasormland\/\",\"name\":\"V\u00e4stra S\u00f6rmland\",\"description\":\"Sveriges ledande kraft f\u00f6r fler nya livskraftiga f\u00f6retag\",\"publisher\":{\"@id\":\"https:\/\/nyforetagarcentrum.se\/vastrasormland\/#organization\"},\"potentialAction\":[{\"@type\":\"SearchAction\",\"target\":{\"@type\":\"EntryPoint\",\"urlTemplate\":\"https:\/\/nyforetagarcentrum.se\/vastrasormland\/?s={search_term_string}\"},\"query-input\":\"required name=search_term_string\"}],\"inLanguage\":\"sv-SE\"},{\"@type\":\"Organization\",\"@id\":\"https:\/\/nyforetagarcentrum.se\/vastrasormland\/#organization\",\"name\":\"V\u00e4stra S\u00f6rmland\",\"url\":\"https:\/\/nyforetagarcentrum.se\/vastrasormland\/\",\"logo\":{\"@type\":\"ImageObject\",\"inLanguage\":\"sv-SE\",\"@id\":\"https:\/\/nyforetagarcentrum.se\/vastrasormland\/#\/schema\/logo\/image\/\",\"url\":\"https:\/\/nyforetagarcentrum.se\/vastrasormland\/wp-content\/uploads\/sites\/65\/2024\/07\/vastrasormland_bla.png\",\"contentUrl\":\"https:\/\/nyforetagarcentrum.se\/vastrasormland\/wp-content\/uploads\/sites\/65\/2024\/07\/vastrasormland_bla.png\",\"width\":870,\"height\":355,\"caption\":\"V\u00e4stra S\u00f6rmland\"},\"image\":{\"@id\":\"https:\/\/nyforetagarcentrum.se\/vastrasormland\/#\/schema\/logo\/image\/\"}}]}<\/script>\n<!-- \/ Yoast SEO plugin. -->","yoast_head_json":{"title":"Evenemang i Katrineholm - Nyf\u00f6retagarCentrum","description":"Uppt\u00e4ck kommande evenemang hos Nyf\u00f6retagarCentrum i Katrineholm, utformade f\u00f6r att st\u00f6dja blivande och nya f\u00f6retagare. Delta i workshops, seminarier och n\u00e4tverkstr\u00e4ffar f\u00f6r att f\u00e5 v\u00e4rdefulla insikter och kontakter f\u00f6r din entrepren\u00f6rsresa. F\u00e5 information om datum, platser och hur du anm\u00e4ler dig.","robots":{"index":"index","follow":"follow","max-snippet":"max-snippet:-1","max-image-preview":"max-image-preview:large","max-video-preview":"max-video-preview:-1"},"canonical":"https:\/\/nyforetagarcentrum.se\/vastrasormland\/evenemang\/naringslivsfrukost-i-vingaker\/","og_locale":"sv_SE","og_type":"article","og_title":"Evenemang i Katrineholm - Nyf\u00f6retagarCentrum","og_description":"Uppt\u00e4ck kommande evenemang hos Nyf\u00f6retagarCentrum i Katrineholm, utformade f\u00f6r att st\u00f6dja blivande och nya f\u00f6retagare. Delta i workshops, seminarier och n\u00e4tverkstr\u00e4ffar f\u00f6r att f\u00e5 v\u00e4rdefulla insikter och kontakter f\u00f6r din entrepren\u00f6rsresa. F\u00e5 information om datum, platser och hur du anm\u00e4ler dig.","og_url":"https:\/\/nyforetagarcentrum.se\/vastrasormland\/evenemang\/naringslivsfrukost-i-vingaker\/","og_site_name":"V\u00e4stra S\u00f6rmland","article_modified_time":"2026-03-30T11:14:23+00:00","twitter_card":"summary_large_image","twitter_misc":{"Ber\u00e4knad l\u00e4stid":"1 minut"},"schema":{"@context":"https:\/\/schema.org","@graph":[{"@type":"WebPage","@id":"https:\/\/nyforetagarcentrum.se\/vastrasormland\/evenemang\/naringslivsfrukost-i-vingaker\/","url":"https:\/\/nyforetagarcentrum.se\/vastrasormland\/evenemang\/naringslivsfrukost-i-vingaker\/","name":"Evenemang i Katrineholm - Nyf\u00f6retagarCentrum","isPartOf":{"@id":"https:\/\/nyforetagarcentrum.se\/vastrasormland\/#website"},"datePublished":"2026-03-13T10:04:41+00:00","dateModified":"2026-03-30T11:14:23+00:00","description":"Uppt\u00e4ck kommande evenemang hos Nyf\u00f6retagarCentrum i Katrineholm, utformade f\u00f6r att st\u00f6dja blivande och nya f\u00f6retagare. Delta i workshops, seminarier och n\u00e4tverkstr\u00e4ffar f\u00f6r att f\u00e5 v\u00e4rdefulla insikter och kontakter f\u00f6r din entrepren\u00f6rsresa. F\u00e5 information om datum, platser och hur du anm\u00e4ler dig.","breadcrumb":{"@id":"https:\/\/nyforetagarcentrum.se\/vastrasormland\/evenemang\/naringslivsfrukost-i-vingaker\/#breadcrumb"},"inLanguage":"sv-SE","potentialAction":[{"@type":"ReadAction","target":["https:\/\/nyforetagarcentrum.se\/vastrasormland\/evenemang\/naringslivsfrukost-i-vingaker\/"]}]},{"@type":"BreadcrumbList","@id":"https:\/\/nyforetagarcentrum.se\/vastrasormland\/evenemang\/naringslivsfrukost-i-vingaker\/#breadcrumb","itemListElement":[{"@type":"ListItem","position":1,"name":"Hem","item":"https:\/\/nyforetagarcentrum.se\/vastrasormland\/"},{"@type":"ListItem","position":2,"name":"Evenemang","item":"https:\/\/nyforetagarcentrum.se\/vastrasormland\/evenemang\/"},{"@type":"ListItem","position":3,"name":"N\u00e4ringslivsfrukost i Ving\u00e5ker"}]},{"@type":"WebSite","@id":"https:\/\/nyforetagarcentrum.se\/vastrasormland\/#website","url":"https:\/\/nyforetagarcentrum.se\/vastrasormland\/","name":"V\u00e4stra S\u00f6rmland","description":"Sveriges ledande kraft f\u00f6r fler nya livskraftiga f\u00f6retag","publisher":{"@id":"https:\/\/nyforetagarcentrum.se\/vastrasormland\/#organization"},"potentialAction":[{"@type":"SearchAction","target":{"@type":"EntryPoint","urlTemplate":"https:\/\/nyforetagarcentrum.se\/vastrasormland\/?s={search_term_string}"},"query-input":"required name=search_term_string"}],"inLanguage":"sv-SE"},{"@type":"Organization","@id":"https:\/\/nyforetagarcentrum.se\/vastrasormland\/#organization","name":"V\u00e4stra S\u00f6rmland","url":"https:\/\/nyforetagarcentrum.se\/vastrasormland\/","logo":{"@type":"ImageObject","inLanguage":"sv-SE","@id":"https:\/\/nyforetagarcentrum.se\/vastrasormland\/#\/schema\/logo\/image\/","url":"https:\/\/nyforetagarcentrum.se\/vastrasormland\/wp-content\/uploads\/sites\/65\/2024\/07\/vastrasormland_bla.png","contentUrl":"https:\/\/nyforetagarcentrum.se\/vastrasormland\/wp-content\/uploads\/sites\/65\/2024\/07\/vastrasormland_bla.png","width":870,"height":355,"caption":"V\u00e4stra S\u00f6rmland"},"image":{"@id":"https:\/\/nyforetagarcentrum.se\/vastrasormland\/#\/schema\/logo\/image\/"}}]}},"_links":{"self":[{"href":"https:\/\/nyforetagarcentrum.se\/vastrasormland\/wp-json\/wp\/v2\/event\/1021"}],"collection":[{"href":"https:\/\/nyforetagarcentrum.se\/vastrasormland\/wp-json\/wp\/v2\/event"}],"about":[{"href":"https:\/\/nyforetagarcentrum.se\/vastrasormland\/wp-json\/wp\/v2\/types\/event"}],"version-history":[{"count":6,"href":"https:\/\/nyforetagarcentrum.se\/vastrasormland\/wp-json\/wp\/v2\/event\/1021\/revisions"}],"predecessor-version":[{"id":1028,"href":"https:\/\/nyforetagarcentrum.se\/vastrasormland\/wp-json\/wp\/v2\/event\/1021\/revisions\/1028"}],"wp:attachment":[{"href":"https:\/\/nyforetagarcentrum.se\/vastrasormland\/wp-json\/wp\/v2\/media?parent=1021"}],"curies":[{"name":"wp","href":"https:\/\/api.w.org\/{rel}","templated":true}]}}