{"id":2508,"date":"2026-04-20T20:33:37","date_gmt":"2026-04-20T18:33:37","guid":{"rendered":"https:\/\/nyforetagarcentrum.se\/vastraostergotland\/?post_type=event&#038;p=2508"},"modified":"2026-04-20T20:33:37","modified_gmt":"2026-04-20T18:33:37","slug":"ekonomisk-trygghet-for-foretagare","status":"publish","type":"event","link":"https:\/\/nyforetagarcentrum.se\/vastraostergotland\/evenemang\/ekonomisk-trygghet-for-foretagare\/","title":{"rendered":"Ekonomisk trygghet f\u00f6r f\u00f6retagare"},"content":{"rendered":"\n<p>Det finns ett nytt ekonomiskt skyddsn\u00e4t f\u00f6r dig som nystartad f\u00f6retagare. Har du koll p\u00e5 vad arbetsl\u00f6shetsf\u00f6rs\u00e4kringen inneb\u00e4r f\u00f6r dig som \u00e4r eller vill bli egenf\u00f6retagare? <\/p>\n\n\n\n<p>I detta webbinarium informerar SM\u00c5A, a-kassan f\u00f6r f\u00f6retagare, om hur f\u00f6rs\u00e4kringen och trygghetssystemet ser ut f\u00f6r f\u00f6retagare. Du f\u00e5r konkreta exempel p\u00e5 hur det fungerar och f\u00e5r tips om saker som \u00e4r bra att t\u00e4nka p\u00e5 f\u00f6r att du ska kunna k\u00e4nna ekonomisk trygghet under din f\u00f6retagarresa. Det finns \u00e4ven utrymme att st\u00e4lla fr\u00e5gor och f\u00e5 svar direkt.\u00a0\u00a0<\/p>\n\n\n\n<p><strong>F\u00f6redragsh\u00e5llare:\u00a0<\/strong>Jessica Tj\u00e4llman, kommunikationschef SM\u00c5A<\/p>\n","protected":false},"template":"","meta":{"footnotes":""},"acf":[],"yoast_head":"<!-- This site is optimized with the Yoast SEO plugin v22.9 - https:\/\/yoast.com\/wordpress\/plugins\/seo\/ -->\n<title>Evenemang f\u00f6r blivande f\u00f6retagare i V\u00e4stra \u00d6sterg\u00f6tland | Nyf\u00f6retagarcentrum<\/title>\n<meta name=\"description\" content=\"Nyf\u00f6retagarcentrum V\u00e4stra \u00d6sterg\u00f6tland arrangerar inspirerande evenemang och utbildningar f\u00f6r dig som vill starta eget f\u00f6retag. Boka din plats p\u00e5 Starta Eget-dagen, f\u00f6rel\u00e4sningar inom marknadsf\u00f6ring, f\u00f6rs\u00e4ljning och mycket mer f\u00f6r att f\u00e5 v\u00e4rdefull kunskap och st\u00f6d i f\u00f6retagsstarten.\" \/>\n<meta name=\"robots\" content=\"index, follow, max-snippet:-1, max-image-preview:large, max-video-preview:-1\" \/>\n<link rel=\"canonical\" href=\"https:\/\/nyforetagarcentrum.se\/vastraostergotland\/evenemang\/ekonomisk-trygghet-for-foretagare\/\" \/>\n<meta property=\"og:locale\" content=\"sv_SE\" \/>\n<meta property=\"og:type\" content=\"article\" \/>\n<meta property=\"og:title\" content=\"Evenemang f\u00f6r blivande f\u00f6retagare i V\u00e4stra \u00d6sterg\u00f6tland | Nyf\u00f6retagarcentrum\" \/>\n<meta property=\"og:description\" content=\"Nyf\u00f6retagarcentrum V\u00e4stra \u00d6sterg\u00f6tland arrangerar inspirerande evenemang och utbildningar f\u00f6r dig som vill starta eget f\u00f6retag. Boka din plats p\u00e5 Starta Eget-dagen, f\u00f6rel\u00e4sningar inom marknadsf\u00f6ring, f\u00f6rs\u00e4ljning och mycket mer f\u00f6r att f\u00e5 v\u00e4rdefull kunskap och st\u00f6d i f\u00f6retagsstarten.\" \/>\n<meta property=\"og:url\" content=\"https:\/\/nyforetagarcentrum.se\/vastraostergotland\/evenemang\/ekonomisk-trygghet-for-foretagare\/\" \/>\n<meta property=\"og:site_name\" content=\"V\u00e4stra \u00d6sterg\u00f6tland\" \/>\n<meta name=\"twitter:card\" content=\"summary_large_image\" \/>\n<meta name=\"twitter:label1\" content=\"Ber\u00e4knad l\u00e4stid\" \/>\n\t<meta name=\"twitter:data1\" content=\"1 minut\" \/>\n<script type=\"application\/ld+json\" class=\"yoast-schema-graph\">{\"@context\":\"https:\/\/schema.org\",\"@graph\":[{\"@type\":\"WebPage\",\"@id\":\"https:\/\/nyforetagarcentrum.se\/vastraostergotland\/evenemang\/ekonomisk-trygghet-for-foretagare\/\",\"url\":\"https:\/\/nyforetagarcentrum.se\/vastraostergotland\/evenemang\/ekonomisk-trygghet-for-foretagare\/\",\"name\":\"Evenemang f\u00f6r blivande f\u00f6retagare i V\u00e4stra \u00d6sterg\u00f6tland | Nyf\u00f6retagarcentrum\",\"isPartOf\":{\"@id\":\"https:\/\/nyforetagarcentrum.se\/vastraostergotland\/#website\"},\"datePublished\":\"2026-04-20T18:33:37+00:00\",\"dateModified\":\"2026-04-20T18:33:37+00:00\",\"description\":\"Nyf\u00f6retagarcentrum V\u00e4stra \u00d6sterg\u00f6tland arrangerar inspirerande evenemang och utbildningar f\u00f6r dig som vill starta eget f\u00f6retag. Boka din plats p\u00e5 Starta Eget-dagen, f\u00f6rel\u00e4sningar inom marknadsf\u00f6ring, f\u00f6rs\u00e4ljning och mycket mer f\u00f6r att f\u00e5 v\u00e4rdefull kunskap och st\u00f6d i f\u00f6retagsstarten.\",\"breadcrumb\":{\"@id\":\"https:\/\/nyforetagarcentrum.se\/vastraostergotland\/evenemang\/ekonomisk-trygghet-for-foretagare\/#breadcrumb\"},\"inLanguage\":\"sv-SE\",\"potentialAction\":[{\"@type\":\"ReadAction\",\"target\":[\"https:\/\/nyforetagarcentrum.se\/vastraostergotland\/evenemang\/ekonomisk-trygghet-for-foretagare\/\"]}]},{\"@type\":\"BreadcrumbList\",\"@id\":\"https:\/\/nyforetagarcentrum.se\/vastraostergotland\/evenemang\/ekonomisk-trygghet-for-foretagare\/#breadcrumb\",\"itemListElement\":[{\"@type\":\"ListItem\",\"position\":1,\"name\":\"Hem\",\"item\":\"https:\/\/nyforetagarcentrum.se\/vastraostergotland\/\"},{\"@type\":\"ListItem\",\"position\":2,\"name\":\"Evenemang\",\"item\":\"https:\/\/nyforetagarcentrum.se\/vastraostergotland\/evenemang\/\"},{\"@type\":\"ListItem\",\"position\":3,\"name\":\"Ekonomisk trygghet f\u00f6r f\u00f6retagare\"}]},{\"@type\":\"WebSite\",\"@id\":\"https:\/\/nyforetagarcentrum.se\/vastraostergotland\/#website\",\"url\":\"https:\/\/nyforetagarcentrum.se\/vastraostergotland\/\",\"name\":\"V\u00e4stra \u00d6sterg\u00f6tland\",\"description\":\"Sveriges ledande kraft f\u00f6r fler nya livskraftiga f\u00f6retag\",\"publisher\":{\"@id\":\"https:\/\/nyforetagarcentrum.se\/vastraostergotland\/#organization\"},\"potentialAction\":[{\"@type\":\"SearchAction\",\"target\":{\"@type\":\"EntryPoint\",\"urlTemplate\":\"https:\/\/nyforetagarcentrum.se\/vastraostergotland\/?s={search_term_string}\"},\"query-input\":\"required name=search_term_string\"}],\"inLanguage\":\"sv-SE\"},{\"@type\":\"Organization\",\"@id\":\"https:\/\/nyforetagarcentrum.se\/vastraostergotland\/#organization\",\"name\":\"V\u00e4stra \u00d6sterg\u00f6tland\",\"url\":\"https:\/\/nyforetagarcentrum.se\/vastraostergotland\/\",\"logo\":{\"@type\":\"ImageObject\",\"inLanguage\":\"sv-SE\",\"@id\":\"https:\/\/nyforetagarcentrum.se\/vastraostergotland\/#\/schema\/logo\/image\/\",\"url\":\"https:\/\/nyforetagarcentrum.se\/vastraostergotland\/wp-content\/uploads\/sites\/32\/2024\/07\/vastraostergotlnad_bla.png\",\"contentUrl\":\"https:\/\/nyforetagarcentrum.se\/vastraostergotland\/wp-content\/uploads\/sites\/32\/2024\/07\/vastraostergotlnad_bla.png\",\"width\":870,\"height\":355,\"caption\":\"V\u00e4stra \u00d6sterg\u00f6tland\"},\"image\":{\"@id\":\"https:\/\/nyforetagarcentrum.se\/vastraostergotland\/#\/schema\/logo\/image\/\"}}]}<\/script>\n<!-- \/ Yoast SEO plugin. -->","yoast_head_json":{"title":"Evenemang f\u00f6r blivande f\u00f6retagare i V\u00e4stra \u00d6sterg\u00f6tland | Nyf\u00f6retagarcentrum","description":"Nyf\u00f6retagarcentrum V\u00e4stra \u00d6sterg\u00f6tland arrangerar inspirerande evenemang och utbildningar f\u00f6r dig som vill starta eget f\u00f6retag. Boka din plats p\u00e5 Starta Eget-dagen, f\u00f6rel\u00e4sningar inom marknadsf\u00f6ring, f\u00f6rs\u00e4ljning och mycket mer f\u00f6r att f\u00e5 v\u00e4rdefull kunskap och st\u00f6d i f\u00f6retagsstarten.","robots":{"index":"index","follow":"follow","max-snippet":"max-snippet:-1","max-image-preview":"max-image-preview:large","max-video-preview":"max-video-preview:-1"},"canonical":"https:\/\/nyforetagarcentrum.se\/vastraostergotland\/evenemang\/ekonomisk-trygghet-for-foretagare\/","og_locale":"sv_SE","og_type":"article","og_title":"Evenemang f\u00f6r blivande f\u00f6retagare i V\u00e4stra \u00d6sterg\u00f6tland | Nyf\u00f6retagarcentrum","og_description":"Nyf\u00f6retagarcentrum V\u00e4stra \u00d6sterg\u00f6tland arrangerar inspirerande evenemang och utbildningar f\u00f6r dig som vill starta eget f\u00f6retag. Boka din plats p\u00e5 Starta Eget-dagen, f\u00f6rel\u00e4sningar inom marknadsf\u00f6ring, f\u00f6rs\u00e4ljning och mycket mer f\u00f6r att f\u00e5 v\u00e4rdefull kunskap och st\u00f6d i f\u00f6retagsstarten.","og_url":"https:\/\/nyforetagarcentrum.se\/vastraostergotland\/evenemang\/ekonomisk-trygghet-for-foretagare\/","og_site_name":"V\u00e4stra \u00d6sterg\u00f6tland","twitter_card":"summary_large_image","twitter_misc":{"Ber\u00e4knad l\u00e4stid":"1 minut"},"schema":{"@context":"https:\/\/schema.org","@graph":[{"@type":"WebPage","@id":"https:\/\/nyforetagarcentrum.se\/vastraostergotland\/evenemang\/ekonomisk-trygghet-for-foretagare\/","url":"https:\/\/nyforetagarcentrum.se\/vastraostergotland\/evenemang\/ekonomisk-trygghet-for-foretagare\/","name":"Evenemang f\u00f6r blivande f\u00f6retagare i V\u00e4stra \u00d6sterg\u00f6tland | Nyf\u00f6retagarcentrum","isPartOf":{"@id":"https:\/\/nyforetagarcentrum.se\/vastraostergotland\/#website"},"datePublished":"2026-04-20T18:33:37+00:00","dateModified":"2026-04-20T18:33:37+00:00","description":"Nyf\u00f6retagarcentrum V\u00e4stra \u00d6sterg\u00f6tland arrangerar inspirerande evenemang och utbildningar f\u00f6r dig som vill starta eget f\u00f6retag. Boka din plats p\u00e5 Starta Eget-dagen, f\u00f6rel\u00e4sningar inom marknadsf\u00f6ring, f\u00f6rs\u00e4ljning och mycket mer f\u00f6r att f\u00e5 v\u00e4rdefull kunskap och st\u00f6d i f\u00f6retagsstarten.","breadcrumb":{"@id":"https:\/\/nyforetagarcentrum.se\/vastraostergotland\/evenemang\/ekonomisk-trygghet-for-foretagare\/#breadcrumb"},"inLanguage":"sv-SE","potentialAction":[{"@type":"ReadAction","target":["https:\/\/nyforetagarcentrum.se\/vastraostergotland\/evenemang\/ekonomisk-trygghet-for-foretagare\/"]}]},{"@type":"BreadcrumbList","@id":"https:\/\/nyforetagarcentrum.se\/vastraostergotland\/evenemang\/ekonomisk-trygghet-for-foretagare\/#breadcrumb","itemListElement":[{"@type":"ListItem","position":1,"name":"Hem","item":"https:\/\/nyforetagarcentrum.se\/vastraostergotland\/"},{"@type":"ListItem","position":2,"name":"Evenemang","item":"https:\/\/nyforetagarcentrum.se\/vastraostergotland\/evenemang\/"},{"@type":"ListItem","position":3,"name":"Ekonomisk trygghet f\u00f6r f\u00f6retagare"}]},{"@type":"WebSite","@id":"https:\/\/nyforetagarcentrum.se\/vastraostergotland\/#website","url":"https:\/\/nyforetagarcentrum.se\/vastraostergotland\/","name":"V\u00e4stra \u00d6sterg\u00f6tland","description":"Sveriges ledande kraft f\u00f6r fler nya livskraftiga f\u00f6retag","publisher":{"@id":"https:\/\/nyforetagarcentrum.se\/vastraostergotland\/#organization"},"potentialAction":[{"@type":"SearchAction","target":{"@type":"EntryPoint","urlTemplate":"https:\/\/nyforetagarcentrum.se\/vastraostergotland\/?s={search_term_string}"},"query-input":"required name=search_term_string"}],"inLanguage":"sv-SE"},{"@type":"Organization","@id":"https:\/\/nyforetagarcentrum.se\/vastraostergotland\/#organization","name":"V\u00e4stra \u00d6sterg\u00f6tland","url":"https:\/\/nyforetagarcentrum.se\/vastraostergotland\/","logo":{"@type":"ImageObject","inLanguage":"sv-SE","@id":"https:\/\/nyforetagarcentrum.se\/vastraostergotland\/#\/schema\/logo\/image\/","url":"https:\/\/nyforetagarcentrum.se\/vastraostergotland\/wp-content\/uploads\/sites\/32\/2024\/07\/vastraostergotlnad_bla.png","contentUrl":"https:\/\/nyforetagarcentrum.se\/vastraostergotland\/wp-content\/uploads\/sites\/32\/2024\/07\/vastraostergotlnad_bla.png","width":870,"height":355,"caption":"V\u00e4stra \u00d6sterg\u00f6tland"},"image":{"@id":"https:\/\/nyforetagarcentrum.se\/vastraostergotland\/#\/schema\/logo\/image\/"}}]}},"_links":{"self":[{"href":"https:\/\/nyforetagarcentrum.se\/vastraostergotland\/wp-json\/wp\/v2\/event\/2508"}],"collection":[{"href":"https:\/\/nyforetagarcentrum.se\/vastraostergotland\/wp-json\/wp\/v2\/event"}],"about":[{"href":"https:\/\/nyforetagarcentrum.se\/vastraostergotland\/wp-json\/wp\/v2\/types\/event"}],"version-history":[{"count":2,"href":"https:\/\/nyforetagarcentrum.se\/vastraostergotland\/wp-json\/wp\/v2\/event\/2508\/revisions"}],"predecessor-version":[{"id":2510,"href":"https:\/\/nyforetagarcentrum.se\/vastraostergotland\/wp-json\/wp\/v2\/event\/2508\/revisions\/2510"}],"wp:attachment":[{"href":"https:\/\/nyforetagarcentrum.se\/vastraostergotland\/wp-json\/wp\/v2\/media?parent=2508"}],"curies":[{"name":"wp","href":"https:\/\/api.w.org\/{rel}","templated":true}]}}