{"id":2076,"date":"2025-04-14T10:09:02","date_gmt":"2025-04-14T08:09:02","guid":{"rendered":"https:\/\/nyforetagarcentrum.se\/vastraostergotland\/?post_type=event&#038;p=2076"},"modified":"2026-04-20T12:04:30","modified_gmt":"2026-04-20T10:04:30","slug":"lampligt-forsakringsskydd-for-dig-dina-anstallda-och-ditt-foretag","status":"publish","type":"event","link":"https:\/\/nyforetagarcentrum.se\/vastraostergotland\/evenemang\/lampligt-forsakringsskydd-for-dig-dina-anstallda-och-ditt-foretag\/","title":{"rendered":"L\u00e4mpligt f\u00f6rs\u00e4kringsskydd f\u00f6r dig, dina anst\u00e4llda och ditt f\u00f6retag"},"content":{"rendered":"\n<p>Vilken eller vilka typer av f\u00f6rs\u00e4kringar du beh\u00f6ver f\u00f6r ditt f\u00f6retag beror sj\u00e4lvklart p\u00e5 hur din verksamhet ser ut. H\u00e4r kommer f\u00f6retags- och ansvarsf\u00f6rs\u00e4kringen in. Men att vara egen f\u00f6retagare inneb\u00e4r \u00e4ven att du beh\u00f6ver se \u00f6ver ditt f\u00f6rs\u00e4kringsskydd f\u00f6r dig sj\u00e4lv och dina eventuella anst\u00e4llda t ex avseende pensions- och sjukf\u00f6rs\u00e4kringar. P\u00e5 v\u00e5rt seminarium f\u00e5r du mer information och kunskap kring f\u00f6rs\u00e4kringar och f\u00f6rs\u00e4kringsskydd &#8211; varf\u00f6r du beh\u00f6ver detta och vad som kan h\u00e4nda om du inte har det.&nbsp;Ur inneh\u00e5llet:<\/p>\n\n\n\n<h3 class=\"wp-block-heading\"><strong>D\u00e4rf\u00f6r ska du ha en f\u00f6retagsf\u00f6rs\u00e4kring<\/strong><\/h3>\n\n\n\n<ul>\n<li>Vilket skydd ger en f\u00f6retagsf\u00f6rs\u00e4kring och vad kostar det?&nbsp;<\/li>\n\n\n\n<li>Vad skyddas inte av en f\u00f6retagsf\u00f6rs\u00e4kring?<\/li>\n\n\n\n<li>F\u00f6rs\u00e4kring om man har kontoret hemma?<\/li>\n<\/ul>\n\n\n\n<h3 class=\"wp-block-heading\"><strong>Trygghet och sparande f\u00f6r dig som&nbsp;f\u00f6retagare.<\/strong><\/h3>\n\n\n\n<ul>\n<li>Varf\u00f6r det \u00e4r viktigt att du tar ut l\u00f6n eller har ett \u00f6verskott?<\/li>\n\n\n\n<li>Hur stor \u00e4r den statliga pensionen och hur funkar det n\u00e4r jag blir f\u00f6retagare?<\/li>\n\n\n\n<li>Hur kan du kompensera f\u00f6r den tj\u00e4nstepension som anst\u00e4llda vanligen har?<\/li>\n\n\n\n<li>Vad inneb\u00e4r det att ha en sjukf\u00f6rs\u00e4kring och n\u00e4r f\u00e5r jag ers\u00e4ttning fr\u00e5n den?<\/li>\n\n\n\n<li>Sjukv\u00e5rdsf\u00f6rs\u00e4kring \u2013 vad \u00e4r det, vad t\u00e4cker den f\u00f6r och hur mycket kostar det?<\/li>\n\n\n\n<li>Om jag inte vill spara i en pensionsf\u00f6rs\u00e4kring \u2013 hur kan jag spara i mitt f\u00f6retag d\u00e5?<\/li>\n\n\n\n<li>Skillnader f\u00f6r enskild firma respektive aktiebolag?<\/li>\n<\/ul>\n\n\n\n<h3 class=\"wp-block-heading\"><strong>F\u00f6r dig som har anst\u00e4llda<\/strong><\/h3>\n\n\n\n<ul>\n<li>Vilka regler g\u00e4ller f\u00f6r mig som f\u00f6retagare gentemot mina anst\u00e4llda avseende f\u00f6rs\u00e4kringar?<\/li>\n\n\n\n<li>Vilka olika alternativ finns?<\/li>\n\n\n\n<li>Vilka l\u00f6sningar \u00e4r de vanligaste?<\/li>\n\n\n\n<li>Hur stor blir kostnaden f\u00f6r mig n\u00e4r jag f\u00f6rs\u00e4krar mina anst\u00e4llda?<\/li>\n<\/ul>\n\n\n\n<p><strong>F\u00f6redragsh\u00e5llare: <\/strong>L\u00e4nsf\u00f6rs\u00e4kringar \u00d6stg\u00f6ta<\/p>\n","protected":false},"template":"","meta":{"footnotes":""},"acf":[],"yoast_head":"<!-- This site is optimized with the Yoast SEO plugin v22.9 - https:\/\/yoast.com\/wordpress\/plugins\/seo\/ -->\n<title>Evenemang f\u00f6r blivande f\u00f6retagare i V\u00e4stra \u00d6sterg\u00f6tland | Nyf\u00f6retagarcentrum<\/title>\n<meta name=\"description\" content=\"Nyf\u00f6retagarcentrum V\u00e4stra \u00d6sterg\u00f6tland arrangerar inspirerande evenemang och utbildningar f\u00f6r dig som vill starta eget f\u00f6retag. Boka din plats p\u00e5 Starta Eget-dagen, f\u00f6rel\u00e4sningar inom marknadsf\u00f6ring, f\u00f6rs\u00e4ljning och mycket mer f\u00f6r att f\u00e5 v\u00e4rdefull kunskap och st\u00f6d i f\u00f6retagsstarten.\" \/>\n<meta name=\"robots\" content=\"index, follow, max-snippet:-1, max-image-preview:large, max-video-preview:-1\" \/>\n<link rel=\"canonical\" href=\"https:\/\/nyforetagarcentrum.se\/vastraostergotland\/evenemang\/lampligt-forsakringsskydd-for-dig-dina-anstallda-och-ditt-foretag\/\" \/>\n<meta property=\"og:locale\" content=\"sv_SE\" \/>\n<meta property=\"og:type\" content=\"article\" \/>\n<meta property=\"og:title\" content=\"Evenemang f\u00f6r blivande f\u00f6retagare i V\u00e4stra \u00d6sterg\u00f6tland | Nyf\u00f6retagarcentrum\" \/>\n<meta property=\"og:description\" content=\"Nyf\u00f6retagarcentrum V\u00e4stra \u00d6sterg\u00f6tland arrangerar inspirerande evenemang och utbildningar f\u00f6r dig som vill starta eget f\u00f6retag. Boka din plats p\u00e5 Starta Eget-dagen, f\u00f6rel\u00e4sningar inom marknadsf\u00f6ring, f\u00f6rs\u00e4ljning och mycket mer f\u00f6r att f\u00e5 v\u00e4rdefull kunskap och st\u00f6d i f\u00f6retagsstarten.\" \/>\n<meta property=\"og:url\" content=\"https:\/\/nyforetagarcentrum.se\/vastraostergotland\/evenemang\/lampligt-forsakringsskydd-for-dig-dina-anstallda-och-ditt-foretag\/\" \/>\n<meta property=\"og:site_name\" content=\"V\u00e4stra \u00d6sterg\u00f6tland\" \/>\n<meta property=\"article:modified_time\" content=\"2026-04-20T10:04:30+00:00\" \/>\n<meta name=\"twitter:card\" content=\"summary_large_image\" \/>\n<meta name=\"twitter:label1\" content=\"Ber\u00e4knad l\u00e4stid\" \/>\n\t<meta name=\"twitter:data1\" content=\"2 minuter\" \/>\n<script type=\"application\/ld+json\" class=\"yoast-schema-graph\">{\"@context\":\"https:\/\/schema.org\",\"@graph\":[{\"@type\":\"WebPage\",\"@id\":\"https:\/\/nyforetagarcentrum.se\/vastraostergotland\/evenemang\/lampligt-forsakringsskydd-for-dig-dina-anstallda-och-ditt-foretag\/\",\"url\":\"https:\/\/nyforetagarcentrum.se\/vastraostergotland\/evenemang\/lampligt-forsakringsskydd-for-dig-dina-anstallda-och-ditt-foretag\/\",\"name\":\"Evenemang f\u00f6r blivande f\u00f6retagare i V\u00e4stra \u00d6sterg\u00f6tland | Nyf\u00f6retagarcentrum\",\"isPartOf\":{\"@id\":\"https:\/\/nyforetagarcentrum.se\/vastraostergotland\/#website\"},\"datePublished\":\"2025-04-14T08:09:02+00:00\",\"dateModified\":\"2026-04-20T10:04:30+00:00\",\"description\":\"Nyf\u00f6retagarcentrum V\u00e4stra \u00d6sterg\u00f6tland arrangerar inspirerande evenemang och utbildningar f\u00f6r dig som vill starta eget f\u00f6retag. Boka din plats p\u00e5 Starta Eget-dagen, f\u00f6rel\u00e4sningar inom marknadsf\u00f6ring, f\u00f6rs\u00e4ljning och mycket mer f\u00f6r att f\u00e5 v\u00e4rdefull kunskap och st\u00f6d i f\u00f6retagsstarten.\",\"breadcrumb\":{\"@id\":\"https:\/\/nyforetagarcentrum.se\/vastraostergotland\/evenemang\/lampligt-forsakringsskydd-for-dig-dina-anstallda-och-ditt-foretag\/#breadcrumb\"},\"inLanguage\":\"sv-SE\",\"potentialAction\":[{\"@type\":\"ReadAction\",\"target\":[\"https:\/\/nyforetagarcentrum.se\/vastraostergotland\/evenemang\/lampligt-forsakringsskydd-for-dig-dina-anstallda-och-ditt-foretag\/\"]}]},{\"@type\":\"BreadcrumbList\",\"@id\":\"https:\/\/nyforetagarcentrum.se\/vastraostergotland\/evenemang\/lampligt-forsakringsskydd-for-dig-dina-anstallda-och-ditt-foretag\/#breadcrumb\",\"itemListElement\":[{\"@type\":\"ListItem\",\"position\":1,\"name\":\"Hem\",\"item\":\"https:\/\/nyforetagarcentrum.se\/vastraostergotland\/\"},{\"@type\":\"ListItem\",\"position\":2,\"name\":\"Evenemang\",\"item\":\"https:\/\/nyforetagarcentrum.se\/vastraostergotland\/evenemang\/\"},{\"@type\":\"ListItem\",\"position\":3,\"name\":\"L\u00e4mpligt f\u00f6rs\u00e4kringsskydd f\u00f6r dig, dina anst\u00e4llda och ditt f\u00f6retag\"}]},{\"@type\":\"WebSite\",\"@id\":\"https:\/\/nyforetagarcentrum.se\/vastraostergotland\/#website\",\"url\":\"https:\/\/nyforetagarcentrum.se\/vastraostergotland\/\",\"name\":\"V\u00e4stra \u00d6sterg\u00f6tland\",\"description\":\"Sveriges ledande kraft f\u00f6r fler nya livskraftiga f\u00f6retag\",\"publisher\":{\"@id\":\"https:\/\/nyforetagarcentrum.se\/vastraostergotland\/#organization\"},\"potentialAction\":[{\"@type\":\"SearchAction\",\"target\":{\"@type\":\"EntryPoint\",\"urlTemplate\":\"https:\/\/nyforetagarcentrum.se\/vastraostergotland\/?s={search_term_string}\"},\"query-input\":\"required name=search_term_string\"}],\"inLanguage\":\"sv-SE\"},{\"@type\":\"Organization\",\"@id\":\"https:\/\/nyforetagarcentrum.se\/vastraostergotland\/#organization\",\"name\":\"V\u00e4stra \u00d6sterg\u00f6tland\",\"url\":\"https:\/\/nyforetagarcentrum.se\/vastraostergotland\/\",\"logo\":{\"@type\":\"ImageObject\",\"inLanguage\":\"sv-SE\",\"@id\":\"https:\/\/nyforetagarcentrum.se\/vastraostergotland\/#\/schema\/logo\/image\/\",\"url\":\"https:\/\/nyforetagarcentrum.se\/vastraostergotland\/wp-content\/uploads\/sites\/32\/2024\/07\/vastraostergotlnad_bla.png\",\"contentUrl\":\"https:\/\/nyforetagarcentrum.se\/vastraostergotland\/wp-content\/uploads\/sites\/32\/2024\/07\/vastraostergotlnad_bla.png\",\"width\":870,\"height\":355,\"caption\":\"V\u00e4stra \u00d6sterg\u00f6tland\"},\"image\":{\"@id\":\"https:\/\/nyforetagarcentrum.se\/vastraostergotland\/#\/schema\/logo\/image\/\"}}]}<\/script>\n<!-- \/ Yoast SEO plugin. -->","yoast_head_json":{"title":"Evenemang f\u00f6r blivande f\u00f6retagare i V\u00e4stra \u00d6sterg\u00f6tland | Nyf\u00f6retagarcentrum","description":"Nyf\u00f6retagarcentrum V\u00e4stra \u00d6sterg\u00f6tland arrangerar inspirerande evenemang och utbildningar f\u00f6r dig som vill starta eget f\u00f6retag. Boka din plats p\u00e5 Starta Eget-dagen, f\u00f6rel\u00e4sningar inom marknadsf\u00f6ring, f\u00f6rs\u00e4ljning och mycket mer f\u00f6r att f\u00e5 v\u00e4rdefull kunskap och st\u00f6d i f\u00f6retagsstarten.","robots":{"index":"index","follow":"follow","max-snippet":"max-snippet:-1","max-image-preview":"max-image-preview:large","max-video-preview":"max-video-preview:-1"},"canonical":"https:\/\/nyforetagarcentrum.se\/vastraostergotland\/evenemang\/lampligt-forsakringsskydd-for-dig-dina-anstallda-och-ditt-foretag\/","og_locale":"sv_SE","og_type":"article","og_title":"Evenemang f\u00f6r blivande f\u00f6retagare i V\u00e4stra \u00d6sterg\u00f6tland | Nyf\u00f6retagarcentrum","og_description":"Nyf\u00f6retagarcentrum V\u00e4stra \u00d6sterg\u00f6tland arrangerar inspirerande evenemang och utbildningar f\u00f6r dig som vill starta eget f\u00f6retag. Boka din plats p\u00e5 Starta Eget-dagen, f\u00f6rel\u00e4sningar inom marknadsf\u00f6ring, f\u00f6rs\u00e4ljning och mycket mer f\u00f6r att f\u00e5 v\u00e4rdefull kunskap och st\u00f6d i f\u00f6retagsstarten.","og_url":"https:\/\/nyforetagarcentrum.se\/vastraostergotland\/evenemang\/lampligt-forsakringsskydd-for-dig-dina-anstallda-och-ditt-foretag\/","og_site_name":"V\u00e4stra \u00d6sterg\u00f6tland","article_modified_time":"2026-04-20T10:04:30+00:00","twitter_card":"summary_large_image","twitter_misc":{"Ber\u00e4knad l\u00e4stid":"2 minuter"},"schema":{"@context":"https:\/\/schema.org","@graph":[{"@type":"WebPage","@id":"https:\/\/nyforetagarcentrum.se\/vastraostergotland\/evenemang\/lampligt-forsakringsskydd-for-dig-dina-anstallda-och-ditt-foretag\/","url":"https:\/\/nyforetagarcentrum.se\/vastraostergotland\/evenemang\/lampligt-forsakringsskydd-for-dig-dina-anstallda-och-ditt-foretag\/","name":"Evenemang f\u00f6r blivande f\u00f6retagare i V\u00e4stra \u00d6sterg\u00f6tland | Nyf\u00f6retagarcentrum","isPartOf":{"@id":"https:\/\/nyforetagarcentrum.se\/vastraostergotland\/#website"},"datePublished":"2025-04-14T08:09:02+00:00","dateModified":"2026-04-20T10:04:30+00:00","description":"Nyf\u00f6retagarcentrum V\u00e4stra \u00d6sterg\u00f6tland arrangerar inspirerande evenemang och utbildningar f\u00f6r dig som vill starta eget f\u00f6retag. Boka din plats p\u00e5 Starta Eget-dagen, f\u00f6rel\u00e4sningar inom marknadsf\u00f6ring, f\u00f6rs\u00e4ljning och mycket mer f\u00f6r att f\u00e5 v\u00e4rdefull kunskap och st\u00f6d i f\u00f6retagsstarten.","breadcrumb":{"@id":"https:\/\/nyforetagarcentrum.se\/vastraostergotland\/evenemang\/lampligt-forsakringsskydd-for-dig-dina-anstallda-och-ditt-foretag\/#breadcrumb"},"inLanguage":"sv-SE","potentialAction":[{"@type":"ReadAction","target":["https:\/\/nyforetagarcentrum.se\/vastraostergotland\/evenemang\/lampligt-forsakringsskydd-for-dig-dina-anstallda-och-ditt-foretag\/"]}]},{"@type":"BreadcrumbList","@id":"https:\/\/nyforetagarcentrum.se\/vastraostergotland\/evenemang\/lampligt-forsakringsskydd-for-dig-dina-anstallda-och-ditt-foretag\/#breadcrumb","itemListElement":[{"@type":"ListItem","position":1,"name":"Hem","item":"https:\/\/nyforetagarcentrum.se\/vastraostergotland\/"},{"@type":"ListItem","position":2,"name":"Evenemang","item":"https:\/\/nyforetagarcentrum.se\/vastraostergotland\/evenemang\/"},{"@type":"ListItem","position":3,"name":"L\u00e4mpligt f\u00f6rs\u00e4kringsskydd f\u00f6r dig, dina anst\u00e4llda och ditt f\u00f6retag"}]},{"@type":"WebSite","@id":"https:\/\/nyforetagarcentrum.se\/vastraostergotland\/#website","url":"https:\/\/nyforetagarcentrum.se\/vastraostergotland\/","name":"V\u00e4stra \u00d6sterg\u00f6tland","description":"Sveriges ledande kraft f\u00f6r fler nya livskraftiga f\u00f6retag","publisher":{"@id":"https:\/\/nyforetagarcentrum.se\/vastraostergotland\/#organization"},"potentialAction":[{"@type":"SearchAction","target":{"@type":"EntryPoint","urlTemplate":"https:\/\/nyforetagarcentrum.se\/vastraostergotland\/?s={search_term_string}"},"query-input":"required name=search_term_string"}],"inLanguage":"sv-SE"},{"@type":"Organization","@id":"https:\/\/nyforetagarcentrum.se\/vastraostergotland\/#organization","name":"V\u00e4stra \u00d6sterg\u00f6tland","url":"https:\/\/nyforetagarcentrum.se\/vastraostergotland\/","logo":{"@type":"ImageObject","inLanguage":"sv-SE","@id":"https:\/\/nyforetagarcentrum.se\/vastraostergotland\/#\/schema\/logo\/image\/","url":"https:\/\/nyforetagarcentrum.se\/vastraostergotland\/wp-content\/uploads\/sites\/32\/2024\/07\/vastraostergotlnad_bla.png","contentUrl":"https:\/\/nyforetagarcentrum.se\/vastraostergotland\/wp-content\/uploads\/sites\/32\/2024\/07\/vastraostergotlnad_bla.png","width":870,"height":355,"caption":"V\u00e4stra \u00d6sterg\u00f6tland"},"image":{"@id":"https:\/\/nyforetagarcentrum.se\/vastraostergotland\/#\/schema\/logo\/image\/"}}]}},"_links":{"self":[{"href":"https:\/\/nyforetagarcentrum.se\/vastraostergotland\/wp-json\/wp\/v2\/event\/2076"}],"collection":[{"href":"https:\/\/nyforetagarcentrum.se\/vastraostergotland\/wp-json\/wp\/v2\/event"}],"about":[{"href":"https:\/\/nyforetagarcentrum.se\/vastraostergotland\/wp-json\/wp\/v2\/types\/event"}],"version-history":[{"count":8,"href":"https:\/\/nyforetagarcentrum.se\/vastraostergotland\/wp-json\/wp\/v2\/event\/2076\/revisions"}],"predecessor-version":[{"id":2507,"href":"https:\/\/nyforetagarcentrum.se\/vastraostergotland\/wp-json\/wp\/v2\/event\/2076\/revisions\/2507"}],"wp:attachment":[{"href":"https:\/\/nyforetagarcentrum.se\/vastraostergotland\/wp-json\/wp\/v2\/media?parent=2076"}],"curies":[{"name":"wp","href":"https:\/\/api.w.org\/{rel}","templated":true}]}}