{"id":1016,"date":"2024-04-04T18:00:52","date_gmt":"2024-04-04T16:00:52","guid":{"rendered":"https:\/\/nyforetagarcentrum.se\/vastmanland\/?post_type=event&#038;p=1016"},"modified":"2024-09-24T13:42:27","modified_gmt":"2024-09-24T11:42:27","slug":"almi-almi-invest-open-office-snacka-foretagande-med-oss-mdu-2","status":"publish","type":"event","link":"https:\/\/nyforetagarcentrum.se\/vastmanland\/evenemang\/almi-almi-invest-open-office-snacka-foretagande-med-oss-mdu-2\/","title":{"rendered":"Almi &amp; Almi Invest: Open office \u2013 snacka f\u00f6retagande med oss @MdU"},"content":{"rendered":"\n<p>V\u00e4lkommen att tr\u00e4ffa representanter fr\u00e5n&nbsp;Almi,&nbsp;Almi Invest&nbsp;och f\u00f6retagsinkubatorn&nbsp;Create&nbsp;n\u00e4r de har Open office p\u00e5 torsdag f\u00f6rmiddagar. Hur kan du utveckla ditt f\u00f6retag? St\u00e4ll alla fr\u00e5gor du funderar \u00f6ver kring f\u00f6retagande, finansiering, riskkapital eller n\u00e5got helt annat. Inga fr\u00e5gor \u00e4r f\u00f6r stora eller f\u00f6r sm\u00e5 f\u00f6r dessa tillf\u00e4llen.<\/p>\n\n\n\n<p>25\/4, 8.30-11.00, MdU<br>30\/5, 8:30-11:00, B26<\/p>\n\n\n\n<p>Ingen f\u00f6ranm\u00e4lan beh\u00f6vs, drop-in g\u00e4ller.<\/p>\n\n\n\n<p><a href=\"https:\/\/www.almi.se\/open-office\" target=\"_blank\" rel=\"noreferrer noopener\">Open Office Information<\/a><\/p>\n","protected":false},"template":"","meta":{"footnotes":""},"acf":[],"yoast_head":"<!-- This site is optimized with the Yoast SEO plugin v22.9 - https:\/\/yoast.com\/wordpress\/plugins\/seo\/ -->\n<title>Open office \u2013 snacka f\u00f6retagande med oss | NFC V\u00e4stmanland<\/title>\n<meta name=\"description\" content=\"Hur kan du utveckla ditt f\u00f6retag? St\u00e4ll alla fr\u00e5gor du funderar \u00f6ver kring f\u00f6retagande, finansiering, riskkapital eller n\u00e5got helt annat.\" \/>\n<meta name=\"robots\" content=\"index, follow, max-snippet:-1, max-image-preview:large, max-video-preview:-1\" \/>\n<link rel=\"canonical\" href=\"https:\/\/nyforetagarcentrum.se\/vastmanland\/evenemang\/almi-almi-invest-open-office-snacka-foretagande-med-oss-mdu-2\/\" \/>\n<meta property=\"og:locale\" content=\"sv_SE\" \/>\n<meta property=\"og:type\" content=\"article\" \/>\n<meta property=\"og:title\" content=\"Open office \u2013 snacka f\u00f6retagande med oss | NFC V\u00e4stmanland\" \/>\n<meta property=\"og:description\" content=\"Hur kan du utveckla ditt f\u00f6retag? St\u00e4ll alla fr\u00e5gor du funderar \u00f6ver kring f\u00f6retagande, finansiering, riskkapital eller n\u00e5got helt annat.\" \/>\n<meta property=\"og:url\" content=\"https:\/\/nyforetagarcentrum.se\/vastmanland\/evenemang\/almi-almi-invest-open-office-snacka-foretagande-med-oss-mdu-2\/\" \/>\n<meta property=\"og:site_name\" content=\"V\u00e4stmanland\" \/>\n<meta property=\"article:modified_time\" content=\"2024-09-24T11:42:27+00:00\" \/>\n<meta name=\"twitter:card\" content=\"summary_large_image\" \/>\n<meta name=\"twitter:label1\" content=\"Ber\u00e4knad l\u00e4stid\" \/>\n\t<meta name=\"twitter:data1\" content=\"1 minut\" \/>\n<script type=\"application\/ld+json\" class=\"yoast-schema-graph\">{\"@context\":\"https:\/\/schema.org\",\"@graph\":[{\"@type\":\"WebPage\",\"@id\":\"https:\/\/nyforetagarcentrum.se\/vastmanland\/evenemang\/almi-almi-invest-open-office-snacka-foretagande-med-oss-mdu-2\/\",\"url\":\"https:\/\/nyforetagarcentrum.se\/vastmanland\/evenemang\/almi-almi-invest-open-office-snacka-foretagande-med-oss-mdu-2\/\",\"name\":\"Open office \u2013 snacka f\u00f6retagande med oss | NFC V\u00e4stmanland\",\"isPartOf\":{\"@id\":\"https:\/\/nyforetagarcentrum.se\/vastmanland\/#website\"},\"datePublished\":\"2024-04-04T16:00:52+00:00\",\"dateModified\":\"2024-09-24T11:42:27+00:00\",\"description\":\"Hur kan du utveckla ditt f\u00f6retag? St\u00e4ll alla fr\u00e5gor du funderar \u00f6ver kring f\u00f6retagande, finansiering, riskkapital eller n\u00e5got helt annat.\",\"breadcrumb\":{\"@id\":\"https:\/\/nyforetagarcentrum.se\/vastmanland\/evenemang\/almi-almi-invest-open-office-snacka-foretagande-med-oss-mdu-2\/#breadcrumb\"},\"inLanguage\":\"sv-SE\",\"potentialAction\":[{\"@type\":\"ReadAction\",\"target\":[\"https:\/\/nyforetagarcentrum.se\/vastmanland\/evenemang\/almi-almi-invest-open-office-snacka-foretagande-med-oss-mdu-2\/\"]}]},{\"@type\":\"BreadcrumbList\",\"@id\":\"https:\/\/nyforetagarcentrum.se\/vastmanland\/evenemang\/almi-almi-invest-open-office-snacka-foretagande-med-oss-mdu-2\/#breadcrumb\",\"itemListElement\":[{\"@type\":\"ListItem\",\"position\":1,\"name\":\"Hem\",\"item\":\"https:\/\/nyforetagarcentrum.se\/vastmanland\/\"},{\"@type\":\"ListItem\",\"position\":2,\"name\":\"Evenemang\",\"item\":\"https:\/\/nyforetagarcentrum.se\/vastmanland\/evenemang\/\"},{\"@type\":\"ListItem\",\"position\":3,\"name\":\"Almi &amp; Almi Invest: Open office \u2013 snacka f\u00f6retagande med oss @MdU\"}]},{\"@type\":\"WebSite\",\"@id\":\"https:\/\/nyforetagarcentrum.se\/vastmanland\/#website\",\"url\":\"https:\/\/nyforetagarcentrum.se\/vastmanland\/\",\"name\":\"V\u00e4stmanland\",\"description\":\"Sveriges ledande kraft f\u00f6r fler nya livskraftiga f\u00f6retag\",\"publisher\":{\"@id\":\"https:\/\/nyforetagarcentrum.se\/vastmanland\/#organization\"},\"potentialAction\":[{\"@type\":\"SearchAction\",\"target\":{\"@type\":\"EntryPoint\",\"urlTemplate\":\"https:\/\/nyforetagarcentrum.se\/vastmanland\/?s={search_term_string}\"},\"query-input\":\"required name=search_term_string\"}],\"inLanguage\":\"sv-SE\"},{\"@type\":\"Organization\",\"@id\":\"https:\/\/nyforetagarcentrum.se\/vastmanland\/#organization\",\"name\":\"V\u00e4stmanland\",\"url\":\"https:\/\/nyforetagarcentrum.se\/vastmanland\/\",\"logo\":{\"@type\":\"ImageObject\",\"inLanguage\":\"sv-SE\",\"@id\":\"https:\/\/nyforetagarcentrum.se\/vastmanland\/#\/schema\/logo\/image\/\",\"url\":\"https:\/\/nyforetagarcentrum.se\/vastmanland\/wp-content\/uploads\/sites\/16\/2024\/07\/vastmanland_bla.png\",\"contentUrl\":\"https:\/\/nyforetagarcentrum.se\/vastmanland\/wp-content\/uploads\/sites\/16\/2024\/07\/vastmanland_bla.png\",\"width\":870,\"height\":355,\"caption\":\"V\u00e4stmanland\"},\"image\":{\"@id\":\"https:\/\/nyforetagarcentrum.se\/vastmanland\/#\/schema\/logo\/image\/\"}}]}<\/script>\n<!-- \/ Yoast SEO plugin. -->","yoast_head_json":{"title":"Open office \u2013 snacka f\u00f6retagande med oss | NFC V\u00e4stmanland","description":"Hur kan du utveckla ditt f\u00f6retag? St\u00e4ll alla fr\u00e5gor du funderar \u00f6ver kring f\u00f6retagande, finansiering, riskkapital eller n\u00e5got helt annat.","robots":{"index":"index","follow":"follow","max-snippet":"max-snippet:-1","max-image-preview":"max-image-preview:large","max-video-preview":"max-video-preview:-1"},"canonical":"https:\/\/nyforetagarcentrum.se\/vastmanland\/evenemang\/almi-almi-invest-open-office-snacka-foretagande-med-oss-mdu-2\/","og_locale":"sv_SE","og_type":"article","og_title":"Open office \u2013 snacka f\u00f6retagande med oss | NFC V\u00e4stmanland","og_description":"Hur kan du utveckla ditt f\u00f6retag? St\u00e4ll alla fr\u00e5gor du funderar \u00f6ver kring f\u00f6retagande, finansiering, riskkapital eller n\u00e5got helt annat.","og_url":"https:\/\/nyforetagarcentrum.se\/vastmanland\/evenemang\/almi-almi-invest-open-office-snacka-foretagande-med-oss-mdu-2\/","og_site_name":"V\u00e4stmanland","article_modified_time":"2024-09-24T11:42:27+00:00","twitter_card":"summary_large_image","twitter_misc":{"Ber\u00e4knad l\u00e4stid":"1 minut"},"schema":{"@context":"https:\/\/schema.org","@graph":[{"@type":"WebPage","@id":"https:\/\/nyforetagarcentrum.se\/vastmanland\/evenemang\/almi-almi-invest-open-office-snacka-foretagande-med-oss-mdu-2\/","url":"https:\/\/nyforetagarcentrum.se\/vastmanland\/evenemang\/almi-almi-invest-open-office-snacka-foretagande-med-oss-mdu-2\/","name":"Open office \u2013 snacka f\u00f6retagande med oss | NFC V\u00e4stmanland","isPartOf":{"@id":"https:\/\/nyforetagarcentrum.se\/vastmanland\/#website"},"datePublished":"2024-04-04T16:00:52+00:00","dateModified":"2024-09-24T11:42:27+00:00","description":"Hur kan du utveckla ditt f\u00f6retag? St\u00e4ll alla fr\u00e5gor du funderar \u00f6ver kring f\u00f6retagande, finansiering, riskkapital eller n\u00e5got helt annat.","breadcrumb":{"@id":"https:\/\/nyforetagarcentrum.se\/vastmanland\/evenemang\/almi-almi-invest-open-office-snacka-foretagande-med-oss-mdu-2\/#breadcrumb"},"inLanguage":"sv-SE","potentialAction":[{"@type":"ReadAction","target":["https:\/\/nyforetagarcentrum.se\/vastmanland\/evenemang\/almi-almi-invest-open-office-snacka-foretagande-med-oss-mdu-2\/"]}]},{"@type":"BreadcrumbList","@id":"https:\/\/nyforetagarcentrum.se\/vastmanland\/evenemang\/almi-almi-invest-open-office-snacka-foretagande-med-oss-mdu-2\/#breadcrumb","itemListElement":[{"@type":"ListItem","position":1,"name":"Hem","item":"https:\/\/nyforetagarcentrum.se\/vastmanland\/"},{"@type":"ListItem","position":2,"name":"Evenemang","item":"https:\/\/nyforetagarcentrum.se\/vastmanland\/evenemang\/"},{"@type":"ListItem","position":3,"name":"Almi &amp; Almi Invest: Open office \u2013 snacka f\u00f6retagande med oss @MdU"}]},{"@type":"WebSite","@id":"https:\/\/nyforetagarcentrum.se\/vastmanland\/#website","url":"https:\/\/nyforetagarcentrum.se\/vastmanland\/","name":"V\u00e4stmanland","description":"Sveriges ledande kraft f\u00f6r fler nya livskraftiga f\u00f6retag","publisher":{"@id":"https:\/\/nyforetagarcentrum.se\/vastmanland\/#organization"},"potentialAction":[{"@type":"SearchAction","target":{"@type":"EntryPoint","urlTemplate":"https:\/\/nyforetagarcentrum.se\/vastmanland\/?s={search_term_string}"},"query-input":"required name=search_term_string"}],"inLanguage":"sv-SE"},{"@type":"Organization","@id":"https:\/\/nyforetagarcentrum.se\/vastmanland\/#organization","name":"V\u00e4stmanland","url":"https:\/\/nyforetagarcentrum.se\/vastmanland\/","logo":{"@type":"ImageObject","inLanguage":"sv-SE","@id":"https:\/\/nyforetagarcentrum.se\/vastmanland\/#\/schema\/logo\/image\/","url":"https:\/\/nyforetagarcentrum.se\/vastmanland\/wp-content\/uploads\/sites\/16\/2024\/07\/vastmanland_bla.png","contentUrl":"https:\/\/nyforetagarcentrum.se\/vastmanland\/wp-content\/uploads\/sites\/16\/2024\/07\/vastmanland_bla.png","width":870,"height":355,"caption":"V\u00e4stmanland"},"image":{"@id":"https:\/\/nyforetagarcentrum.se\/vastmanland\/#\/schema\/logo\/image\/"}}]}},"_links":{"self":[{"href":"https:\/\/nyforetagarcentrum.se\/vastmanland\/wp-json\/wp\/v2\/event\/1016"}],"collection":[{"href":"https:\/\/nyforetagarcentrum.se\/vastmanland\/wp-json\/wp\/v2\/event"}],"about":[{"href":"https:\/\/nyforetagarcentrum.se\/vastmanland\/wp-json\/wp\/v2\/types\/event"}],"version-history":[{"count":2,"href":"https:\/\/nyforetagarcentrum.se\/vastmanland\/wp-json\/wp\/v2\/event\/1016\/revisions"}],"predecessor-version":[{"id":1018,"href":"https:\/\/nyforetagarcentrum.se\/vastmanland\/wp-json\/wp\/v2\/event\/1016\/revisions\/1018"}],"wp:attachment":[{"href":"https:\/\/nyforetagarcentrum.se\/vastmanland\/wp-json\/wp\/v2\/media?parent=1016"}],"curies":[{"name":"wp","href":"https:\/\/api.w.org\/{rel}","templated":true}]}}