{"id":1010,"date":"2024-04-04T17:58:51","date_gmt":"2024-04-04T15:58:51","guid":{"rendered":"https:\/\/nyforetagarcentrum.se\/vastmanland\/?post_type=event&#038;p=1010"},"modified":"2024-09-24T14:02:27","modified_gmt":"2024-09-24T12:02:27","slug":"nystartscafe-vasteras-torsdag-2-maj","status":"publish","type":"event","link":"https:\/\/nyforetagarcentrum.se\/vastmanland\/evenemang\/nystartscafe-vasteras-torsdag-2-maj\/","title":{"rendered":"Nystartscaf\u00e9 V\u00e4ster\u00e5s \u2013 Torsdag 2 maj"},"content":{"rendered":"\n<p><strong>Funderar du p\u00e5 att starta f\u00f6retag eller har du precis kommit ig\u00e5ng med din nya verksamhet?<br>Passa d\u00e5 p\u00e5 att anm\u00e4la dig till Nystartscaf\u00e9t p\u00e5 Skybar 2 maj!<\/strong><\/p>\n\n\n\n<p>Att starta f\u00f6retag kommer ofta med en hel del fr\u00e5gor och funderingar, s\u00e5 f\u00f6r att g\u00f6ra processen enklare f\u00f6r dig finns vi p\u00e5 Invest V\u00e4ster\u00e5s p\u00e5 plats tillsammans med Nyf\u00f6retagarCentrum och Almi. Vi kommer ber\u00e4tta om vilken hj\u00e4lp och st\u00f6ttning du som f\u00f6retagare kan f\u00e5 i V\u00e4ster\u00e5s samt svara p\u00e5 dina fr\u00e5gor som r\u00f6r nyf\u00f6retagande. Det kan handla om allt fr\u00e5n hur man tar fram en h\u00e5llbar aff\u00e4rsplan till hur man b\u00e4st finansierar sin verksamhet. V\u00e4lkommen till en l\u00e4ttsam eftermiddag med m\u00f6jlighet till ny kunskap och nya kontakter.<\/p>\n\n\n\n<p>Datum: torsdag 2 maj 2024. Kl. 17:00 \u2013 19:00<br>Plats: Skybar, Hotel Plaza \u2013 Kopparbergsv\u00e4gen 10 V\u00e4ster\u00e5s<br>Har du fr\u00e5gor om Nystartscaf\u00e9et, tveka inte att h\u00f6ra av dig till oss p\u00e5&nbsp;<a href=\"mailto:invest@vasteras.se?subject=Nystartscaf%C3%A9\" target=\"_blank\" rel=\"noreferrer noopener\">invest@vasteras.se<\/a><\/p>\n\n\n\n<p>Vi bjuder p\u00e5 fika!<\/p>\n","protected":false},"template":"","meta":{"footnotes":""},"acf":[],"yoast_head":"<!-- This site is optimized with the Yoast SEO plugin v22.9 - https:\/\/yoast.com\/wordpress\/plugins\/seo\/ -->\n<title>Nystartscaf\u00e9t | NFC V\u00e4stmanland<\/title>\n<meta name=\"description\" content=\"Funderar du p\u00e5 att starta f\u00f6retag eller har du just kommit ig\u00e5ng? Anm\u00e4l dig till Nystartscaf\u00e9t p\u00e5 Skybar den 2 maj!\" \/>\n<meta name=\"robots\" content=\"index, follow, max-snippet:-1, max-image-preview:large, max-video-preview:-1\" \/>\n<link rel=\"canonical\" href=\"https:\/\/nyforetagarcentrum.se\/vastmanland\/evenemang\/nystartscafe-vasteras-torsdag-2-maj\/\" \/>\n<meta property=\"og:locale\" content=\"sv_SE\" \/>\n<meta property=\"og:type\" content=\"article\" \/>\n<meta property=\"og:title\" content=\"Nystartscaf\u00e9t | NFC V\u00e4stmanland\" \/>\n<meta property=\"og:description\" content=\"Funderar du p\u00e5 att starta f\u00f6retag eller har du just kommit ig\u00e5ng? Anm\u00e4l dig till Nystartscaf\u00e9t p\u00e5 Skybar den 2 maj!\" \/>\n<meta property=\"og:url\" content=\"https:\/\/nyforetagarcentrum.se\/vastmanland\/evenemang\/nystartscafe-vasteras-torsdag-2-maj\/\" \/>\n<meta property=\"og:site_name\" content=\"V\u00e4stmanland\" \/>\n<meta property=\"article:modified_time\" content=\"2024-09-24T12:02:27+00:00\" \/>\n<meta name=\"twitter:card\" content=\"summary_large_image\" \/>\n<meta name=\"twitter:label1\" content=\"Ber\u00e4knad l\u00e4stid\" \/>\n\t<meta name=\"twitter:data1\" content=\"1 minut\" \/>\n<script type=\"application\/ld+json\" class=\"yoast-schema-graph\">{\"@context\":\"https:\/\/schema.org\",\"@graph\":[{\"@type\":\"WebPage\",\"@id\":\"https:\/\/nyforetagarcentrum.se\/vastmanland\/evenemang\/nystartscafe-vasteras-torsdag-2-maj\/\",\"url\":\"https:\/\/nyforetagarcentrum.se\/vastmanland\/evenemang\/nystartscafe-vasteras-torsdag-2-maj\/\",\"name\":\"Nystartscaf\u00e9t | NFC V\u00e4stmanland\",\"isPartOf\":{\"@id\":\"https:\/\/nyforetagarcentrum.se\/vastmanland\/#website\"},\"datePublished\":\"2024-04-04T15:58:51+00:00\",\"dateModified\":\"2024-09-24T12:02:27+00:00\",\"description\":\"Funderar du p\u00e5 att starta f\u00f6retag eller har du just kommit ig\u00e5ng? Anm\u00e4l dig till Nystartscaf\u00e9t p\u00e5 Skybar den 2 maj!\",\"breadcrumb\":{\"@id\":\"https:\/\/nyforetagarcentrum.se\/vastmanland\/evenemang\/nystartscafe-vasteras-torsdag-2-maj\/#breadcrumb\"},\"inLanguage\":\"sv-SE\",\"potentialAction\":[{\"@type\":\"ReadAction\",\"target\":[\"https:\/\/nyforetagarcentrum.se\/vastmanland\/evenemang\/nystartscafe-vasteras-torsdag-2-maj\/\"]}]},{\"@type\":\"BreadcrumbList\",\"@id\":\"https:\/\/nyforetagarcentrum.se\/vastmanland\/evenemang\/nystartscafe-vasteras-torsdag-2-maj\/#breadcrumb\",\"itemListElement\":[{\"@type\":\"ListItem\",\"position\":1,\"name\":\"Hem\",\"item\":\"https:\/\/nyforetagarcentrum.se\/vastmanland\/\"},{\"@type\":\"ListItem\",\"position\":2,\"name\":\"Evenemang\",\"item\":\"https:\/\/nyforetagarcentrum.se\/vastmanland\/evenemang\/\"},{\"@type\":\"ListItem\",\"position\":3,\"name\":\"Nystartscaf\u00e9 V\u00e4ster\u00e5s \u2013 Torsdag 2 maj\"}]},{\"@type\":\"WebSite\",\"@id\":\"https:\/\/nyforetagarcentrum.se\/vastmanland\/#website\",\"url\":\"https:\/\/nyforetagarcentrum.se\/vastmanland\/\",\"name\":\"V\u00e4stmanland\",\"description\":\"Sveriges ledande kraft f\u00f6r fler nya livskraftiga f\u00f6retag\",\"publisher\":{\"@id\":\"https:\/\/nyforetagarcentrum.se\/vastmanland\/#organization\"},\"potentialAction\":[{\"@type\":\"SearchAction\",\"target\":{\"@type\":\"EntryPoint\",\"urlTemplate\":\"https:\/\/nyforetagarcentrum.se\/vastmanland\/?s={search_term_string}\"},\"query-input\":\"required name=search_term_string\"}],\"inLanguage\":\"sv-SE\"},{\"@type\":\"Organization\",\"@id\":\"https:\/\/nyforetagarcentrum.se\/vastmanland\/#organization\",\"name\":\"V\u00e4stmanland\",\"url\":\"https:\/\/nyforetagarcentrum.se\/vastmanland\/\",\"logo\":{\"@type\":\"ImageObject\",\"inLanguage\":\"sv-SE\",\"@id\":\"https:\/\/nyforetagarcentrum.se\/vastmanland\/#\/schema\/logo\/image\/\",\"url\":\"https:\/\/nyforetagarcentrum.se\/vastmanland\/wp-content\/uploads\/sites\/16\/2024\/07\/vastmanland_bla.png\",\"contentUrl\":\"https:\/\/nyforetagarcentrum.se\/vastmanland\/wp-content\/uploads\/sites\/16\/2024\/07\/vastmanland_bla.png\",\"width\":870,\"height\":355,\"caption\":\"V\u00e4stmanland\"},\"image\":{\"@id\":\"https:\/\/nyforetagarcentrum.se\/vastmanland\/#\/schema\/logo\/image\/\"}}]}<\/script>\n<!-- \/ Yoast SEO plugin. -->","yoast_head_json":{"title":"Nystartscaf\u00e9t | NFC V\u00e4stmanland","description":"Funderar du p\u00e5 att starta f\u00f6retag eller har du just kommit ig\u00e5ng? Anm\u00e4l dig till Nystartscaf\u00e9t p\u00e5 Skybar den 2 maj!","robots":{"index":"index","follow":"follow","max-snippet":"max-snippet:-1","max-image-preview":"max-image-preview:large","max-video-preview":"max-video-preview:-1"},"canonical":"https:\/\/nyforetagarcentrum.se\/vastmanland\/evenemang\/nystartscafe-vasteras-torsdag-2-maj\/","og_locale":"sv_SE","og_type":"article","og_title":"Nystartscaf\u00e9t | NFC V\u00e4stmanland","og_description":"Funderar du p\u00e5 att starta f\u00f6retag eller har du just kommit ig\u00e5ng? Anm\u00e4l dig till Nystartscaf\u00e9t p\u00e5 Skybar den 2 maj!","og_url":"https:\/\/nyforetagarcentrum.se\/vastmanland\/evenemang\/nystartscafe-vasteras-torsdag-2-maj\/","og_site_name":"V\u00e4stmanland","article_modified_time":"2024-09-24T12:02:27+00:00","twitter_card":"summary_large_image","twitter_misc":{"Ber\u00e4knad l\u00e4stid":"1 minut"},"schema":{"@context":"https:\/\/schema.org","@graph":[{"@type":"WebPage","@id":"https:\/\/nyforetagarcentrum.se\/vastmanland\/evenemang\/nystartscafe-vasteras-torsdag-2-maj\/","url":"https:\/\/nyforetagarcentrum.se\/vastmanland\/evenemang\/nystartscafe-vasteras-torsdag-2-maj\/","name":"Nystartscaf\u00e9t | NFC V\u00e4stmanland","isPartOf":{"@id":"https:\/\/nyforetagarcentrum.se\/vastmanland\/#website"},"datePublished":"2024-04-04T15:58:51+00:00","dateModified":"2024-09-24T12:02:27+00:00","description":"Funderar du p\u00e5 att starta f\u00f6retag eller har du just kommit ig\u00e5ng? Anm\u00e4l dig till Nystartscaf\u00e9t p\u00e5 Skybar den 2 maj!","breadcrumb":{"@id":"https:\/\/nyforetagarcentrum.se\/vastmanland\/evenemang\/nystartscafe-vasteras-torsdag-2-maj\/#breadcrumb"},"inLanguage":"sv-SE","potentialAction":[{"@type":"ReadAction","target":["https:\/\/nyforetagarcentrum.se\/vastmanland\/evenemang\/nystartscafe-vasteras-torsdag-2-maj\/"]}]},{"@type":"BreadcrumbList","@id":"https:\/\/nyforetagarcentrum.se\/vastmanland\/evenemang\/nystartscafe-vasteras-torsdag-2-maj\/#breadcrumb","itemListElement":[{"@type":"ListItem","position":1,"name":"Hem","item":"https:\/\/nyforetagarcentrum.se\/vastmanland\/"},{"@type":"ListItem","position":2,"name":"Evenemang","item":"https:\/\/nyforetagarcentrum.se\/vastmanland\/evenemang\/"},{"@type":"ListItem","position":3,"name":"Nystartscaf\u00e9 V\u00e4ster\u00e5s \u2013 Torsdag 2 maj"}]},{"@type":"WebSite","@id":"https:\/\/nyforetagarcentrum.se\/vastmanland\/#website","url":"https:\/\/nyforetagarcentrum.se\/vastmanland\/","name":"V\u00e4stmanland","description":"Sveriges ledande kraft f\u00f6r fler nya livskraftiga f\u00f6retag","publisher":{"@id":"https:\/\/nyforetagarcentrum.se\/vastmanland\/#organization"},"potentialAction":[{"@type":"SearchAction","target":{"@type":"EntryPoint","urlTemplate":"https:\/\/nyforetagarcentrum.se\/vastmanland\/?s={search_term_string}"},"query-input":"required name=search_term_string"}],"inLanguage":"sv-SE"},{"@type":"Organization","@id":"https:\/\/nyforetagarcentrum.se\/vastmanland\/#organization","name":"V\u00e4stmanland","url":"https:\/\/nyforetagarcentrum.se\/vastmanland\/","logo":{"@type":"ImageObject","inLanguage":"sv-SE","@id":"https:\/\/nyforetagarcentrum.se\/vastmanland\/#\/schema\/logo\/image\/","url":"https:\/\/nyforetagarcentrum.se\/vastmanland\/wp-content\/uploads\/sites\/16\/2024\/07\/vastmanland_bla.png","contentUrl":"https:\/\/nyforetagarcentrum.se\/vastmanland\/wp-content\/uploads\/sites\/16\/2024\/07\/vastmanland_bla.png","width":870,"height":355,"caption":"V\u00e4stmanland"},"image":{"@id":"https:\/\/nyforetagarcentrum.se\/vastmanland\/#\/schema\/logo\/image\/"}}]}},"_links":{"self":[{"href":"https:\/\/nyforetagarcentrum.se\/vastmanland\/wp-json\/wp\/v2\/event\/1010"}],"collection":[{"href":"https:\/\/nyforetagarcentrum.se\/vastmanland\/wp-json\/wp\/v2\/event"}],"about":[{"href":"https:\/\/nyforetagarcentrum.se\/vastmanland\/wp-json\/wp\/v2\/types\/event"}],"version-history":[{"count":2,"href":"https:\/\/nyforetagarcentrum.se\/vastmanland\/wp-json\/wp\/v2\/event\/1010\/revisions"}],"predecessor-version":[{"id":1012,"href":"https:\/\/nyforetagarcentrum.se\/vastmanland\/wp-json\/wp\/v2\/event\/1010\/revisions\/1012"}],"wp:attachment":[{"href":"https:\/\/nyforetagarcentrum.se\/vastmanland\/wp-json\/wp\/v2\/media?parent=1010"}],"curies":[{"name":"wp","href":"https:\/\/api.w.org\/{rel}","templated":true}]}}