{"id":1004,"date":"2024-04-04T17:55:25","date_gmt":"2024-04-04T15:55:25","guid":{"rendered":"https:\/\/nyforetagarcentrum.se\/vastmanland\/?post_type=event&#038;p=1004"},"modified":"2024-09-24T13:28:10","modified_gmt":"2024-09-24T11:28:10","slug":"entreprenorsskolan-affarsjuridiktisdag-16-april-ersatter-installd-workshop-13-feb","status":"publish","type":"event","link":"https:\/\/nyforetagarcentrum.se\/vastmanland\/evenemang\/entreprenorsskolan-affarsjuridiktisdag-16-april-ersatter-installd-workshop-13-feb\/","title":{"rendered":"Entrepren\u00f6rsskolan: Aff\u00e4rsjuridik Tisdag 16 april (ers\u00e4tter inst\u00e4lld workshop 13 feb)"},"content":{"rendered":"\n<p>Vilken bolagsform v\u00e4ljer du? Aktiebolag, enskild firma, annat? Vad vet du om avtal, arbetsr\u00e4tt, finansiering, villkor, \u00e4garfr\u00e5gor och lokalhyra? Kursen tar upp v\u00e4sentliga exempel och fallgropar.<\/p>\n\n\n\n<p>Workshopsledare: Denis Suljanovic, F\u00f6retagarens Jurist<br>Datum: tisdag 16 april 2024 kl. 17:00 \u2013 19:30<br>Plats: B26, V\u00e4ster\u00e5s<\/p>\n\n\n\n<h2 class=\"wp-block-heading\"><strong>Praktisk information<\/strong><\/h2>\n\n\n\n<p>Du f\u00e5r anm\u00e4la dig till en eller flera workshoppar som intresserar dig. Deltar man hela serien d\u00e5 f\u00e5r du ett intyg. Deltagande \u00e4r in princip kostnadsfri, det \u00e4r bara en administrativ avgift p\u00e5 120 kr per workshop exkl. 25% moms. Hela serien av 8 workshops kostar 725 kr exkl. moms. Som deltagare f\u00e5r du en faktura i februari 2024.<\/p>\n\n\n\n<p><strong>Programuppl\u00e4gg<\/strong><br>Kl. 17:00 \u2013 17:15 V\u00e4lkommen &amp; nyheter \u2013 Nyf\u00f6retagarCentrum<br>Kl. 17:15 \u2013 17:50 Expert del 1<br>Kl. 17:50 \u2013 18:10 Fikapaus med m\u00f6jlighet till mingel och n\u00e4tverkande<br>Kl. 18:10 \u2013 18:40 Expert del 2<br>Kl. 18:40 \u2013 18:55 Fr\u00e5gor och diskussion<br>Kl. 19:00 Avslutning<\/p>\n\n\n\n<p>Skolan startar kl. 17:00 s\u00e5 kom g\u00e4rna i god tid, vi st\u00e4nger d\u00f6rren n\u00e4r workshoppen har p\u00e5b\u00f6rjat. &nbsp;<br>Bra att veta: din anm\u00e4lan \u00e4r bindande! Vid f\u00f6rhinder f\u00e5r en ers\u00e4ttare ta din plats, informera oss vem ska g\u00e5 fram till tv\u00e5 dagar innan eventet. Betalningar \u00e5terl\u00f6ses ej.<\/p>\n","protected":false},"template":"","meta":{"footnotes":""},"acf":[],"yoast_head":"<!-- This site is optimized with the Yoast SEO plugin v22.9 - https:\/\/yoast.com\/wordpress\/plugins\/seo\/ -->\n<title>Entrepren\u00f6rsskolan: Aff\u00e4rsjuridik | NFC V\u00e4stmanland<\/title>\n<meta name=\"description\" content=\"Workshop om bolagsformer: Aktiebolag, enskild firma eller annat? L\u00e4r dig om avtal, arbetsr\u00e4tt, finansiering och fallgropar. Anm\u00e4l dig idag!\" \/>\n<meta name=\"robots\" content=\"index, follow, max-snippet:-1, max-image-preview:large, max-video-preview:-1\" \/>\n<link rel=\"canonical\" href=\"https:\/\/nyforetagarcentrum.se\/vastmanland\/evenemang\/entreprenorsskolan-affarsjuridiktisdag-16-april-ersatter-installd-workshop-13-feb\/\" \/>\n<meta property=\"og:locale\" content=\"sv_SE\" \/>\n<meta property=\"og:type\" content=\"article\" \/>\n<meta property=\"og:title\" content=\"Entrepren\u00f6rsskolan: Aff\u00e4rsjuridik | NFC V\u00e4stmanland\" \/>\n<meta property=\"og:description\" content=\"Workshop om bolagsformer: Aktiebolag, enskild firma eller annat? L\u00e4r dig om avtal, arbetsr\u00e4tt, finansiering och fallgropar. Anm\u00e4l dig idag!\" \/>\n<meta property=\"og:url\" content=\"https:\/\/nyforetagarcentrum.se\/vastmanland\/evenemang\/entreprenorsskolan-affarsjuridiktisdag-16-april-ersatter-installd-workshop-13-feb\/\" \/>\n<meta property=\"og:site_name\" content=\"V\u00e4stmanland\" \/>\n<meta property=\"article:modified_time\" content=\"2024-09-24T11:28:10+00:00\" \/>\n<meta name=\"twitter:card\" content=\"summary_large_image\" \/>\n<meta name=\"twitter:label1\" content=\"Ber\u00e4knad l\u00e4stid\" \/>\n\t<meta name=\"twitter:data1\" content=\"1 minut\" \/>\n<script type=\"application\/ld+json\" class=\"yoast-schema-graph\">{\"@context\":\"https:\/\/schema.org\",\"@graph\":[{\"@type\":\"WebPage\",\"@id\":\"https:\/\/nyforetagarcentrum.se\/vastmanland\/evenemang\/entreprenorsskolan-affarsjuridiktisdag-16-april-ersatter-installd-workshop-13-feb\/\",\"url\":\"https:\/\/nyforetagarcentrum.se\/vastmanland\/evenemang\/entreprenorsskolan-affarsjuridiktisdag-16-april-ersatter-installd-workshop-13-feb\/\",\"name\":\"Entrepren\u00f6rsskolan: Aff\u00e4rsjuridik | NFC V\u00e4stmanland\",\"isPartOf\":{\"@id\":\"https:\/\/nyforetagarcentrum.se\/vastmanland\/#website\"},\"datePublished\":\"2024-04-04T15:55:25+00:00\",\"dateModified\":\"2024-09-24T11:28:10+00:00\",\"description\":\"Workshop om bolagsformer: Aktiebolag, enskild firma eller annat? L\u00e4r dig om avtal, arbetsr\u00e4tt, finansiering och fallgropar. Anm\u00e4l dig idag!\",\"breadcrumb\":{\"@id\":\"https:\/\/nyforetagarcentrum.se\/vastmanland\/evenemang\/entreprenorsskolan-affarsjuridiktisdag-16-april-ersatter-installd-workshop-13-feb\/#breadcrumb\"},\"inLanguage\":\"sv-SE\",\"potentialAction\":[{\"@type\":\"ReadAction\",\"target\":[\"https:\/\/nyforetagarcentrum.se\/vastmanland\/evenemang\/entreprenorsskolan-affarsjuridiktisdag-16-april-ersatter-installd-workshop-13-feb\/\"]}]},{\"@type\":\"BreadcrumbList\",\"@id\":\"https:\/\/nyforetagarcentrum.se\/vastmanland\/evenemang\/entreprenorsskolan-affarsjuridiktisdag-16-april-ersatter-installd-workshop-13-feb\/#breadcrumb\",\"itemListElement\":[{\"@type\":\"ListItem\",\"position\":1,\"name\":\"Hem\",\"item\":\"https:\/\/nyforetagarcentrum.se\/vastmanland\/\"},{\"@type\":\"ListItem\",\"position\":2,\"name\":\"Evenemang\",\"item\":\"https:\/\/nyforetagarcentrum.se\/vastmanland\/evenemang\/\"},{\"@type\":\"ListItem\",\"position\":3,\"name\":\"Entrepren\u00f6rsskolan: Aff\u00e4rsjuridik Tisdag 16 april (ers\u00e4tter inst\u00e4lld workshop 13 feb)\"}]},{\"@type\":\"WebSite\",\"@id\":\"https:\/\/nyforetagarcentrum.se\/vastmanland\/#website\",\"url\":\"https:\/\/nyforetagarcentrum.se\/vastmanland\/\",\"name\":\"V\u00e4stmanland\",\"description\":\"Sveriges ledande kraft f\u00f6r fler nya livskraftiga f\u00f6retag\",\"publisher\":{\"@id\":\"https:\/\/nyforetagarcentrum.se\/vastmanland\/#organization\"},\"potentialAction\":[{\"@type\":\"SearchAction\",\"target\":{\"@type\":\"EntryPoint\",\"urlTemplate\":\"https:\/\/nyforetagarcentrum.se\/vastmanland\/?s={search_term_string}\"},\"query-input\":\"required name=search_term_string\"}],\"inLanguage\":\"sv-SE\"},{\"@type\":\"Organization\",\"@id\":\"https:\/\/nyforetagarcentrum.se\/vastmanland\/#organization\",\"name\":\"V\u00e4stmanland\",\"url\":\"https:\/\/nyforetagarcentrum.se\/vastmanland\/\",\"logo\":{\"@type\":\"ImageObject\",\"inLanguage\":\"sv-SE\",\"@id\":\"https:\/\/nyforetagarcentrum.se\/vastmanland\/#\/schema\/logo\/image\/\",\"url\":\"https:\/\/nyforetagarcentrum.se\/vastmanland\/wp-content\/uploads\/sites\/16\/2024\/07\/vastmanland_bla.png\",\"contentUrl\":\"https:\/\/nyforetagarcentrum.se\/vastmanland\/wp-content\/uploads\/sites\/16\/2024\/07\/vastmanland_bla.png\",\"width\":870,\"height\":355,\"caption\":\"V\u00e4stmanland\"},\"image\":{\"@id\":\"https:\/\/nyforetagarcentrum.se\/vastmanland\/#\/schema\/logo\/image\/\"}}]}<\/script>\n<!-- \/ Yoast SEO plugin. -->","yoast_head_json":{"title":"Entrepren\u00f6rsskolan: Aff\u00e4rsjuridik | NFC V\u00e4stmanland","description":"Workshop om bolagsformer: Aktiebolag, enskild firma eller annat? L\u00e4r dig om avtal, arbetsr\u00e4tt, finansiering och fallgropar. Anm\u00e4l dig idag!","robots":{"index":"index","follow":"follow","max-snippet":"max-snippet:-1","max-image-preview":"max-image-preview:large","max-video-preview":"max-video-preview:-1"},"canonical":"https:\/\/nyforetagarcentrum.se\/vastmanland\/evenemang\/entreprenorsskolan-affarsjuridiktisdag-16-april-ersatter-installd-workshop-13-feb\/","og_locale":"sv_SE","og_type":"article","og_title":"Entrepren\u00f6rsskolan: Aff\u00e4rsjuridik | NFC V\u00e4stmanland","og_description":"Workshop om bolagsformer: Aktiebolag, enskild firma eller annat? L\u00e4r dig om avtal, arbetsr\u00e4tt, finansiering och fallgropar. Anm\u00e4l dig idag!","og_url":"https:\/\/nyforetagarcentrum.se\/vastmanland\/evenemang\/entreprenorsskolan-affarsjuridiktisdag-16-april-ersatter-installd-workshop-13-feb\/","og_site_name":"V\u00e4stmanland","article_modified_time":"2024-09-24T11:28:10+00:00","twitter_card":"summary_large_image","twitter_misc":{"Ber\u00e4knad l\u00e4stid":"1 minut"},"schema":{"@context":"https:\/\/schema.org","@graph":[{"@type":"WebPage","@id":"https:\/\/nyforetagarcentrum.se\/vastmanland\/evenemang\/entreprenorsskolan-affarsjuridiktisdag-16-april-ersatter-installd-workshop-13-feb\/","url":"https:\/\/nyforetagarcentrum.se\/vastmanland\/evenemang\/entreprenorsskolan-affarsjuridiktisdag-16-april-ersatter-installd-workshop-13-feb\/","name":"Entrepren\u00f6rsskolan: Aff\u00e4rsjuridik | NFC V\u00e4stmanland","isPartOf":{"@id":"https:\/\/nyforetagarcentrum.se\/vastmanland\/#website"},"datePublished":"2024-04-04T15:55:25+00:00","dateModified":"2024-09-24T11:28:10+00:00","description":"Workshop om bolagsformer: Aktiebolag, enskild firma eller annat? L\u00e4r dig om avtal, arbetsr\u00e4tt, finansiering och fallgropar. Anm\u00e4l dig idag!","breadcrumb":{"@id":"https:\/\/nyforetagarcentrum.se\/vastmanland\/evenemang\/entreprenorsskolan-affarsjuridiktisdag-16-april-ersatter-installd-workshop-13-feb\/#breadcrumb"},"inLanguage":"sv-SE","potentialAction":[{"@type":"ReadAction","target":["https:\/\/nyforetagarcentrum.se\/vastmanland\/evenemang\/entreprenorsskolan-affarsjuridiktisdag-16-april-ersatter-installd-workshop-13-feb\/"]}]},{"@type":"BreadcrumbList","@id":"https:\/\/nyforetagarcentrum.se\/vastmanland\/evenemang\/entreprenorsskolan-affarsjuridiktisdag-16-april-ersatter-installd-workshop-13-feb\/#breadcrumb","itemListElement":[{"@type":"ListItem","position":1,"name":"Hem","item":"https:\/\/nyforetagarcentrum.se\/vastmanland\/"},{"@type":"ListItem","position":2,"name":"Evenemang","item":"https:\/\/nyforetagarcentrum.se\/vastmanland\/evenemang\/"},{"@type":"ListItem","position":3,"name":"Entrepren\u00f6rsskolan: Aff\u00e4rsjuridik Tisdag 16 april (ers\u00e4tter inst\u00e4lld workshop 13 feb)"}]},{"@type":"WebSite","@id":"https:\/\/nyforetagarcentrum.se\/vastmanland\/#website","url":"https:\/\/nyforetagarcentrum.se\/vastmanland\/","name":"V\u00e4stmanland","description":"Sveriges ledande kraft f\u00f6r fler nya livskraftiga f\u00f6retag","publisher":{"@id":"https:\/\/nyforetagarcentrum.se\/vastmanland\/#organization"},"potentialAction":[{"@type":"SearchAction","target":{"@type":"EntryPoint","urlTemplate":"https:\/\/nyforetagarcentrum.se\/vastmanland\/?s={search_term_string}"},"query-input":"required name=search_term_string"}],"inLanguage":"sv-SE"},{"@type":"Organization","@id":"https:\/\/nyforetagarcentrum.se\/vastmanland\/#organization","name":"V\u00e4stmanland","url":"https:\/\/nyforetagarcentrum.se\/vastmanland\/","logo":{"@type":"ImageObject","inLanguage":"sv-SE","@id":"https:\/\/nyforetagarcentrum.se\/vastmanland\/#\/schema\/logo\/image\/","url":"https:\/\/nyforetagarcentrum.se\/vastmanland\/wp-content\/uploads\/sites\/16\/2024\/07\/vastmanland_bla.png","contentUrl":"https:\/\/nyforetagarcentrum.se\/vastmanland\/wp-content\/uploads\/sites\/16\/2024\/07\/vastmanland_bla.png","width":870,"height":355,"caption":"V\u00e4stmanland"},"image":{"@id":"https:\/\/nyforetagarcentrum.se\/vastmanland\/#\/schema\/logo\/image\/"}}]}},"_links":{"self":[{"href":"https:\/\/nyforetagarcentrum.se\/vastmanland\/wp-json\/wp\/v2\/event\/1004"}],"collection":[{"href":"https:\/\/nyforetagarcentrum.se\/vastmanland\/wp-json\/wp\/v2\/event"}],"about":[{"href":"https:\/\/nyforetagarcentrum.se\/vastmanland\/wp-json\/wp\/v2\/types\/event"}],"version-history":[{"count":3,"href":"https:\/\/nyforetagarcentrum.se\/vastmanland\/wp-json\/wp\/v2\/event\/1004\/revisions"}],"predecessor-version":[{"id":1009,"href":"https:\/\/nyforetagarcentrum.se\/vastmanland\/wp-json\/wp\/v2\/event\/1004\/revisions\/1009"}],"wp:attachment":[{"href":"https:\/\/nyforetagarcentrum.se\/vastmanland\/wp-json\/wp\/v2\/media?parent=1004"}],"curies":[{"name":"wp","href":"https:\/\/api.w.org\/{rel}","templated":true}]}}