{"id":1667,"date":"2026-08-26T11:09:51","date_gmt":"2026-08-26T09:09:51","guid":{"rendered":"https:\/\/nyforetagarcentrum.se\/vast\/?post_type=event&#038;p=1667"},"modified":"2026-08-26T11:09:51","modified_gmt":"2026-08-26T09:09:51","slug":"starta-upp-foretagets-hallbarhetsarbete","status":"publish","type":"event","link":"https:\/\/nyforetagarcentrum.se\/vast\/evenemang\/starta-upp-foretagets-hallbarhetsarbete\/","title":{"rendered":"V\u00e4xla upp f\u00f6retagets h\u00e5llbarhetsarbete"},"content":{"rendered":"\n<p>Den 15 oktober bjuder Coompanion in till en workshop om h\u00e5llbarhet f\u00f6r ert f\u00f6retag. Ni f\u00e5r chansen att utforska ekologisk, ekonomisk och social h\u00e5llbarhet \u2013 med extra fokus p\u00e5 det sistn\u00e4mnda \u2013 och f\u00e5 tips fr\u00e5n ett f\u00f6retag som redan kommit en bra bit p\u00e5 v\u00e4gen.med konkret h\u00e5llbarhetsarbete!<\/p>\n\n\n\n<p>Du kommer att f\u00e5 vara delaktig och f\u00e5 med dig konkreta exempel och verktyg som du kan ha nytta av i  din verksamhet. Workshopen leds av Coompanion och vi<br>kommer \u00e4ven att f\u00e5 h\u00f6ra om TCT:s h\u00e5llbarhetsarbete.<br><\/p>\n\n\n\n<p><strong>Sista anm\u00e4lningsdag \u00e4r 25 september. Varmt v\u00e4lkommen med din anm\u00e4lan!<\/strong><\/p>\n\n\n\n<p><\/p>\n\n\n\n<p><\/p>\n\n\n\n<figure class=\"wp-block-image size-large\"><img loading=\"lazy\" decoding=\"async\" width=\"1024\" height=\"683\" src=\"https:\/\/nyforetagarcentrum.se\/vast\/wp-content\/uploads\/sites\/78\/2026\/08\/workshop-hallbarhet-bild-1024x683.jpg\" alt=\"\" class=\"wp-image-1861\" srcset=\"https:\/\/nyforetagarcentrum.se\/vast\/wp-content\/uploads\/sites\/78\/2026\/08\/workshop-hallbarhet-bild-1024x683.jpg 1024w, https:\/\/nyforetagarcentrum.se\/vast\/wp-content\/uploads\/sites\/78\/2026\/08\/workshop-hallbarhet-bild-300x200.jpg 300w, https:\/\/nyforetagarcentrum.se\/vast\/wp-content\/uploads\/sites\/78\/2026\/08\/workshop-hallbarhet-bild-768x512.jpg 768w, https:\/\/nyforetagarcentrum.se\/vast\/wp-content\/uploads\/sites\/78\/2026\/08\/workshop-hallbarhet-bild.jpg 1500w\" sizes=\"(max-width: 1024px) 100vw, 1024px\" \/><\/figure>\n\n\n\n<div class=\"wp-block-buttons is-layout-flex wp-block-buttons-is-layout-flex\">\n<div class=\"wp-block-button\"><a class=\"wp-block-button__link wp-element-button\" href=\"https:\/\/nyforetagarcentrum.se\/vast\/wp-content\/uploads\/sites\/78\/2026\/08\/inbjudan-workshop-hallbarhet-15-okt-2026.pdf\">H\u00e4mta pdf h\u00e4r<\/a><\/div>\n<\/div>\n","protected":false},"template":"","meta":{"footnotes":""},"acf":[],"yoast_head":"<!-- This site is optimized with the Yoast SEO plugin v22.9 - https:\/\/yoast.com\/wordpress\/plugins\/seo\/ -->\n<title>Evenemang i V\u00e4st - Nyf\u00f6retagarCentrum<\/title>\n<meta name=\"description\" content=\"Uppt\u00e4ck kommande evenemang hos Nyf\u00f6retagarCentrum i V\u00e4st, utformade f\u00f6r att st\u00f6dja blivande och nya f\u00f6retagare. Delta i workshops, seminarier och n\u00e4tverkstr\u00e4ffar f\u00f6r att f\u00e5 v\u00e4rdefulla insikter och kontakter f\u00f6r din entrepren\u00f6rsresa. F\u00e5 information om datum, platser och hur du anm\u00e4ler dig.\" \/>\n<meta name=\"robots\" content=\"index, follow, max-snippet:-1, max-image-preview:large, max-video-preview:-1\" \/>\n<link rel=\"canonical\" href=\"https:\/\/nyforetagarcentrum.se\/vast\/evenemang\/starta-upp-foretagets-hallbarhetsarbete\/\" \/>\n<meta property=\"og:locale\" content=\"sv_SE\" \/>\n<meta property=\"og:type\" content=\"article\" \/>\n<meta property=\"og:title\" content=\"Evenemang i V\u00e4st - Nyf\u00f6retagarCentrum\" \/>\n<meta property=\"og:description\" content=\"Uppt\u00e4ck kommande evenemang hos Nyf\u00f6retagarCentrum i V\u00e4st, utformade f\u00f6r att st\u00f6dja blivande och nya f\u00f6retagare. Delta i workshops, seminarier och n\u00e4tverkstr\u00e4ffar f\u00f6r att f\u00e5 v\u00e4rdefulla insikter och kontakter f\u00f6r din entrepren\u00f6rsresa. F\u00e5 information om datum, platser och hur du anm\u00e4ler dig.\" \/>\n<meta property=\"og:url\" content=\"https:\/\/nyforetagarcentrum.se\/vast\/evenemang\/starta-upp-foretagets-hallbarhetsarbete\/\" \/>\n<meta property=\"og:site_name\" content=\"V\u00e4st\" \/>\n<meta property=\"og:image\" content=\"https:\/\/nyforetagarcentrum.se\/vast\/wp-content\/uploads\/sites\/78\/2026\/08\/workshop-hallbarhet-bild-1024x683.jpg\" \/>\n<meta name=\"twitter:card\" content=\"summary_large_image\" \/>\n<meta name=\"twitter:label1\" content=\"Ber\u00e4knad l\u00e4stid\" \/>\n\t<meta name=\"twitter:data1\" content=\"1 minut\" \/>\n<script type=\"application\/ld+json\" class=\"yoast-schema-graph\">{\"@context\":\"https:\/\/schema.org\",\"@graph\":[{\"@type\":\"WebPage\",\"@id\":\"https:\/\/nyforetagarcentrum.se\/vast\/evenemang\/starta-upp-foretagets-hallbarhetsarbete\/\",\"url\":\"https:\/\/nyforetagarcentrum.se\/vast\/evenemang\/starta-upp-foretagets-hallbarhetsarbete\/\",\"name\":\"Evenemang i V\u00e4st - Nyf\u00f6retagarCentrum\",\"isPartOf\":{\"@id\":\"https:\/\/nyforetagarcentrum.se\/vast\/#website\"},\"primaryImageOfPage\":{\"@id\":\"https:\/\/nyforetagarcentrum.se\/vast\/evenemang\/starta-upp-foretagets-hallbarhetsarbete\/#primaryimage\"},\"image\":{\"@id\":\"https:\/\/nyforetagarcentrum.se\/vast\/evenemang\/starta-upp-foretagets-hallbarhetsarbete\/#primaryimage\"},\"thumbnailUrl\":\"https:\/\/nyforetagarcentrum.se\/vast\/wp-content\/uploads\/sites\/78\/2026\/08\/workshop-hallbarhet-bild-1024x683.jpg\",\"datePublished\":\"2026-08-26T09:09:51+00:00\",\"dateModified\":\"2026-08-26T09:09:51+00:00\",\"description\":\"Uppt\u00e4ck kommande evenemang hos Nyf\u00f6retagarCentrum i V\u00e4st, utformade f\u00f6r att st\u00f6dja blivande och nya f\u00f6retagare. Delta i workshops, seminarier och n\u00e4tverkstr\u00e4ffar f\u00f6r att f\u00e5 v\u00e4rdefulla insikter och kontakter f\u00f6r din entrepren\u00f6rsresa. F\u00e5 information om datum, platser och hur du anm\u00e4ler dig.\",\"breadcrumb\":{\"@id\":\"https:\/\/nyforetagarcentrum.se\/vast\/evenemang\/starta-upp-foretagets-hallbarhetsarbete\/#breadcrumb\"},\"inLanguage\":\"sv-SE\",\"potentialAction\":[{\"@type\":\"ReadAction\",\"target\":[\"https:\/\/nyforetagarcentrum.se\/vast\/evenemang\/starta-upp-foretagets-hallbarhetsarbete\/\"]}]},{\"@type\":\"ImageObject\",\"inLanguage\":\"sv-SE\",\"@id\":\"https:\/\/nyforetagarcentrum.se\/vast\/evenemang\/starta-upp-foretagets-hallbarhetsarbete\/#primaryimage\",\"url\":\"https:\/\/nyforetagarcentrum.se\/vast\/wp-content\/uploads\/sites\/78\/2026\/08\/workshop-hallbarhet-bild.jpg\",\"contentUrl\":\"https:\/\/nyforetagarcentrum.se\/vast\/wp-content\/uploads\/sites\/78\/2026\/08\/workshop-hallbarhet-bild.jpg\",\"width\":1500,\"height\":1000},{\"@type\":\"BreadcrumbList\",\"@id\":\"https:\/\/nyforetagarcentrum.se\/vast\/evenemang\/starta-upp-foretagets-hallbarhetsarbete\/#breadcrumb\",\"itemListElement\":[{\"@type\":\"ListItem\",\"position\":1,\"name\":\"Hem\",\"item\":\"https:\/\/nyforetagarcentrum.se\/vast\/\"},{\"@type\":\"ListItem\",\"position\":2,\"name\":\"Evenemang\",\"item\":\"https:\/\/nyforetagarcentrum.se\/vast\/evenemang\/\"},{\"@type\":\"ListItem\",\"position\":3,\"name\":\"V\u00e4xla upp f\u00f6retagets h\u00e5llbarhetsarbete\"}]},{\"@type\":\"WebSite\",\"@id\":\"https:\/\/nyforetagarcentrum.se\/vast\/#website\",\"url\":\"https:\/\/nyforetagarcentrum.se\/vast\/\",\"name\":\"V\u00e4st\",\"description\":\"Sveriges ledande kraft f\u00f6r fler nya livskraftiga f\u00f6retag\",\"publisher\":{\"@id\":\"https:\/\/nyforetagarcentrum.se\/vast\/#organization\"},\"potentialAction\":[{\"@type\":\"SearchAction\",\"target\":{\"@type\":\"EntryPoint\",\"urlTemplate\":\"https:\/\/nyforetagarcentrum.se\/vast\/?s={search_term_string}\"},\"query-input\":\"required name=search_term_string\"}],\"inLanguage\":\"sv-SE\"},{\"@type\":\"Organization\",\"@id\":\"https:\/\/nyforetagarcentrum.se\/vast\/#organization\",\"name\":\"V\u00e4st\",\"url\":\"https:\/\/nyforetagarcentrum.se\/vast\/\",\"logo\":{\"@type\":\"ImageObject\",\"inLanguage\":\"sv-SE\",\"@id\":\"https:\/\/nyforetagarcentrum.se\/vast\/#\/schema\/logo\/image\/\",\"url\":\"https:\/\/nyforetagarcentrum.se\/vast\/wp-content\/uploads\/sites\/78\/2024\/07\/vast_bla.png\",\"contentUrl\":\"https:\/\/nyforetagarcentrum.se\/vast\/wp-content\/uploads\/sites\/78\/2024\/07\/vast_bla.png\",\"width\":870,\"height\":355,\"caption\":\"V\u00e4st\"},\"image\":{\"@id\":\"https:\/\/nyforetagarcentrum.se\/vast\/#\/schema\/logo\/image\/\"}}]}<\/script>\n<!-- \/ Yoast SEO plugin. -->","yoast_head_json":{"title":"Evenemang i V\u00e4st - Nyf\u00f6retagarCentrum","description":"Uppt\u00e4ck kommande evenemang hos Nyf\u00f6retagarCentrum i V\u00e4st, utformade f\u00f6r att st\u00f6dja blivande och nya f\u00f6retagare. Delta i workshops, seminarier och n\u00e4tverkstr\u00e4ffar f\u00f6r att f\u00e5 v\u00e4rdefulla insikter och kontakter f\u00f6r din entrepren\u00f6rsresa. F\u00e5 information om datum, platser och hur du anm\u00e4ler dig.","robots":{"index":"index","follow":"follow","max-snippet":"max-snippet:-1","max-image-preview":"max-image-preview:large","max-video-preview":"max-video-preview:-1"},"canonical":"https:\/\/nyforetagarcentrum.se\/vast\/evenemang\/starta-upp-foretagets-hallbarhetsarbete\/","og_locale":"sv_SE","og_type":"article","og_title":"Evenemang i V\u00e4st - Nyf\u00f6retagarCentrum","og_description":"Uppt\u00e4ck kommande evenemang hos Nyf\u00f6retagarCentrum i V\u00e4st, utformade f\u00f6r att st\u00f6dja blivande och nya f\u00f6retagare. Delta i workshops, seminarier och n\u00e4tverkstr\u00e4ffar f\u00f6r att f\u00e5 v\u00e4rdefulla insikter och kontakter f\u00f6r din entrepren\u00f6rsresa. F\u00e5 information om datum, platser och hur du anm\u00e4ler dig.","og_url":"https:\/\/nyforetagarcentrum.se\/vast\/evenemang\/starta-upp-foretagets-hallbarhetsarbete\/","og_site_name":"V\u00e4st","og_image":[{"url":"https:\/\/nyforetagarcentrum.se\/vast\/wp-content\/uploads\/sites\/78\/2026\/08\/workshop-hallbarhet-bild-1024x683.jpg"}],"twitter_card":"summary_large_image","twitter_misc":{"Ber\u00e4knad l\u00e4stid":"1 minut"},"schema":{"@context":"https:\/\/schema.org","@graph":[{"@type":"WebPage","@id":"https:\/\/nyforetagarcentrum.se\/vast\/evenemang\/starta-upp-foretagets-hallbarhetsarbete\/","url":"https:\/\/nyforetagarcentrum.se\/vast\/evenemang\/starta-upp-foretagets-hallbarhetsarbete\/","name":"Evenemang i V\u00e4st - Nyf\u00f6retagarCentrum","isPartOf":{"@id":"https:\/\/nyforetagarcentrum.se\/vast\/#website"},"primaryImageOfPage":{"@id":"https:\/\/nyforetagarcentrum.se\/vast\/evenemang\/starta-upp-foretagets-hallbarhetsarbete\/#primaryimage"},"image":{"@id":"https:\/\/nyforetagarcentrum.se\/vast\/evenemang\/starta-upp-foretagets-hallbarhetsarbete\/#primaryimage"},"thumbnailUrl":"https:\/\/nyforetagarcentrum.se\/vast\/wp-content\/uploads\/sites\/78\/2026\/08\/workshop-hallbarhet-bild-1024x683.jpg","datePublished":"2026-08-26T09:09:51+00:00","dateModified":"2026-08-26T09:09:51+00:00","description":"Uppt\u00e4ck kommande evenemang hos Nyf\u00f6retagarCentrum i V\u00e4st, utformade f\u00f6r att st\u00f6dja blivande och nya f\u00f6retagare. Delta i workshops, seminarier och n\u00e4tverkstr\u00e4ffar f\u00f6r att f\u00e5 v\u00e4rdefulla insikter och kontakter f\u00f6r din entrepren\u00f6rsresa. F\u00e5 information om datum, platser och hur du anm\u00e4ler dig.","breadcrumb":{"@id":"https:\/\/nyforetagarcentrum.se\/vast\/evenemang\/starta-upp-foretagets-hallbarhetsarbete\/#breadcrumb"},"inLanguage":"sv-SE","potentialAction":[{"@type":"ReadAction","target":["https:\/\/nyforetagarcentrum.se\/vast\/evenemang\/starta-upp-foretagets-hallbarhetsarbete\/"]}]},{"@type":"ImageObject","inLanguage":"sv-SE","@id":"https:\/\/nyforetagarcentrum.se\/vast\/evenemang\/starta-upp-foretagets-hallbarhetsarbete\/#primaryimage","url":"https:\/\/nyforetagarcentrum.se\/vast\/wp-content\/uploads\/sites\/78\/2026\/08\/workshop-hallbarhet-bild.jpg","contentUrl":"https:\/\/nyforetagarcentrum.se\/vast\/wp-content\/uploads\/sites\/78\/2026\/08\/workshop-hallbarhet-bild.jpg","width":1500,"height":1000},{"@type":"BreadcrumbList","@id":"https:\/\/nyforetagarcentrum.se\/vast\/evenemang\/starta-upp-foretagets-hallbarhetsarbete\/#breadcrumb","itemListElement":[{"@type":"ListItem","position":1,"name":"Hem","item":"https:\/\/nyforetagarcentrum.se\/vast\/"},{"@type":"ListItem","position":2,"name":"Evenemang","item":"https:\/\/nyforetagarcentrum.se\/vast\/evenemang\/"},{"@type":"ListItem","position":3,"name":"V\u00e4xla upp f\u00f6retagets h\u00e5llbarhetsarbete"}]},{"@type":"WebSite","@id":"https:\/\/nyforetagarcentrum.se\/vast\/#website","url":"https:\/\/nyforetagarcentrum.se\/vast\/","name":"V\u00e4st","description":"Sveriges ledande kraft f\u00f6r fler nya livskraftiga f\u00f6retag","publisher":{"@id":"https:\/\/nyforetagarcentrum.se\/vast\/#organization"},"potentialAction":[{"@type":"SearchAction","target":{"@type":"EntryPoint","urlTemplate":"https:\/\/nyforetagarcentrum.se\/vast\/?s={search_term_string}"},"query-input":"required name=search_term_string"}],"inLanguage":"sv-SE"},{"@type":"Organization","@id":"https:\/\/nyforetagarcentrum.se\/vast\/#organization","name":"V\u00e4st","url":"https:\/\/nyforetagarcentrum.se\/vast\/","logo":{"@type":"ImageObject","inLanguage":"sv-SE","@id":"https:\/\/nyforetagarcentrum.se\/vast\/#\/schema\/logo\/image\/","url":"https:\/\/nyforetagarcentrum.se\/vast\/wp-content\/uploads\/sites\/78\/2024\/07\/vast_bla.png","contentUrl":"https:\/\/nyforetagarcentrum.se\/vast\/wp-content\/uploads\/sites\/78\/2024\/07\/vast_bla.png","width":870,"height":355,"caption":"V\u00e4st"},"image":{"@id":"https:\/\/nyforetagarcentrum.se\/vast\/#\/schema\/logo\/image\/"}}]}},"_links":{"self":[{"href":"https:\/\/nyforetagarcentrum.se\/vast\/wp-json\/wp\/v2\/event\/1667"}],"collection":[{"href":"https:\/\/nyforetagarcentrum.se\/vast\/wp-json\/wp\/v2\/event"}],"about":[{"href":"https:\/\/nyforetagarcentrum.se\/vast\/wp-json\/wp\/v2\/types\/event"}],"version-history":[{"count":14,"href":"https:\/\/nyforetagarcentrum.se\/vast\/wp-json\/wp\/v2\/event\/1667\/revisions"}],"predecessor-version":[{"id":1867,"href":"https:\/\/nyforetagarcentrum.se\/vast\/wp-json\/wp\/v2\/event\/1667\/revisions\/1867"}],"wp:attachment":[{"href":"https:\/\/nyforetagarcentrum.se\/vast\/wp-json\/wp\/v2\/media?parent=1667"}],"curies":[{"name":"wp","href":"https:\/\/api.w.org\/{rel}","templated":true}]}}