{"id":1221,"date":"2025-06-10T14:49:20","date_gmt":"2025-06-10T12:49:20","guid":{"rendered":"https:\/\/nyforetagarcentrum.se\/vast\/?post_type=event&#038;p=1221"},"modified":"2025-08-13T14:47:20","modified_gmt":"2025-08-13T12:47:20","slug":"fran-drom-till-verklighet","status":"publish","type":"event","link":"https:\/\/nyforetagarcentrum.se\/vast\/evenemang\/fran-drom-till-verklighet\/","title":{"rendered":"Fr\u00e5n dr\u00f6m till verklighet"},"content":{"rendered":"\n<figure class=\"wp-block-image size-large\"><img loading=\"lazy\" decoding=\"async\" width=\"967\" height=\"1024\" src=\"https:\/\/nyforetagarcentrum.se\/vast\/wp-content\/uploads\/sites\/78\/2025\/06\/FotoLindaHolmgrenFranDromTillVerklighet-1-967x1024.jpg\" alt=\"\" class=\"wp-image-1222\" srcset=\"https:\/\/nyforetagarcentrum.se\/vast\/wp-content\/uploads\/sites\/78\/2025\/06\/FotoLindaHolmgrenFranDromTillVerklighet-1-967x1024.jpg 967w, https:\/\/nyforetagarcentrum.se\/vast\/wp-content\/uploads\/sites\/78\/2025\/06\/FotoLindaHolmgrenFranDromTillVerklighet-1-283x300.jpg 283w, https:\/\/nyforetagarcentrum.se\/vast\/wp-content\/uploads\/sites\/78\/2025\/06\/FotoLindaHolmgrenFranDromTillVerklighet-1-768x813.jpg 768w, https:\/\/nyforetagarcentrum.se\/vast\/wp-content\/uploads\/sites\/78\/2025\/06\/FotoLindaHolmgrenFranDromTillVerklighet-1-1450x1536.jpg 1450w, https:\/\/nyforetagarcentrum.se\/vast\/wp-content\/uploads\/sites\/78\/2025\/06\/FotoLindaHolmgrenFranDromTillVerklighet-1-1934x2048.jpg 1934w, https:\/\/nyforetagarcentrum.se\/vast\/wp-content\/uploads\/sites\/78\/2025\/06\/FotoLindaHolmgrenFranDromTillVerklighet-1-1020x1080.jpg 1020w\" sizes=\"(max-width: 967px) 100vw, 967px\" \/><\/figure>\n\n\n\n<p><strong>Har du en passion f\u00f6r n\u00e5got som du dr\u00f6mmer om att kunna leva p\u00e5? Eller har du redan p\u00e5b\u00f6rjat den resan utan att ha lyckats lika bra som du hade t\u00e4nkt?<\/strong><\/p>\n\n\n\n<p>\u00c4r ditt svar ja p\u00e5 n\u00e5gon av de fr\u00e5gorna \u00e4r du varmt v\u00e4lkommen att anm\u00e4la dig till Linda Holmgrens workshop med start den 6e oktober. Linda \u00e4r Sveriges enda rock\u2019n\u2019roll-coach och har jobbat m\u00e5nga \u00e5r i musikbranschen, plus drivit tv\u00e5 egna f\u00f6retag. Du kommer f\u00e5 ta del av b\u00e5de hennes och andras erfarenheter och l\u00e4rdomar eftersom hon har hj\u00e4lpt m\u00e5nga passionsdrivna m\u00e4nniskor under sin karri\u00e4r.<\/p>\n\n\n\n<p>Workshopen \u00e4r i tre delar, tre timmar per g\u00e5ng och hon k\u00f6r en digital uppf\u00f6ljning en vecka efter varje tillf\u00e4lle s\u00e5 du garanterat f\u00e5r hj\u00e4lpen och st\u00f6det du beh\u00f6ver. <strong>Datum: 6 okt, 27 okt och 17 nov, kl. 18-21<\/strong> <strong>(OBS! Ny tid)<\/strong><\/p>\n\n\n\n<p>Linda h\u00e4lsar att hennes fokus kommer ligga p\u00e5 att g\u00f6ra dig s\u00e5 motiverad att du inte kan l\u00e5ta bli att ta v\u00e4rdefulla steg mot din dr\u00f6m att kunna leva p\u00e5 det du brinner f\u00f6r! <\/p>\n\n\n\n<p><strong>Kostnad 995 inkl moms f\u00f6r 3 ggr. <\/strong><\/p>\n\n\n\n<div class=\"wp-block-buttons is-layout-flex wp-block-buttons-is-layout-flex\">\n<div class=\"wp-block-button has-custom-width wp-block-button__width-25 is-style-fill\"><a class=\"wp-block-button__link wp-element-button\" href=\"https:\/\/nyforetagarcentrum.se\/vast\/wp-content\/uploads\/sites\/78\/2025\/06\/Fran-passionsdriven-till-foretagare.pdf\">Se pdf h\u00e4r<\/a><\/div>\n<\/div>\n\n\n\n<div class=\"wp-block-columns is-layout-flex wp-container-core-columns-is-layout-1 wp-block-columns-is-layout-flex\">\n<div class=\"wp-block-column is-layout-flow wp-block-column-is-layout-flow\">\n<figure class=\"wp-block-image alignright size-full is-resized\"><img loading=\"lazy\" decoding=\"async\" width=\"900\" height=\"260\" src=\"https:\/\/nyforetagarcentrum.se\/vast\/wp-content\/uploads\/sites\/78\/2025\/06\/PassionsdrivetLogga.jpg\" alt=\"\" class=\"wp-image-1228\" style=\"width:219px;height:auto\" srcset=\"https:\/\/nyforetagarcentrum.se\/vast\/wp-content\/uploads\/sites\/78\/2025\/06\/PassionsdrivetLogga.jpg 900w, https:\/\/nyforetagarcentrum.se\/vast\/wp-content\/uploads\/sites\/78\/2025\/06\/PassionsdrivetLogga-300x87.jpg 300w, https:\/\/nyforetagarcentrum.se\/vast\/wp-content\/uploads\/sites\/78\/2025\/06\/PassionsdrivetLogga-768x222.jpg 768w\" sizes=\"(max-width: 900px) 100vw, 900px\" \/><\/figure>\n\n\n\n<p><\/p>\n<\/div>\n\n\n\n<div class=\"wp-block-column is-layout-flow wp-block-column-is-layout-flow\"><\/div>\n<\/div>\n","protected":false},"template":"","meta":{"footnotes":""},"acf":[],"yoast_head":"<!-- This site is optimized with the Yoast SEO plugin v22.9 - https:\/\/yoast.com\/wordpress\/plugins\/seo\/ -->\n<title>Evenemang i V\u00e4st - Nyf\u00f6retagarCentrum<\/title>\n<meta name=\"description\" content=\"Uppt\u00e4ck kommande evenemang hos Nyf\u00f6retagarCentrum i V\u00e4st, utformade f\u00f6r att st\u00f6dja blivande och nya f\u00f6retagare. Delta i workshops, seminarier och n\u00e4tverkstr\u00e4ffar f\u00f6r att f\u00e5 v\u00e4rdefulla insikter och kontakter f\u00f6r din entrepren\u00f6rsresa. F\u00e5 information om datum, platser och hur du anm\u00e4ler dig.\" \/>\n<meta name=\"robots\" content=\"index, follow, max-snippet:-1, max-image-preview:large, max-video-preview:-1\" \/>\n<link rel=\"canonical\" href=\"https:\/\/nyforetagarcentrum.se\/vast\/evenemang\/fran-drom-till-verklighet\/\" \/>\n<meta property=\"og:locale\" content=\"sv_SE\" \/>\n<meta property=\"og:type\" content=\"article\" \/>\n<meta property=\"og:title\" content=\"Evenemang i V\u00e4st - Nyf\u00f6retagarCentrum\" \/>\n<meta property=\"og:description\" content=\"Uppt\u00e4ck kommande evenemang hos Nyf\u00f6retagarCentrum i V\u00e4st, utformade f\u00f6r att st\u00f6dja blivande och nya f\u00f6retagare. Delta i workshops, seminarier och n\u00e4tverkstr\u00e4ffar f\u00f6r att f\u00e5 v\u00e4rdefulla insikter och kontakter f\u00f6r din entrepren\u00f6rsresa. F\u00e5 information om datum, platser och hur du anm\u00e4ler dig.\" \/>\n<meta property=\"og:url\" content=\"https:\/\/nyforetagarcentrum.se\/vast\/evenemang\/fran-drom-till-verklighet\/\" \/>\n<meta property=\"og:site_name\" content=\"V\u00e4st\" \/>\n<meta property=\"article:modified_time\" content=\"2025-08-13T12:47:20+00:00\" \/>\n<meta property=\"og:image\" content=\"https:\/\/nyforetagarcentrum.se\/vast\/wp-content\/uploads\/sites\/78\/2025\/06\/FotoLindaHolmgrenFranDromTillVerklighet-1-967x1024.jpg\" \/>\n<meta name=\"twitter:card\" content=\"summary_large_image\" \/>\n<meta name=\"twitter:label1\" content=\"Ber\u00e4knad l\u00e4stid\" \/>\n\t<meta name=\"twitter:data1\" content=\"2 minuter\" \/>\n<script type=\"application\/ld+json\" class=\"yoast-schema-graph\">{\"@context\":\"https:\/\/schema.org\",\"@graph\":[{\"@type\":\"WebPage\",\"@id\":\"https:\/\/nyforetagarcentrum.se\/vast\/evenemang\/fran-drom-till-verklighet\/\",\"url\":\"https:\/\/nyforetagarcentrum.se\/vast\/evenemang\/fran-drom-till-verklighet\/\",\"name\":\"Evenemang i V\u00e4st - Nyf\u00f6retagarCentrum\",\"isPartOf\":{\"@id\":\"https:\/\/nyforetagarcentrum.se\/vast\/#website\"},\"primaryImageOfPage\":{\"@id\":\"https:\/\/nyforetagarcentrum.se\/vast\/evenemang\/fran-drom-till-verklighet\/#primaryimage\"},\"image\":{\"@id\":\"https:\/\/nyforetagarcentrum.se\/vast\/evenemang\/fran-drom-till-verklighet\/#primaryimage\"},\"thumbnailUrl\":\"https:\/\/nyforetagarcentrum.se\/vast\/wp-content\/uploads\/sites\/78\/2025\/06\/FotoLindaHolmgrenFranDromTillVerklighet-1-967x1024.jpg\",\"datePublished\":\"2025-06-10T12:49:20+00:00\",\"dateModified\":\"2025-08-13T12:47:20+00:00\",\"description\":\"Uppt\u00e4ck kommande evenemang hos Nyf\u00f6retagarCentrum i V\u00e4st, utformade f\u00f6r att st\u00f6dja blivande och nya f\u00f6retagare. Delta i workshops, seminarier och n\u00e4tverkstr\u00e4ffar f\u00f6r att f\u00e5 v\u00e4rdefulla insikter och kontakter f\u00f6r din entrepren\u00f6rsresa. F\u00e5 information om datum, platser och hur du anm\u00e4ler dig.\",\"breadcrumb\":{\"@id\":\"https:\/\/nyforetagarcentrum.se\/vast\/evenemang\/fran-drom-till-verklighet\/#breadcrumb\"},\"inLanguage\":\"sv-SE\",\"potentialAction\":[{\"@type\":\"ReadAction\",\"target\":[\"https:\/\/nyforetagarcentrum.se\/vast\/evenemang\/fran-drom-till-verklighet\/\"]}]},{\"@type\":\"ImageObject\",\"inLanguage\":\"sv-SE\",\"@id\":\"https:\/\/nyforetagarcentrum.se\/vast\/evenemang\/fran-drom-till-verklighet\/#primaryimage\",\"url\":\"https:\/\/nyforetagarcentrum.se\/vast\/wp-content\/uploads\/sites\/78\/2025\/06\/FotoLindaHolmgrenFranDromTillVerklighet-1-scaled.jpg\",\"contentUrl\":\"https:\/\/nyforetagarcentrum.se\/vast\/wp-content\/uploads\/sites\/78\/2025\/06\/FotoLindaHolmgrenFranDromTillVerklighet-1-scaled.jpg\",\"width\":2417,\"height\":2560},{\"@type\":\"BreadcrumbList\",\"@id\":\"https:\/\/nyforetagarcentrum.se\/vast\/evenemang\/fran-drom-till-verklighet\/#breadcrumb\",\"itemListElement\":[{\"@type\":\"ListItem\",\"position\":1,\"name\":\"Hem\",\"item\":\"https:\/\/nyforetagarcentrum.se\/vast\/\"},{\"@type\":\"ListItem\",\"position\":2,\"name\":\"Evenemang\",\"item\":\"https:\/\/nyforetagarcentrum.se\/vast\/evenemang\/\"},{\"@type\":\"ListItem\",\"position\":3,\"name\":\"Fr\u00e5n dr\u00f6m till verklighet\"}]},{\"@type\":\"WebSite\",\"@id\":\"https:\/\/nyforetagarcentrum.se\/vast\/#website\",\"url\":\"https:\/\/nyforetagarcentrum.se\/vast\/\",\"name\":\"V\u00e4st\",\"description\":\"Sveriges ledande kraft f\u00f6r fler nya livskraftiga f\u00f6retag\",\"publisher\":{\"@id\":\"https:\/\/nyforetagarcentrum.se\/vast\/#organization\"},\"potentialAction\":[{\"@type\":\"SearchAction\",\"target\":{\"@type\":\"EntryPoint\",\"urlTemplate\":\"https:\/\/nyforetagarcentrum.se\/vast\/?s={search_term_string}\"},\"query-input\":\"required name=search_term_string\"}],\"inLanguage\":\"sv-SE\"},{\"@type\":\"Organization\",\"@id\":\"https:\/\/nyforetagarcentrum.se\/vast\/#organization\",\"name\":\"V\u00e4st\",\"url\":\"https:\/\/nyforetagarcentrum.se\/vast\/\",\"logo\":{\"@type\":\"ImageObject\",\"inLanguage\":\"sv-SE\",\"@id\":\"https:\/\/nyforetagarcentrum.se\/vast\/#\/schema\/logo\/image\/\",\"url\":\"https:\/\/nyforetagarcentrum.se\/vast\/wp-content\/uploads\/sites\/78\/2024\/07\/vast_bla.png\",\"contentUrl\":\"https:\/\/nyforetagarcentrum.se\/vast\/wp-content\/uploads\/sites\/78\/2024\/07\/vast_bla.png\",\"width\":870,\"height\":355,\"caption\":\"V\u00e4st\"},\"image\":{\"@id\":\"https:\/\/nyforetagarcentrum.se\/vast\/#\/schema\/logo\/image\/\"}}]}<\/script>\n<!-- \/ Yoast SEO plugin. -->","yoast_head_json":{"title":"Evenemang i V\u00e4st - Nyf\u00f6retagarCentrum","description":"Uppt\u00e4ck kommande evenemang hos Nyf\u00f6retagarCentrum i V\u00e4st, utformade f\u00f6r att st\u00f6dja blivande och nya f\u00f6retagare. Delta i workshops, seminarier och n\u00e4tverkstr\u00e4ffar f\u00f6r att f\u00e5 v\u00e4rdefulla insikter och kontakter f\u00f6r din entrepren\u00f6rsresa. F\u00e5 information om datum, platser och hur du anm\u00e4ler dig.","robots":{"index":"index","follow":"follow","max-snippet":"max-snippet:-1","max-image-preview":"max-image-preview:large","max-video-preview":"max-video-preview:-1"},"canonical":"https:\/\/nyforetagarcentrum.se\/vast\/evenemang\/fran-drom-till-verklighet\/","og_locale":"sv_SE","og_type":"article","og_title":"Evenemang i V\u00e4st - Nyf\u00f6retagarCentrum","og_description":"Uppt\u00e4ck kommande evenemang hos Nyf\u00f6retagarCentrum i V\u00e4st, utformade f\u00f6r att st\u00f6dja blivande och nya f\u00f6retagare. Delta i workshops, seminarier och n\u00e4tverkstr\u00e4ffar f\u00f6r att f\u00e5 v\u00e4rdefulla insikter och kontakter f\u00f6r din entrepren\u00f6rsresa. F\u00e5 information om datum, platser och hur du anm\u00e4ler dig.","og_url":"https:\/\/nyforetagarcentrum.se\/vast\/evenemang\/fran-drom-till-verklighet\/","og_site_name":"V\u00e4st","article_modified_time":"2025-08-13T12:47:20+00:00","og_image":[{"url":"https:\/\/nyforetagarcentrum.se\/vast\/wp-content\/uploads\/sites\/78\/2025\/06\/FotoLindaHolmgrenFranDromTillVerklighet-1-967x1024.jpg"}],"twitter_card":"summary_large_image","twitter_misc":{"Ber\u00e4knad l\u00e4stid":"2 minuter"},"schema":{"@context":"https:\/\/schema.org","@graph":[{"@type":"WebPage","@id":"https:\/\/nyforetagarcentrum.se\/vast\/evenemang\/fran-drom-till-verklighet\/","url":"https:\/\/nyforetagarcentrum.se\/vast\/evenemang\/fran-drom-till-verklighet\/","name":"Evenemang i V\u00e4st - Nyf\u00f6retagarCentrum","isPartOf":{"@id":"https:\/\/nyforetagarcentrum.se\/vast\/#website"},"primaryImageOfPage":{"@id":"https:\/\/nyforetagarcentrum.se\/vast\/evenemang\/fran-drom-till-verklighet\/#primaryimage"},"image":{"@id":"https:\/\/nyforetagarcentrum.se\/vast\/evenemang\/fran-drom-till-verklighet\/#primaryimage"},"thumbnailUrl":"https:\/\/nyforetagarcentrum.se\/vast\/wp-content\/uploads\/sites\/78\/2025\/06\/FotoLindaHolmgrenFranDromTillVerklighet-1-967x1024.jpg","datePublished":"2025-06-10T12:49:20+00:00","dateModified":"2025-08-13T12:47:20+00:00","description":"Uppt\u00e4ck kommande evenemang hos Nyf\u00f6retagarCentrum i V\u00e4st, utformade f\u00f6r att st\u00f6dja blivande och nya f\u00f6retagare. Delta i workshops, seminarier och n\u00e4tverkstr\u00e4ffar f\u00f6r att f\u00e5 v\u00e4rdefulla insikter och kontakter f\u00f6r din entrepren\u00f6rsresa. F\u00e5 information om datum, platser och hur du anm\u00e4ler dig.","breadcrumb":{"@id":"https:\/\/nyforetagarcentrum.se\/vast\/evenemang\/fran-drom-till-verklighet\/#breadcrumb"},"inLanguage":"sv-SE","potentialAction":[{"@type":"ReadAction","target":["https:\/\/nyforetagarcentrum.se\/vast\/evenemang\/fran-drom-till-verklighet\/"]}]},{"@type":"ImageObject","inLanguage":"sv-SE","@id":"https:\/\/nyforetagarcentrum.se\/vast\/evenemang\/fran-drom-till-verklighet\/#primaryimage","url":"https:\/\/nyforetagarcentrum.se\/vast\/wp-content\/uploads\/sites\/78\/2025\/06\/FotoLindaHolmgrenFranDromTillVerklighet-1-scaled.jpg","contentUrl":"https:\/\/nyforetagarcentrum.se\/vast\/wp-content\/uploads\/sites\/78\/2025\/06\/FotoLindaHolmgrenFranDromTillVerklighet-1-scaled.jpg","width":2417,"height":2560},{"@type":"BreadcrumbList","@id":"https:\/\/nyforetagarcentrum.se\/vast\/evenemang\/fran-drom-till-verklighet\/#breadcrumb","itemListElement":[{"@type":"ListItem","position":1,"name":"Hem","item":"https:\/\/nyforetagarcentrum.se\/vast\/"},{"@type":"ListItem","position":2,"name":"Evenemang","item":"https:\/\/nyforetagarcentrum.se\/vast\/evenemang\/"},{"@type":"ListItem","position":3,"name":"Fr\u00e5n dr\u00f6m till verklighet"}]},{"@type":"WebSite","@id":"https:\/\/nyforetagarcentrum.se\/vast\/#website","url":"https:\/\/nyforetagarcentrum.se\/vast\/","name":"V\u00e4st","description":"Sveriges ledande kraft f\u00f6r fler nya livskraftiga f\u00f6retag","publisher":{"@id":"https:\/\/nyforetagarcentrum.se\/vast\/#organization"},"potentialAction":[{"@type":"SearchAction","target":{"@type":"EntryPoint","urlTemplate":"https:\/\/nyforetagarcentrum.se\/vast\/?s={search_term_string}"},"query-input":"required name=search_term_string"}],"inLanguage":"sv-SE"},{"@type":"Organization","@id":"https:\/\/nyforetagarcentrum.se\/vast\/#organization","name":"V\u00e4st","url":"https:\/\/nyforetagarcentrum.se\/vast\/","logo":{"@type":"ImageObject","inLanguage":"sv-SE","@id":"https:\/\/nyforetagarcentrum.se\/vast\/#\/schema\/logo\/image\/","url":"https:\/\/nyforetagarcentrum.se\/vast\/wp-content\/uploads\/sites\/78\/2024\/07\/vast_bla.png","contentUrl":"https:\/\/nyforetagarcentrum.se\/vast\/wp-content\/uploads\/sites\/78\/2024\/07\/vast_bla.png","width":870,"height":355,"caption":"V\u00e4st"},"image":{"@id":"https:\/\/nyforetagarcentrum.se\/vast\/#\/schema\/logo\/image\/"}}]}},"_links":{"self":[{"href":"https:\/\/nyforetagarcentrum.se\/vast\/wp-json\/wp\/v2\/event\/1221"}],"collection":[{"href":"https:\/\/nyforetagarcentrum.se\/vast\/wp-json\/wp\/v2\/event"}],"about":[{"href":"https:\/\/nyforetagarcentrum.se\/vast\/wp-json\/wp\/v2\/types\/event"}],"version-history":[{"count":13,"href":"https:\/\/nyforetagarcentrum.se\/vast\/wp-json\/wp\/v2\/event\/1221\/revisions"}],"predecessor-version":[{"id":1337,"href":"https:\/\/nyforetagarcentrum.se\/vast\/wp-json\/wp\/v2\/event\/1221\/revisions\/1337"}],"wp:attachment":[{"href":"https:\/\/nyforetagarcentrum.se\/vast\/wp-json\/wp\/v2\/media?parent=1221"}],"curies":[{"name":"wp","href":"https:\/\/api.w.org\/{rel}","templated":true}]}}