{"id":1204,"date":"2025-09-01T18:54:08","date_gmt":"2025-09-01T16:54:08","guid":{"rendered":"https:\/\/nyforetagarcentrum.se\/sydostraskane\/?post_type=event&#038;p=1204"},"modified":"2025-09-01T18:54:09","modified_gmt":"2025-09-01T16:54:09","slug":"foretagsutvecklarna-2","status":"publish","type":"event","link":"https:\/\/nyforetagarcentrum.se\/sydostraskane\/evenemang\/foretagsutvecklarna-2\/","title":{"rendered":"F\u00f6retagsutvecklarna"},"content":{"rendered":"\n<p>Vill du ta n\u00e4sta steg i ditt f\u00f6retagande?<br>F\u00f6retagsutvecklarna samlar all kompetens under samma tak. V\u00e4lkommen till en eftermiddag med kostnadsfri r\u00e5dgivning p\u00e5 Tomelilla golfklubb!<\/p>\n\n\n\n<p>Tisdag 23 september<br>Klockan 11.30\u201314.00<br>Tomelilla golfklubb, Ullstorp<\/p>\n\n\n\n<p>H\u00e4r m\u00f6ter du \u00e5tta lokala akt\u00f6rer fr\u00e5n syd\u00f6stra Sk\u00e5ne som svarar p\u00e5 dina fr\u00e5gor och ger st\u00f6d i ditt f\u00f6retagande.<\/p>\n\n\n\n<p>Drop in \u2013 kom n\u00e4r det passar, ingen f\u00f6ranm\u00e4lan kr\u00e4vs.<\/p>\n\n\n\n<p>Vi ser fram emot att tr\u00e4ffa dig och h\u00f6ra om dina id\u00e9er!<\/p>\n\n\n\n<p>Evenemanget arrangeras av F\u00f6retagsutvecklarna: Tomelilla kommun, Sj\u00f6bo kommun, Simrishamns kommun, Innovationscenter f\u00f6r landsbygden, Tillv\u00e4xt syd, Ystads kommun, Leader \u00f6stra Sk\u00e5ne samt Nyf\u00f6retagarcentrum syd\u00f6stra Sk\u00e5ne.<\/p>\n","protected":false},"template":"","meta":{"footnotes":""},"acf":[],"yoast_head":"<!-- This site is optimized with the Yoast SEO plugin v22.9 - https:\/\/yoast.com\/wordpress\/plugins\/seo\/ -->\n<title>Evenemang i Syd\u00f6stra Sk\u00e5ne - Nyf\u00f6retagarCentrum<\/title>\n<meta name=\"description\" content=\"Uppt\u00e4ck kommande evenemang hos Nyf\u00f6retagarCentrum i Syd\u00f6stra Sk\u00e5ne, utformade f\u00f6r att st\u00f6dja blivande och nya f\u00f6retagare. Delta i workshops, seminarier och n\u00e4tverkstr\u00e4ffar f\u00f6r att f\u00e5 v\u00e4rdefulla insikter och kontakter f\u00f6r din entrepren\u00f6rsresa. F\u00e5 information om datum, platser och hur du anm\u00e4ler dig.\" \/>\n<meta name=\"robots\" content=\"index, follow, max-snippet:-1, max-image-preview:large, max-video-preview:-1\" \/>\n<link rel=\"canonical\" href=\"https:\/\/nyforetagarcentrum.se\/sydostraskane\/evenemang\/foretagsutvecklarna-2\/\" \/>\n<meta property=\"og:locale\" content=\"sv_SE\" \/>\n<meta property=\"og:type\" content=\"article\" \/>\n<meta property=\"og:title\" content=\"Evenemang i Syd\u00f6stra Sk\u00e5ne - Nyf\u00f6retagarCentrum\" \/>\n<meta property=\"og:description\" content=\"Uppt\u00e4ck kommande evenemang hos Nyf\u00f6retagarCentrum i Syd\u00f6stra Sk\u00e5ne, utformade f\u00f6r att st\u00f6dja blivande och nya f\u00f6retagare. Delta i workshops, seminarier och n\u00e4tverkstr\u00e4ffar f\u00f6r att f\u00e5 v\u00e4rdefulla insikter och kontakter f\u00f6r din entrepren\u00f6rsresa. F\u00e5 information om datum, platser och hur du anm\u00e4ler dig.\" \/>\n<meta property=\"og:url\" content=\"https:\/\/nyforetagarcentrum.se\/sydostraskane\/evenemang\/foretagsutvecklarna-2\/\" \/>\n<meta property=\"og:site_name\" content=\"Syd\u00f6stra Sk\u00e5ne\" \/>\n<meta property=\"article:modified_time\" content=\"2025-09-01T16:54:09+00:00\" \/>\n<meta name=\"twitter:card\" content=\"summary_large_image\" \/>\n<meta name=\"twitter:label1\" content=\"Ber\u00e4knad l\u00e4stid\" \/>\n\t<meta name=\"twitter:data1\" content=\"1 minut\" \/>\n<script type=\"application\/ld+json\" class=\"yoast-schema-graph\">{\"@context\":\"https:\/\/schema.org\",\"@graph\":[{\"@type\":\"WebPage\",\"@id\":\"https:\/\/nyforetagarcentrum.se\/sydostraskane\/evenemang\/foretagsutvecklarna-2\/\",\"url\":\"https:\/\/nyforetagarcentrum.se\/sydostraskane\/evenemang\/foretagsutvecklarna-2\/\",\"name\":\"Evenemang i Syd\u00f6stra Sk\u00e5ne - Nyf\u00f6retagarCentrum\",\"isPartOf\":{\"@id\":\"https:\/\/nyforetagarcentrum.se\/sydostraskane\/#website\"},\"datePublished\":\"2025-09-01T16:54:08+00:00\",\"dateModified\":\"2025-09-01T16:54:09+00:00\",\"description\":\"Uppt\u00e4ck kommande evenemang hos Nyf\u00f6retagarCentrum i Syd\u00f6stra Sk\u00e5ne, utformade f\u00f6r att st\u00f6dja blivande och nya f\u00f6retagare. Delta i workshops, seminarier och n\u00e4tverkstr\u00e4ffar f\u00f6r att f\u00e5 v\u00e4rdefulla insikter och kontakter f\u00f6r din entrepren\u00f6rsresa. F\u00e5 information om datum, platser och hur du anm\u00e4ler dig.\",\"breadcrumb\":{\"@id\":\"https:\/\/nyforetagarcentrum.se\/sydostraskane\/evenemang\/foretagsutvecklarna-2\/#breadcrumb\"},\"inLanguage\":\"sv-SE\",\"potentialAction\":[{\"@type\":\"ReadAction\",\"target\":[\"https:\/\/nyforetagarcentrum.se\/sydostraskane\/evenemang\/foretagsutvecklarna-2\/\"]}]},{\"@type\":\"BreadcrumbList\",\"@id\":\"https:\/\/nyforetagarcentrum.se\/sydostraskane\/evenemang\/foretagsutvecklarna-2\/#breadcrumb\",\"itemListElement\":[{\"@type\":\"ListItem\",\"position\":1,\"name\":\"Hem\",\"item\":\"https:\/\/nyforetagarcentrum.se\/sydostraskane\/\"},{\"@type\":\"ListItem\",\"position\":2,\"name\":\"Evenemang\",\"item\":\"https:\/\/nyforetagarcentrum.se\/sydostraskane\/evenemang\/\"},{\"@type\":\"ListItem\",\"position\":3,\"name\":\"F\u00f6retagsutvecklarna\"}]},{\"@type\":\"WebSite\",\"@id\":\"https:\/\/nyforetagarcentrum.se\/sydostraskane\/#website\",\"url\":\"https:\/\/nyforetagarcentrum.se\/sydostraskane\/\",\"name\":\"Syd\u00f6stra Sk\u00e5ne\",\"description\":\"Sveriges ledande kraft f\u00f6r fler nya livskraftiga f\u00f6retag\",\"publisher\":{\"@id\":\"https:\/\/nyforetagarcentrum.se\/sydostraskane\/#organization\"},\"potentialAction\":[{\"@type\":\"SearchAction\",\"target\":{\"@type\":\"EntryPoint\",\"urlTemplate\":\"https:\/\/nyforetagarcentrum.se\/sydostraskane\/?s={search_term_string}\"},\"query-input\":\"required name=search_term_string\"}],\"inLanguage\":\"sv-SE\"},{\"@type\":\"Organization\",\"@id\":\"https:\/\/nyforetagarcentrum.se\/sydostraskane\/#organization\",\"name\":\"Syd\u00f6stra Sk\u00e5ne\",\"url\":\"https:\/\/nyforetagarcentrum.se\/sydostraskane\/\",\"logo\":{\"@type\":\"ImageObject\",\"inLanguage\":\"sv-SE\",\"@id\":\"https:\/\/nyforetagarcentrum.se\/sydostraskane\/#\/schema\/logo\/image\/\",\"url\":\"https:\/\/nyforetagarcentrum.se\/sydostraskane\/wp-content\/uploads\/sites\/68\/2024\/07\/sydostraskane_bla.png\",\"contentUrl\":\"https:\/\/nyforetagarcentrum.se\/sydostraskane\/wp-content\/uploads\/sites\/68\/2024\/07\/sydostraskane_bla.png\",\"width\":870,\"height\":355,\"caption\":\"Syd\u00f6stra Sk\u00e5ne\"},\"image\":{\"@id\":\"https:\/\/nyforetagarcentrum.se\/sydostraskane\/#\/schema\/logo\/image\/\"}}]}<\/script>\n<!-- \/ Yoast SEO plugin. -->","yoast_head_json":{"title":"Evenemang i Syd\u00f6stra Sk\u00e5ne - Nyf\u00f6retagarCentrum","description":"Uppt\u00e4ck kommande evenemang hos Nyf\u00f6retagarCentrum i Syd\u00f6stra Sk\u00e5ne, utformade f\u00f6r att st\u00f6dja blivande och nya f\u00f6retagare. Delta i workshops, seminarier och n\u00e4tverkstr\u00e4ffar f\u00f6r att f\u00e5 v\u00e4rdefulla insikter och kontakter f\u00f6r din entrepren\u00f6rsresa. F\u00e5 information om datum, platser och hur du anm\u00e4ler dig.","robots":{"index":"index","follow":"follow","max-snippet":"max-snippet:-1","max-image-preview":"max-image-preview:large","max-video-preview":"max-video-preview:-1"},"canonical":"https:\/\/nyforetagarcentrum.se\/sydostraskane\/evenemang\/foretagsutvecklarna-2\/","og_locale":"sv_SE","og_type":"article","og_title":"Evenemang i Syd\u00f6stra Sk\u00e5ne - Nyf\u00f6retagarCentrum","og_description":"Uppt\u00e4ck kommande evenemang hos Nyf\u00f6retagarCentrum i Syd\u00f6stra Sk\u00e5ne, utformade f\u00f6r att st\u00f6dja blivande och nya f\u00f6retagare. Delta i workshops, seminarier och n\u00e4tverkstr\u00e4ffar f\u00f6r att f\u00e5 v\u00e4rdefulla insikter och kontakter f\u00f6r din entrepren\u00f6rsresa. F\u00e5 information om datum, platser och hur du anm\u00e4ler dig.","og_url":"https:\/\/nyforetagarcentrum.se\/sydostraskane\/evenemang\/foretagsutvecklarna-2\/","og_site_name":"Syd\u00f6stra Sk\u00e5ne","article_modified_time":"2025-09-01T16:54:09+00:00","twitter_card":"summary_large_image","twitter_misc":{"Ber\u00e4knad l\u00e4stid":"1 minut"},"schema":{"@context":"https:\/\/schema.org","@graph":[{"@type":"WebPage","@id":"https:\/\/nyforetagarcentrum.se\/sydostraskane\/evenemang\/foretagsutvecklarna-2\/","url":"https:\/\/nyforetagarcentrum.se\/sydostraskane\/evenemang\/foretagsutvecklarna-2\/","name":"Evenemang i Syd\u00f6stra Sk\u00e5ne - Nyf\u00f6retagarCentrum","isPartOf":{"@id":"https:\/\/nyforetagarcentrum.se\/sydostraskane\/#website"},"datePublished":"2025-09-01T16:54:08+00:00","dateModified":"2025-09-01T16:54:09+00:00","description":"Uppt\u00e4ck kommande evenemang hos Nyf\u00f6retagarCentrum i Syd\u00f6stra Sk\u00e5ne, utformade f\u00f6r att st\u00f6dja blivande och nya f\u00f6retagare. Delta i workshops, seminarier och n\u00e4tverkstr\u00e4ffar f\u00f6r att f\u00e5 v\u00e4rdefulla insikter och kontakter f\u00f6r din entrepren\u00f6rsresa. F\u00e5 information om datum, platser och hur du anm\u00e4ler dig.","breadcrumb":{"@id":"https:\/\/nyforetagarcentrum.se\/sydostraskane\/evenemang\/foretagsutvecklarna-2\/#breadcrumb"},"inLanguage":"sv-SE","potentialAction":[{"@type":"ReadAction","target":["https:\/\/nyforetagarcentrum.se\/sydostraskane\/evenemang\/foretagsutvecklarna-2\/"]}]},{"@type":"BreadcrumbList","@id":"https:\/\/nyforetagarcentrum.se\/sydostraskane\/evenemang\/foretagsutvecklarna-2\/#breadcrumb","itemListElement":[{"@type":"ListItem","position":1,"name":"Hem","item":"https:\/\/nyforetagarcentrum.se\/sydostraskane\/"},{"@type":"ListItem","position":2,"name":"Evenemang","item":"https:\/\/nyforetagarcentrum.se\/sydostraskane\/evenemang\/"},{"@type":"ListItem","position":3,"name":"F\u00f6retagsutvecklarna"}]},{"@type":"WebSite","@id":"https:\/\/nyforetagarcentrum.se\/sydostraskane\/#website","url":"https:\/\/nyforetagarcentrum.se\/sydostraskane\/","name":"Syd\u00f6stra Sk\u00e5ne","description":"Sveriges ledande kraft f\u00f6r fler nya livskraftiga f\u00f6retag","publisher":{"@id":"https:\/\/nyforetagarcentrum.se\/sydostraskane\/#organization"},"potentialAction":[{"@type":"SearchAction","target":{"@type":"EntryPoint","urlTemplate":"https:\/\/nyforetagarcentrum.se\/sydostraskane\/?s={search_term_string}"},"query-input":"required name=search_term_string"}],"inLanguage":"sv-SE"},{"@type":"Organization","@id":"https:\/\/nyforetagarcentrum.se\/sydostraskane\/#organization","name":"Syd\u00f6stra Sk\u00e5ne","url":"https:\/\/nyforetagarcentrum.se\/sydostraskane\/","logo":{"@type":"ImageObject","inLanguage":"sv-SE","@id":"https:\/\/nyforetagarcentrum.se\/sydostraskane\/#\/schema\/logo\/image\/","url":"https:\/\/nyforetagarcentrum.se\/sydostraskane\/wp-content\/uploads\/sites\/68\/2024\/07\/sydostraskane_bla.png","contentUrl":"https:\/\/nyforetagarcentrum.se\/sydostraskane\/wp-content\/uploads\/sites\/68\/2024\/07\/sydostraskane_bla.png","width":870,"height":355,"caption":"Syd\u00f6stra Sk\u00e5ne"},"image":{"@id":"https:\/\/nyforetagarcentrum.se\/sydostraskane\/#\/schema\/logo\/image\/"}}]}},"_links":{"self":[{"href":"https:\/\/nyforetagarcentrum.se\/sydostraskane\/wp-json\/wp\/v2\/event\/1204"}],"collection":[{"href":"https:\/\/nyforetagarcentrum.se\/sydostraskane\/wp-json\/wp\/v2\/event"}],"about":[{"href":"https:\/\/nyforetagarcentrum.se\/sydostraskane\/wp-json\/wp\/v2\/types\/event"}],"version-history":[{"count":2,"href":"https:\/\/nyforetagarcentrum.se\/sydostraskane\/wp-json\/wp\/v2\/event\/1204\/revisions"}],"predecessor-version":[{"id":1206,"href":"https:\/\/nyforetagarcentrum.se\/sydostraskane\/wp-json\/wp\/v2\/event\/1204\/revisions\/1206"}],"wp:attachment":[{"href":"https:\/\/nyforetagarcentrum.se\/sydostraskane\/wp-json\/wp\/v2\/media?parent=1204"}],"curies":[{"name":"wp","href":"https:\/\/api.w.org\/{rel}","templated":true}]}}