{"id":1098,"date":"2025-03-06T14:37:14","date_gmt":"2025-03-06T13:37:14","guid":{"rendered":"https:\/\/nyforetagarcentrum.se\/sydostraskane\/?post_type=event&#038;p=1098"},"modified":"2025-03-06T14:37:15","modified_gmt":"2025-03-06T13:37:15","slug":"vaxa-hallbart-workshop-for-foretagare","status":"publish","type":"event","link":"https:\/\/nyforetagarcentrum.se\/sydostraskane\/evenemang\/vaxa-hallbart-workshop-for-foretagare\/","title":{"rendered":"V\u00e4xa h\u00e5llbart &#8211; Workshop f\u00f6r f\u00f6retagare"},"content":{"rendered":"\n<figure class=\"wp-block-image size-large\"><img loading=\"lazy\" decoding=\"async\" width=\"1024\" height=\"503\" src=\"https:\/\/nyforetagarcentrum.se\/sydostraskane\/wp-content\/uploads\/sites\/68\/2025\/03\/Skarmavbild-2025-03-06-kl.-14.25.27-1024x503.png\" alt=\"\" class=\"wp-image-1099\" srcset=\"https:\/\/nyforetagarcentrum.se\/sydostraskane\/wp-content\/uploads\/sites\/68\/2025\/03\/Skarmavbild-2025-03-06-kl.-14.25.27-1024x503.png 1024w, https:\/\/nyforetagarcentrum.se\/sydostraskane\/wp-content\/uploads\/sites\/68\/2025\/03\/Skarmavbild-2025-03-06-kl.-14.25.27-300x147.png 300w, https:\/\/nyforetagarcentrum.se\/sydostraskane\/wp-content\/uploads\/sites\/68\/2025\/03\/Skarmavbild-2025-03-06-kl.-14.25.27-768x378.png 768w, https:\/\/nyforetagarcentrum.se\/sydostraskane\/wp-content\/uploads\/sites\/68\/2025\/03\/Skarmavbild-2025-03-06-kl.-14.25.27.png 1424w\" sizes=\"(max-width: 1024px) 100vw, 1024px\" \/><\/figure>\n\n\n\n<p>\u00c4r du f\u00f6retagare och vill v\u00e4xa h\u00e5llbart? Delta i v\u00e5r kostnadsfria workshop och f\u00e5 praktiska verktyg, inspiration och v\u00e4rdefulla n\u00e4tverksm\u00f6jligheter tillsammans med andra entrepren\u00f6rer!<\/p>\n\n\n\n<p>H\u00e5llbarhet: Vi hj\u00e4lper dig att identifiera relevanta h\u00e5llbarhetsfr\u00e5gor samt aff\u00e4rsm\u00f6jligheter och risker relaterade till h\u00e5llbarhet f\u00f6r just ditt f\u00f6retag. Du kommer \u00e4ven skapa underlag f\u00f6r en initial h\u00e5llbarhetsstrategi f\u00f6r f\u00f6retaget.<\/p>\n\n\n\n<p>Ekonomi &amp; L\u00f6nsamhet: Vi vill boosta ditt ekonomiska sj\u00e4lvf\u00f6rtroende genom att titta p\u00e5 ditt f\u00f6retags ekonomi p\u00e5 ett enkelt och visuellt s\u00e4tt. Samt \u00f6ka dina kunskaper om hur resultatr\u00e4kning, balansr\u00e4kning och kassafl\u00f6de h\u00e4nger ihop.<\/p>\n\n\n\n<p>Vem riktar sig utvecklingsprogrammet till?<\/p>\n\n\n\n<p>V\u00e4xa h\u00e5llbart \u2013 passar dig som \u00e4r sm\u00e5f\u00f6retagare och vill utforska ditt f\u00f6retags tillv\u00e4xtpotential.<\/p>\n\n\n\n<p><strong>Kort om uppl\u00e4gget<\/strong><\/p>\n\n\n\n<p>Workshop med fokus p\u00e5 h\u00e5llbarhet samt m\u00f6jlighet till ett eftermiddagspass (med reservation f\u00f6r antalet anm\u00e4lda) d\u00e4r vi g\u00e5r igenom ekonomi\/l\u00f6nsamhet.<\/p>\n\n\n\n<p>Tv\u00e5 teman<\/p>\n\n\n\n<p>Med st\u00f6d av erfarna aff\u00e4rsr\u00e5dgivare arbetar vi under dagen igenom tv\u00e5 teman med workshops, \u00f6vningar, dialog och n\u00e4tverkande.<\/p>\n\n\n\n<p>1. H\u00e5llbarhet \u2013 Framtidsrusta ditt f\u00f6retag!<\/p>\n\n\n\n<p>2. Ekonomi &amp; l\u00f6nsamhet \u2013 F\u00e5 ekonomiskt sj\u00e4lvf\u00f6rtroende!<\/p>\n\n\n\n<p><strong>N\u00c4R (agenda)<\/strong><\/p>\n\n\n\n<p>29 april kl 9-15<\/p>\n\n\n\n<p>09:00 Incheckning, kaffe<\/p>\n\n\n\n<p>09:15 Introduktion och presentation av deltagarna<\/p>\n\n\n\n<p>10:15 Workshop 1 H\u00e5llbarhet<\/p>\n\n\n\n<p>12.00 Lunch<\/p>\n\n\n\n<p>12:45 Workshop 2 Ekonomi &amp; L\u00f6nsamhet<\/p>\n\n\n\n<p>14:30 Avrundning av dagen<\/p>\n\n\n\n<p><strong>VAR<\/strong><\/p>\n\n\n\n<p>Gamla R\u00e5dhuset, Stortorget 1, Ystad<\/p>\n\n\n\n<p><strong>HUR<\/strong><\/p>\n\n\n\n<p>Heldagsworkshop: Kostnadsfritt (v\u00e4rde 12 000 kr)<\/p>\n\n\n\n<p>Intresseanm\u00e4lan:<\/p>\n\n\n\n<p>Anm\u00e4l dig senast 8 april:&nbsp;<a href=\"https:\/\/www.almi.se\/kunskap-och-inspiration\/kalender\/vaxa-hallbart---ystad-kommun\/?fbclid=IwZXh0bgNhZW0CMTAAAR1RuCWpFSUDyhYepwJZwyFomvXXJBt7ga9coWjZ3vp5u0MIImBOTj1eXO4_aem_lM6q7gsri1_jLgP-s3mqyQ\" rel=\"noreferrer noopener\" target=\"_blank\">https:\/\/www.almi.se\/&#8230;\/kal&#8230;\/vaxa-hallbart&#8212;ystad-kommun\/<\/a><\/p>\n\n\n\n<p>Fr\u00e5gor? Kontakta:<\/p>\n\n\n\n<p>ann-sofie.larsson@nyforetagarcentrum.se<\/p>\n\n\n\n<p>eller Linn.Glimeus@almi.se\u00a0<\/p>\n\n\n\n<p><\/p>\n\n\n\n<p><strong>Inbjudan:<\/strong><\/p>\n\n\n\n<figure class=\"wp-block-image size-large\"><img loading=\"lazy\" decoding=\"async\" width=\"724\" height=\"1024\" src=\"https:\/\/nyforetagarcentrum.se\/sydostraskane\/wp-content\/uploads\/sites\/68\/2025\/03\/Skarmavbild-2025-03-06-kl.-14.26.29-724x1024.png\" alt=\"\" class=\"wp-image-1100\" srcset=\"https:\/\/nyforetagarcentrum.se\/sydostraskane\/wp-content\/uploads\/sites\/68\/2025\/03\/Skarmavbild-2025-03-06-kl.-14.26.29-724x1024.png 724w, https:\/\/nyforetagarcentrum.se\/sydostraskane\/wp-content\/uploads\/sites\/68\/2025\/03\/Skarmavbild-2025-03-06-kl.-14.26.29-212x300.png 212w, https:\/\/nyforetagarcentrum.se\/sydostraskane\/wp-content\/uploads\/sites\/68\/2025\/03\/Skarmavbild-2025-03-06-kl.-14.26.29-768x1087.png 768w, https:\/\/nyforetagarcentrum.se\/sydostraskane\/wp-content\/uploads\/sites\/68\/2025\/03\/Skarmavbild-2025-03-06-kl.-14.26.29-763x1080.png 763w, https:\/\/nyforetagarcentrum.se\/sydostraskane\/wp-content\/uploads\/sites\/68\/2025\/03\/Skarmavbild-2025-03-06-kl.-14.26.29.png 892w\" sizes=\"(max-width: 724px) 100vw, 724px\" \/><\/figure>\n","protected":false},"template":"","meta":{"footnotes":""},"acf":[],"yoast_head":"<!-- This site is optimized with the Yoast SEO plugin v22.9 - https:\/\/yoast.com\/wordpress\/plugins\/seo\/ -->\n<title>Evenemang i Syd\u00f6stra Sk\u00e5ne - Nyf\u00f6retagarCentrum<\/title>\n<meta name=\"description\" content=\"\u00c4r du f\u00f6retagare och vill v\u00e4xa h\u00e5llbart? Delta i v\u00e5r kostnadsfria workshop och f\u00e5 praktiska verktyg, inspiration och v\u00e4rdefulla n\u00e4tverksm\u00f6jligheter tillsammans med andra entrepren\u00f6rer!\" \/>\n<meta name=\"robots\" content=\"index, follow, max-snippet:-1, max-image-preview:large, max-video-preview:-1\" \/>\n<link rel=\"canonical\" href=\"https:\/\/nyforetagarcentrum.se\/sydostraskane\/evenemang\/vaxa-hallbart-workshop-for-foretagare\/\" \/>\n<meta property=\"og:locale\" content=\"sv_SE\" \/>\n<meta property=\"og:type\" content=\"article\" \/>\n<meta property=\"og:title\" content=\"Evenemang i Syd\u00f6stra Sk\u00e5ne - Nyf\u00f6retagarCentrum\" \/>\n<meta property=\"og:description\" content=\"\u00c4r du f\u00f6retagare och vill v\u00e4xa h\u00e5llbart? Delta i v\u00e5r kostnadsfria workshop och f\u00e5 praktiska verktyg, inspiration och v\u00e4rdefulla n\u00e4tverksm\u00f6jligheter tillsammans med andra entrepren\u00f6rer!\" \/>\n<meta property=\"og:url\" content=\"https:\/\/nyforetagarcentrum.se\/sydostraskane\/evenemang\/vaxa-hallbart-workshop-for-foretagare\/\" \/>\n<meta property=\"og:site_name\" content=\"Syd\u00f6stra Sk\u00e5ne\" \/>\n<meta property=\"article:modified_time\" content=\"2025-03-06T13:37:15+00:00\" \/>\n<meta property=\"og:image\" content=\"https:\/\/nyforetagarcentrum.se\/sydostraskane\/wp-content\/uploads\/sites\/68\/2025\/03\/Skarmavbild-2025-03-06-kl.-14.25.27-1024x503.png\" \/>\n<meta name=\"twitter:card\" content=\"summary_large_image\" \/>\n<meta name=\"twitter:label1\" content=\"Ber\u00e4knad l\u00e4stid\" \/>\n\t<meta name=\"twitter:data1\" content=\"2 minuter\" \/>\n<script type=\"application\/ld+json\" class=\"yoast-schema-graph\">{\"@context\":\"https:\/\/schema.org\",\"@graph\":[{\"@type\":\"WebPage\",\"@id\":\"https:\/\/nyforetagarcentrum.se\/sydostraskane\/evenemang\/vaxa-hallbart-workshop-for-foretagare\/\",\"url\":\"https:\/\/nyforetagarcentrum.se\/sydostraskane\/evenemang\/vaxa-hallbart-workshop-for-foretagare\/\",\"name\":\"Evenemang i Syd\u00f6stra Sk\u00e5ne - Nyf\u00f6retagarCentrum\",\"isPartOf\":{\"@id\":\"https:\/\/nyforetagarcentrum.se\/sydostraskane\/#website\"},\"primaryImageOfPage\":{\"@id\":\"https:\/\/nyforetagarcentrum.se\/sydostraskane\/evenemang\/vaxa-hallbart-workshop-for-foretagare\/#primaryimage\"},\"image\":{\"@id\":\"https:\/\/nyforetagarcentrum.se\/sydostraskane\/evenemang\/vaxa-hallbart-workshop-for-foretagare\/#primaryimage\"},\"thumbnailUrl\":\"https:\/\/nyforetagarcentrum.se\/sydostraskane\/wp-content\/uploads\/sites\/68\/2025\/03\/Skarmavbild-2025-03-06-kl.-14.25.27-1024x503.png\",\"datePublished\":\"2025-03-06T13:37:14+00:00\",\"dateModified\":\"2025-03-06T13:37:15+00:00\",\"description\":\"\u00c4r du f\u00f6retagare och vill v\u00e4xa h\u00e5llbart? Delta i v\u00e5r kostnadsfria workshop och f\u00e5 praktiska verktyg, inspiration och v\u00e4rdefulla n\u00e4tverksm\u00f6jligheter tillsammans med andra entrepren\u00f6rer!\",\"breadcrumb\":{\"@id\":\"https:\/\/nyforetagarcentrum.se\/sydostraskane\/evenemang\/vaxa-hallbart-workshop-for-foretagare\/#breadcrumb\"},\"inLanguage\":\"sv-SE\",\"potentialAction\":[{\"@type\":\"ReadAction\",\"target\":[\"https:\/\/nyforetagarcentrum.se\/sydostraskane\/evenemang\/vaxa-hallbart-workshop-for-foretagare\/\"]}]},{\"@type\":\"ImageObject\",\"inLanguage\":\"sv-SE\",\"@id\":\"https:\/\/nyforetagarcentrum.se\/sydostraskane\/evenemang\/vaxa-hallbart-workshop-for-foretagare\/#primaryimage\",\"url\":\"https:\/\/nyforetagarcentrum.se\/sydostraskane\/wp-content\/uploads\/sites\/68\/2025\/03\/Skarmavbild-2025-03-06-kl.-14.25.27.png\",\"contentUrl\":\"https:\/\/nyforetagarcentrum.se\/sydostraskane\/wp-content\/uploads\/sites\/68\/2025\/03\/Skarmavbild-2025-03-06-kl.-14.25.27.png\",\"width\":1424,\"height\":700},{\"@type\":\"BreadcrumbList\",\"@id\":\"https:\/\/nyforetagarcentrum.se\/sydostraskane\/evenemang\/vaxa-hallbart-workshop-for-foretagare\/#breadcrumb\",\"itemListElement\":[{\"@type\":\"ListItem\",\"position\":1,\"name\":\"Hem\",\"item\":\"https:\/\/nyforetagarcentrum.se\/sydostraskane\/\"},{\"@type\":\"ListItem\",\"position\":2,\"name\":\"Evenemang\",\"item\":\"https:\/\/nyforetagarcentrum.se\/sydostraskane\/evenemang\/\"},{\"@type\":\"ListItem\",\"position\":3,\"name\":\"V\u00e4xa h\u00e5llbart &#8211; Workshop f\u00f6r f\u00f6retagare\"}]},{\"@type\":\"WebSite\",\"@id\":\"https:\/\/nyforetagarcentrum.se\/sydostraskane\/#website\",\"url\":\"https:\/\/nyforetagarcentrum.se\/sydostraskane\/\",\"name\":\"Syd\u00f6stra Sk\u00e5ne\",\"description\":\"Sveriges ledande kraft f\u00f6r fler nya livskraftiga f\u00f6retag\",\"publisher\":{\"@id\":\"https:\/\/nyforetagarcentrum.se\/sydostraskane\/#organization\"},\"potentialAction\":[{\"@type\":\"SearchAction\",\"target\":{\"@type\":\"EntryPoint\",\"urlTemplate\":\"https:\/\/nyforetagarcentrum.se\/sydostraskane\/?s={search_term_string}\"},\"query-input\":\"required name=search_term_string\"}],\"inLanguage\":\"sv-SE\"},{\"@type\":\"Organization\",\"@id\":\"https:\/\/nyforetagarcentrum.se\/sydostraskane\/#organization\",\"name\":\"Syd\u00f6stra Sk\u00e5ne\",\"url\":\"https:\/\/nyforetagarcentrum.se\/sydostraskane\/\",\"logo\":{\"@type\":\"ImageObject\",\"inLanguage\":\"sv-SE\",\"@id\":\"https:\/\/nyforetagarcentrum.se\/sydostraskane\/#\/schema\/logo\/image\/\",\"url\":\"https:\/\/nyforetagarcentrum.se\/sydostraskane\/wp-content\/uploads\/sites\/68\/2024\/07\/sydostraskane_bla.png\",\"contentUrl\":\"https:\/\/nyforetagarcentrum.se\/sydostraskane\/wp-content\/uploads\/sites\/68\/2024\/07\/sydostraskane_bla.png\",\"width\":870,\"height\":355,\"caption\":\"Syd\u00f6stra Sk\u00e5ne\"},\"image\":{\"@id\":\"https:\/\/nyforetagarcentrum.se\/sydostraskane\/#\/schema\/logo\/image\/\"}}]}<\/script>\n<!-- \/ Yoast SEO plugin. -->","yoast_head_json":{"title":"Evenemang i Syd\u00f6stra Sk\u00e5ne - Nyf\u00f6retagarCentrum","description":"\u00c4r du f\u00f6retagare och vill v\u00e4xa h\u00e5llbart? Delta i v\u00e5r kostnadsfria workshop och f\u00e5 praktiska verktyg, inspiration och v\u00e4rdefulla n\u00e4tverksm\u00f6jligheter tillsammans med andra entrepren\u00f6rer!","robots":{"index":"index","follow":"follow","max-snippet":"max-snippet:-1","max-image-preview":"max-image-preview:large","max-video-preview":"max-video-preview:-1"},"canonical":"https:\/\/nyforetagarcentrum.se\/sydostraskane\/evenemang\/vaxa-hallbart-workshop-for-foretagare\/","og_locale":"sv_SE","og_type":"article","og_title":"Evenemang i Syd\u00f6stra Sk\u00e5ne - Nyf\u00f6retagarCentrum","og_description":"\u00c4r du f\u00f6retagare och vill v\u00e4xa h\u00e5llbart? Delta i v\u00e5r kostnadsfria workshop och f\u00e5 praktiska verktyg, inspiration och v\u00e4rdefulla n\u00e4tverksm\u00f6jligheter tillsammans med andra entrepren\u00f6rer!","og_url":"https:\/\/nyforetagarcentrum.se\/sydostraskane\/evenemang\/vaxa-hallbart-workshop-for-foretagare\/","og_site_name":"Syd\u00f6stra Sk\u00e5ne","article_modified_time":"2025-03-06T13:37:15+00:00","og_image":[{"url":"https:\/\/nyforetagarcentrum.se\/sydostraskane\/wp-content\/uploads\/sites\/68\/2025\/03\/Skarmavbild-2025-03-06-kl.-14.25.27-1024x503.png"}],"twitter_card":"summary_large_image","twitter_misc":{"Ber\u00e4knad l\u00e4stid":"2 minuter"},"schema":{"@context":"https:\/\/schema.org","@graph":[{"@type":"WebPage","@id":"https:\/\/nyforetagarcentrum.se\/sydostraskane\/evenemang\/vaxa-hallbart-workshop-for-foretagare\/","url":"https:\/\/nyforetagarcentrum.se\/sydostraskane\/evenemang\/vaxa-hallbart-workshop-for-foretagare\/","name":"Evenemang i Syd\u00f6stra Sk\u00e5ne - Nyf\u00f6retagarCentrum","isPartOf":{"@id":"https:\/\/nyforetagarcentrum.se\/sydostraskane\/#website"},"primaryImageOfPage":{"@id":"https:\/\/nyforetagarcentrum.se\/sydostraskane\/evenemang\/vaxa-hallbart-workshop-for-foretagare\/#primaryimage"},"image":{"@id":"https:\/\/nyforetagarcentrum.se\/sydostraskane\/evenemang\/vaxa-hallbart-workshop-for-foretagare\/#primaryimage"},"thumbnailUrl":"https:\/\/nyforetagarcentrum.se\/sydostraskane\/wp-content\/uploads\/sites\/68\/2025\/03\/Skarmavbild-2025-03-06-kl.-14.25.27-1024x503.png","datePublished":"2025-03-06T13:37:14+00:00","dateModified":"2025-03-06T13:37:15+00:00","description":"\u00c4r du f\u00f6retagare och vill v\u00e4xa h\u00e5llbart? Delta i v\u00e5r kostnadsfria workshop och f\u00e5 praktiska verktyg, inspiration och v\u00e4rdefulla n\u00e4tverksm\u00f6jligheter tillsammans med andra entrepren\u00f6rer!","breadcrumb":{"@id":"https:\/\/nyforetagarcentrum.se\/sydostraskane\/evenemang\/vaxa-hallbart-workshop-for-foretagare\/#breadcrumb"},"inLanguage":"sv-SE","potentialAction":[{"@type":"ReadAction","target":["https:\/\/nyforetagarcentrum.se\/sydostraskane\/evenemang\/vaxa-hallbart-workshop-for-foretagare\/"]}]},{"@type":"ImageObject","inLanguage":"sv-SE","@id":"https:\/\/nyforetagarcentrum.se\/sydostraskane\/evenemang\/vaxa-hallbart-workshop-for-foretagare\/#primaryimage","url":"https:\/\/nyforetagarcentrum.se\/sydostraskane\/wp-content\/uploads\/sites\/68\/2025\/03\/Skarmavbild-2025-03-06-kl.-14.25.27.png","contentUrl":"https:\/\/nyforetagarcentrum.se\/sydostraskane\/wp-content\/uploads\/sites\/68\/2025\/03\/Skarmavbild-2025-03-06-kl.-14.25.27.png","width":1424,"height":700},{"@type":"BreadcrumbList","@id":"https:\/\/nyforetagarcentrum.se\/sydostraskane\/evenemang\/vaxa-hallbart-workshop-for-foretagare\/#breadcrumb","itemListElement":[{"@type":"ListItem","position":1,"name":"Hem","item":"https:\/\/nyforetagarcentrum.se\/sydostraskane\/"},{"@type":"ListItem","position":2,"name":"Evenemang","item":"https:\/\/nyforetagarcentrum.se\/sydostraskane\/evenemang\/"},{"@type":"ListItem","position":3,"name":"V\u00e4xa h\u00e5llbart &#8211; Workshop f\u00f6r f\u00f6retagare"}]},{"@type":"WebSite","@id":"https:\/\/nyforetagarcentrum.se\/sydostraskane\/#website","url":"https:\/\/nyforetagarcentrum.se\/sydostraskane\/","name":"Syd\u00f6stra Sk\u00e5ne","description":"Sveriges ledande kraft f\u00f6r fler nya livskraftiga f\u00f6retag","publisher":{"@id":"https:\/\/nyforetagarcentrum.se\/sydostraskane\/#organization"},"potentialAction":[{"@type":"SearchAction","target":{"@type":"EntryPoint","urlTemplate":"https:\/\/nyforetagarcentrum.se\/sydostraskane\/?s={search_term_string}"},"query-input":"required name=search_term_string"}],"inLanguage":"sv-SE"},{"@type":"Organization","@id":"https:\/\/nyforetagarcentrum.se\/sydostraskane\/#organization","name":"Syd\u00f6stra Sk\u00e5ne","url":"https:\/\/nyforetagarcentrum.se\/sydostraskane\/","logo":{"@type":"ImageObject","inLanguage":"sv-SE","@id":"https:\/\/nyforetagarcentrum.se\/sydostraskane\/#\/schema\/logo\/image\/","url":"https:\/\/nyforetagarcentrum.se\/sydostraskane\/wp-content\/uploads\/sites\/68\/2024\/07\/sydostraskane_bla.png","contentUrl":"https:\/\/nyforetagarcentrum.se\/sydostraskane\/wp-content\/uploads\/sites\/68\/2024\/07\/sydostraskane_bla.png","width":870,"height":355,"caption":"Syd\u00f6stra Sk\u00e5ne"},"image":{"@id":"https:\/\/nyforetagarcentrum.se\/sydostraskane\/#\/schema\/logo\/image\/"}}]}},"_links":{"self":[{"href":"https:\/\/nyforetagarcentrum.se\/sydostraskane\/wp-json\/wp\/v2\/event\/1098"}],"collection":[{"href":"https:\/\/nyforetagarcentrum.se\/sydostraskane\/wp-json\/wp\/v2\/event"}],"about":[{"href":"https:\/\/nyforetagarcentrum.se\/sydostraskane\/wp-json\/wp\/v2\/types\/event"}],"version-history":[{"count":2,"href":"https:\/\/nyforetagarcentrum.se\/sydostraskane\/wp-json\/wp\/v2\/event\/1098\/revisions"}],"predecessor-version":[{"id":1102,"href":"https:\/\/nyforetagarcentrum.se\/sydostraskane\/wp-json\/wp\/v2\/event\/1098\/revisions\/1102"}],"wp:attachment":[{"href":"https:\/\/nyforetagarcentrum.se\/sydostraskane\/wp-json\/wp\/v2\/media?parent=1098"}],"curies":[{"name":"wp","href":"https:\/\/api.w.org\/{rel}","templated":true}]}}