{"id":2656,"date":"2025-10-02T20:15:51","date_gmt":"2025-10-02T18:15:51","guid":{"rendered":"https:\/\/nyforetagarcentrum.se\/sollentuna\/?post_type=event&#038;p=2656"},"modified":"2025-10-16T09:23:01","modified_gmt":"2025-10-16T07:23:01","slug":"%f0%9f%8d%82-aw-med-klubb-eget","status":"publish","type":"event","link":"https:\/\/nyforetagarcentrum.se\/sollentuna\/evenemang\/%f0%9f%8d%82-aw-med-klubb-eget\/","title":{"rendered":"INST\u00c4LLT PGA SJUKDOM \ud83c\udf42 AW med Klubb Eget\u00a0"},"content":{"rendered":"\n<figure class=\"wp-block-image size-large\"><img loading=\"lazy\" decoding=\"async\" width=\"1024\" height=\"682\" src=\"https:\/\/nyforetagarcentrum.se\/sollentuna\/wp-content\/uploads\/sites\/100\/2025\/10\/forest-6631518_1280-1024x682.jpg\" alt=\"\" class=\"wp-image-2657\" srcset=\"https:\/\/nyforetagarcentrum.se\/sollentuna\/wp-content\/uploads\/sites\/100\/2025\/10\/forest-6631518_1280-1024x682.jpg 1024w, https:\/\/nyforetagarcentrum.se\/sollentuna\/wp-content\/uploads\/sites\/100\/2025\/10\/forest-6631518_1280-300x200.jpg 300w, https:\/\/nyforetagarcentrum.se\/sollentuna\/wp-content\/uploads\/sites\/100\/2025\/10\/forest-6631518_1280-768x512.jpg 768w, https:\/\/nyforetagarcentrum.se\/sollentuna\/wp-content\/uploads\/sites\/100\/2025\/10\/forest-6631518_1280.jpg 1280w\" sizes=\"(max-width: 1024px) 100vw, 1024px\" \/><\/figure>\n\n\n\n<p>V\u00e4lkommen till h\u00f6stens stora n\u00e4tverkstr\u00e4ff! Under denna After Work samlar vi b\u00e5de nya och etablerade f\u00f6retagare i Sollentuna f\u00f6r en kv\u00e4ll fylld med mingel, inspiration och nya kontakter.<\/p>\n\n\n\n<p>\ud83d\udccd\u00a0<strong>Plats:<\/strong>\u00a0Scandic Sollentuna &#8211; en av v\u00e5ra viktiga premiumpartners<br>\ud83d\uddd3\ufe0f\u00a0<strong>Datum:<\/strong>\u00a0Torsdag 16 oktober<br>\u23f0\u00a0<strong>Tid:<\/strong> 17:00 AW \u00f6ppen f\u00f6r alla f\u00f6retagare (16.00 \u2013 Tr\u00e4ff f\u00f6r v\u00e5rt sponsorn\u00e4tverk)<br><br>Scandic har tagit fram ett\u00a0<strong>Tapaspaket exklusivt f\u00f6r oss till specialpris: 195 kr\/person<\/strong>. <br>Mat och dryck betalas p\u00e5 plats av respektive deltagare.<\/p>\n\n\n\n<p>Under kv\u00e4llen ber\u00e4ttar vi ocks\u00e5 mer f\u00f6r dig som \u00e4r nyfiken om vad det inneb\u00e4r att vara en del av v\u00e5rt\u00a0<strong>v\u00e4xande n\u00e4tverk av mentorer och partners<\/strong>\u00a0\u2013 ett n\u00e4tverk som blir starkare f\u00f6r varje m\u00e5nad.<\/p>\n\n\n\n<p>\ud83d\udca1 Kv\u00e4llen \u00e4r kostnadsfri att delta i (exkl. mat och dryck). <br><br>Antalet platser \u00e4r begr\u00e4nsat, s\u00e5 anm\u00e4l att du kommer och kom ih\u00e5g att avanm\u00e4la om du f\u00e5r f\u00f6rhinder.<br><br>Fr\u00e5gor? V\u00e4lkommen att kontakta verksamhetsansvarig Lisa Carpevi, lisa.carpevi@nyforetagarcentrum.se<\/p>\n","protected":false},"template":"","meta":{"footnotes":""},"acf":[],"yoast_head":"<!-- This site is optimized with the Yoast SEO plugin v22.9 - https:\/\/yoast.com\/wordpress\/plugins\/seo\/ -->\n<title>Evenemang i Sollentuna - Nyf\u00f6retagarCentrum<\/title>\n<meta name=\"description\" content=\"V\u00e4lkommen p\u00e5 After Work f\u00f6r f\u00f6retagare i Sollentuna! Den 16 oktober bjuder Nyf\u00f6retagarCentrum Sollentuna in till en kv\u00e4ll med mingel, n\u00e4tverkande och inspiration p\u00e5 Scandic Sollentuna. Evenemanget \u00e4r \u00f6ppet f\u00f6r b\u00e5de nya och etablerade f\u00f6retagare \u2013 ett perfekt tillf\u00e4lle att knyta kontakter, tr\u00e4ffa mentorer och uppt\u00e4cka m\u00f6jligheten att bli en del av v\u00e5rt v\u00e4xande sponsorn\u00e4tverk.\" \/>\n<meta name=\"robots\" content=\"index, follow, max-snippet:-1, max-image-preview:large, max-video-preview:-1\" \/>\n<link rel=\"canonical\" href=\"https:\/\/nyforetagarcentrum.se\/sollentuna\/evenemang\/\ud83c\udf42-aw-med-klubb-eget\/\" \/>\n<meta property=\"og:locale\" content=\"sv_SE\" \/>\n<meta property=\"og:type\" content=\"article\" \/>\n<meta property=\"og:title\" content=\"Evenemang i Sollentuna - Nyf\u00f6retagarCentrum\" \/>\n<meta property=\"og:description\" content=\"V\u00e4lkommen p\u00e5 After Work f\u00f6r f\u00f6retagare i Sollentuna! Den 16 oktober bjuder Nyf\u00f6retagarCentrum Sollentuna in till en kv\u00e4ll med mingel, n\u00e4tverkande och inspiration p\u00e5 Scandic Sollentuna. Evenemanget \u00e4r \u00f6ppet f\u00f6r b\u00e5de nya och etablerade f\u00f6retagare \u2013 ett perfekt tillf\u00e4lle att knyta kontakter, tr\u00e4ffa mentorer och uppt\u00e4cka m\u00f6jligheten att bli en del av v\u00e5rt v\u00e4xande sponsorn\u00e4tverk.\" \/>\n<meta property=\"og:url\" content=\"https:\/\/nyforetagarcentrum.se\/sollentuna\/evenemang\/\ud83c\udf42-aw-med-klubb-eget\/\" \/>\n<meta property=\"og:site_name\" content=\"Sollentuna\" \/>\n<meta property=\"article:modified_time\" content=\"2025-10-16T07:23:01+00:00\" \/>\n<meta property=\"og:image\" content=\"https:\/\/nyforetagarcentrum.se\/sollentuna\/wp-content\/uploads\/sites\/100\/2025\/10\/forest-6631518_1280-1024x682.jpg\" \/>\n<meta name=\"twitter:card\" content=\"summary_large_image\" \/>\n<meta name=\"twitter:label1\" content=\"Ber\u00e4knad l\u00e4stid\" \/>\n\t<meta name=\"twitter:data1\" content=\"1 minut\" \/>\n<script type=\"application\/ld+json\" class=\"yoast-schema-graph\">{\"@context\":\"https:\/\/schema.org\",\"@graph\":[{\"@type\":\"WebPage\",\"@id\":\"https:\/\/nyforetagarcentrum.se\/sollentuna\/evenemang\/%f0%9f%8d%82-aw-med-klubb-eget\/\",\"url\":\"https:\/\/nyforetagarcentrum.se\/sollentuna\/evenemang\/%f0%9f%8d%82-aw-med-klubb-eget\/\",\"name\":\"Evenemang i Sollentuna - Nyf\u00f6retagarCentrum\",\"isPartOf\":{\"@id\":\"https:\/\/nyforetagarcentrum.se\/sollentuna\/#website\"},\"primaryImageOfPage\":{\"@id\":\"https:\/\/nyforetagarcentrum.se\/sollentuna\/evenemang\/%f0%9f%8d%82-aw-med-klubb-eget\/#primaryimage\"},\"image\":{\"@id\":\"https:\/\/nyforetagarcentrum.se\/sollentuna\/evenemang\/%f0%9f%8d%82-aw-med-klubb-eget\/#primaryimage\"},\"thumbnailUrl\":\"https:\/\/nyforetagarcentrum.se\/sollentuna\/wp-content\/uploads\/sites\/100\/2025\/10\/forest-6631518_1280-1024x682.jpg\",\"datePublished\":\"2025-10-02T18:15:51+00:00\",\"dateModified\":\"2025-10-16T07:23:01+00:00\",\"description\":\"V\u00e4lkommen p\u00e5 After Work f\u00f6r f\u00f6retagare i Sollentuna! Den 16 oktober bjuder Nyf\u00f6retagarCentrum Sollentuna in till en kv\u00e4ll med mingel, n\u00e4tverkande och inspiration p\u00e5 Scandic Sollentuna. Evenemanget \u00e4r \u00f6ppet f\u00f6r b\u00e5de nya och etablerade f\u00f6retagare \u2013 ett perfekt tillf\u00e4lle att knyta kontakter, tr\u00e4ffa mentorer och uppt\u00e4cka m\u00f6jligheten att bli en del av v\u00e5rt v\u00e4xande sponsorn\u00e4tverk.\",\"breadcrumb\":{\"@id\":\"https:\/\/nyforetagarcentrum.se\/sollentuna\/evenemang\/%f0%9f%8d%82-aw-med-klubb-eget\/#breadcrumb\"},\"inLanguage\":\"sv-SE\",\"potentialAction\":[{\"@type\":\"ReadAction\",\"target\":[\"https:\/\/nyforetagarcentrum.se\/sollentuna\/evenemang\/%f0%9f%8d%82-aw-med-klubb-eget\/\"]}]},{\"@type\":\"ImageObject\",\"inLanguage\":\"sv-SE\",\"@id\":\"https:\/\/nyforetagarcentrum.se\/sollentuna\/evenemang\/%f0%9f%8d%82-aw-med-klubb-eget\/#primaryimage\",\"url\":\"https:\/\/nyforetagarcentrum.se\/sollentuna\/wp-content\/uploads\/sites\/100\/2025\/10\/forest-6631518_1280.jpg\",\"contentUrl\":\"https:\/\/nyforetagarcentrum.se\/sollentuna\/wp-content\/uploads\/sites\/100\/2025\/10\/forest-6631518_1280.jpg\",\"width\":1280,\"height\":853},{\"@type\":\"BreadcrumbList\",\"@id\":\"https:\/\/nyforetagarcentrum.se\/sollentuna\/evenemang\/%f0%9f%8d%82-aw-med-klubb-eget\/#breadcrumb\",\"itemListElement\":[{\"@type\":\"ListItem\",\"position\":1,\"name\":\"Hem\",\"item\":\"https:\/\/nyforetagarcentrum.se\/sollentuna\/\"},{\"@type\":\"ListItem\",\"position\":2,\"name\":\"Evenemang\",\"item\":\"https:\/\/nyforetagarcentrum.se\/sollentuna\/evenemang\/\"},{\"@type\":\"ListItem\",\"position\":3,\"name\":\"INST\u00c4LLT PGA SJUKDOM \ud83c\udf42 AW med Klubb Eget\u00a0\"}]},{\"@type\":\"WebSite\",\"@id\":\"https:\/\/nyforetagarcentrum.se\/sollentuna\/#website\",\"url\":\"https:\/\/nyforetagarcentrum.se\/sollentuna\/\",\"name\":\"Sollentuna\",\"description\":\"Sveriges ledande kraft f\u00f6r fler nya livskraftiga f\u00f6retag\",\"publisher\":{\"@id\":\"https:\/\/nyforetagarcentrum.se\/sollentuna\/#organization\"},\"potentialAction\":[{\"@type\":\"SearchAction\",\"target\":{\"@type\":\"EntryPoint\",\"urlTemplate\":\"https:\/\/nyforetagarcentrum.se\/sollentuna\/?s={search_term_string}\"},\"query-input\":\"required name=search_term_string\"}],\"inLanguage\":\"sv-SE\"},{\"@type\":\"Organization\",\"@id\":\"https:\/\/nyforetagarcentrum.se\/sollentuna\/#organization\",\"name\":\"Sollentuna\",\"url\":\"https:\/\/nyforetagarcentrum.se\/sollentuna\/\",\"logo\":{\"@type\":\"ImageObject\",\"inLanguage\":\"sv-SE\",\"@id\":\"https:\/\/nyforetagarcentrum.se\/sollentuna\/#\/schema\/logo\/image\/\",\"url\":\"https:\/\/nyforetagarcentrum.se\/sollentuna\/wp-content\/uploads\/sites\/100\/2024\/07\/sollentuna_bla.png\",\"contentUrl\":\"https:\/\/nyforetagarcentrum.se\/sollentuna\/wp-content\/uploads\/sites\/100\/2024\/07\/sollentuna_bla.png\",\"width\":870,\"height\":355,\"caption\":\"Sollentuna\"},\"image\":{\"@id\":\"https:\/\/nyforetagarcentrum.se\/sollentuna\/#\/schema\/logo\/image\/\"}}]}<\/script>\n<!-- \/ Yoast SEO plugin. -->","yoast_head_json":{"title":"Evenemang i Sollentuna - Nyf\u00f6retagarCentrum","description":"V\u00e4lkommen p\u00e5 After Work f\u00f6r f\u00f6retagare i Sollentuna! Den 16 oktober bjuder Nyf\u00f6retagarCentrum Sollentuna in till en kv\u00e4ll med mingel, n\u00e4tverkande och inspiration p\u00e5 Scandic Sollentuna. Evenemanget \u00e4r \u00f6ppet f\u00f6r b\u00e5de nya och etablerade f\u00f6retagare \u2013 ett perfekt tillf\u00e4lle att knyta kontakter, tr\u00e4ffa mentorer och uppt\u00e4cka m\u00f6jligheten att bli en del av v\u00e5rt v\u00e4xande sponsorn\u00e4tverk.","robots":{"index":"index","follow":"follow","max-snippet":"max-snippet:-1","max-image-preview":"max-image-preview:large","max-video-preview":"max-video-preview:-1"},"canonical":"https:\/\/nyforetagarcentrum.se\/sollentuna\/evenemang\/\ud83c\udf42-aw-med-klubb-eget\/","og_locale":"sv_SE","og_type":"article","og_title":"Evenemang i Sollentuna - Nyf\u00f6retagarCentrum","og_description":"V\u00e4lkommen p\u00e5 After Work f\u00f6r f\u00f6retagare i Sollentuna! Den 16 oktober bjuder Nyf\u00f6retagarCentrum Sollentuna in till en kv\u00e4ll med mingel, n\u00e4tverkande och inspiration p\u00e5 Scandic Sollentuna. Evenemanget \u00e4r \u00f6ppet f\u00f6r b\u00e5de nya och etablerade f\u00f6retagare \u2013 ett perfekt tillf\u00e4lle att knyta kontakter, tr\u00e4ffa mentorer och uppt\u00e4cka m\u00f6jligheten att bli en del av v\u00e5rt v\u00e4xande sponsorn\u00e4tverk.","og_url":"https:\/\/nyforetagarcentrum.se\/sollentuna\/evenemang\/\ud83c\udf42-aw-med-klubb-eget\/","og_site_name":"Sollentuna","article_modified_time":"2025-10-16T07:23:01+00:00","og_image":[{"url":"https:\/\/nyforetagarcentrum.se\/sollentuna\/wp-content\/uploads\/sites\/100\/2025\/10\/forest-6631518_1280-1024x682.jpg"}],"twitter_card":"summary_large_image","twitter_misc":{"Ber\u00e4knad l\u00e4stid":"1 minut"},"schema":{"@context":"https:\/\/schema.org","@graph":[{"@type":"WebPage","@id":"https:\/\/nyforetagarcentrum.se\/sollentuna\/evenemang\/%f0%9f%8d%82-aw-med-klubb-eget\/","url":"https:\/\/nyforetagarcentrum.se\/sollentuna\/evenemang\/%f0%9f%8d%82-aw-med-klubb-eget\/","name":"Evenemang i Sollentuna - Nyf\u00f6retagarCentrum","isPartOf":{"@id":"https:\/\/nyforetagarcentrum.se\/sollentuna\/#website"},"primaryImageOfPage":{"@id":"https:\/\/nyforetagarcentrum.se\/sollentuna\/evenemang\/%f0%9f%8d%82-aw-med-klubb-eget\/#primaryimage"},"image":{"@id":"https:\/\/nyforetagarcentrum.se\/sollentuna\/evenemang\/%f0%9f%8d%82-aw-med-klubb-eget\/#primaryimage"},"thumbnailUrl":"https:\/\/nyforetagarcentrum.se\/sollentuna\/wp-content\/uploads\/sites\/100\/2025\/10\/forest-6631518_1280-1024x682.jpg","datePublished":"2025-10-02T18:15:51+00:00","dateModified":"2025-10-16T07:23:01+00:00","description":"V\u00e4lkommen p\u00e5 After Work f\u00f6r f\u00f6retagare i Sollentuna! Den 16 oktober bjuder Nyf\u00f6retagarCentrum Sollentuna in till en kv\u00e4ll med mingel, n\u00e4tverkande och inspiration p\u00e5 Scandic Sollentuna. Evenemanget \u00e4r \u00f6ppet f\u00f6r b\u00e5de nya och etablerade f\u00f6retagare \u2013 ett perfekt tillf\u00e4lle att knyta kontakter, tr\u00e4ffa mentorer och uppt\u00e4cka m\u00f6jligheten att bli en del av v\u00e5rt v\u00e4xande sponsorn\u00e4tverk.","breadcrumb":{"@id":"https:\/\/nyforetagarcentrum.se\/sollentuna\/evenemang\/%f0%9f%8d%82-aw-med-klubb-eget\/#breadcrumb"},"inLanguage":"sv-SE","potentialAction":[{"@type":"ReadAction","target":["https:\/\/nyforetagarcentrum.se\/sollentuna\/evenemang\/%f0%9f%8d%82-aw-med-klubb-eget\/"]}]},{"@type":"ImageObject","inLanguage":"sv-SE","@id":"https:\/\/nyforetagarcentrum.se\/sollentuna\/evenemang\/%f0%9f%8d%82-aw-med-klubb-eget\/#primaryimage","url":"https:\/\/nyforetagarcentrum.se\/sollentuna\/wp-content\/uploads\/sites\/100\/2025\/10\/forest-6631518_1280.jpg","contentUrl":"https:\/\/nyforetagarcentrum.se\/sollentuna\/wp-content\/uploads\/sites\/100\/2025\/10\/forest-6631518_1280.jpg","width":1280,"height":853},{"@type":"BreadcrumbList","@id":"https:\/\/nyforetagarcentrum.se\/sollentuna\/evenemang\/%f0%9f%8d%82-aw-med-klubb-eget\/#breadcrumb","itemListElement":[{"@type":"ListItem","position":1,"name":"Hem","item":"https:\/\/nyforetagarcentrum.se\/sollentuna\/"},{"@type":"ListItem","position":2,"name":"Evenemang","item":"https:\/\/nyforetagarcentrum.se\/sollentuna\/evenemang\/"},{"@type":"ListItem","position":3,"name":"INST\u00c4LLT PGA SJUKDOM \ud83c\udf42 AW med Klubb Eget\u00a0"}]},{"@type":"WebSite","@id":"https:\/\/nyforetagarcentrum.se\/sollentuna\/#website","url":"https:\/\/nyforetagarcentrum.se\/sollentuna\/","name":"Sollentuna","description":"Sveriges ledande kraft f\u00f6r fler nya livskraftiga f\u00f6retag","publisher":{"@id":"https:\/\/nyforetagarcentrum.se\/sollentuna\/#organization"},"potentialAction":[{"@type":"SearchAction","target":{"@type":"EntryPoint","urlTemplate":"https:\/\/nyforetagarcentrum.se\/sollentuna\/?s={search_term_string}"},"query-input":"required name=search_term_string"}],"inLanguage":"sv-SE"},{"@type":"Organization","@id":"https:\/\/nyforetagarcentrum.se\/sollentuna\/#organization","name":"Sollentuna","url":"https:\/\/nyforetagarcentrum.se\/sollentuna\/","logo":{"@type":"ImageObject","inLanguage":"sv-SE","@id":"https:\/\/nyforetagarcentrum.se\/sollentuna\/#\/schema\/logo\/image\/","url":"https:\/\/nyforetagarcentrum.se\/sollentuna\/wp-content\/uploads\/sites\/100\/2024\/07\/sollentuna_bla.png","contentUrl":"https:\/\/nyforetagarcentrum.se\/sollentuna\/wp-content\/uploads\/sites\/100\/2024\/07\/sollentuna_bla.png","width":870,"height":355,"caption":"Sollentuna"},"image":{"@id":"https:\/\/nyforetagarcentrum.se\/sollentuna\/#\/schema\/logo\/image\/"}}]}},"_links":{"self":[{"href":"https:\/\/nyforetagarcentrum.se\/sollentuna\/wp-json\/wp\/v2\/event\/2656"}],"collection":[{"href":"https:\/\/nyforetagarcentrum.se\/sollentuna\/wp-json\/wp\/v2\/event"}],"about":[{"href":"https:\/\/nyforetagarcentrum.se\/sollentuna\/wp-json\/wp\/v2\/types\/event"}],"version-history":[{"count":3,"href":"https:\/\/nyforetagarcentrum.se\/sollentuna\/wp-json\/wp\/v2\/event\/2656\/revisions"}],"predecessor-version":[{"id":2665,"href":"https:\/\/nyforetagarcentrum.se\/sollentuna\/wp-json\/wp\/v2\/event\/2656\/revisions\/2665"}],"wp:attachment":[{"href":"https:\/\/nyforetagarcentrum.se\/sollentuna\/wp-json\/wp\/v2\/media?parent=2656"}],"curies":[{"name":"wp","href":"https:\/\/api.w.org\/{rel}","templated":true}]}}