{"id":2651,"date":"2025-10-02T16:01:05","date_gmt":"2025-10-02T14:01:05","guid":{"rendered":"https:\/\/nyforetagarcentrum.se\/sollentuna\/?post_type=event&#038;p=2651"},"modified":"2025-10-02T16:01:06","modified_gmt":"2025-10-02T14:01:06","slug":"%f0%9f%a5%96-idebageriet-baka-din-affarside","status":"publish","type":"event","link":"https:\/\/nyforetagarcentrum.se\/sollentuna\/evenemang\/%f0%9f%a5%96-idebageriet-baka-din-affarside\/","title":{"rendered":"\ud83e\udd56 Id\u00e9bageriet \u2013 Baka din aff\u00e4rsid\u00e9"},"content":{"rendered":"\n<figure class=\"wp-block-image size-large\"><img loading=\"lazy\" decoding=\"async\" width=\"1024\" height=\"670\" src=\"https:\/\/nyforetagarcentrum.se\/sollentuna\/wp-content\/uploads\/sites\/100\/2025\/10\/new-year-background-943245_1280-1024x670.jpg\" alt=\"\" class=\"wp-image-2652\" srcset=\"https:\/\/nyforetagarcentrum.se\/sollentuna\/wp-content\/uploads\/sites\/100\/2025\/10\/new-year-background-943245_1280-1024x670.jpg 1024w, https:\/\/nyforetagarcentrum.se\/sollentuna\/wp-content\/uploads\/sites\/100\/2025\/10\/new-year-background-943245_1280-300x196.jpg 300w, https:\/\/nyforetagarcentrum.se\/sollentuna\/wp-content\/uploads\/sites\/100\/2025\/10\/new-year-background-943245_1280-768x502.jpg 768w, https:\/\/nyforetagarcentrum.se\/sollentuna\/wp-content\/uploads\/sites\/100\/2025\/10\/new-year-background-943245_1280.jpg 1280w\" sizes=\"(max-width: 1024px) 100vw, 1024px\" \/><\/figure>\n\n\n\n<p>Har du en aff\u00e4rsid\u00e9 som beh\u00f6ver j\u00e4sa, bakas klart eller smaks\u00e4ttas med nya perspektiv?<\/p>\n\n\n\n<p>Nu startar vi&nbsp;<strong>Id\u00e9bageriet<\/strong>&nbsp;\u2013 en \u00f6ppen tr\u00e4ffpunkt d\u00e4r du kan bolla din id\u00e9 med r\u00e5dgivare fr\u00e5n Nyf\u00f6retagarCentrum och m\u00f6ta andra som ocks\u00e5 st\u00e5r i startgroparna.<\/p>\n\n\n\n<p>\ud83d\udcc5&nbsp;<strong>Premi\u00e4r:<\/strong>&nbsp;12 november<br>\ud83d\udd57 Tider: 08.00\u201310.00 eller 16.00\u201318.00<br>\ud83d\udccd Vallentuna Stenugnsbageri, F\u00e4rgskrapan, Tusbystr\u00e5ket 1C, Sollentuna<\/p>\n\n\n\n<p>\ud83d\udc49 Kostnadsfritt, men du betalar f\u00f6r din egen fika \u2013 med&nbsp;<strong>20% rabatt<\/strong>&nbsp;f\u00f6r deltagare.<\/p>\n\n\n\n<h3 class=\"wp-block-heading\">Varf\u00f6r Id\u00e9bageriet?<\/h3>\n\n\n\n<ul>\n<li>F\u00e5 feedback p\u00e5 din id\u00e9<\/li>\n\n\n\n<li>Tr\u00e4ffa andra och knyt kontakter<\/li>\n\n\n\n<li>L\u00e5t din aff\u00e4rsid\u00e9 j\u00e4sa och v\u00e4xa med st\u00f6d fr\u00e5n oss<\/li>\n\n\n\n<li>Ett smakprov p\u00e5 f\u00f6retagandet \u2013 utan krav<\/li>\n<\/ul>\n\n\n\n<p>Platserna \u00e4r begr\u00e4nsade \u2013\u00a0<strong>f\u00f6rst till kvarn g\u00e4ller<\/strong>.<\/p>\n\n\n\n<p>\ud83c\udf5e Kommande tillf\u00e4llen: 18 februari och 15 april 2026<br><br>Fr\u00e5gor? Kontakta verksamhetsansvarig Lisa Carpevi, lisa.carpevi@nyforetagarcentrum.se <br><br>V\u00e4lkommen till v\u00e5rt caf\u00e9! Vallentuna Stenugnsbageri \u00e4r ett familje\u00e4gt f\u00f6retag som har funnits sen 2009. Bageriet i Vallentuna centrum har utvecklats fr\u00e5n att vara en liten butik med enbart f\u00f6rs\u00e4ljning \u00f6ver disk till ett bageri med lunch\/ middag och fikaservering. Sedan n\u00e5gra \u00e5r finns vi \u00e4ven i Sollentuna. H\u00e4r hittar du l\u00e4ckerheter bakade med k\u00e4rlek i v\u00e5r stenugn. Med en surdegskultur sedan 1997 lovar vi en unik smakupplevelse och du kan njuta av hantverkskaffe, bullar, bitar och hemgjord gelato.<br><br>Att ta sig hit med bil \u00e4r superenkelt! \u00c4ven om vi inte har parkering precis vid entr\u00e9n, finns det massor av parkeringsm\u00f6jligheter i n\u00e4rheten, som Sollentuna Centrum och l\u00e4ngs Tingsv\u00e4gen vid v\u00e5rdcentralen och polishuset. Vi ser verkligen fram emot att tr\u00e4ffa dig!<br><br><br><\/p>\n","protected":false},"template":"","meta":{"footnotes":""},"acf":[],"yoast_head":"<!-- This site is optimized with the Yoast SEO plugin v22.9 - https:\/\/yoast.com\/wordpress\/plugins\/seo\/ -->\n<title>Evenemang i Sollentuna - Nyf\u00f6retagarCentrum<\/title>\n<meta name=\"description\" content=\"\ud83d\udca1 Har du en aff\u00e4rsid\u00e9? Kom till Id\u00e9bageriet \u2013 en kostnadsfri m\u00f6tesplats i Sollentuna d\u00e4r du kan bolla din aff\u00e4rsid\u00e9, f\u00e5 r\u00e5dgivning och n\u00e4tverka. N\u00e4sta tillf\u00e4lle: 12 november p\u00e5 Vallentuna Stenugnsbageri.\" \/>\n<meta name=\"robots\" content=\"index, follow, max-snippet:-1, max-image-preview:large, max-video-preview:-1\" \/>\n<link rel=\"canonical\" href=\"https:\/\/nyforetagarcentrum.se\/sollentuna\/evenemang\/\ud83e\udd56-idebageriet-baka-din-affarside\/\" \/>\n<meta property=\"og:locale\" content=\"sv_SE\" \/>\n<meta property=\"og:type\" content=\"article\" \/>\n<meta property=\"og:title\" content=\"Evenemang i Sollentuna - Nyf\u00f6retagarCentrum\" \/>\n<meta property=\"og:description\" content=\"\ud83d\udca1 Har du en aff\u00e4rsid\u00e9? Kom till Id\u00e9bageriet \u2013 en kostnadsfri m\u00f6tesplats i Sollentuna d\u00e4r du kan bolla din aff\u00e4rsid\u00e9, f\u00e5 r\u00e5dgivning och n\u00e4tverka. N\u00e4sta tillf\u00e4lle: 12 november p\u00e5 Vallentuna Stenugnsbageri.\" \/>\n<meta property=\"og:url\" content=\"https:\/\/nyforetagarcentrum.se\/sollentuna\/evenemang\/\ud83e\udd56-idebageriet-baka-din-affarside\/\" \/>\n<meta property=\"og:site_name\" content=\"Sollentuna\" \/>\n<meta property=\"article:modified_time\" content=\"2025-10-02T14:01:06+00:00\" \/>\n<meta property=\"og:image\" content=\"https:\/\/nyforetagarcentrum.se\/sollentuna\/wp-content\/uploads\/sites\/100\/2025\/10\/new-year-background-943245_1280-1024x670.jpg\" \/>\n<meta name=\"twitter:card\" content=\"summary_large_image\" \/>\n<meta name=\"twitter:label1\" content=\"Ber\u00e4knad l\u00e4stid\" \/>\n\t<meta name=\"twitter:data1\" content=\"2 minuter\" \/>\n<script type=\"application\/ld+json\" class=\"yoast-schema-graph\">{\"@context\":\"https:\/\/schema.org\",\"@graph\":[{\"@type\":\"WebPage\",\"@id\":\"https:\/\/nyforetagarcentrum.se\/sollentuna\/evenemang\/%f0%9f%a5%96-idebageriet-baka-din-affarside\/\",\"url\":\"https:\/\/nyforetagarcentrum.se\/sollentuna\/evenemang\/%f0%9f%a5%96-idebageriet-baka-din-affarside\/\",\"name\":\"Evenemang i Sollentuna - Nyf\u00f6retagarCentrum\",\"isPartOf\":{\"@id\":\"https:\/\/nyforetagarcentrum.se\/sollentuna\/#website\"},\"primaryImageOfPage\":{\"@id\":\"https:\/\/nyforetagarcentrum.se\/sollentuna\/evenemang\/%f0%9f%a5%96-idebageriet-baka-din-affarside\/#primaryimage\"},\"image\":{\"@id\":\"https:\/\/nyforetagarcentrum.se\/sollentuna\/evenemang\/%f0%9f%a5%96-idebageriet-baka-din-affarside\/#primaryimage\"},\"thumbnailUrl\":\"https:\/\/nyforetagarcentrum.se\/sollentuna\/wp-content\/uploads\/sites\/100\/2025\/10\/new-year-background-943245_1280-1024x670.jpg\",\"datePublished\":\"2025-10-02T14:01:05+00:00\",\"dateModified\":\"2025-10-02T14:01:06+00:00\",\"description\":\"\ud83d\udca1 Har du en aff\u00e4rsid\u00e9? Kom till Id\u00e9bageriet \u2013 en kostnadsfri m\u00f6tesplats i Sollentuna d\u00e4r du kan bolla din aff\u00e4rsid\u00e9, f\u00e5 r\u00e5dgivning och n\u00e4tverka. N\u00e4sta tillf\u00e4lle: 12 november p\u00e5 Vallentuna Stenugnsbageri.\",\"breadcrumb\":{\"@id\":\"https:\/\/nyforetagarcentrum.se\/sollentuna\/evenemang\/%f0%9f%a5%96-idebageriet-baka-din-affarside\/#breadcrumb\"},\"inLanguage\":\"sv-SE\",\"potentialAction\":[{\"@type\":\"ReadAction\",\"target\":[\"https:\/\/nyforetagarcentrum.se\/sollentuna\/evenemang\/%f0%9f%a5%96-idebageriet-baka-din-affarside\/\"]}]},{\"@type\":\"ImageObject\",\"inLanguage\":\"sv-SE\",\"@id\":\"https:\/\/nyforetagarcentrum.se\/sollentuna\/evenemang\/%f0%9f%a5%96-idebageriet-baka-din-affarside\/#primaryimage\",\"url\":\"https:\/\/nyforetagarcentrum.se\/sollentuna\/wp-content\/uploads\/sites\/100\/2025\/10\/new-year-background-943245_1280.jpg\",\"contentUrl\":\"https:\/\/nyforetagarcentrum.se\/sollentuna\/wp-content\/uploads\/sites\/100\/2025\/10\/new-year-background-943245_1280.jpg\",\"width\":1280,\"height\":837},{\"@type\":\"BreadcrumbList\",\"@id\":\"https:\/\/nyforetagarcentrum.se\/sollentuna\/evenemang\/%f0%9f%a5%96-idebageriet-baka-din-affarside\/#breadcrumb\",\"itemListElement\":[{\"@type\":\"ListItem\",\"position\":1,\"name\":\"Hem\",\"item\":\"https:\/\/nyforetagarcentrum.se\/sollentuna\/\"},{\"@type\":\"ListItem\",\"position\":2,\"name\":\"Evenemang\",\"item\":\"https:\/\/nyforetagarcentrum.se\/sollentuna\/evenemang\/\"},{\"@type\":\"ListItem\",\"position\":3,\"name\":\"\ud83e\udd56 Id\u00e9bageriet \u2013 Baka din aff\u00e4rsid\u00e9\"}]},{\"@type\":\"WebSite\",\"@id\":\"https:\/\/nyforetagarcentrum.se\/sollentuna\/#website\",\"url\":\"https:\/\/nyforetagarcentrum.se\/sollentuna\/\",\"name\":\"Sollentuna\",\"description\":\"Sveriges ledande kraft f\u00f6r fler nya livskraftiga f\u00f6retag\",\"publisher\":{\"@id\":\"https:\/\/nyforetagarcentrum.se\/sollentuna\/#organization\"},\"potentialAction\":[{\"@type\":\"SearchAction\",\"target\":{\"@type\":\"EntryPoint\",\"urlTemplate\":\"https:\/\/nyforetagarcentrum.se\/sollentuna\/?s={search_term_string}\"},\"query-input\":\"required name=search_term_string\"}],\"inLanguage\":\"sv-SE\"},{\"@type\":\"Organization\",\"@id\":\"https:\/\/nyforetagarcentrum.se\/sollentuna\/#organization\",\"name\":\"Sollentuna\",\"url\":\"https:\/\/nyforetagarcentrum.se\/sollentuna\/\",\"logo\":{\"@type\":\"ImageObject\",\"inLanguage\":\"sv-SE\",\"@id\":\"https:\/\/nyforetagarcentrum.se\/sollentuna\/#\/schema\/logo\/image\/\",\"url\":\"https:\/\/nyforetagarcentrum.se\/sollentuna\/wp-content\/uploads\/sites\/100\/2024\/07\/sollentuna_bla.png\",\"contentUrl\":\"https:\/\/nyforetagarcentrum.se\/sollentuna\/wp-content\/uploads\/sites\/100\/2024\/07\/sollentuna_bla.png\",\"width\":870,\"height\":355,\"caption\":\"Sollentuna\"},\"image\":{\"@id\":\"https:\/\/nyforetagarcentrum.se\/sollentuna\/#\/schema\/logo\/image\/\"}}]}<\/script>\n<!-- \/ Yoast SEO plugin. -->","yoast_head_json":{"title":"Evenemang i Sollentuna - Nyf\u00f6retagarCentrum","description":"\ud83d\udca1 Har du en aff\u00e4rsid\u00e9? Kom till Id\u00e9bageriet \u2013 en kostnadsfri m\u00f6tesplats i Sollentuna d\u00e4r du kan bolla din aff\u00e4rsid\u00e9, f\u00e5 r\u00e5dgivning och n\u00e4tverka. N\u00e4sta tillf\u00e4lle: 12 november p\u00e5 Vallentuna Stenugnsbageri.","robots":{"index":"index","follow":"follow","max-snippet":"max-snippet:-1","max-image-preview":"max-image-preview:large","max-video-preview":"max-video-preview:-1"},"canonical":"https:\/\/nyforetagarcentrum.se\/sollentuna\/evenemang\/\ud83e\udd56-idebageriet-baka-din-affarside\/","og_locale":"sv_SE","og_type":"article","og_title":"Evenemang i Sollentuna - Nyf\u00f6retagarCentrum","og_description":"\ud83d\udca1 Har du en aff\u00e4rsid\u00e9? Kom till Id\u00e9bageriet \u2013 en kostnadsfri m\u00f6tesplats i Sollentuna d\u00e4r du kan bolla din aff\u00e4rsid\u00e9, f\u00e5 r\u00e5dgivning och n\u00e4tverka. N\u00e4sta tillf\u00e4lle: 12 november p\u00e5 Vallentuna Stenugnsbageri.","og_url":"https:\/\/nyforetagarcentrum.se\/sollentuna\/evenemang\/\ud83e\udd56-idebageriet-baka-din-affarside\/","og_site_name":"Sollentuna","article_modified_time":"2025-10-02T14:01:06+00:00","og_image":[{"url":"https:\/\/nyforetagarcentrum.se\/sollentuna\/wp-content\/uploads\/sites\/100\/2025\/10\/new-year-background-943245_1280-1024x670.jpg"}],"twitter_card":"summary_large_image","twitter_misc":{"Ber\u00e4knad l\u00e4stid":"2 minuter"},"schema":{"@context":"https:\/\/schema.org","@graph":[{"@type":"WebPage","@id":"https:\/\/nyforetagarcentrum.se\/sollentuna\/evenemang\/%f0%9f%a5%96-idebageriet-baka-din-affarside\/","url":"https:\/\/nyforetagarcentrum.se\/sollentuna\/evenemang\/%f0%9f%a5%96-idebageriet-baka-din-affarside\/","name":"Evenemang i Sollentuna - Nyf\u00f6retagarCentrum","isPartOf":{"@id":"https:\/\/nyforetagarcentrum.se\/sollentuna\/#website"},"primaryImageOfPage":{"@id":"https:\/\/nyforetagarcentrum.se\/sollentuna\/evenemang\/%f0%9f%a5%96-idebageriet-baka-din-affarside\/#primaryimage"},"image":{"@id":"https:\/\/nyforetagarcentrum.se\/sollentuna\/evenemang\/%f0%9f%a5%96-idebageriet-baka-din-affarside\/#primaryimage"},"thumbnailUrl":"https:\/\/nyforetagarcentrum.se\/sollentuna\/wp-content\/uploads\/sites\/100\/2025\/10\/new-year-background-943245_1280-1024x670.jpg","datePublished":"2025-10-02T14:01:05+00:00","dateModified":"2025-10-02T14:01:06+00:00","description":"\ud83d\udca1 Har du en aff\u00e4rsid\u00e9? Kom till Id\u00e9bageriet \u2013 en kostnadsfri m\u00f6tesplats i Sollentuna d\u00e4r du kan bolla din aff\u00e4rsid\u00e9, f\u00e5 r\u00e5dgivning och n\u00e4tverka. N\u00e4sta tillf\u00e4lle: 12 november p\u00e5 Vallentuna Stenugnsbageri.","breadcrumb":{"@id":"https:\/\/nyforetagarcentrum.se\/sollentuna\/evenemang\/%f0%9f%a5%96-idebageriet-baka-din-affarside\/#breadcrumb"},"inLanguage":"sv-SE","potentialAction":[{"@type":"ReadAction","target":["https:\/\/nyforetagarcentrum.se\/sollentuna\/evenemang\/%f0%9f%a5%96-idebageriet-baka-din-affarside\/"]}]},{"@type":"ImageObject","inLanguage":"sv-SE","@id":"https:\/\/nyforetagarcentrum.se\/sollentuna\/evenemang\/%f0%9f%a5%96-idebageriet-baka-din-affarside\/#primaryimage","url":"https:\/\/nyforetagarcentrum.se\/sollentuna\/wp-content\/uploads\/sites\/100\/2025\/10\/new-year-background-943245_1280.jpg","contentUrl":"https:\/\/nyforetagarcentrum.se\/sollentuna\/wp-content\/uploads\/sites\/100\/2025\/10\/new-year-background-943245_1280.jpg","width":1280,"height":837},{"@type":"BreadcrumbList","@id":"https:\/\/nyforetagarcentrum.se\/sollentuna\/evenemang\/%f0%9f%a5%96-idebageriet-baka-din-affarside\/#breadcrumb","itemListElement":[{"@type":"ListItem","position":1,"name":"Hem","item":"https:\/\/nyforetagarcentrum.se\/sollentuna\/"},{"@type":"ListItem","position":2,"name":"Evenemang","item":"https:\/\/nyforetagarcentrum.se\/sollentuna\/evenemang\/"},{"@type":"ListItem","position":3,"name":"\ud83e\udd56 Id\u00e9bageriet \u2013 Baka din aff\u00e4rsid\u00e9"}]},{"@type":"WebSite","@id":"https:\/\/nyforetagarcentrum.se\/sollentuna\/#website","url":"https:\/\/nyforetagarcentrum.se\/sollentuna\/","name":"Sollentuna","description":"Sveriges ledande kraft f\u00f6r fler nya livskraftiga f\u00f6retag","publisher":{"@id":"https:\/\/nyforetagarcentrum.se\/sollentuna\/#organization"},"potentialAction":[{"@type":"SearchAction","target":{"@type":"EntryPoint","urlTemplate":"https:\/\/nyforetagarcentrum.se\/sollentuna\/?s={search_term_string}"},"query-input":"required name=search_term_string"}],"inLanguage":"sv-SE"},{"@type":"Organization","@id":"https:\/\/nyforetagarcentrum.se\/sollentuna\/#organization","name":"Sollentuna","url":"https:\/\/nyforetagarcentrum.se\/sollentuna\/","logo":{"@type":"ImageObject","inLanguage":"sv-SE","@id":"https:\/\/nyforetagarcentrum.se\/sollentuna\/#\/schema\/logo\/image\/","url":"https:\/\/nyforetagarcentrum.se\/sollentuna\/wp-content\/uploads\/sites\/100\/2024\/07\/sollentuna_bla.png","contentUrl":"https:\/\/nyforetagarcentrum.se\/sollentuna\/wp-content\/uploads\/sites\/100\/2024\/07\/sollentuna_bla.png","width":870,"height":355,"caption":"Sollentuna"},"image":{"@id":"https:\/\/nyforetagarcentrum.se\/sollentuna\/#\/schema\/logo\/image\/"}}]}},"_links":{"self":[{"href":"https:\/\/nyforetagarcentrum.se\/sollentuna\/wp-json\/wp\/v2\/event\/2651"}],"collection":[{"href":"https:\/\/nyforetagarcentrum.se\/sollentuna\/wp-json\/wp\/v2\/event"}],"about":[{"href":"https:\/\/nyforetagarcentrum.se\/sollentuna\/wp-json\/wp\/v2\/types\/event"}],"version-history":[{"count":2,"href":"https:\/\/nyforetagarcentrum.se\/sollentuna\/wp-json\/wp\/v2\/event\/2651\/revisions"}],"predecessor-version":[{"id":2655,"href":"https:\/\/nyforetagarcentrum.se\/sollentuna\/wp-json\/wp\/v2\/event\/2651\/revisions\/2655"}],"wp:attachment":[{"href":"https:\/\/nyforetagarcentrum.se\/sollentuna\/wp-json\/wp\/v2\/media?parent=2651"}],"curies":[{"name":"wp","href":"https:\/\/api.w.org\/{rel}","templated":true}]}}