{"id":2634,"date":"2025-08-12T14:57:20","date_gmt":"2025-08-12T12:57:20","guid":{"rendered":"https:\/\/nyforetagarcentrum.se\/sollentuna\/?post_type=event&#038;p=2634"},"modified":"2025-09-11T14:41:45","modified_gmt":"2025-09-11T12:41:45","slug":"sista-dagen-att-nominera-arets-nyforetagare-arets-unga-nyforetagare","status":"publish","type":"event","link":"https:\/\/nyforetagarcentrum.se\/sollentuna\/evenemang\/sista-dagen-att-nominera-arets-nyforetagare-arets-unga-nyforetagare\/","title":{"rendered":"Sista dagen att nominera \u00c5rets Nyf\u00f6retagare &amp; \u00c5rets Unga Nyf\u00f6retagare"},"content":{"rendered":"\n<figure class=\"wp-block-image size-large\"><img loading=\"lazy\" decoding=\"async\" width=\"1024\" height=\"768\" src=\"https:\/\/nyforetagarcentrum.se\/sollentuna\/wp-content\/uploads\/sites\/100\/2025\/08\/ai-generated-8248622_1280-1024x768.jpg\" alt=\"\" class=\"wp-image-2635\" srcset=\"https:\/\/nyforetagarcentrum.se\/sollentuna\/wp-content\/uploads\/sites\/100\/2025\/08\/ai-generated-8248622_1280-1024x768.jpg 1024w, https:\/\/nyforetagarcentrum.se\/sollentuna\/wp-content\/uploads\/sites\/100\/2025\/08\/ai-generated-8248622_1280-300x225.jpg 300w, https:\/\/nyforetagarcentrum.se\/sollentuna\/wp-content\/uploads\/sites\/100\/2025\/08\/ai-generated-8248622_1280-768x576.jpg 768w, https:\/\/nyforetagarcentrum.se\/sollentuna\/wp-content\/uploads\/sites\/100\/2025\/08\/ai-generated-8248622_1280.jpg 1280w\" sizes=\"(max-width: 1024px) 100vw, 1024px\" \/><\/figure>\n\n\n\n<p>Har du m\u00f6tt en f\u00f6retagare som p\u00e5 kort tid byggt upp n\u00e5got unikt och h\u00e5llbart \u2013 eller \u00e4r det du sj\u00e4lv? Nu s\u00f6ker vi kandidater till \u00c5rets Nyf\u00f6retagare i Sollentuna och \u00c5rets Unga Nyf\u00f6retagare (max 35 \u00e5r).<\/p>\n\n\n\n<p>Kriterier i korthet:<\/p>\n\n\n\n<p>\ud83d\udd39 F\u00f6retaget \u00e4r max 3 \u00e5r gammalt och har minst ett bokslut<br>\ud83d\udd39 Har en utvecklingsbar aff\u00e4rsid\u00e9 och visar goda entrepren\u00f6riella egenskaper<br>\ud83d\udd39 Har koppling till Sollentuna<br>\ud83d\udd39 Arbetar med social, ekonomisk och\/eller milj\u00f6m\u00e4ssig h\u00e5llbarhet<br><br>\ud83d\udcc5 Sista dag: 3\/10<br>\ud83d\udc49\u00a0<a href=\"https:\/\/forms.gle\/dGrw91FYRdDZeJiY8\">Nominera h\u00e4r<\/a><br><br>Prisutdelning sker den 27\/11 i samband med Nyf\u00f6retagarCentrum Sollentunas 30-\u00e5rsfirande<\/p>\n","protected":false},"template":"","meta":{"footnotes":""},"acf":[],"yoast_head":"<!-- This site is optimized with the Yoast SEO plugin v22.9 - https:\/\/yoast.com\/wordpress\/plugins\/seo\/ -->\n<title>Evenemang i Sollentuna - Nyf\u00f6retagarCentrum<\/title>\n<meta name=\"description\" content=\"\u00c5rets Nyf\u00f6retagare &amp; \u00c5rets Unga Nyf\u00f6retagare utses varje \u00e5r av Nyf\u00f6retagarCentrum Sollentuna. Nu \u00e4r det dags att nominera senast 30 sept 2025\" \/>\n<meta name=\"robots\" content=\"index, follow, max-snippet:-1, max-image-preview:large, max-video-preview:-1\" \/>\n<link rel=\"canonical\" href=\"https:\/\/nyforetagarcentrum.se\/sollentuna\/evenemang\/sista-dagen-att-nominera-arets-nyforetagare-arets-unga-nyforetagare\/\" \/>\n<meta property=\"og:locale\" content=\"sv_SE\" \/>\n<meta property=\"og:type\" content=\"article\" \/>\n<meta property=\"og:title\" content=\"Evenemang i Sollentuna - Nyf\u00f6retagarCentrum\" \/>\n<meta property=\"og:description\" content=\"\u00c5rets Nyf\u00f6retagare &amp; \u00c5rets Unga Nyf\u00f6retagare utses varje \u00e5r av Nyf\u00f6retagarCentrum Sollentuna. Nu \u00e4r det dags att nominera senast 30 sept 2025\" \/>\n<meta property=\"og:url\" content=\"https:\/\/nyforetagarcentrum.se\/sollentuna\/evenemang\/sista-dagen-att-nominera-arets-nyforetagare-arets-unga-nyforetagare\/\" \/>\n<meta property=\"og:site_name\" content=\"Sollentuna\" \/>\n<meta property=\"article:modified_time\" content=\"2025-09-11T12:41:45+00:00\" \/>\n<meta property=\"og:image\" content=\"https:\/\/nyforetagarcentrum.se\/sollentuna\/wp-content\/uploads\/sites\/100\/2025\/08\/ai-generated-8248622_1280-1024x768.jpg\" \/>\n<meta name=\"twitter:card\" content=\"summary_large_image\" \/>\n<meta name=\"twitter:label1\" content=\"Ber\u00e4knad l\u00e4stid\" \/>\n\t<meta name=\"twitter:data1\" content=\"1 minut\" \/>\n<script type=\"application\/ld+json\" class=\"yoast-schema-graph\">{\"@context\":\"https:\/\/schema.org\",\"@graph\":[{\"@type\":\"WebPage\",\"@id\":\"https:\/\/nyforetagarcentrum.se\/sollentuna\/evenemang\/sista-dagen-att-nominera-arets-nyforetagare-arets-unga-nyforetagare\/\",\"url\":\"https:\/\/nyforetagarcentrum.se\/sollentuna\/evenemang\/sista-dagen-att-nominera-arets-nyforetagare-arets-unga-nyforetagare\/\",\"name\":\"Evenemang i Sollentuna - Nyf\u00f6retagarCentrum\",\"isPartOf\":{\"@id\":\"https:\/\/nyforetagarcentrum.se\/sollentuna\/#website\"},\"primaryImageOfPage\":{\"@id\":\"https:\/\/nyforetagarcentrum.se\/sollentuna\/evenemang\/sista-dagen-att-nominera-arets-nyforetagare-arets-unga-nyforetagare\/#primaryimage\"},\"image\":{\"@id\":\"https:\/\/nyforetagarcentrum.se\/sollentuna\/evenemang\/sista-dagen-att-nominera-arets-nyforetagare-arets-unga-nyforetagare\/#primaryimage\"},\"thumbnailUrl\":\"https:\/\/nyforetagarcentrum.se\/sollentuna\/wp-content\/uploads\/sites\/100\/2025\/08\/ai-generated-8248622_1280-1024x768.jpg\",\"datePublished\":\"2025-08-12T12:57:20+00:00\",\"dateModified\":\"2025-09-11T12:41:45+00:00\",\"description\":\"\u00c5rets Nyf\u00f6retagare & \u00c5rets Unga Nyf\u00f6retagare utses varje \u00e5r av Nyf\u00f6retagarCentrum Sollentuna. Nu \u00e4r det dags att nominera senast 30 sept 2025\",\"breadcrumb\":{\"@id\":\"https:\/\/nyforetagarcentrum.se\/sollentuna\/evenemang\/sista-dagen-att-nominera-arets-nyforetagare-arets-unga-nyforetagare\/#breadcrumb\"},\"inLanguage\":\"sv-SE\",\"potentialAction\":[{\"@type\":\"ReadAction\",\"target\":[\"https:\/\/nyforetagarcentrum.se\/sollentuna\/evenemang\/sista-dagen-att-nominera-arets-nyforetagare-arets-unga-nyforetagare\/\"]}]},{\"@type\":\"ImageObject\",\"inLanguage\":\"sv-SE\",\"@id\":\"https:\/\/nyforetagarcentrum.se\/sollentuna\/evenemang\/sista-dagen-att-nominera-arets-nyforetagare-arets-unga-nyforetagare\/#primaryimage\",\"url\":\"https:\/\/nyforetagarcentrum.se\/sollentuna\/wp-content\/uploads\/sites\/100\/2025\/08\/ai-generated-8248622_1280.jpg\",\"contentUrl\":\"https:\/\/nyforetagarcentrum.se\/sollentuna\/wp-content\/uploads\/sites\/100\/2025\/08\/ai-generated-8248622_1280.jpg\",\"width\":1280,\"height\":960},{\"@type\":\"BreadcrumbList\",\"@id\":\"https:\/\/nyforetagarcentrum.se\/sollentuna\/evenemang\/sista-dagen-att-nominera-arets-nyforetagare-arets-unga-nyforetagare\/#breadcrumb\",\"itemListElement\":[{\"@type\":\"ListItem\",\"position\":1,\"name\":\"Hem\",\"item\":\"https:\/\/nyforetagarcentrum.se\/sollentuna\/\"},{\"@type\":\"ListItem\",\"position\":2,\"name\":\"Evenemang\",\"item\":\"https:\/\/nyforetagarcentrum.se\/sollentuna\/evenemang\/\"},{\"@type\":\"ListItem\",\"position\":3,\"name\":\"Sista dagen att nominera \u00c5rets Nyf\u00f6retagare &amp; \u00c5rets Unga Nyf\u00f6retagare\"}]},{\"@type\":\"WebSite\",\"@id\":\"https:\/\/nyforetagarcentrum.se\/sollentuna\/#website\",\"url\":\"https:\/\/nyforetagarcentrum.se\/sollentuna\/\",\"name\":\"Sollentuna\",\"description\":\"Sveriges ledande kraft f\u00f6r fler nya livskraftiga f\u00f6retag\",\"publisher\":{\"@id\":\"https:\/\/nyforetagarcentrum.se\/sollentuna\/#organization\"},\"potentialAction\":[{\"@type\":\"SearchAction\",\"target\":{\"@type\":\"EntryPoint\",\"urlTemplate\":\"https:\/\/nyforetagarcentrum.se\/sollentuna\/?s={search_term_string}\"},\"query-input\":\"required name=search_term_string\"}],\"inLanguage\":\"sv-SE\"},{\"@type\":\"Organization\",\"@id\":\"https:\/\/nyforetagarcentrum.se\/sollentuna\/#organization\",\"name\":\"Sollentuna\",\"url\":\"https:\/\/nyforetagarcentrum.se\/sollentuna\/\",\"logo\":{\"@type\":\"ImageObject\",\"inLanguage\":\"sv-SE\",\"@id\":\"https:\/\/nyforetagarcentrum.se\/sollentuna\/#\/schema\/logo\/image\/\",\"url\":\"https:\/\/nyforetagarcentrum.se\/sollentuna\/wp-content\/uploads\/sites\/100\/2024\/07\/sollentuna_bla.png\",\"contentUrl\":\"https:\/\/nyforetagarcentrum.se\/sollentuna\/wp-content\/uploads\/sites\/100\/2024\/07\/sollentuna_bla.png\",\"width\":870,\"height\":355,\"caption\":\"Sollentuna\"},\"image\":{\"@id\":\"https:\/\/nyforetagarcentrum.se\/sollentuna\/#\/schema\/logo\/image\/\"}}]}<\/script>\n<!-- \/ Yoast SEO plugin. -->","yoast_head_json":{"title":"Evenemang i Sollentuna - Nyf\u00f6retagarCentrum","description":"\u00c5rets Nyf\u00f6retagare & \u00c5rets Unga Nyf\u00f6retagare utses varje \u00e5r av Nyf\u00f6retagarCentrum Sollentuna. Nu \u00e4r det dags att nominera senast 30 sept 2025","robots":{"index":"index","follow":"follow","max-snippet":"max-snippet:-1","max-image-preview":"max-image-preview:large","max-video-preview":"max-video-preview:-1"},"canonical":"https:\/\/nyforetagarcentrum.se\/sollentuna\/evenemang\/sista-dagen-att-nominera-arets-nyforetagare-arets-unga-nyforetagare\/","og_locale":"sv_SE","og_type":"article","og_title":"Evenemang i Sollentuna - Nyf\u00f6retagarCentrum","og_description":"\u00c5rets Nyf\u00f6retagare & \u00c5rets Unga Nyf\u00f6retagare utses varje \u00e5r av Nyf\u00f6retagarCentrum Sollentuna. Nu \u00e4r det dags att nominera senast 30 sept 2025","og_url":"https:\/\/nyforetagarcentrum.se\/sollentuna\/evenemang\/sista-dagen-att-nominera-arets-nyforetagare-arets-unga-nyforetagare\/","og_site_name":"Sollentuna","article_modified_time":"2025-09-11T12:41:45+00:00","og_image":[{"url":"https:\/\/nyforetagarcentrum.se\/sollentuna\/wp-content\/uploads\/sites\/100\/2025\/08\/ai-generated-8248622_1280-1024x768.jpg"}],"twitter_card":"summary_large_image","twitter_misc":{"Ber\u00e4knad l\u00e4stid":"1 minut"},"schema":{"@context":"https:\/\/schema.org","@graph":[{"@type":"WebPage","@id":"https:\/\/nyforetagarcentrum.se\/sollentuna\/evenemang\/sista-dagen-att-nominera-arets-nyforetagare-arets-unga-nyforetagare\/","url":"https:\/\/nyforetagarcentrum.se\/sollentuna\/evenemang\/sista-dagen-att-nominera-arets-nyforetagare-arets-unga-nyforetagare\/","name":"Evenemang i Sollentuna - Nyf\u00f6retagarCentrum","isPartOf":{"@id":"https:\/\/nyforetagarcentrum.se\/sollentuna\/#website"},"primaryImageOfPage":{"@id":"https:\/\/nyforetagarcentrum.se\/sollentuna\/evenemang\/sista-dagen-att-nominera-arets-nyforetagare-arets-unga-nyforetagare\/#primaryimage"},"image":{"@id":"https:\/\/nyforetagarcentrum.se\/sollentuna\/evenemang\/sista-dagen-att-nominera-arets-nyforetagare-arets-unga-nyforetagare\/#primaryimage"},"thumbnailUrl":"https:\/\/nyforetagarcentrum.se\/sollentuna\/wp-content\/uploads\/sites\/100\/2025\/08\/ai-generated-8248622_1280-1024x768.jpg","datePublished":"2025-08-12T12:57:20+00:00","dateModified":"2025-09-11T12:41:45+00:00","description":"\u00c5rets Nyf\u00f6retagare & \u00c5rets Unga Nyf\u00f6retagare utses varje \u00e5r av Nyf\u00f6retagarCentrum Sollentuna. Nu \u00e4r det dags att nominera senast 30 sept 2025","breadcrumb":{"@id":"https:\/\/nyforetagarcentrum.se\/sollentuna\/evenemang\/sista-dagen-att-nominera-arets-nyforetagare-arets-unga-nyforetagare\/#breadcrumb"},"inLanguage":"sv-SE","potentialAction":[{"@type":"ReadAction","target":["https:\/\/nyforetagarcentrum.se\/sollentuna\/evenemang\/sista-dagen-att-nominera-arets-nyforetagare-arets-unga-nyforetagare\/"]}]},{"@type":"ImageObject","inLanguage":"sv-SE","@id":"https:\/\/nyforetagarcentrum.se\/sollentuna\/evenemang\/sista-dagen-att-nominera-arets-nyforetagare-arets-unga-nyforetagare\/#primaryimage","url":"https:\/\/nyforetagarcentrum.se\/sollentuna\/wp-content\/uploads\/sites\/100\/2025\/08\/ai-generated-8248622_1280.jpg","contentUrl":"https:\/\/nyforetagarcentrum.se\/sollentuna\/wp-content\/uploads\/sites\/100\/2025\/08\/ai-generated-8248622_1280.jpg","width":1280,"height":960},{"@type":"BreadcrumbList","@id":"https:\/\/nyforetagarcentrum.se\/sollentuna\/evenemang\/sista-dagen-att-nominera-arets-nyforetagare-arets-unga-nyforetagare\/#breadcrumb","itemListElement":[{"@type":"ListItem","position":1,"name":"Hem","item":"https:\/\/nyforetagarcentrum.se\/sollentuna\/"},{"@type":"ListItem","position":2,"name":"Evenemang","item":"https:\/\/nyforetagarcentrum.se\/sollentuna\/evenemang\/"},{"@type":"ListItem","position":3,"name":"Sista dagen att nominera \u00c5rets Nyf\u00f6retagare &amp; \u00c5rets Unga Nyf\u00f6retagare"}]},{"@type":"WebSite","@id":"https:\/\/nyforetagarcentrum.se\/sollentuna\/#website","url":"https:\/\/nyforetagarcentrum.se\/sollentuna\/","name":"Sollentuna","description":"Sveriges ledande kraft f\u00f6r fler nya livskraftiga f\u00f6retag","publisher":{"@id":"https:\/\/nyforetagarcentrum.se\/sollentuna\/#organization"},"potentialAction":[{"@type":"SearchAction","target":{"@type":"EntryPoint","urlTemplate":"https:\/\/nyforetagarcentrum.se\/sollentuna\/?s={search_term_string}"},"query-input":"required name=search_term_string"}],"inLanguage":"sv-SE"},{"@type":"Organization","@id":"https:\/\/nyforetagarcentrum.se\/sollentuna\/#organization","name":"Sollentuna","url":"https:\/\/nyforetagarcentrum.se\/sollentuna\/","logo":{"@type":"ImageObject","inLanguage":"sv-SE","@id":"https:\/\/nyforetagarcentrum.se\/sollentuna\/#\/schema\/logo\/image\/","url":"https:\/\/nyforetagarcentrum.se\/sollentuna\/wp-content\/uploads\/sites\/100\/2024\/07\/sollentuna_bla.png","contentUrl":"https:\/\/nyforetagarcentrum.se\/sollentuna\/wp-content\/uploads\/sites\/100\/2024\/07\/sollentuna_bla.png","width":870,"height":355,"caption":"Sollentuna"},"image":{"@id":"https:\/\/nyforetagarcentrum.se\/sollentuna\/#\/schema\/logo\/image\/"}}]}},"_links":{"self":[{"href":"https:\/\/nyforetagarcentrum.se\/sollentuna\/wp-json\/wp\/v2\/event\/2634"}],"collection":[{"href":"https:\/\/nyforetagarcentrum.se\/sollentuna\/wp-json\/wp\/v2\/event"}],"about":[{"href":"https:\/\/nyforetagarcentrum.se\/sollentuna\/wp-json\/wp\/v2\/types\/event"}],"version-history":[{"count":7,"href":"https:\/\/nyforetagarcentrum.se\/sollentuna\/wp-json\/wp\/v2\/event\/2634\/revisions"}],"predecessor-version":[{"id":2650,"href":"https:\/\/nyforetagarcentrum.se\/sollentuna\/wp-json\/wp\/v2\/event\/2634\/revisions\/2650"}],"wp:attachment":[{"href":"https:\/\/nyforetagarcentrum.se\/sollentuna\/wp-json\/wp\/v2\/media?parent=2634"}],"curies":[{"name":"wp","href":"https:\/\/api.w.org\/{rel}","templated":true}]}}