{"id":2579,"date":"2025-08-11T17:34:36","date_gmt":"2025-08-11T15:34:36","guid":{"rendered":"https:\/\/nyforetagarcentrum.se\/sollentuna\/?post_type=event&#038;p=2579"},"modified":"2025-08-12T15:06:48","modified_gmt":"2025-08-12T13:06:48","slug":"natverksfrukost-oka-din-synlighet-med-seo","status":"publish","type":"event","link":"https:\/\/nyforetagarcentrum.se\/sollentuna\/evenemang\/natverksfrukost-oka-din-synlighet-med-seo\/","title":{"rendered":"N\u00e4tverksfrukost \u2013 \u00d6ka din synlighet med SEO"},"content":{"rendered":"\n<figure class=\"wp-block-image size-large\"><img loading=\"lazy\" decoding=\"async\" width=\"1024\" height=\"683\" src=\"https:\/\/nyforetagarcentrum.se\/sollentuna\/wp-content\/uploads\/sites\/100\/2025\/08\/3-GAN-Natverksfrukost-18-sept-2025-1-1024x683.jpg\" alt=\"\" class=\"wp-image-2587\" srcset=\"https:\/\/nyforetagarcentrum.se\/sollentuna\/wp-content\/uploads\/sites\/100\/2025\/08\/3-GAN-Natverksfrukost-18-sept-2025-1-1024x683.jpg 1024w, https:\/\/nyforetagarcentrum.se\/sollentuna\/wp-content\/uploads\/sites\/100\/2025\/08\/3-GAN-Natverksfrukost-18-sept-2025-1-300x200.jpg 300w, https:\/\/nyforetagarcentrum.se\/sollentuna\/wp-content\/uploads\/sites\/100\/2025\/08\/3-GAN-Natverksfrukost-18-sept-2025-1-768x512.jpg 768w, https:\/\/nyforetagarcentrum.se\/sollentuna\/wp-content\/uploads\/sites\/100\/2025\/08\/3-GAN-Natverksfrukost-18-sept-2025-1.jpg 1055w\" sizes=\"(max-width: 1024px) 100vw, 1024px\" \/><\/figure>\n\n\n\n<p><strong>V\u00e4lkommen till en inspirerande n\u00e4tverkstr\u00e4ff f\u00f6r kvinnliga entrepren\u00f6rer!<\/strong><\/p>\n\n\n\n<p>Den 18 september f\u00e5r vi bes\u00f6k av&nbsp;<strong>Saman Iqbal<\/strong>, grundare av&nbsp;<a href=\"https:\/\/www.seoinsikt.se\/\">SEO Insikt<\/a>&nbsp;i Sollentuna. Saman hj\u00e4lper sm\u00e5f\u00f6retag att v\u00e4xa digitalt genom smarta SEO-strategier, analyser och personlig support.<\/p>\n\n\n\n<p>P\u00e5 n\u00e4tverksfrukosten ber\u00e4ttar Saman varf\u00f6r SEO \u00e4r viktigt f\u00f6r sm\u00e5f\u00f6retag och ger konkreta tips p\u00e5 hur du kan arbeta med s\u00f6kmotoroptimering f\u00f6r att \u00f6ka din synlighet online. F\u00f6rel\u00e4sningen h\u00e5lls fr\u00e4mst p\u00e5 engelska.<\/p>\n\n\n\n<p>Njut av en h\u00e4rlig frukost i v\u00e5r partner Best Western Plus Park City Solnas h\u00e4rliga lokaler, knyt v\u00e4rdefulla kontakter med andra f\u00f6retagare och tr\u00e4ffa v\u00e5ra experter. Almi bjuder p\u00e5 frukost.&nbsp;<\/p>\n\n\n\n<p><strong>N\u00e4r:<\/strong>&nbsp;18 september kl. 08.30\u201310.30. Frukost serveras fr\u00e5n kl 8.30, programmet b\u00f6rjar kl 9.00.<br><strong>Var:&nbsp;<\/strong><a href=\"https:\/\/www.bestwestern.se\/hotel\/88272?gad_source=1&amp;gbraid=0AAAAADr0JzQQMmaL372D4uMT5sdzudKnY&amp;gclid=Cj0KCQjwxsm3BhDrARIsAMtVz6PZ2gLEfZTpsPoJLQaMtv79cPPQ8BwB7PdTOJHcPeIbfSRHkT9lSm4aAhxiEALw_wcB\">Best Western Plus Park City Solna<\/a>, Solna centrum (mellan butiken Normal och Cervera)<\/p>\n\n\n\n<p><em>Ange ev. specialkost till lisa.carpevi@nyforetagarcentrum.se. N\u00e4tverksfrukosten \u00e4r kostnadsfri, men f\u00f6ranm\u00e4lan kr\u00e4vs.<\/em><\/p>\n\n\n\n<p><strong>Varmt v\u00e4lkommen!<\/strong><\/p>\n","protected":false},"template":"","meta":{"footnotes":""},"acf":[],"yoast_head":"<!-- This site is optimized with the Yoast SEO plugin v22.9 - https:\/\/yoast.com\/wordpress\/plugins\/seo\/ -->\n<title>Evenemang i Sollentuna - Nyf\u00f6retagarCentrum<\/title>\n<meta name=\"description\" content=\"N\u00e4tverksfrukost kvinnliga entrepren\u00f6rer Sollentuna Nyf\u00f6retagarCentrum f\u00f6r dig som driver f\u00f6retag eller \u00e4r p\u00e5 v\u00e4g att starta Kostnadsfritt\" \/>\n<meta name=\"robots\" content=\"index, follow, max-snippet:-1, max-image-preview:large, max-video-preview:-1\" \/>\n<link rel=\"canonical\" href=\"https:\/\/nyforetagarcentrum.se\/sollentuna\/evenemang\/natverksfrukost-oka-din-synlighet-med-seo\/\" \/>\n<meta property=\"og:locale\" content=\"sv_SE\" \/>\n<meta property=\"og:type\" content=\"article\" \/>\n<meta property=\"og:title\" content=\"Evenemang i Sollentuna - Nyf\u00f6retagarCentrum\" \/>\n<meta property=\"og:description\" content=\"N\u00e4tverksfrukost kvinnliga entrepren\u00f6rer Sollentuna Nyf\u00f6retagarCentrum f\u00f6r dig som driver f\u00f6retag eller \u00e4r p\u00e5 v\u00e4g att starta Kostnadsfritt\" \/>\n<meta property=\"og:url\" content=\"https:\/\/nyforetagarcentrum.se\/sollentuna\/evenemang\/natverksfrukost-oka-din-synlighet-med-seo\/\" \/>\n<meta property=\"og:site_name\" content=\"Sollentuna\" \/>\n<meta property=\"article:modified_time\" content=\"2025-08-12T13:06:48+00:00\" \/>\n<meta property=\"og:image\" content=\"https:\/\/nyforetagarcentrum.se\/sollentuna\/wp-content\/uploads\/sites\/100\/2025\/08\/3-GAN-Natverksfrukost-18-sept-2025-1-1024x683.jpg\" \/>\n<meta name=\"twitter:card\" content=\"summary_large_image\" \/>\n<meta name=\"twitter:label1\" content=\"Ber\u00e4knad l\u00e4stid\" \/>\n\t<meta name=\"twitter:data1\" content=\"1 minut\" \/>\n<script type=\"application\/ld+json\" class=\"yoast-schema-graph\">{\"@context\":\"https:\/\/schema.org\",\"@graph\":[{\"@type\":\"WebPage\",\"@id\":\"https:\/\/nyforetagarcentrum.se\/sollentuna\/evenemang\/natverksfrukost-oka-din-synlighet-med-seo\/\",\"url\":\"https:\/\/nyforetagarcentrum.se\/sollentuna\/evenemang\/natverksfrukost-oka-din-synlighet-med-seo\/\",\"name\":\"Evenemang i Sollentuna - Nyf\u00f6retagarCentrum\",\"isPartOf\":{\"@id\":\"https:\/\/nyforetagarcentrum.se\/sollentuna\/#website\"},\"primaryImageOfPage\":{\"@id\":\"https:\/\/nyforetagarcentrum.se\/sollentuna\/evenemang\/natverksfrukost-oka-din-synlighet-med-seo\/#primaryimage\"},\"image\":{\"@id\":\"https:\/\/nyforetagarcentrum.se\/sollentuna\/evenemang\/natverksfrukost-oka-din-synlighet-med-seo\/#primaryimage\"},\"thumbnailUrl\":\"https:\/\/nyforetagarcentrum.se\/sollentuna\/wp-content\/uploads\/sites\/100\/2025\/08\/3-GAN-Natverksfrukost-18-sept-2025-1-1024x683.jpg\",\"datePublished\":\"2025-08-11T15:34:36+00:00\",\"dateModified\":\"2025-08-12T13:06:48+00:00\",\"description\":\"N\u00e4tverksfrukost kvinnliga entrepren\u00f6rer Sollentuna Nyf\u00f6retagarCentrum f\u00f6r dig som driver f\u00f6retag eller \u00e4r p\u00e5 v\u00e4g att starta Kostnadsfritt\",\"breadcrumb\":{\"@id\":\"https:\/\/nyforetagarcentrum.se\/sollentuna\/evenemang\/natverksfrukost-oka-din-synlighet-med-seo\/#breadcrumb\"},\"inLanguage\":\"sv-SE\",\"potentialAction\":[{\"@type\":\"ReadAction\",\"target\":[\"https:\/\/nyforetagarcentrum.se\/sollentuna\/evenemang\/natverksfrukost-oka-din-synlighet-med-seo\/\"]}]},{\"@type\":\"ImageObject\",\"inLanguage\":\"sv-SE\",\"@id\":\"https:\/\/nyforetagarcentrum.se\/sollentuna\/evenemang\/natverksfrukost-oka-din-synlighet-med-seo\/#primaryimage\",\"url\":\"https:\/\/nyforetagarcentrum.se\/sollentuna\/wp-content\/uploads\/sites\/100\/2025\/08\/3-GAN-Natverksfrukost-18-sept-2025-1.jpg\",\"contentUrl\":\"https:\/\/nyforetagarcentrum.se\/sollentuna\/wp-content\/uploads\/sites\/100\/2025\/08\/3-GAN-Natverksfrukost-18-sept-2025-1.jpg\",\"width\":1055,\"height\":704},{\"@type\":\"BreadcrumbList\",\"@id\":\"https:\/\/nyforetagarcentrum.se\/sollentuna\/evenemang\/natverksfrukost-oka-din-synlighet-med-seo\/#breadcrumb\",\"itemListElement\":[{\"@type\":\"ListItem\",\"position\":1,\"name\":\"Hem\",\"item\":\"https:\/\/nyforetagarcentrum.se\/sollentuna\/\"},{\"@type\":\"ListItem\",\"position\":2,\"name\":\"Evenemang\",\"item\":\"https:\/\/nyforetagarcentrum.se\/sollentuna\/evenemang\/\"},{\"@type\":\"ListItem\",\"position\":3,\"name\":\"N\u00e4tverksfrukost \u2013 \u00d6ka din synlighet med SEO\"}]},{\"@type\":\"WebSite\",\"@id\":\"https:\/\/nyforetagarcentrum.se\/sollentuna\/#website\",\"url\":\"https:\/\/nyforetagarcentrum.se\/sollentuna\/\",\"name\":\"Sollentuna\",\"description\":\"Sveriges ledande kraft f\u00f6r fler nya livskraftiga f\u00f6retag\",\"publisher\":{\"@id\":\"https:\/\/nyforetagarcentrum.se\/sollentuna\/#organization\"},\"potentialAction\":[{\"@type\":\"SearchAction\",\"target\":{\"@type\":\"EntryPoint\",\"urlTemplate\":\"https:\/\/nyforetagarcentrum.se\/sollentuna\/?s={search_term_string}\"},\"query-input\":\"required name=search_term_string\"}],\"inLanguage\":\"sv-SE\"},{\"@type\":\"Organization\",\"@id\":\"https:\/\/nyforetagarcentrum.se\/sollentuna\/#organization\",\"name\":\"Sollentuna\",\"url\":\"https:\/\/nyforetagarcentrum.se\/sollentuna\/\",\"logo\":{\"@type\":\"ImageObject\",\"inLanguage\":\"sv-SE\",\"@id\":\"https:\/\/nyforetagarcentrum.se\/sollentuna\/#\/schema\/logo\/image\/\",\"url\":\"https:\/\/nyforetagarcentrum.se\/sollentuna\/wp-content\/uploads\/sites\/100\/2024\/07\/sollentuna_bla.png\",\"contentUrl\":\"https:\/\/nyforetagarcentrum.se\/sollentuna\/wp-content\/uploads\/sites\/100\/2024\/07\/sollentuna_bla.png\",\"width\":870,\"height\":355,\"caption\":\"Sollentuna\"},\"image\":{\"@id\":\"https:\/\/nyforetagarcentrum.se\/sollentuna\/#\/schema\/logo\/image\/\"}}]}<\/script>\n<!-- \/ Yoast SEO plugin. -->","yoast_head_json":{"title":"Evenemang i Sollentuna - Nyf\u00f6retagarCentrum","description":"N\u00e4tverksfrukost kvinnliga entrepren\u00f6rer Sollentuna Nyf\u00f6retagarCentrum f\u00f6r dig som driver f\u00f6retag eller \u00e4r p\u00e5 v\u00e4g att starta Kostnadsfritt","robots":{"index":"index","follow":"follow","max-snippet":"max-snippet:-1","max-image-preview":"max-image-preview:large","max-video-preview":"max-video-preview:-1"},"canonical":"https:\/\/nyforetagarcentrum.se\/sollentuna\/evenemang\/natverksfrukost-oka-din-synlighet-med-seo\/","og_locale":"sv_SE","og_type":"article","og_title":"Evenemang i Sollentuna - Nyf\u00f6retagarCentrum","og_description":"N\u00e4tverksfrukost kvinnliga entrepren\u00f6rer Sollentuna Nyf\u00f6retagarCentrum f\u00f6r dig som driver f\u00f6retag eller \u00e4r p\u00e5 v\u00e4g att starta Kostnadsfritt","og_url":"https:\/\/nyforetagarcentrum.se\/sollentuna\/evenemang\/natverksfrukost-oka-din-synlighet-med-seo\/","og_site_name":"Sollentuna","article_modified_time":"2025-08-12T13:06:48+00:00","og_image":[{"url":"https:\/\/nyforetagarcentrum.se\/sollentuna\/wp-content\/uploads\/sites\/100\/2025\/08\/3-GAN-Natverksfrukost-18-sept-2025-1-1024x683.jpg"}],"twitter_card":"summary_large_image","twitter_misc":{"Ber\u00e4knad l\u00e4stid":"1 minut"},"schema":{"@context":"https:\/\/schema.org","@graph":[{"@type":"WebPage","@id":"https:\/\/nyforetagarcentrum.se\/sollentuna\/evenemang\/natverksfrukost-oka-din-synlighet-med-seo\/","url":"https:\/\/nyforetagarcentrum.se\/sollentuna\/evenemang\/natverksfrukost-oka-din-synlighet-med-seo\/","name":"Evenemang i Sollentuna - Nyf\u00f6retagarCentrum","isPartOf":{"@id":"https:\/\/nyforetagarcentrum.se\/sollentuna\/#website"},"primaryImageOfPage":{"@id":"https:\/\/nyforetagarcentrum.se\/sollentuna\/evenemang\/natverksfrukost-oka-din-synlighet-med-seo\/#primaryimage"},"image":{"@id":"https:\/\/nyforetagarcentrum.se\/sollentuna\/evenemang\/natverksfrukost-oka-din-synlighet-med-seo\/#primaryimage"},"thumbnailUrl":"https:\/\/nyforetagarcentrum.se\/sollentuna\/wp-content\/uploads\/sites\/100\/2025\/08\/3-GAN-Natverksfrukost-18-sept-2025-1-1024x683.jpg","datePublished":"2025-08-11T15:34:36+00:00","dateModified":"2025-08-12T13:06:48+00:00","description":"N\u00e4tverksfrukost kvinnliga entrepren\u00f6rer Sollentuna Nyf\u00f6retagarCentrum f\u00f6r dig som driver f\u00f6retag eller \u00e4r p\u00e5 v\u00e4g att starta Kostnadsfritt","breadcrumb":{"@id":"https:\/\/nyforetagarcentrum.se\/sollentuna\/evenemang\/natverksfrukost-oka-din-synlighet-med-seo\/#breadcrumb"},"inLanguage":"sv-SE","potentialAction":[{"@type":"ReadAction","target":["https:\/\/nyforetagarcentrum.se\/sollentuna\/evenemang\/natverksfrukost-oka-din-synlighet-med-seo\/"]}]},{"@type":"ImageObject","inLanguage":"sv-SE","@id":"https:\/\/nyforetagarcentrum.se\/sollentuna\/evenemang\/natverksfrukost-oka-din-synlighet-med-seo\/#primaryimage","url":"https:\/\/nyforetagarcentrum.se\/sollentuna\/wp-content\/uploads\/sites\/100\/2025\/08\/3-GAN-Natverksfrukost-18-sept-2025-1.jpg","contentUrl":"https:\/\/nyforetagarcentrum.se\/sollentuna\/wp-content\/uploads\/sites\/100\/2025\/08\/3-GAN-Natverksfrukost-18-sept-2025-1.jpg","width":1055,"height":704},{"@type":"BreadcrumbList","@id":"https:\/\/nyforetagarcentrum.se\/sollentuna\/evenemang\/natverksfrukost-oka-din-synlighet-med-seo\/#breadcrumb","itemListElement":[{"@type":"ListItem","position":1,"name":"Hem","item":"https:\/\/nyforetagarcentrum.se\/sollentuna\/"},{"@type":"ListItem","position":2,"name":"Evenemang","item":"https:\/\/nyforetagarcentrum.se\/sollentuna\/evenemang\/"},{"@type":"ListItem","position":3,"name":"N\u00e4tverksfrukost \u2013 \u00d6ka din synlighet med SEO"}]},{"@type":"WebSite","@id":"https:\/\/nyforetagarcentrum.se\/sollentuna\/#website","url":"https:\/\/nyforetagarcentrum.se\/sollentuna\/","name":"Sollentuna","description":"Sveriges ledande kraft f\u00f6r fler nya livskraftiga f\u00f6retag","publisher":{"@id":"https:\/\/nyforetagarcentrum.se\/sollentuna\/#organization"},"potentialAction":[{"@type":"SearchAction","target":{"@type":"EntryPoint","urlTemplate":"https:\/\/nyforetagarcentrum.se\/sollentuna\/?s={search_term_string}"},"query-input":"required name=search_term_string"}],"inLanguage":"sv-SE"},{"@type":"Organization","@id":"https:\/\/nyforetagarcentrum.se\/sollentuna\/#organization","name":"Sollentuna","url":"https:\/\/nyforetagarcentrum.se\/sollentuna\/","logo":{"@type":"ImageObject","inLanguage":"sv-SE","@id":"https:\/\/nyforetagarcentrum.se\/sollentuna\/#\/schema\/logo\/image\/","url":"https:\/\/nyforetagarcentrum.se\/sollentuna\/wp-content\/uploads\/sites\/100\/2024\/07\/sollentuna_bla.png","contentUrl":"https:\/\/nyforetagarcentrum.se\/sollentuna\/wp-content\/uploads\/sites\/100\/2024\/07\/sollentuna_bla.png","width":870,"height":355,"caption":"Sollentuna"},"image":{"@id":"https:\/\/nyforetagarcentrum.se\/sollentuna\/#\/schema\/logo\/image\/"}}]}},"_links":{"self":[{"href":"https:\/\/nyforetagarcentrum.se\/sollentuna\/wp-json\/wp\/v2\/event\/2579"}],"collection":[{"href":"https:\/\/nyforetagarcentrum.se\/sollentuna\/wp-json\/wp\/v2\/event"}],"about":[{"href":"https:\/\/nyforetagarcentrum.se\/sollentuna\/wp-json\/wp\/v2\/types\/event"}],"version-history":[{"count":7,"href":"https:\/\/nyforetagarcentrum.se\/sollentuna\/wp-json\/wp\/v2\/event\/2579\/revisions"}],"predecessor-version":[{"id":2588,"href":"https:\/\/nyforetagarcentrum.se\/sollentuna\/wp-json\/wp\/v2\/event\/2579\/revisions\/2588"}],"wp:attachment":[{"href":"https:\/\/nyforetagarcentrum.se\/sollentuna\/wp-json\/wp\/v2\/media?parent=2579"}],"curies":[{"name":"wp","href":"https:\/\/api.w.org\/{rel}","templated":true}]}}