{"id":2550,"date":"2026-01-06T13:58:00","date_gmt":"2026-01-06T12:58:00","guid":{"rendered":"https:\/\/nyforetagarcentrum.se\/sollentuna\/?post_type=event&#038;p=2550"},"modified":"2026-01-06T14:30:30","modified_gmt":"2026-01-06T13:30:30","slug":"crash-course-i-marknadsforing-med-rut-semere-2","status":"publish","type":"event","link":"https:\/\/nyforetagarcentrum.se\/sollentuna\/evenemang\/crash-course-i-marknadsforing-med-rut-semere-2\/","title":{"rendered":"Crash Course i Marknadsf\u00f6ring med Rut Semere"},"content":{"rendered":"\n<figure class=\"wp-block-image size-full\"><img loading=\"lazy\" decoding=\"async\" width=\"787\" height=\"421\" src=\"https:\/\/nyforetagarcentrum.se\/sollentuna\/wp-content\/uploads\/sites\/100\/2025\/08\/Social-media-GAN-2.jpg\" alt=\"\" class=\"wp-image-2594\" srcset=\"https:\/\/nyforetagarcentrum.se\/sollentuna\/wp-content\/uploads\/sites\/100\/2025\/08\/Social-media-GAN-2.jpg 787w, https:\/\/nyforetagarcentrum.se\/sollentuna\/wp-content\/uploads\/sites\/100\/2025\/08\/Social-media-GAN-2-300x160.jpg 300w, https:\/\/nyforetagarcentrum.se\/sollentuna\/wp-content\/uploads\/sites\/100\/2025\/08\/Social-media-GAN-2-768x411.jpg 768w\" sizes=\"(max-width: 787px) 100vw, 787px\" \/><\/figure>\n\n\n\n<p>G\u00f6r din marknadsf\u00f6ring enkel, effektiv och skr\u00e4ddarsydd f\u00f6r ditt\u00a0f\u00f6retags behov!\u00a0En intensiv och praktisk 1-timmes\u00a0onlineworkshop\u00a0f\u00f6r att ge dig nyckelstrategier och verktyg som kan lyfta marknadsf\u00f6ringen i ditt sm\u00e5f\u00f6retag. Perfekt f\u00f6r dig som vill n\u00e5 ut till r\u00e4tt m\u00e5lgrupp, \u00f6ka engagemanget och driva tillv\u00e4xt.<\/p>\n\n\n\n<p>\u2022 Grunderna i effektiv marknadsf\u00f6ring f\u00f6r SMEs.<br>\u2022 Hur du anpassar strategier till din verksamhet.<br>\u2022 Praktiska tips f\u00f6r att st\u00e4rka ditt varum\u00e4rke och skapa resultat<\/p>\n\n\n\n<p>med Rut Semere, r\u00e5dgivare hos Nyf\u00f6retagarCentrum<\/p>\n","protected":false},"template":"","meta":{"footnotes":""},"acf":[],"yoast_head":"<!-- This site is optimized with the Yoast SEO plugin v22.9 - https:\/\/yoast.com\/wordpress\/plugins\/seo\/ -->\n<title>Evenemang i Sollentuna - Nyf\u00f6retagarCentrum<\/title>\n<meta name=\"description\" content=\"Kostnadsfritt webinar om marknadsf\u00f6ring f\u00f6r dig som nyligen startat f\u00f6retag Nyf\u00f6retagarCentrum Sollentuna hjl\u00e4per dig att starta egetv\" \/>\n<meta name=\"robots\" content=\"index, follow, max-snippet:-1, max-image-preview:large, max-video-preview:-1\" \/>\n<link rel=\"canonical\" href=\"https:\/\/nyforetagarcentrum.se\/sollentuna\/evenemang\/crash-course-i-marknadsforing-med-rut-semere-2\/\" \/>\n<meta property=\"og:locale\" content=\"sv_SE\" \/>\n<meta property=\"og:type\" content=\"article\" \/>\n<meta property=\"og:title\" content=\"Evenemang i Sollentuna - Nyf\u00f6retagarCentrum\" \/>\n<meta property=\"og:description\" content=\"Kostnadsfritt webinar om marknadsf\u00f6ring f\u00f6r dig som nyligen startat f\u00f6retag Nyf\u00f6retagarCentrum Sollentuna hjl\u00e4per dig att starta egetv\" \/>\n<meta property=\"og:url\" content=\"https:\/\/nyforetagarcentrum.se\/sollentuna\/evenemang\/crash-course-i-marknadsforing-med-rut-semere-2\/\" \/>\n<meta property=\"og:site_name\" content=\"Sollentuna\" \/>\n<meta property=\"article:modified_time\" content=\"2026-01-06T13:30:30+00:00\" \/>\n<meta property=\"og:image\" content=\"https:\/\/nyforetagarcentrum.se\/sollentuna\/wp-content\/uploads\/sites\/100\/2025\/08\/Social-media-GAN-2.jpg\" \/>\n<meta name=\"twitter:card\" content=\"summary_large_image\" \/>\n<meta name=\"twitter:label1\" content=\"Ber\u00e4knad l\u00e4stid\" \/>\n\t<meta name=\"twitter:data1\" content=\"1 minut\" \/>\n<script type=\"application\/ld+json\" class=\"yoast-schema-graph\">{\"@context\":\"https:\/\/schema.org\",\"@graph\":[{\"@type\":\"WebPage\",\"@id\":\"https:\/\/nyforetagarcentrum.se\/sollentuna\/evenemang\/crash-course-i-marknadsforing-med-rut-semere-2\/\",\"url\":\"https:\/\/nyforetagarcentrum.se\/sollentuna\/evenemang\/crash-course-i-marknadsforing-med-rut-semere-2\/\",\"name\":\"Evenemang i Sollentuna - Nyf\u00f6retagarCentrum\",\"isPartOf\":{\"@id\":\"https:\/\/nyforetagarcentrum.se\/sollentuna\/#website\"},\"primaryImageOfPage\":{\"@id\":\"https:\/\/nyforetagarcentrum.se\/sollentuna\/evenemang\/crash-course-i-marknadsforing-med-rut-semere-2\/#primaryimage\"},\"image\":{\"@id\":\"https:\/\/nyforetagarcentrum.se\/sollentuna\/evenemang\/crash-course-i-marknadsforing-med-rut-semere-2\/#primaryimage\"},\"thumbnailUrl\":\"https:\/\/nyforetagarcentrum.se\/sollentuna\/wp-content\/uploads\/sites\/100\/2025\/08\/Social-media-GAN-2.jpg\",\"datePublished\":\"2026-01-06T12:58:00+00:00\",\"dateModified\":\"2026-01-06T13:30:30+00:00\",\"description\":\"Kostnadsfritt webinar om marknadsf\u00f6ring f\u00f6r dig som nyligen startat f\u00f6retag Nyf\u00f6retagarCentrum Sollentuna hjl\u00e4per dig att starta egetv\",\"breadcrumb\":{\"@id\":\"https:\/\/nyforetagarcentrum.se\/sollentuna\/evenemang\/crash-course-i-marknadsforing-med-rut-semere-2\/#breadcrumb\"},\"inLanguage\":\"sv-SE\",\"potentialAction\":[{\"@type\":\"ReadAction\",\"target\":[\"https:\/\/nyforetagarcentrum.se\/sollentuna\/evenemang\/crash-course-i-marknadsforing-med-rut-semere-2\/\"]}]},{\"@type\":\"ImageObject\",\"inLanguage\":\"sv-SE\",\"@id\":\"https:\/\/nyforetagarcentrum.se\/sollentuna\/evenemang\/crash-course-i-marknadsforing-med-rut-semere-2\/#primaryimage\",\"url\":\"https:\/\/nyforetagarcentrum.se\/sollentuna\/wp-content\/uploads\/sites\/100\/2025\/08\/Social-media-GAN-2.jpg\",\"contentUrl\":\"https:\/\/nyforetagarcentrum.se\/sollentuna\/wp-content\/uploads\/sites\/100\/2025\/08\/Social-media-GAN-2.jpg\",\"width\":787,\"height\":421},{\"@type\":\"BreadcrumbList\",\"@id\":\"https:\/\/nyforetagarcentrum.se\/sollentuna\/evenemang\/crash-course-i-marknadsforing-med-rut-semere-2\/#breadcrumb\",\"itemListElement\":[{\"@type\":\"ListItem\",\"position\":1,\"name\":\"Hem\",\"item\":\"https:\/\/nyforetagarcentrum.se\/sollentuna\/\"},{\"@type\":\"ListItem\",\"position\":2,\"name\":\"Evenemang\",\"item\":\"https:\/\/nyforetagarcentrum.se\/sollentuna\/evenemang\/\"},{\"@type\":\"ListItem\",\"position\":3,\"name\":\"Crash Course i Marknadsf\u00f6ring med Rut Semere\"}]},{\"@type\":\"WebSite\",\"@id\":\"https:\/\/nyforetagarcentrum.se\/sollentuna\/#website\",\"url\":\"https:\/\/nyforetagarcentrum.se\/sollentuna\/\",\"name\":\"Sollentuna\",\"description\":\"Sveriges ledande kraft f\u00f6r fler nya livskraftiga f\u00f6retag\",\"publisher\":{\"@id\":\"https:\/\/nyforetagarcentrum.se\/sollentuna\/#organization\"},\"potentialAction\":[{\"@type\":\"SearchAction\",\"target\":{\"@type\":\"EntryPoint\",\"urlTemplate\":\"https:\/\/nyforetagarcentrum.se\/sollentuna\/?s={search_term_string}\"},\"query-input\":\"required name=search_term_string\"}],\"inLanguage\":\"sv-SE\"},{\"@type\":\"Organization\",\"@id\":\"https:\/\/nyforetagarcentrum.se\/sollentuna\/#organization\",\"name\":\"Sollentuna\",\"url\":\"https:\/\/nyforetagarcentrum.se\/sollentuna\/\",\"logo\":{\"@type\":\"ImageObject\",\"inLanguage\":\"sv-SE\",\"@id\":\"https:\/\/nyforetagarcentrum.se\/sollentuna\/#\/schema\/logo\/image\/\",\"url\":\"https:\/\/nyforetagarcentrum.se\/sollentuna\/wp-content\/uploads\/sites\/100\/2024\/07\/sollentuna_bla.png\",\"contentUrl\":\"https:\/\/nyforetagarcentrum.se\/sollentuna\/wp-content\/uploads\/sites\/100\/2024\/07\/sollentuna_bla.png\",\"width\":870,\"height\":355,\"caption\":\"Sollentuna\"},\"image\":{\"@id\":\"https:\/\/nyforetagarcentrum.se\/sollentuna\/#\/schema\/logo\/image\/\"}}]}<\/script>\n<!-- \/ Yoast SEO plugin. -->","yoast_head_json":{"title":"Evenemang i Sollentuna - Nyf\u00f6retagarCentrum","description":"Kostnadsfritt webinar om marknadsf\u00f6ring f\u00f6r dig som nyligen startat f\u00f6retag Nyf\u00f6retagarCentrum Sollentuna hjl\u00e4per dig att starta egetv","robots":{"index":"index","follow":"follow","max-snippet":"max-snippet:-1","max-image-preview":"max-image-preview:large","max-video-preview":"max-video-preview:-1"},"canonical":"https:\/\/nyforetagarcentrum.se\/sollentuna\/evenemang\/crash-course-i-marknadsforing-med-rut-semere-2\/","og_locale":"sv_SE","og_type":"article","og_title":"Evenemang i Sollentuna - Nyf\u00f6retagarCentrum","og_description":"Kostnadsfritt webinar om marknadsf\u00f6ring f\u00f6r dig som nyligen startat f\u00f6retag Nyf\u00f6retagarCentrum Sollentuna hjl\u00e4per dig att starta egetv","og_url":"https:\/\/nyforetagarcentrum.se\/sollentuna\/evenemang\/crash-course-i-marknadsforing-med-rut-semere-2\/","og_site_name":"Sollentuna","article_modified_time":"2026-01-06T13:30:30+00:00","og_image":[{"url":"https:\/\/nyforetagarcentrum.se\/sollentuna\/wp-content\/uploads\/sites\/100\/2025\/08\/Social-media-GAN-2.jpg"}],"twitter_card":"summary_large_image","twitter_misc":{"Ber\u00e4knad l\u00e4stid":"1 minut"},"schema":{"@context":"https:\/\/schema.org","@graph":[{"@type":"WebPage","@id":"https:\/\/nyforetagarcentrum.se\/sollentuna\/evenemang\/crash-course-i-marknadsforing-med-rut-semere-2\/","url":"https:\/\/nyforetagarcentrum.se\/sollentuna\/evenemang\/crash-course-i-marknadsforing-med-rut-semere-2\/","name":"Evenemang i Sollentuna - Nyf\u00f6retagarCentrum","isPartOf":{"@id":"https:\/\/nyforetagarcentrum.se\/sollentuna\/#website"},"primaryImageOfPage":{"@id":"https:\/\/nyforetagarcentrum.se\/sollentuna\/evenemang\/crash-course-i-marknadsforing-med-rut-semere-2\/#primaryimage"},"image":{"@id":"https:\/\/nyforetagarcentrum.se\/sollentuna\/evenemang\/crash-course-i-marknadsforing-med-rut-semere-2\/#primaryimage"},"thumbnailUrl":"https:\/\/nyforetagarcentrum.se\/sollentuna\/wp-content\/uploads\/sites\/100\/2025\/08\/Social-media-GAN-2.jpg","datePublished":"2026-01-06T12:58:00+00:00","dateModified":"2026-01-06T13:30:30+00:00","description":"Kostnadsfritt webinar om marknadsf\u00f6ring f\u00f6r dig som nyligen startat f\u00f6retag Nyf\u00f6retagarCentrum Sollentuna hjl\u00e4per dig att starta egetv","breadcrumb":{"@id":"https:\/\/nyforetagarcentrum.se\/sollentuna\/evenemang\/crash-course-i-marknadsforing-med-rut-semere-2\/#breadcrumb"},"inLanguage":"sv-SE","potentialAction":[{"@type":"ReadAction","target":["https:\/\/nyforetagarcentrum.se\/sollentuna\/evenemang\/crash-course-i-marknadsforing-med-rut-semere-2\/"]}]},{"@type":"ImageObject","inLanguage":"sv-SE","@id":"https:\/\/nyforetagarcentrum.se\/sollentuna\/evenemang\/crash-course-i-marknadsforing-med-rut-semere-2\/#primaryimage","url":"https:\/\/nyforetagarcentrum.se\/sollentuna\/wp-content\/uploads\/sites\/100\/2025\/08\/Social-media-GAN-2.jpg","contentUrl":"https:\/\/nyforetagarcentrum.se\/sollentuna\/wp-content\/uploads\/sites\/100\/2025\/08\/Social-media-GAN-2.jpg","width":787,"height":421},{"@type":"BreadcrumbList","@id":"https:\/\/nyforetagarcentrum.se\/sollentuna\/evenemang\/crash-course-i-marknadsforing-med-rut-semere-2\/#breadcrumb","itemListElement":[{"@type":"ListItem","position":1,"name":"Hem","item":"https:\/\/nyforetagarcentrum.se\/sollentuna\/"},{"@type":"ListItem","position":2,"name":"Evenemang","item":"https:\/\/nyforetagarcentrum.se\/sollentuna\/evenemang\/"},{"@type":"ListItem","position":3,"name":"Crash Course i Marknadsf\u00f6ring med Rut Semere"}]},{"@type":"WebSite","@id":"https:\/\/nyforetagarcentrum.se\/sollentuna\/#website","url":"https:\/\/nyforetagarcentrum.se\/sollentuna\/","name":"Sollentuna","description":"Sveriges ledande kraft f\u00f6r fler nya livskraftiga f\u00f6retag","publisher":{"@id":"https:\/\/nyforetagarcentrum.se\/sollentuna\/#organization"},"potentialAction":[{"@type":"SearchAction","target":{"@type":"EntryPoint","urlTemplate":"https:\/\/nyforetagarcentrum.se\/sollentuna\/?s={search_term_string}"},"query-input":"required name=search_term_string"}],"inLanguage":"sv-SE"},{"@type":"Organization","@id":"https:\/\/nyforetagarcentrum.se\/sollentuna\/#organization","name":"Sollentuna","url":"https:\/\/nyforetagarcentrum.se\/sollentuna\/","logo":{"@type":"ImageObject","inLanguage":"sv-SE","@id":"https:\/\/nyforetagarcentrum.se\/sollentuna\/#\/schema\/logo\/image\/","url":"https:\/\/nyforetagarcentrum.se\/sollentuna\/wp-content\/uploads\/sites\/100\/2024\/07\/sollentuna_bla.png","contentUrl":"https:\/\/nyforetagarcentrum.se\/sollentuna\/wp-content\/uploads\/sites\/100\/2024\/07\/sollentuna_bla.png","width":870,"height":355,"caption":"Sollentuna"},"image":{"@id":"https:\/\/nyforetagarcentrum.se\/sollentuna\/#\/schema\/logo\/image\/"}}]}},"_links":{"self":[{"href":"https:\/\/nyforetagarcentrum.se\/sollentuna\/wp-json\/wp\/v2\/event\/2550"}],"collection":[{"href":"https:\/\/nyforetagarcentrum.se\/sollentuna\/wp-json\/wp\/v2\/event"}],"about":[{"href":"https:\/\/nyforetagarcentrum.se\/sollentuna\/wp-json\/wp\/v2\/types\/event"}],"version-history":[{"count":6,"href":"https:\/\/nyforetagarcentrum.se\/sollentuna\/wp-json\/wp\/v2\/event\/2550\/revisions"}],"predecessor-version":[{"id":2790,"href":"https:\/\/nyforetagarcentrum.se\/sollentuna\/wp-json\/wp\/v2\/event\/2550\/revisions\/2790"}],"wp:attachment":[{"href":"https:\/\/nyforetagarcentrum.se\/sollentuna\/wp-json\/wp\/v2\/media?parent=2550"}],"curies":[{"name":"wp","href":"https:\/\/api.w.org\/{rel}","templated":true}]}}