{"id":6,"date":"2024-02-22T10:16:29","date_gmt":"2024-02-22T09:16:29","guid":{"rendered":"https:\/\/nyforetagarcentrum.se\/sodertalje\/?page_id=6"},"modified":"2025-04-10T12:29:01","modified_gmt":"2025-04-10T10:29:01","slug":"startsida","status":"publish","type":"page","link":"https:\/\/nyforetagarcentrum.se\/sodertalje\/","title":{"rendered":"Startsida"},"content":{"rendered":"<section  class=\"nfc-block-hero alignfull\">\n\n    <img loading=\"lazy\" decoding=\"async\" width=\"1512\" height=\"769\" src=\"https:\/\/nyforetagarcentrum.se\/sodertalje\/wp-content\/uploads\/sites\/77\/2024\/02\/topp-banner-1.png\" class=\"attachment-landscape size-landscape\" alt=\"\" srcset=\"https:\/\/nyforetagarcentrum.se\/sodertalje\/wp-content\/uploads\/sites\/77\/2024\/02\/topp-banner-1.png 1512w, https:\/\/nyforetagarcentrum.se\/sodertalje\/wp-content\/uploads\/sites\/77\/2024\/02\/topp-banner-1-300x153.png 300w, https:\/\/nyforetagarcentrum.se\/sodertalje\/wp-content\/uploads\/sites\/77\/2024\/02\/topp-banner-1-1024x521.png 1024w, https:\/\/nyforetagarcentrum.se\/sodertalje\/wp-content\/uploads\/sites\/77\/2024\/02\/topp-banner-1-768x391.png 768w\" sizes=\"(max-width: 1512px) 100vw, 1512px\" \/>\n    <div class=\"contained\">\n        <h1 class=\"nfc-block-hero__heading\">V\u00e4lkommen till Nyf\u00f6retagarCentrum S\u00f6dert\u00e4lje Nykvarn Salem<\/h1>\n\n                    <div class=\"nfc-block-hero__buttons\">\n                                    <a href=\"https:\/\/jobsdata-nyforetagarcentrum.se\/ExternBooking?OfficeId=3456edb6-5696-e811-80d7-0050568571f4\" class=\"button primary\">Boka r\u00e5dgivning<\/a>\n                                    <a href=\"https:\/\/nyforetagarcentrum.se\/sodertalje\/erbjudanden\/\" class=\"button white\">Erbjudande<\/a>\n                            <\/div>\n            <\/div>\n<\/section>\n\n\n<div style=\"height:9px\" aria-hidden=\"true\" class=\"wp-block-spacer\"><\/div>\n\n\n<section  class=\"nfc-block-logo_carousel alignfull\" style=\"--items: 13;\">\n    <div class=\"\">\n                \n        <div class=\"carousel-wrapper\">\n            <div class=\"carousel-inner\">\n                                    <div class=\"carousel-item\">\n                        <img loading=\"lazy\" decoding=\"async\" width=\"2560\" height=\"1918\" src=\"https:\/\/nyforetagarcentrum.se\/sodertalje\/wp-content\/uploads\/sites\/77\/2024\/05\/Logo_ovaltaxingeslott-scaled.jpg\" class=\"attachment-full size-full\" alt=\"\" srcset=\"https:\/\/nyforetagarcentrum.se\/sodertalje\/wp-content\/uploads\/sites\/77\/2024\/05\/Logo_ovaltaxingeslott-scaled.jpg 2560w, https:\/\/nyforetagarcentrum.se\/sodertalje\/wp-content\/uploads\/sites\/77\/2024\/05\/Logo_ovaltaxingeslott-300x225.jpg 300w, https:\/\/nyforetagarcentrum.se\/sodertalje\/wp-content\/uploads\/sites\/77\/2024\/05\/Logo_ovaltaxingeslott-1024x767.jpg 1024w, https:\/\/nyforetagarcentrum.se\/sodertalje\/wp-content\/uploads\/sites\/77\/2024\/05\/Logo_ovaltaxingeslott-768x575.jpg 768w, https:\/\/nyforetagarcentrum.se\/sodertalje\/wp-content\/uploads\/sites\/77\/2024\/05\/Logo_ovaltaxingeslott-1536x1151.jpg 1536w, https:\/\/nyforetagarcentrum.se\/sodertalje\/wp-content\/uploads\/sites\/77\/2024\/05\/Logo_ovaltaxingeslott-2048x1534.jpg 2048w, https:\/\/nyforetagarcentrum.se\/sodertalje\/wp-content\/uploads\/sites\/77\/2024\/05\/Logo_ovaltaxingeslott-1442x1080.jpg 1442w\" sizes=\"(max-width: 2560px) 100vw, 2560px\" \/>                    <\/div>\n                                    <div class=\"carousel-item\">\n                        <img loading=\"lazy\" decoding=\"async\" width=\"788\" height=\"281\" src=\"https:\/\/nyforetagarcentrum.se\/sodertalje\/wp-content\/uploads\/sites\/77\/2024\/05\/almi_logo_svart_rgb.webp\" class=\"attachment-full size-full\" alt=\"\" srcset=\"https:\/\/nyforetagarcentrum.se\/sodertalje\/wp-content\/uploads\/sites\/77\/2024\/05\/almi_logo_svart_rgb.webp 788w, https:\/\/nyforetagarcentrum.se\/sodertalje\/wp-content\/uploads\/sites\/77\/2024\/05\/almi_logo_svart_rgb-300x107.webp 300w, https:\/\/nyforetagarcentrum.se\/sodertalje\/wp-content\/uploads\/sites\/77\/2024\/05\/almi_logo_svart_rgb-768x274.webp 768w\" sizes=\"(max-width: 788px) 100vw, 788px\" \/>                    <\/div>\n                                    <div class=\"carousel-item\">\n                        <img loading=\"lazy\" decoding=\"async\" width=\"3121\" height=\"1028\" src=\"https:\/\/nyforetagarcentrum.se\/sodertalje\/wp-content\/uploads\/sites\/77\/2024\/05\/Nykvarn_logo_SV-1.png\" class=\"attachment-full size-full\" alt=\"\" srcset=\"https:\/\/nyforetagarcentrum.se\/sodertalje\/wp-content\/uploads\/sites\/77\/2024\/05\/Nykvarn_logo_SV-1.png 3121w, https:\/\/nyforetagarcentrum.se\/sodertalje\/wp-content\/uploads\/sites\/77\/2024\/05\/Nykvarn_logo_SV-1-300x99.png 300w, https:\/\/nyforetagarcentrum.se\/sodertalje\/wp-content\/uploads\/sites\/77\/2024\/05\/Nykvarn_logo_SV-1-1024x337.png 1024w, https:\/\/nyforetagarcentrum.se\/sodertalje\/wp-content\/uploads\/sites\/77\/2024\/05\/Nykvarn_logo_SV-1-768x253.png 768w, https:\/\/nyforetagarcentrum.se\/sodertalje\/wp-content\/uploads\/sites\/77\/2024\/05\/Nykvarn_logo_SV-1-1536x506.png 1536w, https:\/\/nyforetagarcentrum.se\/sodertalje\/wp-content\/uploads\/sites\/77\/2024\/05\/Nykvarn_logo_SV-1-2048x675.png 2048w, https:\/\/nyforetagarcentrum.se\/sodertalje\/wp-content\/uploads\/sites\/77\/2024\/05\/Nykvarn_logo_SV-1-1920x632.png 1920w\" sizes=\"(max-width: 3121px) 100vw, 3121px\" \/>                    <\/div>\n                                    <div class=\"carousel-item\">\n                        <img loading=\"lazy\" decoding=\"async\" width=\"2560\" height=\"935\" src=\"https:\/\/nyforetagarcentrum.se\/sodertalje\/wp-content\/uploads\/sites\/77\/2024\/05\/telge-logo-2021-sv-rgb-scaled.jpg\" class=\"attachment-full size-full\" alt=\"\" srcset=\"https:\/\/nyforetagarcentrum.se\/sodertalje\/wp-content\/uploads\/sites\/77\/2024\/05\/telge-logo-2021-sv-rgb-scaled.jpg 2560w, https:\/\/nyforetagarcentrum.se\/sodertalje\/wp-content\/uploads\/sites\/77\/2024\/05\/telge-logo-2021-sv-rgb-300x110.jpg 300w, https:\/\/nyforetagarcentrum.se\/sodertalje\/wp-content\/uploads\/sites\/77\/2024\/05\/telge-logo-2021-sv-rgb-1024x374.jpg 1024w, https:\/\/nyforetagarcentrum.se\/sodertalje\/wp-content\/uploads\/sites\/77\/2024\/05\/telge-logo-2021-sv-rgb-768x281.jpg 768w, https:\/\/nyforetagarcentrum.se\/sodertalje\/wp-content\/uploads\/sites\/77\/2024\/05\/telge-logo-2021-sv-rgb-1536x561.jpg 1536w, https:\/\/nyforetagarcentrum.se\/sodertalje\/wp-content\/uploads\/sites\/77\/2024\/05\/telge-logo-2021-sv-rgb-2048x748.jpg 2048w, https:\/\/nyforetagarcentrum.se\/sodertalje\/wp-content\/uploads\/sites\/77\/2024\/05\/telge-logo-2021-sv-rgb-1920x701.jpg 1920w\" sizes=\"(max-width: 2560px) 100vw, 2560px\" \/>                    <\/div>\n                                    <div class=\"carousel-item\">\n                        <img loading=\"lazy\" decoding=\"async\" width=\"134\" height=\"45\" src=\"https:\/\/nyforetagarcentrum.se\/sodertalje\/wp-content\/uploads\/sites\/77\/2024\/05\/sodertaljelogga_farg-e1526474126116.png\" class=\"attachment-full size-full\" alt=\"\" \/>                    <\/div>\n                                    <div class=\"carousel-item\">\n                        <img loading=\"lazy\" decoding=\"async\" width=\"843\" height=\"844\" src=\"https:\/\/nyforetagarcentrum.se\/sodertalje\/wp-content\/uploads\/sites\/77\/2024\/05\/SEB-logga.png\" class=\"attachment-full size-full\" alt=\"\" srcset=\"https:\/\/nyforetagarcentrum.se\/sodertalje\/wp-content\/uploads\/sites\/77\/2024\/05\/SEB-logga.png 843w, https:\/\/nyforetagarcentrum.se\/sodertalje\/wp-content\/uploads\/sites\/77\/2024\/05\/SEB-logga-300x300.png 300w, https:\/\/nyforetagarcentrum.se\/sodertalje\/wp-content\/uploads\/sites\/77\/2024\/05\/SEB-logga-150x150.png 150w, https:\/\/nyforetagarcentrum.se\/sodertalje\/wp-content\/uploads\/sites\/77\/2024\/05\/SEB-logga-768x769.png 768w\" sizes=\"(max-width: 843px) 100vw, 843px\" \/>                    <\/div>\n                                    <div class=\"carousel-item\">\n                        <img loading=\"lazy\" decoding=\"async\" width=\"102\" height=\"134\" src=\"https:\/\/nyforetagarcentrum.se\/sodertalje\/wp-content\/uploads\/sites\/77\/2024\/05\/Salem_RGB_SVART_1-e1526478610828.jpg\" class=\"attachment-full size-full\" alt=\"\" \/>                    <\/div>\n                                    <div class=\"carousel-item\">\n                        <img loading=\"lazy\" decoding=\"async\" width=\"134\" height=\"72\" src=\"https:\/\/nyforetagarcentrum.se\/sodertalje\/wp-content\/uploads\/sites\/77\/2024\/05\/nordea.png\" class=\"attachment-full size-full\" alt=\"\" \/>                    <\/div>\n                                    <div class=\"carousel-item\">\n                        <img loading=\"lazy\" decoding=\"async\" width=\"250\" height=\"75\" src=\"https:\/\/nyforetagarcentrum.se\/sodertalje\/wp-content\/uploads\/sites\/77\/2024\/05\/handelsbanken.png\" class=\"attachment-full size-full\" alt=\"\" \/>                    <\/div>\n                                    <div class=\"carousel-item\">\n                        <img loading=\"lazy\" decoding=\"async\" width=\"250\" height=\"134\" src=\"https:\/\/nyforetagarcentrum.se\/sodertalje\/wp-content\/uploads\/sites\/77\/2024\/05\/ekonomihuset-250x134-1.jpg\" class=\"attachment-full size-full\" alt=\"\" \/>                    <\/div>\n                                    <div class=\"carousel-item\">\n                        <img loading=\"lazy\" decoding=\"async\" width=\"2560\" height=\"740\" src=\"https:\/\/nyforetagarcentrum.se\/sodertalje\/wp-content\/uploads\/sites\/77\/2024\/05\/foretagarna_logga_black_JPG-RGB-scaled.jpg\" class=\"attachment-full size-full\" alt=\"\" srcset=\"https:\/\/nyforetagarcentrum.se\/sodertalje\/wp-content\/uploads\/sites\/77\/2024\/05\/foretagarna_logga_black_JPG-RGB-scaled.jpg 2560w, https:\/\/nyforetagarcentrum.se\/sodertalje\/wp-content\/uploads\/sites\/77\/2024\/05\/foretagarna_logga_black_JPG-RGB-300x87.jpg 300w, https:\/\/nyforetagarcentrum.se\/sodertalje\/wp-content\/uploads\/sites\/77\/2024\/05\/foretagarna_logga_black_JPG-RGB-1024x296.jpg 1024w, https:\/\/nyforetagarcentrum.se\/sodertalje\/wp-content\/uploads\/sites\/77\/2024\/05\/foretagarna_logga_black_JPG-RGB-768x222.jpg 768w, https:\/\/nyforetagarcentrum.se\/sodertalje\/wp-content\/uploads\/sites\/77\/2024\/05\/foretagarna_logga_black_JPG-RGB-1536x444.jpg 1536w, https:\/\/nyforetagarcentrum.se\/sodertalje\/wp-content\/uploads\/sites\/77\/2024\/05\/foretagarna_logga_black_JPG-RGB-2048x592.jpg 2048w, https:\/\/nyforetagarcentrum.se\/sodertalje\/wp-content\/uploads\/sites\/77\/2024\/05\/foretagarna_logga_black_JPG-RGB-1920x555.jpg 1920w\" sizes=\"(max-width: 2560px) 100vw, 2560px\" \/>                    <\/div>\n                                    <div class=\"carousel-item\">\n                        <img loading=\"lazy\" decoding=\"async\" width=\"134\" height=\"72\" src=\"https:\/\/nyforetagarcentrum.se\/sodertalje\/wp-content\/uploads\/sites\/77\/2024\/05\/nordea.png\" class=\"attachment-full size-full\" alt=\"\" \/>                    <\/div>\n                                    <div class=\"carousel-item\">\n                        <img loading=\"lazy\" decoding=\"async\" width=\"250\" height=\"360\" src=\"https:\/\/nyforetagarcentrum.se\/sodertalje\/wp-content\/uploads\/sites\/77\/2024\/05\/16622_sharp_250x360.png\" class=\"attachment-full size-full\" alt=\"\" srcset=\"https:\/\/nyforetagarcentrum.se\/sodertalje\/wp-content\/uploads\/sites\/77\/2024\/05\/16622_sharp_250x360.png 250w, https:\/\/nyforetagarcentrum.se\/sodertalje\/wp-content\/uploads\/sites\/77\/2024\/05\/16622_sharp_250x360-208x300.png 208w\" sizes=\"(max-width: 250px) 100vw, 250px\" \/>                    <\/div>\n                                    <div class=\"carousel-item\">\n                        <img loading=\"lazy\" decoding=\"async\" width=\"2560\" height=\"1918\" src=\"https:\/\/nyforetagarcentrum.se\/sodertalje\/wp-content\/uploads\/sites\/77\/2024\/05\/Logo_ovaltaxingeslott-scaled.jpg\" class=\"attachment-full size-full\" alt=\"\" srcset=\"https:\/\/nyforetagarcentrum.se\/sodertalje\/wp-content\/uploads\/sites\/77\/2024\/05\/Logo_ovaltaxingeslott-scaled.jpg 2560w, https:\/\/nyforetagarcentrum.se\/sodertalje\/wp-content\/uploads\/sites\/77\/2024\/05\/Logo_ovaltaxingeslott-300x225.jpg 300w, https:\/\/nyforetagarcentrum.se\/sodertalje\/wp-content\/uploads\/sites\/77\/2024\/05\/Logo_ovaltaxingeslott-1024x767.jpg 1024w, https:\/\/nyforetagarcentrum.se\/sodertalje\/wp-content\/uploads\/sites\/77\/2024\/05\/Logo_ovaltaxingeslott-768x575.jpg 768w, https:\/\/nyforetagarcentrum.se\/sodertalje\/wp-content\/uploads\/sites\/77\/2024\/05\/Logo_ovaltaxingeslott-1536x1151.jpg 1536w, https:\/\/nyforetagarcentrum.se\/sodertalje\/wp-content\/uploads\/sites\/77\/2024\/05\/Logo_ovaltaxingeslott-2048x1534.jpg 2048w, https:\/\/nyforetagarcentrum.se\/sodertalje\/wp-content\/uploads\/sites\/77\/2024\/05\/Logo_ovaltaxingeslott-1442x1080.jpg 1442w\" sizes=\"(max-width: 2560px) 100vw, 2560px\" \/>                    <\/div>\n                                    <div class=\"carousel-item\">\n                        <img loading=\"lazy\" decoding=\"async\" width=\"788\" height=\"281\" src=\"https:\/\/nyforetagarcentrum.se\/sodertalje\/wp-content\/uploads\/sites\/77\/2024\/05\/almi_logo_svart_rgb.webp\" class=\"attachment-full size-full\" alt=\"\" srcset=\"https:\/\/nyforetagarcentrum.se\/sodertalje\/wp-content\/uploads\/sites\/77\/2024\/05\/almi_logo_svart_rgb.webp 788w, https:\/\/nyforetagarcentrum.se\/sodertalje\/wp-content\/uploads\/sites\/77\/2024\/05\/almi_logo_svart_rgb-300x107.webp 300w, https:\/\/nyforetagarcentrum.se\/sodertalje\/wp-content\/uploads\/sites\/77\/2024\/05\/almi_logo_svart_rgb-768x274.webp 768w\" sizes=\"(max-width: 788px) 100vw, 788px\" \/>                    <\/div>\n                                    <div class=\"carousel-item\">\n                        <img loading=\"lazy\" decoding=\"async\" width=\"3121\" height=\"1028\" src=\"https:\/\/nyforetagarcentrum.se\/sodertalje\/wp-content\/uploads\/sites\/77\/2024\/05\/Nykvarn_logo_SV-1.png\" class=\"attachment-full size-full\" alt=\"\" srcset=\"https:\/\/nyforetagarcentrum.se\/sodertalje\/wp-content\/uploads\/sites\/77\/2024\/05\/Nykvarn_logo_SV-1.png 3121w, https:\/\/nyforetagarcentrum.se\/sodertalje\/wp-content\/uploads\/sites\/77\/2024\/05\/Nykvarn_logo_SV-1-300x99.png 300w, https:\/\/nyforetagarcentrum.se\/sodertalje\/wp-content\/uploads\/sites\/77\/2024\/05\/Nykvarn_logo_SV-1-1024x337.png 1024w, https:\/\/nyforetagarcentrum.se\/sodertalje\/wp-content\/uploads\/sites\/77\/2024\/05\/Nykvarn_logo_SV-1-768x253.png 768w, https:\/\/nyforetagarcentrum.se\/sodertalje\/wp-content\/uploads\/sites\/77\/2024\/05\/Nykvarn_logo_SV-1-1536x506.png 1536w, https:\/\/nyforetagarcentrum.se\/sodertalje\/wp-content\/uploads\/sites\/77\/2024\/05\/Nykvarn_logo_SV-1-2048x675.png 2048w, https:\/\/nyforetagarcentrum.se\/sodertalje\/wp-content\/uploads\/sites\/77\/2024\/05\/Nykvarn_logo_SV-1-1920x632.png 1920w\" sizes=\"(max-width: 3121px) 100vw, 3121px\" \/>                    <\/div>\n                                    <div class=\"carousel-item\">\n                        <img loading=\"lazy\" decoding=\"async\" width=\"2560\" height=\"935\" src=\"https:\/\/nyforetagarcentrum.se\/sodertalje\/wp-content\/uploads\/sites\/77\/2024\/05\/telge-logo-2021-sv-rgb-scaled.jpg\" class=\"attachment-full size-full\" alt=\"\" srcset=\"https:\/\/nyforetagarcentrum.se\/sodertalje\/wp-content\/uploads\/sites\/77\/2024\/05\/telge-logo-2021-sv-rgb-scaled.jpg 2560w, https:\/\/nyforetagarcentrum.se\/sodertalje\/wp-content\/uploads\/sites\/77\/2024\/05\/telge-logo-2021-sv-rgb-300x110.jpg 300w, https:\/\/nyforetagarcentrum.se\/sodertalje\/wp-content\/uploads\/sites\/77\/2024\/05\/telge-logo-2021-sv-rgb-1024x374.jpg 1024w, https:\/\/nyforetagarcentrum.se\/sodertalje\/wp-content\/uploads\/sites\/77\/2024\/05\/telge-logo-2021-sv-rgb-768x281.jpg 768w, https:\/\/nyforetagarcentrum.se\/sodertalje\/wp-content\/uploads\/sites\/77\/2024\/05\/telge-logo-2021-sv-rgb-1536x561.jpg 1536w, https:\/\/nyforetagarcentrum.se\/sodertalje\/wp-content\/uploads\/sites\/77\/2024\/05\/telge-logo-2021-sv-rgb-2048x748.jpg 2048w, https:\/\/nyforetagarcentrum.se\/sodertalje\/wp-content\/uploads\/sites\/77\/2024\/05\/telge-logo-2021-sv-rgb-1920x701.jpg 1920w\" sizes=\"(max-width: 2560px) 100vw, 2560px\" \/>                    <\/div>\n                                    <div class=\"carousel-item\">\n                        <img loading=\"lazy\" decoding=\"async\" width=\"134\" height=\"45\" src=\"https:\/\/nyforetagarcentrum.se\/sodertalje\/wp-content\/uploads\/sites\/77\/2024\/05\/sodertaljelogga_farg-e1526474126116.png\" class=\"attachment-full size-full\" alt=\"\" \/>                    <\/div>\n                                    <div class=\"carousel-item\">\n                        <img loading=\"lazy\" decoding=\"async\" width=\"843\" height=\"844\" src=\"https:\/\/nyforetagarcentrum.se\/sodertalje\/wp-content\/uploads\/sites\/77\/2024\/05\/SEB-logga.png\" class=\"attachment-full size-full\" alt=\"\" srcset=\"https:\/\/nyforetagarcentrum.se\/sodertalje\/wp-content\/uploads\/sites\/77\/2024\/05\/SEB-logga.png 843w, https:\/\/nyforetagarcentrum.se\/sodertalje\/wp-content\/uploads\/sites\/77\/2024\/05\/SEB-logga-300x300.png 300w, https:\/\/nyforetagarcentrum.se\/sodertalje\/wp-content\/uploads\/sites\/77\/2024\/05\/SEB-logga-150x150.png 150w, https:\/\/nyforetagarcentrum.se\/sodertalje\/wp-content\/uploads\/sites\/77\/2024\/05\/SEB-logga-768x769.png 768w\" sizes=\"(max-width: 843px) 100vw, 843px\" \/>                    <\/div>\n                                    <div class=\"carousel-item\">\n                        <img loading=\"lazy\" decoding=\"async\" width=\"102\" height=\"134\" src=\"https:\/\/nyforetagarcentrum.se\/sodertalje\/wp-content\/uploads\/sites\/77\/2024\/05\/Salem_RGB_SVART_1-e1526478610828.jpg\" class=\"attachment-full size-full\" alt=\"\" \/>                    <\/div>\n                                    <div class=\"carousel-item\">\n                        <img loading=\"lazy\" decoding=\"async\" width=\"134\" height=\"72\" src=\"https:\/\/nyforetagarcentrum.se\/sodertalje\/wp-content\/uploads\/sites\/77\/2024\/05\/nordea.png\" class=\"attachment-full size-full\" alt=\"\" \/>                    <\/div>\n                                    <div class=\"carousel-item\">\n                        <img loading=\"lazy\" decoding=\"async\" width=\"250\" height=\"75\" src=\"https:\/\/nyforetagarcentrum.se\/sodertalje\/wp-content\/uploads\/sites\/77\/2024\/05\/handelsbanken.png\" class=\"attachment-full size-full\" alt=\"\" \/>                    <\/div>\n                                    <div class=\"carousel-item\">\n                        <img loading=\"lazy\" decoding=\"async\" width=\"250\" height=\"134\" src=\"https:\/\/nyforetagarcentrum.se\/sodertalje\/wp-content\/uploads\/sites\/77\/2024\/05\/ekonomihuset-250x134-1.jpg\" class=\"attachment-full size-full\" alt=\"\" \/>                    <\/div>\n                                    <div class=\"carousel-item\">\n                        <img loading=\"lazy\" decoding=\"async\" width=\"2560\" height=\"740\" src=\"https:\/\/nyforetagarcentrum.se\/sodertalje\/wp-content\/uploads\/sites\/77\/2024\/05\/foretagarna_logga_black_JPG-RGB-scaled.jpg\" class=\"attachment-full size-full\" alt=\"\" srcset=\"https:\/\/nyforetagarcentrum.se\/sodertalje\/wp-content\/uploads\/sites\/77\/2024\/05\/foretagarna_logga_black_JPG-RGB-scaled.jpg 2560w, https:\/\/nyforetagarcentrum.se\/sodertalje\/wp-content\/uploads\/sites\/77\/2024\/05\/foretagarna_logga_black_JPG-RGB-300x87.jpg 300w, https:\/\/nyforetagarcentrum.se\/sodertalje\/wp-content\/uploads\/sites\/77\/2024\/05\/foretagarna_logga_black_JPG-RGB-1024x296.jpg 1024w, https:\/\/nyforetagarcentrum.se\/sodertalje\/wp-content\/uploads\/sites\/77\/2024\/05\/foretagarna_logga_black_JPG-RGB-768x222.jpg 768w, https:\/\/nyforetagarcentrum.se\/sodertalje\/wp-content\/uploads\/sites\/77\/2024\/05\/foretagarna_logga_black_JPG-RGB-1536x444.jpg 1536w, https:\/\/nyforetagarcentrum.se\/sodertalje\/wp-content\/uploads\/sites\/77\/2024\/05\/foretagarna_logga_black_JPG-RGB-2048x592.jpg 2048w, https:\/\/nyforetagarcentrum.se\/sodertalje\/wp-content\/uploads\/sites\/77\/2024\/05\/foretagarna_logga_black_JPG-RGB-1920x555.jpg 1920w\" sizes=\"(max-width: 2560px) 100vw, 2560px\" \/>                    <\/div>\n                                    <div class=\"carousel-item\">\n                        <img loading=\"lazy\" decoding=\"async\" width=\"134\" height=\"72\" src=\"https:\/\/nyforetagarcentrum.se\/sodertalje\/wp-content\/uploads\/sites\/77\/2024\/05\/nordea.png\" class=\"attachment-full size-full\" alt=\"\" \/>                    <\/div>\n                                    <div class=\"carousel-item\">\n                        <img loading=\"lazy\" decoding=\"async\" width=\"250\" height=\"360\" src=\"https:\/\/nyforetagarcentrum.se\/sodertalje\/wp-content\/uploads\/sites\/77\/2024\/05\/16622_sharp_250x360.png\" class=\"attachment-full size-full\" alt=\"\" srcset=\"https:\/\/nyforetagarcentrum.se\/sodertalje\/wp-content\/uploads\/sites\/77\/2024\/05\/16622_sharp_250x360.png 250w, https:\/\/nyforetagarcentrum.se\/sodertalje\/wp-content\/uploads\/sites\/77\/2024\/05\/16622_sharp_250x360-208x300.png 208w\" sizes=\"(max-width: 250px) 100vw, 250px\" \/>                    <\/div>\n                                    <div class=\"carousel-item\">\n                        <img loading=\"lazy\" decoding=\"async\" width=\"2560\" height=\"1918\" src=\"https:\/\/nyforetagarcentrum.se\/sodertalje\/wp-content\/uploads\/sites\/77\/2024\/05\/Logo_ovaltaxingeslott-scaled.jpg\" class=\"attachment-full size-full\" alt=\"\" srcset=\"https:\/\/nyforetagarcentrum.se\/sodertalje\/wp-content\/uploads\/sites\/77\/2024\/05\/Logo_ovaltaxingeslott-scaled.jpg 2560w, https:\/\/nyforetagarcentrum.se\/sodertalje\/wp-content\/uploads\/sites\/77\/2024\/05\/Logo_ovaltaxingeslott-300x225.jpg 300w, https:\/\/nyforetagarcentrum.se\/sodertalje\/wp-content\/uploads\/sites\/77\/2024\/05\/Logo_ovaltaxingeslott-1024x767.jpg 1024w, https:\/\/nyforetagarcentrum.se\/sodertalje\/wp-content\/uploads\/sites\/77\/2024\/05\/Logo_ovaltaxingeslott-768x575.jpg 768w, https:\/\/nyforetagarcentrum.se\/sodertalje\/wp-content\/uploads\/sites\/77\/2024\/05\/Logo_ovaltaxingeslott-1536x1151.jpg 1536w, https:\/\/nyforetagarcentrum.se\/sodertalje\/wp-content\/uploads\/sites\/77\/2024\/05\/Logo_ovaltaxingeslott-2048x1534.jpg 2048w, https:\/\/nyforetagarcentrum.se\/sodertalje\/wp-content\/uploads\/sites\/77\/2024\/05\/Logo_ovaltaxingeslott-1442x1080.jpg 1442w\" sizes=\"(max-width: 2560px) 100vw, 2560px\" \/>                    <\/div>\n                                    <div class=\"carousel-item\">\n                        <img loading=\"lazy\" decoding=\"async\" width=\"788\" height=\"281\" src=\"https:\/\/nyforetagarcentrum.se\/sodertalje\/wp-content\/uploads\/sites\/77\/2024\/05\/almi_logo_svart_rgb.webp\" class=\"attachment-full size-full\" alt=\"\" srcset=\"https:\/\/nyforetagarcentrum.se\/sodertalje\/wp-content\/uploads\/sites\/77\/2024\/05\/almi_logo_svart_rgb.webp 788w, https:\/\/nyforetagarcentrum.se\/sodertalje\/wp-content\/uploads\/sites\/77\/2024\/05\/almi_logo_svart_rgb-300x107.webp 300w, https:\/\/nyforetagarcentrum.se\/sodertalje\/wp-content\/uploads\/sites\/77\/2024\/05\/almi_logo_svart_rgb-768x274.webp 768w\" sizes=\"(max-width: 788px) 100vw, 788px\" \/>                    <\/div>\n                                    <div class=\"carousel-item\">\n                        <img loading=\"lazy\" decoding=\"async\" width=\"3121\" height=\"1028\" src=\"https:\/\/nyforetagarcentrum.se\/sodertalje\/wp-content\/uploads\/sites\/77\/2024\/05\/Nykvarn_logo_SV-1.png\" class=\"attachment-full size-full\" alt=\"\" srcset=\"https:\/\/nyforetagarcentrum.se\/sodertalje\/wp-content\/uploads\/sites\/77\/2024\/05\/Nykvarn_logo_SV-1.png 3121w, https:\/\/nyforetagarcentrum.se\/sodertalje\/wp-content\/uploads\/sites\/77\/2024\/05\/Nykvarn_logo_SV-1-300x99.png 300w, https:\/\/nyforetagarcentrum.se\/sodertalje\/wp-content\/uploads\/sites\/77\/2024\/05\/Nykvarn_logo_SV-1-1024x337.png 1024w, https:\/\/nyforetagarcentrum.se\/sodertalje\/wp-content\/uploads\/sites\/77\/2024\/05\/Nykvarn_logo_SV-1-768x253.png 768w, https:\/\/nyforetagarcentrum.se\/sodertalje\/wp-content\/uploads\/sites\/77\/2024\/05\/Nykvarn_logo_SV-1-1536x506.png 1536w, https:\/\/nyforetagarcentrum.se\/sodertalje\/wp-content\/uploads\/sites\/77\/2024\/05\/Nykvarn_logo_SV-1-2048x675.png 2048w, https:\/\/nyforetagarcentrum.se\/sodertalje\/wp-content\/uploads\/sites\/77\/2024\/05\/Nykvarn_logo_SV-1-1920x632.png 1920w\" sizes=\"(max-width: 3121px) 100vw, 3121px\" \/>                    <\/div>\n                                    <div class=\"carousel-item\">\n                        <img loading=\"lazy\" decoding=\"async\" width=\"2560\" height=\"935\" src=\"https:\/\/nyforetagarcentrum.se\/sodertalje\/wp-content\/uploads\/sites\/77\/2024\/05\/telge-logo-2021-sv-rgb-scaled.jpg\" class=\"attachment-full size-full\" alt=\"\" srcset=\"https:\/\/nyforetagarcentrum.se\/sodertalje\/wp-content\/uploads\/sites\/77\/2024\/05\/telge-logo-2021-sv-rgb-scaled.jpg 2560w, https:\/\/nyforetagarcentrum.se\/sodertalje\/wp-content\/uploads\/sites\/77\/2024\/05\/telge-logo-2021-sv-rgb-300x110.jpg 300w, https:\/\/nyforetagarcentrum.se\/sodertalje\/wp-content\/uploads\/sites\/77\/2024\/05\/telge-logo-2021-sv-rgb-1024x374.jpg 1024w, https:\/\/nyforetagarcentrum.se\/sodertalje\/wp-content\/uploads\/sites\/77\/2024\/05\/telge-logo-2021-sv-rgb-768x281.jpg 768w, https:\/\/nyforetagarcentrum.se\/sodertalje\/wp-content\/uploads\/sites\/77\/2024\/05\/telge-logo-2021-sv-rgb-1536x561.jpg 1536w, https:\/\/nyforetagarcentrum.se\/sodertalje\/wp-content\/uploads\/sites\/77\/2024\/05\/telge-logo-2021-sv-rgb-2048x748.jpg 2048w, https:\/\/nyforetagarcentrum.se\/sodertalje\/wp-content\/uploads\/sites\/77\/2024\/05\/telge-logo-2021-sv-rgb-1920x701.jpg 1920w\" sizes=\"(max-width: 2560px) 100vw, 2560px\" \/>                    <\/div>\n                                    <div class=\"carousel-item\">\n                        <img loading=\"lazy\" decoding=\"async\" width=\"134\" height=\"45\" src=\"https:\/\/nyforetagarcentrum.se\/sodertalje\/wp-content\/uploads\/sites\/77\/2024\/05\/sodertaljelogga_farg-e1526474126116.png\" class=\"attachment-full size-full\" alt=\"\" \/>                    <\/div>\n                                    <div class=\"carousel-item\">\n                        <img loading=\"lazy\" decoding=\"async\" width=\"843\" height=\"844\" src=\"https:\/\/nyforetagarcentrum.se\/sodertalje\/wp-content\/uploads\/sites\/77\/2024\/05\/SEB-logga.png\" class=\"attachment-full size-full\" alt=\"\" srcset=\"https:\/\/nyforetagarcentrum.se\/sodertalje\/wp-content\/uploads\/sites\/77\/2024\/05\/SEB-logga.png 843w, https:\/\/nyforetagarcentrum.se\/sodertalje\/wp-content\/uploads\/sites\/77\/2024\/05\/SEB-logga-300x300.png 300w, https:\/\/nyforetagarcentrum.se\/sodertalje\/wp-content\/uploads\/sites\/77\/2024\/05\/SEB-logga-150x150.png 150w, https:\/\/nyforetagarcentrum.se\/sodertalje\/wp-content\/uploads\/sites\/77\/2024\/05\/SEB-logga-768x769.png 768w\" sizes=\"(max-width: 843px) 100vw, 843px\" \/>                    <\/div>\n                                    <div class=\"carousel-item\">\n                        <img loading=\"lazy\" decoding=\"async\" width=\"102\" height=\"134\" src=\"https:\/\/nyforetagarcentrum.se\/sodertalje\/wp-content\/uploads\/sites\/77\/2024\/05\/Salem_RGB_SVART_1-e1526478610828.jpg\" class=\"attachment-full size-full\" alt=\"\" \/>                    <\/div>\n                                    <div class=\"carousel-item\">\n                        <img loading=\"lazy\" decoding=\"async\" width=\"134\" height=\"72\" src=\"https:\/\/nyforetagarcentrum.se\/sodertalje\/wp-content\/uploads\/sites\/77\/2024\/05\/nordea.png\" class=\"attachment-full size-full\" alt=\"\" \/>                    <\/div>\n                                    <div class=\"carousel-item\">\n                        <img loading=\"lazy\" decoding=\"async\" width=\"250\" height=\"75\" src=\"https:\/\/nyforetagarcentrum.se\/sodertalje\/wp-content\/uploads\/sites\/77\/2024\/05\/handelsbanken.png\" class=\"attachment-full size-full\" alt=\"\" \/>                    <\/div>\n                                    <div class=\"carousel-item\">\n                        <img loading=\"lazy\" decoding=\"async\" width=\"250\" height=\"134\" src=\"https:\/\/nyforetagarcentrum.se\/sodertalje\/wp-content\/uploads\/sites\/77\/2024\/05\/ekonomihuset-250x134-1.jpg\" class=\"attachment-full size-full\" alt=\"\" \/>                    <\/div>\n                                    <div class=\"carousel-item\">\n                        <img loading=\"lazy\" decoding=\"async\" width=\"2560\" height=\"740\" src=\"https:\/\/nyforetagarcentrum.se\/sodertalje\/wp-content\/uploads\/sites\/77\/2024\/05\/foretagarna_logga_black_JPG-RGB-scaled.jpg\" class=\"attachment-full size-full\" alt=\"\" srcset=\"https:\/\/nyforetagarcentrum.se\/sodertalje\/wp-content\/uploads\/sites\/77\/2024\/05\/foretagarna_logga_black_JPG-RGB-scaled.jpg 2560w, https:\/\/nyforetagarcentrum.se\/sodertalje\/wp-content\/uploads\/sites\/77\/2024\/05\/foretagarna_logga_black_JPG-RGB-300x87.jpg 300w, https:\/\/nyforetagarcentrum.se\/sodertalje\/wp-content\/uploads\/sites\/77\/2024\/05\/foretagarna_logga_black_JPG-RGB-1024x296.jpg 1024w, https:\/\/nyforetagarcentrum.se\/sodertalje\/wp-content\/uploads\/sites\/77\/2024\/05\/foretagarna_logga_black_JPG-RGB-768x222.jpg 768w, https:\/\/nyforetagarcentrum.se\/sodertalje\/wp-content\/uploads\/sites\/77\/2024\/05\/foretagarna_logga_black_JPG-RGB-1536x444.jpg 1536w, https:\/\/nyforetagarcentrum.se\/sodertalje\/wp-content\/uploads\/sites\/77\/2024\/05\/foretagarna_logga_black_JPG-RGB-2048x592.jpg 2048w, https:\/\/nyforetagarcentrum.se\/sodertalje\/wp-content\/uploads\/sites\/77\/2024\/05\/foretagarna_logga_black_JPG-RGB-1920x555.jpg 1920w\" sizes=\"(max-width: 2560px) 100vw, 2560px\" \/>                    <\/div>\n                                    <div class=\"carousel-item\">\n                        <img loading=\"lazy\" decoding=\"async\" width=\"134\" height=\"72\" src=\"https:\/\/nyforetagarcentrum.se\/sodertalje\/wp-content\/uploads\/sites\/77\/2024\/05\/nordea.png\" class=\"attachment-full size-full\" alt=\"\" \/>                    <\/div>\n                                    <div class=\"carousel-item\">\n                        <img loading=\"lazy\" decoding=\"async\" width=\"250\" height=\"360\" src=\"https:\/\/nyforetagarcentrum.se\/sodertalje\/wp-content\/uploads\/sites\/77\/2024\/05\/16622_sharp_250x360.png\" class=\"attachment-full size-full\" alt=\"\" srcset=\"https:\/\/nyforetagarcentrum.se\/sodertalje\/wp-content\/uploads\/sites\/77\/2024\/05\/16622_sharp_250x360.png 250w, https:\/\/nyforetagarcentrum.se\/sodertalje\/wp-content\/uploads\/sites\/77\/2024\/05\/16622_sharp_250x360-208x300.png 208w\" sizes=\"(max-width: 250px) 100vw, 250px\" \/>                    <\/div>\n                                    <div class=\"carousel-item\">\n                        <img loading=\"lazy\" decoding=\"async\" width=\"2560\" height=\"1918\" src=\"https:\/\/nyforetagarcentrum.se\/sodertalje\/wp-content\/uploads\/sites\/77\/2024\/05\/Logo_ovaltaxingeslott-scaled.jpg\" class=\"attachment-full size-full\" alt=\"\" srcset=\"https:\/\/nyforetagarcentrum.se\/sodertalje\/wp-content\/uploads\/sites\/77\/2024\/05\/Logo_ovaltaxingeslott-scaled.jpg 2560w, https:\/\/nyforetagarcentrum.se\/sodertalje\/wp-content\/uploads\/sites\/77\/2024\/05\/Logo_ovaltaxingeslott-300x225.jpg 300w, https:\/\/nyforetagarcentrum.se\/sodertalje\/wp-content\/uploads\/sites\/77\/2024\/05\/Logo_ovaltaxingeslott-1024x767.jpg 1024w, https:\/\/nyforetagarcentrum.se\/sodertalje\/wp-content\/uploads\/sites\/77\/2024\/05\/Logo_ovaltaxingeslott-768x575.jpg 768w, https:\/\/nyforetagarcentrum.se\/sodertalje\/wp-content\/uploads\/sites\/77\/2024\/05\/Logo_ovaltaxingeslott-1536x1151.jpg 1536w, https:\/\/nyforetagarcentrum.se\/sodertalje\/wp-content\/uploads\/sites\/77\/2024\/05\/Logo_ovaltaxingeslott-2048x1534.jpg 2048w, https:\/\/nyforetagarcentrum.se\/sodertalje\/wp-content\/uploads\/sites\/77\/2024\/05\/Logo_ovaltaxingeslott-1442x1080.jpg 1442w\" sizes=\"(max-width: 2560px) 100vw, 2560px\" \/>                    <\/div>\n                                    <div class=\"carousel-item\">\n                        <img loading=\"lazy\" decoding=\"async\" width=\"788\" height=\"281\" src=\"https:\/\/nyforetagarcentrum.se\/sodertalje\/wp-content\/uploads\/sites\/77\/2024\/05\/almi_logo_svart_rgb.webp\" class=\"attachment-full size-full\" alt=\"\" srcset=\"https:\/\/nyforetagarcentrum.se\/sodertalje\/wp-content\/uploads\/sites\/77\/2024\/05\/almi_logo_svart_rgb.webp 788w, https:\/\/nyforetagarcentrum.se\/sodertalje\/wp-content\/uploads\/sites\/77\/2024\/05\/almi_logo_svart_rgb-300x107.webp 300w, https:\/\/nyforetagarcentrum.se\/sodertalje\/wp-content\/uploads\/sites\/77\/2024\/05\/almi_logo_svart_rgb-768x274.webp 768w\" sizes=\"(max-width: 788px) 100vw, 788px\" \/>                    <\/div>\n                                    <div class=\"carousel-item\">\n                        <img loading=\"lazy\" decoding=\"async\" width=\"3121\" height=\"1028\" src=\"https:\/\/nyforetagarcentrum.se\/sodertalje\/wp-content\/uploads\/sites\/77\/2024\/05\/Nykvarn_logo_SV-1.png\" class=\"attachment-full size-full\" alt=\"\" srcset=\"https:\/\/nyforetagarcentrum.se\/sodertalje\/wp-content\/uploads\/sites\/77\/2024\/05\/Nykvarn_logo_SV-1.png 3121w, https:\/\/nyforetagarcentrum.se\/sodertalje\/wp-content\/uploads\/sites\/77\/2024\/05\/Nykvarn_logo_SV-1-300x99.png 300w, https:\/\/nyforetagarcentrum.se\/sodertalje\/wp-content\/uploads\/sites\/77\/2024\/05\/Nykvarn_logo_SV-1-1024x337.png 1024w, https:\/\/nyforetagarcentrum.se\/sodertalje\/wp-content\/uploads\/sites\/77\/2024\/05\/Nykvarn_logo_SV-1-768x253.png 768w, https:\/\/nyforetagarcentrum.se\/sodertalje\/wp-content\/uploads\/sites\/77\/2024\/05\/Nykvarn_logo_SV-1-1536x506.png 1536w, https:\/\/nyforetagarcentrum.se\/sodertalje\/wp-content\/uploads\/sites\/77\/2024\/05\/Nykvarn_logo_SV-1-2048x675.png 2048w, https:\/\/nyforetagarcentrum.se\/sodertalje\/wp-content\/uploads\/sites\/77\/2024\/05\/Nykvarn_logo_SV-1-1920x632.png 1920w\" sizes=\"(max-width: 3121px) 100vw, 3121px\" \/>                    <\/div>\n                                    <div class=\"carousel-item\">\n                        <img loading=\"lazy\" decoding=\"async\" width=\"2560\" height=\"935\" src=\"https:\/\/nyforetagarcentrum.se\/sodertalje\/wp-content\/uploads\/sites\/77\/2024\/05\/telge-logo-2021-sv-rgb-scaled.jpg\" class=\"attachment-full size-full\" alt=\"\" srcset=\"https:\/\/nyforetagarcentrum.se\/sodertalje\/wp-content\/uploads\/sites\/77\/2024\/05\/telge-logo-2021-sv-rgb-scaled.jpg 2560w, https:\/\/nyforetagarcentrum.se\/sodertalje\/wp-content\/uploads\/sites\/77\/2024\/05\/telge-logo-2021-sv-rgb-300x110.jpg 300w, https:\/\/nyforetagarcentrum.se\/sodertalje\/wp-content\/uploads\/sites\/77\/2024\/05\/telge-logo-2021-sv-rgb-1024x374.jpg 1024w, https:\/\/nyforetagarcentrum.se\/sodertalje\/wp-content\/uploads\/sites\/77\/2024\/05\/telge-logo-2021-sv-rgb-768x281.jpg 768w, https:\/\/nyforetagarcentrum.se\/sodertalje\/wp-content\/uploads\/sites\/77\/2024\/05\/telge-logo-2021-sv-rgb-1536x561.jpg 1536w, https:\/\/nyforetagarcentrum.se\/sodertalje\/wp-content\/uploads\/sites\/77\/2024\/05\/telge-logo-2021-sv-rgb-2048x748.jpg 2048w, https:\/\/nyforetagarcentrum.se\/sodertalje\/wp-content\/uploads\/sites\/77\/2024\/05\/telge-logo-2021-sv-rgb-1920x701.jpg 1920w\" sizes=\"(max-width: 2560px) 100vw, 2560px\" \/>                    <\/div>\n                                    <div class=\"carousel-item\">\n                        <img loading=\"lazy\" decoding=\"async\" width=\"134\" height=\"45\" src=\"https:\/\/nyforetagarcentrum.se\/sodertalje\/wp-content\/uploads\/sites\/77\/2024\/05\/sodertaljelogga_farg-e1526474126116.png\" class=\"attachment-full size-full\" alt=\"\" \/>                    <\/div>\n                                    <div class=\"carousel-item\">\n                        <img loading=\"lazy\" decoding=\"async\" width=\"843\" height=\"844\" src=\"https:\/\/nyforetagarcentrum.se\/sodertalje\/wp-content\/uploads\/sites\/77\/2024\/05\/SEB-logga.png\" class=\"attachment-full size-full\" alt=\"\" srcset=\"https:\/\/nyforetagarcentrum.se\/sodertalje\/wp-content\/uploads\/sites\/77\/2024\/05\/SEB-logga.png 843w, https:\/\/nyforetagarcentrum.se\/sodertalje\/wp-content\/uploads\/sites\/77\/2024\/05\/SEB-logga-300x300.png 300w, https:\/\/nyforetagarcentrum.se\/sodertalje\/wp-content\/uploads\/sites\/77\/2024\/05\/SEB-logga-150x150.png 150w, https:\/\/nyforetagarcentrum.se\/sodertalje\/wp-content\/uploads\/sites\/77\/2024\/05\/SEB-logga-768x769.png 768w\" sizes=\"(max-width: 843px) 100vw, 843px\" \/>                    <\/div>\n                                    <div class=\"carousel-item\">\n                        <img loading=\"lazy\" decoding=\"async\" width=\"102\" height=\"134\" src=\"https:\/\/nyforetagarcentrum.se\/sodertalje\/wp-content\/uploads\/sites\/77\/2024\/05\/Salem_RGB_SVART_1-e1526478610828.jpg\" class=\"attachment-full size-full\" alt=\"\" \/>                    <\/div>\n                                    <div class=\"carousel-item\">\n                        <img loading=\"lazy\" decoding=\"async\" width=\"134\" height=\"72\" src=\"https:\/\/nyforetagarcentrum.se\/sodertalje\/wp-content\/uploads\/sites\/77\/2024\/05\/nordea.png\" class=\"attachment-full size-full\" alt=\"\" \/>                    <\/div>\n                                    <div class=\"carousel-item\">\n                        <img loading=\"lazy\" decoding=\"async\" width=\"250\" height=\"75\" src=\"https:\/\/nyforetagarcentrum.se\/sodertalje\/wp-content\/uploads\/sites\/77\/2024\/05\/handelsbanken.png\" class=\"attachment-full size-full\" alt=\"\" \/>                    <\/div>\n                                    <div class=\"carousel-item\">\n                        <img loading=\"lazy\" decoding=\"async\" width=\"250\" height=\"134\" src=\"https:\/\/nyforetagarcentrum.se\/sodertalje\/wp-content\/uploads\/sites\/77\/2024\/05\/ekonomihuset-250x134-1.jpg\" class=\"attachment-full size-full\" alt=\"\" \/>                    <\/div>\n                                    <div class=\"carousel-item\">\n                        <img loading=\"lazy\" decoding=\"async\" width=\"2560\" height=\"740\" src=\"https:\/\/nyforetagarcentrum.se\/sodertalje\/wp-content\/uploads\/sites\/77\/2024\/05\/foretagarna_logga_black_JPG-RGB-scaled.jpg\" class=\"attachment-full size-full\" alt=\"\" srcset=\"https:\/\/nyforetagarcentrum.se\/sodertalje\/wp-content\/uploads\/sites\/77\/2024\/05\/foretagarna_logga_black_JPG-RGB-scaled.jpg 2560w, https:\/\/nyforetagarcentrum.se\/sodertalje\/wp-content\/uploads\/sites\/77\/2024\/05\/foretagarna_logga_black_JPG-RGB-300x87.jpg 300w, https:\/\/nyforetagarcentrum.se\/sodertalje\/wp-content\/uploads\/sites\/77\/2024\/05\/foretagarna_logga_black_JPG-RGB-1024x296.jpg 1024w, https:\/\/nyforetagarcentrum.se\/sodertalje\/wp-content\/uploads\/sites\/77\/2024\/05\/foretagarna_logga_black_JPG-RGB-768x222.jpg 768w, https:\/\/nyforetagarcentrum.se\/sodertalje\/wp-content\/uploads\/sites\/77\/2024\/05\/foretagarna_logga_black_JPG-RGB-1536x444.jpg 1536w, https:\/\/nyforetagarcentrum.se\/sodertalje\/wp-content\/uploads\/sites\/77\/2024\/05\/foretagarna_logga_black_JPG-RGB-2048x592.jpg 2048w, https:\/\/nyforetagarcentrum.se\/sodertalje\/wp-content\/uploads\/sites\/77\/2024\/05\/foretagarna_logga_black_JPG-RGB-1920x555.jpg 1920w\" sizes=\"(max-width: 2560px) 100vw, 2560px\" \/>                    <\/div>\n                                    <div class=\"carousel-item\">\n                        <img loading=\"lazy\" decoding=\"async\" width=\"134\" height=\"72\" src=\"https:\/\/nyforetagarcentrum.se\/sodertalje\/wp-content\/uploads\/sites\/77\/2024\/05\/nordea.png\" class=\"attachment-full size-full\" alt=\"\" \/>                    <\/div>\n                                    <div class=\"carousel-item\">\n                        <img loading=\"lazy\" decoding=\"async\" width=\"250\" height=\"360\" src=\"https:\/\/nyforetagarcentrum.se\/sodertalje\/wp-content\/uploads\/sites\/77\/2024\/05\/16622_sharp_250x360.png\" class=\"attachment-full size-full\" alt=\"\" srcset=\"https:\/\/nyforetagarcentrum.se\/sodertalje\/wp-content\/uploads\/sites\/77\/2024\/05\/16622_sharp_250x360.png 250w, https:\/\/nyforetagarcentrum.se\/sodertalje\/wp-content\/uploads\/sites\/77\/2024\/05\/16622_sharp_250x360-208x300.png 208w\" sizes=\"(max-width: 250px) 100vw, 250px\" \/>                    <\/div>\n                            <\/div>\n        <\/div>\n    <\/div>\n<\/section>\n\n\n<div style=\"height:24px\" aria-hidden=\"true\" class=\"wp-block-spacer\"><\/div>\n\n\n\n<h2 class=\"wp-block-heading alignwide has-x-large-font-size\">Hur g\u00e5r en r\u00e5dgivning till?<\/h2>\n\n\n<section  class=\"nfc-block-text_cards alignwide show_numbers\">\n    <div class=\"wrapper contained\">\n                    <div class=\"text-card\">\n                <div class=\"text-card__content\">\n                    <h3 class=\"heading\" data-number=\"1\">Boka r\u00e5dgivning<\/h3>\n\n                                            <div class=\"description\">Boka din r\u00e5dgivning i god tid. Ibland kan det finnas ont om tider n\u00e4ra inp\u00e5. S\u00e5 f\u00f6rs\u00f6k vara ute i god tid.<\/div>\n                    \n                                            <a href=\"https:\/\/jobsdata-nyforetagarcentrum.se\/ExternBooking?OfficeId=3456edb6-5696-e811-80d7-0050568571f4\" class=\"button primary\">Boka r\u00e5dgivning<\/a>\n                    \n                <\/div>\n            <\/div>\n                    <div class=\"text-card\">\n                <div class=\"text-card__content\">\n                    <h3 class=\"heading\" data-number=\"2\">B\u00f6rja skriva din aff\u00e4rsplan<\/h3>\n\n                                            <div class=\"description\">F\u00f6r att kunna ge dig s\u00e5 goda r\u00e5d som m\u00f6jligt \u00e4r det viktigt att du har arbetat s\u00e5 mycket som g\u00e5r p\u00e5 din aff\u00e4rsplan innan ditt m\u00f6te. Har du \u00e4nnu inte b\u00f6rjat skriva p\u00e5 en aff\u00e4rsplan kan du f\u00f6lja l\u00e4nken nedan.<\/div>\n                    \n                                            <a href=\"https:\/\/affarsplanen.com\/\" class=\"button outlined\">Till aff\u00e4rsplanen<\/a>\n                    \n                <\/div>\n            <\/div>\n                    <div class=\"text-card\">\n                <div class=\"text-card__content\">\n                    <h3 class=\"heading\" data-number=\"3\">F\u00f6rbered underlag och skriv ner fr\u00e5gor<\/h3>\n\n                                            <div class=\"description\">Fundera p\u00e5 om det \u00e4r n\u00e5gra specifika fr\u00e5gor du beh\u00f6ver ha hj\u00e4lp med eller om du har n\u00e5got annat underlag som \u00e4r bra f\u00f6r r\u00e5dgivaren att se.<\/div>\n                    \n                    \n                <\/div>\n            <\/div>\n            <\/div>\n<\/section>\n\n\n<div style=\"height:24px\" aria-hidden=\"true\" class=\"wp-block-spacer\"><\/div>\n\n\n\n<h2 class=\"wp-block-heading alignwide has-x-large-font-size\">Kommande evenemang<\/h2>\n\n\n<section  class=\"nfc-block-posts_carousel alignwide type-event\">\n    \n            <div class=\"carousel-wrapper \">\n                                            <div class=\"event-card\">\n    \n<div class=\"date-circle\">\n    <span class=\"month\">mars<\/span>\n    <span class=\"day\">16<\/span>\n<\/div>\n\n    <div class=\"content-wrapper\">\n        <h3><a href=\"https:\/\/nyforetagarcentrum.se\/sodertalje\/evenemang\/nyforetagardagen-sodertalje-nykvarn-salem\/\">Nyf\u00f6retagardagen S\u00f6dert\u00e4lje Nykvarn Salem<\/a><\/h3>\n        <div class=\"excerpt\">\n            <p>V\u00e4lkomna till Nyf\u00f6retagardagen 2026 en h\u00e4rlig kv\u00e4ll med b\u00e5de inspiration och motivation i att starta f\u00f6retag. Klockan 17.00 \u00f6ppnar vi d\u00f6rrarna till \u00e5rets mini m\u00e4ssa med ett 10-15 tal utst\u00e4llare som p\u00e5 olika s\u00e4tt kan bidra till att starta eller utveckla ditt f\u00f6retag. Det \u00e4r fri entr\u00e9. Nyf\u00f6retagardagen S\u00d6DERT\u00c4LJE \u2022 NYKVARN \u2022 SALEM F\u00f6r fj\u00e4rde [&hellip;]<\/p>\n        <\/div>\n        <a tabindex=\"-1\" class=\"read-more\" href=\"https:\/\/nyforetagarcentrum.se\/sodertalje\/evenemang\/nyforetagardagen-sodertalje-nykvarn-salem\/\">L\u00e4s mer<span class=\"screenreader\"> om Nyf\u00f6retagardagen S\u00f6dert\u00e4lje Nykvarn Salem<\/span><div class=\"icon icon-chevron-right\"><\/div><\/a>\n    <\/div>\n<\/div>                                <\/div>\n    \n<\/section>\n\n\n<div style=\"height:51px\" aria-hidden=\"true\" class=\"wp-block-spacer\"><\/div>\n\n\n\n<div style=\"height:80px\" aria-hidden=\"true\" class=\"wp-block-spacer\"><\/div>\n","protected":false},"excerpt":{"rendered":"<p>Hur g\u00e5r en r\u00e5dgivning till? Kommande evenemang<\/p>\n","protected":false},"author":1,"featured_media":209,"parent":0,"menu_order":0,"comment_status":"closed","ping_status":"closed","template":"","meta":{"footnotes":""},"acf":[],"yoast_head":"<!-- This site is optimized with the Yoast SEO plugin v22.9 - https:\/\/yoast.com\/wordpress\/plugins\/seo\/ -->\n<title>Nyf\u00f6retagarCentrum i S\u00f6dert\u00e4lje<\/title>\n<meta name=\"description\" content=\"Uppt\u00e4ck hur Nyf\u00f6retagarCentrum st\u00f6djer entrepren\u00f6rer och nya f\u00f6retagare i S\u00f6dert\u00e4lje. L\u00e4s om v\u00e5ra tj\u00e4nster, resurser och evenemang som \u00e4r tillg\u00e4ngliga f\u00f6r att hj\u00e4lpa till med aff\u00e4rsutveckling och tillv\u00e4xt i regionen.\" \/>\n<meta name=\"robots\" content=\"index, follow, max-snippet:-1, max-image-preview:large, max-video-preview:-1\" \/>\n<link rel=\"canonical\" href=\"https:\/\/nyforetagarcentrum.se\/sodertalje\/\" \/>\n<meta property=\"og:locale\" content=\"sv_SE\" \/>\n<meta property=\"og:type\" content=\"article\" \/>\n<meta property=\"og:title\" content=\"Nyf\u00f6retagarCentrum i S\u00f6dert\u00e4lje\" \/>\n<meta property=\"og:description\" content=\"Uppt\u00e4ck hur Nyf\u00f6retagarCentrum st\u00f6djer entrepren\u00f6rer och nya f\u00f6retagare i S\u00f6dert\u00e4lje. L\u00e4s om v\u00e5ra tj\u00e4nster, resurser och evenemang som \u00e4r tillg\u00e4ngliga f\u00f6r att hj\u00e4lpa till med aff\u00e4rsutveckling och tillv\u00e4xt i regionen.\" \/>\n<meta property=\"og:url\" content=\"https:\/\/nyforetagarcentrum.se\/sodertalje\/\" \/>\n<meta property=\"og:site_name\" content=\"S\u00f6dert\u00e4lje\" \/>\n<meta property=\"article:modified_time\" content=\"2025-04-10T10:29:01+00:00\" \/>\n<meta property=\"og:image\" content=\"https:\/\/nyforetagarcentrum.se\/sodertalje\/wp-content\/uploads\/sites\/77\/2024\/02\/Radgivning-radgivare-nyforetagareLOW.jpg\" \/>\n\t<meta property=\"og:image:width\" content=\"1476\" \/>\n\t<meta property=\"og:image:height\" content=\"1070\" \/>\n\t<meta property=\"og:image:type\" content=\"image\/jpeg\" \/>\n<meta name=\"twitter:card\" content=\"summary_large_image\" \/>\n<meta name=\"twitter:label1\" content=\"Ber\u00e4knad l\u00e4stid\" \/>\n\t<meta name=\"twitter:data1\" content=\"1 minut\" \/>\n<script type=\"application\/ld+json\" class=\"yoast-schema-graph\">{\"@context\":\"https:\/\/schema.org\",\"@graph\":[{\"@type\":\"WebPage\",\"@id\":\"https:\/\/nyforetagarcentrum.se\/sodertalje\/\",\"url\":\"https:\/\/nyforetagarcentrum.se\/sodertalje\/\",\"name\":\"Nyf\u00f6retagarCentrum i S\u00f6dert\u00e4lje\",\"isPartOf\":{\"@id\":\"https:\/\/nyforetagarcentrum.se\/sodertalje\/#website\"},\"primaryImageOfPage\":{\"@id\":\"https:\/\/nyforetagarcentrum.se\/sodertalje\/#primaryimage\"},\"image\":{\"@id\":\"https:\/\/nyforetagarcentrum.se\/sodertalje\/#primaryimage\"},\"thumbnailUrl\":\"https:\/\/nyforetagarcentrum.se\/sodertalje\/wp-content\/uploads\/sites\/77\/2024\/02\/Radgivning-radgivare-nyforetagareLOW.jpg\",\"datePublished\":\"2024-02-22T09:16:29+00:00\",\"dateModified\":\"2025-04-10T10:29:01+00:00\",\"description\":\"Uppt\u00e4ck hur Nyf\u00f6retagarCentrum st\u00f6djer entrepren\u00f6rer och nya f\u00f6retagare i S\u00f6dert\u00e4lje. L\u00e4s om v\u00e5ra tj\u00e4nster, resurser och evenemang som \u00e4r tillg\u00e4ngliga f\u00f6r att hj\u00e4lpa till med aff\u00e4rsutveckling och tillv\u00e4xt i regionen.\",\"breadcrumb\":{\"@id\":\"https:\/\/nyforetagarcentrum.se\/sodertalje\/#breadcrumb\"},\"inLanguage\":\"sv-SE\",\"potentialAction\":[{\"@type\":\"ReadAction\",\"target\":[\"https:\/\/nyforetagarcentrum.se\/sodertalje\/\"]}]},{\"@type\":\"ImageObject\",\"inLanguage\":\"sv-SE\",\"@id\":\"https:\/\/nyforetagarcentrum.se\/sodertalje\/#primaryimage\",\"url\":\"https:\/\/nyforetagarcentrum.se\/sodertalje\/wp-content\/uploads\/sites\/77\/2024\/02\/Radgivning-radgivare-nyforetagareLOW.jpg\",\"contentUrl\":\"https:\/\/nyforetagarcentrum.se\/sodertalje\/wp-content\/uploads\/sites\/77\/2024\/02\/Radgivning-radgivare-nyforetagareLOW.jpg\",\"width\":1476,\"height\":1070},{\"@type\":\"BreadcrumbList\",\"@id\":\"https:\/\/nyforetagarcentrum.se\/sodertalje\/#breadcrumb\",\"itemListElement\":[{\"@type\":\"ListItem\",\"position\":1,\"name\":\"Hem\",\"item\":\"https:\/\/nyforetagarcentrum.se\/sodertalje\/\"},{\"@type\":\"ListItem\",\"position\":2,\"name\":\"Startsida\"}]},{\"@type\":\"WebSite\",\"@id\":\"https:\/\/nyforetagarcentrum.se\/sodertalje\/#website\",\"url\":\"https:\/\/nyforetagarcentrum.se\/sodertalje\/\",\"name\":\"S\u00f6dert\u00e4lje\",\"description\":\"Sveriges ledande kraft f\u00f6r fler nya livskraftiga f\u00f6retag\",\"publisher\":{\"@id\":\"https:\/\/nyforetagarcentrum.se\/sodertalje\/#organization\"},\"potentialAction\":[{\"@type\":\"SearchAction\",\"target\":{\"@type\":\"EntryPoint\",\"urlTemplate\":\"https:\/\/nyforetagarcentrum.se\/sodertalje\/?s={search_term_string}\"},\"query-input\":\"required name=search_term_string\"}],\"inLanguage\":\"sv-SE\"},{\"@type\":\"Organization\",\"@id\":\"https:\/\/nyforetagarcentrum.se\/sodertalje\/#organization\",\"name\":\"S\u00f6dert\u00e4lje\",\"url\":\"https:\/\/nyforetagarcentrum.se\/sodertalje\/\",\"logo\":{\"@type\":\"ImageObject\",\"inLanguage\":\"sv-SE\",\"@id\":\"https:\/\/nyforetagarcentrum.se\/sodertalje\/#\/schema\/logo\/image\/\",\"url\":\"https:\/\/nyforetagarcentrum.se\/sodertalje\/wp-content\/uploads\/sites\/77\/2024\/07\/sodertalje_bla-1.png\",\"contentUrl\":\"https:\/\/nyforetagarcentrum.se\/sodertalje\/wp-content\/uploads\/sites\/77\/2024\/07\/sodertalje_bla-1.png\",\"width\":870,\"height\":421,\"caption\":\"S\u00f6dert\u00e4lje\"},\"image\":{\"@id\":\"https:\/\/nyforetagarcentrum.se\/sodertalje\/#\/schema\/logo\/image\/\"}}]}<\/script>\n<!-- \/ Yoast SEO plugin. -->","yoast_head_json":{"title":"Nyf\u00f6retagarCentrum i S\u00f6dert\u00e4lje","description":"Uppt\u00e4ck hur Nyf\u00f6retagarCentrum st\u00f6djer entrepren\u00f6rer och nya f\u00f6retagare i S\u00f6dert\u00e4lje. L\u00e4s om v\u00e5ra tj\u00e4nster, resurser och evenemang som \u00e4r tillg\u00e4ngliga f\u00f6r att hj\u00e4lpa till med aff\u00e4rsutveckling och tillv\u00e4xt i regionen.","robots":{"index":"index","follow":"follow","max-snippet":"max-snippet:-1","max-image-preview":"max-image-preview:large","max-video-preview":"max-video-preview:-1"},"canonical":"https:\/\/nyforetagarcentrum.se\/sodertalje\/","og_locale":"sv_SE","og_type":"article","og_title":"Nyf\u00f6retagarCentrum i S\u00f6dert\u00e4lje","og_description":"Uppt\u00e4ck hur Nyf\u00f6retagarCentrum st\u00f6djer entrepren\u00f6rer och nya f\u00f6retagare i S\u00f6dert\u00e4lje. L\u00e4s om v\u00e5ra tj\u00e4nster, resurser och evenemang som \u00e4r tillg\u00e4ngliga f\u00f6r att hj\u00e4lpa till med aff\u00e4rsutveckling och tillv\u00e4xt i regionen.","og_url":"https:\/\/nyforetagarcentrum.se\/sodertalje\/","og_site_name":"S\u00f6dert\u00e4lje","article_modified_time":"2025-04-10T10:29:01+00:00","og_image":[{"width":1476,"height":1070,"url":"https:\/\/nyforetagarcentrum.se\/sodertalje\/wp-content\/uploads\/sites\/77\/2024\/02\/Radgivning-radgivare-nyforetagareLOW.jpg","type":"image\/jpeg"}],"twitter_card":"summary_large_image","twitter_misc":{"Ber\u00e4knad l\u00e4stid":"1 minut"},"schema":{"@context":"https:\/\/schema.org","@graph":[{"@type":"WebPage","@id":"https:\/\/nyforetagarcentrum.se\/sodertalje\/","url":"https:\/\/nyforetagarcentrum.se\/sodertalje\/","name":"Nyf\u00f6retagarCentrum i S\u00f6dert\u00e4lje","isPartOf":{"@id":"https:\/\/nyforetagarcentrum.se\/sodertalje\/#website"},"primaryImageOfPage":{"@id":"https:\/\/nyforetagarcentrum.se\/sodertalje\/#primaryimage"},"image":{"@id":"https:\/\/nyforetagarcentrum.se\/sodertalje\/#primaryimage"},"thumbnailUrl":"https:\/\/nyforetagarcentrum.se\/sodertalje\/wp-content\/uploads\/sites\/77\/2024\/02\/Radgivning-radgivare-nyforetagareLOW.jpg","datePublished":"2024-02-22T09:16:29+00:00","dateModified":"2025-04-10T10:29:01+00:00","description":"Uppt\u00e4ck hur Nyf\u00f6retagarCentrum st\u00f6djer entrepren\u00f6rer och nya f\u00f6retagare i S\u00f6dert\u00e4lje. L\u00e4s om v\u00e5ra tj\u00e4nster, resurser och evenemang som \u00e4r tillg\u00e4ngliga f\u00f6r att hj\u00e4lpa till med aff\u00e4rsutveckling och tillv\u00e4xt i regionen.","breadcrumb":{"@id":"https:\/\/nyforetagarcentrum.se\/sodertalje\/#breadcrumb"},"inLanguage":"sv-SE","potentialAction":[{"@type":"ReadAction","target":["https:\/\/nyforetagarcentrum.se\/sodertalje\/"]}]},{"@type":"ImageObject","inLanguage":"sv-SE","@id":"https:\/\/nyforetagarcentrum.se\/sodertalje\/#primaryimage","url":"https:\/\/nyforetagarcentrum.se\/sodertalje\/wp-content\/uploads\/sites\/77\/2024\/02\/Radgivning-radgivare-nyforetagareLOW.jpg","contentUrl":"https:\/\/nyforetagarcentrum.se\/sodertalje\/wp-content\/uploads\/sites\/77\/2024\/02\/Radgivning-radgivare-nyforetagareLOW.jpg","width":1476,"height":1070},{"@type":"BreadcrumbList","@id":"https:\/\/nyforetagarcentrum.se\/sodertalje\/#breadcrumb","itemListElement":[{"@type":"ListItem","position":1,"name":"Hem","item":"https:\/\/nyforetagarcentrum.se\/sodertalje\/"},{"@type":"ListItem","position":2,"name":"Startsida"}]},{"@type":"WebSite","@id":"https:\/\/nyforetagarcentrum.se\/sodertalje\/#website","url":"https:\/\/nyforetagarcentrum.se\/sodertalje\/","name":"S\u00f6dert\u00e4lje","description":"Sveriges ledande kraft f\u00f6r fler nya livskraftiga f\u00f6retag","publisher":{"@id":"https:\/\/nyforetagarcentrum.se\/sodertalje\/#organization"},"potentialAction":[{"@type":"SearchAction","target":{"@type":"EntryPoint","urlTemplate":"https:\/\/nyforetagarcentrum.se\/sodertalje\/?s={search_term_string}"},"query-input":"required name=search_term_string"}],"inLanguage":"sv-SE"},{"@type":"Organization","@id":"https:\/\/nyforetagarcentrum.se\/sodertalje\/#organization","name":"S\u00f6dert\u00e4lje","url":"https:\/\/nyforetagarcentrum.se\/sodertalje\/","logo":{"@type":"ImageObject","inLanguage":"sv-SE","@id":"https:\/\/nyforetagarcentrum.se\/sodertalje\/#\/schema\/logo\/image\/","url":"https:\/\/nyforetagarcentrum.se\/sodertalje\/wp-content\/uploads\/sites\/77\/2024\/07\/sodertalje_bla-1.png","contentUrl":"https:\/\/nyforetagarcentrum.se\/sodertalje\/wp-content\/uploads\/sites\/77\/2024\/07\/sodertalje_bla-1.png","width":870,"height":421,"caption":"S\u00f6dert\u00e4lje"},"image":{"@id":"https:\/\/nyforetagarcentrum.se\/sodertalje\/#\/schema\/logo\/image\/"}}]}},"_links":{"self":[{"href":"https:\/\/nyforetagarcentrum.se\/sodertalje\/wp-json\/wp\/v2\/pages\/6"}],"collection":[{"href":"https:\/\/nyforetagarcentrum.se\/sodertalje\/wp-json\/wp\/v2\/pages"}],"about":[{"href":"https:\/\/nyforetagarcentrum.se\/sodertalje\/wp-json\/wp\/v2\/types\/page"}],"author":[{"embeddable":true,"href":"https:\/\/nyforetagarcentrum.se\/sodertalje\/wp-json\/wp\/v2\/users\/1"}],"replies":[{"embeddable":true,"href":"https:\/\/nyforetagarcentrum.se\/sodertalje\/wp-json\/wp\/v2\/comments?post=6"}],"version-history":[{"count":47,"href":"https:\/\/nyforetagarcentrum.se\/sodertalje\/wp-json\/wp\/v2\/pages\/6\/revisions"}],"predecessor-version":[{"id":629,"href":"https:\/\/nyforetagarcentrum.se\/sodertalje\/wp-json\/wp\/v2\/pages\/6\/revisions\/629"}],"wp:featuredmedia":[{"embeddable":true,"href":"https:\/\/nyforetagarcentrum.se\/sodertalje\/wp-json\/wp\/v2\/media\/209"}],"wp:attachment":[{"href":"https:\/\/nyforetagarcentrum.se\/sodertalje\/wp-json\/wp\/v2\/media?parent=6"}],"curies":[{"name":"wp","href":"https:\/\/api.w.org\/{rel}","templated":true}]}}