{"id":161,"date":"2024-02-27T16:04:37","date_gmt":"2024-02-27T15:04:37","guid":{"rendered":"https:\/\/nyforetagarcentrum.se\/sodertalje\/?page_id=161"},"modified":"2025-04-30T10:33:07","modified_gmt":"2025-04-30T08:33:07","slug":"om-oss","status":"publish","type":"page","link":"https:\/\/nyforetagarcentrum.se\/sodertalje\/om-oss\/","title":{"rendered":"Om oss"},"content":{"rendered":"<section  class=\"nfc-block-hero alignfull\">\n\n    <img loading=\"lazy\" decoding=\"async\" width=\"714\" height=\"622\" src=\"https:\/\/nyforetagarcentrum.se\/sodertalje\/wp-content\/uploads\/sites\/77\/2024\/02\/ySLeov8m_8.png\" class=\"attachment-landscape size-landscape\" alt=\"\" srcset=\"https:\/\/nyforetagarcentrum.se\/sodertalje\/wp-content\/uploads\/sites\/77\/2024\/02\/ySLeov8m_8.png 714w, https:\/\/nyforetagarcentrum.se\/sodertalje\/wp-content\/uploads\/sites\/77\/2024\/02\/ySLeov8m_8-300x261.png 300w\" sizes=\"(max-width: 714px) 100vw, 714px\" \/>\n    <div class=\"contained\">\n        <h1 class=\"nfc-block-hero__heading\">Om oss<\/h1>\n\n            <\/div>\n<\/section>\n\n\n<div style=\"height:50px\" aria-hidden=\"true\" class=\"wp-block-spacer\"><\/div>\n\n\n<section  class=\"nfc-block-breadcrumbs\">\n    <div class=\"wrapper contained\">\n        <ol class=\"breadcrumbs\" itemscope itemtype=\"https:\/\/schema.org\/BreadcrumbList\">\n            <li itemprop=\"itemListElement\" itemscope itemtype=\"https:\/\/schema.org\/ListItem\">\n            \n\n                            <span class=\"current\" itemprop=\"name\">Hem<\/span>\n            \n            <meta itemprop=\"position\" content=\"1\" \/>\n        <\/li>\n    <\/ol>    <\/div>\n<\/section>\n\n\n<div style=\"height:51px\" aria-hidden=\"true\" class=\"wp-block-spacer\"><\/div>\n\n\n<section  class=\"nfc-block-split_screen alignwide image_alignment-left\">\n    <div class=\"wrapper\">\n        <div class=\"nfc-block-split_screen__image-wrapper\">\n            <img loading=\"lazy\" decoding=\"async\" width=\"1469\" height=\"981\" src=\"https:\/\/nyforetagarcentrum.se\/sodertalje\/wp-content\/uploads\/sites\/77\/2024\/02\/4083b98ac6a43f162142a286decbc08f.png\" class=\"attachment-landscape size-landscape\" alt=\"\" srcset=\"https:\/\/nyforetagarcentrum.se\/sodertalje\/wp-content\/uploads\/sites\/77\/2024\/02\/4083b98ac6a43f162142a286decbc08f.png 1469w, https:\/\/nyforetagarcentrum.se\/sodertalje\/wp-content\/uploads\/sites\/77\/2024\/02\/4083b98ac6a43f162142a286decbc08f-300x200.png 300w, https:\/\/nyforetagarcentrum.se\/sodertalje\/wp-content\/uploads\/sites\/77\/2024\/02\/4083b98ac6a43f162142a286decbc08f-1024x684.png 1024w, https:\/\/nyforetagarcentrum.se\/sodertalje\/wp-content\/uploads\/sites\/77\/2024\/02\/4083b98ac6a43f162142a286decbc08f-768x513.png 768w\" sizes=\"(max-width: 1469px) 100vw, 1469px\" \/>        <\/div>\n\n        <div class=\"nfc-block-split_screen__content-wrapper\">\n            <h2>V\u00e5r verksamhet<\/h2>\n<p>Varmt v\u00e4lkommen till Nyf\u00f6retagarcentrum S\u00f6dert\u00e4lje Nykvarn Salem.<\/p>\n<p><strong>P\u00e5 Nyf\u00f6retagarCentrum har vi kompetens och erfarenhet av f\u00f6retagandets m\u00f6jligheter och utmaningar. Vi erbjuder dig kostnadsfri och individuellt anpassad r\u00e5dgivning oavsett om du funderar p\u00e5 att starta f\u00f6retag eller redan \u00e4r i g\u00e5ng och vill komma vidare. Tillsammans ser vi \u00f6ver din aff\u00e4rsplan och v\u00e4ssar din aff\u00e4rsid\u00e9.<\/strong><\/p>\n<p><strong>Vill du har r\u00e5dgivning p\u00e5 arabiska bokar du r\u00e5dgivning med Mahfouz Habrawi.<\/strong><\/p>\n<p>Alla v\u00e5ra r\u00e5dgivningar sker digitalt eller via telefon.<\/p>\n<p>Nyf\u00f6retagarCentrum \u00e4r en icke-vinstdrivande ekonomisk f\u00f6rening som st\u00f6ttas av n\u00e4ringslivet och kommunerna i S\u00f6dert\u00e4lje, Nykvarn och Salem. Tack vare st\u00f6d fr\u00e5n v\u00e5ra partners \u00e4r r\u00e5dgivningen alltid kostnadsfri f\u00f6r dig.<\/p>\n<p><strong>Nyf\u00f6retagarCentrum\u00a0S\u00f6dert\u00e4lje Nykvarn Salem<\/strong><br \/>\nKvarnbergagatan, 12<br \/>\n151 36 S\u00f6dert\u00e4lje<br \/>\nE-post:\u00a0<a href=\"mailto:sodertalje@nyforetagarcentrum.se\">sodertalje@nyforetagarcentrum.se<\/a><\/p>\n<p><strong>Lena Schulte, Verksamhetsansvarig<\/strong><br \/>\nMobil: 070-585 66 95<\/p>\n<p>&nbsp;<\/p>\n\n                            <div class=\"nfc-block-split_screen__buttons\">\n                                            <a href=\"vara-samarbetspartners\/\" class=\"button outlined\">V\u00e5ra samarbetspartners<\/a>\n                                    <\/div>\n            \n        <\/div>\n    <\/div>\n<\/section>\n\n\n<div style=\"height:50px\" aria-hidden=\"true\" class=\"wp-block-spacer\"><\/div>\n\n\n\n<div class=\"wp-block-group alignfull has-white-background-color has-background is-layout-constrained wp-block-group-is-layout-constrained\">\n<div style=\"height:51px\" aria-hidden=\"true\" class=\"wp-block-spacer\"><\/div>\n\n\n<section  class=\"nfc-block-quote contained alignfull\">\n    <div class=\"wrapper contained\">\n        <p class=\"quote h2\"><\/p>\n        <div class=\"author\">\n            <div class=\"avatar\">\n                <img loading=\"lazy\" decoding=\"async\" width=\"150\" height=\"150\" src=\"https:\/\/nyforetagarcentrum.se\/sodertalje\/wp-content\/uploads\/sites\/77\/2024\/02\/cropped-NFC_CMYK_2010_logo-150x150.png\" class=\"attachment-thumbnail size-thumbnail\" alt=\"\" srcset=\"https:\/\/nyforetagarcentrum.se\/sodertalje\/wp-content\/uploads\/sites\/77\/2024\/02\/cropped-NFC_CMYK_2010_logo-150x150.png 150w, https:\/\/nyforetagarcentrum.se\/sodertalje\/wp-content\/uploads\/sites\/77\/2024\/02\/cropped-NFC_CMYK_2010_logo-300x300.png 300w, https:\/\/nyforetagarcentrum.se\/sodertalje\/wp-content\/uploads\/sites\/77\/2024\/02\/cropped-NFC_CMYK_2010_logo.png 512w\" sizes=\"(max-width: 150px) 100vw, 150px\" \/>            <\/div>\n            <div class=\"text\">\n                <p class=\"name\">Nyf\u00f6retagarCentrum S\u00f6dert\u00e4lje Nykvarn Salem<\/p>\n                <p class=\"subtitle\">Siffror fr\u00e5n verksamheten 2024<\/p>\n            <\/div>\n        <\/div>\n    <\/div>\n<\/section>\n\n\n<div style=\"height:51px\" aria-hidden=\"true\" class=\"wp-block-spacer\"><\/div>\n\n\n\n<div class=\"wp-block-columns alignwide is-layout-flex wp-container-core-columns-is-layout-1 wp-block-columns-is-layout-flex\">\n<div class=\"wp-block-column is-layout-flow wp-block-column-is-layout-flow\">\n<p class=\"no-margin\" style=\"font-size:100px;font-style:normal;font-weight:700\">43,2%<\/p>\n\n\n\n<p class=\"has-text-color has-link-color wp-elements-221574ba3839b20e05ac9d8c063cbeb3\" style=\"color:#4d4d4d\">Av de nyf\u00f6retagare vi hj\u00e4lpte var utlandsf\u00f6dda.<\/p>\n<\/div>\n\n\n\n<div class=\"wp-block-column is-layout-flow wp-block-column-is-layout-flow\">\n<p class=\"no-margin\" style=\"font-size:100px;font-style:normal;font-weight:700\">169<\/p>\n\n\n\n<p class=\"has-text-color has-link-color wp-elements-425afeb67cb479e55518bf510f32444c\" style=\"color:#4d4d4d\">Under 2024 genomf\u00f6rde vi 169 r\u00e5dgivningar, enskilt eller i grupp. <\/p>\n<\/div>\n\n\n\n<div class=\"wp-block-column is-layout-flow wp-block-column-is-layout-flow\">\n<p class=\"no-margin\" style=\"font-size:100px;font-style:normal;font-weight:700\">81<\/p>\n\n\n\n<p class=\"has-text-color has-link-color wp-elements-b8bc95d6dbf130d401d628def1b21fe3\" style=\"color:#4d4d4d\">Under 2024 bidrog v\u00e5r verksamhet till 81 st olika f\u00f6retagsstarter. <\/p>\n<\/div>\n<\/div>\n\n\n\n<div style=\"height:51px\" aria-hidden=\"true\" class=\"wp-block-spacer\"><\/div>\n\n\n\n<div style=\"height:51px\" aria-hidden=\"true\" class=\"wp-block-spacer\"><\/div>\n<\/div>\n\n\n\n<div style=\"height:50px\" aria-hidden=\"true\" class=\"wp-block-spacer\"><\/div>\n\n\n\n<h2 class=\"wp-block-heading has-text-align-center\">\u00c4r ditt f\u00f6retag eller organisation intresserad av att st\u00f6da Nyf\u00f6retagarCentrum S\u00f6dert\u00e4lje Nykvarn Salems arbete?<\/h2>\n\n\n\n<div class=\"wp-block-group alignfull is-layout-constrained wp-block-group-is-layout-constrained\"><section  class=\"nfc-block-form aligncontent layout-small\">\n    <div class=\"contained\">\n\n        <form data-nfc-form=\"block_84f086999862d30ded06df3d68353f27\" data-nfc-page=\"161\">\n            <label class=\"input-wrapper\" for=\"namn\">\n    <span>Namn<\/span>\n    <input type=\"text\" name=\"namn\" id=\"namn\" placeholder=\"\" >\n<\/label><label class=\"input-wrapper\" for=\"foretag-eller-organisation\">\n    <span>F\u00f6retag eller organisation<\/span>\n    <input type=\"text\" name=\"foretag-eller-organisation\" id=\"foretag-eller-organisation\" placeholder=\"\" >\n<\/label><label class=\"input-wrapper\" for=\"e-post\">\n    <span>E-post<\/span>\n    <input type=\"text\" name=\"e-post\" id=\"e-post\" placeholder=\"\" >\n<\/label>\n            <div class=\"input-wrapper\">\n                <button type=\"submit\" class=\"button\">Skicka<\/button>\n            <\/div>\n        <\/form>\n    <\/div>\n<\/section><\/div>\n\n\n\n<div style=\"height:100px\" aria-hidden=\"true\" class=\"wp-block-spacer\"><\/div>\n","protected":false},"excerpt":{"rendered":"<p>43,2% Av de nyf\u00f6retagare vi hj\u00e4lpte var utlandsf\u00f6dda. 169 Under 2024 genomf\u00f6rde vi 169 r\u00e5dgivningar, enskilt eller i grupp. 81 Under 2024 bidrog v\u00e5r verksamhet till 81 st olika f\u00f6retagsstarter. \u00c4r ditt f\u00f6retag eller organisation intresserad av att st\u00f6da Nyf\u00f6retagarCentrum S\u00f6dert\u00e4lje Nykvarn Salems arbete?<\/p>\n","protected":false},"author":1,"featured_media":0,"parent":0,"menu_order":0,"comment_status":"closed","ping_status":"closed","template":"","meta":{"footnotes":""},"acf":[],"yoast_head":"<!-- This site is optimized with the Yoast SEO plugin v22.9 - https:\/\/yoast.com\/wordpress\/plugins\/seo\/ -->\n<title>Om oss - S\u00f6dert\u00e4lje<\/title>\n<meta name=\"robots\" content=\"index, follow, max-snippet:-1, max-image-preview:large, max-video-preview:-1\" \/>\n<link rel=\"canonical\" href=\"https:\/\/nyforetagarcentrum.se\/sodertalje\/om-oss\/\" \/>\n<meta property=\"og:locale\" content=\"sv_SE\" \/>\n<meta property=\"og:type\" content=\"article\" \/>\n<meta property=\"og:title\" content=\"Om oss - S\u00f6dert\u00e4lje\" \/>\n<meta property=\"og:description\" content=\"43,2% Av de nyf\u00f6retagare vi hj\u00e4lpte var utlandsf\u00f6dda. 169 Under 2024 genomf\u00f6rde vi 169 r\u00e5dgivningar, enskilt eller i grupp. 81 Under 2024 bidrog v\u00e5r verksamhet till 81 st olika f\u00f6retagsstarter. \u00c4r ditt f\u00f6retag eller organisation intresserad av att st\u00f6da Nyf\u00f6retagarCentrum S\u00f6dert\u00e4lje Nykvarn Salems arbete?\" \/>\n<meta property=\"og:url\" content=\"https:\/\/nyforetagarcentrum.se\/sodertalje\/om-oss\/\" \/>\n<meta property=\"og:site_name\" content=\"S\u00f6dert\u00e4lje\" \/>\n<meta property=\"article:modified_time\" content=\"2025-04-30T08:33:07+00:00\" \/>\n<meta name=\"twitter:card\" content=\"summary_large_image\" \/>\n<meta name=\"twitter:label1\" content=\"Ber\u00e4knad l\u00e4stid\" \/>\n\t<meta name=\"twitter:data1\" content=\"1 minut\" \/>\n<script type=\"application\/ld+json\" class=\"yoast-schema-graph\">{\"@context\":\"https:\/\/schema.org\",\"@graph\":[{\"@type\":\"WebPage\",\"@id\":\"https:\/\/nyforetagarcentrum.se\/sodertalje\/om-oss\/\",\"url\":\"https:\/\/nyforetagarcentrum.se\/sodertalje\/om-oss\/\",\"name\":\"Om oss - S\u00f6dert\u00e4lje\",\"isPartOf\":{\"@id\":\"https:\/\/nyforetagarcentrum.se\/sodertalje\/#website\"},\"datePublished\":\"2024-02-27T15:04:37+00:00\",\"dateModified\":\"2025-04-30T08:33:07+00:00\",\"breadcrumb\":{\"@id\":\"https:\/\/nyforetagarcentrum.se\/sodertalje\/om-oss\/#breadcrumb\"},\"inLanguage\":\"sv-SE\",\"potentialAction\":[{\"@type\":\"ReadAction\",\"target\":[\"https:\/\/nyforetagarcentrum.se\/sodertalje\/om-oss\/\"]}]},{\"@type\":\"BreadcrumbList\",\"@id\":\"https:\/\/nyforetagarcentrum.se\/sodertalje\/om-oss\/#breadcrumb\",\"itemListElement\":[{\"@type\":\"ListItem\",\"position\":1,\"name\":\"Hem\",\"item\":\"https:\/\/nyforetagarcentrum.se\/sodertalje\/\"},{\"@type\":\"ListItem\",\"position\":2,\"name\":\"Om oss\"}]},{\"@type\":\"WebSite\",\"@id\":\"https:\/\/nyforetagarcentrum.se\/sodertalje\/#website\",\"url\":\"https:\/\/nyforetagarcentrum.se\/sodertalje\/\",\"name\":\"S\u00f6dert\u00e4lje\",\"description\":\"Sveriges ledande kraft f\u00f6r fler nya livskraftiga f\u00f6retag\",\"publisher\":{\"@id\":\"https:\/\/nyforetagarcentrum.se\/sodertalje\/#organization\"},\"potentialAction\":[{\"@type\":\"SearchAction\",\"target\":{\"@type\":\"EntryPoint\",\"urlTemplate\":\"https:\/\/nyforetagarcentrum.se\/sodertalje\/?s={search_term_string}\"},\"query-input\":\"required name=search_term_string\"}],\"inLanguage\":\"sv-SE\"},{\"@type\":\"Organization\",\"@id\":\"https:\/\/nyforetagarcentrum.se\/sodertalje\/#organization\",\"name\":\"S\u00f6dert\u00e4lje\",\"url\":\"https:\/\/nyforetagarcentrum.se\/sodertalje\/\",\"logo\":{\"@type\":\"ImageObject\",\"inLanguage\":\"sv-SE\",\"@id\":\"https:\/\/nyforetagarcentrum.se\/sodertalje\/#\/schema\/logo\/image\/\",\"url\":\"https:\/\/nyforetagarcentrum.se\/sodertalje\/wp-content\/uploads\/sites\/77\/2024\/07\/sodertalje_bla-1.png\",\"contentUrl\":\"https:\/\/nyforetagarcentrum.se\/sodertalje\/wp-content\/uploads\/sites\/77\/2024\/07\/sodertalje_bla-1.png\",\"width\":870,\"height\":421,\"caption\":\"S\u00f6dert\u00e4lje\"},\"image\":{\"@id\":\"https:\/\/nyforetagarcentrum.se\/sodertalje\/#\/schema\/logo\/image\/\"}}]}<\/script>\n<!-- \/ Yoast SEO plugin. -->","yoast_head_json":{"title":"Om oss - S\u00f6dert\u00e4lje","robots":{"index":"index","follow":"follow","max-snippet":"max-snippet:-1","max-image-preview":"max-image-preview:large","max-video-preview":"max-video-preview:-1"},"canonical":"https:\/\/nyforetagarcentrum.se\/sodertalje\/om-oss\/","og_locale":"sv_SE","og_type":"article","og_title":"Om oss - S\u00f6dert\u00e4lje","og_description":"43,2% Av de nyf\u00f6retagare vi hj\u00e4lpte var utlandsf\u00f6dda. 169 Under 2024 genomf\u00f6rde vi 169 r\u00e5dgivningar, enskilt eller i grupp. 81 Under 2024 bidrog v\u00e5r verksamhet till 81 st olika f\u00f6retagsstarter. \u00c4r ditt f\u00f6retag eller organisation intresserad av att st\u00f6da Nyf\u00f6retagarCentrum S\u00f6dert\u00e4lje Nykvarn Salems arbete?","og_url":"https:\/\/nyforetagarcentrum.se\/sodertalje\/om-oss\/","og_site_name":"S\u00f6dert\u00e4lje","article_modified_time":"2025-04-30T08:33:07+00:00","twitter_card":"summary_large_image","twitter_misc":{"Ber\u00e4knad l\u00e4stid":"1 minut"},"schema":{"@context":"https:\/\/schema.org","@graph":[{"@type":"WebPage","@id":"https:\/\/nyforetagarcentrum.se\/sodertalje\/om-oss\/","url":"https:\/\/nyforetagarcentrum.se\/sodertalje\/om-oss\/","name":"Om oss - S\u00f6dert\u00e4lje","isPartOf":{"@id":"https:\/\/nyforetagarcentrum.se\/sodertalje\/#website"},"datePublished":"2024-02-27T15:04:37+00:00","dateModified":"2025-04-30T08:33:07+00:00","breadcrumb":{"@id":"https:\/\/nyforetagarcentrum.se\/sodertalje\/om-oss\/#breadcrumb"},"inLanguage":"sv-SE","potentialAction":[{"@type":"ReadAction","target":["https:\/\/nyforetagarcentrum.se\/sodertalje\/om-oss\/"]}]},{"@type":"BreadcrumbList","@id":"https:\/\/nyforetagarcentrum.se\/sodertalje\/om-oss\/#breadcrumb","itemListElement":[{"@type":"ListItem","position":1,"name":"Hem","item":"https:\/\/nyforetagarcentrum.se\/sodertalje\/"},{"@type":"ListItem","position":2,"name":"Om oss"}]},{"@type":"WebSite","@id":"https:\/\/nyforetagarcentrum.se\/sodertalje\/#website","url":"https:\/\/nyforetagarcentrum.se\/sodertalje\/","name":"S\u00f6dert\u00e4lje","description":"Sveriges ledande kraft f\u00f6r fler nya livskraftiga f\u00f6retag","publisher":{"@id":"https:\/\/nyforetagarcentrum.se\/sodertalje\/#organization"},"potentialAction":[{"@type":"SearchAction","target":{"@type":"EntryPoint","urlTemplate":"https:\/\/nyforetagarcentrum.se\/sodertalje\/?s={search_term_string}"},"query-input":"required name=search_term_string"}],"inLanguage":"sv-SE"},{"@type":"Organization","@id":"https:\/\/nyforetagarcentrum.se\/sodertalje\/#organization","name":"S\u00f6dert\u00e4lje","url":"https:\/\/nyforetagarcentrum.se\/sodertalje\/","logo":{"@type":"ImageObject","inLanguage":"sv-SE","@id":"https:\/\/nyforetagarcentrum.se\/sodertalje\/#\/schema\/logo\/image\/","url":"https:\/\/nyforetagarcentrum.se\/sodertalje\/wp-content\/uploads\/sites\/77\/2024\/07\/sodertalje_bla-1.png","contentUrl":"https:\/\/nyforetagarcentrum.se\/sodertalje\/wp-content\/uploads\/sites\/77\/2024\/07\/sodertalje_bla-1.png","width":870,"height":421,"caption":"S\u00f6dert\u00e4lje"},"image":{"@id":"https:\/\/nyforetagarcentrum.se\/sodertalje\/#\/schema\/logo\/image\/"}}]}},"_links":{"self":[{"href":"https:\/\/nyforetagarcentrum.se\/sodertalje\/wp-json\/wp\/v2\/pages\/161"}],"collection":[{"href":"https:\/\/nyforetagarcentrum.se\/sodertalje\/wp-json\/wp\/v2\/pages"}],"about":[{"href":"https:\/\/nyforetagarcentrum.se\/sodertalje\/wp-json\/wp\/v2\/types\/page"}],"author":[{"embeddable":true,"href":"https:\/\/nyforetagarcentrum.se\/sodertalje\/wp-json\/wp\/v2\/users\/1"}],"replies":[{"embeddable":true,"href":"https:\/\/nyforetagarcentrum.se\/sodertalje\/wp-json\/wp\/v2\/comments?post=161"}],"version-history":[{"count":24,"href":"https:\/\/nyforetagarcentrum.se\/sodertalje\/wp-json\/wp\/v2\/pages\/161\/revisions"}],"predecessor-version":[{"id":648,"href":"https:\/\/nyforetagarcentrum.se\/sodertalje\/wp-json\/wp\/v2\/pages\/161\/revisions\/648"}],"wp:attachment":[{"href":"https:\/\/nyforetagarcentrum.se\/sodertalje\/wp-json\/wp\/v2\/media?parent=161"}],"curies":[{"name":"wp","href":"https:\/\/api.w.org\/{rel}","templated":true}]}}