{"id":239,"date":"2024-02-29T13:59:39","date_gmt":"2024-02-29T12:59:39","guid":{"rendered":"https:\/\/nyforetagarcentrum.se\/skanenordvast\/?page_id=239"},"modified":"2024-09-27T15:05:58","modified_gmt":"2024-09-27T13:05:58","slug":"vara-radgivare","status":"publish","type":"page","link":"https:\/\/nyforetagarcentrum.se\/skanenordvast\/vara-radgivare\/","title":{"rendered":"V\u00e5ra r\u00e5dgivare"},"content":{"rendered":"\n<div style=\"height:49px\" aria-hidden=\"true\" class=\"wp-block-spacer\"><\/div>\n\n\n<section  class=\"nfc-block-breadcrumbs alignwide\">\n    <div class=\"wrapper contained\">\n        <ol class=\"breadcrumbs\" itemscope itemtype=\"https:\/\/schema.org\/BreadcrumbList\">\n            <li itemprop=\"itemListElement\" itemscope itemtype=\"https:\/\/schema.org\/ListItem\">\n            \n\n                            <span class=\"current\" itemprop=\"name\">Hem<\/span>\n            \n            <meta itemprop=\"position\" content=\"1\" \/>\n        <\/li>\n    <\/ol>    <\/div>\n<\/section>\n\n\n<div style=\"height:49px\" aria-hidden=\"true\" class=\"wp-block-spacer\"><\/div>\n\n\n<section  class=\"nfc-block-split_screen alignwide image_alignment-left\">\n    <div class=\"wrapper\">\n        <div class=\"nfc-block-split_screen__image-wrapper\">\n            <img loading=\"lazy\" decoding=\"async\" width=\"1470\" height=\"980\" src=\"https:\/\/nyforetagarcentrum.se\/skanenordvast\/wp-content\/uploads\/sites\/71\/2024\/02\/Medium_JM.png\" class=\"attachment-landscape size-landscape\" alt=\"\" srcset=\"https:\/\/nyforetagarcentrum.se\/skanenordvast\/wp-content\/uploads\/sites\/71\/2024\/02\/Medium_JM.png 1470w, https:\/\/nyforetagarcentrum.se\/skanenordvast\/wp-content\/uploads\/sites\/71\/2024\/02\/Medium_JM-300x200.png 300w, https:\/\/nyforetagarcentrum.se\/skanenordvast\/wp-content\/uploads\/sites\/71\/2024\/02\/Medium_JM-1024x683.png 1024w, https:\/\/nyforetagarcentrum.se\/skanenordvast\/wp-content\/uploads\/sites\/71\/2024\/02\/Medium_JM-768x512.png 768w\" sizes=\"(max-width: 1470px) 100vw, 1470px\" \/>        <\/div>\n\n        <div class=\"nfc-block-split_screen__content-wrapper\">\n            <h1>V\u00e5ra r\u00e5dgivare<\/h1>\n<p>V\u00e5ra r\u00e5dgivare \u00e4r samtliga sj\u00e4lva egna f\u00f6retagare, med erfarenhet av vad det inneb\u00e4r att b\u00f6rja fr\u00e5n b\u00f6rjan. De har ocks\u00e5 n\u00e4tverk i sina respektive hemorter, en lokal f\u00f6rankring och kan guida dig till n\u00e4ringslivskontakter som du kan ha stor nytta av i ditt blivande aff\u00e4rsliv.<\/p>\n\n                            <div class=\"nfc-block-split_screen__buttons\">\n                                            <a href=\"https:\/\/nyforetagarcentrum.se\/skanenordvast\/category\/radgivare\/\" class=\"button primary\">L\u00e4s intervjuer med v\u00e5ra r\u00e5dgivare<\/a>\n                                    <\/div>\n            \n        <\/div>\n    <\/div>\n<\/section>\n\n\n<div style=\"height:49px\" aria-hidden=\"true\" class=\"wp-block-spacer\"><\/div>\n\n\n\n<h2 class=\"wp-block-heading alignwide\">M\u00f6t Nyf\u00f6retagarCentrum Sk\u00e5ne Nordv\u00e4sts r\u00e5dgivare<\/h2>\n\n\n<section  class=\"nfc-block-person_grid alignwide layout-large\">\n    <div class=\"contained\">\n        <div class=\"grid\">\n            <div class=\"person-large-card\">\n    \n    <div class=\"featured_image\">\n                    <img loading=\"lazy\" decoding=\"async\" width=\"1024\" height=\"682\" src=\"https:\/\/nyforetagarcentrum.se\/skanenordvast\/wp-content\/uploads\/sites\/71\/2025\/07\/lowress-nfc0121-1024x682.jpg\" class=\"attachment-large size-large\" alt=\"\" srcset=\"https:\/\/nyforetagarcentrum.se\/skanenordvast\/wp-content\/uploads\/sites\/71\/2025\/07\/lowress-nfc0121-1024x682.jpg 1024w, https:\/\/nyforetagarcentrum.se\/skanenordvast\/wp-content\/uploads\/sites\/71\/2025\/07\/lowress-nfc0121-300x200.jpg 300w, https:\/\/nyforetagarcentrum.se\/skanenordvast\/wp-content\/uploads\/sites\/71\/2025\/07\/lowress-nfc0121-768x512.jpg 768w, https:\/\/nyforetagarcentrum.se\/skanenordvast\/wp-content\/uploads\/sites\/71\/2025\/07\/lowress-nfc0121-1536x1024.jpg 1536w, https:\/\/nyforetagarcentrum.se\/skanenordvast\/wp-content\/uploads\/sites\/71\/2025\/07\/lowress-nfc0121-1620x1080.jpg 1620w, https:\/\/nyforetagarcentrum.se\/skanenordvast\/wp-content\/uploads\/sites\/71\/2025\/07\/lowress-nfc0121.jpg 2000w\" sizes=\"(max-width: 1024px) 100vw, 1024px\" \/>            <\/div>\n\n    <div class=\"content-wrapper\">\n        <h3>Christian J\u00f6nsson<\/h3>\n\n                    <div class=\"excerpt\">\n                De f\u00f6retagen Christian jobbat p\u00e5 \u00e4r v\u00e4ldigt entrepren\u00f6rsv\u00e4nliga och den stilen av f\u00f6retagande har han alltid varit intresserad av och haft stort fokus p\u00e5 tillv\u00e4xt, strategisk planering, g\u00f6ra aff\u00e4rsplaner och se till att det blir gjort. F\u00f6r 5 \u00e5r sedan startade han en enskild firma inom consulting med fokus p\u00e5 verksamhetsutveckling, projektledning och under de senaste \u00e5ren som egen f\u00f6retagare har han varit nere i detaljerna och vet vad det inneb\u00e4r att k\u00f6ra sj\u00e4lv.<br \/>\r\n            <\/div>\n        \n        <div class=\"links\">\n\n            \n                            <a href=\"mailto:christian.jonsson@nyforetagarcentrum.se\">\n                    christian.jonsson@nyforetagarcentrum.se                <\/a>\n                    <\/div>\n        \n    <\/div>\n<\/div><div class=\"person-large-card\">\n    \n    <div class=\"featured_image\">\n                    <img loading=\"lazy\" decoding=\"async\" width=\"1024\" height=\"682\" src=\"https:\/\/nyforetagarcentrum.se\/skanenordvast\/wp-content\/uploads\/sites\/71\/2024\/04\/nfc9941-1024x682.jpg\" class=\"attachment-large size-large\" alt=\"\" srcset=\"https:\/\/nyforetagarcentrum.se\/skanenordvast\/wp-content\/uploads\/sites\/71\/2024\/04\/nfc9941-1024x682.jpg 1024w, https:\/\/nyforetagarcentrum.se\/skanenordvast\/wp-content\/uploads\/sites\/71\/2024\/04\/nfc9941-300x200.jpg 300w, https:\/\/nyforetagarcentrum.se\/skanenordvast\/wp-content\/uploads\/sites\/71\/2024\/04\/nfc9941-768x512.jpg 768w, https:\/\/nyforetagarcentrum.se\/skanenordvast\/wp-content\/uploads\/sites\/71\/2024\/04\/nfc9941-1536x1024.jpg 1536w, https:\/\/nyforetagarcentrum.se\/skanenordvast\/wp-content\/uploads\/sites\/71\/2024\/04\/nfc9941-1620x1080.jpg 1620w, https:\/\/nyforetagarcentrum.se\/skanenordvast\/wp-content\/uploads\/sites\/71\/2024\/04\/nfc9941.jpg 2000w\" sizes=\"(max-width: 1024px) 100vw, 1024px\" \/>            <\/div>\n\n    <div class=\"content-wrapper\">\n        <h3>Ann-Sofie Frey<\/h3>\n\n                    <div class=\"excerpt\">\n                Ann-Sofie Frey har m\u00e5ng\u00e5rig erfarenhet som aff\u00e4rsr\u00e5dgivare, b\u00e5de vid f\u00f6retagsstarter och till etablerade f\u00f6retag som vill v\u00e4xa och utvecklas. Hon har i sin bakgrund erfarenhet av arbete med finansieringsfr\u00e5gor, ett omr\u00e5de som ofta beh\u00f6ver diskuteras s\u00e5v\u00e4l vid start som i v\u00e4xandet. Hon har \u00e4ven haft ledande befattningar och verkat i bolagsstyrelser. Ann-Sofie \u00e4r sj\u00e4lv f\u00f6retagare och k\u00e4nner stor motivation i att se m\u00e4nniskor oms\u00e4tta sina tankar och id\u00e9er i handling, i att medverka till att man f\u00f6rflyttar sig fram\u00e5t i sin vision.            <\/div>\n        \n        <div class=\"links\">\n\n            \n                            <a href=\"mailto:ann-sofie.frey@nyforetagarcentrum.se\">\n                    ann-sofie.frey@nyforetagarcentrum.se                <\/a>\n                    <\/div>\n        \n    <\/div>\n<\/div><div class=\"person-large-card\">\n    \n    <div class=\"featured_image\">\n                    <img loading=\"lazy\" decoding=\"async\" width=\"1024\" height=\"682\" src=\"https:\/\/nyforetagarcentrum.se\/skanenordvast\/wp-content\/uploads\/sites\/71\/2025\/07\/lowress-nfc0126-1024x682.jpg\" class=\"attachment-large size-large\" alt=\"\" srcset=\"https:\/\/nyforetagarcentrum.se\/skanenordvast\/wp-content\/uploads\/sites\/71\/2025\/07\/lowress-nfc0126-1024x682.jpg 1024w, https:\/\/nyforetagarcentrum.se\/skanenordvast\/wp-content\/uploads\/sites\/71\/2025\/07\/lowress-nfc0126-300x200.jpg 300w, https:\/\/nyforetagarcentrum.se\/skanenordvast\/wp-content\/uploads\/sites\/71\/2025\/07\/lowress-nfc0126-768x512.jpg 768w, https:\/\/nyforetagarcentrum.se\/skanenordvast\/wp-content\/uploads\/sites\/71\/2025\/07\/lowress-nfc0126-1536x1024.jpg 1536w, https:\/\/nyforetagarcentrum.se\/skanenordvast\/wp-content\/uploads\/sites\/71\/2025\/07\/lowress-nfc0126-1620x1080.jpg 1620w, https:\/\/nyforetagarcentrum.se\/skanenordvast\/wp-content\/uploads\/sites\/71\/2025\/07\/lowress-nfc0126.jpg 2000w\" sizes=\"(max-width: 1024px) 100vw, 1024px\" \/>            <\/div>\n\n    <div class=\"content-wrapper\">\n        <h3>G\u00f6ran H\u00e5kansson<\/h3>\n\n                    <div class=\"excerpt\">\n                G\u00f6ran H\u00e5kansson har l\u00e5ng erfarenhet av f\u00f6retagande i flera olika roller och han delar g\u00e4rna med sig av sin breda kunskap till dig som st\u00e5r i startgroparna eller precis startat ditt f\u00f6retag.<br \/>\r\n\u201dKeep it simple \u2013 make it happen\u201d \u00e4r ett av G\u00f6rans motton och genom ett lyssnande \u00f6ra och en nyfikenhet, b\u00e5de p\u00e5 de breda penseldragen och viktiga detaljerna, bidrar han ofta till att hitta olika perspektiv och l\u00f6sningar utan att kr\u00e5ngla till det. Han delar gener\u00f6st med sig av misstag och framg\u00e5ngar och kan samtidigt st\u00e4lla besv\u00e4rliga och utmanande fr\u00e5gor. Trots mer \u00e4n 35 \u00e5r i arbetslivet \u00e4r han st\u00e4ndigt nyfiken p\u00e5 att l\u00e4ra nytt och bidra till andras framg\u00e5ngar            <\/div>\n        \n        <div class=\"links\">\n\n            \n                            <a href=\"mailto:goran.hakansson@nyforetagarcentrum.se\">\n                    goran.hakansson@nyforetagarcentrum.se                <\/a>\n                    <\/div>\n        \n    <\/div>\n<\/div><div class=\"person-large-card\">\n    \n    <div class=\"featured_image\">\n                    <img loading=\"lazy\" decoding=\"async\" width=\"1024\" height=\"682\" src=\"https:\/\/nyforetagarcentrum.se\/skanenordvast\/wp-content\/uploads\/sites\/71\/2024\/04\/nfc9771-1024x682.jpg\" class=\"attachment-large size-large\" alt=\"Philip Fransson\" srcset=\"https:\/\/nyforetagarcentrum.se\/skanenordvast\/wp-content\/uploads\/sites\/71\/2024\/04\/nfc9771-1024x682.jpg 1024w, https:\/\/nyforetagarcentrum.se\/skanenordvast\/wp-content\/uploads\/sites\/71\/2024\/04\/nfc9771-300x200.jpg 300w, https:\/\/nyforetagarcentrum.se\/skanenordvast\/wp-content\/uploads\/sites\/71\/2024\/04\/nfc9771-768x512.jpg 768w, https:\/\/nyforetagarcentrum.se\/skanenordvast\/wp-content\/uploads\/sites\/71\/2024\/04\/nfc9771-1536x1024.jpg 1536w, https:\/\/nyforetagarcentrum.se\/skanenordvast\/wp-content\/uploads\/sites\/71\/2024\/04\/nfc9771-1620x1080.jpg 1620w, https:\/\/nyforetagarcentrum.se\/skanenordvast\/wp-content\/uploads\/sites\/71\/2024\/04\/nfc9771.jpg 2000w\" sizes=\"(max-width: 1024px) 100vw, 1024px\" \/>            <\/div>\n\n    <div class=\"content-wrapper\">\n        <h3>Philip Fransson<\/h3>\n\n                    <div class=\"excerpt\">\n                Philip Fransson driver flera f\u00f6retag vill bidra med kunskaper som g\u00f6r att personer som s\u00f6ker r\u00e5dgivning hos honom p\u00e5 ett effektivt och m\u00e5linriktat s\u00e4tt kan ta sin produkt\/tj\u00e4nst till marknaden p\u00e5 en stabil grund. Vi \u00e4r glada \u00f6ver att ha knutit Philip till oss vars egna erfarenheter som f\u00f6retagare och entrepren\u00f6r kan bidra med insikter och skapa v\u00e4rde f\u00f6r personer som precis ska inleda sin f\u00f6retagsresa. Exempelvis vad som kan vara viktigt att t\u00e4nka p\u00e5 i relation till det problem\/behov du kommer l\u00f6sa, ditt team, kapitalanskaffning, bolagsstruktur samt din produkt\/aff\u00e4rsutveckling. Philips specialkunskaper finns inom tech, marknadsf\u00f6ring, aff\u00e4rsutveckling och produktutveckling. <br \/>\r\n            <\/div>\n        \n        <div class=\"links\">\n\n            \n                            <a href=\"mailto:philip.fransson@nyforetagarcentrum.se\">\n                    philip.fransson@nyforetagarcentrum.se                <\/a>\n                    <\/div>\n        \n    <\/div>\n<\/div><div class=\"person-large-card\">\n    \n    <div class=\"featured_image\">\n                    <img loading=\"lazy\" decoding=\"async\" width=\"1024\" height=\"682\" src=\"https:\/\/nyforetagarcentrum.se\/skanenordvast\/wp-content\/uploads\/sites\/71\/2024\/04\/nfc9766-1024x682.jpg\" class=\"attachment-large size-large\" alt=\"Magnus Lidstr\u00f6m\" srcset=\"https:\/\/nyforetagarcentrum.se\/skanenordvast\/wp-content\/uploads\/sites\/71\/2024\/04\/nfc9766-1024x682.jpg 1024w, https:\/\/nyforetagarcentrum.se\/skanenordvast\/wp-content\/uploads\/sites\/71\/2024\/04\/nfc9766-300x200.jpg 300w, https:\/\/nyforetagarcentrum.se\/skanenordvast\/wp-content\/uploads\/sites\/71\/2024\/04\/nfc9766-768x512.jpg 768w, https:\/\/nyforetagarcentrum.se\/skanenordvast\/wp-content\/uploads\/sites\/71\/2024\/04\/nfc9766-1536x1024.jpg 1536w, https:\/\/nyforetagarcentrum.se\/skanenordvast\/wp-content\/uploads\/sites\/71\/2024\/04\/nfc9766-1620x1080.jpg 1620w, https:\/\/nyforetagarcentrum.se\/skanenordvast\/wp-content\/uploads\/sites\/71\/2024\/04\/nfc9766.jpg 2000w\" sizes=\"(max-width: 1024px) 100vw, 1024px\" \/>            <\/div>\n\n    <div class=\"content-wrapper\">\n        <h3>Magnus Lidstr\u00f6m<\/h3>\n\n                    <div class=\"excerpt\">\n                Magnus Lidstr\u00f6m \u00e4r norrl\u00e4nningen som via Danmark hittade v\u00e4gen till Sk\u00e5ne och H\u00f6gan\u00e4s genom m\u00f6ten med r\u00e4tt m\u00e4nniskor och som ledde honom till olika v\u00e4gval. Magnus \u00e4r civilingenj\u00f6r och blev \u201clandsf\u00f6rvisad\u201d till Danmark under ett traineeprogram. V\u00e4l nere i regionen \u00f6vergav han planerna p\u00e5 att \u00e5terv\u00e4nda till Stockholm efter programmet utan flyttade \u00f6ver p\u00e5 svenska sidan. En runda som konsult ledde fram till starten av det egna bolaget tillsammans med en partner. Magnus har startat flera f\u00f6retag och till och med satt n\u00e5gra f\u00f6retag i konkurs, vilket \u00e4r en l\u00e4rdom i sig. Som f\u00f6retagare m\u00e5ste man anpassa sig lite grann och f\u00f6retagen styrs ibland i en annan riktning \u00e4n vad man sj\u00e4lv t\u00e4nk sig och det \u00e4r omv\u00e4rlden som formar det.            <\/div>\n        \n        <div class=\"links\">\n\n            \n                            <a href=\"mailto:magnus.lidstrom@nyforetagarcentrum.se\">\n                    magnus.lidstrom@nyforetagarcentrum.se                <\/a>\n                    <\/div>\n        \n    <\/div>\n<\/div><div class=\"person-large-card\">\n    \n    <div class=\"featured_image\">\n                    <img loading=\"lazy\" decoding=\"async\" width=\"1024\" height=\"682\" src=\"https:\/\/nyforetagarcentrum.se\/skanenordvast\/wp-content\/uploads\/sites\/71\/2025\/07\/lowress-nfc0242-1024x682.jpg\" class=\"attachment-large size-large\" alt=\"\" srcset=\"https:\/\/nyforetagarcentrum.se\/skanenordvast\/wp-content\/uploads\/sites\/71\/2025\/07\/lowress-nfc0242-1024x682.jpg 1024w, https:\/\/nyforetagarcentrum.se\/skanenordvast\/wp-content\/uploads\/sites\/71\/2025\/07\/lowress-nfc0242-300x200.jpg 300w, https:\/\/nyforetagarcentrum.se\/skanenordvast\/wp-content\/uploads\/sites\/71\/2025\/07\/lowress-nfc0242-768x512.jpg 768w, https:\/\/nyforetagarcentrum.se\/skanenordvast\/wp-content\/uploads\/sites\/71\/2025\/07\/lowress-nfc0242-1536x1024.jpg 1536w, https:\/\/nyforetagarcentrum.se\/skanenordvast\/wp-content\/uploads\/sites\/71\/2025\/07\/lowress-nfc0242-1620x1080.jpg 1620w, https:\/\/nyforetagarcentrum.se\/skanenordvast\/wp-content\/uploads\/sites\/71\/2025\/07\/lowress-nfc0242.jpg 2000w\" sizes=\"(max-width: 1024px) 100vw, 1024px\" \/>            <\/div>\n\n    <div class=\"content-wrapper\">\n        <h3>Magnus Nson Engelb\u00e4ck<\/h3>\n\n                    <div class=\"excerpt\">\n                Magnus Nson Engelb\u00e4ck har sitt stora fokus och sin k\u00e4rnkompetens inom utveckling av verksamheter och att leda organisationer i f\u00f6r\u00e4ndring. <br \/>\r\n<br \/>\r\nMagnus har varit VD f\u00f6r Ung F\u00f6retagsamhet och \u00e4r numera regionchef f\u00f6r F\u00f6retagarna region Syd.<br \/>\r\n            <\/div>\n        \n        <div class=\"links\">\n\n            \n                            <a href=\"mailto:magnus.engelback@nyforetagarcentrum.se\">\n                    magnus.engelback@nyforetagarcentrum.se                <\/a>\n                    <\/div>\n        \n    <\/div>\n<\/div>        <\/div>\n    <\/div>\n<\/section>\n\n\n<div style=\"height:100px\" aria-hidden=\"true\" class=\"wp-block-spacer\"><\/div>\n\n\n<section  class=\"nfc-block-split_screen alignwide image_alignment-right\">\n    <div class=\"wrapper\">\n        <div class=\"nfc-block-split_screen__image-wrapper\">\n            <img loading=\"lazy\" decoding=\"async\" width=\"1920\" height=\"1080\" src=\"https:\/\/nyforetagarcentrum.se\/skanenordvast\/wp-content\/uploads\/sites\/71\/2024\/07\/Namnlos-design-6.png\" class=\"attachment-landscape size-landscape\" alt=\"\" srcset=\"https:\/\/nyforetagarcentrum.se\/skanenordvast\/wp-content\/uploads\/sites\/71\/2024\/07\/Namnlos-design-6.png 1920w, https:\/\/nyforetagarcentrum.se\/skanenordvast\/wp-content\/uploads\/sites\/71\/2024\/07\/Namnlos-design-6-300x169.png 300w, https:\/\/nyforetagarcentrum.se\/skanenordvast\/wp-content\/uploads\/sites\/71\/2024\/07\/Namnlos-design-6-1024x576.png 1024w, https:\/\/nyforetagarcentrum.se\/skanenordvast\/wp-content\/uploads\/sites\/71\/2024\/07\/Namnlos-design-6-768x432.png 768w, https:\/\/nyforetagarcentrum.se\/skanenordvast\/wp-content\/uploads\/sites\/71\/2024\/07\/Namnlos-design-6-1536x864.png 1536w\" sizes=\"(max-width: 1920px) 100vw, 1920px\" \/>        <\/div>\n\n        <div class=\"nfc-block-split_screen__content-wrapper\">\n            <h2>Boka r\u00e5dgivning<\/h2>\n<p>R\u00e5dgivning \u00e4r f\u00f6r dig som vill veta mer om att starta eget f\u00f6retag eller dig som redan driver f\u00f6retag, men vill f\u00e5 r\u00e5d och hj\u00e4lp. Du ska ha en aff\u00e4rsid\u00e9 och det \u00e4r en f\u00f6rdel om du har b\u00f6rjat p\u00e5 din aff\u00e4rsplan. Desto mer du f\u00f6rbereder dig, desto mer f\u00e5r du ut av r\u00e5dgivningen. Du som bor inom Familjen Helsingborg \u00e4r v\u00e4lkommen till vilken som helst av v\u00e5ra fysiska m\u00f6tesplatser antingen i Helsingborg p\u00e5 Mindpark, i \u00c4ngelholm, i H\u00f6gan\u00e4s eller Landskrona. Vi erbjuder \u00e4ven r\u00e5dgivningar digitalt f\u00f6r dig som tycker det \u00e4r smidigt!<\/p>\n\n                            <div class=\"nfc-block-split_screen__buttons\">\n                                            <a href=\"https:\/\/nyforetagarcentrum.se\/skanenordvast\/radgivning\/\" class=\"button primary\">Boka r\u00e5dgivning<\/a>\n                                    <\/div>\n            \n        <\/div>\n    <\/div>\n<\/section>\n\n\n<div style=\"height:100px\" aria-hidden=\"true\" class=\"wp-block-spacer\"><\/div>\n","protected":false},"excerpt":{"rendered":"<p>M\u00f6t Nyf\u00f6retagarCentrum Sk\u00e5ne Nordv\u00e4sts r\u00e5dgivare<\/p>\n","protected":false},"author":1,"featured_media":0,"parent":0,"menu_order":0,"comment_status":"closed","ping_status":"closed","template":"","meta":{"footnotes":""},"acf":[],"yoast_head":"<!-- This site is optimized with the Yoast SEO plugin v22.9 - https:\/\/yoast.com\/wordpress\/plugins\/seo\/ -->\n<title>V\u00e5ra r\u00e5dgivare | NFC Sk\u00e5ne Nordv\u00e4st<\/title>\n<meta name=\"description\" content=\"F\u00e5 kostnadsfri och personlig r\u00e5dgivning fr\u00e5n experter som hj\u00e4lper dig att starta och utveckla ditt f\u00f6retag!\" \/>\n<meta name=\"robots\" content=\"index, follow, max-snippet:-1, max-image-preview:large, max-video-preview:-1\" \/>\n<link rel=\"canonical\" href=\"https:\/\/nyforetagarcentrum.se\/skanenordvast\/vara-radgivare\/\" \/>\n<meta property=\"og:locale\" content=\"sv_SE\" \/>\n<meta property=\"og:type\" content=\"article\" \/>\n<meta property=\"og:title\" content=\"V\u00e5ra r\u00e5dgivare | NFC Sk\u00e5ne Nordv\u00e4st\" \/>\n<meta property=\"og:description\" content=\"F\u00e5 kostnadsfri och personlig r\u00e5dgivning fr\u00e5n experter som hj\u00e4lper dig att starta och utveckla ditt f\u00f6retag!\" \/>\n<meta property=\"og:url\" content=\"https:\/\/nyforetagarcentrum.se\/skanenordvast\/vara-radgivare\/\" \/>\n<meta property=\"og:site_name\" content=\"Sk\u00e5ne Nordv\u00e4st\" \/>\n<meta property=\"article:modified_time\" content=\"2024-09-27T13:05:58+00:00\" \/>\n<meta name=\"twitter:card\" content=\"summary_large_image\" \/>\n<meta name=\"twitter:label1\" content=\"Ber\u00e4knad l\u00e4stid\" \/>\n\t<meta name=\"twitter:data1\" content=\"1 minut\" \/>\n<script type=\"application\/ld+json\" class=\"yoast-schema-graph\">{\"@context\":\"https:\/\/schema.org\",\"@graph\":[{\"@type\":\"WebPage\",\"@id\":\"https:\/\/nyforetagarcentrum.se\/skanenordvast\/vara-radgivare\/\",\"url\":\"https:\/\/nyforetagarcentrum.se\/skanenordvast\/vara-radgivare\/\",\"name\":\"V\u00e5ra r\u00e5dgivare | NFC Sk\u00e5ne Nordv\u00e4st\",\"isPartOf\":{\"@id\":\"https:\/\/nyforetagarcentrum.se\/skanenordvast\/#website\"},\"datePublished\":\"2024-02-29T12:59:39+00:00\",\"dateModified\":\"2024-09-27T13:05:58+00:00\",\"description\":\"F\u00e5 kostnadsfri och personlig r\u00e5dgivning fr\u00e5n experter som hj\u00e4lper dig att starta och utveckla ditt f\u00f6retag!\",\"breadcrumb\":{\"@id\":\"https:\/\/nyforetagarcentrum.se\/skanenordvast\/vara-radgivare\/#breadcrumb\"},\"inLanguage\":\"sv-SE\",\"potentialAction\":[{\"@type\":\"ReadAction\",\"target\":[\"https:\/\/nyforetagarcentrum.se\/skanenordvast\/vara-radgivare\/\"]}]},{\"@type\":\"BreadcrumbList\",\"@id\":\"https:\/\/nyforetagarcentrum.se\/skanenordvast\/vara-radgivare\/#breadcrumb\",\"itemListElement\":[{\"@type\":\"ListItem\",\"position\":1,\"name\":\"Hem\",\"item\":\"https:\/\/nyforetagarcentrum.se\/skanenordvast\/\"},{\"@type\":\"ListItem\",\"position\":2,\"name\":\"V\u00e5ra r\u00e5dgivare\"}]},{\"@type\":\"WebSite\",\"@id\":\"https:\/\/nyforetagarcentrum.se\/skanenordvast\/#website\",\"url\":\"https:\/\/nyforetagarcentrum.se\/skanenordvast\/\",\"name\":\"Sk\u00e5ne Nordv\u00e4st\",\"description\":\"Sveriges ledande kraft f\u00f6r fler nya livskraftiga f\u00f6retag\",\"publisher\":{\"@id\":\"https:\/\/nyforetagarcentrum.se\/skanenordvast\/#organization\"},\"potentialAction\":[{\"@type\":\"SearchAction\",\"target\":{\"@type\":\"EntryPoint\",\"urlTemplate\":\"https:\/\/nyforetagarcentrum.se\/skanenordvast\/?s={search_term_string}\"},\"query-input\":\"required name=search_term_string\"}],\"inLanguage\":\"sv-SE\"},{\"@type\":\"Organization\",\"@id\":\"https:\/\/nyforetagarcentrum.se\/skanenordvast\/#organization\",\"name\":\"Sk\u00e5ne Nordv\u00e4st\",\"url\":\"https:\/\/nyforetagarcentrum.se\/skanenordvast\/\",\"logo\":{\"@type\":\"ImageObject\",\"inLanguage\":\"sv-SE\",\"@id\":\"https:\/\/nyforetagarcentrum.se\/skanenordvast\/#\/schema\/logo\/image\/\",\"url\":\"https:\/\/nyforetagarcentrum.se\/skanenordvast\/wp-content\/uploads\/sites\/71\/2024\/07\/skanenordvast_bla.png\",\"contentUrl\":\"https:\/\/nyforetagarcentrum.se\/skanenordvast\/wp-content\/uploads\/sites\/71\/2024\/07\/skanenordvast_bla.png\",\"width\":870,\"height\":355,\"caption\":\"Sk\u00e5ne Nordv\u00e4st\"},\"image\":{\"@id\":\"https:\/\/nyforetagarcentrum.se\/skanenordvast\/#\/schema\/logo\/image\/\"}}]}<\/script>\n<!-- \/ Yoast SEO plugin. -->","yoast_head_json":{"title":"V\u00e5ra r\u00e5dgivare | NFC Sk\u00e5ne Nordv\u00e4st","description":"F\u00e5 kostnadsfri och personlig r\u00e5dgivning fr\u00e5n experter som hj\u00e4lper dig att starta och utveckla ditt f\u00f6retag!","robots":{"index":"index","follow":"follow","max-snippet":"max-snippet:-1","max-image-preview":"max-image-preview:large","max-video-preview":"max-video-preview:-1"},"canonical":"https:\/\/nyforetagarcentrum.se\/skanenordvast\/vara-radgivare\/","og_locale":"sv_SE","og_type":"article","og_title":"V\u00e5ra r\u00e5dgivare | NFC Sk\u00e5ne Nordv\u00e4st","og_description":"F\u00e5 kostnadsfri och personlig r\u00e5dgivning fr\u00e5n experter som hj\u00e4lper dig att starta och utveckla ditt f\u00f6retag!","og_url":"https:\/\/nyforetagarcentrum.se\/skanenordvast\/vara-radgivare\/","og_site_name":"Sk\u00e5ne Nordv\u00e4st","article_modified_time":"2024-09-27T13:05:58+00:00","twitter_card":"summary_large_image","twitter_misc":{"Ber\u00e4knad l\u00e4stid":"1 minut"},"schema":{"@context":"https:\/\/schema.org","@graph":[{"@type":"WebPage","@id":"https:\/\/nyforetagarcentrum.se\/skanenordvast\/vara-radgivare\/","url":"https:\/\/nyforetagarcentrum.se\/skanenordvast\/vara-radgivare\/","name":"V\u00e5ra r\u00e5dgivare | NFC Sk\u00e5ne Nordv\u00e4st","isPartOf":{"@id":"https:\/\/nyforetagarcentrum.se\/skanenordvast\/#website"},"datePublished":"2024-02-29T12:59:39+00:00","dateModified":"2024-09-27T13:05:58+00:00","description":"F\u00e5 kostnadsfri och personlig r\u00e5dgivning fr\u00e5n experter som hj\u00e4lper dig att starta och utveckla ditt f\u00f6retag!","breadcrumb":{"@id":"https:\/\/nyforetagarcentrum.se\/skanenordvast\/vara-radgivare\/#breadcrumb"},"inLanguage":"sv-SE","potentialAction":[{"@type":"ReadAction","target":["https:\/\/nyforetagarcentrum.se\/skanenordvast\/vara-radgivare\/"]}]},{"@type":"BreadcrumbList","@id":"https:\/\/nyforetagarcentrum.se\/skanenordvast\/vara-radgivare\/#breadcrumb","itemListElement":[{"@type":"ListItem","position":1,"name":"Hem","item":"https:\/\/nyforetagarcentrum.se\/skanenordvast\/"},{"@type":"ListItem","position":2,"name":"V\u00e5ra r\u00e5dgivare"}]},{"@type":"WebSite","@id":"https:\/\/nyforetagarcentrum.se\/skanenordvast\/#website","url":"https:\/\/nyforetagarcentrum.se\/skanenordvast\/","name":"Sk\u00e5ne Nordv\u00e4st","description":"Sveriges ledande kraft f\u00f6r fler nya livskraftiga f\u00f6retag","publisher":{"@id":"https:\/\/nyforetagarcentrum.se\/skanenordvast\/#organization"},"potentialAction":[{"@type":"SearchAction","target":{"@type":"EntryPoint","urlTemplate":"https:\/\/nyforetagarcentrum.se\/skanenordvast\/?s={search_term_string}"},"query-input":"required name=search_term_string"}],"inLanguage":"sv-SE"},{"@type":"Organization","@id":"https:\/\/nyforetagarcentrum.se\/skanenordvast\/#organization","name":"Sk\u00e5ne Nordv\u00e4st","url":"https:\/\/nyforetagarcentrum.se\/skanenordvast\/","logo":{"@type":"ImageObject","inLanguage":"sv-SE","@id":"https:\/\/nyforetagarcentrum.se\/skanenordvast\/#\/schema\/logo\/image\/","url":"https:\/\/nyforetagarcentrum.se\/skanenordvast\/wp-content\/uploads\/sites\/71\/2024\/07\/skanenordvast_bla.png","contentUrl":"https:\/\/nyforetagarcentrum.se\/skanenordvast\/wp-content\/uploads\/sites\/71\/2024\/07\/skanenordvast_bla.png","width":870,"height":355,"caption":"Sk\u00e5ne Nordv\u00e4st"},"image":{"@id":"https:\/\/nyforetagarcentrum.se\/skanenordvast\/#\/schema\/logo\/image\/"}}]}},"_links":{"self":[{"href":"https:\/\/nyforetagarcentrum.se\/skanenordvast\/wp-json\/wp\/v2\/pages\/239"}],"collection":[{"href":"https:\/\/nyforetagarcentrum.se\/skanenordvast\/wp-json\/wp\/v2\/pages"}],"about":[{"href":"https:\/\/nyforetagarcentrum.se\/skanenordvast\/wp-json\/wp\/v2\/types\/page"}],"author":[{"embeddable":true,"href":"https:\/\/nyforetagarcentrum.se\/skanenordvast\/wp-json\/wp\/v2\/users\/1"}],"replies":[{"embeddable":true,"href":"https:\/\/nyforetagarcentrum.se\/skanenordvast\/wp-json\/wp\/v2\/comments?post=239"}],"version-history":[{"count":74,"href":"https:\/\/nyforetagarcentrum.se\/skanenordvast\/wp-json\/wp\/v2\/pages\/239\/revisions"}],"predecessor-version":[{"id":2361,"href":"https:\/\/nyforetagarcentrum.se\/skanenordvast\/wp-json\/wp\/v2\/pages\/239\/revisions\/2361"}],"wp:attachment":[{"href":"https:\/\/nyforetagarcentrum.se\/skanenordvast\/wp-json\/wp\/v2\/media?parent=239"}],"curies":[{"name":"wp","href":"https:\/\/api.w.org\/{rel}","templated":true}]}}