{"id":3732,"date":"2026-09-01T13:37:18","date_gmt":"2026-09-01T11:37:18","guid":{"rendered":"https:\/\/nyforetagarcentrum.se\/skanenordvast\/?post_type=event&#038;p=3732"},"modified":"2026-09-01T16:03:06","modified_gmt":"2026-09-01T14:03:06","slug":"hoganas-entreprenorskvall-fran-ide-till-succe","status":"publish","type":"event","link":"https:\/\/nyforetagarcentrum.se\/skanenordvast\/evenemang\/hoganas-entreprenorskvall-fran-ide-till-succe\/","title":{"rendered":"H\u00f6gan\u00e4s: Entrepren\u00f6rskv\u00e4ll &#8211; fr\u00e5n id\u00e9 till succ\u00e9"},"content":{"rendered":"\n<p>En kv\u00e4ll f\u00f6r b\u00e5de dig som vill starta eller redan drivit eget f\u00f6retag i n\u00e5gra \u00e5r <\/p>\n\n\n\n<p>G\u00e5r du och b\u00e4r p\u00e5 en f\u00f6retagsdr\u00f6m? Kanske \u00e4r du nystartad eller redan etablerad som f\u00f6retagare och vill ta ditt f\u00f6retag till n\u00e4sta niv\u00e5? <\/p>\n\n\n\n<p>Oavsett f\u00e5r du inte missa entrepren\u00f6rskv\u00e4llen vi ordnar hos v\u00e5r partner <a href=\"https:\/\/www.thehubhoganas.se\/\" target=\"_blank\" rel=\"noreferrer noopener\">The Hub<\/a> i H\u00f6gan\u00e4s den 13 oktober kl. 17.00-19.00!<\/p>\n\n\n\n<p><strong>Starta eget \u2013 inspiration och kunskap:<\/strong>&nbsp;Nyf\u00f6retagarCentrums certifierade r\u00e5dgivare Magnus Lidstr\u00f6m delar med sig av v\u00e4rdefulla tips och information om hur du g\u00e5r fr\u00e5n id\u00e9 till succ\u00e9 n\u00e4r du ska starta och driva f\u00f6retag samt vilka framg\u00e5ngsfaktorer vi har sett \u00e4r gemensamma bland de f\u00f6retagare som lyckas b\u00e4st.<br><a href=\"https:\/\/nyforetagarcentrum.se\/skanenordvast\/2024\/04\/08\/omge-dig-med-folk-som-du-kan-radfraga-och-som-kan-inspirera-dig\/\">L\u00e4s mer om Magnus h\u00e4r<\/a>.<\/p>\n\n\n\n<p>Under kv\u00e4llen f\u00e5r du \u00e4ven en unik m\u00f6jlighet att inspireras av en lokal entrepren\u00f6r som redan gjort resan och som delar med sig av sina erfarenheter, b\u00e5de de positiva och de utmaningar man m\u00f6tt p\u00e5 v\u00e4gen.<\/p>\n\n\n\n<p><strong>Alexander Persson \u2013 Entrepren\u00f6ren som formar morgondagens H\u00f6gan\u00e4s<\/strong><\/p>\n\n\n\n<p>Vi har gl\u00e4djen att v\u00e4lkomna Alexander Persson som kv\u00e4llens g\u00e4st! Alexander \u00e4r fastighetsm\u00e4klare, del\u00e4gare p\u00e5 3etage, fastighets\u00e4gare och en av Kullabygdens mest drivna entrepren\u00f6rer, vilket nyligen gav honom en nominering till <em>\u00c5rets Entrepren\u00f6r<\/em>&nbsp;i H\u00f6gan\u00e4s.<\/p>\n\n\n\n<p>Med en osviklig tro p\u00e5 hembygdens potential har Alexander g\u00e5tt fr\u00e5n att f\u00f6rmedla bost\u00e4der till att aktivt bygga framtidens H\u00f6gan\u00e4s. Genom stora profilprojekt, som omvandlingen av anrika Margretebergs badhotell, f\u00f6retagshubben The Hub och planerna f\u00f6r det nya, stora stadskvarteret vid Epahuset, visar han hur vision\u00e4rt entrepren\u00f6rskap kan utveckla en hel kommun.<\/p>\n\n\n\n<p>\ud83d\udcc5 13 oktober<br>\ud83d\udd54&nbsp;17.00-19.00<br>\ud83d\udccd The Hub, Humlegatan 2B, H\u00f6gan\u00e4s<\/p>\n\n\n\n<p>P\u00e5 plats finns \u00e4ven<a href=\"https:\/\/naringsliv.engelholm.com\/\" target=\"_blank\" rel=\"noreferrer noopener\">&nbsp;<\/a>representanter f\u00f6r The Hub om du vill veta mer om deras kontorshotell och m\u00f6jligheterna att ha en flexibel plats i lokalerna.<\/p>\n\n\n\n<p>Passa \u00e4ven p\u00e5 att mingla med andra blivande och nya f\u00f6retagare, utbyt id\u00e9er och knyt v\u00e4rdefulla kontakter.<\/p>\n\n\n\n<p class=\"has-medium-font-size\"><strong>Missa inte chansen att:<\/strong><\/p>\n\n\n\n<ul>\n<li>F\u00e5 inspiration och kunskap f\u00f6r att f\u00f6rverkliga din f\u00f6retagsdr\u00f6m &#8211; kostnadsfritt.<\/li>\n\n\n\n<li>L\u00e4ra dig av n\u00e5gra av de b\u00e4sta entrepren\u00f6rerna i H\u00f6gan\u00e4s.<\/li>\n\n\n\n<li>N\u00e4tverka med andra blivande och nya f\u00f6retagare lokalt d\u00e4r du bor och verkar.<\/li>\n<\/ul>\n\n\n\n<p class=\"has-medium-font-size\"><strong>Anm\u00e4l dig idag!<\/strong><\/p>\n\n\n\n<p>Kv\u00e4llen \u00e4r kostnadsfri och arrangeras av Nyf\u00f6retagarCentrum Sk\u00e5ne Nordv\u00e4st i samarbete med v\u00e5ra partners n\u00e4ringslivsavdelningen p\u00e5 <a href=\"https:\/\/www.hoganas.se\/foretagande--naringsliv.html\">H\u00f6gan\u00e4s Kommun<\/a> och The Hub.<\/p>\n\n\n\n<p class=\"has-medium-font-size\"><strong>Avanm\u00e4lan\/f\u00f6rhinder:&nbsp;<\/strong><\/p>\n\n\n\n<p>Har du som anm\u00e4ld f\u00e5tt f\u00f6rhinder uppskattar vi en avanm\u00e4lan s\u00e5 snart som m\u00f6jligt. <br>Avanm\u00e4lan skickas till&nbsp;skanenordvast@nyforetagarcentrum.se&nbsp;<br>Vi till\u00e4mpar en no show-avgift vid utebliven n\u00e4rvaro p\u00e5 250 kr exkl moms.<\/p>\n","protected":false},"template":"","meta":{"footnotes":""},"acf":[],"yoast_head":"<!-- This site is optimized with the Yoast SEO plugin v22.9 - https:\/\/yoast.com\/wordpress\/plugins\/seo\/ -->\n<title>Evenemang i Sk\u00e5ne Nordv\u00e4st - Nyf\u00f6retagarCentrum<\/title>\n<meta name=\"description\" content=\"Uppt\u00e4ck kommande evenemang hos Nyf\u00f6retagarCentrum i Sk\u00e5ne Nordv\u00e4st, utformade f\u00f6r att st\u00f6dja blivande och nya f\u00f6retagare. Delta i workshops, seminarier och n\u00e4tverkstr\u00e4ffar f\u00f6r att f\u00e5 v\u00e4rdefulla insikter och kontakter f\u00f6r din entrepren\u00f6rsresa. F\u00e5 information om datum, platser och hur du anm\u00e4ler dig.\" \/>\n<meta name=\"robots\" content=\"index, follow, max-snippet:-1, max-image-preview:large, max-video-preview:-1\" \/>\n<link rel=\"canonical\" href=\"https:\/\/nyforetagarcentrum.se\/skanenordvast\/evenemang\/hoganas-entreprenorskvall-fran-ide-till-succe\/\" \/>\n<meta property=\"og:locale\" content=\"sv_SE\" \/>\n<meta property=\"og:type\" content=\"article\" \/>\n<meta property=\"og:title\" content=\"Evenemang i Sk\u00e5ne Nordv\u00e4st - Nyf\u00f6retagarCentrum\" \/>\n<meta property=\"og:description\" content=\"Uppt\u00e4ck kommande evenemang hos Nyf\u00f6retagarCentrum i Sk\u00e5ne Nordv\u00e4st, utformade f\u00f6r att st\u00f6dja blivande och nya f\u00f6retagare. Delta i workshops, seminarier och n\u00e4tverkstr\u00e4ffar f\u00f6r att f\u00e5 v\u00e4rdefulla insikter och kontakter f\u00f6r din entrepren\u00f6rsresa. F\u00e5 information om datum, platser och hur du anm\u00e4ler dig.\" \/>\n<meta property=\"og:url\" content=\"https:\/\/nyforetagarcentrum.se\/skanenordvast\/evenemang\/hoganas-entreprenorskvall-fran-ide-till-succe\/\" \/>\n<meta property=\"og:site_name\" content=\"Sk\u00e5ne Nordv\u00e4st\" \/>\n<meta property=\"article:modified_time\" content=\"2026-09-01T14:03:06+00:00\" \/>\n<meta name=\"twitter:card\" content=\"summary_large_image\" \/>\n<meta name=\"twitter:label1\" content=\"Ber\u00e4knad l\u00e4stid\" \/>\n\t<meta name=\"twitter:data1\" content=\"2 minuter\" \/>\n<script type=\"application\/ld+json\" class=\"yoast-schema-graph\">{\"@context\":\"https:\/\/schema.org\",\"@graph\":[{\"@type\":\"WebPage\",\"@id\":\"https:\/\/nyforetagarcentrum.se\/skanenordvast\/evenemang\/hoganas-entreprenorskvall-fran-ide-till-succe\/\",\"url\":\"https:\/\/nyforetagarcentrum.se\/skanenordvast\/evenemang\/hoganas-entreprenorskvall-fran-ide-till-succe\/\",\"name\":\"Evenemang i Sk\u00e5ne Nordv\u00e4st - Nyf\u00f6retagarCentrum\",\"isPartOf\":{\"@id\":\"https:\/\/nyforetagarcentrum.se\/skanenordvast\/#website\"},\"datePublished\":\"2026-09-01T11:37:18+00:00\",\"dateModified\":\"2026-09-01T14:03:06+00:00\",\"description\":\"Uppt\u00e4ck kommande evenemang hos Nyf\u00f6retagarCentrum i Sk\u00e5ne Nordv\u00e4st, utformade f\u00f6r att st\u00f6dja blivande och nya f\u00f6retagare. Delta i workshops, seminarier och n\u00e4tverkstr\u00e4ffar f\u00f6r att f\u00e5 v\u00e4rdefulla insikter och kontakter f\u00f6r din entrepren\u00f6rsresa. F\u00e5 information om datum, platser och hur du anm\u00e4ler dig.\",\"breadcrumb\":{\"@id\":\"https:\/\/nyforetagarcentrum.se\/skanenordvast\/evenemang\/hoganas-entreprenorskvall-fran-ide-till-succe\/#breadcrumb\"},\"inLanguage\":\"sv-SE\",\"potentialAction\":[{\"@type\":\"ReadAction\",\"target\":[\"https:\/\/nyforetagarcentrum.se\/skanenordvast\/evenemang\/hoganas-entreprenorskvall-fran-ide-till-succe\/\"]}]},{\"@type\":\"BreadcrumbList\",\"@id\":\"https:\/\/nyforetagarcentrum.se\/skanenordvast\/evenemang\/hoganas-entreprenorskvall-fran-ide-till-succe\/#breadcrumb\",\"itemListElement\":[{\"@type\":\"ListItem\",\"position\":1,\"name\":\"Hem\",\"item\":\"https:\/\/nyforetagarcentrum.se\/skanenordvast\/\"},{\"@type\":\"ListItem\",\"position\":2,\"name\":\"Evenemang\",\"item\":\"https:\/\/nyforetagarcentrum.se\/skanenordvast\/evenemang\/\"},{\"@type\":\"ListItem\",\"position\":3,\"name\":\"H\u00f6gan\u00e4s: Entrepren\u00f6rskv\u00e4ll &#8211; fr\u00e5n id\u00e9 till succ\u00e9\"}]},{\"@type\":\"WebSite\",\"@id\":\"https:\/\/nyforetagarcentrum.se\/skanenordvast\/#website\",\"url\":\"https:\/\/nyforetagarcentrum.se\/skanenordvast\/\",\"name\":\"Sk\u00e5ne Nordv\u00e4st\",\"description\":\"Sveriges ledande kraft f\u00f6r fler nya livskraftiga f\u00f6retag\",\"publisher\":{\"@id\":\"https:\/\/nyforetagarcentrum.se\/skanenordvast\/#organization\"},\"potentialAction\":[{\"@type\":\"SearchAction\",\"target\":{\"@type\":\"EntryPoint\",\"urlTemplate\":\"https:\/\/nyforetagarcentrum.se\/skanenordvast\/?s={search_term_string}\"},\"query-input\":\"required name=search_term_string\"}],\"inLanguage\":\"sv-SE\"},{\"@type\":\"Organization\",\"@id\":\"https:\/\/nyforetagarcentrum.se\/skanenordvast\/#organization\",\"name\":\"Sk\u00e5ne Nordv\u00e4st\",\"url\":\"https:\/\/nyforetagarcentrum.se\/skanenordvast\/\",\"logo\":{\"@type\":\"ImageObject\",\"inLanguage\":\"sv-SE\",\"@id\":\"https:\/\/nyforetagarcentrum.se\/skanenordvast\/#\/schema\/logo\/image\/\",\"url\":\"https:\/\/nyforetagarcentrum.se\/skanenordvast\/wp-content\/uploads\/sites\/71\/2024\/07\/skanenordvast_bla.png\",\"contentUrl\":\"https:\/\/nyforetagarcentrum.se\/skanenordvast\/wp-content\/uploads\/sites\/71\/2024\/07\/skanenordvast_bla.png\",\"width\":870,\"height\":355,\"caption\":\"Sk\u00e5ne Nordv\u00e4st\"},\"image\":{\"@id\":\"https:\/\/nyforetagarcentrum.se\/skanenordvast\/#\/schema\/logo\/image\/\"}}]}<\/script>\n<!-- \/ Yoast SEO plugin. -->","yoast_head_json":{"title":"Evenemang i Sk\u00e5ne Nordv\u00e4st - Nyf\u00f6retagarCentrum","description":"Uppt\u00e4ck kommande evenemang hos Nyf\u00f6retagarCentrum i Sk\u00e5ne Nordv\u00e4st, utformade f\u00f6r att st\u00f6dja blivande och nya f\u00f6retagare. Delta i workshops, seminarier och n\u00e4tverkstr\u00e4ffar f\u00f6r att f\u00e5 v\u00e4rdefulla insikter och kontakter f\u00f6r din entrepren\u00f6rsresa. F\u00e5 information om datum, platser och hur du anm\u00e4ler dig.","robots":{"index":"index","follow":"follow","max-snippet":"max-snippet:-1","max-image-preview":"max-image-preview:large","max-video-preview":"max-video-preview:-1"},"canonical":"https:\/\/nyforetagarcentrum.se\/skanenordvast\/evenemang\/hoganas-entreprenorskvall-fran-ide-till-succe\/","og_locale":"sv_SE","og_type":"article","og_title":"Evenemang i Sk\u00e5ne Nordv\u00e4st - Nyf\u00f6retagarCentrum","og_description":"Uppt\u00e4ck kommande evenemang hos Nyf\u00f6retagarCentrum i Sk\u00e5ne Nordv\u00e4st, utformade f\u00f6r att st\u00f6dja blivande och nya f\u00f6retagare. Delta i workshops, seminarier och n\u00e4tverkstr\u00e4ffar f\u00f6r att f\u00e5 v\u00e4rdefulla insikter och kontakter f\u00f6r din entrepren\u00f6rsresa. F\u00e5 information om datum, platser och hur du anm\u00e4ler dig.","og_url":"https:\/\/nyforetagarcentrum.se\/skanenordvast\/evenemang\/hoganas-entreprenorskvall-fran-ide-till-succe\/","og_site_name":"Sk\u00e5ne Nordv\u00e4st","article_modified_time":"2026-09-01T14:03:06+00:00","twitter_card":"summary_large_image","twitter_misc":{"Ber\u00e4knad l\u00e4stid":"2 minuter"},"schema":{"@context":"https:\/\/schema.org","@graph":[{"@type":"WebPage","@id":"https:\/\/nyforetagarcentrum.se\/skanenordvast\/evenemang\/hoganas-entreprenorskvall-fran-ide-till-succe\/","url":"https:\/\/nyforetagarcentrum.se\/skanenordvast\/evenemang\/hoganas-entreprenorskvall-fran-ide-till-succe\/","name":"Evenemang i Sk\u00e5ne Nordv\u00e4st - Nyf\u00f6retagarCentrum","isPartOf":{"@id":"https:\/\/nyforetagarcentrum.se\/skanenordvast\/#website"},"datePublished":"2026-09-01T11:37:18+00:00","dateModified":"2026-09-01T14:03:06+00:00","description":"Uppt\u00e4ck kommande evenemang hos Nyf\u00f6retagarCentrum i Sk\u00e5ne Nordv\u00e4st, utformade f\u00f6r att st\u00f6dja blivande och nya f\u00f6retagare. Delta i workshops, seminarier och n\u00e4tverkstr\u00e4ffar f\u00f6r att f\u00e5 v\u00e4rdefulla insikter och kontakter f\u00f6r din entrepren\u00f6rsresa. F\u00e5 information om datum, platser och hur du anm\u00e4ler dig.","breadcrumb":{"@id":"https:\/\/nyforetagarcentrum.se\/skanenordvast\/evenemang\/hoganas-entreprenorskvall-fran-ide-till-succe\/#breadcrumb"},"inLanguage":"sv-SE","potentialAction":[{"@type":"ReadAction","target":["https:\/\/nyforetagarcentrum.se\/skanenordvast\/evenemang\/hoganas-entreprenorskvall-fran-ide-till-succe\/"]}]},{"@type":"BreadcrumbList","@id":"https:\/\/nyforetagarcentrum.se\/skanenordvast\/evenemang\/hoganas-entreprenorskvall-fran-ide-till-succe\/#breadcrumb","itemListElement":[{"@type":"ListItem","position":1,"name":"Hem","item":"https:\/\/nyforetagarcentrum.se\/skanenordvast\/"},{"@type":"ListItem","position":2,"name":"Evenemang","item":"https:\/\/nyforetagarcentrum.se\/skanenordvast\/evenemang\/"},{"@type":"ListItem","position":3,"name":"H\u00f6gan\u00e4s: Entrepren\u00f6rskv\u00e4ll &#8211; fr\u00e5n id\u00e9 till succ\u00e9"}]},{"@type":"WebSite","@id":"https:\/\/nyforetagarcentrum.se\/skanenordvast\/#website","url":"https:\/\/nyforetagarcentrum.se\/skanenordvast\/","name":"Sk\u00e5ne Nordv\u00e4st","description":"Sveriges ledande kraft f\u00f6r fler nya livskraftiga f\u00f6retag","publisher":{"@id":"https:\/\/nyforetagarcentrum.se\/skanenordvast\/#organization"},"potentialAction":[{"@type":"SearchAction","target":{"@type":"EntryPoint","urlTemplate":"https:\/\/nyforetagarcentrum.se\/skanenordvast\/?s={search_term_string}"},"query-input":"required name=search_term_string"}],"inLanguage":"sv-SE"},{"@type":"Organization","@id":"https:\/\/nyforetagarcentrum.se\/skanenordvast\/#organization","name":"Sk\u00e5ne Nordv\u00e4st","url":"https:\/\/nyforetagarcentrum.se\/skanenordvast\/","logo":{"@type":"ImageObject","inLanguage":"sv-SE","@id":"https:\/\/nyforetagarcentrum.se\/skanenordvast\/#\/schema\/logo\/image\/","url":"https:\/\/nyforetagarcentrum.se\/skanenordvast\/wp-content\/uploads\/sites\/71\/2024\/07\/skanenordvast_bla.png","contentUrl":"https:\/\/nyforetagarcentrum.se\/skanenordvast\/wp-content\/uploads\/sites\/71\/2024\/07\/skanenordvast_bla.png","width":870,"height":355,"caption":"Sk\u00e5ne Nordv\u00e4st"},"image":{"@id":"https:\/\/nyforetagarcentrum.se\/skanenordvast\/#\/schema\/logo\/image\/"}}]}},"_links":{"self":[{"href":"https:\/\/nyforetagarcentrum.se\/skanenordvast\/wp-json\/wp\/v2\/event\/3732"}],"collection":[{"href":"https:\/\/nyforetagarcentrum.se\/skanenordvast\/wp-json\/wp\/v2\/event"}],"about":[{"href":"https:\/\/nyforetagarcentrum.se\/skanenordvast\/wp-json\/wp\/v2\/types\/event"}],"version-history":[{"count":5,"href":"https:\/\/nyforetagarcentrum.se\/skanenordvast\/wp-json\/wp\/v2\/event\/3732\/revisions"}],"predecessor-version":[{"id":3743,"href":"https:\/\/nyforetagarcentrum.se\/skanenordvast\/wp-json\/wp\/v2\/event\/3732\/revisions\/3743"}],"wp:attachment":[{"href":"https:\/\/nyforetagarcentrum.se\/skanenordvast\/wp-json\/wp\/v2\/media?parent=3732"}],"curies":[{"name":"wp","href":"https:\/\/api.w.org\/{rel}","templated":true}]}}