{"id":3714,"date":"2026-08-25T11:43:14","date_gmt":"2026-08-25T09:43:14","guid":{"rendered":"https:\/\/nyforetagarcentrum.se\/skanenordvast\/?post_type=event&#038;p=3714"},"modified":"2026-08-25T11:44:15","modified_gmt":"2026-08-25T09:44:15","slug":"foretagarfrukost-med-fokus-pa-ekonomi","status":"publish","type":"event","link":"https:\/\/nyforetagarcentrum.se\/skanenordvast\/evenemang\/foretagarfrukost-med-fokus-pa-ekonomi\/","title":{"rendered":"F\u00f6retagarfrukost med fokus p\u00e5 ekonomi!"},"content":{"rendered":"\n<p>Landskrona: F\u00f6retagarfrukost med fokus p\u00e5 ekonomi den 30 september d\u00e5 vi, tillsammans med <a href=\"https:\/\/www.linc-hybrid.se\/\" target=\"_blank\" rel=\"noreferrer noopener\">Linc<\/a> och <a href=\"https:\/\/talenom.com\/sv-se\/\" target=\"_blank\" rel=\"noreferrer noopener\">Talenom<\/a> bjuder in till en kostnadsfri f\u00f6retagarfrukost p\u00e5 Linc.<br><br>Har du fr\u00e5gor om bokf\u00f6ring, moms, budget, l\u00f6ner eller f\u00f6retagets ekonomi? Under morgonen f\u00e5r du m\u00f6jlighet att st\u00e4lla dina fr\u00e5gor till experter fr\u00e5n Talenom, f\u00e5 praktiska tips och tr\u00e4ffa andra f\u00f6retagare i Landskrona.<br><br>Datum: 30 september<br>Tid: 07:45\u201308:45<br>Plats: Linc, F\u00f6reningsgatan 217, Landskrona<br>Anm\u00e4lan kr\u00e4vs.<\/p>\n\n\n\n<p>Varmt v\u00e4lkommen till en morgon med frukost, nya kontakter och b\u00e4ttre koll p\u00e5 ekonomin! <\/p>\n\n\n\n<figure class=\"wp-block-image size-large\"><img loading=\"lazy\" decoding=\"async\" width=\"1024\" height=\"637\" src=\"https:\/\/nyforetagarcentrum.se\/skanenordvast\/wp-content\/uploads\/sites\/71\/2026\/06\/Talenom_webb-1024x637.jpg\" alt=\"Anna och Thomas p\u00e5 Talenom i Landskrona\" class=\"wp-image-3642\" srcset=\"https:\/\/nyforetagarcentrum.se\/skanenordvast\/wp-content\/uploads\/sites\/71\/2026\/06\/Talenom_webb-1024x637.jpg 1024w, https:\/\/nyforetagarcentrum.se\/skanenordvast\/wp-content\/uploads\/sites\/71\/2026\/06\/Talenom_webb-300x187.jpg 300w, https:\/\/nyforetagarcentrum.se\/skanenordvast\/wp-content\/uploads\/sites\/71\/2026\/06\/Talenom_webb-768x477.jpg 768w, https:\/\/nyforetagarcentrum.se\/skanenordvast\/wp-content\/uploads\/sites\/71\/2026\/06\/Talenom_webb.jpg 1200w\" sizes=\"(max-width: 1024px) 100vw, 1024px\" \/><figcaption class=\"wp-element-caption\">Anna och Thomas p\u00e5 Talenom i Landskrona<\/figcaption><\/figure>\n","protected":false},"template":"","meta":{"footnotes":""},"acf":[],"yoast_head":"<!-- This site is optimized with the Yoast SEO plugin v22.9 - https:\/\/yoast.com\/wordpress\/plugins\/seo\/ -->\n<title>Evenemang i Sk\u00e5ne Nordv\u00e4st - Nyf\u00f6retagarCentrum<\/title>\n<meta name=\"description\" content=\"Uppt\u00e4ck kommande evenemang hos Nyf\u00f6retagarCentrum i Sk\u00e5ne Nordv\u00e4st, utformade f\u00f6r att st\u00f6dja blivande och nya f\u00f6retagare. Delta i workshops, seminarier och n\u00e4tverkstr\u00e4ffar f\u00f6r att f\u00e5 v\u00e4rdefulla insikter och kontakter f\u00f6r din entrepren\u00f6rsresa. F\u00e5 information om datum, platser och hur du anm\u00e4ler dig.\" \/>\n<meta name=\"robots\" content=\"index, follow, max-snippet:-1, max-image-preview:large, max-video-preview:-1\" \/>\n<link rel=\"canonical\" href=\"https:\/\/nyforetagarcentrum.se\/skanenordvast\/evenemang\/foretagarfrukost-med-fokus-pa-ekonomi\/\" \/>\n<meta property=\"og:locale\" content=\"sv_SE\" \/>\n<meta property=\"og:type\" content=\"article\" \/>\n<meta property=\"og:title\" content=\"Evenemang i Sk\u00e5ne Nordv\u00e4st - Nyf\u00f6retagarCentrum\" \/>\n<meta property=\"og:description\" content=\"Uppt\u00e4ck kommande evenemang hos Nyf\u00f6retagarCentrum i Sk\u00e5ne Nordv\u00e4st, utformade f\u00f6r att st\u00f6dja blivande och nya f\u00f6retagare. Delta i workshops, seminarier och n\u00e4tverkstr\u00e4ffar f\u00f6r att f\u00e5 v\u00e4rdefulla insikter och kontakter f\u00f6r din entrepren\u00f6rsresa. F\u00e5 information om datum, platser och hur du anm\u00e4ler dig.\" \/>\n<meta property=\"og:url\" content=\"https:\/\/nyforetagarcentrum.se\/skanenordvast\/evenemang\/foretagarfrukost-med-fokus-pa-ekonomi\/\" \/>\n<meta property=\"og:site_name\" content=\"Sk\u00e5ne Nordv\u00e4st\" \/>\n<meta property=\"article:modified_time\" content=\"2026-08-25T09:44:15+00:00\" \/>\n<meta property=\"og:image\" content=\"https:\/\/nyforetagarcentrum.se\/skanenordvast\/wp-content\/uploads\/sites\/71\/2026\/06\/Talenom_webb-1024x637.jpg\" \/>\n<meta name=\"twitter:card\" content=\"summary_large_image\" \/>\n<meta name=\"twitter:label1\" content=\"Ber\u00e4knad l\u00e4stid\" \/>\n\t<meta name=\"twitter:data1\" content=\"1 minut\" \/>\n<script type=\"application\/ld+json\" class=\"yoast-schema-graph\">{\"@context\":\"https:\/\/schema.org\",\"@graph\":[{\"@type\":\"WebPage\",\"@id\":\"https:\/\/nyforetagarcentrum.se\/skanenordvast\/evenemang\/foretagarfrukost-med-fokus-pa-ekonomi\/\",\"url\":\"https:\/\/nyforetagarcentrum.se\/skanenordvast\/evenemang\/foretagarfrukost-med-fokus-pa-ekonomi\/\",\"name\":\"Evenemang i Sk\u00e5ne Nordv\u00e4st - Nyf\u00f6retagarCentrum\",\"isPartOf\":{\"@id\":\"https:\/\/nyforetagarcentrum.se\/skanenordvast\/#website\"},\"primaryImageOfPage\":{\"@id\":\"https:\/\/nyforetagarcentrum.se\/skanenordvast\/evenemang\/foretagarfrukost-med-fokus-pa-ekonomi\/#primaryimage\"},\"image\":{\"@id\":\"https:\/\/nyforetagarcentrum.se\/skanenordvast\/evenemang\/foretagarfrukost-med-fokus-pa-ekonomi\/#primaryimage\"},\"thumbnailUrl\":\"https:\/\/nyforetagarcentrum.se\/skanenordvast\/wp-content\/uploads\/sites\/71\/2026\/06\/Talenom_webb-1024x637.jpg\",\"datePublished\":\"2026-08-25T09:43:14+00:00\",\"dateModified\":\"2026-08-25T09:44:15+00:00\",\"description\":\"Uppt\u00e4ck kommande evenemang hos Nyf\u00f6retagarCentrum i Sk\u00e5ne Nordv\u00e4st, utformade f\u00f6r att st\u00f6dja blivande och nya f\u00f6retagare. Delta i workshops, seminarier och n\u00e4tverkstr\u00e4ffar f\u00f6r att f\u00e5 v\u00e4rdefulla insikter och kontakter f\u00f6r din entrepren\u00f6rsresa. F\u00e5 information om datum, platser och hur du anm\u00e4ler dig.\",\"breadcrumb\":{\"@id\":\"https:\/\/nyforetagarcentrum.se\/skanenordvast\/evenemang\/foretagarfrukost-med-fokus-pa-ekonomi\/#breadcrumb\"},\"inLanguage\":\"sv-SE\",\"potentialAction\":[{\"@type\":\"ReadAction\",\"target\":[\"https:\/\/nyforetagarcentrum.se\/skanenordvast\/evenemang\/foretagarfrukost-med-fokus-pa-ekonomi\/\"]}]},{\"@type\":\"ImageObject\",\"inLanguage\":\"sv-SE\",\"@id\":\"https:\/\/nyforetagarcentrum.se\/skanenordvast\/evenemang\/foretagarfrukost-med-fokus-pa-ekonomi\/#primaryimage\",\"url\":\"https:\/\/nyforetagarcentrum.se\/skanenordvast\/wp-content\/uploads\/sites\/71\/2026\/06\/Talenom_webb.jpg\",\"contentUrl\":\"https:\/\/nyforetagarcentrum.se\/skanenordvast\/wp-content\/uploads\/sites\/71\/2026\/06\/Talenom_webb.jpg\",\"width\":1200,\"height\":746,\"caption\":\"Anna och Thomas p\u00e5 Talenom i Landskrona\"},{\"@type\":\"BreadcrumbList\",\"@id\":\"https:\/\/nyforetagarcentrum.se\/skanenordvast\/evenemang\/foretagarfrukost-med-fokus-pa-ekonomi\/#breadcrumb\",\"itemListElement\":[{\"@type\":\"ListItem\",\"position\":1,\"name\":\"Hem\",\"item\":\"https:\/\/nyforetagarcentrum.se\/skanenordvast\/\"},{\"@type\":\"ListItem\",\"position\":2,\"name\":\"Evenemang\",\"item\":\"https:\/\/nyforetagarcentrum.se\/skanenordvast\/evenemang\/\"},{\"@type\":\"ListItem\",\"position\":3,\"name\":\"F\u00f6retagarfrukost med fokus p\u00e5 ekonomi!\"}]},{\"@type\":\"WebSite\",\"@id\":\"https:\/\/nyforetagarcentrum.se\/skanenordvast\/#website\",\"url\":\"https:\/\/nyforetagarcentrum.se\/skanenordvast\/\",\"name\":\"Sk\u00e5ne Nordv\u00e4st\",\"description\":\"Sveriges ledande kraft f\u00f6r fler nya livskraftiga f\u00f6retag\",\"publisher\":{\"@id\":\"https:\/\/nyforetagarcentrum.se\/skanenordvast\/#organization\"},\"potentialAction\":[{\"@type\":\"SearchAction\",\"target\":{\"@type\":\"EntryPoint\",\"urlTemplate\":\"https:\/\/nyforetagarcentrum.se\/skanenordvast\/?s={search_term_string}\"},\"query-input\":\"required name=search_term_string\"}],\"inLanguage\":\"sv-SE\"},{\"@type\":\"Organization\",\"@id\":\"https:\/\/nyforetagarcentrum.se\/skanenordvast\/#organization\",\"name\":\"Sk\u00e5ne Nordv\u00e4st\",\"url\":\"https:\/\/nyforetagarcentrum.se\/skanenordvast\/\",\"logo\":{\"@type\":\"ImageObject\",\"inLanguage\":\"sv-SE\",\"@id\":\"https:\/\/nyforetagarcentrum.se\/skanenordvast\/#\/schema\/logo\/image\/\",\"url\":\"https:\/\/nyforetagarcentrum.se\/skanenordvast\/wp-content\/uploads\/sites\/71\/2024\/07\/skanenordvast_bla.png\",\"contentUrl\":\"https:\/\/nyforetagarcentrum.se\/skanenordvast\/wp-content\/uploads\/sites\/71\/2024\/07\/skanenordvast_bla.png\",\"width\":870,\"height\":355,\"caption\":\"Sk\u00e5ne Nordv\u00e4st\"},\"image\":{\"@id\":\"https:\/\/nyforetagarcentrum.se\/skanenordvast\/#\/schema\/logo\/image\/\"}}]}<\/script>\n<!-- \/ Yoast SEO plugin. -->","yoast_head_json":{"title":"Evenemang i Sk\u00e5ne Nordv\u00e4st - Nyf\u00f6retagarCentrum","description":"Uppt\u00e4ck kommande evenemang hos Nyf\u00f6retagarCentrum i Sk\u00e5ne Nordv\u00e4st, utformade f\u00f6r att st\u00f6dja blivande och nya f\u00f6retagare. Delta i workshops, seminarier och n\u00e4tverkstr\u00e4ffar f\u00f6r att f\u00e5 v\u00e4rdefulla insikter och kontakter f\u00f6r din entrepren\u00f6rsresa. F\u00e5 information om datum, platser och hur du anm\u00e4ler dig.","robots":{"index":"index","follow":"follow","max-snippet":"max-snippet:-1","max-image-preview":"max-image-preview:large","max-video-preview":"max-video-preview:-1"},"canonical":"https:\/\/nyforetagarcentrum.se\/skanenordvast\/evenemang\/foretagarfrukost-med-fokus-pa-ekonomi\/","og_locale":"sv_SE","og_type":"article","og_title":"Evenemang i Sk\u00e5ne Nordv\u00e4st - Nyf\u00f6retagarCentrum","og_description":"Uppt\u00e4ck kommande evenemang hos Nyf\u00f6retagarCentrum i Sk\u00e5ne Nordv\u00e4st, utformade f\u00f6r att st\u00f6dja blivande och nya f\u00f6retagare. Delta i workshops, seminarier och n\u00e4tverkstr\u00e4ffar f\u00f6r att f\u00e5 v\u00e4rdefulla insikter och kontakter f\u00f6r din entrepren\u00f6rsresa. F\u00e5 information om datum, platser och hur du anm\u00e4ler dig.","og_url":"https:\/\/nyforetagarcentrum.se\/skanenordvast\/evenemang\/foretagarfrukost-med-fokus-pa-ekonomi\/","og_site_name":"Sk\u00e5ne Nordv\u00e4st","article_modified_time":"2026-08-25T09:44:15+00:00","og_image":[{"url":"https:\/\/nyforetagarcentrum.se\/skanenordvast\/wp-content\/uploads\/sites\/71\/2026\/06\/Talenom_webb-1024x637.jpg"}],"twitter_card":"summary_large_image","twitter_misc":{"Ber\u00e4knad l\u00e4stid":"1 minut"},"schema":{"@context":"https:\/\/schema.org","@graph":[{"@type":"WebPage","@id":"https:\/\/nyforetagarcentrum.se\/skanenordvast\/evenemang\/foretagarfrukost-med-fokus-pa-ekonomi\/","url":"https:\/\/nyforetagarcentrum.se\/skanenordvast\/evenemang\/foretagarfrukost-med-fokus-pa-ekonomi\/","name":"Evenemang i Sk\u00e5ne Nordv\u00e4st - Nyf\u00f6retagarCentrum","isPartOf":{"@id":"https:\/\/nyforetagarcentrum.se\/skanenordvast\/#website"},"primaryImageOfPage":{"@id":"https:\/\/nyforetagarcentrum.se\/skanenordvast\/evenemang\/foretagarfrukost-med-fokus-pa-ekonomi\/#primaryimage"},"image":{"@id":"https:\/\/nyforetagarcentrum.se\/skanenordvast\/evenemang\/foretagarfrukost-med-fokus-pa-ekonomi\/#primaryimage"},"thumbnailUrl":"https:\/\/nyforetagarcentrum.se\/skanenordvast\/wp-content\/uploads\/sites\/71\/2026\/06\/Talenom_webb-1024x637.jpg","datePublished":"2026-08-25T09:43:14+00:00","dateModified":"2026-08-25T09:44:15+00:00","description":"Uppt\u00e4ck kommande evenemang hos Nyf\u00f6retagarCentrum i Sk\u00e5ne Nordv\u00e4st, utformade f\u00f6r att st\u00f6dja blivande och nya f\u00f6retagare. Delta i workshops, seminarier och n\u00e4tverkstr\u00e4ffar f\u00f6r att f\u00e5 v\u00e4rdefulla insikter och kontakter f\u00f6r din entrepren\u00f6rsresa. F\u00e5 information om datum, platser och hur du anm\u00e4ler dig.","breadcrumb":{"@id":"https:\/\/nyforetagarcentrum.se\/skanenordvast\/evenemang\/foretagarfrukost-med-fokus-pa-ekonomi\/#breadcrumb"},"inLanguage":"sv-SE","potentialAction":[{"@type":"ReadAction","target":["https:\/\/nyforetagarcentrum.se\/skanenordvast\/evenemang\/foretagarfrukost-med-fokus-pa-ekonomi\/"]}]},{"@type":"ImageObject","inLanguage":"sv-SE","@id":"https:\/\/nyforetagarcentrum.se\/skanenordvast\/evenemang\/foretagarfrukost-med-fokus-pa-ekonomi\/#primaryimage","url":"https:\/\/nyforetagarcentrum.se\/skanenordvast\/wp-content\/uploads\/sites\/71\/2026\/06\/Talenom_webb.jpg","contentUrl":"https:\/\/nyforetagarcentrum.se\/skanenordvast\/wp-content\/uploads\/sites\/71\/2026\/06\/Talenom_webb.jpg","width":1200,"height":746,"caption":"Anna och Thomas p\u00e5 Talenom i Landskrona"},{"@type":"BreadcrumbList","@id":"https:\/\/nyforetagarcentrum.se\/skanenordvast\/evenemang\/foretagarfrukost-med-fokus-pa-ekonomi\/#breadcrumb","itemListElement":[{"@type":"ListItem","position":1,"name":"Hem","item":"https:\/\/nyforetagarcentrum.se\/skanenordvast\/"},{"@type":"ListItem","position":2,"name":"Evenemang","item":"https:\/\/nyforetagarcentrum.se\/skanenordvast\/evenemang\/"},{"@type":"ListItem","position":3,"name":"F\u00f6retagarfrukost med fokus p\u00e5 ekonomi!"}]},{"@type":"WebSite","@id":"https:\/\/nyforetagarcentrum.se\/skanenordvast\/#website","url":"https:\/\/nyforetagarcentrum.se\/skanenordvast\/","name":"Sk\u00e5ne Nordv\u00e4st","description":"Sveriges ledande kraft f\u00f6r fler nya livskraftiga f\u00f6retag","publisher":{"@id":"https:\/\/nyforetagarcentrum.se\/skanenordvast\/#organization"},"potentialAction":[{"@type":"SearchAction","target":{"@type":"EntryPoint","urlTemplate":"https:\/\/nyforetagarcentrum.se\/skanenordvast\/?s={search_term_string}"},"query-input":"required name=search_term_string"}],"inLanguage":"sv-SE"},{"@type":"Organization","@id":"https:\/\/nyforetagarcentrum.se\/skanenordvast\/#organization","name":"Sk\u00e5ne Nordv\u00e4st","url":"https:\/\/nyforetagarcentrum.se\/skanenordvast\/","logo":{"@type":"ImageObject","inLanguage":"sv-SE","@id":"https:\/\/nyforetagarcentrum.se\/skanenordvast\/#\/schema\/logo\/image\/","url":"https:\/\/nyforetagarcentrum.se\/skanenordvast\/wp-content\/uploads\/sites\/71\/2024\/07\/skanenordvast_bla.png","contentUrl":"https:\/\/nyforetagarcentrum.se\/skanenordvast\/wp-content\/uploads\/sites\/71\/2024\/07\/skanenordvast_bla.png","width":870,"height":355,"caption":"Sk\u00e5ne Nordv\u00e4st"},"image":{"@id":"https:\/\/nyforetagarcentrum.se\/skanenordvast\/#\/schema\/logo\/image\/"}}]}},"_links":{"self":[{"href":"https:\/\/nyforetagarcentrum.se\/skanenordvast\/wp-json\/wp\/v2\/event\/3714"}],"collection":[{"href":"https:\/\/nyforetagarcentrum.se\/skanenordvast\/wp-json\/wp\/v2\/event"}],"about":[{"href":"https:\/\/nyforetagarcentrum.se\/skanenordvast\/wp-json\/wp\/v2\/types\/event"}],"version-history":[{"count":4,"href":"https:\/\/nyforetagarcentrum.se\/skanenordvast\/wp-json\/wp\/v2\/event\/3714\/revisions"}],"predecessor-version":[{"id":3719,"href":"https:\/\/nyforetagarcentrum.se\/skanenordvast\/wp-json\/wp\/v2\/event\/3714\/revisions\/3719"}],"wp:attachment":[{"href":"https:\/\/nyforetagarcentrum.se\/skanenordvast\/wp-json\/wp\/v2\/media?parent=3714"}],"curies":[{"name":"wp","href":"https:\/\/api.w.org\/{rel}","templated":true}]}}