{"id":3474,"date":"2026-04-28T10:57:14","date_gmt":"2026-04-28T08:57:14","guid":{"rendered":"https:\/\/nyforetagarcentrum.se\/skanenordvast\/?post_type=event&#038;p=3474"},"modified":"2026-04-28T10:57:14","modified_gmt":"2026-04-28T08:57:14","slug":"frukost-12-maj-partners-i-rampljuset","status":"publish","type":"event","link":"https:\/\/nyforetagarcentrum.se\/skanenordvast\/evenemang\/frukost-12-maj-partners-i-rampljuset\/","title":{"rendered":"Frukost 12 maj:\u00a0Partners i Rampljuset!\u00a0"},"content":{"rendered":"\n<p class=\"has-large-font-size\"><strong>Anst\u00e4lla r\u00e4tt \u2013 misstag du inte har r\u00e5d att g\u00f6ra<\/strong><\/p>\n\n\n\n<p>Att ha anst\u00e4llda \u00e4r ett stort steg \u2013 och ett stort ansvar. Det handlar inte bara om att anst\u00e4lla r\u00e4tt person, utan om att g\u00f6ra r\u00e4tt hela v\u00e4gen: fr\u00e5n avtal och villkor till f\u00f6r\u00e4ndringar och avslut. M\u00e5nga f\u00f6retag g\u00f6r misstag h\u00e4r. Misstag som blir on\u00f6digt dyra \u2013 b\u00e5de ekonomiskt och aff\u00e4rsm\u00e4ssigt. Hur p\u00e5verkar l\u00f6n, pension och f\u00f6rs\u00e4kringar din aff\u00e4r \u2013 b\u00e5de nu och fram\u00e5t?\u00a0<br>Det h\u00e4r \u00e4r f\u00f6r dig som har kommit en bit i ditt f\u00f6retagande och vill ta n\u00e4sta steg p\u00e5 ett tryggt och professionellt s\u00e4tt. \u00a0\u00a0<\/p>\n\n\n\n<p>\ud83d\udcc5 12 maj<br>\ud83d\udd54 07.30-09.00<br>\ud83d\udccd Hetch, Trappan, Ing\u00e5ng fr\u00e5n Henckels Torg, Helsingborg. Parkera p\u00e5 Helsingborg C och g\u00e5 \u00f6ver Varvsbron.<\/p>\n\n\n\n<p>Anm\u00e4l dig senast 7 maj, begr\u00e4nsat antal platser\u00a0<\/p>\n\n\n\n<p>Efter kl. 09.00 stannar vi kvar f\u00f6r fr\u00e5gor och dialog f\u00f6r dig som vill ta det vidare mer konkret. \u00a0<\/p>\n\n\n\n<p>Under denna frukost g\u00e5r vi igenom vad du faktiskt beh\u00f6ver ha koll p\u00e5 som arbetsgivare. &nbsp;&nbsp;<\/p>\n\n\n\n<p class=\"has-medium-font-size\"><strong>Du f\u00e5r en tydlig bild av:<\/strong><\/p>\n\n\n\n<ul>\n<li>Vad som m\u00e5ste finnas p\u00e5 plats n\u00e4r du anst\u00e4ller<\/li>\n\n\n\n<li>Hur du ska t\u00e4nka kring l\u00f6n, pension och f\u00f6rs\u00e4kringar<\/li>\n\n\n\n<li>Vanliga misstag f\u00f6retag g\u00f6r \u2013 och hur du undviker dem<\/li>\n\n\n\n<li>Vad du beh\u00f6ver t\u00e4nka p\u00e5 n\u00e4r en anst\u00e4llning f\u00f6r\u00e4ndras eller avslutas<\/li>\n<\/ul>\n\n\n\n<p class=\"has-medium-font-size\"><strong>F\u00f6r dig som:<\/strong><\/p>\n\n\n\n<ul>\n<li>Har startat f\u00f6retag och har behov av att g\u00f6ra din f\u00f6rsta anst\u00e4llning<\/li>\n\n\n\n<li>Redan har anst\u00e4llda och vill skapa ordning och trygghet som arbetsgivare<\/li>\n\n\n\n<li>Vill g\u00f6ra r\u00e4tt fr\u00e5n b\u00f6rjan och undvika on\u00f6diga kostsamma misstag<\/li>\n\n\n\n<li>Vill tr\u00e4ffa b\u00e5de Partners och nyare f\u00f6retagare i Nyf\u00f6retagarCentrums n\u00e4tverk<\/li>\n<\/ul>\n\n\n\n<p class=\"has-medium-font-size\"><strong>Medverkande:<\/strong><\/p>\n\n\n\n<p><strong>Jessica St\u00e5lhammar<\/strong>, Wesslau Advokatbyr\u00e5<br>Specialist inom arbetsr\u00e4tt och HR\u00a0<\/p>\n\n\n\n<p><strong>Mahlin Gustafson<\/strong>, S\u00e4kra AB<br>Specialist inom pension, f\u00f6rs\u00e4kring och f\u00f6retagarens ekonomi \u00a0\u00a0<\/p>\n\n\n\n<p>Tillsammans ger de dig b\u00e5de det juridiska och det ekonomiska perspektivet \u2013 s\u00e5 att helheten faktiskt h\u00e5ller. \u00a0\u00a0<\/p>\n\n\n\n<figure class=\"wp-block-image size-large is-resized\"><img loading=\"lazy\" decoding=\"async\" width=\"1024\" height=\"1024\" src=\"https:\/\/nyforetagarcentrum.se\/skanenordvast\/wp-content\/uploads\/sites\/71\/2026\/04\/Frukost-Wesslau_Sakra_260512_1200x1200px-1024x1024.png\" alt=\"\" class=\"wp-image-3475\" style=\"width:600px\" srcset=\"https:\/\/nyforetagarcentrum.se\/skanenordvast\/wp-content\/uploads\/sites\/71\/2026\/04\/Frukost-Wesslau_Sakra_260512_1200x1200px-1024x1024.png 1024w, https:\/\/nyforetagarcentrum.se\/skanenordvast\/wp-content\/uploads\/sites\/71\/2026\/04\/Frukost-Wesslau_Sakra_260512_1200x1200px-300x300.png 300w, https:\/\/nyforetagarcentrum.se\/skanenordvast\/wp-content\/uploads\/sites\/71\/2026\/04\/Frukost-Wesslau_Sakra_260512_1200x1200px-150x150.png 150w, https:\/\/nyforetagarcentrum.se\/skanenordvast\/wp-content\/uploads\/sites\/71\/2026\/04\/Frukost-Wesslau_Sakra_260512_1200x1200px-768x768.png 768w, https:\/\/nyforetagarcentrum.se\/skanenordvast\/wp-content\/uploads\/sites\/71\/2026\/04\/Frukost-Wesslau_Sakra_260512_1200x1200px-1080x1080.png 1080w, https:\/\/nyforetagarcentrum.se\/skanenordvast\/wp-content\/uploads\/sites\/71\/2026\/04\/Frukost-Wesslau_Sakra_260512_1200x1200px.png 1200w\" sizes=\"(max-width: 1024px) 100vw, 1024px\" \/><\/figure>\n","protected":false},"template":"","meta":{"footnotes":""},"acf":[],"yoast_head":"<!-- This site is optimized with the Yoast SEO plugin v22.9 - https:\/\/yoast.com\/wordpress\/plugins\/seo\/ -->\n<title>Evenemang i Sk\u00e5ne Nordv\u00e4st - Nyf\u00f6retagarCentrum<\/title>\n<meta name=\"description\" content=\"Uppt\u00e4ck kommande evenemang hos Nyf\u00f6retagarCentrum i Sk\u00e5ne Nordv\u00e4st, utformade f\u00f6r att st\u00f6dja blivande och nya f\u00f6retagare. Delta i workshops, seminarier och n\u00e4tverkstr\u00e4ffar f\u00f6r att f\u00e5 v\u00e4rdefulla insikter och kontakter f\u00f6r din entrepren\u00f6rsresa. F\u00e5 information om datum, platser och hur du anm\u00e4ler dig.\" \/>\n<meta name=\"robots\" content=\"index, follow, max-snippet:-1, max-image-preview:large, max-video-preview:-1\" \/>\n<link rel=\"canonical\" href=\"https:\/\/nyforetagarcentrum.se\/skanenordvast\/evenemang\/frukost-12-maj-partners-i-rampljuset\/\" \/>\n<meta property=\"og:locale\" content=\"sv_SE\" \/>\n<meta property=\"og:type\" content=\"article\" \/>\n<meta property=\"og:title\" content=\"Evenemang i Sk\u00e5ne Nordv\u00e4st - Nyf\u00f6retagarCentrum\" \/>\n<meta property=\"og:description\" content=\"Uppt\u00e4ck kommande evenemang hos Nyf\u00f6retagarCentrum i Sk\u00e5ne Nordv\u00e4st, utformade f\u00f6r att st\u00f6dja blivande och nya f\u00f6retagare. Delta i workshops, seminarier och n\u00e4tverkstr\u00e4ffar f\u00f6r att f\u00e5 v\u00e4rdefulla insikter och kontakter f\u00f6r din entrepren\u00f6rsresa. F\u00e5 information om datum, platser och hur du anm\u00e4ler dig.\" \/>\n<meta property=\"og:url\" content=\"https:\/\/nyforetagarcentrum.se\/skanenordvast\/evenemang\/frukost-12-maj-partners-i-rampljuset\/\" \/>\n<meta property=\"og:site_name\" content=\"Sk\u00e5ne Nordv\u00e4st\" \/>\n<meta property=\"og:image\" content=\"https:\/\/nyforetagarcentrum.se\/skanenordvast\/wp-content\/uploads\/sites\/71\/2026\/04\/Frukost-Wesslau_Sakra_260512_1200x1200px-1024x1024.png\" \/>\n<meta name=\"twitter:card\" content=\"summary_large_image\" \/>\n<meta name=\"twitter:label1\" content=\"Ber\u00e4knad l\u00e4stid\" \/>\n\t<meta name=\"twitter:data1\" content=\"2 minuter\" \/>\n<script type=\"application\/ld+json\" class=\"yoast-schema-graph\">{\"@context\":\"https:\/\/schema.org\",\"@graph\":[{\"@type\":\"WebPage\",\"@id\":\"https:\/\/nyforetagarcentrum.se\/skanenordvast\/evenemang\/frukost-12-maj-partners-i-rampljuset\/\",\"url\":\"https:\/\/nyforetagarcentrum.se\/skanenordvast\/evenemang\/frukost-12-maj-partners-i-rampljuset\/\",\"name\":\"Evenemang i Sk\u00e5ne Nordv\u00e4st - Nyf\u00f6retagarCentrum\",\"isPartOf\":{\"@id\":\"https:\/\/nyforetagarcentrum.se\/skanenordvast\/#website\"},\"primaryImageOfPage\":{\"@id\":\"https:\/\/nyforetagarcentrum.se\/skanenordvast\/evenemang\/frukost-12-maj-partners-i-rampljuset\/#primaryimage\"},\"image\":{\"@id\":\"https:\/\/nyforetagarcentrum.se\/skanenordvast\/evenemang\/frukost-12-maj-partners-i-rampljuset\/#primaryimage\"},\"thumbnailUrl\":\"https:\/\/nyforetagarcentrum.se\/skanenordvast\/wp-content\/uploads\/sites\/71\/2026\/04\/Frukost-Wesslau_Sakra_260512_1200x1200px-1024x1024.png\",\"datePublished\":\"2026-04-28T08:57:14+00:00\",\"dateModified\":\"2026-04-28T08:57:14+00:00\",\"description\":\"Uppt\u00e4ck kommande evenemang hos Nyf\u00f6retagarCentrum i Sk\u00e5ne Nordv\u00e4st, utformade f\u00f6r att st\u00f6dja blivande och nya f\u00f6retagare. Delta i workshops, seminarier och n\u00e4tverkstr\u00e4ffar f\u00f6r att f\u00e5 v\u00e4rdefulla insikter och kontakter f\u00f6r din entrepren\u00f6rsresa. F\u00e5 information om datum, platser och hur du anm\u00e4ler dig.\",\"breadcrumb\":{\"@id\":\"https:\/\/nyforetagarcentrum.se\/skanenordvast\/evenemang\/frukost-12-maj-partners-i-rampljuset\/#breadcrumb\"},\"inLanguage\":\"sv-SE\",\"potentialAction\":[{\"@type\":\"ReadAction\",\"target\":[\"https:\/\/nyforetagarcentrum.se\/skanenordvast\/evenemang\/frukost-12-maj-partners-i-rampljuset\/\"]}]},{\"@type\":\"ImageObject\",\"inLanguage\":\"sv-SE\",\"@id\":\"https:\/\/nyforetagarcentrum.se\/skanenordvast\/evenemang\/frukost-12-maj-partners-i-rampljuset\/#primaryimage\",\"url\":\"https:\/\/nyforetagarcentrum.se\/skanenordvast\/wp-content\/uploads\/sites\/71\/2026\/04\/Frukost-Wesslau_Sakra_260512_1200x1200px.png\",\"contentUrl\":\"https:\/\/nyforetagarcentrum.se\/skanenordvast\/wp-content\/uploads\/sites\/71\/2026\/04\/Frukost-Wesslau_Sakra_260512_1200x1200px.png\",\"width\":1200,\"height\":1200},{\"@type\":\"BreadcrumbList\",\"@id\":\"https:\/\/nyforetagarcentrum.se\/skanenordvast\/evenemang\/frukost-12-maj-partners-i-rampljuset\/#breadcrumb\",\"itemListElement\":[{\"@type\":\"ListItem\",\"position\":1,\"name\":\"Hem\",\"item\":\"https:\/\/nyforetagarcentrum.se\/skanenordvast\/\"},{\"@type\":\"ListItem\",\"position\":2,\"name\":\"Evenemang\",\"item\":\"https:\/\/nyforetagarcentrum.se\/skanenordvast\/evenemang\/\"},{\"@type\":\"ListItem\",\"position\":3,\"name\":\"Frukost 12 maj:\u00a0Partners i Rampljuset!\u00a0\"}]},{\"@type\":\"WebSite\",\"@id\":\"https:\/\/nyforetagarcentrum.se\/skanenordvast\/#website\",\"url\":\"https:\/\/nyforetagarcentrum.se\/skanenordvast\/\",\"name\":\"Sk\u00e5ne Nordv\u00e4st\",\"description\":\"Sveriges ledande kraft f\u00f6r fler nya livskraftiga f\u00f6retag\",\"publisher\":{\"@id\":\"https:\/\/nyforetagarcentrum.se\/skanenordvast\/#organization\"},\"potentialAction\":[{\"@type\":\"SearchAction\",\"target\":{\"@type\":\"EntryPoint\",\"urlTemplate\":\"https:\/\/nyforetagarcentrum.se\/skanenordvast\/?s={search_term_string}\"},\"query-input\":\"required name=search_term_string\"}],\"inLanguage\":\"sv-SE\"},{\"@type\":\"Organization\",\"@id\":\"https:\/\/nyforetagarcentrum.se\/skanenordvast\/#organization\",\"name\":\"Sk\u00e5ne Nordv\u00e4st\",\"url\":\"https:\/\/nyforetagarcentrum.se\/skanenordvast\/\",\"logo\":{\"@type\":\"ImageObject\",\"inLanguage\":\"sv-SE\",\"@id\":\"https:\/\/nyforetagarcentrum.se\/skanenordvast\/#\/schema\/logo\/image\/\",\"url\":\"https:\/\/nyforetagarcentrum.se\/skanenordvast\/wp-content\/uploads\/sites\/71\/2024\/07\/skanenordvast_bla.png\",\"contentUrl\":\"https:\/\/nyforetagarcentrum.se\/skanenordvast\/wp-content\/uploads\/sites\/71\/2024\/07\/skanenordvast_bla.png\",\"width\":870,\"height\":355,\"caption\":\"Sk\u00e5ne Nordv\u00e4st\"},\"image\":{\"@id\":\"https:\/\/nyforetagarcentrum.se\/skanenordvast\/#\/schema\/logo\/image\/\"}}]}<\/script>\n<!-- \/ Yoast SEO plugin. -->","yoast_head_json":{"title":"Evenemang i Sk\u00e5ne Nordv\u00e4st - Nyf\u00f6retagarCentrum","description":"Uppt\u00e4ck kommande evenemang hos Nyf\u00f6retagarCentrum i Sk\u00e5ne Nordv\u00e4st, utformade f\u00f6r att st\u00f6dja blivande och nya f\u00f6retagare. Delta i workshops, seminarier och n\u00e4tverkstr\u00e4ffar f\u00f6r att f\u00e5 v\u00e4rdefulla insikter och kontakter f\u00f6r din entrepren\u00f6rsresa. F\u00e5 information om datum, platser och hur du anm\u00e4ler dig.","robots":{"index":"index","follow":"follow","max-snippet":"max-snippet:-1","max-image-preview":"max-image-preview:large","max-video-preview":"max-video-preview:-1"},"canonical":"https:\/\/nyforetagarcentrum.se\/skanenordvast\/evenemang\/frukost-12-maj-partners-i-rampljuset\/","og_locale":"sv_SE","og_type":"article","og_title":"Evenemang i Sk\u00e5ne Nordv\u00e4st - Nyf\u00f6retagarCentrum","og_description":"Uppt\u00e4ck kommande evenemang hos Nyf\u00f6retagarCentrum i Sk\u00e5ne Nordv\u00e4st, utformade f\u00f6r att st\u00f6dja blivande och nya f\u00f6retagare. Delta i workshops, seminarier och n\u00e4tverkstr\u00e4ffar f\u00f6r att f\u00e5 v\u00e4rdefulla insikter och kontakter f\u00f6r din entrepren\u00f6rsresa. F\u00e5 information om datum, platser och hur du anm\u00e4ler dig.","og_url":"https:\/\/nyforetagarcentrum.se\/skanenordvast\/evenemang\/frukost-12-maj-partners-i-rampljuset\/","og_site_name":"Sk\u00e5ne Nordv\u00e4st","og_image":[{"url":"https:\/\/nyforetagarcentrum.se\/skanenordvast\/wp-content\/uploads\/sites\/71\/2026\/04\/Frukost-Wesslau_Sakra_260512_1200x1200px-1024x1024.png"}],"twitter_card":"summary_large_image","twitter_misc":{"Ber\u00e4knad l\u00e4stid":"2 minuter"},"schema":{"@context":"https:\/\/schema.org","@graph":[{"@type":"WebPage","@id":"https:\/\/nyforetagarcentrum.se\/skanenordvast\/evenemang\/frukost-12-maj-partners-i-rampljuset\/","url":"https:\/\/nyforetagarcentrum.se\/skanenordvast\/evenemang\/frukost-12-maj-partners-i-rampljuset\/","name":"Evenemang i Sk\u00e5ne Nordv\u00e4st - Nyf\u00f6retagarCentrum","isPartOf":{"@id":"https:\/\/nyforetagarcentrum.se\/skanenordvast\/#website"},"primaryImageOfPage":{"@id":"https:\/\/nyforetagarcentrum.se\/skanenordvast\/evenemang\/frukost-12-maj-partners-i-rampljuset\/#primaryimage"},"image":{"@id":"https:\/\/nyforetagarcentrum.se\/skanenordvast\/evenemang\/frukost-12-maj-partners-i-rampljuset\/#primaryimage"},"thumbnailUrl":"https:\/\/nyforetagarcentrum.se\/skanenordvast\/wp-content\/uploads\/sites\/71\/2026\/04\/Frukost-Wesslau_Sakra_260512_1200x1200px-1024x1024.png","datePublished":"2026-04-28T08:57:14+00:00","dateModified":"2026-04-28T08:57:14+00:00","description":"Uppt\u00e4ck kommande evenemang hos Nyf\u00f6retagarCentrum i Sk\u00e5ne Nordv\u00e4st, utformade f\u00f6r att st\u00f6dja blivande och nya f\u00f6retagare. Delta i workshops, seminarier och n\u00e4tverkstr\u00e4ffar f\u00f6r att f\u00e5 v\u00e4rdefulla insikter och kontakter f\u00f6r din entrepren\u00f6rsresa. F\u00e5 information om datum, platser och hur du anm\u00e4ler dig.","breadcrumb":{"@id":"https:\/\/nyforetagarcentrum.se\/skanenordvast\/evenemang\/frukost-12-maj-partners-i-rampljuset\/#breadcrumb"},"inLanguage":"sv-SE","potentialAction":[{"@type":"ReadAction","target":["https:\/\/nyforetagarcentrum.se\/skanenordvast\/evenemang\/frukost-12-maj-partners-i-rampljuset\/"]}]},{"@type":"ImageObject","inLanguage":"sv-SE","@id":"https:\/\/nyforetagarcentrum.se\/skanenordvast\/evenemang\/frukost-12-maj-partners-i-rampljuset\/#primaryimage","url":"https:\/\/nyforetagarcentrum.se\/skanenordvast\/wp-content\/uploads\/sites\/71\/2026\/04\/Frukost-Wesslau_Sakra_260512_1200x1200px.png","contentUrl":"https:\/\/nyforetagarcentrum.se\/skanenordvast\/wp-content\/uploads\/sites\/71\/2026\/04\/Frukost-Wesslau_Sakra_260512_1200x1200px.png","width":1200,"height":1200},{"@type":"BreadcrumbList","@id":"https:\/\/nyforetagarcentrum.se\/skanenordvast\/evenemang\/frukost-12-maj-partners-i-rampljuset\/#breadcrumb","itemListElement":[{"@type":"ListItem","position":1,"name":"Hem","item":"https:\/\/nyforetagarcentrum.se\/skanenordvast\/"},{"@type":"ListItem","position":2,"name":"Evenemang","item":"https:\/\/nyforetagarcentrum.se\/skanenordvast\/evenemang\/"},{"@type":"ListItem","position":3,"name":"Frukost 12 maj:\u00a0Partners i Rampljuset!\u00a0"}]},{"@type":"WebSite","@id":"https:\/\/nyforetagarcentrum.se\/skanenordvast\/#website","url":"https:\/\/nyforetagarcentrum.se\/skanenordvast\/","name":"Sk\u00e5ne Nordv\u00e4st","description":"Sveriges ledande kraft f\u00f6r fler nya livskraftiga f\u00f6retag","publisher":{"@id":"https:\/\/nyforetagarcentrum.se\/skanenordvast\/#organization"},"potentialAction":[{"@type":"SearchAction","target":{"@type":"EntryPoint","urlTemplate":"https:\/\/nyforetagarcentrum.se\/skanenordvast\/?s={search_term_string}"},"query-input":"required name=search_term_string"}],"inLanguage":"sv-SE"},{"@type":"Organization","@id":"https:\/\/nyforetagarcentrum.se\/skanenordvast\/#organization","name":"Sk\u00e5ne Nordv\u00e4st","url":"https:\/\/nyforetagarcentrum.se\/skanenordvast\/","logo":{"@type":"ImageObject","inLanguage":"sv-SE","@id":"https:\/\/nyforetagarcentrum.se\/skanenordvast\/#\/schema\/logo\/image\/","url":"https:\/\/nyforetagarcentrum.se\/skanenordvast\/wp-content\/uploads\/sites\/71\/2024\/07\/skanenordvast_bla.png","contentUrl":"https:\/\/nyforetagarcentrum.se\/skanenordvast\/wp-content\/uploads\/sites\/71\/2024\/07\/skanenordvast_bla.png","width":870,"height":355,"caption":"Sk\u00e5ne Nordv\u00e4st"},"image":{"@id":"https:\/\/nyforetagarcentrum.se\/skanenordvast\/#\/schema\/logo\/image\/"}}]}},"_links":{"self":[{"href":"https:\/\/nyforetagarcentrum.se\/skanenordvast\/wp-json\/wp\/v2\/event\/3474"}],"collection":[{"href":"https:\/\/nyforetagarcentrum.se\/skanenordvast\/wp-json\/wp\/v2\/event"}],"about":[{"href":"https:\/\/nyforetagarcentrum.se\/skanenordvast\/wp-json\/wp\/v2\/types\/event"}],"version-history":[{"count":2,"href":"https:\/\/nyforetagarcentrum.se\/skanenordvast\/wp-json\/wp\/v2\/event\/3474\/revisions"}],"predecessor-version":[{"id":3477,"href":"https:\/\/nyforetagarcentrum.se\/skanenordvast\/wp-json\/wp\/v2\/event\/3474\/revisions\/3477"}],"wp:attachment":[{"href":"https:\/\/nyforetagarcentrum.se\/skanenordvast\/wp-json\/wp\/v2\/media?parent=3474"}],"curies":[{"name":"wp","href":"https:\/\/api.w.org\/{rel}","templated":true}]}}