{"id":2672,"date":"2025-02-26T10:18:31","date_gmt":"2025-02-26T09:18:31","guid":{"rendered":"https:\/\/nyforetagarcentrum.se\/skanenordvast\/?post_type=event&#038;p=2672"},"modified":"2026-02-12T11:43:48","modified_gmt":"2026-02-12T10:43:48","slug":"entreprenorskvall-i-astorp-for-dig-som-vill-veta-mer-om-att-starta-foretag","status":"publish","type":"event","link":"https:\/\/nyforetagarcentrum.se\/skanenordvast\/evenemang\/entreprenorskvall-i-astorp-for-dig-som-vill-veta-mer-om-att-starta-foretag\/","title":{"rendered":"Entrepren\u00f6rskv\u00e4ll i \u00c5storp f\u00f6r dig som vill veta mer om att starta f\u00f6retag"},"content":{"rendered":"\n<p>\u00c4r du p\u00e5 v\u00e4g att starta f\u00f6retag eller \u00e4r du nystartad? D\u00e5 kan vi hj\u00e4lpa dig! I samarbete med \u00c5storps kommun bjuder vi in till Entrepren\u00f6rskv\u00e4ll den 24 mars i \u00c5storp.<\/p>\n\n\n\n<p>\ud83d\udcc5 24 mars <br>\ud83d\udd54 17.00-19.00<br>\ud83d\udccd Arena \u00c5storp Tr\u00e4dg\u00e5rdsgatan 59, \u00c5storp<\/p>\n\n\n\n<p>Tr\u00e4ffen \u00e4r kostnadsfri och det bjuds p\u00e5 en liten fika s\u00e5 vi beh\u00f6ver din anm\u00e4lan.<\/p>\n\n\n\n<p>V\u00e5r certifierade r\u00e5dgivare Christian J\u00f6nsson ger dig verktyg som g\u00f6r dig b\u00e4ttre rustad att \u00f6verleva dina f\u00f6rsta \u00e5r som egen f\u00f6retagare och delar bl a med sig av vilka framg\u00e5ngsfaktorer som utm\u00e4rker de nya f\u00f6retagare som lyckas b\u00e4st. Under kv\u00e4llen f\u00e5r du \u00e4ven m\u00f6jlighet att inspireras av en entrepren\u00f6r som redan gjort resan. Vi har bjudit in Angelo Lundqvist, VD p\u00e5 <a href=\"https:\/\/www.justtasty.se\/\" target=\"_blank\" rel=\"noreferrer noopener\">Just Tasty<\/a> och vi ser verkligen fram emot att h\u00f6ra om hans erfarenheter som f\u00f6retagare.<\/p>\n\n\n\n<p>Det kommer att finnas utrymme att st\u00e4lla fr\u00e5gor till b\u00e5de Christian och Angelo under kv\u00e4llen.<\/p>\n\n\n\n<figure class=\"wp-block-image size-full is-resized\"><img loading=\"lazy\" decoding=\"async\" width=\"600\" height=\"411\" src=\"https:\/\/nyforetagarcentrum.se\/skanenordvast\/wp-content\/uploads\/sites\/71\/2026\/02\/Angelo_Lungqvist_Just-Tasty_600px.jpg\" alt=\"\" class=\"wp-image-3253\" style=\"width:400px\" srcset=\"https:\/\/nyforetagarcentrum.se\/skanenordvast\/wp-content\/uploads\/sites\/71\/2026\/02\/Angelo_Lungqvist_Just-Tasty_600px.jpg 600w, https:\/\/nyforetagarcentrum.se\/skanenordvast\/wp-content\/uploads\/sites\/71\/2026\/02\/Angelo_Lungqvist_Just-Tasty_600px-300x206.jpg 300w\" sizes=\"(max-width: 600px) 100vw, 600px\" \/><\/figure>\n\n\n\n<p class=\"has-medium-font-size\"><strong>Kv\u00e4llen inneh\u00e5ller bland annat<\/strong><\/p>\n\n\n\n<ul>\n<li>Presentation Nyf\u00f6retagarCentrum<\/li>\n\n\n\n<li>Aff\u00e4rsid\u00e9n<\/li>\n\n\n\n<li>Aff\u00e4rsplanen<\/li>\n\n\n\n<li>Viktig information<\/li>\n\n\n\n<li>Framg\u00e5ngsfaktorer<\/li>\n\n\n\n<li>St\u00f6d i starten<\/li>\n\n\n\n<li>Erfarenheter fr\u00e5n entrepren\u00f6rer<\/li>\n\n\n\n<li>Fika och m\u00f6jlighet att mingla<\/li>\n<\/ul>\n\n\n\n<p>V\u00e5r f\u00f6rhoppning \u00e4r att du ska k\u00e4nna dig mer redo och inspirerad att starta och driva ditt f\u00f6retag efter entrepren\u00f6rskv\u00e4llen!<\/p>\n\n\n\n<p class=\"has-medium-font-size\"><strong>F\u00f6rel\u00e4sare<\/strong><\/p>\n\n\n\n<p>Det \u00e4r v\u00e5r certifierade r\u00e5dgivare Christian J\u00f6nsson som du kommer att tr\u00e4ffa under kursen och du kan l\u00e4sa mer om hans styrkor&nbsp;och erfarenheter av att starta och driva f\u00f6retag&nbsp;<a href=\"https:\/\/nyforetagarcentrum.se\/skanenordvast\/2024\/05\/14\/lat-ditt-foretag-bli-nagot-mer-an-en-papperstiger\/\">h\u00e4r<\/a>.<\/p>\n\n\n\n<figure class=\"wp-block-image size-large is-resized\"><img loading=\"lazy\" decoding=\"async\" width=\"1024\" height=\"682\" src=\"https:\/\/nyforetagarcentrum.se\/skanenordvast\/wp-content\/uploads\/sites\/71\/2025\/07\/lowress-nfc0121-1024x682.jpg\" alt=\"\" class=\"wp-image-2923\" style=\"width:200px\" srcset=\"https:\/\/nyforetagarcentrum.se\/skanenordvast\/wp-content\/uploads\/sites\/71\/2025\/07\/lowress-nfc0121-1024x682.jpg 1024w, https:\/\/nyforetagarcentrum.se\/skanenordvast\/wp-content\/uploads\/sites\/71\/2025\/07\/lowress-nfc0121-300x200.jpg 300w, https:\/\/nyforetagarcentrum.se\/skanenordvast\/wp-content\/uploads\/sites\/71\/2025\/07\/lowress-nfc0121-768x512.jpg 768w, https:\/\/nyforetagarcentrum.se\/skanenordvast\/wp-content\/uploads\/sites\/71\/2025\/07\/lowress-nfc0121-1536x1024.jpg 1536w, https:\/\/nyforetagarcentrum.se\/skanenordvast\/wp-content\/uploads\/sites\/71\/2025\/07\/lowress-nfc0121-1620x1080.jpg 1620w, https:\/\/nyforetagarcentrum.se\/skanenordvast\/wp-content\/uploads\/sites\/71\/2025\/07\/lowress-nfc0121.jpg 2000w\" sizes=\"(max-width: 1024px) 100vw, 1024px\" \/><\/figure>\n\n\n\n<p class=\"has-medium-font-size\"><strong>Kostnadsfritt evenemang<\/strong><\/p>\n\n\n\n<p>Entrepren\u00f6rskv\u00e4llen \u00e4r kostnadsfri men vi tar ut en no-showavgift p\u00e5 250 kr. <br>Om du f\u00e5r f\u00f6rhinder vill vi att du avanm\u00e4ler dig senast 48 timmar innan informationstr\u00e4ffen. <br>Skicka i s\u00e5 fall ett mejl till: <a href=\"mailto:skanenordvast@nyforetagarcentrum.se\">skanenordvast@nyforetagarcentrum.se<\/a><\/p>\n\n\n\n<p class=\"has-medium-font-size\"><strong>F\u00f6rbereda dig?<\/strong><\/p>\n\n\n\n<p>Inf\u00f6r m\u00f6tet kan du f\u00f6rbereda dig genom att starta arbetet med din aff\u00e4rsplan via:&nbsp;<a href=\"http:\/\/www.affarsplanen.com\/\">Aff\u00e4rsplanen<\/a><br>Du kan \u00e4ven skapa en inloggning p\u00e5 verksamt.se som \u00e4r myndigheternas samlingssida f\u00f6r de som ska starta f\u00f6retag. Efter informationstr\u00e4ffen kan du boka in dig p\u00e5 en&nbsp;<a href=\"https:\/\/jobsdata-nyforetagarcentrum.se\/ExternBooking?OfficeId=91c03d1b-4f80-e811-a815-d89ef30d5a50\">enskild r\u00e5dgivning<\/a>&nbsp;med Christian eller n\u00e5gon av v\u00e5ra andra r\u00e5dgivare via v\u00e5rt bokningssystem.<\/p>\n\n\n\n<p class=\"has-medium-font-size\"><strong>Boka r\u00e5dgivning<\/strong><\/p>\n\n\n\n<p>Efter entrepren\u00f6rskv\u00e4llen kan du boka in dig p\u00e5 individuell r\u00e5dgivning med Christian n\u00e4r han kommer till \u00c5storp f\u00f6r popup-r\u00e5dgivningar. <a href=\"https:\/\/jobsdata-nyforetagarcentrum.se\/ExternBooking\/Index?OfficeId=91c03d1b-4f80-e811-a815-d89ef30d5a50&amp;typeList=1833\">H\u00e4r hittar du tillg\u00e4ngliga tider \u00bb <\/a><\/p>\n\n\n\n<p class=\"has-medium-font-size\"><strong>Passar inte tiden i \u00c5storp?<\/strong><\/p>\n\n\n\n<p>Du kan boka in dig p\u00e5 vilket datum\/ort du \u00f6nskar, oavsett var i nordv\u00e4stra Sk\u00e5ne du bor.<\/p>\n\n\n\n<p>H\u00e5ll utkik h\u00e4r p\u00e5 v\u00e5r hemsida eller p\u00e5 Facebook d\u00e4r vi l\u00e4gger upp information om fler entrepren\u00f6rskv\u00e4llar och starta eget inspirationstr\u00e4ffar l\u00f6pande.<\/p>\n\n\n\n<p class=\"has-medium-font-size\"><strong><em>Varmt v\u00e4lkommen med din anm\u00e4lan!<\/em><\/strong><\/p>\n","protected":false},"template":"","meta":{"footnotes":""},"acf":[],"yoast_head":"<!-- This site is optimized with the Yoast SEO plugin v22.9 - https:\/\/yoast.com\/wordpress\/plugins\/seo\/ -->\n<title>Evenemang i Sk\u00e5ne Nordv\u00e4st - Nyf\u00f6retagarCentrum<\/title>\n<meta name=\"description\" content=\"Uppt\u00e4ck kommande evenemang hos Nyf\u00f6retagarCentrum i Sk\u00e5ne Nordv\u00e4st, utformade f\u00f6r att st\u00f6dja blivande och nya f\u00f6retagare. Delta i workshops, seminarier och n\u00e4tverkstr\u00e4ffar f\u00f6r att f\u00e5 v\u00e4rdefulla insikter och kontakter f\u00f6r din entrepren\u00f6rsresa. F\u00e5 information om datum, platser och hur du anm\u00e4ler dig.\" \/>\n<meta name=\"robots\" content=\"index, follow, max-snippet:-1, max-image-preview:large, max-video-preview:-1\" \/>\n<link rel=\"canonical\" href=\"https:\/\/nyforetagarcentrum.se\/skanenordvast\/evenemang\/entreprenorskvall-i-astorp-for-dig-som-vill-veta-mer-om-att-starta-foretag\/\" \/>\n<meta property=\"og:locale\" content=\"sv_SE\" \/>\n<meta property=\"og:type\" content=\"article\" \/>\n<meta property=\"og:title\" content=\"Evenemang i Sk\u00e5ne Nordv\u00e4st - Nyf\u00f6retagarCentrum\" \/>\n<meta property=\"og:description\" content=\"Uppt\u00e4ck kommande evenemang hos Nyf\u00f6retagarCentrum i Sk\u00e5ne Nordv\u00e4st, utformade f\u00f6r att st\u00f6dja blivande och nya f\u00f6retagare. Delta i workshops, seminarier och n\u00e4tverkstr\u00e4ffar f\u00f6r att f\u00e5 v\u00e4rdefulla insikter och kontakter f\u00f6r din entrepren\u00f6rsresa. F\u00e5 information om datum, platser och hur du anm\u00e4ler dig.\" \/>\n<meta property=\"og:url\" content=\"https:\/\/nyforetagarcentrum.se\/skanenordvast\/evenemang\/entreprenorskvall-i-astorp-for-dig-som-vill-veta-mer-om-att-starta-foretag\/\" \/>\n<meta property=\"og:site_name\" content=\"Sk\u00e5ne Nordv\u00e4st\" \/>\n<meta property=\"article:modified_time\" content=\"2026-02-12T10:43:48+00:00\" \/>\n<meta property=\"og:image\" content=\"https:\/\/nyforetagarcentrum.se\/skanenordvast\/wp-content\/uploads\/sites\/71\/2026\/02\/Angelo_Lungqvist_Just-Tasty_600px.jpg\" \/>\n<meta name=\"twitter:card\" content=\"summary_large_image\" \/>\n<meta name=\"twitter:label1\" content=\"Ber\u00e4knad l\u00e4stid\" \/>\n\t<meta name=\"twitter:data1\" content=\"3 minuter\" \/>\n<script type=\"application\/ld+json\" class=\"yoast-schema-graph\">{\"@context\":\"https:\/\/schema.org\",\"@graph\":[{\"@type\":\"WebPage\",\"@id\":\"https:\/\/nyforetagarcentrum.se\/skanenordvast\/evenemang\/entreprenorskvall-i-astorp-for-dig-som-vill-veta-mer-om-att-starta-foretag\/\",\"url\":\"https:\/\/nyforetagarcentrum.se\/skanenordvast\/evenemang\/entreprenorskvall-i-astorp-for-dig-som-vill-veta-mer-om-att-starta-foretag\/\",\"name\":\"Evenemang i Sk\u00e5ne Nordv\u00e4st - Nyf\u00f6retagarCentrum\",\"isPartOf\":{\"@id\":\"https:\/\/nyforetagarcentrum.se\/skanenordvast\/#website\"},\"primaryImageOfPage\":{\"@id\":\"https:\/\/nyforetagarcentrum.se\/skanenordvast\/evenemang\/entreprenorskvall-i-astorp-for-dig-som-vill-veta-mer-om-att-starta-foretag\/#primaryimage\"},\"image\":{\"@id\":\"https:\/\/nyforetagarcentrum.se\/skanenordvast\/evenemang\/entreprenorskvall-i-astorp-for-dig-som-vill-veta-mer-om-att-starta-foretag\/#primaryimage\"},\"thumbnailUrl\":\"https:\/\/nyforetagarcentrum.se\/skanenordvast\/wp-content\/uploads\/sites\/71\/2026\/02\/Angelo_Lungqvist_Just-Tasty_600px.jpg\",\"datePublished\":\"2025-02-26T09:18:31+00:00\",\"dateModified\":\"2026-02-12T10:43:48+00:00\",\"description\":\"Uppt\u00e4ck kommande evenemang hos Nyf\u00f6retagarCentrum i Sk\u00e5ne Nordv\u00e4st, utformade f\u00f6r att st\u00f6dja blivande och nya f\u00f6retagare. Delta i workshops, seminarier och n\u00e4tverkstr\u00e4ffar f\u00f6r att f\u00e5 v\u00e4rdefulla insikter och kontakter f\u00f6r din entrepren\u00f6rsresa. F\u00e5 information om datum, platser och hur du anm\u00e4ler dig.\",\"breadcrumb\":{\"@id\":\"https:\/\/nyforetagarcentrum.se\/skanenordvast\/evenemang\/entreprenorskvall-i-astorp-for-dig-som-vill-veta-mer-om-att-starta-foretag\/#breadcrumb\"},\"inLanguage\":\"sv-SE\",\"potentialAction\":[{\"@type\":\"ReadAction\",\"target\":[\"https:\/\/nyforetagarcentrum.se\/skanenordvast\/evenemang\/entreprenorskvall-i-astorp-for-dig-som-vill-veta-mer-om-att-starta-foretag\/\"]}]},{\"@type\":\"ImageObject\",\"inLanguage\":\"sv-SE\",\"@id\":\"https:\/\/nyforetagarcentrum.se\/skanenordvast\/evenemang\/entreprenorskvall-i-astorp-for-dig-som-vill-veta-mer-om-att-starta-foretag\/#primaryimage\",\"url\":\"https:\/\/nyforetagarcentrum.se\/skanenordvast\/wp-content\/uploads\/sites\/71\/2026\/02\/Angelo_Lungqvist_Just-Tasty_600px.jpg\",\"contentUrl\":\"https:\/\/nyforetagarcentrum.se\/skanenordvast\/wp-content\/uploads\/sites\/71\/2026\/02\/Angelo_Lungqvist_Just-Tasty_600px.jpg\",\"width\":600,\"height\":411},{\"@type\":\"BreadcrumbList\",\"@id\":\"https:\/\/nyforetagarcentrum.se\/skanenordvast\/evenemang\/entreprenorskvall-i-astorp-for-dig-som-vill-veta-mer-om-att-starta-foretag\/#breadcrumb\",\"itemListElement\":[{\"@type\":\"ListItem\",\"position\":1,\"name\":\"Hem\",\"item\":\"https:\/\/nyforetagarcentrum.se\/skanenordvast\/\"},{\"@type\":\"ListItem\",\"position\":2,\"name\":\"Evenemang\",\"item\":\"https:\/\/nyforetagarcentrum.se\/skanenordvast\/evenemang\/\"},{\"@type\":\"ListItem\",\"position\":3,\"name\":\"Entrepren\u00f6rskv\u00e4ll i \u00c5storp f\u00f6r dig som vill veta mer om att starta f\u00f6retag\"}]},{\"@type\":\"WebSite\",\"@id\":\"https:\/\/nyforetagarcentrum.se\/skanenordvast\/#website\",\"url\":\"https:\/\/nyforetagarcentrum.se\/skanenordvast\/\",\"name\":\"Sk\u00e5ne Nordv\u00e4st\",\"description\":\"Sveriges ledande kraft f\u00f6r fler nya livskraftiga f\u00f6retag\",\"publisher\":{\"@id\":\"https:\/\/nyforetagarcentrum.se\/skanenordvast\/#organization\"},\"potentialAction\":[{\"@type\":\"SearchAction\",\"target\":{\"@type\":\"EntryPoint\",\"urlTemplate\":\"https:\/\/nyforetagarcentrum.se\/skanenordvast\/?s={search_term_string}\"},\"query-input\":\"required name=search_term_string\"}],\"inLanguage\":\"sv-SE\"},{\"@type\":\"Organization\",\"@id\":\"https:\/\/nyforetagarcentrum.se\/skanenordvast\/#organization\",\"name\":\"Sk\u00e5ne Nordv\u00e4st\",\"url\":\"https:\/\/nyforetagarcentrum.se\/skanenordvast\/\",\"logo\":{\"@type\":\"ImageObject\",\"inLanguage\":\"sv-SE\",\"@id\":\"https:\/\/nyforetagarcentrum.se\/skanenordvast\/#\/schema\/logo\/image\/\",\"url\":\"https:\/\/nyforetagarcentrum.se\/skanenordvast\/wp-content\/uploads\/sites\/71\/2024\/07\/skanenordvast_bla.png\",\"contentUrl\":\"https:\/\/nyforetagarcentrum.se\/skanenordvast\/wp-content\/uploads\/sites\/71\/2024\/07\/skanenordvast_bla.png\",\"width\":870,\"height\":355,\"caption\":\"Sk\u00e5ne Nordv\u00e4st\"},\"image\":{\"@id\":\"https:\/\/nyforetagarcentrum.se\/skanenordvast\/#\/schema\/logo\/image\/\"}}]}<\/script>\n<!-- \/ Yoast SEO plugin. -->","yoast_head_json":{"title":"Evenemang i Sk\u00e5ne Nordv\u00e4st - Nyf\u00f6retagarCentrum","description":"Uppt\u00e4ck kommande evenemang hos Nyf\u00f6retagarCentrum i Sk\u00e5ne Nordv\u00e4st, utformade f\u00f6r att st\u00f6dja blivande och nya f\u00f6retagare. Delta i workshops, seminarier och n\u00e4tverkstr\u00e4ffar f\u00f6r att f\u00e5 v\u00e4rdefulla insikter och kontakter f\u00f6r din entrepren\u00f6rsresa. F\u00e5 information om datum, platser och hur du anm\u00e4ler dig.","robots":{"index":"index","follow":"follow","max-snippet":"max-snippet:-1","max-image-preview":"max-image-preview:large","max-video-preview":"max-video-preview:-1"},"canonical":"https:\/\/nyforetagarcentrum.se\/skanenordvast\/evenemang\/entreprenorskvall-i-astorp-for-dig-som-vill-veta-mer-om-att-starta-foretag\/","og_locale":"sv_SE","og_type":"article","og_title":"Evenemang i Sk\u00e5ne Nordv\u00e4st - Nyf\u00f6retagarCentrum","og_description":"Uppt\u00e4ck kommande evenemang hos Nyf\u00f6retagarCentrum i Sk\u00e5ne Nordv\u00e4st, utformade f\u00f6r att st\u00f6dja blivande och nya f\u00f6retagare. Delta i workshops, seminarier och n\u00e4tverkstr\u00e4ffar f\u00f6r att f\u00e5 v\u00e4rdefulla insikter och kontakter f\u00f6r din entrepren\u00f6rsresa. F\u00e5 information om datum, platser och hur du anm\u00e4ler dig.","og_url":"https:\/\/nyforetagarcentrum.se\/skanenordvast\/evenemang\/entreprenorskvall-i-astorp-for-dig-som-vill-veta-mer-om-att-starta-foretag\/","og_site_name":"Sk\u00e5ne Nordv\u00e4st","article_modified_time":"2026-02-12T10:43:48+00:00","og_image":[{"url":"https:\/\/nyforetagarcentrum.se\/skanenordvast\/wp-content\/uploads\/sites\/71\/2026\/02\/Angelo_Lungqvist_Just-Tasty_600px.jpg"}],"twitter_card":"summary_large_image","twitter_misc":{"Ber\u00e4knad l\u00e4stid":"3 minuter"},"schema":{"@context":"https:\/\/schema.org","@graph":[{"@type":"WebPage","@id":"https:\/\/nyforetagarcentrum.se\/skanenordvast\/evenemang\/entreprenorskvall-i-astorp-for-dig-som-vill-veta-mer-om-att-starta-foretag\/","url":"https:\/\/nyforetagarcentrum.se\/skanenordvast\/evenemang\/entreprenorskvall-i-astorp-for-dig-som-vill-veta-mer-om-att-starta-foretag\/","name":"Evenemang i Sk\u00e5ne Nordv\u00e4st - Nyf\u00f6retagarCentrum","isPartOf":{"@id":"https:\/\/nyforetagarcentrum.se\/skanenordvast\/#website"},"primaryImageOfPage":{"@id":"https:\/\/nyforetagarcentrum.se\/skanenordvast\/evenemang\/entreprenorskvall-i-astorp-for-dig-som-vill-veta-mer-om-att-starta-foretag\/#primaryimage"},"image":{"@id":"https:\/\/nyforetagarcentrum.se\/skanenordvast\/evenemang\/entreprenorskvall-i-astorp-for-dig-som-vill-veta-mer-om-att-starta-foretag\/#primaryimage"},"thumbnailUrl":"https:\/\/nyforetagarcentrum.se\/skanenordvast\/wp-content\/uploads\/sites\/71\/2026\/02\/Angelo_Lungqvist_Just-Tasty_600px.jpg","datePublished":"2025-02-26T09:18:31+00:00","dateModified":"2026-02-12T10:43:48+00:00","description":"Uppt\u00e4ck kommande evenemang hos Nyf\u00f6retagarCentrum i Sk\u00e5ne Nordv\u00e4st, utformade f\u00f6r att st\u00f6dja blivande och nya f\u00f6retagare. Delta i workshops, seminarier och n\u00e4tverkstr\u00e4ffar f\u00f6r att f\u00e5 v\u00e4rdefulla insikter och kontakter f\u00f6r din entrepren\u00f6rsresa. F\u00e5 information om datum, platser och hur du anm\u00e4ler dig.","breadcrumb":{"@id":"https:\/\/nyforetagarcentrum.se\/skanenordvast\/evenemang\/entreprenorskvall-i-astorp-for-dig-som-vill-veta-mer-om-att-starta-foretag\/#breadcrumb"},"inLanguage":"sv-SE","potentialAction":[{"@type":"ReadAction","target":["https:\/\/nyforetagarcentrum.se\/skanenordvast\/evenemang\/entreprenorskvall-i-astorp-for-dig-som-vill-veta-mer-om-att-starta-foretag\/"]}]},{"@type":"ImageObject","inLanguage":"sv-SE","@id":"https:\/\/nyforetagarcentrum.se\/skanenordvast\/evenemang\/entreprenorskvall-i-astorp-for-dig-som-vill-veta-mer-om-att-starta-foretag\/#primaryimage","url":"https:\/\/nyforetagarcentrum.se\/skanenordvast\/wp-content\/uploads\/sites\/71\/2026\/02\/Angelo_Lungqvist_Just-Tasty_600px.jpg","contentUrl":"https:\/\/nyforetagarcentrum.se\/skanenordvast\/wp-content\/uploads\/sites\/71\/2026\/02\/Angelo_Lungqvist_Just-Tasty_600px.jpg","width":600,"height":411},{"@type":"BreadcrumbList","@id":"https:\/\/nyforetagarcentrum.se\/skanenordvast\/evenemang\/entreprenorskvall-i-astorp-for-dig-som-vill-veta-mer-om-att-starta-foretag\/#breadcrumb","itemListElement":[{"@type":"ListItem","position":1,"name":"Hem","item":"https:\/\/nyforetagarcentrum.se\/skanenordvast\/"},{"@type":"ListItem","position":2,"name":"Evenemang","item":"https:\/\/nyforetagarcentrum.se\/skanenordvast\/evenemang\/"},{"@type":"ListItem","position":3,"name":"Entrepren\u00f6rskv\u00e4ll i \u00c5storp f\u00f6r dig som vill veta mer om att starta f\u00f6retag"}]},{"@type":"WebSite","@id":"https:\/\/nyforetagarcentrum.se\/skanenordvast\/#website","url":"https:\/\/nyforetagarcentrum.se\/skanenordvast\/","name":"Sk\u00e5ne Nordv\u00e4st","description":"Sveriges ledande kraft f\u00f6r fler nya livskraftiga f\u00f6retag","publisher":{"@id":"https:\/\/nyforetagarcentrum.se\/skanenordvast\/#organization"},"potentialAction":[{"@type":"SearchAction","target":{"@type":"EntryPoint","urlTemplate":"https:\/\/nyforetagarcentrum.se\/skanenordvast\/?s={search_term_string}"},"query-input":"required name=search_term_string"}],"inLanguage":"sv-SE"},{"@type":"Organization","@id":"https:\/\/nyforetagarcentrum.se\/skanenordvast\/#organization","name":"Sk\u00e5ne Nordv\u00e4st","url":"https:\/\/nyforetagarcentrum.se\/skanenordvast\/","logo":{"@type":"ImageObject","inLanguage":"sv-SE","@id":"https:\/\/nyforetagarcentrum.se\/skanenordvast\/#\/schema\/logo\/image\/","url":"https:\/\/nyforetagarcentrum.se\/skanenordvast\/wp-content\/uploads\/sites\/71\/2024\/07\/skanenordvast_bla.png","contentUrl":"https:\/\/nyforetagarcentrum.se\/skanenordvast\/wp-content\/uploads\/sites\/71\/2024\/07\/skanenordvast_bla.png","width":870,"height":355,"caption":"Sk\u00e5ne Nordv\u00e4st"},"image":{"@id":"https:\/\/nyforetagarcentrum.se\/skanenordvast\/#\/schema\/logo\/image\/"}}]}},"_links":{"self":[{"href":"https:\/\/nyforetagarcentrum.se\/skanenordvast\/wp-json\/wp\/v2\/event\/2672"}],"collection":[{"href":"https:\/\/nyforetagarcentrum.se\/skanenordvast\/wp-json\/wp\/v2\/event"}],"about":[{"href":"https:\/\/nyforetagarcentrum.se\/skanenordvast\/wp-json\/wp\/v2\/types\/event"}],"version-history":[{"count":10,"href":"https:\/\/nyforetagarcentrum.se\/skanenordvast\/wp-json\/wp\/v2\/event\/2672\/revisions"}],"predecessor-version":[{"id":3276,"href":"https:\/\/nyforetagarcentrum.se\/skanenordvast\/wp-json\/wp\/v2\/event\/2672\/revisions\/3276"}],"wp:attachment":[{"href":"https:\/\/nyforetagarcentrum.se\/skanenordvast\/wp-json\/wp\/v2\/media?parent=2672"}],"curies":[{"name":"wp","href":"https:\/\/api.w.org\/{rel}","templated":true}]}}