{"id":2448,"date":"2024-10-16T15:17:58","date_gmt":"2024-10-16T13:17:58","guid":{"rendered":"https:\/\/nyforetagarcentrum.se\/skanenordvast\/?post_type=event&#038;p=2448"},"modified":"2026-09-01T16:03:12","modified_gmt":"2026-09-01T14:03:12","slug":"kurs-starta-eget-i-klippan","status":"publish","type":"event","link":"https:\/\/nyforetagarcentrum.se\/skanenordvast\/evenemang\/kurs-starta-eget-i-klippan\/","title":{"rendered":"Entrepren\u00f6rskv\u00e4ll i Klippan: Starta och driva eget f\u00f6retag"},"content":{"rendered":"\n<p>Fr\u00e5n id\u00e9 till succe! En inspirerande entrepren\u00f6rskv\u00e4ll i Klippan som riktar sig b\u00e5de till dig som funderar p\u00e5 att starta eget f\u00f6retag eller \u00e4r en bit p\u00e5 v\u00e4g p\u00e5 din f\u00f6retagsresa och redan drivit eget f\u00f6retag i n\u00e5gra \u00e5r. \u00c4ven du som \u00e4r nyfiken p\u00e5 att starta eget men \u00e4nnu inte har n\u00e5gon tydlig aff\u00e4rsid\u00e9 \u00e4r v\u00e4lkommen. Alla kan l\u00e4ra n\u00e5got av den som redan sitter p\u00e5 v\u00e4rdefull kunskap och erfarenhet.<\/p>\n\n\n\n<p>\ud83d\udcc5 6 oktober<br>\ud83d\udd54&nbsp;17.00-19.00<br>\ud83d\udccd \u00c5byg\u00e5rden Lantcaf\u00e9 Pl 1003 i Klippan<\/p>\n\n\n\n<p>Under kv\u00e4llen f\u00e5r du kunskaper som ger dig en b\u00e4ttre f\u00f6retagsstart och som \u00f6kar dina m\u00f6jligheter att \u00f6verleva de f\u00f6rsta \u00e5ren. Vi pratar \u00e4ven om vad som k\u00e4nnetecknar de f\u00f6retagare som lyckas och vi har bjudit in en lokal entrepren\u00f6r som f\u00e5r ber\u00e4tta om sin f\u00f6retagsresor och ge sina b\u00e4sta tips till dig som funderar p\u00e5 att starta eller \u00e4r ny f\u00f6retagare. Vi har bjudit in Emily Olesen fr\u00e5n <a href=\"http:\/\/www.Inredningshornan.nu\" target=\"_blank\" rel=\"noreferrer noopener\">Inredningsh\u00f6rnan <\/a>som \u00f6ppnade sin butik i april 2025 f\u00f6r att inspirera med sina erfarenheter. Inredningsh\u00f6rnan \u00e4r en inrednings- och presentbutik med fokus p\u00e5 skandinavisk design och h\u00e5llbarhet. F\u00f6retaget riktar sig framf\u00f6rallt till privatpersoner men utf\u00f6r \u00e4ven tj\u00e4nster till f\u00f6retag, s\u00e5som kontor, hotell och restauranger.&nbsp;<\/p>\n\n\n\n<figure class=\"wp-block-image size-full is-resized\"><img loading=\"lazy\" decoding=\"async\" width=\"599\" height=\"696\" src=\"https:\/\/nyforetagarcentrum.se\/skanenordvast\/wp-content\/uploads\/sites\/71\/2026\/02\/Emely_Inredningshornan_600px.jpg\" alt=\"\" class=\"wp-image-3273\" style=\"width:400px\" srcset=\"https:\/\/nyforetagarcentrum.se\/skanenordvast\/wp-content\/uploads\/sites\/71\/2026\/02\/Emely_Inredningshornan_600px.jpg 599w, https:\/\/nyforetagarcentrum.se\/skanenordvast\/wp-content\/uploads\/sites\/71\/2026\/02\/Emely_Inredningshornan_600px-258x300.jpg 258w\" sizes=\"(max-width: 599px) 100vw, 599px\" \/><\/figure>\n\n\n\n<p>Det \u00e4r v\u00e5r f\u00f6rhoppning \u00e4r att du ska k\u00e4nna dig mer redo och inspirerad att starta och driva ditt f\u00f6retag efter entrepren\u00f6rskv\u00e4llen!<\/p>\n\n\n\n<p><strong>F\u00f6rel\u00e4sare<\/strong><br>Det \u00e4r v\u00e5r r\u00e5dgivare Jessica Wetterstrand som du kommer att tr\u00e4ffa under kv\u00e4llen och du kan l\u00e4sa mer om hennes erfarenheter och tankar kring att starta och driva f\u00f6retag <a href=\"https:\/\/nyforetagarcentrum.se\/skanenordvast\/2024\/05\/14\/lat-ditt-foretag-bli-nagot-mer-an-en-papperstiger\/\">h<\/a><a href=\"https:\/\/nyforetagarcentrum.se\/skanenordvast\/2026\/06\/16\/vitamininjektion-med-nya-perspektiv\/\">\u00e4r<\/a>.<\/p>\n\n\n\n<figure class=\"wp-block-image size-large is-resized\"><img loading=\"lazy\" decoding=\"async\" width=\"1024\" height=\"827\" src=\"https:\/\/nyforetagarcentrum.se\/skanenordvast\/wp-content\/uploads\/sites\/71\/2026\/06\/Jessica_W-1024x827.jpg\" alt=\"Jessica Wetterstrand\" class=\"wp-image-3634\" style=\"width:300px\" srcset=\"https:\/\/nyforetagarcentrum.se\/skanenordvast\/wp-content\/uploads\/sites\/71\/2026\/06\/Jessica_W-1024x827.jpg 1024w, https:\/\/nyforetagarcentrum.se\/skanenordvast\/wp-content\/uploads\/sites\/71\/2026\/06\/Jessica_W-300x242.jpg 300w, https:\/\/nyforetagarcentrum.se\/skanenordvast\/wp-content\/uploads\/sites\/71\/2026\/06\/Jessica_W-768x620.jpg 768w, https:\/\/nyforetagarcentrum.se\/skanenordvast\/wp-content\/uploads\/sites\/71\/2026\/06\/Jessica_W.jpg 1051w\" sizes=\"(max-width: 1024px) 100vw, 1024px\" \/><figcaption class=\"wp-element-caption\">Jessica Wetterstrand <\/figcaption><\/figure>\n\n\n\n<p>Efter entrepren\u00f6rskv\u00e4llen kan du boka in dig p\u00e5 en kostnadsfri enskild r\u00e5dgivning&nbsp;med n\u00e5gon av v\u00e5ra r\u00e5dgivare som finns p\u00e5 fler orter i nordv\u00e4stra Sk\u00e5ne. <a href=\"https:\/\/nyforetagarcentrum.se\/skanenordvast\/radgivning\/\">Bokning sker via v\u00e5rt bokningssystem<\/a>.<\/p>\n\n\n\n<p><strong>Pris<\/strong><br>Entrepren\u00f6rskv\u00e4llen \u00e4r kostnadsfri men vi tar ut en no-showavgift p\u00e5 250 kr. Om du f\u00e5r f\u00f6rhinder vill vi att du avanm\u00e4ler dig senast 48 timmar innan informationstr\u00e4ffen. Skicka ett mejl till <a href=\"mailto:skanenordvast@nyforetagarcentrum.se\">skanenordvast@nyforetagarcentrum.se<\/a><\/p>\n\n\n\n<p><strong>Varmt v\u00e4lkommen med din anm\u00e4lan!<\/strong><\/p>\n\n\n\n<p><strong>Passar inte tiden? <\/strong><br>Du kan boka in dig p\u00e5 v\u00e5ra kurser och entrepren\u00f6rskv\u00e4llar p\u00e5 vilken ort du vill, oavsett var i nordv\u00e4stra Sk\u00e5ne du bor. H\u00e5ll utkik h\u00e4r p\u00e5 hemsidan eller p\u00e5 <a href=\"https:\/\/www.facebook.com\/nyforetagarcentrumskanenordvast\/\">Facebook <\/a>d\u00e4r vi l\u00e4gger upp information om fler evenemang l\u00f6pande.<\/p>\n\n\n\n<p><strong>F\u00f6rbereda dig?<\/strong><br>Inf\u00f6r en eventuell enskild r\u00e5dgivning kan du f\u00f6rbereda dig genom att starta arbetet med din aff\u00e4rsplan via:&nbsp;<a href=\"http:\/\/www.affarsplanen.com\/\">Aff\u00e4rsplanen<\/a><br>Du kan \u00e4ven skapa en inloggning p\u00e5 <a href=\"http:\/\/www.verksamt.se\">verksamt.se<\/a> som \u00e4r myndigheternas samlingssida f\u00f6r de som ska starta f\u00f6retag.<\/p>\n","protected":false},"template":"","meta":{"footnotes":""},"acf":[],"yoast_head":"<!-- This site is optimized with the Yoast SEO plugin v22.9 - https:\/\/yoast.com\/wordpress\/plugins\/seo\/ -->\n<title>Evenemang i Sk\u00e5ne Nordv\u00e4st - Nyf\u00f6retagarCentrum<\/title>\n<meta name=\"description\" content=\"Uppt\u00e4ck kommande evenemang hos Nyf\u00f6retagarCentrum i Sk\u00e5ne Nordv\u00e4st, utformade f\u00f6r att st\u00f6dja blivande och nya f\u00f6retagare. Delta i workshops, seminarier och n\u00e4tverkstr\u00e4ffar f\u00f6r att f\u00e5 v\u00e4rdefulla insikter och kontakter f\u00f6r din entrepren\u00f6rsresa. F\u00e5 information om datum, platser och hur du anm\u00e4ler dig.\" \/>\n<meta name=\"robots\" content=\"index, follow, max-snippet:-1, max-image-preview:large, max-video-preview:-1\" \/>\n<link rel=\"canonical\" href=\"https:\/\/nyforetagarcentrum.se\/skanenordvast\/evenemang\/kurs-starta-eget-i-klippan\/\" \/>\n<meta property=\"og:locale\" content=\"sv_SE\" \/>\n<meta property=\"og:type\" content=\"article\" \/>\n<meta property=\"og:title\" content=\"Evenemang i Sk\u00e5ne Nordv\u00e4st - Nyf\u00f6retagarCentrum\" \/>\n<meta property=\"og:description\" content=\"Uppt\u00e4ck kommande evenemang hos Nyf\u00f6retagarCentrum i Sk\u00e5ne Nordv\u00e4st, utformade f\u00f6r att st\u00f6dja blivande och nya f\u00f6retagare. Delta i workshops, seminarier och n\u00e4tverkstr\u00e4ffar f\u00f6r att f\u00e5 v\u00e4rdefulla insikter och kontakter f\u00f6r din entrepren\u00f6rsresa. F\u00e5 information om datum, platser och hur du anm\u00e4ler dig.\" \/>\n<meta property=\"og:url\" content=\"https:\/\/nyforetagarcentrum.se\/skanenordvast\/evenemang\/kurs-starta-eget-i-klippan\/\" \/>\n<meta property=\"og:site_name\" content=\"Sk\u00e5ne Nordv\u00e4st\" \/>\n<meta property=\"article:modified_time\" content=\"2026-09-01T14:03:12+00:00\" \/>\n<meta property=\"og:image\" content=\"https:\/\/nyforetagarcentrum.se\/skanenordvast\/wp-content\/uploads\/sites\/71\/2026\/02\/Emely_Inredningshornan_600px.jpg\" \/>\n<meta name=\"twitter:card\" content=\"summary_large_image\" \/>\n<meta name=\"twitter:label1\" content=\"Ber\u00e4knad l\u00e4stid\" \/>\n\t<meta name=\"twitter:data1\" content=\"3 minuter\" \/>\n<script type=\"application\/ld+json\" class=\"yoast-schema-graph\">{\"@context\":\"https:\/\/schema.org\",\"@graph\":[{\"@type\":\"WebPage\",\"@id\":\"https:\/\/nyforetagarcentrum.se\/skanenordvast\/evenemang\/kurs-starta-eget-i-klippan\/\",\"url\":\"https:\/\/nyforetagarcentrum.se\/skanenordvast\/evenemang\/kurs-starta-eget-i-klippan\/\",\"name\":\"Evenemang i Sk\u00e5ne Nordv\u00e4st - Nyf\u00f6retagarCentrum\",\"isPartOf\":{\"@id\":\"https:\/\/nyforetagarcentrum.se\/skanenordvast\/#website\"},\"primaryImageOfPage\":{\"@id\":\"https:\/\/nyforetagarcentrum.se\/skanenordvast\/evenemang\/kurs-starta-eget-i-klippan\/#primaryimage\"},\"image\":{\"@id\":\"https:\/\/nyforetagarcentrum.se\/skanenordvast\/evenemang\/kurs-starta-eget-i-klippan\/#primaryimage\"},\"thumbnailUrl\":\"https:\/\/nyforetagarcentrum.se\/skanenordvast\/wp-content\/uploads\/sites\/71\/2026\/02\/Emely_Inredningshornan_600px.jpg\",\"datePublished\":\"2024-10-16T13:17:58+00:00\",\"dateModified\":\"2026-09-01T14:03:12+00:00\",\"description\":\"Uppt\u00e4ck kommande evenemang hos Nyf\u00f6retagarCentrum i Sk\u00e5ne Nordv\u00e4st, utformade f\u00f6r att st\u00f6dja blivande och nya f\u00f6retagare. Delta i workshops, seminarier och n\u00e4tverkstr\u00e4ffar f\u00f6r att f\u00e5 v\u00e4rdefulla insikter och kontakter f\u00f6r din entrepren\u00f6rsresa. F\u00e5 information om datum, platser och hur du anm\u00e4ler dig.\",\"breadcrumb\":{\"@id\":\"https:\/\/nyforetagarcentrum.se\/skanenordvast\/evenemang\/kurs-starta-eget-i-klippan\/#breadcrumb\"},\"inLanguage\":\"sv-SE\",\"potentialAction\":[{\"@type\":\"ReadAction\",\"target\":[\"https:\/\/nyforetagarcentrum.se\/skanenordvast\/evenemang\/kurs-starta-eget-i-klippan\/\"]}]},{\"@type\":\"ImageObject\",\"inLanguage\":\"sv-SE\",\"@id\":\"https:\/\/nyforetagarcentrum.se\/skanenordvast\/evenemang\/kurs-starta-eget-i-klippan\/#primaryimage\",\"url\":\"https:\/\/nyforetagarcentrum.se\/skanenordvast\/wp-content\/uploads\/sites\/71\/2026\/02\/Emely_Inredningshornan_600px.jpg\",\"contentUrl\":\"https:\/\/nyforetagarcentrum.se\/skanenordvast\/wp-content\/uploads\/sites\/71\/2026\/02\/Emely_Inredningshornan_600px.jpg\",\"width\":599,\"height\":696},{\"@type\":\"BreadcrumbList\",\"@id\":\"https:\/\/nyforetagarcentrum.se\/skanenordvast\/evenemang\/kurs-starta-eget-i-klippan\/#breadcrumb\",\"itemListElement\":[{\"@type\":\"ListItem\",\"position\":1,\"name\":\"Hem\",\"item\":\"https:\/\/nyforetagarcentrum.se\/skanenordvast\/\"},{\"@type\":\"ListItem\",\"position\":2,\"name\":\"Evenemang\",\"item\":\"https:\/\/nyforetagarcentrum.se\/skanenordvast\/evenemang\/\"},{\"@type\":\"ListItem\",\"position\":3,\"name\":\"Entrepren\u00f6rskv\u00e4ll i Klippan: Starta och driva eget f\u00f6retag\"}]},{\"@type\":\"WebSite\",\"@id\":\"https:\/\/nyforetagarcentrum.se\/skanenordvast\/#website\",\"url\":\"https:\/\/nyforetagarcentrum.se\/skanenordvast\/\",\"name\":\"Sk\u00e5ne Nordv\u00e4st\",\"description\":\"Sveriges ledande kraft f\u00f6r fler nya livskraftiga f\u00f6retag\",\"publisher\":{\"@id\":\"https:\/\/nyforetagarcentrum.se\/skanenordvast\/#organization\"},\"potentialAction\":[{\"@type\":\"SearchAction\",\"target\":{\"@type\":\"EntryPoint\",\"urlTemplate\":\"https:\/\/nyforetagarcentrum.se\/skanenordvast\/?s={search_term_string}\"},\"query-input\":\"required name=search_term_string\"}],\"inLanguage\":\"sv-SE\"},{\"@type\":\"Organization\",\"@id\":\"https:\/\/nyforetagarcentrum.se\/skanenordvast\/#organization\",\"name\":\"Sk\u00e5ne Nordv\u00e4st\",\"url\":\"https:\/\/nyforetagarcentrum.se\/skanenordvast\/\",\"logo\":{\"@type\":\"ImageObject\",\"inLanguage\":\"sv-SE\",\"@id\":\"https:\/\/nyforetagarcentrum.se\/skanenordvast\/#\/schema\/logo\/image\/\",\"url\":\"https:\/\/nyforetagarcentrum.se\/skanenordvast\/wp-content\/uploads\/sites\/71\/2024\/07\/skanenordvast_bla.png\",\"contentUrl\":\"https:\/\/nyforetagarcentrum.se\/skanenordvast\/wp-content\/uploads\/sites\/71\/2024\/07\/skanenordvast_bla.png\",\"width\":870,\"height\":355,\"caption\":\"Sk\u00e5ne Nordv\u00e4st\"},\"image\":{\"@id\":\"https:\/\/nyforetagarcentrum.se\/skanenordvast\/#\/schema\/logo\/image\/\"}}]}<\/script>\n<!-- \/ Yoast SEO plugin. -->","yoast_head_json":{"title":"Evenemang i Sk\u00e5ne Nordv\u00e4st - Nyf\u00f6retagarCentrum","description":"Uppt\u00e4ck kommande evenemang hos Nyf\u00f6retagarCentrum i Sk\u00e5ne Nordv\u00e4st, utformade f\u00f6r att st\u00f6dja blivande och nya f\u00f6retagare. Delta i workshops, seminarier och n\u00e4tverkstr\u00e4ffar f\u00f6r att f\u00e5 v\u00e4rdefulla insikter och kontakter f\u00f6r din entrepren\u00f6rsresa. F\u00e5 information om datum, platser och hur du anm\u00e4ler dig.","robots":{"index":"index","follow":"follow","max-snippet":"max-snippet:-1","max-image-preview":"max-image-preview:large","max-video-preview":"max-video-preview:-1"},"canonical":"https:\/\/nyforetagarcentrum.se\/skanenordvast\/evenemang\/kurs-starta-eget-i-klippan\/","og_locale":"sv_SE","og_type":"article","og_title":"Evenemang i Sk\u00e5ne Nordv\u00e4st - Nyf\u00f6retagarCentrum","og_description":"Uppt\u00e4ck kommande evenemang hos Nyf\u00f6retagarCentrum i Sk\u00e5ne Nordv\u00e4st, utformade f\u00f6r att st\u00f6dja blivande och nya f\u00f6retagare. Delta i workshops, seminarier och n\u00e4tverkstr\u00e4ffar f\u00f6r att f\u00e5 v\u00e4rdefulla insikter och kontakter f\u00f6r din entrepren\u00f6rsresa. F\u00e5 information om datum, platser och hur du anm\u00e4ler dig.","og_url":"https:\/\/nyforetagarcentrum.se\/skanenordvast\/evenemang\/kurs-starta-eget-i-klippan\/","og_site_name":"Sk\u00e5ne Nordv\u00e4st","article_modified_time":"2026-09-01T14:03:12+00:00","og_image":[{"url":"https:\/\/nyforetagarcentrum.se\/skanenordvast\/wp-content\/uploads\/sites\/71\/2026\/02\/Emely_Inredningshornan_600px.jpg"}],"twitter_card":"summary_large_image","twitter_misc":{"Ber\u00e4knad l\u00e4stid":"3 minuter"},"schema":{"@context":"https:\/\/schema.org","@graph":[{"@type":"WebPage","@id":"https:\/\/nyforetagarcentrum.se\/skanenordvast\/evenemang\/kurs-starta-eget-i-klippan\/","url":"https:\/\/nyforetagarcentrum.se\/skanenordvast\/evenemang\/kurs-starta-eget-i-klippan\/","name":"Evenemang i Sk\u00e5ne Nordv\u00e4st - Nyf\u00f6retagarCentrum","isPartOf":{"@id":"https:\/\/nyforetagarcentrum.se\/skanenordvast\/#website"},"primaryImageOfPage":{"@id":"https:\/\/nyforetagarcentrum.se\/skanenordvast\/evenemang\/kurs-starta-eget-i-klippan\/#primaryimage"},"image":{"@id":"https:\/\/nyforetagarcentrum.se\/skanenordvast\/evenemang\/kurs-starta-eget-i-klippan\/#primaryimage"},"thumbnailUrl":"https:\/\/nyforetagarcentrum.se\/skanenordvast\/wp-content\/uploads\/sites\/71\/2026\/02\/Emely_Inredningshornan_600px.jpg","datePublished":"2024-10-16T13:17:58+00:00","dateModified":"2026-09-01T14:03:12+00:00","description":"Uppt\u00e4ck kommande evenemang hos Nyf\u00f6retagarCentrum i Sk\u00e5ne Nordv\u00e4st, utformade f\u00f6r att st\u00f6dja blivande och nya f\u00f6retagare. Delta i workshops, seminarier och n\u00e4tverkstr\u00e4ffar f\u00f6r att f\u00e5 v\u00e4rdefulla insikter och kontakter f\u00f6r din entrepren\u00f6rsresa. F\u00e5 information om datum, platser och hur du anm\u00e4ler dig.","breadcrumb":{"@id":"https:\/\/nyforetagarcentrum.se\/skanenordvast\/evenemang\/kurs-starta-eget-i-klippan\/#breadcrumb"},"inLanguage":"sv-SE","potentialAction":[{"@type":"ReadAction","target":["https:\/\/nyforetagarcentrum.se\/skanenordvast\/evenemang\/kurs-starta-eget-i-klippan\/"]}]},{"@type":"ImageObject","inLanguage":"sv-SE","@id":"https:\/\/nyforetagarcentrum.se\/skanenordvast\/evenemang\/kurs-starta-eget-i-klippan\/#primaryimage","url":"https:\/\/nyforetagarcentrum.se\/skanenordvast\/wp-content\/uploads\/sites\/71\/2026\/02\/Emely_Inredningshornan_600px.jpg","contentUrl":"https:\/\/nyforetagarcentrum.se\/skanenordvast\/wp-content\/uploads\/sites\/71\/2026\/02\/Emely_Inredningshornan_600px.jpg","width":599,"height":696},{"@type":"BreadcrumbList","@id":"https:\/\/nyforetagarcentrum.se\/skanenordvast\/evenemang\/kurs-starta-eget-i-klippan\/#breadcrumb","itemListElement":[{"@type":"ListItem","position":1,"name":"Hem","item":"https:\/\/nyforetagarcentrum.se\/skanenordvast\/"},{"@type":"ListItem","position":2,"name":"Evenemang","item":"https:\/\/nyforetagarcentrum.se\/skanenordvast\/evenemang\/"},{"@type":"ListItem","position":3,"name":"Entrepren\u00f6rskv\u00e4ll i Klippan: Starta och driva eget f\u00f6retag"}]},{"@type":"WebSite","@id":"https:\/\/nyforetagarcentrum.se\/skanenordvast\/#website","url":"https:\/\/nyforetagarcentrum.se\/skanenordvast\/","name":"Sk\u00e5ne Nordv\u00e4st","description":"Sveriges ledande kraft f\u00f6r fler nya livskraftiga f\u00f6retag","publisher":{"@id":"https:\/\/nyforetagarcentrum.se\/skanenordvast\/#organization"},"potentialAction":[{"@type":"SearchAction","target":{"@type":"EntryPoint","urlTemplate":"https:\/\/nyforetagarcentrum.se\/skanenordvast\/?s={search_term_string}"},"query-input":"required name=search_term_string"}],"inLanguage":"sv-SE"},{"@type":"Organization","@id":"https:\/\/nyforetagarcentrum.se\/skanenordvast\/#organization","name":"Sk\u00e5ne Nordv\u00e4st","url":"https:\/\/nyforetagarcentrum.se\/skanenordvast\/","logo":{"@type":"ImageObject","inLanguage":"sv-SE","@id":"https:\/\/nyforetagarcentrum.se\/skanenordvast\/#\/schema\/logo\/image\/","url":"https:\/\/nyforetagarcentrum.se\/skanenordvast\/wp-content\/uploads\/sites\/71\/2024\/07\/skanenordvast_bla.png","contentUrl":"https:\/\/nyforetagarcentrum.se\/skanenordvast\/wp-content\/uploads\/sites\/71\/2024\/07\/skanenordvast_bla.png","width":870,"height":355,"caption":"Sk\u00e5ne Nordv\u00e4st"},"image":{"@id":"https:\/\/nyforetagarcentrum.se\/skanenordvast\/#\/schema\/logo\/image\/"}}]}},"_links":{"self":[{"href":"https:\/\/nyforetagarcentrum.se\/skanenordvast\/wp-json\/wp\/v2\/event\/2448"}],"collection":[{"href":"https:\/\/nyforetagarcentrum.se\/skanenordvast\/wp-json\/wp\/v2\/event"}],"about":[{"href":"https:\/\/nyforetagarcentrum.se\/skanenordvast\/wp-json\/wp\/v2\/types\/event"}],"version-history":[{"count":19,"href":"https:\/\/nyforetagarcentrum.se\/skanenordvast\/wp-json\/wp\/v2\/event\/2448\/revisions"}],"predecessor-version":[{"id":3745,"href":"https:\/\/nyforetagarcentrum.se\/skanenordvast\/wp-json\/wp\/v2\/event\/2448\/revisions\/3745"}],"wp:attachment":[{"href":"https:\/\/nyforetagarcentrum.se\/skanenordvast\/wp-json\/wp\/v2\/media?parent=2448"}],"curies":[{"name":"wp","href":"https:\/\/api.w.org\/{rel}","templated":true}]}}