{"id":239,"date":"2024-02-29T13:59:39","date_gmt":"2024-02-29T12:59:39","guid":{"rendered":"https:\/\/nyforetagarcentrum.se\/osteraker\/?page_id=239"},"modified":"2025-04-10T11:42:15","modified_gmt":"2025-04-10T09:42:15","slug":"vara-radgivare","status":"publish","type":"page","link":"https:\/\/nyforetagarcentrum.se\/osteraker\/vara-radgivare\/","title":{"rendered":"V\u00e5ra r\u00e5dgivare"},"content":{"rendered":"<section  class=\"nfc-block-hero alignfull\">\n\n    <img loading=\"lazy\" decoding=\"async\" width=\"1476\" height=\"984\" src=\"https:\/\/nyforetagarcentrum.se\/osteraker\/wp-content\/uploads\/sites\/97\/2024\/02\/Nyforetagare-ung-LOW.jpg\" class=\"attachment-landscape size-landscape\" alt=\"\" srcset=\"https:\/\/nyforetagarcentrum.se\/osteraker\/wp-content\/uploads\/sites\/97\/2024\/02\/Nyforetagare-ung-LOW.jpg 1476w, https:\/\/nyforetagarcentrum.se\/osteraker\/wp-content\/uploads\/sites\/97\/2024\/02\/Nyforetagare-ung-LOW-300x200.jpg 300w, https:\/\/nyforetagarcentrum.se\/osteraker\/wp-content\/uploads\/sites\/97\/2024\/02\/Nyforetagare-ung-LOW-1024x683.jpg 1024w, https:\/\/nyforetagarcentrum.se\/osteraker\/wp-content\/uploads\/sites\/97\/2024\/02\/Nyforetagare-ung-LOW-768x512.jpg 768w\" sizes=\"(max-width: 1476px) 100vw, 1476px\" \/>\n    <div class=\"contained\">\n        <h1 class=\"nfc-block-hero__heading\">V\u00e5ra r\u00e5dgivare<\/h1>\n\n            <\/div>\n<\/section>\n\n\n<div style=\"height:49px\" aria-hidden=\"true\" class=\"wp-block-spacer\"><\/div>\n\n\n<section  class=\"nfc-block-breadcrumbs\">\n    <div class=\"wrapper contained\">\n        <ol class=\"breadcrumbs\" itemscope itemtype=\"https:\/\/schema.org\/BreadcrumbList\">\n            <li itemprop=\"itemListElement\" itemscope itemtype=\"https:\/\/schema.org\/ListItem\">\n            \n\n                            <span class=\"current\" itemprop=\"name\">Hem<\/span>\n            \n            <meta itemprop=\"position\" content=\"1\" \/>\n        <\/li>\n    <\/ol>    <\/div>\n<\/section>\n\n\n<div style=\"height:100px\" aria-hidden=\"true\" class=\"wp-block-spacer\"><\/div>\n\n\n<section  class=\"nfc-block-person_grid alignwide layout-featured\">\n    <div class=\"contained\">\n        <div class=\"grid\">\n            <div class=\"person-featured-card\">\n    \n    <div class=\"featured_image\">\n                    <img loading=\"lazy\" decoding=\"async\" width=\"1024\" height=\"683\" src=\"https:\/\/nyforetagarcentrum.se\/osteraker\/wp-content\/uploads\/sites\/97\/2024\/02\/D3A1241-1024x683.jpg\" class=\"attachment-large size-large\" alt=\"\" srcset=\"https:\/\/nyforetagarcentrum.se\/osteraker\/wp-content\/uploads\/sites\/97\/2024\/02\/D3A1241-1024x683.jpg 1024w, https:\/\/nyforetagarcentrum.se\/osteraker\/wp-content\/uploads\/sites\/97\/2024\/02\/D3A1241-300x200.jpg 300w, https:\/\/nyforetagarcentrum.se\/osteraker\/wp-content\/uploads\/sites\/97\/2024\/02\/D3A1241-768x512.jpg 768w, https:\/\/nyforetagarcentrum.se\/osteraker\/wp-content\/uploads\/sites\/97\/2024\/02\/D3A1241.jpg 1500w\" sizes=\"(max-width: 1024px) 100vw, 1024px\" \/>            <\/div>\n\n    <div class=\"content-wrapper\">\n        <h3>Linda Moberg &#8211; r\u00e5dgivare och verksamhetsledare<\/h3>\n\n                    <div class=\"tags\">\n                Inriktning:\n                                    <span class=\"tag small\">Marknad<\/span>\n                                    <span class=\"tag small\">Redovisning<\/span>\n                            <\/div>\n        \n                    <div class=\"excerpt\">\n                Nyf\u00f6retagarCentrum \u00d6ster\u00e5ker Vaxholms r\u00e5dgivare \u00e4r sj\u00e4lv f\u00f6retagare, med erfarenhet av vad det inneb\u00e4r att starta och driva f\u00f6retag. V\u00e5r r\u00e5dgivare, Linda Moberg, har ocks\u00e5 n\u00e4tverk i \u00d6ster\u00e5ker och Vaxholm \u2013 en lokal f\u00f6rankring \u2013 och kan guida dig till n\u00e4ringslivskontakter, som du kan ha stor nytta av i ditt blivande aff\u00e4rsliv. R\u00e5dgivare med bred erfarenhet<br \/>\r\nLinda Moberg startade sitt f\u00f6rsta f\u00f6retag 2005. Nu \u00e4r hon inne p\u00e5 sitt sjunde.<br \/>\r\n<br \/>\r\nHon har varit f\u00f6retagare inom en rad omr\u00e5de: h\u00e4lsa, personlig utveckling, utbildning, marknadsf\u00f6ring, f\u00f6rs\u00e4ljning, event, f\u00f6retagsutveckling och butik. Hon har ocks\u00e5 erfarenhet som anst\u00e4lld inom f\u00f6rs\u00e4ljning och marknadsf\u00f6ring.<br \/>\r\nB\u00e5de som egenf\u00f6retagare och anst\u00e4lld har Linda Moberg byggt n\u00e4tverk, lokalt och nationellt. Gemensam n\u00e4mnare f\u00f6r Linda Mobergs olika engagemang \u00e4r det personliga m\u00f6tet.<br \/>\r\n<br \/>\r\nHon har ocks\u00e5 erfarenhet fr\u00e5n ideellt arbete som bland annat ambassad\u00f6r f\u00f6r kvinnligt f\u00f6retagande 2010\u20132013, r\u00e5dgivare f\u00f6r kvinnliga n\u00e4tverket Business in Heart och styrelsen F\u00f6retagarna \u00d6ster\u00e5ker. Fr\u00e5n 2018 \u00e4r hon ordf\u00f6rande i F\u00f6retagarna \u00d6ster\u00e5ker.<br \/>\r\nLinda Moberg bor sedan 1998 i \u00c5kersberga, men \u00e4r f\u00f6dd och uppvuxen i Alings\u00e5s. Hon har \u00e4ven bott i Str\u00e4ngn\u00e4s. Hon \u00e4r gift och har tv\u00e5 barn. Till fritidsintressen h\u00f6r yoga, fotografering, inredning och kulinariska upplevelser.<br \/>\r\n<br \/>\r\n<br \/>\r\n<br \/>\r\n<br \/>\r\n                <br\/>\n                            <\/div>\n        \n                    <a href=\"https:\/\/jobsdata-nyforetagarcentrum.se\/ExternBooking?OfficeId=3d42c1b7-5d96-e811-80d7-0050568571f4\" class=\"booking-button button outlined\">Boka r\u00e5dgivning<\/a>\n            <\/div>\n<\/div>        <\/div>\n    <\/div>\n<\/section>\n\n\n<div style=\"height:100px\" aria-hidden=\"true\" class=\"wp-block-spacer\"><\/div>\n","protected":false},"excerpt":{"rendered":"","protected":false},"author":1,"featured_media":0,"parent":0,"menu_order":0,"comment_status":"closed","ping_status":"closed","template":"","meta":{"footnotes":""},"acf":[],"yoast_head":"<!-- This site is optimized with the Yoast SEO plugin v22.9 - https:\/\/yoast.com\/wordpress\/plugins\/seo\/ -->\n<title>V\u00e5ra r\u00e5dgivare - \u00d6ster\u00e5ker Vaxholm<\/title>\n<meta name=\"robots\" content=\"index, follow, max-snippet:-1, max-image-preview:large, max-video-preview:-1\" \/>\n<link rel=\"canonical\" href=\"https:\/\/nyforetagarcentrum.se\/osteraker\/vara-radgivare\/\" \/>\n<meta property=\"og:locale\" content=\"sv_SE\" \/>\n<meta property=\"og:type\" content=\"article\" \/>\n<meta property=\"og:title\" content=\"V\u00e5ra r\u00e5dgivare - \u00d6ster\u00e5ker Vaxholm\" \/>\n<meta property=\"og:url\" content=\"https:\/\/nyforetagarcentrum.se\/osteraker\/vara-radgivare\/\" \/>\n<meta property=\"og:site_name\" content=\"\u00d6ster\u00e5ker Vaxholm\" \/>\n<meta property=\"article:modified_time\" content=\"2025-04-10T09:42:15+00:00\" \/>\n<meta name=\"twitter:card\" content=\"summary_large_image\" \/>\n<script type=\"application\/ld+json\" class=\"yoast-schema-graph\">{\"@context\":\"https:\/\/schema.org\",\"@graph\":[{\"@type\":\"WebPage\",\"@id\":\"https:\/\/nyforetagarcentrum.se\/osteraker\/vara-radgivare\/\",\"url\":\"https:\/\/nyforetagarcentrum.se\/osteraker\/vara-radgivare\/\",\"name\":\"V\u00e5ra r\u00e5dgivare - \u00d6ster\u00e5ker Vaxholm\",\"isPartOf\":{\"@id\":\"https:\/\/nyforetagarcentrum.se\/osteraker\/#website\"},\"datePublished\":\"2024-02-29T12:59:39+00:00\",\"dateModified\":\"2025-04-10T09:42:15+00:00\",\"breadcrumb\":{\"@id\":\"https:\/\/nyforetagarcentrum.se\/osteraker\/vara-radgivare\/#breadcrumb\"},\"inLanguage\":\"sv-SE\",\"potentialAction\":[{\"@type\":\"ReadAction\",\"target\":[\"https:\/\/nyforetagarcentrum.se\/osteraker\/vara-radgivare\/\"]}]},{\"@type\":\"BreadcrumbList\",\"@id\":\"https:\/\/nyforetagarcentrum.se\/osteraker\/vara-radgivare\/#breadcrumb\",\"itemListElement\":[{\"@type\":\"ListItem\",\"position\":1,\"name\":\"Home\",\"item\":\"https:\/\/nyforetagarcentrum.se\/osteraker\/\"},{\"@type\":\"ListItem\",\"position\":2,\"name\":\"V\u00e5ra r\u00e5dgivare\"}]},{\"@type\":\"WebSite\",\"@id\":\"https:\/\/nyforetagarcentrum.se\/osteraker\/#website\",\"url\":\"https:\/\/nyforetagarcentrum.se\/osteraker\/\",\"name\":\"\u00d6ster\u00e5ker Vaxholm\",\"description\":\"Sveriges ledande kraft f\u00f6r fler nya livskraftiga f\u00f6retag\",\"publisher\":{\"@id\":\"https:\/\/nyforetagarcentrum.se\/osteraker\/#organization\"},\"potentialAction\":[{\"@type\":\"SearchAction\",\"target\":{\"@type\":\"EntryPoint\",\"urlTemplate\":\"https:\/\/nyforetagarcentrum.se\/osteraker\/?s={search_term_string}\"},\"query-input\":\"required name=search_term_string\"}],\"inLanguage\":\"sv-SE\"},{\"@type\":\"Organization\",\"@id\":\"https:\/\/nyforetagarcentrum.se\/osteraker\/#organization\",\"name\":\"\u00d6ster\u00e5ker Vaxholm\",\"url\":\"https:\/\/nyforetagarcentrum.se\/osteraker\/\",\"logo\":{\"@type\":\"ImageObject\",\"inLanguage\":\"sv-SE\",\"@id\":\"https:\/\/nyforetagarcentrum.se\/osteraker\/#\/schema\/logo\/image\/\",\"url\":\"https:\/\/nyforetagarcentrum.se\/osteraker\/wp-content\/uploads\/sites\/97\/2024\/07\/osteraker_bla.png\",\"contentUrl\":\"https:\/\/nyforetagarcentrum.se\/osteraker\/wp-content\/uploads\/sites\/97\/2024\/07\/osteraker_bla.png\",\"width\":870,\"height\":355,\"caption\":\"\u00d6ster\u00e5ker Vaxholm\"},\"image\":{\"@id\":\"https:\/\/nyforetagarcentrum.se\/osteraker\/#\/schema\/logo\/image\/\"}}]}<\/script>\n<!-- \/ Yoast SEO plugin. -->","yoast_head_json":{"title":"V\u00e5ra r\u00e5dgivare - \u00d6ster\u00e5ker Vaxholm","robots":{"index":"index","follow":"follow","max-snippet":"max-snippet:-1","max-image-preview":"max-image-preview:large","max-video-preview":"max-video-preview:-1"},"canonical":"https:\/\/nyforetagarcentrum.se\/osteraker\/vara-radgivare\/","og_locale":"sv_SE","og_type":"article","og_title":"V\u00e5ra r\u00e5dgivare - \u00d6ster\u00e5ker Vaxholm","og_url":"https:\/\/nyforetagarcentrum.se\/osteraker\/vara-radgivare\/","og_site_name":"\u00d6ster\u00e5ker Vaxholm","article_modified_time":"2025-04-10T09:42:15+00:00","twitter_card":"summary_large_image","schema":{"@context":"https:\/\/schema.org","@graph":[{"@type":"WebPage","@id":"https:\/\/nyforetagarcentrum.se\/osteraker\/vara-radgivare\/","url":"https:\/\/nyforetagarcentrum.se\/osteraker\/vara-radgivare\/","name":"V\u00e5ra r\u00e5dgivare - \u00d6ster\u00e5ker Vaxholm","isPartOf":{"@id":"https:\/\/nyforetagarcentrum.se\/osteraker\/#website"},"datePublished":"2024-02-29T12:59:39+00:00","dateModified":"2025-04-10T09:42:15+00:00","breadcrumb":{"@id":"https:\/\/nyforetagarcentrum.se\/osteraker\/vara-radgivare\/#breadcrumb"},"inLanguage":"sv-SE","potentialAction":[{"@type":"ReadAction","target":["https:\/\/nyforetagarcentrum.se\/osteraker\/vara-radgivare\/"]}]},{"@type":"BreadcrumbList","@id":"https:\/\/nyforetagarcentrum.se\/osteraker\/vara-radgivare\/#breadcrumb","itemListElement":[{"@type":"ListItem","position":1,"name":"Home","item":"https:\/\/nyforetagarcentrum.se\/osteraker\/"},{"@type":"ListItem","position":2,"name":"V\u00e5ra r\u00e5dgivare"}]},{"@type":"WebSite","@id":"https:\/\/nyforetagarcentrum.se\/osteraker\/#website","url":"https:\/\/nyforetagarcentrum.se\/osteraker\/","name":"\u00d6ster\u00e5ker Vaxholm","description":"Sveriges ledande kraft f\u00f6r fler nya livskraftiga f\u00f6retag","publisher":{"@id":"https:\/\/nyforetagarcentrum.se\/osteraker\/#organization"},"potentialAction":[{"@type":"SearchAction","target":{"@type":"EntryPoint","urlTemplate":"https:\/\/nyforetagarcentrum.se\/osteraker\/?s={search_term_string}"},"query-input":"required name=search_term_string"}],"inLanguage":"sv-SE"},{"@type":"Organization","@id":"https:\/\/nyforetagarcentrum.se\/osteraker\/#organization","name":"\u00d6ster\u00e5ker Vaxholm","url":"https:\/\/nyforetagarcentrum.se\/osteraker\/","logo":{"@type":"ImageObject","inLanguage":"sv-SE","@id":"https:\/\/nyforetagarcentrum.se\/osteraker\/#\/schema\/logo\/image\/","url":"https:\/\/nyforetagarcentrum.se\/osteraker\/wp-content\/uploads\/sites\/97\/2024\/07\/osteraker_bla.png","contentUrl":"https:\/\/nyforetagarcentrum.se\/osteraker\/wp-content\/uploads\/sites\/97\/2024\/07\/osteraker_bla.png","width":870,"height":355,"caption":"\u00d6ster\u00e5ker Vaxholm"},"image":{"@id":"https:\/\/nyforetagarcentrum.se\/osteraker\/#\/schema\/logo\/image\/"}}]}},"_links":{"self":[{"href":"https:\/\/nyforetagarcentrum.se\/osteraker\/wp-json\/wp\/v2\/pages\/239"}],"collection":[{"href":"https:\/\/nyforetagarcentrum.se\/osteraker\/wp-json\/wp\/v2\/pages"}],"about":[{"href":"https:\/\/nyforetagarcentrum.se\/osteraker\/wp-json\/wp\/v2\/types\/page"}],"author":[{"embeddable":true,"href":"https:\/\/nyforetagarcentrum.se\/osteraker\/wp-json\/wp\/v2\/users\/1"}],"replies":[{"embeddable":true,"href":"https:\/\/nyforetagarcentrum.se\/osteraker\/wp-json\/wp\/v2\/comments?post=239"}],"version-history":[{"count":6,"href":"https:\/\/nyforetagarcentrum.se\/osteraker\/wp-json\/wp\/v2\/pages\/239\/revisions"}],"predecessor-version":[{"id":500,"href":"https:\/\/nyforetagarcentrum.se\/osteraker\/wp-json\/wp\/v2\/pages\/239\/revisions\/500"}],"wp:attachment":[{"href":"https:\/\/nyforetagarcentrum.se\/osteraker\/wp-json\/wp\/v2\/media?parent=239"}],"curies":[{"name":"wp","href":"https:\/\/api.w.org\/{rel}","templated":true}]}}