{"id":981,"date":"2025-03-11T09:29:31","date_gmt":"2025-03-11T08:29:31","guid":{"rendered":"https:\/\/nyforetagarcentrum.se\/oresund\/?post_type=event&#038;p=981"},"modified":"2025-03-11T09:29:32","modified_gmt":"2025-03-11T08:29:32","slug":"mentorprogrammet-2025-grupptraff-3","status":"publish","type":"event","link":"https:\/\/nyforetagarcentrum.se\/oresund\/evenemang\/mentorprogrammet-2025-grupptraff-3\/","title":{"rendered":"Mentorprogrammet 2025 &#8211; Grupptr\u00e4ff 3"},"content":{"rendered":"\n<p>Grupptr\u00e4ffens tema \u00e4r aff\u00e4rsmannaskap och inneh\u00e5ller f\u00f6rel\u00e4sningar och workshops p\u00e5 temat avtal, f\u00f6rs\u00e4ljning och f\u00f6rhandling. F\u00f6r adepter och mentorer som \u00e4r antagna till \u00e5rets mentorprogram. Vill du delta som adept eller mentor i Mentorprogrammet 2025\/2026? V\u00e4lkommen att ans\u00f6ka p\u00e5 v\u00e5r hemsida.<\/p>\n","protected":false},"template":"","meta":{"footnotes":""},"acf":[],"yoast_head":"<!-- This site is optimized with the Yoast SEO plugin v22.9 - https:\/\/yoast.com\/wordpress\/plugins\/seo\/ -->\n<title>Evenemang f\u00f6r blivande f\u00f6retagare i \u00d6resundsregionen | Nyf\u00f6retagarcentrum<\/title>\n<meta name=\"description\" content=\"Nyf\u00f6retagarcentrum \u00d6resund arrangerar inspirerande evenemang och utbildningar f\u00f6r dig som vill starta eget f\u00f6retag. Boka din plats p\u00e5 Starta Eget-dagen, f\u00f6rel\u00e4sningar inom marknadsf\u00f6ring, f\u00f6rs\u00e4ljning och mycket mer f\u00f6r att f\u00e5 v\u00e4rdefull kunskap och st\u00f6d i f\u00f6retagsstarten.\" \/>\n<meta name=\"robots\" content=\"index, follow, max-snippet:-1, max-image-preview:large, max-video-preview:-1\" \/>\n<link rel=\"canonical\" href=\"https:\/\/nyforetagarcentrum.se\/oresund\/evenemang\/mentorprogrammet-2025-grupptraff-3\/\" \/>\n<meta property=\"og:locale\" content=\"sv_SE\" \/>\n<meta property=\"og:type\" content=\"article\" \/>\n<meta property=\"og:title\" content=\"Evenemang f\u00f6r blivande f\u00f6retagare i \u00d6resundsregionen | Nyf\u00f6retagarcentrum\" \/>\n<meta property=\"og:description\" content=\"Nyf\u00f6retagarcentrum \u00d6resund arrangerar inspirerande evenemang och utbildningar f\u00f6r dig som vill starta eget f\u00f6retag. Boka din plats p\u00e5 Starta Eget-dagen, f\u00f6rel\u00e4sningar inom marknadsf\u00f6ring, f\u00f6rs\u00e4ljning och mycket mer f\u00f6r att f\u00e5 v\u00e4rdefull kunskap och st\u00f6d i f\u00f6retagsstarten.\" \/>\n<meta property=\"og:url\" content=\"https:\/\/nyforetagarcentrum.se\/oresund\/evenemang\/mentorprogrammet-2025-grupptraff-3\/\" \/>\n<meta property=\"og:site_name\" content=\"\u00d6resund\" \/>\n<meta property=\"article:modified_time\" content=\"2025-03-11T08:29:32+00:00\" \/>\n<meta name=\"twitter:card\" content=\"summary_large_image\" \/>\n<meta name=\"twitter:label1\" content=\"Ber\u00e4knad l\u00e4stid\" \/>\n\t<meta name=\"twitter:data1\" content=\"1 minut\" \/>\n<script type=\"application\/ld+json\" class=\"yoast-schema-graph\">{\"@context\":\"https:\/\/schema.org\",\"@graph\":[{\"@type\":\"WebPage\",\"@id\":\"https:\/\/nyforetagarcentrum.se\/oresund\/evenemang\/mentorprogrammet-2025-grupptraff-3\/\",\"url\":\"https:\/\/nyforetagarcentrum.se\/oresund\/evenemang\/mentorprogrammet-2025-grupptraff-3\/\",\"name\":\"Evenemang f\u00f6r blivande f\u00f6retagare i \u00d6resundsregionen | Nyf\u00f6retagarcentrum\",\"isPartOf\":{\"@id\":\"https:\/\/nyforetagarcentrum.se\/oresund\/#website\"},\"datePublished\":\"2025-03-11T08:29:31+00:00\",\"dateModified\":\"2025-03-11T08:29:32+00:00\",\"description\":\"Nyf\u00f6retagarcentrum \u00d6resund arrangerar inspirerande evenemang och utbildningar f\u00f6r dig som vill starta eget f\u00f6retag. Boka din plats p\u00e5 Starta Eget-dagen, f\u00f6rel\u00e4sningar inom marknadsf\u00f6ring, f\u00f6rs\u00e4ljning och mycket mer f\u00f6r att f\u00e5 v\u00e4rdefull kunskap och st\u00f6d i f\u00f6retagsstarten.\",\"breadcrumb\":{\"@id\":\"https:\/\/nyforetagarcentrum.se\/oresund\/evenemang\/mentorprogrammet-2025-grupptraff-3\/#breadcrumb\"},\"inLanguage\":\"sv-SE\",\"potentialAction\":[{\"@type\":\"ReadAction\",\"target\":[\"https:\/\/nyforetagarcentrum.se\/oresund\/evenemang\/mentorprogrammet-2025-grupptraff-3\/\"]}]},{\"@type\":\"BreadcrumbList\",\"@id\":\"https:\/\/nyforetagarcentrum.se\/oresund\/evenemang\/mentorprogrammet-2025-grupptraff-3\/#breadcrumb\",\"itemListElement\":[{\"@type\":\"ListItem\",\"position\":1,\"name\":\"Hem\",\"item\":\"https:\/\/nyforetagarcentrum.se\/oresund\/\"},{\"@type\":\"ListItem\",\"position\":2,\"name\":\"Evenemang\",\"item\":\"https:\/\/nyforetagarcentrum.se\/oresund\/evenemang\/\"},{\"@type\":\"ListItem\",\"position\":3,\"name\":\"Mentorprogrammet 2025 &#8211; Grupptr\u00e4ff 3\"}]},{\"@type\":\"WebSite\",\"@id\":\"https:\/\/nyforetagarcentrum.se\/oresund\/#website\",\"url\":\"https:\/\/nyforetagarcentrum.se\/oresund\/\",\"name\":\"\u00d6resund\",\"description\":\"Sveriges ledande kraft f\u00f6r fler nya livskraftiga f\u00f6retag\",\"publisher\":{\"@id\":\"https:\/\/nyforetagarcentrum.se\/oresund\/#organization\"},\"potentialAction\":[{\"@type\":\"SearchAction\",\"target\":{\"@type\":\"EntryPoint\",\"urlTemplate\":\"https:\/\/nyforetagarcentrum.se\/oresund\/?s={search_term_string}\"},\"query-input\":\"required name=search_term_string\"}],\"inLanguage\":\"sv-SE\"},{\"@type\":\"Organization\",\"@id\":\"https:\/\/nyforetagarcentrum.se\/oresund\/#organization\",\"name\":\"\u00d6resund\",\"url\":\"https:\/\/nyforetagarcentrum.se\/oresund\/\",\"logo\":{\"@type\":\"ImageObject\",\"inLanguage\":\"sv-SE\",\"@id\":\"https:\/\/nyforetagarcentrum.se\/oresund\/#\/schema\/logo\/image\/\",\"url\":\"https:\/\/nyforetagarcentrum.se\/oresund\/wp-content\/uploads\/sites\/37\/2024\/07\/oresund_bla.png\",\"contentUrl\":\"https:\/\/nyforetagarcentrum.se\/oresund\/wp-content\/uploads\/sites\/37\/2024\/07\/oresund_bla.png\",\"width\":870,\"height\":355,\"caption\":\"\u00d6resund\"},\"image\":{\"@id\":\"https:\/\/nyforetagarcentrum.se\/oresund\/#\/schema\/logo\/image\/\"}}]}<\/script>\n<!-- \/ Yoast SEO plugin. -->","yoast_head_json":{"title":"Evenemang f\u00f6r blivande f\u00f6retagare i \u00d6resundsregionen | Nyf\u00f6retagarcentrum","description":"Nyf\u00f6retagarcentrum \u00d6resund arrangerar inspirerande evenemang och utbildningar f\u00f6r dig som vill starta eget f\u00f6retag. Boka din plats p\u00e5 Starta Eget-dagen, f\u00f6rel\u00e4sningar inom marknadsf\u00f6ring, f\u00f6rs\u00e4ljning och mycket mer f\u00f6r att f\u00e5 v\u00e4rdefull kunskap och st\u00f6d i f\u00f6retagsstarten.","robots":{"index":"index","follow":"follow","max-snippet":"max-snippet:-1","max-image-preview":"max-image-preview:large","max-video-preview":"max-video-preview:-1"},"canonical":"https:\/\/nyforetagarcentrum.se\/oresund\/evenemang\/mentorprogrammet-2025-grupptraff-3\/","og_locale":"sv_SE","og_type":"article","og_title":"Evenemang f\u00f6r blivande f\u00f6retagare i \u00d6resundsregionen | Nyf\u00f6retagarcentrum","og_description":"Nyf\u00f6retagarcentrum \u00d6resund arrangerar inspirerande evenemang och utbildningar f\u00f6r dig som vill starta eget f\u00f6retag. Boka din plats p\u00e5 Starta Eget-dagen, f\u00f6rel\u00e4sningar inom marknadsf\u00f6ring, f\u00f6rs\u00e4ljning och mycket mer f\u00f6r att f\u00e5 v\u00e4rdefull kunskap och st\u00f6d i f\u00f6retagsstarten.","og_url":"https:\/\/nyforetagarcentrum.se\/oresund\/evenemang\/mentorprogrammet-2025-grupptraff-3\/","og_site_name":"\u00d6resund","article_modified_time":"2025-03-11T08:29:32+00:00","twitter_card":"summary_large_image","twitter_misc":{"Ber\u00e4knad l\u00e4stid":"1 minut"},"schema":{"@context":"https:\/\/schema.org","@graph":[{"@type":"WebPage","@id":"https:\/\/nyforetagarcentrum.se\/oresund\/evenemang\/mentorprogrammet-2025-grupptraff-3\/","url":"https:\/\/nyforetagarcentrum.se\/oresund\/evenemang\/mentorprogrammet-2025-grupptraff-3\/","name":"Evenemang f\u00f6r blivande f\u00f6retagare i \u00d6resundsregionen | Nyf\u00f6retagarcentrum","isPartOf":{"@id":"https:\/\/nyforetagarcentrum.se\/oresund\/#website"},"datePublished":"2025-03-11T08:29:31+00:00","dateModified":"2025-03-11T08:29:32+00:00","description":"Nyf\u00f6retagarcentrum \u00d6resund arrangerar inspirerande evenemang och utbildningar f\u00f6r dig som vill starta eget f\u00f6retag. Boka din plats p\u00e5 Starta Eget-dagen, f\u00f6rel\u00e4sningar inom marknadsf\u00f6ring, f\u00f6rs\u00e4ljning och mycket mer f\u00f6r att f\u00e5 v\u00e4rdefull kunskap och st\u00f6d i f\u00f6retagsstarten.","breadcrumb":{"@id":"https:\/\/nyforetagarcentrum.se\/oresund\/evenemang\/mentorprogrammet-2025-grupptraff-3\/#breadcrumb"},"inLanguage":"sv-SE","potentialAction":[{"@type":"ReadAction","target":["https:\/\/nyforetagarcentrum.se\/oresund\/evenemang\/mentorprogrammet-2025-grupptraff-3\/"]}]},{"@type":"BreadcrumbList","@id":"https:\/\/nyforetagarcentrum.se\/oresund\/evenemang\/mentorprogrammet-2025-grupptraff-3\/#breadcrumb","itemListElement":[{"@type":"ListItem","position":1,"name":"Hem","item":"https:\/\/nyforetagarcentrum.se\/oresund\/"},{"@type":"ListItem","position":2,"name":"Evenemang","item":"https:\/\/nyforetagarcentrum.se\/oresund\/evenemang\/"},{"@type":"ListItem","position":3,"name":"Mentorprogrammet 2025 &#8211; Grupptr\u00e4ff 3"}]},{"@type":"WebSite","@id":"https:\/\/nyforetagarcentrum.se\/oresund\/#website","url":"https:\/\/nyforetagarcentrum.se\/oresund\/","name":"\u00d6resund","description":"Sveriges ledande kraft f\u00f6r fler nya livskraftiga f\u00f6retag","publisher":{"@id":"https:\/\/nyforetagarcentrum.se\/oresund\/#organization"},"potentialAction":[{"@type":"SearchAction","target":{"@type":"EntryPoint","urlTemplate":"https:\/\/nyforetagarcentrum.se\/oresund\/?s={search_term_string}"},"query-input":"required name=search_term_string"}],"inLanguage":"sv-SE"},{"@type":"Organization","@id":"https:\/\/nyforetagarcentrum.se\/oresund\/#organization","name":"\u00d6resund","url":"https:\/\/nyforetagarcentrum.se\/oresund\/","logo":{"@type":"ImageObject","inLanguage":"sv-SE","@id":"https:\/\/nyforetagarcentrum.se\/oresund\/#\/schema\/logo\/image\/","url":"https:\/\/nyforetagarcentrum.se\/oresund\/wp-content\/uploads\/sites\/37\/2024\/07\/oresund_bla.png","contentUrl":"https:\/\/nyforetagarcentrum.se\/oresund\/wp-content\/uploads\/sites\/37\/2024\/07\/oresund_bla.png","width":870,"height":355,"caption":"\u00d6resund"},"image":{"@id":"https:\/\/nyforetagarcentrum.se\/oresund\/#\/schema\/logo\/image\/"}}]}},"_links":{"self":[{"href":"https:\/\/nyforetagarcentrum.se\/oresund\/wp-json\/wp\/v2\/event\/981"}],"collection":[{"href":"https:\/\/nyforetagarcentrum.se\/oresund\/wp-json\/wp\/v2\/event"}],"about":[{"href":"https:\/\/nyforetagarcentrum.se\/oresund\/wp-json\/wp\/v2\/types\/event"}],"version-history":[{"count":2,"href":"https:\/\/nyforetagarcentrum.se\/oresund\/wp-json\/wp\/v2\/event\/981\/revisions"}],"predecessor-version":[{"id":983,"href":"https:\/\/nyforetagarcentrum.se\/oresund\/wp-json\/wp\/v2\/event\/981\/revisions\/983"}],"wp:attachment":[{"href":"https:\/\/nyforetagarcentrum.se\/oresund\/wp-json\/wp\/v2\/media?parent=981"}],"curies":[{"name":"wp","href":"https:\/\/api.w.org\/{rel}","templated":true}]}}