{"id":1402,"date":"2026-08-23T17:07:30","date_gmt":"2026-08-23T15:07:30","guid":{"rendered":"https:\/\/nyforetagarcentrum.se\/oresund\/?post_type=event&#038;p=1402"},"modified":"2026-08-23T17:07:30","modified_gmt":"2026-08-23T15:07:30","slug":"club-eget-vellinge-2","status":"publish","type":"event","link":"https:\/\/nyforetagarcentrum.se\/oresund\/evenemang\/club-eget-vellinge-2\/","title":{"rendered":"Club Eget Vellinge"},"content":{"rendered":"\n<p><strong>\u00c4r du f\u00f6retagare i Vellinge och funderar p\u00e5 att ta n\u00e4sta steg i ditt f\u00f6retag?<\/strong><\/p>\n\n\n\n<p>Du har kanske en id\u00e9 du vill f\u00f6rverkliga, funderar p\u00e5 att expandera \u2013 eller st\u00e5r inf\u00f6r en st\u00f6rre investering i exempelvis produktion, lokaler eller ny utrustning.<\/p>\n\n\n\n<p><strong>D\u00e5 \u00e4r n\u00e4sta Club Eget-tr\u00e4ff n\u00e5got f\u00f6r dig.<\/strong><\/p>\n\n\n\n<p>Den h\u00e4r g\u00e5ngen v\u00e4lkomnar vi&nbsp;<strong>Almi som v\u00e4rdar<\/strong>&nbsp;och f\u00e5r m\u00f6jlighet att prata om hur du kan t\u00e4nka kring finansiering, investeringar och f\u00f6retagets n\u00e4sta steg. Vad beh\u00f6ver du t\u00e4nka p\u00e5? Vilka m\u00f6jligheter finns? Och hur kan du skapa r\u00e4tt f\u00f6ruts\u00e4ttningar f\u00f6r att v\u00e5ga satsa n\u00e4r det \u00e4r dags?<\/p>\n\n\n\n<p>Kom och f\u00e5&nbsp;<strong>nya perspektiv, konkreta r\u00e5d och inspiration<\/strong>&nbsp;\u2013 och passa samtidigt p\u00e5 att tr\u00e4ffa andra f\u00f6retagare som befinner sig i liknande funderingar.<\/p>\n\n\n\n<p>Kanske \u00e4r det h\u00e4r tr\u00e4ffen som hj\u00e4lper dig att g\u00e5 fr\u00e5n fundering till n\u00e4sta steg<strong>.<\/strong><\/p>\n","protected":false},"template":"","meta":{"footnotes":""},"acf":[],"yoast_head":"<!-- This site is optimized with the Yoast SEO plugin v22.9 - https:\/\/yoast.com\/wordpress\/plugins\/seo\/ -->\n<title>Evenemang f\u00f6r blivande f\u00f6retagare i \u00d6resundsregionen | Nyf\u00f6retagarcentrum<\/title>\n<meta name=\"description\" content=\"Nyf\u00f6retagarcentrum \u00d6resund arrangerar inspirerande evenemang och utbildningar f\u00f6r dig som vill starta eget f\u00f6retag. Boka din plats p\u00e5 Starta Eget-dagen, f\u00f6rel\u00e4sningar inom marknadsf\u00f6ring, f\u00f6rs\u00e4ljning och mycket mer f\u00f6r att f\u00e5 v\u00e4rdefull kunskap och st\u00f6d i f\u00f6retagsstarten.\" \/>\n<meta name=\"robots\" content=\"index, follow, max-snippet:-1, max-image-preview:large, max-video-preview:-1\" \/>\n<link rel=\"canonical\" href=\"https:\/\/nyforetagarcentrum.se\/oresund\/evenemang\/club-eget-vellinge-2\/\" \/>\n<meta property=\"og:locale\" content=\"sv_SE\" \/>\n<meta property=\"og:type\" content=\"article\" \/>\n<meta property=\"og:title\" content=\"Evenemang f\u00f6r blivande f\u00f6retagare i \u00d6resundsregionen | Nyf\u00f6retagarcentrum\" \/>\n<meta property=\"og:description\" content=\"Nyf\u00f6retagarcentrum \u00d6resund arrangerar inspirerande evenemang och utbildningar f\u00f6r dig som vill starta eget f\u00f6retag. Boka din plats p\u00e5 Starta Eget-dagen, f\u00f6rel\u00e4sningar inom marknadsf\u00f6ring, f\u00f6rs\u00e4ljning och mycket mer f\u00f6r att f\u00e5 v\u00e4rdefull kunskap och st\u00f6d i f\u00f6retagsstarten.\" \/>\n<meta property=\"og:url\" content=\"https:\/\/nyforetagarcentrum.se\/oresund\/evenemang\/club-eget-vellinge-2\/\" \/>\n<meta property=\"og:site_name\" content=\"\u00d6resund\" \/>\n<meta name=\"twitter:card\" content=\"summary_large_image\" \/>\n<meta name=\"twitter:label1\" content=\"Ber\u00e4knad l\u00e4stid\" \/>\n\t<meta name=\"twitter:data1\" content=\"1 minut\" \/>\n<script type=\"application\/ld+json\" class=\"yoast-schema-graph\">{\"@context\":\"https:\/\/schema.org\",\"@graph\":[{\"@type\":\"WebPage\",\"@id\":\"https:\/\/nyforetagarcentrum.se\/oresund\/evenemang\/club-eget-vellinge-2\/\",\"url\":\"https:\/\/nyforetagarcentrum.se\/oresund\/evenemang\/club-eget-vellinge-2\/\",\"name\":\"Evenemang f\u00f6r blivande f\u00f6retagare i \u00d6resundsregionen | Nyf\u00f6retagarcentrum\",\"isPartOf\":{\"@id\":\"https:\/\/nyforetagarcentrum.se\/oresund\/#website\"},\"datePublished\":\"2026-08-23T15:07:30+00:00\",\"dateModified\":\"2026-08-23T15:07:30+00:00\",\"description\":\"Nyf\u00f6retagarcentrum \u00d6resund arrangerar inspirerande evenemang och utbildningar f\u00f6r dig som vill starta eget f\u00f6retag. Boka din plats p\u00e5 Starta Eget-dagen, f\u00f6rel\u00e4sningar inom marknadsf\u00f6ring, f\u00f6rs\u00e4ljning och mycket mer f\u00f6r att f\u00e5 v\u00e4rdefull kunskap och st\u00f6d i f\u00f6retagsstarten.\",\"breadcrumb\":{\"@id\":\"https:\/\/nyforetagarcentrum.se\/oresund\/evenemang\/club-eget-vellinge-2\/#breadcrumb\"},\"inLanguage\":\"sv-SE\",\"potentialAction\":[{\"@type\":\"ReadAction\",\"target\":[\"https:\/\/nyforetagarcentrum.se\/oresund\/evenemang\/club-eget-vellinge-2\/\"]}]},{\"@type\":\"BreadcrumbList\",\"@id\":\"https:\/\/nyforetagarcentrum.se\/oresund\/evenemang\/club-eget-vellinge-2\/#breadcrumb\",\"itemListElement\":[{\"@type\":\"ListItem\",\"position\":1,\"name\":\"Hem\",\"item\":\"https:\/\/nyforetagarcentrum.se\/oresund\/\"},{\"@type\":\"ListItem\",\"position\":2,\"name\":\"Evenemang\",\"item\":\"https:\/\/nyforetagarcentrum.se\/oresund\/evenemang\/\"},{\"@type\":\"ListItem\",\"position\":3,\"name\":\"Club Eget Vellinge\"}]},{\"@type\":\"WebSite\",\"@id\":\"https:\/\/nyforetagarcentrum.se\/oresund\/#website\",\"url\":\"https:\/\/nyforetagarcentrum.se\/oresund\/\",\"name\":\"\u00d6resund\",\"description\":\"Sveriges ledande kraft f\u00f6r fler nya livskraftiga f\u00f6retag\",\"publisher\":{\"@id\":\"https:\/\/nyforetagarcentrum.se\/oresund\/#organization\"},\"potentialAction\":[{\"@type\":\"SearchAction\",\"target\":{\"@type\":\"EntryPoint\",\"urlTemplate\":\"https:\/\/nyforetagarcentrum.se\/oresund\/?s={search_term_string}\"},\"query-input\":\"required name=search_term_string\"}],\"inLanguage\":\"sv-SE\"},{\"@type\":\"Organization\",\"@id\":\"https:\/\/nyforetagarcentrum.se\/oresund\/#organization\",\"name\":\"\u00d6resund\",\"url\":\"https:\/\/nyforetagarcentrum.se\/oresund\/\",\"logo\":{\"@type\":\"ImageObject\",\"inLanguage\":\"sv-SE\",\"@id\":\"https:\/\/nyforetagarcentrum.se\/oresund\/#\/schema\/logo\/image\/\",\"url\":\"https:\/\/nyforetagarcentrum.se\/oresund\/wp-content\/uploads\/sites\/37\/2024\/07\/oresund_bla.png\",\"contentUrl\":\"https:\/\/nyforetagarcentrum.se\/oresund\/wp-content\/uploads\/sites\/37\/2024\/07\/oresund_bla.png\",\"width\":870,\"height\":355,\"caption\":\"\u00d6resund\"},\"image\":{\"@id\":\"https:\/\/nyforetagarcentrum.se\/oresund\/#\/schema\/logo\/image\/\"}}]}<\/script>\n<!-- \/ Yoast SEO plugin. -->","yoast_head_json":{"title":"Evenemang f\u00f6r blivande f\u00f6retagare i \u00d6resundsregionen | Nyf\u00f6retagarcentrum","description":"Nyf\u00f6retagarcentrum \u00d6resund arrangerar inspirerande evenemang och utbildningar f\u00f6r dig som vill starta eget f\u00f6retag. Boka din plats p\u00e5 Starta Eget-dagen, f\u00f6rel\u00e4sningar inom marknadsf\u00f6ring, f\u00f6rs\u00e4ljning och mycket mer f\u00f6r att f\u00e5 v\u00e4rdefull kunskap och st\u00f6d i f\u00f6retagsstarten.","robots":{"index":"index","follow":"follow","max-snippet":"max-snippet:-1","max-image-preview":"max-image-preview:large","max-video-preview":"max-video-preview:-1"},"canonical":"https:\/\/nyforetagarcentrum.se\/oresund\/evenemang\/club-eget-vellinge-2\/","og_locale":"sv_SE","og_type":"article","og_title":"Evenemang f\u00f6r blivande f\u00f6retagare i \u00d6resundsregionen | Nyf\u00f6retagarcentrum","og_description":"Nyf\u00f6retagarcentrum \u00d6resund arrangerar inspirerande evenemang och utbildningar f\u00f6r dig som vill starta eget f\u00f6retag. Boka din plats p\u00e5 Starta Eget-dagen, f\u00f6rel\u00e4sningar inom marknadsf\u00f6ring, f\u00f6rs\u00e4ljning och mycket mer f\u00f6r att f\u00e5 v\u00e4rdefull kunskap och st\u00f6d i f\u00f6retagsstarten.","og_url":"https:\/\/nyforetagarcentrum.se\/oresund\/evenemang\/club-eget-vellinge-2\/","og_site_name":"\u00d6resund","twitter_card":"summary_large_image","twitter_misc":{"Ber\u00e4knad l\u00e4stid":"1 minut"},"schema":{"@context":"https:\/\/schema.org","@graph":[{"@type":"WebPage","@id":"https:\/\/nyforetagarcentrum.se\/oresund\/evenemang\/club-eget-vellinge-2\/","url":"https:\/\/nyforetagarcentrum.se\/oresund\/evenemang\/club-eget-vellinge-2\/","name":"Evenemang f\u00f6r blivande f\u00f6retagare i \u00d6resundsregionen | Nyf\u00f6retagarcentrum","isPartOf":{"@id":"https:\/\/nyforetagarcentrum.se\/oresund\/#website"},"datePublished":"2026-08-23T15:07:30+00:00","dateModified":"2026-08-23T15:07:30+00:00","description":"Nyf\u00f6retagarcentrum \u00d6resund arrangerar inspirerande evenemang och utbildningar f\u00f6r dig som vill starta eget f\u00f6retag. Boka din plats p\u00e5 Starta Eget-dagen, f\u00f6rel\u00e4sningar inom marknadsf\u00f6ring, f\u00f6rs\u00e4ljning och mycket mer f\u00f6r att f\u00e5 v\u00e4rdefull kunskap och st\u00f6d i f\u00f6retagsstarten.","breadcrumb":{"@id":"https:\/\/nyforetagarcentrum.se\/oresund\/evenemang\/club-eget-vellinge-2\/#breadcrumb"},"inLanguage":"sv-SE","potentialAction":[{"@type":"ReadAction","target":["https:\/\/nyforetagarcentrum.se\/oresund\/evenemang\/club-eget-vellinge-2\/"]}]},{"@type":"BreadcrumbList","@id":"https:\/\/nyforetagarcentrum.se\/oresund\/evenemang\/club-eget-vellinge-2\/#breadcrumb","itemListElement":[{"@type":"ListItem","position":1,"name":"Hem","item":"https:\/\/nyforetagarcentrum.se\/oresund\/"},{"@type":"ListItem","position":2,"name":"Evenemang","item":"https:\/\/nyforetagarcentrum.se\/oresund\/evenemang\/"},{"@type":"ListItem","position":3,"name":"Club Eget Vellinge"}]},{"@type":"WebSite","@id":"https:\/\/nyforetagarcentrum.se\/oresund\/#website","url":"https:\/\/nyforetagarcentrum.se\/oresund\/","name":"\u00d6resund","description":"Sveriges ledande kraft f\u00f6r fler nya livskraftiga f\u00f6retag","publisher":{"@id":"https:\/\/nyforetagarcentrum.se\/oresund\/#organization"},"potentialAction":[{"@type":"SearchAction","target":{"@type":"EntryPoint","urlTemplate":"https:\/\/nyforetagarcentrum.se\/oresund\/?s={search_term_string}"},"query-input":"required name=search_term_string"}],"inLanguage":"sv-SE"},{"@type":"Organization","@id":"https:\/\/nyforetagarcentrum.se\/oresund\/#organization","name":"\u00d6resund","url":"https:\/\/nyforetagarcentrum.se\/oresund\/","logo":{"@type":"ImageObject","inLanguage":"sv-SE","@id":"https:\/\/nyforetagarcentrum.se\/oresund\/#\/schema\/logo\/image\/","url":"https:\/\/nyforetagarcentrum.se\/oresund\/wp-content\/uploads\/sites\/37\/2024\/07\/oresund_bla.png","contentUrl":"https:\/\/nyforetagarcentrum.se\/oresund\/wp-content\/uploads\/sites\/37\/2024\/07\/oresund_bla.png","width":870,"height":355,"caption":"\u00d6resund"},"image":{"@id":"https:\/\/nyforetagarcentrum.se\/oresund\/#\/schema\/logo\/image\/"}}]}},"_links":{"self":[{"href":"https:\/\/nyforetagarcentrum.se\/oresund\/wp-json\/wp\/v2\/event\/1402"}],"collection":[{"href":"https:\/\/nyforetagarcentrum.se\/oresund\/wp-json\/wp\/v2\/event"}],"about":[{"href":"https:\/\/nyforetagarcentrum.se\/oresund\/wp-json\/wp\/v2\/types\/event"}],"version-history":[{"count":3,"href":"https:\/\/nyforetagarcentrum.se\/oresund\/wp-json\/wp\/v2\/event\/1402\/revisions"}],"predecessor-version":[{"id":1405,"href":"https:\/\/nyforetagarcentrum.se\/oresund\/wp-json\/wp\/v2\/event\/1402\/revisions\/1405"}],"wp:attachment":[{"href":"https:\/\/nyforetagarcentrum.se\/oresund\/wp-json\/wp\/v2\/media?parent=1402"}],"curies":[{"name":"wp","href":"https:\/\/api.w.org\/{rel}","templated":true}]}}