{"id":1084,"date":"2025-04-16T13:31:07","date_gmt":"2025-04-16T11:31:07","guid":{"rendered":"https:\/\/nyforetagarcentrum.se\/oresund\/?post_type=event&#038;p=1084"},"modified":"2025-04-16T13:31:08","modified_gmt":"2025-04-16T11:31:08","slug":"scones-mingel-for-nyforetagare","status":"publish","type":"event","link":"https:\/\/nyforetagarcentrum.se\/oresund\/evenemang\/scones-mingel-for-nyforetagare\/","title":{"rendered":"Scones-mingel f\u00f6r Nyf\u00f6retagare"},"content":{"rendered":"\n<p>\u00c4r du nyf\u00f6retagare i Staffanstorp? D\u00e5 vill vi tipsa om denna n\u00e4tverkstr\u00e4ff med tillv\u00e4xt och aff\u00e4rsutveckling i fokus kombinerat med smarriga scones och trevligt mingel!<\/p>\n\n\n\n<p>Du bjuds in till en eftermiddag tillsammans med Almi och Ekolution, och arrang\u00f6rerna som \u00e4r Business Port och Staffanstorps kommun. Nyf\u00f6retagarCentrum \u00d6resund \u00e4r inte medarrang\u00f6rer den h\u00e4r g\u00e5ngen, men du kan \u00e4nd\u00e5 m\u00f6ta v\u00e5r r\u00e5dgivare Ronny Lundstr\u00f6m p\u00e5 plats! L\u00e4s mer och anm\u00e4l dig <a href=\"https:\/\/businessport.se\/nyhet\/sconesmingel-for-nyforetagare-och-foretagare-med-nya-affarsideer-17676\/\">h\u00e4r<\/a>.<\/p>\n","protected":false},"template":"","meta":{"footnotes":""},"acf":[],"yoast_head":"<!-- This site is optimized with the Yoast SEO plugin v22.9 - https:\/\/yoast.com\/wordpress\/plugins\/seo\/ -->\n<title>Evenemang f\u00f6r blivande f\u00f6retagare i \u00d6resundsregionen | Nyf\u00f6retagarcentrum<\/title>\n<meta name=\"description\" content=\"Nyf\u00f6retagarcentrum \u00d6resund arrangerar inspirerande evenemang och utbildningar f\u00f6r dig som vill starta eget f\u00f6retag. Boka din plats p\u00e5 Starta Eget-dagen, f\u00f6rel\u00e4sningar inom marknadsf\u00f6ring, f\u00f6rs\u00e4ljning och mycket mer f\u00f6r att f\u00e5 v\u00e4rdefull kunskap och st\u00f6d i f\u00f6retagsstarten.\" \/>\n<meta name=\"robots\" content=\"index, follow, max-snippet:-1, max-image-preview:large, max-video-preview:-1\" \/>\n<link rel=\"canonical\" href=\"https:\/\/nyforetagarcentrum.se\/oresund\/evenemang\/scones-mingel-for-nyforetagare\/\" \/>\n<meta property=\"og:locale\" content=\"sv_SE\" \/>\n<meta property=\"og:type\" content=\"article\" \/>\n<meta property=\"og:title\" content=\"Evenemang f\u00f6r blivande f\u00f6retagare i \u00d6resundsregionen | Nyf\u00f6retagarcentrum\" \/>\n<meta property=\"og:description\" content=\"Nyf\u00f6retagarcentrum \u00d6resund arrangerar inspirerande evenemang och utbildningar f\u00f6r dig som vill starta eget f\u00f6retag. Boka din plats p\u00e5 Starta Eget-dagen, f\u00f6rel\u00e4sningar inom marknadsf\u00f6ring, f\u00f6rs\u00e4ljning och mycket mer f\u00f6r att f\u00e5 v\u00e4rdefull kunskap och st\u00f6d i f\u00f6retagsstarten.\" \/>\n<meta property=\"og:url\" content=\"https:\/\/nyforetagarcentrum.se\/oresund\/evenemang\/scones-mingel-for-nyforetagare\/\" \/>\n<meta property=\"og:site_name\" content=\"\u00d6resund\" \/>\n<meta property=\"article:modified_time\" content=\"2025-04-16T11:31:08+00:00\" \/>\n<meta name=\"twitter:card\" content=\"summary_large_image\" \/>\n<meta name=\"twitter:label1\" content=\"Ber\u00e4knad l\u00e4stid\" \/>\n\t<meta name=\"twitter:data1\" content=\"1 minut\" \/>\n<script type=\"application\/ld+json\" class=\"yoast-schema-graph\">{\"@context\":\"https:\/\/schema.org\",\"@graph\":[{\"@type\":\"WebPage\",\"@id\":\"https:\/\/nyforetagarcentrum.se\/oresund\/evenemang\/scones-mingel-for-nyforetagare\/\",\"url\":\"https:\/\/nyforetagarcentrum.se\/oresund\/evenemang\/scones-mingel-for-nyforetagare\/\",\"name\":\"Evenemang f\u00f6r blivande f\u00f6retagare i \u00d6resundsregionen | Nyf\u00f6retagarcentrum\",\"isPartOf\":{\"@id\":\"https:\/\/nyforetagarcentrum.se\/oresund\/#website\"},\"datePublished\":\"2025-04-16T11:31:07+00:00\",\"dateModified\":\"2025-04-16T11:31:08+00:00\",\"description\":\"Nyf\u00f6retagarcentrum \u00d6resund arrangerar inspirerande evenemang och utbildningar f\u00f6r dig som vill starta eget f\u00f6retag. Boka din plats p\u00e5 Starta Eget-dagen, f\u00f6rel\u00e4sningar inom marknadsf\u00f6ring, f\u00f6rs\u00e4ljning och mycket mer f\u00f6r att f\u00e5 v\u00e4rdefull kunskap och st\u00f6d i f\u00f6retagsstarten.\",\"breadcrumb\":{\"@id\":\"https:\/\/nyforetagarcentrum.se\/oresund\/evenemang\/scones-mingel-for-nyforetagare\/#breadcrumb\"},\"inLanguage\":\"sv-SE\",\"potentialAction\":[{\"@type\":\"ReadAction\",\"target\":[\"https:\/\/nyforetagarcentrum.se\/oresund\/evenemang\/scones-mingel-for-nyforetagare\/\"]}]},{\"@type\":\"BreadcrumbList\",\"@id\":\"https:\/\/nyforetagarcentrum.se\/oresund\/evenemang\/scones-mingel-for-nyforetagare\/#breadcrumb\",\"itemListElement\":[{\"@type\":\"ListItem\",\"position\":1,\"name\":\"Hem\",\"item\":\"https:\/\/nyforetagarcentrum.se\/oresund\/\"},{\"@type\":\"ListItem\",\"position\":2,\"name\":\"Evenemang\",\"item\":\"https:\/\/nyforetagarcentrum.se\/oresund\/evenemang\/\"},{\"@type\":\"ListItem\",\"position\":3,\"name\":\"Scones-mingel f\u00f6r Nyf\u00f6retagare\"}]},{\"@type\":\"WebSite\",\"@id\":\"https:\/\/nyforetagarcentrum.se\/oresund\/#website\",\"url\":\"https:\/\/nyforetagarcentrum.se\/oresund\/\",\"name\":\"\u00d6resund\",\"description\":\"Sveriges ledande kraft f\u00f6r fler nya livskraftiga f\u00f6retag\",\"publisher\":{\"@id\":\"https:\/\/nyforetagarcentrum.se\/oresund\/#organization\"},\"potentialAction\":[{\"@type\":\"SearchAction\",\"target\":{\"@type\":\"EntryPoint\",\"urlTemplate\":\"https:\/\/nyforetagarcentrum.se\/oresund\/?s={search_term_string}\"},\"query-input\":\"required name=search_term_string\"}],\"inLanguage\":\"sv-SE\"},{\"@type\":\"Organization\",\"@id\":\"https:\/\/nyforetagarcentrum.se\/oresund\/#organization\",\"name\":\"\u00d6resund\",\"url\":\"https:\/\/nyforetagarcentrum.se\/oresund\/\",\"logo\":{\"@type\":\"ImageObject\",\"inLanguage\":\"sv-SE\",\"@id\":\"https:\/\/nyforetagarcentrum.se\/oresund\/#\/schema\/logo\/image\/\",\"url\":\"https:\/\/nyforetagarcentrum.se\/oresund\/wp-content\/uploads\/sites\/37\/2024\/07\/oresund_bla.png\",\"contentUrl\":\"https:\/\/nyforetagarcentrum.se\/oresund\/wp-content\/uploads\/sites\/37\/2024\/07\/oresund_bla.png\",\"width\":870,\"height\":355,\"caption\":\"\u00d6resund\"},\"image\":{\"@id\":\"https:\/\/nyforetagarcentrum.se\/oresund\/#\/schema\/logo\/image\/\"}}]}<\/script>\n<!-- \/ Yoast SEO plugin. -->","yoast_head_json":{"title":"Evenemang f\u00f6r blivande f\u00f6retagare i \u00d6resundsregionen | Nyf\u00f6retagarcentrum","description":"Nyf\u00f6retagarcentrum \u00d6resund arrangerar inspirerande evenemang och utbildningar f\u00f6r dig som vill starta eget f\u00f6retag. Boka din plats p\u00e5 Starta Eget-dagen, f\u00f6rel\u00e4sningar inom marknadsf\u00f6ring, f\u00f6rs\u00e4ljning och mycket mer f\u00f6r att f\u00e5 v\u00e4rdefull kunskap och st\u00f6d i f\u00f6retagsstarten.","robots":{"index":"index","follow":"follow","max-snippet":"max-snippet:-1","max-image-preview":"max-image-preview:large","max-video-preview":"max-video-preview:-1"},"canonical":"https:\/\/nyforetagarcentrum.se\/oresund\/evenemang\/scones-mingel-for-nyforetagare\/","og_locale":"sv_SE","og_type":"article","og_title":"Evenemang f\u00f6r blivande f\u00f6retagare i \u00d6resundsregionen | Nyf\u00f6retagarcentrum","og_description":"Nyf\u00f6retagarcentrum \u00d6resund arrangerar inspirerande evenemang och utbildningar f\u00f6r dig som vill starta eget f\u00f6retag. Boka din plats p\u00e5 Starta Eget-dagen, f\u00f6rel\u00e4sningar inom marknadsf\u00f6ring, f\u00f6rs\u00e4ljning och mycket mer f\u00f6r att f\u00e5 v\u00e4rdefull kunskap och st\u00f6d i f\u00f6retagsstarten.","og_url":"https:\/\/nyforetagarcentrum.se\/oresund\/evenemang\/scones-mingel-for-nyforetagare\/","og_site_name":"\u00d6resund","article_modified_time":"2025-04-16T11:31:08+00:00","twitter_card":"summary_large_image","twitter_misc":{"Ber\u00e4knad l\u00e4stid":"1 minut"},"schema":{"@context":"https:\/\/schema.org","@graph":[{"@type":"WebPage","@id":"https:\/\/nyforetagarcentrum.se\/oresund\/evenemang\/scones-mingel-for-nyforetagare\/","url":"https:\/\/nyforetagarcentrum.se\/oresund\/evenemang\/scones-mingel-for-nyforetagare\/","name":"Evenemang f\u00f6r blivande f\u00f6retagare i \u00d6resundsregionen | Nyf\u00f6retagarcentrum","isPartOf":{"@id":"https:\/\/nyforetagarcentrum.se\/oresund\/#website"},"datePublished":"2025-04-16T11:31:07+00:00","dateModified":"2025-04-16T11:31:08+00:00","description":"Nyf\u00f6retagarcentrum \u00d6resund arrangerar inspirerande evenemang och utbildningar f\u00f6r dig som vill starta eget f\u00f6retag. Boka din plats p\u00e5 Starta Eget-dagen, f\u00f6rel\u00e4sningar inom marknadsf\u00f6ring, f\u00f6rs\u00e4ljning och mycket mer f\u00f6r att f\u00e5 v\u00e4rdefull kunskap och st\u00f6d i f\u00f6retagsstarten.","breadcrumb":{"@id":"https:\/\/nyforetagarcentrum.se\/oresund\/evenemang\/scones-mingel-for-nyforetagare\/#breadcrumb"},"inLanguage":"sv-SE","potentialAction":[{"@type":"ReadAction","target":["https:\/\/nyforetagarcentrum.se\/oresund\/evenemang\/scones-mingel-for-nyforetagare\/"]}]},{"@type":"BreadcrumbList","@id":"https:\/\/nyforetagarcentrum.se\/oresund\/evenemang\/scones-mingel-for-nyforetagare\/#breadcrumb","itemListElement":[{"@type":"ListItem","position":1,"name":"Hem","item":"https:\/\/nyforetagarcentrum.se\/oresund\/"},{"@type":"ListItem","position":2,"name":"Evenemang","item":"https:\/\/nyforetagarcentrum.se\/oresund\/evenemang\/"},{"@type":"ListItem","position":3,"name":"Scones-mingel f\u00f6r Nyf\u00f6retagare"}]},{"@type":"WebSite","@id":"https:\/\/nyforetagarcentrum.se\/oresund\/#website","url":"https:\/\/nyforetagarcentrum.se\/oresund\/","name":"\u00d6resund","description":"Sveriges ledande kraft f\u00f6r fler nya livskraftiga f\u00f6retag","publisher":{"@id":"https:\/\/nyforetagarcentrum.se\/oresund\/#organization"},"potentialAction":[{"@type":"SearchAction","target":{"@type":"EntryPoint","urlTemplate":"https:\/\/nyforetagarcentrum.se\/oresund\/?s={search_term_string}"},"query-input":"required name=search_term_string"}],"inLanguage":"sv-SE"},{"@type":"Organization","@id":"https:\/\/nyforetagarcentrum.se\/oresund\/#organization","name":"\u00d6resund","url":"https:\/\/nyforetagarcentrum.se\/oresund\/","logo":{"@type":"ImageObject","inLanguage":"sv-SE","@id":"https:\/\/nyforetagarcentrum.se\/oresund\/#\/schema\/logo\/image\/","url":"https:\/\/nyforetagarcentrum.se\/oresund\/wp-content\/uploads\/sites\/37\/2024\/07\/oresund_bla.png","contentUrl":"https:\/\/nyforetagarcentrum.se\/oresund\/wp-content\/uploads\/sites\/37\/2024\/07\/oresund_bla.png","width":870,"height":355,"caption":"\u00d6resund"},"image":{"@id":"https:\/\/nyforetagarcentrum.se\/oresund\/#\/schema\/logo\/image\/"}}]}},"_links":{"self":[{"href":"https:\/\/nyforetagarcentrum.se\/oresund\/wp-json\/wp\/v2\/event\/1084"}],"collection":[{"href":"https:\/\/nyforetagarcentrum.se\/oresund\/wp-json\/wp\/v2\/event"}],"about":[{"href":"https:\/\/nyforetagarcentrum.se\/oresund\/wp-json\/wp\/v2\/types\/event"}],"version-history":[{"count":2,"href":"https:\/\/nyforetagarcentrum.se\/oresund\/wp-json\/wp\/v2\/event\/1084\/revisions"}],"predecessor-version":[{"id":1086,"href":"https:\/\/nyforetagarcentrum.se\/oresund\/wp-json\/wp\/v2\/event\/1084\/revisions\/1086"}],"wp:attachment":[{"href":"https:\/\/nyforetagarcentrum.se\/oresund\/wp-json\/wp\/v2\/media?parent=1084"}],"curies":[{"name":"wp","href":"https:\/\/api.w.org\/{rel}","templated":true}]}}