{"id":1019,"date":"2025-04-01T13:22:34","date_gmt":"2025-04-01T11:22:34","guid":{"rendered":"https:\/\/nyforetagarcentrum.se\/oresund\/?post_type=event&#038;p=1019"},"modified":"2025-04-01T13:22:34","modified_gmt":"2025-04-01T11:22:34","slug":"digital-kurs-bokforing-med-ett-leende","status":"publish","type":"event","link":"https:\/\/nyforetagarcentrum.se\/oresund\/evenemang\/digital-kurs-bokforing-med-ett-leende\/","title":{"rendered":"Digital kurs: Bokf\u00f6ring med ett leende"},"content":{"rendered":"\n<p><span style=\"color: inherit;font-family: inherit;font-size: inherit;font-style: inherit;font-weight: inherit;background-color: var(--color-background)\">S\u00e5 g\u00f6r du\u00a0<\/span><span style=\"color: inherit;font: inherit;background-color: var(--color-background);border: 0px;margin: 0px;padding: 0px;vertical-align: baseline\">bokf\u00f6ring<\/span><span style=\"color: inherit;font-family: inherit;font-size: inherit;font-style: inherit;font-weight: inherit;background-color: var(--color-background)\">\u00a0roligt och effektivt\u00a0<\/span><span style=\"color: inherit;font: inherit;background-color: var(--color-background);border: 0px;margin: 0px;padding: 0px;vertical-align: baseline\">med<\/span><span style=\"color: inherit;font-family: inherit;font-size: inherit;font-style: inherit;font-weight: inherit;background-color: var(--color-background)\">\u00a0Spcs verktyg. Uppt\u00e4ck Visma Spcs skattkistor och hemligheter f\u00f6r lyckad\u00a0<\/span><span style=\"color: inherit;font: inherit;background-color: var(--color-background);border: 0px;margin: 0px;padding: 0px;vertical-align: baseline\">bokf\u00f6ring<\/span><span style=\"color: inherit;font-family: inherit;font-size: inherit;font-style: inherit;font-weight: inherit;background-color: var(--color-background)\">. Kom ig\u00e5ng snabbt\u00a0<\/span><span style=\"color: inherit;font: inherit;background-color: var(--color-background);border: 0px;margin: 0px;padding: 0px;vertical-align: baseline\">med<\/span><span style=\"color: inherit;font-family: inherit;font-size: inherit;font-style: inherit;font-weight: inherit;background-color: var(--color-background)\">\u00a0digital\u00a0<\/span><span style=\"color: inherit;font: inherit;background-color: var(--color-background);border: 0px;margin: 0px;padding: 0px;vertical-align: baseline\">bokf\u00f6ring<\/span><span style=\"color: inherit;font-family: inherit;font-size: inherit;font-style: inherit;font-weight: inherit;background-color: var(--color-background)\">\u00a0genom Spcs plattformar. Fr\u00e5gestund och live-demo av Visma Spcs bokf\u00f6ringsprogram.<\/span> Marika Bjurstr\u00f6m fr\u00e5n v\u00e5r samarbetspartner Visma bjuder p\u00e5 en kurs som kommer anpassas till deltagarnas behov och utg\u00e5r fr\u00e5n Visma Spcs eEkonomi. (Vid fr\u00e5gor om Visma Administration ber vi dig meddela oss.)<\/p>\n","protected":false},"template":"","meta":{"footnotes":""},"acf":[],"yoast_head":"<!-- This site is optimized with the Yoast SEO plugin v22.9 - https:\/\/yoast.com\/wordpress\/plugins\/seo\/ -->\n<title>Evenemang f\u00f6r blivande f\u00f6retagare i \u00d6resundsregionen | Nyf\u00f6retagarcentrum<\/title>\n<meta name=\"description\" content=\"Nyf\u00f6retagarcentrum \u00d6resund arrangerar inspirerande evenemang och utbildningar f\u00f6r dig som vill starta eget f\u00f6retag. Boka din plats p\u00e5 Starta Eget-dagen, f\u00f6rel\u00e4sningar inom marknadsf\u00f6ring, f\u00f6rs\u00e4ljning och mycket mer f\u00f6r att f\u00e5 v\u00e4rdefull kunskap och st\u00f6d i f\u00f6retagsstarten.\" \/>\n<meta name=\"robots\" content=\"index, follow, max-snippet:-1, max-image-preview:large, max-video-preview:-1\" \/>\n<link rel=\"canonical\" href=\"https:\/\/nyforetagarcentrum.se\/oresund\/evenemang\/digital-kurs-bokforing-med-ett-leende\/\" \/>\n<meta property=\"og:locale\" content=\"sv_SE\" \/>\n<meta property=\"og:type\" content=\"article\" \/>\n<meta property=\"og:title\" content=\"Evenemang f\u00f6r blivande f\u00f6retagare i \u00d6resundsregionen | Nyf\u00f6retagarcentrum\" \/>\n<meta property=\"og:description\" content=\"Nyf\u00f6retagarcentrum \u00d6resund arrangerar inspirerande evenemang och utbildningar f\u00f6r dig som vill starta eget f\u00f6retag. Boka din plats p\u00e5 Starta Eget-dagen, f\u00f6rel\u00e4sningar inom marknadsf\u00f6ring, f\u00f6rs\u00e4ljning och mycket mer f\u00f6r att f\u00e5 v\u00e4rdefull kunskap och st\u00f6d i f\u00f6retagsstarten.\" \/>\n<meta property=\"og:url\" content=\"https:\/\/nyforetagarcentrum.se\/oresund\/evenemang\/digital-kurs-bokforing-med-ett-leende\/\" \/>\n<meta property=\"og:site_name\" content=\"\u00d6resund\" \/>\n<meta name=\"twitter:card\" content=\"summary_large_image\" \/>\n<meta name=\"twitter:label1\" content=\"Ber\u00e4knad l\u00e4stid\" \/>\n\t<meta name=\"twitter:data1\" content=\"1 minut\" \/>\n<script type=\"application\/ld+json\" class=\"yoast-schema-graph\">{\"@context\":\"https:\/\/schema.org\",\"@graph\":[{\"@type\":\"WebPage\",\"@id\":\"https:\/\/nyforetagarcentrum.se\/oresund\/evenemang\/digital-kurs-bokforing-med-ett-leende\/\",\"url\":\"https:\/\/nyforetagarcentrum.se\/oresund\/evenemang\/digital-kurs-bokforing-med-ett-leende\/\",\"name\":\"Evenemang f\u00f6r blivande f\u00f6retagare i \u00d6resundsregionen | Nyf\u00f6retagarcentrum\",\"isPartOf\":{\"@id\":\"https:\/\/nyforetagarcentrum.se\/oresund\/#website\"},\"datePublished\":\"2025-04-01T11:22:34+00:00\",\"dateModified\":\"2025-04-01T11:22:34+00:00\",\"description\":\"Nyf\u00f6retagarcentrum \u00d6resund arrangerar inspirerande evenemang och utbildningar f\u00f6r dig som vill starta eget f\u00f6retag. Boka din plats p\u00e5 Starta Eget-dagen, f\u00f6rel\u00e4sningar inom marknadsf\u00f6ring, f\u00f6rs\u00e4ljning och mycket mer f\u00f6r att f\u00e5 v\u00e4rdefull kunskap och st\u00f6d i f\u00f6retagsstarten.\",\"breadcrumb\":{\"@id\":\"https:\/\/nyforetagarcentrum.se\/oresund\/evenemang\/digital-kurs-bokforing-med-ett-leende\/#breadcrumb\"},\"inLanguage\":\"sv-SE\",\"potentialAction\":[{\"@type\":\"ReadAction\",\"target\":[\"https:\/\/nyforetagarcentrum.se\/oresund\/evenemang\/digital-kurs-bokforing-med-ett-leende\/\"]}]},{\"@type\":\"BreadcrumbList\",\"@id\":\"https:\/\/nyforetagarcentrum.se\/oresund\/evenemang\/digital-kurs-bokforing-med-ett-leende\/#breadcrumb\",\"itemListElement\":[{\"@type\":\"ListItem\",\"position\":1,\"name\":\"Hem\",\"item\":\"https:\/\/nyforetagarcentrum.se\/oresund\/\"},{\"@type\":\"ListItem\",\"position\":2,\"name\":\"Evenemang\",\"item\":\"https:\/\/nyforetagarcentrum.se\/oresund\/evenemang\/\"},{\"@type\":\"ListItem\",\"position\":3,\"name\":\"Digital kurs: Bokf\u00f6ring med ett leende\"}]},{\"@type\":\"WebSite\",\"@id\":\"https:\/\/nyforetagarcentrum.se\/oresund\/#website\",\"url\":\"https:\/\/nyforetagarcentrum.se\/oresund\/\",\"name\":\"\u00d6resund\",\"description\":\"Sveriges ledande kraft f\u00f6r fler nya livskraftiga f\u00f6retag\",\"publisher\":{\"@id\":\"https:\/\/nyforetagarcentrum.se\/oresund\/#organization\"},\"potentialAction\":[{\"@type\":\"SearchAction\",\"target\":{\"@type\":\"EntryPoint\",\"urlTemplate\":\"https:\/\/nyforetagarcentrum.se\/oresund\/?s={search_term_string}\"},\"query-input\":\"required name=search_term_string\"}],\"inLanguage\":\"sv-SE\"},{\"@type\":\"Organization\",\"@id\":\"https:\/\/nyforetagarcentrum.se\/oresund\/#organization\",\"name\":\"\u00d6resund\",\"url\":\"https:\/\/nyforetagarcentrum.se\/oresund\/\",\"logo\":{\"@type\":\"ImageObject\",\"inLanguage\":\"sv-SE\",\"@id\":\"https:\/\/nyforetagarcentrum.se\/oresund\/#\/schema\/logo\/image\/\",\"url\":\"https:\/\/nyforetagarcentrum.se\/oresund\/wp-content\/uploads\/sites\/37\/2024\/07\/oresund_bla.png\",\"contentUrl\":\"https:\/\/nyforetagarcentrum.se\/oresund\/wp-content\/uploads\/sites\/37\/2024\/07\/oresund_bla.png\",\"width\":870,\"height\":355,\"caption\":\"\u00d6resund\"},\"image\":{\"@id\":\"https:\/\/nyforetagarcentrum.se\/oresund\/#\/schema\/logo\/image\/\"}}]}<\/script>\n<!-- \/ Yoast SEO plugin. -->","yoast_head_json":{"title":"Evenemang f\u00f6r blivande f\u00f6retagare i \u00d6resundsregionen | Nyf\u00f6retagarcentrum","description":"Nyf\u00f6retagarcentrum \u00d6resund arrangerar inspirerande evenemang och utbildningar f\u00f6r dig som vill starta eget f\u00f6retag. Boka din plats p\u00e5 Starta Eget-dagen, f\u00f6rel\u00e4sningar inom marknadsf\u00f6ring, f\u00f6rs\u00e4ljning och mycket mer f\u00f6r att f\u00e5 v\u00e4rdefull kunskap och st\u00f6d i f\u00f6retagsstarten.","robots":{"index":"index","follow":"follow","max-snippet":"max-snippet:-1","max-image-preview":"max-image-preview:large","max-video-preview":"max-video-preview:-1"},"canonical":"https:\/\/nyforetagarcentrum.se\/oresund\/evenemang\/digital-kurs-bokforing-med-ett-leende\/","og_locale":"sv_SE","og_type":"article","og_title":"Evenemang f\u00f6r blivande f\u00f6retagare i \u00d6resundsregionen | Nyf\u00f6retagarcentrum","og_description":"Nyf\u00f6retagarcentrum \u00d6resund arrangerar inspirerande evenemang och utbildningar f\u00f6r dig som vill starta eget f\u00f6retag. Boka din plats p\u00e5 Starta Eget-dagen, f\u00f6rel\u00e4sningar inom marknadsf\u00f6ring, f\u00f6rs\u00e4ljning och mycket mer f\u00f6r att f\u00e5 v\u00e4rdefull kunskap och st\u00f6d i f\u00f6retagsstarten.","og_url":"https:\/\/nyforetagarcentrum.se\/oresund\/evenemang\/digital-kurs-bokforing-med-ett-leende\/","og_site_name":"\u00d6resund","twitter_card":"summary_large_image","twitter_misc":{"Ber\u00e4knad l\u00e4stid":"1 minut"},"schema":{"@context":"https:\/\/schema.org","@graph":[{"@type":"WebPage","@id":"https:\/\/nyforetagarcentrum.se\/oresund\/evenemang\/digital-kurs-bokforing-med-ett-leende\/","url":"https:\/\/nyforetagarcentrum.se\/oresund\/evenemang\/digital-kurs-bokforing-med-ett-leende\/","name":"Evenemang f\u00f6r blivande f\u00f6retagare i \u00d6resundsregionen | Nyf\u00f6retagarcentrum","isPartOf":{"@id":"https:\/\/nyforetagarcentrum.se\/oresund\/#website"},"datePublished":"2025-04-01T11:22:34+00:00","dateModified":"2025-04-01T11:22:34+00:00","description":"Nyf\u00f6retagarcentrum \u00d6resund arrangerar inspirerande evenemang och utbildningar f\u00f6r dig som vill starta eget f\u00f6retag. Boka din plats p\u00e5 Starta Eget-dagen, f\u00f6rel\u00e4sningar inom marknadsf\u00f6ring, f\u00f6rs\u00e4ljning och mycket mer f\u00f6r att f\u00e5 v\u00e4rdefull kunskap och st\u00f6d i f\u00f6retagsstarten.","breadcrumb":{"@id":"https:\/\/nyforetagarcentrum.se\/oresund\/evenemang\/digital-kurs-bokforing-med-ett-leende\/#breadcrumb"},"inLanguage":"sv-SE","potentialAction":[{"@type":"ReadAction","target":["https:\/\/nyforetagarcentrum.se\/oresund\/evenemang\/digital-kurs-bokforing-med-ett-leende\/"]}]},{"@type":"BreadcrumbList","@id":"https:\/\/nyforetagarcentrum.se\/oresund\/evenemang\/digital-kurs-bokforing-med-ett-leende\/#breadcrumb","itemListElement":[{"@type":"ListItem","position":1,"name":"Hem","item":"https:\/\/nyforetagarcentrum.se\/oresund\/"},{"@type":"ListItem","position":2,"name":"Evenemang","item":"https:\/\/nyforetagarcentrum.se\/oresund\/evenemang\/"},{"@type":"ListItem","position":3,"name":"Digital kurs: Bokf\u00f6ring med ett leende"}]},{"@type":"WebSite","@id":"https:\/\/nyforetagarcentrum.se\/oresund\/#website","url":"https:\/\/nyforetagarcentrum.se\/oresund\/","name":"\u00d6resund","description":"Sveriges ledande kraft f\u00f6r fler nya livskraftiga f\u00f6retag","publisher":{"@id":"https:\/\/nyforetagarcentrum.se\/oresund\/#organization"},"potentialAction":[{"@type":"SearchAction","target":{"@type":"EntryPoint","urlTemplate":"https:\/\/nyforetagarcentrum.se\/oresund\/?s={search_term_string}"},"query-input":"required name=search_term_string"}],"inLanguage":"sv-SE"},{"@type":"Organization","@id":"https:\/\/nyforetagarcentrum.se\/oresund\/#organization","name":"\u00d6resund","url":"https:\/\/nyforetagarcentrum.se\/oresund\/","logo":{"@type":"ImageObject","inLanguage":"sv-SE","@id":"https:\/\/nyforetagarcentrum.se\/oresund\/#\/schema\/logo\/image\/","url":"https:\/\/nyforetagarcentrum.se\/oresund\/wp-content\/uploads\/sites\/37\/2024\/07\/oresund_bla.png","contentUrl":"https:\/\/nyforetagarcentrum.se\/oresund\/wp-content\/uploads\/sites\/37\/2024\/07\/oresund_bla.png","width":870,"height":355,"caption":"\u00d6resund"},"image":{"@id":"https:\/\/nyforetagarcentrum.se\/oresund\/#\/schema\/logo\/image\/"}}]}},"_links":{"self":[{"href":"https:\/\/nyforetagarcentrum.se\/oresund\/wp-json\/wp\/v2\/event\/1019"}],"collection":[{"href":"https:\/\/nyforetagarcentrum.se\/oresund\/wp-json\/wp\/v2\/event"}],"about":[{"href":"https:\/\/nyforetagarcentrum.se\/oresund\/wp-json\/wp\/v2\/types\/event"}],"version-history":[{"count":2,"href":"https:\/\/nyforetagarcentrum.se\/oresund\/wp-json\/wp\/v2\/event\/1019\/revisions"}],"predecessor-version":[{"id":1021,"href":"https:\/\/nyforetagarcentrum.se\/oresund\/wp-json\/wp\/v2\/event\/1019\/revisions\/1021"}],"wp:attachment":[{"href":"https:\/\/nyforetagarcentrum.se\/oresund\/wp-json\/wp\/v2\/media?parent=1019"}],"curies":[{"name":"wp","href":"https:\/\/api.w.org\/{rel}","templated":true}]}}