{"id":903,"date":"2025-04-17T09:47:05","date_gmt":"2025-04-17T07:47:05","guid":{"rendered":"https:\/\/nyforetagarcentrum.se\/norduppland\/?post_type=event&#038;p=903"},"modified":"2025-05-22T09:10:19","modified_gmt":"2025-05-22T07:10:19","slug":"natverstraff-12-maj","status":"publish","type":"event","link":"https:\/\/nyforetagarcentrum.se\/norduppland\/evenemang\/natverstraff-12-maj\/","title":{"rendered":"N\u00e4tverkstr\u00e4ff med Almi 23 sep- tema ekonomi"},"content":{"rendered":"\n<p>V\u00e4lkommen till v\u00e5rt nyf\u00f6retagarn\u00e4tverk!<\/p>\n\n\n\n<p>Visste du att vi har ett h\u00e4rligt och inspirerande&nbsp;n\u00e4tverk f\u00f6r nyf\u00f6retagare? Det \u00e4r helt kostnadsfritt och \u00f6ppet f\u00f6r dig som vill tr\u00e4ffa andra f\u00f6retagare, utbyta id\u00e9er, f\u00e5 inspiration och ha det trevligt! Vi ses en g\u00e5ng i m\u00e5naden och du \u00e4r s\u00e5 v\u00e4lkommen att vara med.&nbsp;<\/p>\n\n\n\n<p>\ud83d\udccd\u00a0<strong>N\u00e4sta tr\u00e4ff:\u00a0<\/strong>\u00d6sterbybruk (plats best\u00e4ms senare n\u00e4r vi vet hur m\u00e5nga som kommer)<br>\ud83d\udcc5\u00a0<strong>Datum:<\/strong>\u00a0Tisdag 23\/9<br>\ud83d\udd55\u00a0<strong>Tid:<\/strong>\u00a018.00\u201320.00<br>\u2615 Vi bjuder p\u00e5\u00a0sm\u00f6rg\u00e5s och kaffe!<\/p>\n\n\n\n<p>\ud83e\udde0 Temat f\u00f6r kv\u00e4llen \u00e4r\u00a0<strong>Ekonomi<\/strong>\u00a0<\/p>\n\n\n\n<p>\ud83d\udce9&nbsp;Anm\u00e4l dig till mig direkt via mejl eller sms om du vill komma<\/p>\n\n\n\n<p><strong>G\u00e5 g\u00e4rna med i v\u00e5r Facebook-grupp ocks\u00e5:<\/strong><br><a href=\"https:\/\/www.facebook.com\/groups\/1760421974737659\">facebook.com\/groups\/1760421974737659<\/a><\/p>\n\n\n\n<p>H\u00e4r f\u00e5r du p\u00e5minnelser om tr\u00e4ffar, tips, nyheter och kan sj\u00e4lv st\u00e4lla fr\u00e5gor och dela med dig.<\/p>\n","protected":false},"template":"","meta":{"footnotes":""},"acf":[],"yoast_head":"<!-- This site is optimized with the Yoast SEO plugin v22.9 - https:\/\/yoast.com\/wordpress\/plugins\/seo\/ -->\n<title>Evenemang i Norduppland - Nyf\u00f6retagarCentrum<\/title>\n<meta name=\"description\" content=\"Uppt\u00e4ck kommande evenemang hos Nyf\u00f6retagarCentrum i Norduppland, utformade f\u00f6r att st\u00f6dja blivande och nya f\u00f6retagare. Delta i workshops, seminarier och n\u00e4tverkstr\u00e4ffar f\u00f6r att f\u00e5 v\u00e4rdefulla insikter och kontakter f\u00f6r din entrepren\u00f6rsresa. F\u00e5 information om datum, platser och hur du anm\u00e4ler dig.\" \/>\n<meta name=\"robots\" content=\"index, follow, max-snippet:-1, max-image-preview:large, max-video-preview:-1\" \/>\n<link rel=\"canonical\" href=\"https:\/\/nyforetagarcentrum.se\/norduppland\/evenemang\/natverstraff-12-maj\/\" \/>\n<meta property=\"og:locale\" content=\"sv_SE\" \/>\n<meta property=\"og:type\" content=\"article\" \/>\n<meta property=\"og:title\" content=\"Evenemang i Norduppland - Nyf\u00f6retagarCentrum\" \/>\n<meta property=\"og:description\" content=\"Uppt\u00e4ck kommande evenemang hos Nyf\u00f6retagarCentrum i Norduppland, utformade f\u00f6r att st\u00f6dja blivande och nya f\u00f6retagare. Delta i workshops, seminarier och n\u00e4tverkstr\u00e4ffar f\u00f6r att f\u00e5 v\u00e4rdefulla insikter och kontakter f\u00f6r din entrepren\u00f6rsresa. F\u00e5 information om datum, platser och hur du anm\u00e4ler dig.\" \/>\n<meta property=\"og:url\" content=\"https:\/\/nyforetagarcentrum.se\/norduppland\/evenemang\/natverstraff-12-maj\/\" \/>\n<meta property=\"og:site_name\" content=\"Norduppland\" \/>\n<meta property=\"article:modified_time\" content=\"2025-05-22T07:10:19+00:00\" \/>\n<meta name=\"twitter:card\" content=\"summary_large_image\" \/>\n<meta name=\"twitter:label1\" content=\"Ber\u00e4knad l\u00e4stid\" \/>\n\t<meta name=\"twitter:data1\" content=\"1 minut\" \/>\n<script type=\"application\/ld+json\" class=\"yoast-schema-graph\">{\"@context\":\"https:\/\/schema.org\",\"@graph\":[{\"@type\":\"WebPage\",\"@id\":\"https:\/\/nyforetagarcentrum.se\/norduppland\/evenemang\/natverstraff-12-maj\/\",\"url\":\"https:\/\/nyforetagarcentrum.se\/norduppland\/evenemang\/natverstraff-12-maj\/\",\"name\":\"Evenemang i Norduppland - Nyf\u00f6retagarCentrum\",\"isPartOf\":{\"@id\":\"https:\/\/nyforetagarcentrum.se\/norduppland\/#website\"},\"datePublished\":\"2025-04-17T07:47:05+00:00\",\"dateModified\":\"2025-05-22T07:10:19+00:00\",\"description\":\"Uppt\u00e4ck kommande evenemang hos Nyf\u00f6retagarCentrum i Norduppland, utformade f\u00f6r att st\u00f6dja blivande och nya f\u00f6retagare. Delta i workshops, seminarier och n\u00e4tverkstr\u00e4ffar f\u00f6r att f\u00e5 v\u00e4rdefulla insikter och kontakter f\u00f6r din entrepren\u00f6rsresa. F\u00e5 information om datum, platser och hur du anm\u00e4ler dig.\",\"breadcrumb\":{\"@id\":\"https:\/\/nyforetagarcentrum.se\/norduppland\/evenemang\/natverstraff-12-maj\/#breadcrumb\"},\"inLanguage\":\"sv-SE\",\"potentialAction\":[{\"@type\":\"ReadAction\",\"target\":[\"https:\/\/nyforetagarcentrum.se\/norduppland\/evenemang\/natverstraff-12-maj\/\"]}]},{\"@type\":\"BreadcrumbList\",\"@id\":\"https:\/\/nyforetagarcentrum.se\/norduppland\/evenemang\/natverstraff-12-maj\/#breadcrumb\",\"itemListElement\":[{\"@type\":\"ListItem\",\"position\":1,\"name\":\"Hem\",\"item\":\"https:\/\/nyforetagarcentrum.se\/norduppland\/\"},{\"@type\":\"ListItem\",\"position\":2,\"name\":\"Evenemang\",\"item\":\"https:\/\/nyforetagarcentrum.se\/norduppland\/evenemang\/\"},{\"@type\":\"ListItem\",\"position\":3,\"name\":\"N\u00e4tverkstr\u00e4ff med Almi 23 sep- tema ekonomi\"}]},{\"@type\":\"WebSite\",\"@id\":\"https:\/\/nyforetagarcentrum.se\/norduppland\/#website\",\"url\":\"https:\/\/nyforetagarcentrum.se\/norduppland\/\",\"name\":\"Norduppland\",\"description\":\"Sveriges ledande kraft f\u00f6r fler nya livskraftiga f\u00f6retag\",\"publisher\":{\"@id\":\"https:\/\/nyforetagarcentrum.se\/norduppland\/#organization\"},\"potentialAction\":[{\"@type\":\"SearchAction\",\"target\":{\"@type\":\"EntryPoint\",\"urlTemplate\":\"https:\/\/nyforetagarcentrum.se\/norduppland\/?s={search_term_string}\"},\"query-input\":\"required name=search_term_string\"}],\"inLanguage\":\"sv-SE\"},{\"@type\":\"Organization\",\"@id\":\"https:\/\/nyforetagarcentrum.se\/norduppland\/#organization\",\"name\":\"Norduppland\",\"url\":\"https:\/\/nyforetagarcentrum.se\/norduppland\/\",\"logo\":{\"@type\":\"ImageObject\",\"inLanguage\":\"sv-SE\",\"@id\":\"https:\/\/nyforetagarcentrum.se\/norduppland\/#\/schema\/logo\/image\/\",\"url\":\"https:\/\/nyforetagarcentrum.se\/norduppland\/wp-content\/uploads\/sites\/8\/2026\/04\/norduppland_bla.png\",\"contentUrl\":\"https:\/\/nyforetagarcentrum.se\/norduppland\/wp-content\/uploads\/sites\/8\/2026\/04\/norduppland_bla.png\",\"width\":870,\"height\":355,\"caption\":\"Norduppland\"},\"image\":{\"@id\":\"https:\/\/nyforetagarcentrum.se\/norduppland\/#\/schema\/logo\/image\/\"}}]}<\/script>\n<!-- \/ Yoast SEO plugin. -->","yoast_head_json":{"title":"Evenemang i Norduppland - Nyf\u00f6retagarCentrum","description":"Uppt\u00e4ck kommande evenemang hos Nyf\u00f6retagarCentrum i Norduppland, utformade f\u00f6r att st\u00f6dja blivande och nya f\u00f6retagare. Delta i workshops, seminarier och n\u00e4tverkstr\u00e4ffar f\u00f6r att f\u00e5 v\u00e4rdefulla insikter och kontakter f\u00f6r din entrepren\u00f6rsresa. F\u00e5 information om datum, platser och hur du anm\u00e4ler dig.","robots":{"index":"index","follow":"follow","max-snippet":"max-snippet:-1","max-image-preview":"max-image-preview:large","max-video-preview":"max-video-preview:-1"},"canonical":"https:\/\/nyforetagarcentrum.se\/norduppland\/evenemang\/natverstraff-12-maj\/","og_locale":"sv_SE","og_type":"article","og_title":"Evenemang i Norduppland - Nyf\u00f6retagarCentrum","og_description":"Uppt\u00e4ck kommande evenemang hos Nyf\u00f6retagarCentrum i Norduppland, utformade f\u00f6r att st\u00f6dja blivande och nya f\u00f6retagare. Delta i workshops, seminarier och n\u00e4tverkstr\u00e4ffar f\u00f6r att f\u00e5 v\u00e4rdefulla insikter och kontakter f\u00f6r din entrepren\u00f6rsresa. F\u00e5 information om datum, platser och hur du anm\u00e4ler dig.","og_url":"https:\/\/nyforetagarcentrum.se\/norduppland\/evenemang\/natverstraff-12-maj\/","og_site_name":"Norduppland","article_modified_time":"2025-05-22T07:10:19+00:00","twitter_card":"summary_large_image","twitter_misc":{"Ber\u00e4knad l\u00e4stid":"1 minut"},"schema":{"@context":"https:\/\/schema.org","@graph":[{"@type":"WebPage","@id":"https:\/\/nyforetagarcentrum.se\/norduppland\/evenemang\/natverstraff-12-maj\/","url":"https:\/\/nyforetagarcentrum.se\/norduppland\/evenemang\/natverstraff-12-maj\/","name":"Evenemang i Norduppland - Nyf\u00f6retagarCentrum","isPartOf":{"@id":"https:\/\/nyforetagarcentrum.se\/norduppland\/#website"},"datePublished":"2025-04-17T07:47:05+00:00","dateModified":"2025-05-22T07:10:19+00:00","description":"Uppt\u00e4ck kommande evenemang hos Nyf\u00f6retagarCentrum i Norduppland, utformade f\u00f6r att st\u00f6dja blivande och nya f\u00f6retagare. Delta i workshops, seminarier och n\u00e4tverkstr\u00e4ffar f\u00f6r att f\u00e5 v\u00e4rdefulla insikter och kontakter f\u00f6r din entrepren\u00f6rsresa. F\u00e5 information om datum, platser och hur du anm\u00e4ler dig.","breadcrumb":{"@id":"https:\/\/nyforetagarcentrum.se\/norduppland\/evenemang\/natverstraff-12-maj\/#breadcrumb"},"inLanguage":"sv-SE","potentialAction":[{"@type":"ReadAction","target":["https:\/\/nyforetagarcentrum.se\/norduppland\/evenemang\/natverstraff-12-maj\/"]}]},{"@type":"BreadcrumbList","@id":"https:\/\/nyforetagarcentrum.se\/norduppland\/evenemang\/natverstraff-12-maj\/#breadcrumb","itemListElement":[{"@type":"ListItem","position":1,"name":"Hem","item":"https:\/\/nyforetagarcentrum.se\/norduppland\/"},{"@type":"ListItem","position":2,"name":"Evenemang","item":"https:\/\/nyforetagarcentrum.se\/norduppland\/evenemang\/"},{"@type":"ListItem","position":3,"name":"N\u00e4tverkstr\u00e4ff med Almi 23 sep- tema ekonomi"}]},{"@type":"WebSite","@id":"https:\/\/nyforetagarcentrum.se\/norduppland\/#website","url":"https:\/\/nyforetagarcentrum.se\/norduppland\/","name":"Norduppland","description":"Sveriges ledande kraft f\u00f6r fler nya livskraftiga f\u00f6retag","publisher":{"@id":"https:\/\/nyforetagarcentrum.se\/norduppland\/#organization"},"potentialAction":[{"@type":"SearchAction","target":{"@type":"EntryPoint","urlTemplate":"https:\/\/nyforetagarcentrum.se\/norduppland\/?s={search_term_string}"},"query-input":"required name=search_term_string"}],"inLanguage":"sv-SE"},{"@type":"Organization","@id":"https:\/\/nyforetagarcentrum.se\/norduppland\/#organization","name":"Norduppland","url":"https:\/\/nyforetagarcentrum.se\/norduppland\/","logo":{"@type":"ImageObject","inLanguage":"sv-SE","@id":"https:\/\/nyforetagarcentrum.se\/norduppland\/#\/schema\/logo\/image\/","url":"https:\/\/nyforetagarcentrum.se\/norduppland\/wp-content\/uploads\/sites\/8\/2026\/04\/norduppland_bla.png","contentUrl":"https:\/\/nyforetagarcentrum.se\/norduppland\/wp-content\/uploads\/sites\/8\/2026\/04\/norduppland_bla.png","width":870,"height":355,"caption":"Norduppland"},"image":{"@id":"https:\/\/nyforetagarcentrum.se\/norduppland\/#\/schema\/logo\/image\/"}}]}},"_links":{"self":[{"href":"https:\/\/nyforetagarcentrum.se\/norduppland\/wp-json\/wp\/v2\/event\/903"}],"collection":[{"href":"https:\/\/nyforetagarcentrum.se\/norduppland\/wp-json\/wp\/v2\/event"}],"about":[{"href":"https:\/\/nyforetagarcentrum.se\/norduppland\/wp-json\/wp\/v2\/types\/event"}],"version-history":[{"count":4,"href":"https:\/\/nyforetagarcentrum.se\/norduppland\/wp-json\/wp\/v2\/event\/903\/revisions"}],"predecessor-version":[{"id":933,"href":"https:\/\/nyforetagarcentrum.se\/norduppland\/wp-json\/wp\/v2\/event\/903\/revisions\/933"}],"wp:attachment":[{"href":"https:\/\/nyforetagarcentrum.se\/norduppland\/wp-json\/wp\/v2\/media?parent=903"}],"curies":[{"name":"wp","href":"https:\/\/api.w.org\/{rel}","templated":true}]}}