{"id":818,"date":"2025-11-13T12:43:56","date_gmt":"2025-11-13T11:43:56","guid":{"rendered":"https:\/\/nyforetagarcentrum.se\/norduppland\/?post_type=event&#038;p=818"},"modified":"2025-11-21T07:55:19","modified_gmt":"2025-11-21T06:55:19","slug":"strata-eget-60-min","status":"publish","type":"event","link":"https:\/\/nyforetagarcentrum.se\/norduppland\/evenemang\/strata-eget-60-min\/","title":{"rendered":"Strata eget 60 min"},"content":{"rendered":"\n<p>Dr\u00f6mmer du om att starta eget och vill veta mer? Under en inspirerande timme ger vi dig en introduktion till f\u00f6retagande. Vi g\u00e5r igenom grunderna i att starta eget, f\u00f6rklarar skatt och moms, visar hur du registrerar ditt f\u00f6retag och delar med oss av smarta tips och knep f\u00f6r att lyckas.<\/p>\n\n\n\n<p>Som avslutning f\u00e5r du ta del av n\u00e5gra f\u00f6rm\u00e5nliga erbjudanden f\u00f6r nya f\u00f6retagare.<\/p>\n\n\n\n<p>Deltagandet \u00e4r helt kostnadsfritt!<\/p>\n\n\n\n<p>Anm\u00e4l dig via l\u00e4nken eller via mail till: <a href=\"mailto:josefin.nasstrom@nyforetagarcentrum.se\">josefin.nasstrom@nyforetagarcentrum.se<\/a><\/p>\n\n\n\n<p>Vi ses! <\/p>\n","protected":false},"template":"","meta":{"footnotes":""},"acf":[],"yoast_head":"<!-- This site is optimized with the Yoast SEO plugin v22.9 - https:\/\/yoast.com\/wordpress\/plugins\/seo\/ -->\n<title>Evenemang i Norduppland - Nyf\u00f6retagarCentrum<\/title>\n<meta name=\"description\" content=\"Uppt\u00e4ck kommande evenemang hos Nyf\u00f6retagarCentrum i Norduppland, utformade f\u00f6r att st\u00f6dja blivande och nya f\u00f6retagare. Delta i workshops, seminarier och n\u00e4tverkstr\u00e4ffar f\u00f6r att f\u00e5 v\u00e4rdefulla insikter och kontakter f\u00f6r din entrepren\u00f6rsresa. F\u00e5 information om datum, platser och hur du anm\u00e4ler dig.\" \/>\n<meta name=\"robots\" content=\"index, follow, max-snippet:-1, max-image-preview:large, max-video-preview:-1\" \/>\n<link rel=\"canonical\" href=\"https:\/\/nyforetagarcentrum.se\/norduppland\/evenemang\/strata-eget-60-min\/\" \/>\n<meta property=\"og:locale\" content=\"sv_SE\" \/>\n<meta property=\"og:type\" content=\"article\" \/>\n<meta property=\"og:title\" content=\"Evenemang i Norduppland - Nyf\u00f6retagarCentrum\" \/>\n<meta property=\"og:description\" content=\"Uppt\u00e4ck kommande evenemang hos Nyf\u00f6retagarCentrum i Norduppland, utformade f\u00f6r att st\u00f6dja blivande och nya f\u00f6retagare. Delta i workshops, seminarier och n\u00e4tverkstr\u00e4ffar f\u00f6r att f\u00e5 v\u00e4rdefulla insikter och kontakter f\u00f6r din entrepren\u00f6rsresa. F\u00e5 information om datum, platser och hur du anm\u00e4ler dig.\" \/>\n<meta property=\"og:url\" content=\"https:\/\/nyforetagarcentrum.se\/norduppland\/evenemang\/strata-eget-60-min\/\" \/>\n<meta property=\"og:site_name\" content=\"Norduppland\" \/>\n<meta property=\"article:modified_time\" content=\"2025-11-21T06:55:19+00:00\" \/>\n<meta name=\"twitter:card\" content=\"summary_large_image\" \/>\n<meta name=\"twitter:label1\" content=\"Ber\u00e4knad l\u00e4stid\" \/>\n\t<meta name=\"twitter:data1\" content=\"1 minut\" \/>\n<script type=\"application\/ld+json\" class=\"yoast-schema-graph\">{\"@context\":\"https:\/\/schema.org\",\"@graph\":[{\"@type\":\"WebPage\",\"@id\":\"https:\/\/nyforetagarcentrum.se\/norduppland\/evenemang\/strata-eget-60-min\/\",\"url\":\"https:\/\/nyforetagarcentrum.se\/norduppland\/evenemang\/strata-eget-60-min\/\",\"name\":\"Evenemang i Norduppland - Nyf\u00f6retagarCentrum\",\"isPartOf\":{\"@id\":\"https:\/\/nyforetagarcentrum.se\/norduppland\/#website\"},\"datePublished\":\"2025-11-13T11:43:56+00:00\",\"dateModified\":\"2025-11-21T06:55:19+00:00\",\"description\":\"Uppt\u00e4ck kommande evenemang hos Nyf\u00f6retagarCentrum i Norduppland, utformade f\u00f6r att st\u00f6dja blivande och nya f\u00f6retagare. Delta i workshops, seminarier och n\u00e4tverkstr\u00e4ffar f\u00f6r att f\u00e5 v\u00e4rdefulla insikter och kontakter f\u00f6r din entrepren\u00f6rsresa. F\u00e5 information om datum, platser och hur du anm\u00e4ler dig.\",\"breadcrumb\":{\"@id\":\"https:\/\/nyforetagarcentrum.se\/norduppland\/evenemang\/strata-eget-60-min\/#breadcrumb\"},\"inLanguage\":\"sv-SE\",\"potentialAction\":[{\"@type\":\"ReadAction\",\"target\":[\"https:\/\/nyforetagarcentrum.se\/norduppland\/evenemang\/strata-eget-60-min\/\"]}]},{\"@type\":\"BreadcrumbList\",\"@id\":\"https:\/\/nyforetagarcentrum.se\/norduppland\/evenemang\/strata-eget-60-min\/#breadcrumb\",\"itemListElement\":[{\"@type\":\"ListItem\",\"position\":1,\"name\":\"Hem\",\"item\":\"https:\/\/nyforetagarcentrum.se\/norduppland\/\"},{\"@type\":\"ListItem\",\"position\":2,\"name\":\"Evenemang\",\"item\":\"https:\/\/nyforetagarcentrum.se\/norduppland\/evenemang\/\"},{\"@type\":\"ListItem\",\"position\":3,\"name\":\"Strata eget 60 min\"}]},{\"@type\":\"WebSite\",\"@id\":\"https:\/\/nyforetagarcentrum.se\/norduppland\/#website\",\"url\":\"https:\/\/nyforetagarcentrum.se\/norduppland\/\",\"name\":\"Norduppland\",\"description\":\"Sveriges ledande kraft f\u00f6r fler nya livskraftiga f\u00f6retag\",\"publisher\":{\"@id\":\"https:\/\/nyforetagarcentrum.se\/norduppland\/#organization\"},\"potentialAction\":[{\"@type\":\"SearchAction\",\"target\":{\"@type\":\"EntryPoint\",\"urlTemplate\":\"https:\/\/nyforetagarcentrum.se\/norduppland\/?s={search_term_string}\"},\"query-input\":\"required name=search_term_string\"}],\"inLanguage\":\"sv-SE\"},{\"@type\":\"Organization\",\"@id\":\"https:\/\/nyforetagarcentrum.se\/norduppland\/#organization\",\"name\":\"Norduppland\",\"url\":\"https:\/\/nyforetagarcentrum.se\/norduppland\/\",\"logo\":{\"@type\":\"ImageObject\",\"inLanguage\":\"sv-SE\",\"@id\":\"https:\/\/nyforetagarcentrum.se\/norduppland\/#\/schema\/logo\/image\/\",\"url\":\"https:\/\/nyforetagarcentrum.se\/norduppland\/wp-content\/uploads\/sites\/8\/2026\/04\/norduppland_bla.png\",\"contentUrl\":\"https:\/\/nyforetagarcentrum.se\/norduppland\/wp-content\/uploads\/sites\/8\/2026\/04\/norduppland_bla.png\",\"width\":870,\"height\":355,\"caption\":\"Norduppland\"},\"image\":{\"@id\":\"https:\/\/nyforetagarcentrum.se\/norduppland\/#\/schema\/logo\/image\/\"}}]}<\/script>\n<!-- \/ Yoast SEO plugin. -->","yoast_head_json":{"title":"Evenemang i Norduppland - Nyf\u00f6retagarCentrum","description":"Uppt\u00e4ck kommande evenemang hos Nyf\u00f6retagarCentrum i Norduppland, utformade f\u00f6r att st\u00f6dja blivande och nya f\u00f6retagare. Delta i workshops, seminarier och n\u00e4tverkstr\u00e4ffar f\u00f6r att f\u00e5 v\u00e4rdefulla insikter och kontakter f\u00f6r din entrepren\u00f6rsresa. F\u00e5 information om datum, platser och hur du anm\u00e4ler dig.","robots":{"index":"index","follow":"follow","max-snippet":"max-snippet:-1","max-image-preview":"max-image-preview:large","max-video-preview":"max-video-preview:-1"},"canonical":"https:\/\/nyforetagarcentrum.se\/norduppland\/evenemang\/strata-eget-60-min\/","og_locale":"sv_SE","og_type":"article","og_title":"Evenemang i Norduppland - Nyf\u00f6retagarCentrum","og_description":"Uppt\u00e4ck kommande evenemang hos Nyf\u00f6retagarCentrum i Norduppland, utformade f\u00f6r att st\u00f6dja blivande och nya f\u00f6retagare. Delta i workshops, seminarier och n\u00e4tverkstr\u00e4ffar f\u00f6r att f\u00e5 v\u00e4rdefulla insikter och kontakter f\u00f6r din entrepren\u00f6rsresa. F\u00e5 information om datum, platser och hur du anm\u00e4ler dig.","og_url":"https:\/\/nyforetagarcentrum.se\/norduppland\/evenemang\/strata-eget-60-min\/","og_site_name":"Norduppland","article_modified_time":"2025-11-21T06:55:19+00:00","twitter_card":"summary_large_image","twitter_misc":{"Ber\u00e4knad l\u00e4stid":"1 minut"},"schema":{"@context":"https:\/\/schema.org","@graph":[{"@type":"WebPage","@id":"https:\/\/nyforetagarcentrum.se\/norduppland\/evenemang\/strata-eget-60-min\/","url":"https:\/\/nyforetagarcentrum.se\/norduppland\/evenemang\/strata-eget-60-min\/","name":"Evenemang i Norduppland - Nyf\u00f6retagarCentrum","isPartOf":{"@id":"https:\/\/nyforetagarcentrum.se\/norduppland\/#website"},"datePublished":"2025-11-13T11:43:56+00:00","dateModified":"2025-11-21T06:55:19+00:00","description":"Uppt\u00e4ck kommande evenemang hos Nyf\u00f6retagarCentrum i Norduppland, utformade f\u00f6r att st\u00f6dja blivande och nya f\u00f6retagare. Delta i workshops, seminarier och n\u00e4tverkstr\u00e4ffar f\u00f6r att f\u00e5 v\u00e4rdefulla insikter och kontakter f\u00f6r din entrepren\u00f6rsresa. F\u00e5 information om datum, platser och hur du anm\u00e4ler dig.","breadcrumb":{"@id":"https:\/\/nyforetagarcentrum.se\/norduppland\/evenemang\/strata-eget-60-min\/#breadcrumb"},"inLanguage":"sv-SE","potentialAction":[{"@type":"ReadAction","target":["https:\/\/nyforetagarcentrum.se\/norduppland\/evenemang\/strata-eget-60-min\/"]}]},{"@type":"BreadcrumbList","@id":"https:\/\/nyforetagarcentrum.se\/norduppland\/evenemang\/strata-eget-60-min\/#breadcrumb","itemListElement":[{"@type":"ListItem","position":1,"name":"Hem","item":"https:\/\/nyforetagarcentrum.se\/norduppland\/"},{"@type":"ListItem","position":2,"name":"Evenemang","item":"https:\/\/nyforetagarcentrum.se\/norduppland\/evenemang\/"},{"@type":"ListItem","position":3,"name":"Strata eget 60 min"}]},{"@type":"WebSite","@id":"https:\/\/nyforetagarcentrum.se\/norduppland\/#website","url":"https:\/\/nyforetagarcentrum.se\/norduppland\/","name":"Norduppland","description":"Sveriges ledande kraft f\u00f6r fler nya livskraftiga f\u00f6retag","publisher":{"@id":"https:\/\/nyforetagarcentrum.se\/norduppland\/#organization"},"potentialAction":[{"@type":"SearchAction","target":{"@type":"EntryPoint","urlTemplate":"https:\/\/nyforetagarcentrum.se\/norduppland\/?s={search_term_string}"},"query-input":"required name=search_term_string"}],"inLanguage":"sv-SE"},{"@type":"Organization","@id":"https:\/\/nyforetagarcentrum.se\/norduppland\/#organization","name":"Norduppland","url":"https:\/\/nyforetagarcentrum.se\/norduppland\/","logo":{"@type":"ImageObject","inLanguage":"sv-SE","@id":"https:\/\/nyforetagarcentrum.se\/norduppland\/#\/schema\/logo\/image\/","url":"https:\/\/nyforetagarcentrum.se\/norduppland\/wp-content\/uploads\/sites\/8\/2026\/04\/norduppland_bla.png","contentUrl":"https:\/\/nyforetagarcentrum.se\/norduppland\/wp-content\/uploads\/sites\/8\/2026\/04\/norduppland_bla.png","width":870,"height":355,"caption":"Norduppland"},"image":{"@id":"https:\/\/nyforetagarcentrum.se\/norduppland\/#\/schema\/logo\/image\/"}}]}},"_links":{"self":[{"href":"https:\/\/nyforetagarcentrum.se\/norduppland\/wp-json\/wp\/v2\/event\/818"}],"collection":[{"href":"https:\/\/nyforetagarcentrum.se\/norduppland\/wp-json\/wp\/v2\/event"}],"about":[{"href":"https:\/\/nyforetagarcentrum.se\/norduppland\/wp-json\/wp\/v2\/types\/event"}],"version-history":[{"count":17,"href":"https:\/\/nyforetagarcentrum.se\/norduppland\/wp-json\/wp\/v2\/event\/818\/revisions"}],"predecessor-version":[{"id":972,"href":"https:\/\/nyforetagarcentrum.se\/norduppland\/wp-json\/wp\/v2\/event\/818\/revisions\/972"}],"wp:attachment":[{"href":"https:\/\/nyforetagarcentrum.se\/norduppland\/wp-json\/wp\/v2\/media?parent=818"}],"curies":[{"name":"wp","href":"https:\/\/api.w.org\/{rel}","templated":true}]}}