{"id":2666,"date":"2026-03-23T16:12:53","date_gmt":"2026-03-23T15:12:53","guid":{"rendered":"https:\/\/nyforetagarcentrum.se\/nord\/?post_type=event&#038;p=2666"},"modified":"2026-03-23T16:14:26","modified_gmt":"2026-03-23T15:14:26","slug":"starta-eget-utbildning-lulea-4","status":"publish","type":"event","link":"https:\/\/nyforetagarcentrum.se\/nord\/evenemang\/starta-eget-utbildning-lulea-4\/","title":{"rendered":"Starta eget-utbildning Lule\u00e5"},"content":{"rendered":"\n<p><strong>Dr\u00f6mmer du om att starta eget? Eller har du precis dragit ig\u00e5ng och k\u00e4nner att \u201dhj\u00e4lp, vad mycket det \u00e4r att h\u00e5lla koll p\u00e5\u201d? Lugn. Vi hj\u00e4lper dig att sortera tankarna, undvika nyb\u00f6rjarmissarna och bygga ett f\u00f6retag som h\u00e5ller \u00f6ver tid<\/strong>&nbsp;Det \u00e4r dessutom helt kostnadsfritt!<\/p>\n\n\n\n<figure class=\"wp-block-image\"><img loading=\"lazy\" decoding=\"async\" width=\"1024\" height=\"574\" src=\"https:\/\/nyforetagarcentrum.se\/nord\/wp-content\/uploads\/sites\/104\/2026\/01\/91eeedd2-f154-41c2-9358-00a6b48e1c40-1024x574.png\" alt=\"Daniel Heedman - R\u00e5dgivare Lule\u00e5\" class=\"wp-image-2352\" srcset=\"https:\/\/nyforetagarcentrum.se\/nord\/wp-content\/uploads\/sites\/104\/2026\/01\/91eeedd2-f154-41c2-9358-00a6b48e1c40-1024x574.png 1024w, https:\/\/nyforetagarcentrum.se\/nord\/wp-content\/uploads\/sites\/104\/2026\/01\/91eeedd2-f154-41c2-9358-00a6b48e1c40-300x168.png 300w, https:\/\/nyforetagarcentrum.se\/nord\/wp-content\/uploads\/sites\/104\/2026\/01\/91eeedd2-f154-41c2-9358-00a6b48e1c40-768x430.png 768w, https:\/\/nyforetagarcentrum.se\/nord\/wp-content\/uploads\/sites\/104\/2026\/01\/91eeedd2-f154-41c2-9358-00a6b48e1c40.png 1160w\" sizes=\"(max-width: 1024px) 100vw, 1024px\" \/><\/figure>\n\n\n\n<p><\/p>\n\n\n\n<p>Att starta f\u00f6retag \u00e4r det roligaste (och l\u00e4skigaste) du kan g\u00f6ra. D\u00e4rf\u00f6r erbjuder Nyf\u00f6retagarcentrum Nord en kostnadsfri utbildning f\u00f6r dig i Lule\u00e5.<\/p>\n\n\n\n<h2 class=\"wp-block-heading\">Uppl\u00e4gg f\u00f6r starta eget-utbildningen<\/h2>\n\n\n\n<p>Vi ses fysiskt tv\u00e5 g\u00e5nger. D\u00e4remellan f\u00e5r du tillg\u00e5ng till v\u00e5rt digitala material som du kollar p\u00e5 n\u00e4r det passar dig (i soffan, p\u00e5 bussen eller vid k\u00f6ksbordet).<\/p>\n\n\n\n<h3 class=\"wp-block-heading\">Kickoff<\/h3>\n\n\n\n<p>Vi g\u00e5r igenom uppl\u00e4gget, du f\u00e5r tillg\u00e5ng till portalen och tr\u00e4ffar andra blivande f\u00f6retagare.<br>Eget arbete: Du f\u00e5r 5 timmar videomaterial att se i din egen takt.<\/p>\n\n\n\n<h3 class=\"wp-block-heading\">Uppf\u00f6ljning<\/h3>\n\n\n\n<p>Nu dyker vi ner i dina fr\u00e5gor. Personlig r\u00e5dgivning och fokus p\u00e5 din aff\u00e4rsplan.<\/p>\n\n\n\n<h2 class=\"wp-block-heading\">Vad f\u00e5r du l\u00e4ra dig?<\/h2>\n\n\n\n<p><br>\u2705<strong>&nbsp;Aff\u00e4rsplanen<\/strong><\/p>\n\n\n\n<p>Fr\u00e5n luddig id\u00e9 till konkret plan. Vilken bolagsform passar dig?<\/p>\n\n\n\n<p>\u2705&nbsp;<strong>Pengarna<\/strong><\/p>\n\n\n\n<p>Bokf\u00f6ring, moms och skatt<\/p>\n\n\n\n<p>\u2705&nbsp;<strong>Kunderna<\/strong><\/p>\n\n\n\n<p>Vem ska k\u00f6pa av dig? Och hur hittar du dem utan att l\u00e4gga en f\u00f6rm\u00f6genhet p\u00e5 reklam?<\/p>\n\n\n\n<p>\u2705<strong>&nbsp;S\u00e4ljet<\/strong><\/p>\n\n\n\n<p>Hur tar man betalt utan att sk\u00e4mmas? Vi l\u00e4r dig s\u00e4lja med hj\u00e4rtat.<\/p>\n\n\n\n<h2 class=\"wp-block-heading\">Varf\u00f6r ska du anm\u00e4la dig?<\/h2>\n\n\n\n<p>F\u00f6r att slippa g\u00f6ra misstagen som kostar tid och pengar. V\u00e5ra r\u00e5dgivare har m\u00f6tt m\u00e5nga f\u00f6retag som \u00e4r precis d\u00e4r du \u00e4r och de vet vad som funkar och vilka fallgropar man ska undvika. Nu delar dom med sig av sina b\u00e4sta tips. Dessutom f\u00e5r du ett n\u00e4tverk av andra Lule\u00e5-entrepren\u00f6rer p\u00e5 k\u00f6pet.<\/p>\n\n\n\n<p><br><strong>Begr\u00e4nsat antal platser!<br><\/strong>Det \u00e4r helt gratis, men platserna p\u00e5 Navet tar slut fort. Boka din plats idag och ge din dr\u00f6m en \u00e4rlig chans.<\/p>\n\n\n\n<div class=\"wp-block-buttons is-layout-flex wp-block-buttons-is-layout-flex\">\n<div class=\"wp-block-button\"><a class=\"wp-block-button__link wp-element-button\" href=\"https:\/\/jobsdata-nyforetagarcentrum.se\/DropInBooking?OfficeId=10a54841-4902-eb11-90fb-005056854b61&amp;AdvisorId=2b09b646-66a2-4164-96a8-7053ad30175a&amp;uniqueId=2725035\">BOKA PLATS H\u00c4R<\/a><\/div>\n<\/div>\n\n\n\n<h2 class=\"wp-block-heading\"><strong>Uppl\u00e4gg f\u00f6r&nbsp;<\/strong>starta eget-kursen<\/h2>\n\n\n\n<h3 class=\"wp-block-heading\"><strong>Steg 1: Vi startar tillsammans<\/strong><\/h3>\n\n\n\n<h2 class=\"wp-block-heading\"><strong>Detta ing\u00e5r<\/strong>&nbsp;i kursen:<\/h2>\n\n\n\n<p>\u2713 5 timmar videof\u00f6rel\u00e4sningar<br>\u2713 2 fysiska tr\u00e4ffar i Lule\u00e5 med experter<br>\u2713 Personlig r\u00e5dgivning kring din situation<br>\u2713 M\u00f6jlighet att n\u00e4tverka med andra f\u00f6retagare<br>\u2713<strong>&nbsp;Helt kostnadsfritt<\/strong><\/p>\n\n\n\n<h2 class=\"wp-block-heading\">INFORMATION<\/h2>\n\n\n\n<p>Uppstartstr\u00e4ff:&nbsp;m\u00e5ndag 13 april&nbsp;kl.18:30-19:30&nbsp;p\u00e5 Navet (Kungsgatan 23A, 972 31 Lule\u00e5)<br>Avslutande tr\u00e4ff:&nbsp;m\u00e5ndag 18 maj&nbsp;kl.18:30-20:30&nbsp;p\u00e5 ALMI (Stationsgatan 36, plan 3, 972 32 Lule\u00e5)<\/p>\n\n\n\n<h4 class=\"wp-block-heading\"><strong>Kostnad:<\/strong>&nbsp;Helt kostnadsfritt<\/h4>\n\n\n\n<h4 class=\"wp-block-heading\"><strong>Begr\u00e4nsat antal platser<\/strong><\/h4>\n\n\n\n<p><em>Utbildningen arrangeras av Nyf\u00f6retagarcentrum Nord som en del av Startklar-serien. Vi har l\u00e5ng erfarenhet av att st\u00f6tta nya f\u00f6retagare och ser fram emot att hj\u00e4lpa dig p\u00e5 din resa.<\/em><\/p>\n\n\n\n<h4 class=\"wp-block-heading\"><strong>Har du fr\u00e5gor?<\/strong><\/h4>\n\n\n\n<p>Tveka inte att h\u00f6ra av dig. Det finns inga dumma fr\u00e5gor n\u00e4r det kommer till att starta f\u00f6retag. Vi finns h\u00e4r f\u00f6r att hj\u00e4lpa dig lyckas.<\/p>\n","protected":false},"template":"","meta":{"footnotes":""},"acf":[],"_links":{"self":[{"href":"https:\/\/nyforetagarcentrum.se\/nord\/wp-json\/wp\/v2\/event\/2666"}],"collection":[{"href":"https:\/\/nyforetagarcentrum.se\/nord\/wp-json\/wp\/v2\/event"}],"about":[{"href":"https:\/\/nyforetagarcentrum.se\/nord\/wp-json\/wp\/v2\/types\/event"}],"version-history":[{"count":3,"href":"https:\/\/nyforetagarcentrum.se\/nord\/wp-json\/wp\/v2\/event\/2666\/revisions"}],"predecessor-version":[{"id":2669,"href":"https:\/\/nyforetagarcentrum.se\/nord\/wp-json\/wp\/v2\/event\/2666\/revisions\/2669"}],"wp:attachment":[{"href":"https:\/\/nyforetagarcentrum.se\/nord\/wp-json\/wp\/v2\/media?parent=2666"}],"curies":[{"name":"wp","href":"https:\/\/api.w.org\/{rel}","templated":true}]}}