{"id":2611,"date":"2026-03-09T13:31:22","date_gmt":"2026-03-09T12:31:22","guid":{"rendered":"https:\/\/nyforetagarcentrum.se\/nord\/?post_type=event&#038;p=2611"},"modified":"2026-03-09T13:31:56","modified_gmt":"2026-03-09T12:31:56","slug":"trendspaning-besoksnaring","status":"publish","type":"event","link":"https:\/\/nyforetagarcentrum.se\/nord\/evenemang\/trendspaning-besoksnaring\/","title":{"rendered":"Trendspaning: Bes\u00f6ksn\u00e4ring"},"content":{"rendered":"\n<p><strong>Kostnadsfri webbinarium f\u00f6r dig som vill starta eller nyligen har startat f\u00f6retag inom bes\u00f6ksn\u00e4ringen.<\/strong><\/p>\n\n\n\n<p><\/p>\n\n\n\n<figure class=\"wp-block-image size-large\"><img loading=\"lazy\" decoding=\"async\" width=\"1024\" height=\"1024\" src=\"https:\/\/nyforetagarcentrum.se\/nord\/wp-content\/uploads\/sites\/104\/2026\/03\/Webbinarium-Nyforetagarcentum-nord-2025-36-1024x1024.png\" alt=\"\" class=\"wp-image-2610\" srcset=\"https:\/\/nyforetagarcentrum.se\/nord\/wp-content\/uploads\/sites\/104\/2026\/03\/Webbinarium-Nyforetagarcentum-nord-2025-36-1024x1024.png 1024w, https:\/\/nyforetagarcentrum.se\/nord\/wp-content\/uploads\/sites\/104\/2026\/03\/Webbinarium-Nyforetagarcentum-nord-2025-36-300x300.png 300w, https:\/\/nyforetagarcentrum.se\/nord\/wp-content\/uploads\/sites\/104\/2026\/03\/Webbinarium-Nyforetagarcentum-nord-2025-36-150x150.png 150w, https:\/\/nyforetagarcentrum.se\/nord\/wp-content\/uploads\/sites\/104\/2026\/03\/Webbinarium-Nyforetagarcentum-nord-2025-36-768x768.png 768w, https:\/\/nyforetagarcentrum.se\/nord\/wp-content\/uploads\/sites\/104\/2026\/03\/Webbinarium-Nyforetagarcentum-nord-2025-36.png 1080w\" sizes=\"(max-width: 1024px) 100vw, 1024px\" \/><\/figure>\n\n\n\n<p><\/p>\n\n\n\n<p>Under tr\u00e4ffen f\u00e5r du ta del av trender, f\u00f6r\u00e4ndringar och m\u00f6jligheter i branschen. Du f\u00e5r ocks\u00e5 lyssna till experter som delar med sig av kunskap och perspektiv som kan hj\u00e4lpa dig fram\u00e5t i ditt f\u00f6retagande.<\/p>\n\n\n\n<p>Webbinariumet \u00e4r en del av&nbsp;Business Boost Academy men \u00f6ppet f\u00f6r alla att delta med anm\u00e4lan.<\/p>\n\n\n\n<p><strong>Datum:<\/strong> 18 mars<br><strong>Tid:<\/strong> 09.30\u201312.00<br><strong>Plats:<\/strong> Digitalt via Teams<br><strong>Kostnad:<\/strong> Kostnadsfritt<\/p>\n\n\n\n<p><strong>Det h\u00e4r \u00e4r f\u00f6r dig som:<\/strong><\/p>\n\n\n\n<ul>\n<li>vill starta f\u00f6retag eller har drivit f\u00f6retag i upp till 3 \u00e5r<\/li>\n\n\n\n<li>driver eller vill starta f\u00f6retag inom bes\u00f6ksn\u00e4ringen<\/li>\n\n\n\n<li>bor i Arvidsjaur, Boden, Haparanda, G\u00e4llivare, Lule\u00e5, Pajala, Pite\u00e5, \u00d6verkalix eller \u00d6vertorne\u00e5<\/li>\n<\/ul>\n\n\n\n<p>Efter anm\u00e4lan skickas l\u00e4nken till dig via mejl.<\/p>\n\n\n\n<p><strong><a href=\"https:\/\/simplesignup.se\/private_event\/234837\/bee3f83e61\">Anm\u00e4l dig h\u00e4r.<\/a><\/strong><\/p>\n","protected":false},"template":"","meta":{"footnotes":""},"acf":[],"_links":{"self":[{"href":"https:\/\/nyforetagarcentrum.se\/nord\/wp-json\/wp\/v2\/event\/2611"}],"collection":[{"href":"https:\/\/nyforetagarcentrum.se\/nord\/wp-json\/wp\/v2\/event"}],"about":[{"href":"https:\/\/nyforetagarcentrum.se\/nord\/wp-json\/wp\/v2\/types\/event"}],"version-history":[{"count":3,"href":"https:\/\/nyforetagarcentrum.se\/nord\/wp-json\/wp\/v2\/event\/2611\/revisions"}],"predecessor-version":[{"id":2614,"href":"https:\/\/nyforetagarcentrum.se\/nord\/wp-json\/wp\/v2\/event\/2611\/revisions\/2614"}],"wp:attachment":[{"href":"https:\/\/nyforetagarcentrum.se\/nord\/wp-json\/wp\/v2\/media?parent=2611"}],"curies":[{"name":"wp","href":"https:\/\/api.w.org\/{rel}","templated":true}]}}