{"id":2604,"date":"2026-03-09T13:23:54","date_gmt":"2026-03-09T12:23:54","guid":{"rendered":"https:\/\/nyforetagarcentrum.se\/nord\/?post_type=event&#038;p=2604"},"modified":"2026-03-09T13:24:29","modified_gmt":"2026-03-09T12:24:29","slug":"trendspaning-grona-naringar","status":"publish","type":"event","link":"https:\/\/nyforetagarcentrum.se\/nord\/evenemang\/trendspaning-grona-naringar\/","title":{"rendered":"Trendspaning: Gr\u00f6na n\u00e4ringar"},"content":{"rendered":"\n<p><strong>Kostnadsfri webbinarium f\u00f6r dig som vill starta eller nyligen har startat f\u00f6retag inom gr\u00f6na n\u00e4ringar.<\/strong><\/p>\n\n\n\n<p><\/p>\n\n\n\n<figure class=\"wp-block-image size-large is-resized\"><img loading=\"lazy\" decoding=\"async\" width=\"1024\" height=\"1024\" src=\"https:\/\/nyforetagarcentrum.se\/nord\/wp-content\/uploads\/sites\/104\/2026\/03\/Webbinarium-Nyforetagarcentum-nord-2025-35-1024x1024.png\" alt=\"\" class=\"wp-image-2605\" style=\"object-fit:cover;width:800px;height:800px\" srcset=\"https:\/\/nyforetagarcentrum.se\/nord\/wp-content\/uploads\/sites\/104\/2026\/03\/Webbinarium-Nyforetagarcentum-nord-2025-35-1024x1024.png 1024w, https:\/\/nyforetagarcentrum.se\/nord\/wp-content\/uploads\/sites\/104\/2026\/03\/Webbinarium-Nyforetagarcentum-nord-2025-35-300x300.png 300w, https:\/\/nyforetagarcentrum.se\/nord\/wp-content\/uploads\/sites\/104\/2026\/03\/Webbinarium-Nyforetagarcentum-nord-2025-35-150x150.png 150w, https:\/\/nyforetagarcentrum.se\/nord\/wp-content\/uploads\/sites\/104\/2026\/03\/Webbinarium-Nyforetagarcentum-nord-2025-35-768x768.png 768w, https:\/\/nyforetagarcentrum.se\/nord\/wp-content\/uploads\/sites\/104\/2026\/03\/Webbinarium-Nyforetagarcentum-nord-2025-35.png 1080w\" sizes=\"(max-width: 1024px) 100vw, 1024px\" \/><\/figure>\n\n\n\n<p><\/p>\n\n\n\n<p>Under tr\u00e4ffen f\u00e5r du ta del av trender, f\u00f6r\u00e4ndringar och m\u00f6jligheter i branschen. Du f\u00e5r ocks\u00e5 lyssna till experter som delar med sig av kunskap och perspektiv som kan hj\u00e4lpa dig fram\u00e5t i ditt f\u00f6retagande.<\/p>\n\n\n\n<p><strong>Du beh\u00f6ver inte vara med i Business Boost Academy f\u00f6r att delta.<\/strong><br><\/p>\n\n\n\n<p><strong>Datum:<\/strong> 16 mars<br><strong>Tid:<\/strong> 09.30\u201312.00<br><strong>Plats:<\/strong> Digitalt via Teams<br><strong>Kostnad:<\/strong> Kostnadsfritt<\/p>\n\n\n\n<p><strong>Det h\u00e4r \u00e4r f\u00f6r dig som:<\/strong><\/p>\n\n\n\n<ul>\n<li>vill starta f\u00f6retag eller har drivit f\u00f6retag i upp till 3 \u00e5r<\/li>\n\n\n\n<li>driver eller vill starta f\u00f6retag inom gr\u00f6na n\u00e4ringar<\/li>\n\n\n\n<li>bor i Arvidsjaur, Boden, Haparanda, Lule\u00e5, Pajala, Pite\u00e5, \u00d6verkalix eller \u00d6vertorne\u00e5<\/li>\n<\/ul>\n\n\n\n<p>Efter anm\u00e4lan skickas l\u00e4nken till dig via mejl.<\/p>\n\n\n\n<p><\/p>\n\n\n\n<p><strong><a href=\"https:\/\/simplesignup.se\/private_event\/234836\/5a7508b44f\">Anm\u00e4l dig h\u00e4r.<\/a><\/strong><\/p>\n","protected":false},"template":"","meta":{"footnotes":""},"acf":[],"_links":{"self":[{"href":"https:\/\/nyforetagarcentrum.se\/nord\/wp-json\/wp\/v2\/event\/2604"}],"collection":[{"href":"https:\/\/nyforetagarcentrum.se\/nord\/wp-json\/wp\/v2\/event"}],"about":[{"href":"https:\/\/nyforetagarcentrum.se\/nord\/wp-json\/wp\/v2\/types\/event"}],"version-history":[{"count":3,"href":"https:\/\/nyforetagarcentrum.se\/nord\/wp-json\/wp\/v2\/event\/2604\/revisions"}],"predecessor-version":[{"id":2608,"href":"https:\/\/nyforetagarcentrum.se\/nord\/wp-json\/wp\/v2\/event\/2604\/revisions\/2608"}],"wp:attachment":[{"href":"https:\/\/nyforetagarcentrum.se\/nord\/wp-json\/wp\/v2\/media?parent=2604"}],"curies":[{"name":"wp","href":"https:\/\/api.w.org\/{rel}","templated":true}]}}