{"id":2541,"date":"2026-02-11T11:02:28","date_gmt":"2026-02-11T10:02:28","guid":{"rendered":"https:\/\/nyforetagarcentrum.se\/nord\/?post_type=event&#038;p=2541"},"modified":"2026-02-11T11:45:03","modified_gmt":"2026-02-11T10:45:03","slug":"starta-eget-utbildning-boden","status":"publish","type":"event","link":"https:\/\/nyforetagarcentrum.se\/nord\/evenemang\/starta-eget-utbildning-boden\/","title":{"rendered":"Starta-eget utbildning Boden"},"content":{"rendered":"\n<p><strong>Bor du i Boden kommun och har en aff\u00e4rsid\u00e9 som du vill f\u00f6rverkliga men steget till att faktiskt starta f\u00f6retag k\u00e4nns stort? Eller har du redan startat men k\u00e4mpar med fr\u00e5gor kring aff\u00e4rsplanering, f\u00f6rs\u00e4ljning och hur du f\u00e5r dina f\u00f6rsta kunder?<\/strong><\/p>\n\n\n\n<p>D\u00e5 f\u00e5r du inte missa \u00e5rets f\u00f6rsta Startklar Boden. Starta eget-utbildningen som hj\u00e4lper dig komma ig\u00e5ng med hj\u00e4lp av v\u00e5r expert Owe Johansson.<\/p>\n\n\n\n<figure class=\"wp-block-image size-large\"><img loading=\"lazy\" decoding=\"async\" width=\"1024\" height=\"683\" src=\"https:\/\/nyforetagarcentrum.se\/nord\/wp-content\/uploads\/sites\/104\/2026\/02\/Untitled-design-11-1024x683.png\" alt=\"fotograf Damien Noss \/ Nordic Perspecives\" class=\"wp-image-2544\" srcset=\"https:\/\/nyforetagarcentrum.se\/nord\/wp-content\/uploads\/sites\/104\/2026\/02\/Untitled-design-11-1024x683.png 1024w, https:\/\/nyforetagarcentrum.se\/nord\/wp-content\/uploads\/sites\/104\/2026\/02\/Untitled-design-11-300x200.png 300w, https:\/\/nyforetagarcentrum.se\/nord\/wp-content\/uploads\/sites\/104\/2026\/02\/Untitled-design-11-768x512.png 768w, https:\/\/nyforetagarcentrum.se\/nord\/wp-content\/uploads\/sites\/104\/2026\/02\/Untitled-design-11.png 1344w\" sizes=\"(max-width: 1024px) 100vw, 1024px\" \/><\/figure>\n\n\n\n<p><em>Fotograf Damien Noss \/ Nordic Perspecives<br><\/em><\/p>\n\n\n\n<p>De f\u00f6rsta stegen som f\u00f6retagare \u00e4r ofta de tuffaste men du beh\u00f6ver inte ta dem ensam. Under fyra kv\u00e4llar f\u00e5r du praktisk v\u00e4gledning genom de vanligaste utmaningarna som nya f\u00f6retagare m\u00f6ter:<\/p>\n\n\n\n<ul>\n<li>Starta eget-processen<\/li>\n\n\n\n<li>Ekonomi &amp; administration<\/li>\n\n\n\n<li>Marknadsf\u00f6ring &amp; kundarbete<\/li>\n\n\n\n<li>Finansiering &amp; f\u00f6rs\u00e4kring<\/li>\n<\/ul>\n\n\n\n<p>Du f\u00e5r ocks\u00e5 m\u00f6jlighet att n\u00e4tverka med andra nya f\u00f6retagare och st\u00e4lla fr\u00e5gor direkt till erfarna r\u00e5dgivare.<\/p>\n\n\n\n<h2 class=\"wp-block-heading\">Helt kostnadsfritt<\/h2>\n\n\n\n<p>Tack vare st\u00f6d fr\u00e5n Boden kommun och v\u00e5ra f\u00f6retagspartners \u00e4r utbildningen helt kostnadsfri. Din investering \u00e4r tid och ditt engagemang. Platserna \u00e4r begr\u00e4nsade, s\u00e5 s\u00e4kra din redan idag.<\/p>\n\n\n\n<p><br><strong>Praktisk info<br><\/strong>Plats: Hotell Bodensia, Boden<br>Tid: Kl. 18.00\u201320.00<\/p>\n\n\n\n<p>11 mars<br>12 mars<br>18 mars<br>19 mars<\/p>\n\n\n\n<p><strong>Pris:<\/strong> Kostnadsfritt (anm\u00e4lan kr\u00e4vs)<br>Sista anm\u00e4lningsdag: 8 mars<br><\/p>\n\n\n\n<p><strong>Obs! F\u00f6rst till kvarn<\/strong>,  vi st\u00e4nger anm\u00e4lan i f\u00f6rtid om platserna tar slut.<br>N\u00e4r du anm\u00e4ler dig till f\u00f6rsta tillf\u00e4llet anm\u00e4ls du automatiskt till hela utbildningsserien.<br><\/p>\n\n\n\n<p><strong>Fr\u00e5gor?<br><\/strong>Kontakta Owe Johansson, aff\u00e4rsr\u00e5dgivare p\u00e5 Nyf\u00f6retagarCentrum Nord:<br><a href=\"mailto:owe.johansson@nyforetagarcentrum.se\">owe.johansson@nyforetagarcentrum.se<\/a><\/p>\n\n\n\n<p><\/p>\n\n\n\n<p>Anm\u00e4lan \u00e4r bindande. Kan du inte n\u00e4rvara, avboka s\u00e5 snart du kan. Uteblivet deltagande utan avbokning kan debiteras med 500 kr.<\/p>\n","protected":false},"template":"","meta":{"footnotes":""},"acf":[],"_links":{"self":[{"href":"https:\/\/nyforetagarcentrum.se\/nord\/wp-json\/wp\/v2\/event\/2541"}],"collection":[{"href":"https:\/\/nyforetagarcentrum.se\/nord\/wp-json\/wp\/v2\/event"}],"about":[{"href":"https:\/\/nyforetagarcentrum.se\/nord\/wp-json\/wp\/v2\/types\/event"}],"version-history":[{"count":5,"href":"https:\/\/nyforetagarcentrum.se\/nord\/wp-json\/wp\/v2\/event\/2541\/revisions"}],"predecessor-version":[{"id":2548,"href":"https:\/\/nyforetagarcentrum.se\/nord\/wp-json\/wp\/v2\/event\/2541\/revisions\/2548"}],"wp:attachment":[{"href":"https:\/\/nyforetagarcentrum.se\/nord\/wp-json\/wp\/v2\/media?parent=2541"}],"curies":[{"name":"wp","href":"https:\/\/api.w.org\/{rel}","templated":true}]}}