{"id":2516,"date":"2026-01-29T15:14:14","date_gmt":"2026-01-29T14:14:14","guid":{"rendered":"https:\/\/nyforetagarcentrum.se\/nord\/?post_type=event&#038;p=2516"},"modified":"2026-01-30T10:22:17","modified_gmt":"2026-01-30T09:22:17","slug":"aurora-network-overkalix","status":"publish","type":"event","link":"https:\/\/nyforetagarcentrum.se\/nord\/evenemang\/aurora-network-overkalix\/","title":{"rendered":"Aurora Network \u00d6verkalix"},"content":{"rendered":"\n<figure class=\"wp-block-image size-large\"><img loading=\"lazy\" decoding=\"async\" width=\"1024\" height=\"1024\" src=\"https:\/\/nyforetagarcentrum.se\/nord\/wp-content\/uploads\/sites\/104\/2026\/01\/overkalixaurora-1024x1024.png\" alt=\"\" class=\"wp-image-2525\" srcset=\"https:\/\/nyforetagarcentrum.se\/nord\/wp-content\/uploads\/sites\/104\/2026\/01\/overkalixaurora-1024x1024.png 1024w, https:\/\/nyforetagarcentrum.se\/nord\/wp-content\/uploads\/sites\/104\/2026\/01\/overkalixaurora-300x300.png 300w, https:\/\/nyforetagarcentrum.se\/nord\/wp-content\/uploads\/sites\/104\/2026\/01\/overkalixaurora-150x150.png 150w, https:\/\/nyforetagarcentrum.se\/nord\/wp-content\/uploads\/sites\/104\/2026\/01\/overkalixaurora-768x768.png 768w, https:\/\/nyforetagarcentrum.se\/nord\/wp-content\/uploads\/sites\/104\/2026\/01\/overkalixaurora.png 1080w\" sizes=\"(max-width: 1024px) 100vw, 1024px\" \/><\/figure>\n\n\n\n<p><strong>\u00c4r du kvinna och f\u00f6retagare, eller g\u00e5r du i tankarna att starta f\u00f6retag i \u00d6verkalix? D\u00e5 \u00e4r du varmt v\u00e4lkommen till v\u00e5rens n\u00e4tverkstr\u00e4ff med Aurora Network.<\/strong><\/p>\n\n\n\n<p>Aurora Network \u00e4r ett aff\u00e4rsn\u00e4tverk f\u00f6r kvinnor som vill utveckla sitt f\u00f6retagande i Norrbotten. H\u00e4r m\u00f6ts kvinnor i olika faser av f\u00f6retagandet f\u00f6r att inspireras, dela erfarenheter, knyta nya kontakter och skapa m\u00f6jligheter b\u00e5de lokalt och \u00f6ver kommungr\u00e4nser.<\/p>\n\n\n\n<h2 class=\"wp-block-heading\">Tr\u00e4ffens tema<\/h2>\n\n\n\n<p>Vem f\u00e5r kapitalet? Om finansiering, normer och entrepren\u00f6rskap<\/p>\n\n\n\n<p>Under tr\u00e4ffen f\u00e5r vi bes\u00f6k av Linda H\u00e4llestrand, postdoktor vid&nbsp;<a href=\"https:\/\/www.ltu.se\/\">Lule\u00e5 tekniska universitet<\/a>. Linda delar med sig av forskning och erfarenheter kring kvinnors entrepren\u00f6rskap, finansiering och tillg\u00e5ng till kapital.<\/p>\n\n\n\n<p>Samtalen varvas med erfarenhetsutbyte och workshops. Vi delar gener\u00f6st med oss av praktiska r\u00e5d och tips.<\/p>\n\n\n\n<p>Eventet \u00e4r kostnadsfritt. Vi bjuder p\u00e5 fika, lunch och f\u00f6rel\u00e4sning.<\/p>\n\n\n\n<p>Tid 10:00 \u2013 14:30<\/p>\n\n\n\n<p>Vi ser fram emot att tr\u00e4ffa dig! Detta \u00e4r ett samarbete mellan Nyf\u00f6retagarCentrum Nord, Almi, Sparbanken Nord, Aspia samt \u00d6verkalix kommun.<\/p>\n\n\n\n<p>F\u00f6r fr\u00e5gor eller mer information kontakta&nbsp;<a href=\"mailto:monica@nyforetagarcentrum.se\">monica@nyforetagarcentrum.se<\/a><\/p>\n\n\n\n<p>Sista anm\u00e4lningsdag 14 april.<\/p>\n","protected":false},"template":"","meta":{"footnotes":""},"acf":[],"_links":{"self":[{"href":"https:\/\/nyforetagarcentrum.se\/nord\/wp-json\/wp\/v2\/event\/2516"}],"collection":[{"href":"https:\/\/nyforetagarcentrum.se\/nord\/wp-json\/wp\/v2\/event"}],"about":[{"href":"https:\/\/nyforetagarcentrum.se\/nord\/wp-json\/wp\/v2\/types\/event"}],"version-history":[{"count":6,"href":"https:\/\/nyforetagarcentrum.se\/nord\/wp-json\/wp\/v2\/event\/2516\/revisions"}],"predecessor-version":[{"id":2526,"href":"https:\/\/nyforetagarcentrum.se\/nord\/wp-json\/wp\/v2\/event\/2516\/revisions\/2526"}],"wp:attachment":[{"href":"https:\/\/nyforetagarcentrum.se\/nord\/wp-json\/wp\/v2\/media?parent=2516"}],"curies":[{"name":"wp","href":"https:\/\/api.w.org\/{rel}","templated":true}]}}