{"id":2160,"date":"2025-10-24T19:59:24","date_gmt":"2025-10-24T17:59:24","guid":{"rendered":"https:\/\/nyforetagarcentrum.se\/nord\/?post_type=event&#038;p=2160"},"modified":"2025-10-27T11:45:46","modified_gmt":"2025-10-27T10:45:46","slug":"business-boost-academy","status":"publish","type":"event","link":"https:\/\/nyforetagarcentrum.se\/nord\/evenemang\/business-boost-academy\/","title":{"rendered":"Business Boost Academy"},"content":{"rendered":"\n<p><strong>Aff\u00e4rsutvecklingsprogram f\u00f6r gr\u00f6na n\u00e4ringar, bes\u00f6ksn\u00e4ring och handel<\/strong><\/p>\n\n\n\n<p>Ett samarbete mellan:<\/p>\n\n\n\n<p>Nyf\u00f6retagarCentrum Nord<br>N\u00e4ra Mat \u2013 Norrbottens Livsmedelsstrategi<br>Swedish Lapland Visitors Board<br>Handelsutvecklare<\/p>\n\n\n\n<div style=\"height:35px\" aria-hidden=\"true\" class=\"wp-block-spacer\"><\/div>\n\n\n\n<figure class=\"wp-block-image size-large\"><img loading=\"lazy\" decoding=\"async\" width=\"1024\" height=\"1024\" src=\"https:\/\/nyforetagarcentrum.se\/nord\/wp-content\/uploads\/sites\/104\/2025\/10\/business-boost-utveckla-ditt-foretag-1024x1024.png\" alt=\"\" class=\"wp-image-2174\" srcset=\"https:\/\/nyforetagarcentrum.se\/nord\/wp-content\/uploads\/sites\/104\/2025\/10\/business-boost-utveckla-ditt-foretag-1024x1024.png 1024w, https:\/\/nyforetagarcentrum.se\/nord\/wp-content\/uploads\/sites\/104\/2025\/10\/business-boost-utveckla-ditt-foretag-300x300.png 300w, https:\/\/nyforetagarcentrum.se\/nord\/wp-content\/uploads\/sites\/104\/2025\/10\/business-boost-utveckla-ditt-foretag-150x150.png 150w, https:\/\/nyforetagarcentrum.se\/nord\/wp-content\/uploads\/sites\/104\/2025\/10\/business-boost-utveckla-ditt-foretag-768x768.png 768w, https:\/\/nyforetagarcentrum.se\/nord\/wp-content\/uploads\/sites\/104\/2025\/10\/business-boost-utveckla-ditt-foretag.png 1080w\" sizes=\"(max-width: 1024px) 100vw, 1024px\" \/><\/figure>\n\n\n\n<div style=\"height:35px\" aria-hidden=\"true\" class=\"wp-block-spacer\"><\/div>\n\n\n\n<p><\/p>\n\n\n\n<h2 class=\"wp-block-heading\">Vill du bygga ett l\u00f6nsamt och h\u00e5llbart f\u00f6retag?<\/h2>\n\n\n\n<p>Business Boost Academy \u00e4r ett aff\u00e4rsutvecklingsprogram f\u00f6r dig som driver f\u00f6retag eller vill starta inom gr\u00f6na n\u00e4ringar, bes\u00f6ksn\u00e4ring eller handel i\u00a0Arvidsjaur, Boden, Haparanda, Lule\u00e5, Pajala, Pite\u00e5, \u00d6verkalix eller \u00d6vertorne\u00e5. Programmet ger dig kunskap, verktyg och n\u00e4tverk f\u00f6r att ta ditt f\u00f6retag vidare.<\/p>\n\n\n\n<h2 class=\"wp-block-heading\">Vem kan ans\u00f6ka?<\/h2>\n\n\n\n<ul>\n<li>Du driver eller vill starta f\u00f6retag inom gr\u00f6na n\u00e4ringar, bes\u00f6ksn\u00e4ring eller handel.<\/li>\n\n\n\n<li>Ditt f\u00f6retag \u00e4r max 3 \u00e5r gammalt.<\/li>\n\n\n\n<li>Du bor eller verkar i n\u00e5gon av f\u00f6ljande kommuner: Arvidsjaur, Boden, Haparanda, Lule\u00e5, Pajala, Pite\u00e5, \u00d6verkalix eller \u00d6vertorne\u00e5.<\/li>\n<\/ul>\n\n\n\n<h2 class=\"wp-block-heading\">Det h\u00e4r f\u00e5r du<\/h2>\n\n\n\n<ul>\n<li>Seminarier och workshops med experter och andra f\u00f6retagare.<\/li>\n\n\n\n<li>Individuell r\u00e5dgivning.<\/li>\n\n\n\n<li>Hj\u00e4lp att utveckla aff\u00e4rsid\u00e9, erbjudande, varum\u00e4rke och h\u00e5llbarhetsarbete.<\/li>\n\n\n\n<li>Tillg\u00e5ng till n\u00e4tverk och samarbeten.<\/li>\n<\/ul>\n\n\n\n<p><\/p>\n\n\n\n<p><\/p>\n\n\n\n<h2 class=\"wp-block-heading\">Uppl\u00e4gg v\u00e5ren 2026<\/h2>\n\n\n\n<p>Programmet best\u00e5r av en kombination av digitala och fysiska tr\u00e4ffar:<\/p>\n\n\n\n<ul>\n<li>Upptakt och kickoff: Digital tr\u00e4ff 16 februari kl. 10.00\u201312.00.<\/li>\n\n\n\n<li>Workshop 1: Fysisk tr\u00e4ff i Lule\u00e5 18 februari kl. 09.30\u201315.00.<\/li>\n\n\n\n<li>Trendspaning gr\u00f6na n\u00e4ringar: Digital tr\u00e4ff 16 mars kl. 09.30\u201312.00.<\/li>\n\n\n\n<li>Trendspaning bes\u00f6ksn\u00e4ring: Digital tr\u00e4ff 18 mars kl. 09.30\u201312.00.<\/li>\n\n\n\n<li>Trendspaning handel: Digital tr\u00e4ff 20 mars kl. 09.30\u201312.00.<\/li>\n\n\n\n<li>Workshop 2: Digital tr\u00e4ff 13 april kl. 09.30\u201312.00.<\/li>\n\n\n\n<li>Workshop 3: Digital tr\u00e4ff 4 maj kl. 09.30\u201312.00.<\/li>\n\n\n\n<li>Workshop 4: Digital tr\u00e4ff 1 juni kl. 09.30\u201312.00.<\/li>\n<\/ul>\n\n\n\n<p><em>Med reservation f\u00f6r \u00e4ndringar.<\/em><\/p>\n\n\n\n<h2 class=\"wp-block-heading\">S\u00e5 ans\u00f6ker du<\/h2>\n\n\n\n<p>Ans\u00f6k senast 6 februari 2026 via <a href=\"https:\/\/simplesignup.se\/private_event\/231140\/bb3c44d6c3\">https:\/\/simplesignup.se\/private_event\/231140\/bb3c44d6c3<\/a><\/p>\n\n\n\n<p>Besked om antagning l\u00e4mnas kort efter 10 februari.<\/p>\n\n\n\n<p>Platserna \u00e4r begr\u00e4nsade, urval kan ske.<\/p>\n\n\n\n<h2 class=\"wp-block-heading\">Fr\u00e5gor?<\/h2>\n\n\n\n<p><strong>Kontakta projektledare <\/strong><\/p>\n\n\n\n<p>Monica Wikstr\u00f6m-Johansson<br>070-559 39 94<br><a href=\"mailto:monica@nyforetagarcentrum.se\">monica@nyforetagarcentrum.se<\/a><\/p>\n\n\n\n<p>Programmet \u00e4r kostnadsfritt tack vare v\u00e5ra partners. Din investering \u00e4r din tid.<\/p>\n","protected":false},"template":"","meta":{"footnotes":""},"acf":[],"_links":{"self":[{"href":"https:\/\/nyforetagarcentrum.se\/nord\/wp-json\/wp\/v2\/event\/2160"}],"collection":[{"href":"https:\/\/nyforetagarcentrum.se\/nord\/wp-json\/wp\/v2\/event"}],"about":[{"href":"https:\/\/nyforetagarcentrum.se\/nord\/wp-json\/wp\/v2\/types\/event"}],"version-history":[{"count":4,"href":"https:\/\/nyforetagarcentrum.se\/nord\/wp-json\/wp\/v2\/event\/2160\/revisions"}],"predecessor-version":[{"id":2175,"href":"https:\/\/nyforetagarcentrum.se\/nord\/wp-json\/wp\/v2\/event\/2160\/revisions\/2175"}],"wp:attachment":[{"href":"https:\/\/nyforetagarcentrum.se\/nord\/wp-json\/wp\/v2\/media?parent=2160"}],"curies":[{"name":"wp","href":"https:\/\/api.w.org\/{rel}","templated":true}]}}