{"id":1865,"date":"2026-01-17T08:39:36","date_gmt":"2026-01-17T07:39:36","guid":{"rendered":"https:\/\/nyforetagarcentrum.se\/mitt\/?post_type=event&#038;p=1865"},"modified":"2026-01-17T14:32:53","modified_gmt":"2026-01-17T13:32:53","slug":"smaforetagardagen-i-harnosand-kunskap-som-gor-skillnad","status":"publish","type":"event","link":"https:\/\/nyforetagarcentrum.se\/mitt\/evenemang\/smaforetagardagen-i-harnosand-kunskap-som-gor-skillnad\/","title":{"rendered":"Sm\u00e5f\u00f6retagardagen i H\u00e4rn\u00f6sand \u2013 kunskap som g\u00f6r skillnad"},"content":{"rendered":"\n<figure class=\"wp-block-image size-full\"><img loading=\"lazy\" decoding=\"async\" width=\"605\" height=\"149\" src=\"https:\/\/nyforetagarcentrum.se\/mitt\/wp-content\/uploads\/sites\/70\/2026\/01\/bild.png\" alt=\"\" class=\"wp-image-1866\" srcset=\"https:\/\/nyforetagarcentrum.se\/mitt\/wp-content\/uploads\/sites\/70\/2026\/01\/bild.png 605w, https:\/\/nyforetagarcentrum.se\/mitt\/wp-content\/uploads\/sites\/70\/2026\/01\/bild-300x74.png 300w\" sizes=\"(max-width: 605px) 100vw, 605px\" \/><\/figure>\n\n\n\n<p>V\u00e4lkommen till&nbsp;<strong>Sm\u00e5f\u00f6retagardagen p\u00e5 Sambiblioteket i H\u00e4rn\u00f6sand<\/strong>&nbsp;\u2013 en kostnadsfri f\u00f6rmiddag fylld med praktisk kunskap, inspiration och konkreta verktyg.<\/p>\n\n\n\n<p>Oavsett om du redan driver f\u00f6retag, funderar p\u00e5 att starta eller har en id\u00e9 som \u00e4nnu inte blivit verklighet \u2013 den h\u00e4r dagen \u00e4r f\u00f6r dig.&nbsp;<\/p>\n\n\n\n<p>Sm\u00e5f\u00f6retagares vardag \u00e4r komplex. Beslut om aff\u00e4r, ekonomi, utveckling och framtid ska ofta tas samtidigt. Sm\u00e5f\u00f6retagardagen \u00e4r skapad f\u00f6r att ge dig inneh\u00e5ll som \u00e4r&nbsp;<strong>relevant p\u00e5 riktigt<\/strong>&nbsp;och g\u00e5r att anv\u00e4nda direkt i din egen verksamhet.<\/p>\n\n\n\n<p><strong>D\u00e4rf\u00f6r ska du komma:<\/strong><\/p>\n\n\n\n<ul>\n<li><strong>Nya aff\u00e4rskontakter:<\/strong>&nbsp;Bygg v\u00e4rdefulla relationer och tr\u00e4ffa potentiella kunder och samarbetspartners<\/li>\n\n\n\n<li><strong>Konkreta verktyg:&nbsp;<\/strong>F\u00e5 konkreta r\u00e5d och verktyg inom omr\u00e5den som finansiering, mentorskap, \u00e4garfr\u00e5gor, upphandling, ekonomi och f\u00f6retagsst\u00f6d<\/li>\n\n\n\n<li><strong>Inspiration:<\/strong>&nbsp;En m\u00f6jlighet att dela erfarenheter och l\u00e4ra av andra f\u00f6retagares resor.<\/li>\n<\/ul>\n\n\n\n<p><strong>Programpunkter<\/strong><\/p>\n\n\n\n<ul>\n<li><strong>V\u00e4lkomstkaffe och registrering<\/strong><\/li>\n\n\n\n<li><strong>Panelsamtal med inspirerande f\u00f6retagare:&nbsp;<\/strong>Jon Hillgren, \u00e4gare och grundare av Hern\u00f6 Gin,<br>Cornelia Bergman, konstn\u00e4r och multif\u00f6retagare<br>m.fl.<\/li>\n\n\n\n<li><strong>Workshops:<\/strong>&nbsp;V\u00e4lj tv\u00e5 av fem sp\u00e4nnande teman.<\/li>\n\n\n\n<li><strong>N\u00e4tverkande och utst\u00e4llning med talare&nbsp;och samarbetspartners.<\/strong><\/li>\n\n\n\n<li><strong>Inspirationsf\u00f6rel\u00e4sning:<\/strong>&nbsp;Johnny Sundin, Kreativitet = F\u00f6r\u00e4ndring<\/li>\n\n\n\n<li><strong>Avslutande gemensam lunch:<\/strong>&nbsp;Gott om tid f\u00f6r samtal och n\u00e4tverkande med andra sm\u00e5f\u00f6retagare.<\/li>\n<\/ul>\n\n\n\n<p><strong><em>Johnny Sundin<\/em><\/strong><em>&nbsp;\u00e4r en energifylld och inspirerande f\u00f6rel\u00e4sare och med fokus p\u00e5 trendspaning, f\u00f6r\u00e4ndring, kreativitet, innovation och nya mindset. Han var nominerad till \u00c5rets talare \u2013 Moderator 2019 och \u00e4r k\u00e4nd f\u00f6r sitt rappa, interaktiva och underh\u00e5llande s\u00e4tt att engagera sin publik.<br>Med f\u00f6rel\u00e4sningen&nbsp;<\/em><strong><em>\u201dKreativitet = F\u00f6r\u00e4ndring\u201d&nbsp;<\/em><\/strong><em>tar Johnny med deltagarna p\u00e5 en inspirerande resa genom nya tankem\u00f6nster, mod, nyfikenhet och mentala komfortzoner. Med humor, tydlig visualisering och stark storytelling visar han hur kreativt t\u00e4nkande \u00e4r nyckeln till innovation, l\u00f6nsamhet och utveckling i en snabbt f\u00f6r\u00e4nderlig v\u00e4rld.<\/em><\/p>\n\n\n\n<p><strong>Workshops att v\u00e4lja mellan:<\/strong><\/p>\n\n\n\n<p><strong>1. Beh\u00f6ver du pengar till din f\u00f6retagssatsning?<\/strong><\/p>\n\n\n\n<p>Under Almis workshop f\u00e5r du v\u00e4gledning i hur olika finansieringsl\u00f6sningar kan utveckla din verksamhet. Du f\u00e5r konkreta tips om n\u00e4r l\u00e5n kan vara avg\u00f6rande f\u00f6r att \u00f6ka takten i f\u00f6retagets tillv\u00e4xt, hur du kan resonera kring l\u00e5nebelopp f\u00f6r att uppn\u00e5 b\u00e4st effekt och vad som kr\u00e4vs f\u00f6r att lyckas med en l\u00e5neans\u00f6kan.<br><strong><em>Almi<\/em><\/strong><\/p>\n\n\n\n<p><strong>2. \u00c4garskifte, f\u00f6rbered \u00e4garfr\u00e5gan \u2013 st\u00e4rk f\u00f6retagets v\u00e4rde<\/strong><\/p>\n\n\n\n<p>I workshopen f\u00e5r du kunskap och inspiration som hj\u00e4lper dig att planera din framtida \u00e4garskifte och \u00e4garf\u00f6r\u00e4ndring \u2013 med fokus p\u00e5 b\u00e5de f\u00f6retagets v\u00e4rde och dina m\u00e5l. Du f\u00e5r insikt i varf\u00f6r det aldrig \u00e4r f\u00f6r tidigt att b\u00f6rja arbeta med \u00e4garf\u00f6r\u00e4ndringen \u2013 tidiga f\u00f6rberedelser skapar trygghet, flexibilitet och fler valm\u00f6jligheter. Workshopen ger \u00e4ven en introduktion till \u00c4garsteget.se \u2013 v\u00e5rt digitala verktyg som hj\u00e4lper dig att f\u00e5 \u00f6verblick och g\u00f6ra planeringen enklare, oavsett om du vill ta in en del\u00e4gare eller s\u00e4lja f\u00f6retaget l\u00e4ngre fram.<br><strong><em>Connect, Coompanion<\/em><\/strong><\/p>\n\n\n\n<p><br><strong>3. Sjunkbomb eller rymdraket, var \u00e4r svensk ekonomi p\u00e5 v\u00e4g?<\/strong><\/p>\n\n\n\n<p>Vart \u00e4r svensk ekonomi p\u00e5 v\u00e4g \u2013 &nbsp;vad betyder utvecklingen f\u00f6r f\u00f6retagare och anst\u00e4llda och hur p\u00e5verkar det valet?<br>I detta pass ger F\u00f6retagarnas chefsekonom Karl Ernlund en aktuell nul\u00e4gesbild av ekonomin och blickar fram\u00e5t mot de kommande \u00e5ren. Ett pass f\u00f6r dig som vill f\u00f6rst\u00e5 sambanden mellan ekonomi, f\u00f6retagande och framtida v\u00e4gval.<br><strong><em>Karl Ernlund, chefsekonom F\u00f6retagarna<\/em><\/strong><\/p>\n\n\n\n<p><strong>4.&nbsp;<\/strong><strong>Aff\u00e4rer med kommunen, s\u00e5 lyckas du.<\/strong><\/p>\n\n\n\n<p>Oavsett om du \u00e4r nyb\u00f6rjare eller redan l\u00e4mnat anbud tidigare f\u00e5r du&nbsp;konkreta verktyg, \u00f6kad trygghet och b\u00e4ttre koll&nbsp;p\u00e5 hur du tar n\u00e4sta steg in p\u00e5 den offentliga marknaden.<strong><br><em>Linda H\u00f6glund, enhetschef&nbsp;<\/em><\/strong><strong><em>H\u00e4rn\u00f6sands kommuns upphandlingsenhet<\/em><\/strong><\/p>\n\n\n\n<p><strong>5. Mentorskap, varf\u00f6r, hur och n\u00e4r?<br><\/strong>Nyf\u00f6retagarcentrums Urban Jonsson inspirerar och informerar dig om nyttorna med mentorskap och ber\u00e4ttar hur de genom kostnadsfri r\u00e5dgivning st\u00f6ttar dig som funderar p\u00e5 att starta f\u00f6retag eller som nyligen har tagit steget. Varje \u00e5r hj\u00e4lper de hundratals nya f\u00f6retagare att g\u00e5 fr\u00e5n id\u00e9 till verklighet. Du f\u00e5r en \u00f6verblick \u00f6ver vilket st\u00f6d som finns \u2013 fr\u00e5n aff\u00e4rsid\u00e9 och aff\u00e4rsplan till budget, finansiering och de f\u00f6rsta viktiga besluten i f\u00f6retagandet.<br><strong><em>Urban Jonsson, Nyf\u00f6retagarcentrum Mitt<\/em><\/strong><\/p>\n\n\n\n<p><strong>Fredag 6 februari<\/strong><br><strong>08.15\u201313.00<\/strong><br><strong>Sambiblioteket, plan 4<\/strong><br>Universitetsbacken 3 (\u00f6vre entr\u00e9n), H\u00e4rn\u00f6sand<\/p>\n\n\n\n<p><strong>Hoppas vi ses<\/strong><\/p>\n\n\n\n<p>\u2705&nbsp;<strong>Kostnadsfritt \u2013 men f\u00f6ranm\u00e4lan kr\u00e4vs<\/strong><br><\/p>\n","protected":false},"template":"","meta":{"footnotes":""},"acf":[],"yoast_head":"<!-- This site is optimized with the Yoast SEO plugin v22.9 - https:\/\/yoast.com\/wordpress\/plugins\/seo\/ -->\n<title>Evenemang i Sundsvall - Nyf\u00f6retagarCentrum<\/title>\n<meta name=\"description\" content=\"Uppt\u00e4ck kommande evenemang hos Nyf\u00f6retagarCentrum i Sundsvall, utformade f\u00f6r att st\u00f6dja blivande och nya f\u00f6retagare. Delta i workshops, seminarier och n\u00e4tverkstr\u00e4ffar f\u00f6r att f\u00e5 v\u00e4rdefulla insikter och kontakter f\u00f6r din entrepren\u00f6rsresa. F\u00e5 information om datum, platser och hur du anm\u00e4ler dig.\" \/>\n<meta name=\"robots\" content=\"index, follow, max-snippet:-1, max-image-preview:large, max-video-preview:-1\" \/>\n<link rel=\"canonical\" href=\"https:\/\/nyforetagarcentrum.se\/mitt\/evenemang\/smaforetagardagen-i-harnosand-kunskap-som-gor-skillnad\/\" \/>\n<meta property=\"og:locale\" content=\"sv_SE\" \/>\n<meta property=\"og:type\" content=\"article\" \/>\n<meta property=\"og:title\" content=\"Evenemang i Sundsvall - Nyf\u00f6retagarCentrum\" \/>\n<meta property=\"og:description\" content=\"Uppt\u00e4ck kommande evenemang hos Nyf\u00f6retagarCentrum i Sundsvall, utformade f\u00f6r att st\u00f6dja blivande och nya f\u00f6retagare. Delta i workshops, seminarier och n\u00e4tverkstr\u00e4ffar f\u00f6r att f\u00e5 v\u00e4rdefulla insikter och kontakter f\u00f6r din entrepren\u00f6rsresa. F\u00e5 information om datum, platser och hur du anm\u00e4ler dig.\" \/>\n<meta property=\"og:url\" content=\"https:\/\/nyforetagarcentrum.se\/mitt\/evenemang\/smaforetagardagen-i-harnosand-kunskap-som-gor-skillnad\/\" \/>\n<meta property=\"og:site_name\" content=\"Mitt\" \/>\n<meta property=\"article:modified_time\" content=\"2026-01-17T13:32:53+00:00\" \/>\n<meta property=\"og:image\" content=\"https:\/\/nyforetagarcentrum.se\/mitt\/wp-content\/uploads\/sites\/70\/2026\/01\/bild.png\" \/>\n<meta name=\"twitter:card\" content=\"summary_large_image\" \/>\n<meta name=\"twitter:label1\" content=\"Ber\u00e4knad l\u00e4stid\" \/>\n\t<meta name=\"twitter:data1\" content=\"4 minuter\" \/>\n<script type=\"application\/ld+json\" class=\"yoast-schema-graph\">{\"@context\":\"https:\/\/schema.org\",\"@graph\":[{\"@type\":\"WebPage\",\"@id\":\"https:\/\/nyforetagarcentrum.se\/mitt\/evenemang\/smaforetagardagen-i-harnosand-kunskap-som-gor-skillnad\/\",\"url\":\"https:\/\/nyforetagarcentrum.se\/mitt\/evenemang\/smaforetagardagen-i-harnosand-kunskap-som-gor-skillnad\/\",\"name\":\"Evenemang i Sundsvall - Nyf\u00f6retagarCentrum\",\"isPartOf\":{\"@id\":\"https:\/\/nyforetagarcentrum.se\/mitt\/#website\"},\"primaryImageOfPage\":{\"@id\":\"https:\/\/nyforetagarcentrum.se\/mitt\/evenemang\/smaforetagardagen-i-harnosand-kunskap-som-gor-skillnad\/#primaryimage\"},\"image\":{\"@id\":\"https:\/\/nyforetagarcentrum.se\/mitt\/evenemang\/smaforetagardagen-i-harnosand-kunskap-som-gor-skillnad\/#primaryimage\"},\"thumbnailUrl\":\"https:\/\/nyforetagarcentrum.se\/mitt\/wp-content\/uploads\/sites\/70\/2026\/01\/bild.png\",\"datePublished\":\"2026-01-17T07:39:36+00:00\",\"dateModified\":\"2026-01-17T13:32:53+00:00\",\"description\":\"Uppt\u00e4ck kommande evenemang hos Nyf\u00f6retagarCentrum i Sundsvall, utformade f\u00f6r att st\u00f6dja blivande och nya f\u00f6retagare. Delta i workshops, seminarier och n\u00e4tverkstr\u00e4ffar f\u00f6r att f\u00e5 v\u00e4rdefulla insikter och kontakter f\u00f6r din entrepren\u00f6rsresa. F\u00e5 information om datum, platser och hur du anm\u00e4ler dig.\",\"breadcrumb\":{\"@id\":\"https:\/\/nyforetagarcentrum.se\/mitt\/evenemang\/smaforetagardagen-i-harnosand-kunskap-som-gor-skillnad\/#breadcrumb\"},\"inLanguage\":\"sv-SE\",\"potentialAction\":[{\"@type\":\"ReadAction\",\"target\":[\"https:\/\/nyforetagarcentrum.se\/mitt\/evenemang\/smaforetagardagen-i-harnosand-kunskap-som-gor-skillnad\/\"]}]},{\"@type\":\"ImageObject\",\"inLanguage\":\"sv-SE\",\"@id\":\"https:\/\/nyforetagarcentrum.se\/mitt\/evenemang\/smaforetagardagen-i-harnosand-kunskap-som-gor-skillnad\/#primaryimage\",\"url\":\"https:\/\/nyforetagarcentrum.se\/mitt\/wp-content\/uploads\/sites\/70\/2026\/01\/bild.png\",\"contentUrl\":\"https:\/\/nyforetagarcentrum.se\/mitt\/wp-content\/uploads\/sites\/70\/2026\/01\/bild.png\",\"width\":605,\"height\":149},{\"@type\":\"BreadcrumbList\",\"@id\":\"https:\/\/nyforetagarcentrum.se\/mitt\/evenemang\/smaforetagardagen-i-harnosand-kunskap-som-gor-skillnad\/#breadcrumb\",\"itemListElement\":[{\"@type\":\"ListItem\",\"position\":1,\"name\":\"Hem\",\"item\":\"https:\/\/nyforetagarcentrum.se\/mitt\/\"},{\"@type\":\"ListItem\",\"position\":2,\"name\":\"Evenemang\",\"item\":\"https:\/\/nyforetagarcentrum.se\/mitt\/evenemang\/\"},{\"@type\":\"ListItem\",\"position\":3,\"name\":\"Sm\u00e5f\u00f6retagardagen i H\u00e4rn\u00f6sand \u2013 kunskap som g\u00f6r skillnad\"}]},{\"@type\":\"WebSite\",\"@id\":\"https:\/\/nyforetagarcentrum.se\/mitt\/#website\",\"url\":\"https:\/\/nyforetagarcentrum.se\/mitt\/\",\"name\":\"Mitt\",\"description\":\"Sveriges ledande kraft f\u00f6r fler nya livskraftiga f\u00f6retag\",\"publisher\":{\"@id\":\"https:\/\/nyforetagarcentrum.se\/mitt\/#organization\"},\"potentialAction\":[{\"@type\":\"SearchAction\",\"target\":{\"@type\":\"EntryPoint\",\"urlTemplate\":\"https:\/\/nyforetagarcentrum.se\/mitt\/?s={search_term_string}\"},\"query-input\":\"required name=search_term_string\"}],\"inLanguage\":\"sv-SE\"},{\"@type\":\"Organization\",\"@id\":\"https:\/\/nyforetagarcentrum.se\/mitt\/#organization\",\"name\":\"Mitt\",\"url\":\"https:\/\/nyforetagarcentrum.se\/mitt\/\",\"logo\":{\"@type\":\"ImageObject\",\"inLanguage\":\"sv-SE\",\"@id\":\"https:\/\/nyforetagarcentrum.se\/mitt\/#\/schema\/logo\/image\/\",\"url\":\"https:\/\/nyforetagarcentrum.se\/mitt\/wp-content\/uploads\/sites\/70\/2024\/07\/mitt_bla-1.png\",\"contentUrl\":\"https:\/\/nyforetagarcentrum.se\/mitt\/wp-content\/uploads\/sites\/70\/2024\/07\/mitt_bla-1.png\",\"width\":870,\"height\":355,\"caption\":\"Mitt\"},\"image\":{\"@id\":\"https:\/\/nyforetagarcentrum.se\/mitt\/#\/schema\/logo\/image\/\"}}]}<\/script>\n<!-- \/ Yoast SEO plugin. -->","yoast_head_json":{"title":"Evenemang i Sundsvall - Nyf\u00f6retagarCentrum","description":"Uppt\u00e4ck kommande evenemang hos Nyf\u00f6retagarCentrum i Sundsvall, utformade f\u00f6r att st\u00f6dja blivande och nya f\u00f6retagare. Delta i workshops, seminarier och n\u00e4tverkstr\u00e4ffar f\u00f6r att f\u00e5 v\u00e4rdefulla insikter och kontakter f\u00f6r din entrepren\u00f6rsresa. F\u00e5 information om datum, platser och hur du anm\u00e4ler dig.","robots":{"index":"index","follow":"follow","max-snippet":"max-snippet:-1","max-image-preview":"max-image-preview:large","max-video-preview":"max-video-preview:-1"},"canonical":"https:\/\/nyforetagarcentrum.se\/mitt\/evenemang\/smaforetagardagen-i-harnosand-kunskap-som-gor-skillnad\/","og_locale":"sv_SE","og_type":"article","og_title":"Evenemang i Sundsvall - Nyf\u00f6retagarCentrum","og_description":"Uppt\u00e4ck kommande evenemang hos Nyf\u00f6retagarCentrum i Sundsvall, utformade f\u00f6r att st\u00f6dja blivande och nya f\u00f6retagare. Delta i workshops, seminarier och n\u00e4tverkstr\u00e4ffar f\u00f6r att f\u00e5 v\u00e4rdefulla insikter och kontakter f\u00f6r din entrepren\u00f6rsresa. F\u00e5 information om datum, platser och hur du anm\u00e4ler dig.","og_url":"https:\/\/nyforetagarcentrum.se\/mitt\/evenemang\/smaforetagardagen-i-harnosand-kunskap-som-gor-skillnad\/","og_site_name":"Mitt","article_modified_time":"2026-01-17T13:32:53+00:00","og_image":[{"url":"https:\/\/nyforetagarcentrum.se\/mitt\/wp-content\/uploads\/sites\/70\/2026\/01\/bild.png"}],"twitter_card":"summary_large_image","twitter_misc":{"Ber\u00e4knad l\u00e4stid":"4 minuter"},"schema":{"@context":"https:\/\/schema.org","@graph":[{"@type":"WebPage","@id":"https:\/\/nyforetagarcentrum.se\/mitt\/evenemang\/smaforetagardagen-i-harnosand-kunskap-som-gor-skillnad\/","url":"https:\/\/nyforetagarcentrum.se\/mitt\/evenemang\/smaforetagardagen-i-harnosand-kunskap-som-gor-skillnad\/","name":"Evenemang i Sundsvall - Nyf\u00f6retagarCentrum","isPartOf":{"@id":"https:\/\/nyforetagarcentrum.se\/mitt\/#website"},"primaryImageOfPage":{"@id":"https:\/\/nyforetagarcentrum.se\/mitt\/evenemang\/smaforetagardagen-i-harnosand-kunskap-som-gor-skillnad\/#primaryimage"},"image":{"@id":"https:\/\/nyforetagarcentrum.se\/mitt\/evenemang\/smaforetagardagen-i-harnosand-kunskap-som-gor-skillnad\/#primaryimage"},"thumbnailUrl":"https:\/\/nyforetagarcentrum.se\/mitt\/wp-content\/uploads\/sites\/70\/2026\/01\/bild.png","datePublished":"2026-01-17T07:39:36+00:00","dateModified":"2026-01-17T13:32:53+00:00","description":"Uppt\u00e4ck kommande evenemang hos Nyf\u00f6retagarCentrum i Sundsvall, utformade f\u00f6r att st\u00f6dja blivande och nya f\u00f6retagare. Delta i workshops, seminarier och n\u00e4tverkstr\u00e4ffar f\u00f6r att f\u00e5 v\u00e4rdefulla insikter och kontakter f\u00f6r din entrepren\u00f6rsresa. F\u00e5 information om datum, platser och hur du anm\u00e4ler dig.","breadcrumb":{"@id":"https:\/\/nyforetagarcentrum.se\/mitt\/evenemang\/smaforetagardagen-i-harnosand-kunskap-som-gor-skillnad\/#breadcrumb"},"inLanguage":"sv-SE","potentialAction":[{"@type":"ReadAction","target":["https:\/\/nyforetagarcentrum.se\/mitt\/evenemang\/smaforetagardagen-i-harnosand-kunskap-som-gor-skillnad\/"]}]},{"@type":"ImageObject","inLanguage":"sv-SE","@id":"https:\/\/nyforetagarcentrum.se\/mitt\/evenemang\/smaforetagardagen-i-harnosand-kunskap-som-gor-skillnad\/#primaryimage","url":"https:\/\/nyforetagarcentrum.se\/mitt\/wp-content\/uploads\/sites\/70\/2026\/01\/bild.png","contentUrl":"https:\/\/nyforetagarcentrum.se\/mitt\/wp-content\/uploads\/sites\/70\/2026\/01\/bild.png","width":605,"height":149},{"@type":"BreadcrumbList","@id":"https:\/\/nyforetagarcentrum.se\/mitt\/evenemang\/smaforetagardagen-i-harnosand-kunskap-som-gor-skillnad\/#breadcrumb","itemListElement":[{"@type":"ListItem","position":1,"name":"Hem","item":"https:\/\/nyforetagarcentrum.se\/mitt\/"},{"@type":"ListItem","position":2,"name":"Evenemang","item":"https:\/\/nyforetagarcentrum.se\/mitt\/evenemang\/"},{"@type":"ListItem","position":3,"name":"Sm\u00e5f\u00f6retagardagen i H\u00e4rn\u00f6sand \u2013 kunskap som g\u00f6r skillnad"}]},{"@type":"WebSite","@id":"https:\/\/nyforetagarcentrum.se\/mitt\/#website","url":"https:\/\/nyforetagarcentrum.se\/mitt\/","name":"Mitt","description":"Sveriges ledande kraft f\u00f6r fler nya livskraftiga f\u00f6retag","publisher":{"@id":"https:\/\/nyforetagarcentrum.se\/mitt\/#organization"},"potentialAction":[{"@type":"SearchAction","target":{"@type":"EntryPoint","urlTemplate":"https:\/\/nyforetagarcentrum.se\/mitt\/?s={search_term_string}"},"query-input":"required name=search_term_string"}],"inLanguage":"sv-SE"},{"@type":"Organization","@id":"https:\/\/nyforetagarcentrum.se\/mitt\/#organization","name":"Mitt","url":"https:\/\/nyforetagarcentrum.se\/mitt\/","logo":{"@type":"ImageObject","inLanguage":"sv-SE","@id":"https:\/\/nyforetagarcentrum.se\/mitt\/#\/schema\/logo\/image\/","url":"https:\/\/nyforetagarcentrum.se\/mitt\/wp-content\/uploads\/sites\/70\/2024\/07\/mitt_bla-1.png","contentUrl":"https:\/\/nyforetagarcentrum.se\/mitt\/wp-content\/uploads\/sites\/70\/2024\/07\/mitt_bla-1.png","width":870,"height":355,"caption":"Mitt"},"image":{"@id":"https:\/\/nyforetagarcentrum.se\/mitt\/#\/schema\/logo\/image\/"}}]}},"_links":{"self":[{"href":"https:\/\/nyforetagarcentrum.se\/mitt\/wp-json\/wp\/v2\/event\/1865"}],"collection":[{"href":"https:\/\/nyforetagarcentrum.se\/mitt\/wp-json\/wp\/v2\/event"}],"about":[{"href":"https:\/\/nyforetagarcentrum.se\/mitt\/wp-json\/wp\/v2\/types\/event"}],"version-history":[{"count":4,"href":"https:\/\/nyforetagarcentrum.se\/mitt\/wp-json\/wp\/v2\/event\/1865\/revisions"}],"predecessor-version":[{"id":1877,"href":"https:\/\/nyforetagarcentrum.se\/mitt\/wp-json\/wp\/v2\/event\/1865\/revisions\/1877"}],"wp:attachment":[{"href":"https:\/\/nyforetagarcentrum.se\/mitt\/wp-json\/wp\/v2\/media?parent=1865"}],"curies":[{"name":"wp","href":"https:\/\/api.w.org\/{rel}","templated":true}]}}