{"id":1859,"date":"2026-01-06T10:37:04","date_gmt":"2026-01-06T09:37:04","guid":{"rendered":"https:\/\/nyforetagarcentrum.se\/mitt\/?post_type=event&#038;p=1859"},"modified":"2026-01-06T10:37:05","modified_gmt":"2026-01-06T09:37:05","slug":"var-med-och-hylla-vara-stjarnor-%f0%9f%8c%9f","status":"publish","type":"event","link":"https:\/\/nyforetagarcentrum.se\/mitt\/evenemang\/var-med-och-hylla-vara-stjarnor-%f0%9f%8c%9f\/","title":{"rendered":"Var med och hylla V\u00e5ra Stj\u00e4rnor \ud83c\udf1f"},"content":{"rendered":"\n<figure class=\"wp-block-image size-large\"><img loading=\"lazy\" decoding=\"async\" width=\"819\" height=\"1024\" src=\"https:\/\/nyforetagarcentrum.se\/mitt\/wp-content\/uploads\/sites\/70\/2026\/01\/bild--819x1024.jpeg\" alt=\"\" class=\"wp-image-1860\" srcset=\"https:\/\/nyforetagarcentrum.se\/mitt\/wp-content\/uploads\/sites\/70\/2026\/01\/bild--819x1024.jpeg 819w, https:\/\/nyforetagarcentrum.se\/mitt\/wp-content\/uploads\/sites\/70\/2026\/01\/bild--240x300.jpeg 240w, https:\/\/nyforetagarcentrum.se\/mitt\/wp-content\/uploads\/sites\/70\/2026\/01\/bild--768x960.jpeg 768w, https:\/\/nyforetagarcentrum.se\/mitt\/wp-content\/uploads\/sites\/70\/2026\/01\/bild--1229x1536.jpeg 1229w, https:\/\/nyforetagarcentrum.se\/mitt\/wp-content\/uploads\/sites\/70\/2026\/01\/bild--1638x2048.jpeg 1638w, https:\/\/nyforetagarcentrum.se\/mitt\/wp-content\/uploads\/sites\/70\/2026\/01\/bild--864x1080.jpeg 864w, https:\/\/nyforetagarcentrum.se\/mitt\/wp-content\/uploads\/sites\/70\/2026\/01\/bild--scaled.jpeg 2048w\" sizes=\"(max-width: 819px) 100vw, 819px\" \/><\/figure>\n\n\n\n<h2 class=\"wp-block-heading\">V\u00e5ra Stj\u00e4rnor 2026 \u2013 biljetterna \u00e4r sl\u00e4ppta \ud83c\udf1f<\/h2>\n\n\n\n<p><\/p>\n\n\n\n<h2 class=\"wp-block-heading\"><strong>\ud83d\udcc5 20 februari 2026<\/strong><br><strong>\ud83d\udccd Quality Hotel Sundsvall<\/strong><\/h2>\n\n\n\n<p>V\u00e5ra Stj\u00e4rnor \u00e4r en heldag och kv\u00e4ll fylld av inspiration, m\u00f6ten och firande av entrepren\u00f6rskapet i Sundsvall och V\u00e4sternorrland.<\/p>\n\n\n\n<p>Under dagen bjuds du p\u00e5 inspirerande f\u00f6rel\u00e4sningar och samtal som ger nya perspektiv, kunskap och energi. P\u00e5 kv\u00e4llen samlas vi f\u00f6r den stora galan d\u00e4r vi tillsammans hyllar \u00e5rets f\u00f6rebilder inom n\u00e4ringslivet.<\/p>\n\n\n\n<h3 class=\"wp-block-heading\">Under galakv\u00e4llen delas priser ut till:<\/h3>\n\n\n\n<ul>\n<li>\u00c5rets Handlare<\/li>\n\n\n\n<li>\u00c5rets Marknadsf\u00f6rare<\/li>\n\n\n\n<li>\u00c5rets Tillsammanspris<\/li>\n\n\n\n<li>\u00c5rets Nyf\u00f6retagare<\/li>\n\n\n\n<li>\u00c5rets UF-f\u00f6retag i Sundsvall<\/li>\n<\/ul>\n\n\n\n<p>V\u00e5ra Stj\u00e4rnor \u00e4r ett event f\u00f6r alla som vill vara med och st\u00e4rka regionen och uppm\u00e4rksamma m\u00e4nniskorna och f\u00f6retagen som g\u00f6r verklig skillnad.<\/p>\n\n\n\n<p>\ud83c\udf9f\ufe0f <strong>Biljetterna \u00e4r nu sl\u00e4ppta<\/strong><br>S\u00e4kra din plats redan idag via l\u00e4nken nedan:<br>\ud83d\udc49 <a href=\"https:\/\/mfis.se\/vara-stjarnor\/\">https:\/\/mfis.se\/vara-stjarnor\/<\/a><\/p>\n\n\n\n<h3 class=\"wp-block-heading\">Arrang\u00f6rer<\/h3>\n\n\n\n<p>House Be Sundsvall<br>Nyf\u00f6retagarCentrum Sundsvall<br>UF V\u00e4sternorrland<br>Marknadsf\u00f6reningen Sundsvall<br>Sundsvall Handel<br>Stenstan i Sundsvall<\/p>\n","protected":false},"template":"","meta":{"footnotes":""},"acf":[],"yoast_head":"<!-- This site is optimized with the Yoast SEO plugin v22.9 - https:\/\/yoast.com\/wordpress\/plugins\/seo\/ -->\n<title>Evenemang i Sundsvall - Nyf\u00f6retagarCentrum<\/title>\n<meta name=\"description\" content=\"Uppt\u00e4ck kommande evenemang hos Nyf\u00f6retagarCentrum i Sundsvall, utformade f\u00f6r att st\u00f6dja blivande och nya f\u00f6retagare. Delta i workshops, seminarier och n\u00e4tverkstr\u00e4ffar f\u00f6r att f\u00e5 v\u00e4rdefulla insikter och kontakter f\u00f6r din entrepren\u00f6rsresa. F\u00e5 information om datum, platser och hur du anm\u00e4ler dig.\" \/>\n<meta name=\"robots\" content=\"index, follow, max-snippet:-1, max-image-preview:large, max-video-preview:-1\" \/>\n<link rel=\"canonical\" href=\"https:\/\/nyforetagarcentrum.se\/mitt\/evenemang\/var-med-och-hylla-vara-stjarnor-\ud83c\udf1f\/\" \/>\n<meta property=\"og:locale\" content=\"sv_SE\" \/>\n<meta property=\"og:type\" content=\"article\" \/>\n<meta property=\"og:title\" content=\"Evenemang i Sundsvall - Nyf\u00f6retagarCentrum\" \/>\n<meta property=\"og:description\" content=\"Uppt\u00e4ck kommande evenemang hos Nyf\u00f6retagarCentrum i Sundsvall, utformade f\u00f6r att st\u00f6dja blivande och nya f\u00f6retagare. Delta i workshops, seminarier och n\u00e4tverkstr\u00e4ffar f\u00f6r att f\u00e5 v\u00e4rdefulla insikter och kontakter f\u00f6r din entrepren\u00f6rsresa. F\u00e5 information om datum, platser och hur du anm\u00e4ler dig.\" \/>\n<meta property=\"og:url\" content=\"https:\/\/nyforetagarcentrum.se\/mitt\/evenemang\/var-med-och-hylla-vara-stjarnor-\ud83c\udf1f\/\" \/>\n<meta property=\"og:site_name\" content=\"Mitt\" \/>\n<meta property=\"article:modified_time\" content=\"2026-01-06T09:37:05+00:00\" \/>\n<meta property=\"og:image\" content=\"https:\/\/nyforetagarcentrum.se\/mitt\/wp-content\/uploads\/sites\/70\/2026\/01\/bild--819x1024.jpeg\" \/>\n<meta name=\"twitter:card\" content=\"summary_large_image\" \/>\n<meta name=\"twitter:label1\" content=\"Ber\u00e4knad l\u00e4stid\" \/>\n\t<meta name=\"twitter:data1\" content=\"1 minut\" \/>\n<script type=\"application\/ld+json\" class=\"yoast-schema-graph\">{\"@context\":\"https:\/\/schema.org\",\"@graph\":[{\"@type\":\"WebPage\",\"@id\":\"https:\/\/nyforetagarcentrum.se\/mitt\/evenemang\/var-med-och-hylla-vara-stjarnor-%f0%9f%8c%9f\/\",\"url\":\"https:\/\/nyforetagarcentrum.se\/mitt\/evenemang\/var-med-och-hylla-vara-stjarnor-%f0%9f%8c%9f\/\",\"name\":\"Evenemang i Sundsvall - Nyf\u00f6retagarCentrum\",\"isPartOf\":{\"@id\":\"https:\/\/nyforetagarcentrum.se\/mitt\/#website\"},\"primaryImageOfPage\":{\"@id\":\"https:\/\/nyforetagarcentrum.se\/mitt\/evenemang\/var-med-och-hylla-vara-stjarnor-%f0%9f%8c%9f\/#primaryimage\"},\"image\":{\"@id\":\"https:\/\/nyforetagarcentrum.se\/mitt\/evenemang\/var-med-och-hylla-vara-stjarnor-%f0%9f%8c%9f\/#primaryimage\"},\"thumbnailUrl\":\"https:\/\/nyforetagarcentrum.se\/mitt\/wp-content\/uploads\/sites\/70\/2026\/01\/bild--819x1024.jpeg\",\"datePublished\":\"2026-01-06T09:37:04+00:00\",\"dateModified\":\"2026-01-06T09:37:05+00:00\",\"description\":\"Uppt\u00e4ck kommande evenemang hos Nyf\u00f6retagarCentrum i Sundsvall, utformade f\u00f6r att st\u00f6dja blivande och nya f\u00f6retagare. Delta i workshops, seminarier och n\u00e4tverkstr\u00e4ffar f\u00f6r att f\u00e5 v\u00e4rdefulla insikter och kontakter f\u00f6r din entrepren\u00f6rsresa. F\u00e5 information om datum, platser och hur du anm\u00e4ler dig.\",\"breadcrumb\":{\"@id\":\"https:\/\/nyforetagarcentrum.se\/mitt\/evenemang\/var-med-och-hylla-vara-stjarnor-%f0%9f%8c%9f\/#breadcrumb\"},\"inLanguage\":\"sv-SE\",\"potentialAction\":[{\"@type\":\"ReadAction\",\"target\":[\"https:\/\/nyforetagarcentrum.se\/mitt\/evenemang\/var-med-och-hylla-vara-stjarnor-%f0%9f%8c%9f\/\"]}]},{\"@type\":\"ImageObject\",\"inLanguage\":\"sv-SE\",\"@id\":\"https:\/\/nyforetagarcentrum.se\/mitt\/evenemang\/var-med-och-hylla-vara-stjarnor-%f0%9f%8c%9f\/#primaryimage\",\"url\":\"https:\/\/nyforetagarcentrum.se\/mitt\/wp-content\/uploads\/sites\/70\/2026\/01\/bild--scaled.jpeg\",\"contentUrl\":\"https:\/\/nyforetagarcentrum.se\/mitt\/wp-content\/uploads\/sites\/70\/2026\/01\/bild--scaled.jpeg\",\"width\":2048,\"height\":2560},{\"@type\":\"BreadcrumbList\",\"@id\":\"https:\/\/nyforetagarcentrum.se\/mitt\/evenemang\/var-med-och-hylla-vara-stjarnor-%f0%9f%8c%9f\/#breadcrumb\",\"itemListElement\":[{\"@type\":\"ListItem\",\"position\":1,\"name\":\"Hem\",\"item\":\"https:\/\/nyforetagarcentrum.se\/mitt\/\"},{\"@type\":\"ListItem\",\"position\":2,\"name\":\"Evenemang\",\"item\":\"https:\/\/nyforetagarcentrum.se\/mitt\/evenemang\/\"},{\"@type\":\"ListItem\",\"position\":3,\"name\":\"Var med och hylla V\u00e5ra Stj\u00e4rnor \ud83c\udf1f\"}]},{\"@type\":\"WebSite\",\"@id\":\"https:\/\/nyforetagarcentrum.se\/mitt\/#website\",\"url\":\"https:\/\/nyforetagarcentrum.se\/mitt\/\",\"name\":\"Mitt\",\"description\":\"Sveriges ledande kraft f\u00f6r fler nya livskraftiga f\u00f6retag\",\"publisher\":{\"@id\":\"https:\/\/nyforetagarcentrum.se\/mitt\/#organization\"},\"potentialAction\":[{\"@type\":\"SearchAction\",\"target\":{\"@type\":\"EntryPoint\",\"urlTemplate\":\"https:\/\/nyforetagarcentrum.se\/mitt\/?s={search_term_string}\"},\"query-input\":\"required name=search_term_string\"}],\"inLanguage\":\"sv-SE\"},{\"@type\":\"Organization\",\"@id\":\"https:\/\/nyforetagarcentrum.se\/mitt\/#organization\",\"name\":\"Mitt\",\"url\":\"https:\/\/nyforetagarcentrum.se\/mitt\/\",\"logo\":{\"@type\":\"ImageObject\",\"inLanguage\":\"sv-SE\",\"@id\":\"https:\/\/nyforetagarcentrum.se\/mitt\/#\/schema\/logo\/image\/\",\"url\":\"https:\/\/nyforetagarcentrum.se\/mitt\/wp-content\/uploads\/sites\/70\/2024\/07\/mitt_bla-1.png\",\"contentUrl\":\"https:\/\/nyforetagarcentrum.se\/mitt\/wp-content\/uploads\/sites\/70\/2024\/07\/mitt_bla-1.png\",\"width\":870,\"height\":355,\"caption\":\"Mitt\"},\"image\":{\"@id\":\"https:\/\/nyforetagarcentrum.se\/mitt\/#\/schema\/logo\/image\/\"}}]}<\/script>\n<!-- \/ Yoast SEO plugin. -->","yoast_head_json":{"title":"Evenemang i Sundsvall - Nyf\u00f6retagarCentrum","description":"Uppt\u00e4ck kommande evenemang hos Nyf\u00f6retagarCentrum i Sundsvall, utformade f\u00f6r att st\u00f6dja blivande och nya f\u00f6retagare. Delta i workshops, seminarier och n\u00e4tverkstr\u00e4ffar f\u00f6r att f\u00e5 v\u00e4rdefulla insikter och kontakter f\u00f6r din entrepren\u00f6rsresa. F\u00e5 information om datum, platser och hur du anm\u00e4ler dig.","robots":{"index":"index","follow":"follow","max-snippet":"max-snippet:-1","max-image-preview":"max-image-preview:large","max-video-preview":"max-video-preview:-1"},"canonical":"https:\/\/nyforetagarcentrum.se\/mitt\/evenemang\/var-med-och-hylla-vara-stjarnor-\ud83c\udf1f\/","og_locale":"sv_SE","og_type":"article","og_title":"Evenemang i Sundsvall - Nyf\u00f6retagarCentrum","og_description":"Uppt\u00e4ck kommande evenemang hos Nyf\u00f6retagarCentrum i Sundsvall, utformade f\u00f6r att st\u00f6dja blivande och nya f\u00f6retagare. Delta i workshops, seminarier och n\u00e4tverkstr\u00e4ffar f\u00f6r att f\u00e5 v\u00e4rdefulla insikter och kontakter f\u00f6r din entrepren\u00f6rsresa. F\u00e5 information om datum, platser och hur du anm\u00e4ler dig.","og_url":"https:\/\/nyforetagarcentrum.se\/mitt\/evenemang\/var-med-och-hylla-vara-stjarnor-\ud83c\udf1f\/","og_site_name":"Mitt","article_modified_time":"2026-01-06T09:37:05+00:00","og_image":[{"url":"https:\/\/nyforetagarcentrum.se\/mitt\/wp-content\/uploads\/sites\/70\/2026\/01\/bild--819x1024.jpeg"}],"twitter_card":"summary_large_image","twitter_misc":{"Ber\u00e4knad l\u00e4stid":"1 minut"},"schema":{"@context":"https:\/\/schema.org","@graph":[{"@type":"WebPage","@id":"https:\/\/nyforetagarcentrum.se\/mitt\/evenemang\/var-med-och-hylla-vara-stjarnor-%f0%9f%8c%9f\/","url":"https:\/\/nyforetagarcentrum.se\/mitt\/evenemang\/var-med-och-hylla-vara-stjarnor-%f0%9f%8c%9f\/","name":"Evenemang i Sundsvall - Nyf\u00f6retagarCentrum","isPartOf":{"@id":"https:\/\/nyforetagarcentrum.se\/mitt\/#website"},"primaryImageOfPage":{"@id":"https:\/\/nyforetagarcentrum.se\/mitt\/evenemang\/var-med-och-hylla-vara-stjarnor-%f0%9f%8c%9f\/#primaryimage"},"image":{"@id":"https:\/\/nyforetagarcentrum.se\/mitt\/evenemang\/var-med-och-hylla-vara-stjarnor-%f0%9f%8c%9f\/#primaryimage"},"thumbnailUrl":"https:\/\/nyforetagarcentrum.se\/mitt\/wp-content\/uploads\/sites\/70\/2026\/01\/bild--819x1024.jpeg","datePublished":"2026-01-06T09:37:04+00:00","dateModified":"2026-01-06T09:37:05+00:00","description":"Uppt\u00e4ck kommande evenemang hos Nyf\u00f6retagarCentrum i Sundsvall, utformade f\u00f6r att st\u00f6dja blivande och nya f\u00f6retagare. Delta i workshops, seminarier och n\u00e4tverkstr\u00e4ffar f\u00f6r att f\u00e5 v\u00e4rdefulla insikter och kontakter f\u00f6r din entrepren\u00f6rsresa. F\u00e5 information om datum, platser och hur du anm\u00e4ler dig.","breadcrumb":{"@id":"https:\/\/nyforetagarcentrum.se\/mitt\/evenemang\/var-med-och-hylla-vara-stjarnor-%f0%9f%8c%9f\/#breadcrumb"},"inLanguage":"sv-SE","potentialAction":[{"@type":"ReadAction","target":["https:\/\/nyforetagarcentrum.se\/mitt\/evenemang\/var-med-och-hylla-vara-stjarnor-%f0%9f%8c%9f\/"]}]},{"@type":"ImageObject","inLanguage":"sv-SE","@id":"https:\/\/nyforetagarcentrum.se\/mitt\/evenemang\/var-med-och-hylla-vara-stjarnor-%f0%9f%8c%9f\/#primaryimage","url":"https:\/\/nyforetagarcentrum.se\/mitt\/wp-content\/uploads\/sites\/70\/2026\/01\/bild--scaled.jpeg","contentUrl":"https:\/\/nyforetagarcentrum.se\/mitt\/wp-content\/uploads\/sites\/70\/2026\/01\/bild--scaled.jpeg","width":2048,"height":2560},{"@type":"BreadcrumbList","@id":"https:\/\/nyforetagarcentrum.se\/mitt\/evenemang\/var-med-och-hylla-vara-stjarnor-%f0%9f%8c%9f\/#breadcrumb","itemListElement":[{"@type":"ListItem","position":1,"name":"Hem","item":"https:\/\/nyforetagarcentrum.se\/mitt\/"},{"@type":"ListItem","position":2,"name":"Evenemang","item":"https:\/\/nyforetagarcentrum.se\/mitt\/evenemang\/"},{"@type":"ListItem","position":3,"name":"Var med och hylla V\u00e5ra Stj\u00e4rnor \ud83c\udf1f"}]},{"@type":"WebSite","@id":"https:\/\/nyforetagarcentrum.se\/mitt\/#website","url":"https:\/\/nyforetagarcentrum.se\/mitt\/","name":"Mitt","description":"Sveriges ledande kraft f\u00f6r fler nya livskraftiga f\u00f6retag","publisher":{"@id":"https:\/\/nyforetagarcentrum.se\/mitt\/#organization"},"potentialAction":[{"@type":"SearchAction","target":{"@type":"EntryPoint","urlTemplate":"https:\/\/nyforetagarcentrum.se\/mitt\/?s={search_term_string}"},"query-input":"required name=search_term_string"}],"inLanguage":"sv-SE"},{"@type":"Organization","@id":"https:\/\/nyforetagarcentrum.se\/mitt\/#organization","name":"Mitt","url":"https:\/\/nyforetagarcentrum.se\/mitt\/","logo":{"@type":"ImageObject","inLanguage":"sv-SE","@id":"https:\/\/nyforetagarcentrum.se\/mitt\/#\/schema\/logo\/image\/","url":"https:\/\/nyforetagarcentrum.se\/mitt\/wp-content\/uploads\/sites\/70\/2024\/07\/mitt_bla-1.png","contentUrl":"https:\/\/nyforetagarcentrum.se\/mitt\/wp-content\/uploads\/sites\/70\/2024\/07\/mitt_bla-1.png","width":870,"height":355,"caption":"Mitt"},"image":{"@id":"https:\/\/nyforetagarcentrum.se\/mitt\/#\/schema\/logo\/image\/"}}]}},"_links":{"self":[{"href":"https:\/\/nyforetagarcentrum.se\/mitt\/wp-json\/wp\/v2\/event\/1859"}],"collection":[{"href":"https:\/\/nyforetagarcentrum.se\/mitt\/wp-json\/wp\/v2\/event"}],"about":[{"href":"https:\/\/nyforetagarcentrum.se\/mitt\/wp-json\/wp\/v2\/types\/event"}],"version-history":[{"count":2,"href":"https:\/\/nyforetagarcentrum.se\/mitt\/wp-json\/wp\/v2\/event\/1859\/revisions"}],"predecessor-version":[{"id":1862,"href":"https:\/\/nyforetagarcentrum.se\/mitt\/wp-json\/wp\/v2\/event\/1859\/revisions\/1862"}],"wp:attachment":[{"href":"https:\/\/nyforetagarcentrum.se\/mitt\/wp-json\/wp\/v2\/media?parent=1859"}],"curies":[{"name":"wp","href":"https:\/\/api.w.org\/{rel}","templated":true}]}}