{"id":1822,"date":"2025-12-04T12:24:22","date_gmt":"2025-12-04T11:24:22","guid":{"rendered":"https:\/\/nyforetagarcentrum.se\/mitt\/?post_type=event&#038;p=1822"},"modified":"2025-12-04T12:24:22","modified_gmt":"2025-12-04T11:24:22","slug":"har-ar-de-nominerade-till-arets-nyforetagare-i-vasternorrland-2025","status":"publish","type":"event","link":"https:\/\/nyforetagarcentrum.se\/mitt\/evenemang\/har-ar-de-nominerade-till-arets-nyforetagare-i-vasternorrland-2025\/","title":{"rendered":"H\u00e4r \u00e4r de nominerade till \u00c5rets Nyf\u00f6retagare i V\u00e4sternorrland 2025!"},"content":{"rendered":"\n<p>Vi \u00e4r stolta \u00f6ver att presentera \u00e5rets nominerade f\u00f6retag i V\u00e4sternorrland \u2013 tre inspirerande entrepren\u00f6rer som alla visar driv, kreativitet och mod att f\u00f6rverkliga sina id\u00e9er. Fr\u00e5n bageri och st\u00e4dservice till skogsv\u00e5rd och entrepren\u00f6rskap \u2013 dessa f\u00f6retag \u00e4r goda exempel p\u00e5 innovation och engagemang som bidrar till v\u00e5rt lokala n\u00e4ringsliv.<\/p>\n\n\n\n<div class=\"wp-block-columns is-layout-flex wp-container-core-columns-is-layout-1 wp-block-columns-is-layout-flex\">\n<div class=\"wp-block-column is-layout-flow wp-block-column-is-layout-flow\">\n<figure class=\"wp-block-image alignfull size-large\"><img loading=\"lazy\" decoding=\"async\" width=\"768\" height=\"1024\" src=\"https:\/\/nyforetagarcentrum.se\/mitt\/wp-content\/uploads\/sites\/70\/2025\/12\/IMG_6317-768x1024.jpg\" alt=\"\" class=\"wp-image-1823\" srcset=\"https:\/\/nyforetagarcentrum.se\/mitt\/wp-content\/uploads\/sites\/70\/2025\/12\/IMG_6317-768x1024.jpg 768w, https:\/\/nyforetagarcentrum.se\/mitt\/wp-content\/uploads\/sites\/70\/2025\/12\/IMG_6317-225x300.jpg 225w, https:\/\/nyforetagarcentrum.se\/mitt\/wp-content\/uploads\/sites\/70\/2025\/12\/IMG_6317-1152x1536.jpg 1152w, https:\/\/nyforetagarcentrum.se\/mitt\/wp-content\/uploads\/sites\/70\/2025\/12\/IMG_6317-1536x2048.jpg 1536w, https:\/\/nyforetagarcentrum.se\/mitt\/wp-content\/uploads\/sites\/70\/2025\/12\/IMG_6317-810x1080.jpg 810w, https:\/\/nyforetagarcentrum.se\/mitt\/wp-content\/uploads\/sites\/70\/2025\/12\/IMG_6317-scaled.jpg 1920w\" sizes=\"(max-width: 768px) 100vw, 768px\" \/><\/figure>\n<\/div>\n\n\n\n<div class=\"wp-block-column is-layout-flow wp-block-column-is-layout-flow\">\n<figure class=\"wp-block-image alignfull size-large\"><img loading=\"lazy\" decoding=\"async\" width=\"768\" height=\"1024\" src=\"https:\/\/nyforetagarcentrum.se\/mitt\/wp-content\/uploads\/sites\/70\/2025\/12\/IMG_6332-2-768x1024.jpg\" alt=\"\" class=\"wp-image-1826\" srcset=\"https:\/\/nyforetagarcentrum.se\/mitt\/wp-content\/uploads\/sites\/70\/2025\/12\/IMG_6332-2-768x1024.jpg 768w, https:\/\/nyforetagarcentrum.se\/mitt\/wp-content\/uploads\/sites\/70\/2025\/12\/IMG_6332-2-225x300.jpg 225w, https:\/\/nyforetagarcentrum.se\/mitt\/wp-content\/uploads\/sites\/70\/2025\/12\/IMG_6332-2-1152x1536.jpg 1152w, https:\/\/nyforetagarcentrum.se\/mitt\/wp-content\/uploads\/sites\/70\/2025\/12\/IMG_6332-2-1536x2048.jpg 1536w, https:\/\/nyforetagarcentrum.se\/mitt\/wp-content\/uploads\/sites\/70\/2025\/12\/IMG_6332-2-810x1080.jpg 810w, https:\/\/nyforetagarcentrum.se\/mitt\/wp-content\/uploads\/sites\/70\/2025\/12\/IMG_6332-2-scaled.jpg 1920w\" sizes=\"(max-width: 768px) 100vw, 768px\" \/><\/figure>\n<\/div>\n\n\n\n<div class=\"wp-block-column is-layout-flow wp-block-column-is-layout-flow\">\n<figure class=\"wp-block-image alignfull size-large\"><img loading=\"lazy\" decoding=\"async\" width=\"768\" height=\"1024\" src=\"https:\/\/nyforetagarcentrum.se\/mitt\/wp-content\/uploads\/sites\/70\/2025\/12\/IMG_6315-768x1024.jpg\" alt=\"\" class=\"wp-image-1827\" srcset=\"https:\/\/nyforetagarcentrum.se\/mitt\/wp-content\/uploads\/sites\/70\/2025\/12\/IMG_6315-768x1024.jpg 768w, https:\/\/nyforetagarcentrum.se\/mitt\/wp-content\/uploads\/sites\/70\/2025\/12\/IMG_6315-225x300.jpg 225w, https:\/\/nyforetagarcentrum.se\/mitt\/wp-content\/uploads\/sites\/70\/2025\/12\/IMG_6315-1152x1536.jpg 1152w, https:\/\/nyforetagarcentrum.se\/mitt\/wp-content\/uploads\/sites\/70\/2025\/12\/IMG_6315-1536x2048.jpg 1536w, https:\/\/nyforetagarcentrum.se\/mitt\/wp-content\/uploads\/sites\/70\/2025\/12\/IMG_6315-810x1080.jpg 810w, https:\/\/nyforetagarcentrum.se\/mitt\/wp-content\/uploads\/sites\/70\/2025\/12\/IMG_6315-scaled.jpg 1920w\" sizes=\"(max-width: 768px) 100vw, 768px\" \/><\/figure>\n<\/div>\n<\/div>\n\n\n\n<p><strong>Sundsvalls St\u00e4d &amp; Service AB<\/strong><br>Linus Lind har byggt Sundsvalls St\u00e4d &amp; Service AB fr\u00e5n grunden. Med kvalitet, p\u00e5litlighet och gott servicefokus visar han hur driv och engagemang kan skapa framg\u00e5ng fr\u00e5n start.<\/p>\n\n\n\n<figure class=\"wp-block-image size-large is-resized\"><img loading=\"lazy\" decoding=\"async\" width=\"768\" height=\"1024\" src=\"https:\/\/nyforetagarcentrum.se\/mitt\/wp-content\/uploads\/sites\/70\/2025\/12\/IMG_6317-1-768x1024.jpg\" alt=\"\" class=\"wp-image-1828\" style=\"width:289px;height:auto\" srcset=\"https:\/\/nyforetagarcentrum.se\/mitt\/wp-content\/uploads\/sites\/70\/2025\/12\/IMG_6317-1-768x1024.jpg 768w, https:\/\/nyforetagarcentrum.se\/mitt\/wp-content\/uploads\/sites\/70\/2025\/12\/IMG_6317-1-225x300.jpg 225w, https:\/\/nyforetagarcentrum.se\/mitt\/wp-content\/uploads\/sites\/70\/2025\/12\/IMG_6317-1-1152x1536.jpg 1152w, https:\/\/nyforetagarcentrum.se\/mitt\/wp-content\/uploads\/sites\/70\/2025\/12\/IMG_6317-1-1536x2048.jpg 1536w, https:\/\/nyforetagarcentrum.se\/mitt\/wp-content\/uploads\/sites\/70\/2025\/12\/IMG_6317-1-810x1080.jpg 810w, https:\/\/nyforetagarcentrum.se\/mitt\/wp-content\/uploads\/sites\/70\/2025\/12\/IMG_6317-1-scaled.jpg 1920w\" sizes=\"(max-width: 768px) 100vw, 768px\" \/><\/figure>\n\n\n\n<p><strong>Bon Temp<\/strong>s<br>Bageri Bon Temps i Sundsvall kombinerar kreativt hantverk och h\u00e5llbarhet. Med lokala r\u00e5varor och innovativa bakverk har de snabbt blivit en favorit bland b\u00e5de Sundsvallsbor och bes\u00f6kare.<\/p>\n\n\n\n<figure class=\"wp-block-image size-large is-resized\"><img loading=\"lazy\" decoding=\"async\" width=\"768\" height=\"1024\" src=\"https:\/\/nyforetagarcentrum.se\/mitt\/wp-content\/uploads\/sites\/70\/2025\/12\/IMG_6332-4-768x1024.jpg\" alt=\"\" class=\"wp-image-1830\" style=\"width:290px;height:auto\" srcset=\"https:\/\/nyforetagarcentrum.se\/mitt\/wp-content\/uploads\/sites\/70\/2025\/12\/IMG_6332-4-768x1024.jpg 768w, https:\/\/nyforetagarcentrum.se\/mitt\/wp-content\/uploads\/sites\/70\/2025\/12\/IMG_6332-4-225x300.jpg 225w, https:\/\/nyforetagarcentrum.se\/mitt\/wp-content\/uploads\/sites\/70\/2025\/12\/IMG_6332-4-1152x1536.jpg 1152w, https:\/\/nyforetagarcentrum.se\/mitt\/wp-content\/uploads\/sites\/70\/2025\/12\/IMG_6332-4-1536x2048.jpg 1536w, https:\/\/nyforetagarcentrum.se\/mitt\/wp-content\/uploads\/sites\/70\/2025\/12\/IMG_6332-4-810x1080.jpg 810w, https:\/\/nyforetagarcentrum.se\/mitt\/wp-content\/uploads\/sites\/70\/2025\/12\/IMG_6332-4-scaled.jpg 1920w\" sizes=\"(max-width: 768px) 100vw, 768px\" \/><\/figure>\n\n\n\n<p><strong>V\u00e4sternorrland Skog &amp; St\u00e4d<\/strong><br>Andrii Kulyk erbjuder tj\u00e4nster inom skogsv\u00e5rd och st\u00e4dning. Med stort driv, kunskap och ambition v\u00e4xer f\u00f6retaget snabbt och visar p\u00e5 modet att starta eget i Sverige.<\/p>\n\n\n\n<figure class=\"wp-block-image size-large is-resized\"><img loading=\"lazy\" decoding=\"async\" width=\"768\" height=\"1024\" src=\"https:\/\/nyforetagarcentrum.se\/mitt\/wp-content\/uploads\/sites\/70\/2025\/12\/IMG_6315-1-768x1024.jpg\" alt=\"\" class=\"wp-image-1831\" style=\"width:287px;height:auto\" srcset=\"https:\/\/nyforetagarcentrum.se\/mitt\/wp-content\/uploads\/sites\/70\/2025\/12\/IMG_6315-1-768x1024.jpg 768w, https:\/\/nyforetagarcentrum.se\/mitt\/wp-content\/uploads\/sites\/70\/2025\/12\/IMG_6315-1-225x300.jpg 225w, https:\/\/nyforetagarcentrum.se\/mitt\/wp-content\/uploads\/sites\/70\/2025\/12\/IMG_6315-1-1152x1536.jpg 1152w, https:\/\/nyforetagarcentrum.se\/mitt\/wp-content\/uploads\/sites\/70\/2025\/12\/IMG_6315-1-1536x2048.jpg 1536w, https:\/\/nyforetagarcentrum.se\/mitt\/wp-content\/uploads\/sites\/70\/2025\/12\/IMG_6315-1-810x1080.jpg 810w, https:\/\/nyforetagarcentrum.se\/mitt\/wp-content\/uploads\/sites\/70\/2025\/12\/IMG_6315-1-scaled.jpg 1920w\" sizes=\"(max-width: 768px) 100vw, 768px\" \/><\/figure>\n\n\n\n<p>H\u00e4r \u00e4r de nominerade till \u00c5rets Nyf\u00f6retagare i V\u00e4sternorrland 2025! \u2728<br>Tre inspirerande f\u00f6retag med driv, id\u00e9er och engagemang som visar p\u00e5 modet att starta eget.<\/p>\n\n\n\n<p>F\u00f6lj deras resa och l\u00e5t dig inspireras \u2013 kanske blir n\u00e4sta succ\u00e9 just din id\u00e9!<\/p>\n","protected":false},"template":"","meta":{"footnotes":""},"acf":[],"yoast_head":"<!-- This site is optimized with the Yoast SEO plugin v22.9 - https:\/\/yoast.com\/wordpress\/plugins\/seo\/ -->\n<title>Evenemang i Sundsvall - Nyf\u00f6retagarCentrum<\/title>\n<meta name=\"description\" content=\"Uppt\u00e4ck kommande evenemang hos Nyf\u00f6retagarCentrum i Sundsvall, utformade f\u00f6r att st\u00f6dja blivande och nya f\u00f6retagare. Delta i workshops, seminarier och n\u00e4tverkstr\u00e4ffar f\u00f6r att f\u00e5 v\u00e4rdefulla insikter och kontakter f\u00f6r din entrepren\u00f6rsresa. F\u00e5 information om datum, platser och hur du anm\u00e4ler dig.\" \/>\n<meta name=\"robots\" content=\"index, follow, max-snippet:-1, max-image-preview:large, max-video-preview:-1\" \/>\n<link rel=\"canonical\" href=\"https:\/\/nyforetagarcentrum.se\/mitt\/evenemang\/har-ar-de-nominerade-till-arets-nyforetagare-i-vasternorrland-2025\/\" \/>\n<meta property=\"og:locale\" content=\"sv_SE\" \/>\n<meta property=\"og:type\" content=\"article\" \/>\n<meta property=\"og:title\" content=\"Evenemang i Sundsvall - Nyf\u00f6retagarCentrum\" \/>\n<meta property=\"og:description\" content=\"Uppt\u00e4ck kommande evenemang hos Nyf\u00f6retagarCentrum i Sundsvall, utformade f\u00f6r att st\u00f6dja blivande och nya f\u00f6retagare. Delta i workshops, seminarier och n\u00e4tverkstr\u00e4ffar f\u00f6r att f\u00e5 v\u00e4rdefulla insikter och kontakter f\u00f6r din entrepren\u00f6rsresa. F\u00e5 information om datum, platser och hur du anm\u00e4ler dig.\" \/>\n<meta property=\"og:url\" content=\"https:\/\/nyforetagarcentrum.se\/mitt\/evenemang\/har-ar-de-nominerade-till-arets-nyforetagare-i-vasternorrland-2025\/\" \/>\n<meta property=\"og:site_name\" content=\"Mitt\" \/>\n<meta property=\"og:image\" content=\"https:\/\/nyforetagarcentrum.se\/mitt\/wp-content\/uploads\/sites\/70\/2025\/12\/IMG_6317-768x1024.jpg\" \/>\n<meta name=\"twitter:card\" content=\"summary_large_image\" \/>\n<meta name=\"twitter:label1\" content=\"Ber\u00e4knad l\u00e4stid\" \/>\n\t<meta name=\"twitter:data1\" content=\"3 minuter\" \/>\n<script type=\"application\/ld+json\" class=\"yoast-schema-graph\">{\"@context\":\"https:\/\/schema.org\",\"@graph\":[{\"@type\":\"WebPage\",\"@id\":\"https:\/\/nyforetagarcentrum.se\/mitt\/evenemang\/har-ar-de-nominerade-till-arets-nyforetagare-i-vasternorrland-2025\/\",\"url\":\"https:\/\/nyforetagarcentrum.se\/mitt\/evenemang\/har-ar-de-nominerade-till-arets-nyforetagare-i-vasternorrland-2025\/\",\"name\":\"Evenemang i Sundsvall - Nyf\u00f6retagarCentrum\",\"isPartOf\":{\"@id\":\"https:\/\/nyforetagarcentrum.se\/mitt\/#website\"},\"primaryImageOfPage\":{\"@id\":\"https:\/\/nyforetagarcentrum.se\/mitt\/evenemang\/har-ar-de-nominerade-till-arets-nyforetagare-i-vasternorrland-2025\/#primaryimage\"},\"image\":{\"@id\":\"https:\/\/nyforetagarcentrum.se\/mitt\/evenemang\/har-ar-de-nominerade-till-arets-nyforetagare-i-vasternorrland-2025\/#primaryimage\"},\"thumbnailUrl\":\"https:\/\/nyforetagarcentrum.se\/mitt\/wp-content\/uploads\/sites\/70\/2025\/12\/IMG_6317-768x1024.jpg\",\"datePublished\":\"2025-12-04T11:24:22+00:00\",\"dateModified\":\"2025-12-04T11:24:22+00:00\",\"description\":\"Uppt\u00e4ck kommande evenemang hos Nyf\u00f6retagarCentrum i Sundsvall, utformade f\u00f6r att st\u00f6dja blivande och nya f\u00f6retagare. Delta i workshops, seminarier och n\u00e4tverkstr\u00e4ffar f\u00f6r att f\u00e5 v\u00e4rdefulla insikter och kontakter f\u00f6r din entrepren\u00f6rsresa. F\u00e5 information om datum, platser och hur du anm\u00e4ler dig.\",\"breadcrumb\":{\"@id\":\"https:\/\/nyforetagarcentrum.se\/mitt\/evenemang\/har-ar-de-nominerade-till-arets-nyforetagare-i-vasternorrland-2025\/#breadcrumb\"},\"inLanguage\":\"sv-SE\",\"potentialAction\":[{\"@type\":\"ReadAction\",\"target\":[\"https:\/\/nyforetagarcentrum.se\/mitt\/evenemang\/har-ar-de-nominerade-till-arets-nyforetagare-i-vasternorrland-2025\/\"]}]},{\"@type\":\"ImageObject\",\"inLanguage\":\"sv-SE\",\"@id\":\"https:\/\/nyforetagarcentrum.se\/mitt\/evenemang\/har-ar-de-nominerade-till-arets-nyforetagare-i-vasternorrland-2025\/#primaryimage\",\"url\":\"https:\/\/nyforetagarcentrum.se\/mitt\/wp-content\/uploads\/sites\/70\/2025\/12\/IMG_6317-scaled.jpg\",\"contentUrl\":\"https:\/\/nyforetagarcentrum.se\/mitt\/wp-content\/uploads\/sites\/70\/2025\/12\/IMG_6317-scaled.jpg\",\"width\":1920,\"height\":2560},{\"@type\":\"BreadcrumbList\",\"@id\":\"https:\/\/nyforetagarcentrum.se\/mitt\/evenemang\/har-ar-de-nominerade-till-arets-nyforetagare-i-vasternorrland-2025\/#breadcrumb\",\"itemListElement\":[{\"@type\":\"ListItem\",\"position\":1,\"name\":\"Hem\",\"item\":\"https:\/\/nyforetagarcentrum.se\/mitt\/\"},{\"@type\":\"ListItem\",\"position\":2,\"name\":\"Evenemang\",\"item\":\"https:\/\/nyforetagarcentrum.se\/mitt\/evenemang\/\"},{\"@type\":\"ListItem\",\"position\":3,\"name\":\"H\u00e4r \u00e4r de nominerade till \u00c5rets Nyf\u00f6retagare i V\u00e4sternorrland 2025!\"}]},{\"@type\":\"WebSite\",\"@id\":\"https:\/\/nyforetagarcentrum.se\/mitt\/#website\",\"url\":\"https:\/\/nyforetagarcentrum.se\/mitt\/\",\"name\":\"Mitt\",\"description\":\"Sveriges ledande kraft f\u00f6r fler nya livskraftiga f\u00f6retag\",\"publisher\":{\"@id\":\"https:\/\/nyforetagarcentrum.se\/mitt\/#organization\"},\"potentialAction\":[{\"@type\":\"SearchAction\",\"target\":{\"@type\":\"EntryPoint\",\"urlTemplate\":\"https:\/\/nyforetagarcentrum.se\/mitt\/?s={search_term_string}\"},\"query-input\":\"required name=search_term_string\"}],\"inLanguage\":\"sv-SE\"},{\"@type\":\"Organization\",\"@id\":\"https:\/\/nyforetagarcentrum.se\/mitt\/#organization\",\"name\":\"Mitt\",\"url\":\"https:\/\/nyforetagarcentrum.se\/mitt\/\",\"logo\":{\"@type\":\"ImageObject\",\"inLanguage\":\"sv-SE\",\"@id\":\"https:\/\/nyforetagarcentrum.se\/mitt\/#\/schema\/logo\/image\/\",\"url\":\"https:\/\/nyforetagarcentrum.se\/mitt\/wp-content\/uploads\/sites\/70\/2024\/07\/mitt_bla-1.png\",\"contentUrl\":\"https:\/\/nyforetagarcentrum.se\/mitt\/wp-content\/uploads\/sites\/70\/2024\/07\/mitt_bla-1.png\",\"width\":870,\"height\":355,\"caption\":\"Mitt\"},\"image\":{\"@id\":\"https:\/\/nyforetagarcentrum.se\/mitt\/#\/schema\/logo\/image\/\"}}]}<\/script>\n<!-- \/ Yoast SEO plugin. -->","yoast_head_json":{"title":"Evenemang i Sundsvall - Nyf\u00f6retagarCentrum","description":"Uppt\u00e4ck kommande evenemang hos Nyf\u00f6retagarCentrum i Sundsvall, utformade f\u00f6r att st\u00f6dja blivande och nya f\u00f6retagare. Delta i workshops, seminarier och n\u00e4tverkstr\u00e4ffar f\u00f6r att f\u00e5 v\u00e4rdefulla insikter och kontakter f\u00f6r din entrepren\u00f6rsresa. F\u00e5 information om datum, platser och hur du anm\u00e4ler dig.","robots":{"index":"index","follow":"follow","max-snippet":"max-snippet:-1","max-image-preview":"max-image-preview:large","max-video-preview":"max-video-preview:-1"},"canonical":"https:\/\/nyforetagarcentrum.se\/mitt\/evenemang\/har-ar-de-nominerade-till-arets-nyforetagare-i-vasternorrland-2025\/","og_locale":"sv_SE","og_type":"article","og_title":"Evenemang i Sundsvall - Nyf\u00f6retagarCentrum","og_description":"Uppt\u00e4ck kommande evenemang hos Nyf\u00f6retagarCentrum i Sundsvall, utformade f\u00f6r att st\u00f6dja blivande och nya f\u00f6retagare. Delta i workshops, seminarier och n\u00e4tverkstr\u00e4ffar f\u00f6r att f\u00e5 v\u00e4rdefulla insikter och kontakter f\u00f6r din entrepren\u00f6rsresa. F\u00e5 information om datum, platser och hur du anm\u00e4ler dig.","og_url":"https:\/\/nyforetagarcentrum.se\/mitt\/evenemang\/har-ar-de-nominerade-till-arets-nyforetagare-i-vasternorrland-2025\/","og_site_name":"Mitt","og_image":[{"url":"https:\/\/nyforetagarcentrum.se\/mitt\/wp-content\/uploads\/sites\/70\/2025\/12\/IMG_6317-768x1024.jpg"}],"twitter_card":"summary_large_image","twitter_misc":{"Ber\u00e4knad l\u00e4stid":"3 minuter"},"schema":{"@context":"https:\/\/schema.org","@graph":[{"@type":"WebPage","@id":"https:\/\/nyforetagarcentrum.se\/mitt\/evenemang\/har-ar-de-nominerade-till-arets-nyforetagare-i-vasternorrland-2025\/","url":"https:\/\/nyforetagarcentrum.se\/mitt\/evenemang\/har-ar-de-nominerade-till-arets-nyforetagare-i-vasternorrland-2025\/","name":"Evenemang i Sundsvall - Nyf\u00f6retagarCentrum","isPartOf":{"@id":"https:\/\/nyforetagarcentrum.se\/mitt\/#website"},"primaryImageOfPage":{"@id":"https:\/\/nyforetagarcentrum.se\/mitt\/evenemang\/har-ar-de-nominerade-till-arets-nyforetagare-i-vasternorrland-2025\/#primaryimage"},"image":{"@id":"https:\/\/nyforetagarcentrum.se\/mitt\/evenemang\/har-ar-de-nominerade-till-arets-nyforetagare-i-vasternorrland-2025\/#primaryimage"},"thumbnailUrl":"https:\/\/nyforetagarcentrum.se\/mitt\/wp-content\/uploads\/sites\/70\/2025\/12\/IMG_6317-768x1024.jpg","datePublished":"2025-12-04T11:24:22+00:00","dateModified":"2025-12-04T11:24:22+00:00","description":"Uppt\u00e4ck kommande evenemang hos Nyf\u00f6retagarCentrum i Sundsvall, utformade f\u00f6r att st\u00f6dja blivande och nya f\u00f6retagare. Delta i workshops, seminarier och n\u00e4tverkstr\u00e4ffar f\u00f6r att f\u00e5 v\u00e4rdefulla insikter och kontakter f\u00f6r din entrepren\u00f6rsresa. F\u00e5 information om datum, platser och hur du anm\u00e4ler dig.","breadcrumb":{"@id":"https:\/\/nyforetagarcentrum.se\/mitt\/evenemang\/har-ar-de-nominerade-till-arets-nyforetagare-i-vasternorrland-2025\/#breadcrumb"},"inLanguage":"sv-SE","potentialAction":[{"@type":"ReadAction","target":["https:\/\/nyforetagarcentrum.se\/mitt\/evenemang\/har-ar-de-nominerade-till-arets-nyforetagare-i-vasternorrland-2025\/"]}]},{"@type":"ImageObject","inLanguage":"sv-SE","@id":"https:\/\/nyforetagarcentrum.se\/mitt\/evenemang\/har-ar-de-nominerade-till-arets-nyforetagare-i-vasternorrland-2025\/#primaryimage","url":"https:\/\/nyforetagarcentrum.se\/mitt\/wp-content\/uploads\/sites\/70\/2025\/12\/IMG_6317-scaled.jpg","contentUrl":"https:\/\/nyforetagarcentrum.se\/mitt\/wp-content\/uploads\/sites\/70\/2025\/12\/IMG_6317-scaled.jpg","width":1920,"height":2560},{"@type":"BreadcrumbList","@id":"https:\/\/nyforetagarcentrum.se\/mitt\/evenemang\/har-ar-de-nominerade-till-arets-nyforetagare-i-vasternorrland-2025\/#breadcrumb","itemListElement":[{"@type":"ListItem","position":1,"name":"Hem","item":"https:\/\/nyforetagarcentrum.se\/mitt\/"},{"@type":"ListItem","position":2,"name":"Evenemang","item":"https:\/\/nyforetagarcentrum.se\/mitt\/evenemang\/"},{"@type":"ListItem","position":3,"name":"H\u00e4r \u00e4r de nominerade till \u00c5rets Nyf\u00f6retagare i V\u00e4sternorrland 2025!"}]},{"@type":"WebSite","@id":"https:\/\/nyforetagarcentrum.se\/mitt\/#website","url":"https:\/\/nyforetagarcentrum.se\/mitt\/","name":"Mitt","description":"Sveriges ledande kraft f\u00f6r fler nya livskraftiga f\u00f6retag","publisher":{"@id":"https:\/\/nyforetagarcentrum.se\/mitt\/#organization"},"potentialAction":[{"@type":"SearchAction","target":{"@type":"EntryPoint","urlTemplate":"https:\/\/nyforetagarcentrum.se\/mitt\/?s={search_term_string}"},"query-input":"required name=search_term_string"}],"inLanguage":"sv-SE"},{"@type":"Organization","@id":"https:\/\/nyforetagarcentrum.se\/mitt\/#organization","name":"Mitt","url":"https:\/\/nyforetagarcentrum.se\/mitt\/","logo":{"@type":"ImageObject","inLanguage":"sv-SE","@id":"https:\/\/nyforetagarcentrum.se\/mitt\/#\/schema\/logo\/image\/","url":"https:\/\/nyforetagarcentrum.se\/mitt\/wp-content\/uploads\/sites\/70\/2024\/07\/mitt_bla-1.png","contentUrl":"https:\/\/nyforetagarcentrum.se\/mitt\/wp-content\/uploads\/sites\/70\/2024\/07\/mitt_bla-1.png","width":870,"height":355,"caption":"Mitt"},"image":{"@id":"https:\/\/nyforetagarcentrum.se\/mitt\/#\/schema\/logo\/image\/"}}]}},"_links":{"self":[{"href":"https:\/\/nyforetagarcentrum.se\/mitt\/wp-json\/wp\/v2\/event\/1822"}],"collection":[{"href":"https:\/\/nyforetagarcentrum.se\/mitt\/wp-json\/wp\/v2\/event"}],"about":[{"href":"https:\/\/nyforetagarcentrum.se\/mitt\/wp-json\/wp\/v2\/types\/event"}],"version-history":[{"count":1,"href":"https:\/\/nyforetagarcentrum.se\/mitt\/wp-json\/wp\/v2\/event\/1822\/revisions"}],"predecessor-version":[{"id":1832,"href":"https:\/\/nyforetagarcentrum.se\/mitt\/wp-json\/wp\/v2\/event\/1822\/revisions\/1832"}],"wp:attachment":[{"href":"https:\/\/nyforetagarcentrum.se\/mitt\/wp-json\/wp\/v2\/media?parent=1822"}],"curies":[{"name":"wp","href":"https:\/\/api.w.org\/{rel}","templated":true}]}}