{"id":1675,"date":"2024-10-23T11:39:29","date_gmt":"2024-10-23T09:39:29","guid":{"rendered":"https:\/\/nyforetagarcentrum.se\/mitt\/?post_type=event&#038;p=1675"},"modified":"2024-10-23T11:39:30","modified_gmt":"2024-10-23T09:39:30","slug":"redovisning-och-skatt-gor-ratt-fran-borjan","status":"publish","type":"event","link":"https:\/\/nyforetagarcentrum.se\/mitt\/evenemang\/redovisning-och-skatt-gor-ratt-fran-borjan\/","title":{"rendered":"Redovisning och Skatt &#8211; g\u00f6r r\u00e4tt fr\u00e5n b\u00f6rjan!"},"content":{"rendered":"\n<figure class=\"wp-block-image size-large\"><img loading=\"lazy\" decoding=\"async\" width=\"1024\" height=\"683\" src=\"https:\/\/nyforetagarcentrum.se\/mitt\/wp-content\/uploads\/sites\/70\/2024\/02\/Natverk-seminarium-LOW-1024x683.jpg\" alt=\"\" class=\"wp-image-207\" srcset=\"https:\/\/nyforetagarcentrum.se\/mitt\/wp-content\/uploads\/sites\/70\/2024\/02\/Natverk-seminarium-LOW-1024x683.jpg 1024w, https:\/\/nyforetagarcentrum.se\/mitt\/wp-content\/uploads\/sites\/70\/2024\/02\/Natverk-seminarium-LOW-300x200.jpg 300w, https:\/\/nyforetagarcentrum.se\/mitt\/wp-content\/uploads\/sites\/70\/2024\/02\/Natverk-seminarium-LOW-768x512.jpg 768w, https:\/\/nyforetagarcentrum.se\/mitt\/wp-content\/uploads\/sites\/70\/2024\/02\/Natverk-seminarium-LOW.jpg 1476w\" sizes=\"(max-width: 1024px) 100vw, 1024px\" \/><\/figure>\n\n\n\n<p><strong>V\u00e4lkommen till ett informativt seminarium om grundl\u00e4ggande redovisning och skatter f\u00f6r dig som \u00e4r nyf\u00f6retagare!<\/strong><\/p>\n\n\n\n<p><strong><br><\/strong>Under detta seminarium&nbsp;f\u00e5r du en introduktion till viktiga redovisningsprinciper och skatteregler som hj\u00e4lper dig att hantera ditt f\u00f6retags ekonomi p\u00e5 ett smidigt och korrekt s\u00e4tt.<\/p>\n\n\n\n<p>Seminariet riktar sig till dig som \u00e4r i startfasen eller vill st\u00e4rka ditt f\u00f6retags insikter kring skatter och redovisning.<br>Missa inte chansen att f\u00e5 v\u00e4rdefull kunskap och praktiska r\u00e5d fr\u00e5n experter i branschen!<\/p>\n\n\n\n<p><strong>Samarbetspartners \u00e4r<\/strong><br>EY &amp; Grant Thornton<\/p>\n\n\n\n<p><\/p>\n\n\n\n<p>Seminariet \u00e4r\u00a0<strong>kostnadsfritt<\/strong>. Dock beh\u00f6ver vi er anm\u00e4lan!<br><\/p>\n\n\n\n<p>Har ni fr\u00e5gor?<br>Kontakta Lotta Uvhage &#8211;\u00a0<a href=\"mailto:lotta.uvhage@nyforetagarcentrum.se\">lotta.uvhage@nyforetagarcentrum.se<\/a><\/p>\n\n\n\n<p><strong>V\u00e4lkommen \u00f6nskar<\/strong><br>Nyf\u00f6retagarcentrum MITT<\/p>\n","protected":false},"template":"","meta":{"footnotes":""},"acf":[],"yoast_head":"<!-- This site is optimized with the Yoast SEO plugin v22.9 - https:\/\/yoast.com\/wordpress\/plugins\/seo\/ -->\n<title>Evenemang i Sundsvall - Nyf\u00f6retagarCentrum<\/title>\n<meta name=\"description\" content=\"Uppt\u00e4ck kommande evenemang hos Nyf\u00f6retagarCentrum i Sundsvall, utformade f\u00f6r att st\u00f6dja blivande och nya f\u00f6retagare. Delta i workshops, seminarier och n\u00e4tverkstr\u00e4ffar f\u00f6r att f\u00e5 v\u00e4rdefulla insikter och kontakter f\u00f6r din entrepren\u00f6rsresa. F\u00e5 information om datum, platser och hur du anm\u00e4ler dig.\" \/>\n<meta name=\"robots\" content=\"index, follow, max-snippet:-1, max-image-preview:large, max-video-preview:-1\" \/>\n<link rel=\"canonical\" href=\"https:\/\/nyforetagarcentrum.se\/mitt\/evenemang\/redovisning-och-skatt-gor-ratt-fran-borjan\/\" \/>\n<meta property=\"og:locale\" content=\"sv_SE\" \/>\n<meta property=\"og:type\" content=\"article\" \/>\n<meta property=\"og:title\" content=\"Evenemang i Sundsvall - Nyf\u00f6retagarCentrum\" \/>\n<meta property=\"og:description\" content=\"Uppt\u00e4ck kommande evenemang hos Nyf\u00f6retagarCentrum i Sundsvall, utformade f\u00f6r att st\u00f6dja blivande och nya f\u00f6retagare. Delta i workshops, seminarier och n\u00e4tverkstr\u00e4ffar f\u00f6r att f\u00e5 v\u00e4rdefulla insikter och kontakter f\u00f6r din entrepren\u00f6rsresa. F\u00e5 information om datum, platser och hur du anm\u00e4ler dig.\" \/>\n<meta property=\"og:url\" content=\"https:\/\/nyforetagarcentrum.se\/mitt\/evenemang\/redovisning-och-skatt-gor-ratt-fran-borjan\/\" \/>\n<meta property=\"og:site_name\" content=\"Mitt\" \/>\n<meta property=\"article:modified_time\" content=\"2024-10-23T09:39:30+00:00\" \/>\n<meta property=\"og:image\" content=\"https:\/\/nyforetagarcentrum.se\/mitt\/wp-content\/uploads\/sites\/70\/2024\/02\/Natverk-seminarium-LOW-1024x683.jpg\" \/>\n<meta name=\"twitter:card\" content=\"summary_large_image\" \/>\n<meta name=\"twitter:label1\" content=\"Ber\u00e4knad l\u00e4stid\" \/>\n\t<meta name=\"twitter:data1\" content=\"1 minut\" \/>\n<script type=\"application\/ld+json\" class=\"yoast-schema-graph\">{\"@context\":\"https:\/\/schema.org\",\"@graph\":[{\"@type\":\"WebPage\",\"@id\":\"https:\/\/nyforetagarcentrum.se\/mitt\/evenemang\/redovisning-och-skatt-gor-ratt-fran-borjan\/\",\"url\":\"https:\/\/nyforetagarcentrum.se\/mitt\/evenemang\/redovisning-och-skatt-gor-ratt-fran-borjan\/\",\"name\":\"Evenemang i Sundsvall - Nyf\u00f6retagarCentrum\",\"isPartOf\":{\"@id\":\"https:\/\/nyforetagarcentrum.se\/mitt\/#website\"},\"primaryImageOfPage\":{\"@id\":\"https:\/\/nyforetagarcentrum.se\/mitt\/evenemang\/redovisning-och-skatt-gor-ratt-fran-borjan\/#primaryimage\"},\"image\":{\"@id\":\"https:\/\/nyforetagarcentrum.se\/mitt\/evenemang\/redovisning-och-skatt-gor-ratt-fran-borjan\/#primaryimage\"},\"thumbnailUrl\":\"https:\/\/nyforetagarcentrum.se\/mitt\/wp-content\/uploads\/sites\/70\/2024\/02\/Natverk-seminarium-LOW-1024x683.jpg\",\"datePublished\":\"2024-10-23T09:39:29+00:00\",\"dateModified\":\"2024-10-23T09:39:30+00:00\",\"description\":\"Uppt\u00e4ck kommande evenemang hos Nyf\u00f6retagarCentrum i Sundsvall, utformade f\u00f6r att st\u00f6dja blivande och nya f\u00f6retagare. Delta i workshops, seminarier och n\u00e4tverkstr\u00e4ffar f\u00f6r att f\u00e5 v\u00e4rdefulla insikter och kontakter f\u00f6r din entrepren\u00f6rsresa. F\u00e5 information om datum, platser och hur du anm\u00e4ler dig.\",\"breadcrumb\":{\"@id\":\"https:\/\/nyforetagarcentrum.se\/mitt\/evenemang\/redovisning-och-skatt-gor-ratt-fran-borjan\/#breadcrumb\"},\"inLanguage\":\"sv-SE\",\"potentialAction\":[{\"@type\":\"ReadAction\",\"target\":[\"https:\/\/nyforetagarcentrum.se\/mitt\/evenemang\/redovisning-och-skatt-gor-ratt-fran-borjan\/\"]}]},{\"@type\":\"ImageObject\",\"inLanguage\":\"sv-SE\",\"@id\":\"https:\/\/nyforetagarcentrum.se\/mitt\/evenemang\/redovisning-och-skatt-gor-ratt-fran-borjan\/#primaryimage\",\"url\":\"https:\/\/nyforetagarcentrum.se\/mitt\/wp-content\/uploads\/sites\/70\/2024\/02\/Natverk-seminarium-LOW.jpg\",\"contentUrl\":\"https:\/\/nyforetagarcentrum.se\/mitt\/wp-content\/uploads\/sites\/70\/2024\/02\/Natverk-seminarium-LOW.jpg\",\"width\":1476,\"height\":984},{\"@type\":\"BreadcrumbList\",\"@id\":\"https:\/\/nyforetagarcentrum.se\/mitt\/evenemang\/redovisning-och-skatt-gor-ratt-fran-borjan\/#breadcrumb\",\"itemListElement\":[{\"@type\":\"ListItem\",\"position\":1,\"name\":\"Hem\",\"item\":\"https:\/\/nyforetagarcentrum.se\/mitt\/\"},{\"@type\":\"ListItem\",\"position\":2,\"name\":\"Evenemang\",\"item\":\"https:\/\/nyforetagarcentrum.se\/mitt\/evenemang\/\"},{\"@type\":\"ListItem\",\"position\":3,\"name\":\"Redovisning och Skatt &#8211; g\u00f6r r\u00e4tt fr\u00e5n b\u00f6rjan!\"}]},{\"@type\":\"WebSite\",\"@id\":\"https:\/\/nyforetagarcentrum.se\/mitt\/#website\",\"url\":\"https:\/\/nyforetagarcentrum.se\/mitt\/\",\"name\":\"Mitt\",\"description\":\"Sveriges ledande kraft f\u00f6r fler nya livskraftiga f\u00f6retag\",\"publisher\":{\"@id\":\"https:\/\/nyforetagarcentrum.se\/mitt\/#organization\"},\"potentialAction\":[{\"@type\":\"SearchAction\",\"target\":{\"@type\":\"EntryPoint\",\"urlTemplate\":\"https:\/\/nyforetagarcentrum.se\/mitt\/?s={search_term_string}\"},\"query-input\":\"required name=search_term_string\"}],\"inLanguage\":\"sv-SE\"},{\"@type\":\"Organization\",\"@id\":\"https:\/\/nyforetagarcentrum.se\/mitt\/#organization\",\"name\":\"Mitt\",\"url\":\"https:\/\/nyforetagarcentrum.se\/mitt\/\",\"logo\":{\"@type\":\"ImageObject\",\"inLanguage\":\"sv-SE\",\"@id\":\"https:\/\/nyforetagarcentrum.se\/mitt\/#\/schema\/logo\/image\/\",\"url\":\"https:\/\/nyforetagarcentrum.se\/mitt\/wp-content\/uploads\/sites\/70\/2024\/07\/mitt_bla-1.png\",\"contentUrl\":\"https:\/\/nyforetagarcentrum.se\/mitt\/wp-content\/uploads\/sites\/70\/2024\/07\/mitt_bla-1.png\",\"width\":870,\"height\":355,\"caption\":\"Mitt\"},\"image\":{\"@id\":\"https:\/\/nyforetagarcentrum.se\/mitt\/#\/schema\/logo\/image\/\"}}]}<\/script>\n<!-- \/ Yoast SEO plugin. -->","yoast_head_json":{"title":"Evenemang i Sundsvall - Nyf\u00f6retagarCentrum","description":"Uppt\u00e4ck kommande evenemang hos Nyf\u00f6retagarCentrum i Sundsvall, utformade f\u00f6r att st\u00f6dja blivande och nya f\u00f6retagare. Delta i workshops, seminarier och n\u00e4tverkstr\u00e4ffar f\u00f6r att f\u00e5 v\u00e4rdefulla insikter och kontakter f\u00f6r din entrepren\u00f6rsresa. F\u00e5 information om datum, platser och hur du anm\u00e4ler dig.","robots":{"index":"index","follow":"follow","max-snippet":"max-snippet:-1","max-image-preview":"max-image-preview:large","max-video-preview":"max-video-preview:-1"},"canonical":"https:\/\/nyforetagarcentrum.se\/mitt\/evenemang\/redovisning-och-skatt-gor-ratt-fran-borjan\/","og_locale":"sv_SE","og_type":"article","og_title":"Evenemang i Sundsvall - Nyf\u00f6retagarCentrum","og_description":"Uppt\u00e4ck kommande evenemang hos Nyf\u00f6retagarCentrum i Sundsvall, utformade f\u00f6r att st\u00f6dja blivande och nya f\u00f6retagare. Delta i workshops, seminarier och n\u00e4tverkstr\u00e4ffar f\u00f6r att f\u00e5 v\u00e4rdefulla insikter och kontakter f\u00f6r din entrepren\u00f6rsresa. F\u00e5 information om datum, platser och hur du anm\u00e4ler dig.","og_url":"https:\/\/nyforetagarcentrum.se\/mitt\/evenemang\/redovisning-och-skatt-gor-ratt-fran-borjan\/","og_site_name":"Mitt","article_modified_time":"2024-10-23T09:39:30+00:00","og_image":[{"url":"https:\/\/nyforetagarcentrum.se\/mitt\/wp-content\/uploads\/sites\/70\/2024\/02\/Natverk-seminarium-LOW-1024x683.jpg"}],"twitter_card":"summary_large_image","twitter_misc":{"Ber\u00e4knad l\u00e4stid":"1 minut"},"schema":{"@context":"https:\/\/schema.org","@graph":[{"@type":"WebPage","@id":"https:\/\/nyforetagarcentrum.se\/mitt\/evenemang\/redovisning-och-skatt-gor-ratt-fran-borjan\/","url":"https:\/\/nyforetagarcentrum.se\/mitt\/evenemang\/redovisning-och-skatt-gor-ratt-fran-borjan\/","name":"Evenemang i Sundsvall - Nyf\u00f6retagarCentrum","isPartOf":{"@id":"https:\/\/nyforetagarcentrum.se\/mitt\/#website"},"primaryImageOfPage":{"@id":"https:\/\/nyforetagarcentrum.se\/mitt\/evenemang\/redovisning-och-skatt-gor-ratt-fran-borjan\/#primaryimage"},"image":{"@id":"https:\/\/nyforetagarcentrum.se\/mitt\/evenemang\/redovisning-och-skatt-gor-ratt-fran-borjan\/#primaryimage"},"thumbnailUrl":"https:\/\/nyforetagarcentrum.se\/mitt\/wp-content\/uploads\/sites\/70\/2024\/02\/Natverk-seminarium-LOW-1024x683.jpg","datePublished":"2024-10-23T09:39:29+00:00","dateModified":"2024-10-23T09:39:30+00:00","description":"Uppt\u00e4ck kommande evenemang hos Nyf\u00f6retagarCentrum i Sundsvall, utformade f\u00f6r att st\u00f6dja blivande och nya f\u00f6retagare. Delta i workshops, seminarier och n\u00e4tverkstr\u00e4ffar f\u00f6r att f\u00e5 v\u00e4rdefulla insikter och kontakter f\u00f6r din entrepren\u00f6rsresa. F\u00e5 information om datum, platser och hur du anm\u00e4ler dig.","breadcrumb":{"@id":"https:\/\/nyforetagarcentrum.se\/mitt\/evenemang\/redovisning-och-skatt-gor-ratt-fran-borjan\/#breadcrumb"},"inLanguage":"sv-SE","potentialAction":[{"@type":"ReadAction","target":["https:\/\/nyforetagarcentrum.se\/mitt\/evenemang\/redovisning-och-skatt-gor-ratt-fran-borjan\/"]}]},{"@type":"ImageObject","inLanguage":"sv-SE","@id":"https:\/\/nyforetagarcentrum.se\/mitt\/evenemang\/redovisning-och-skatt-gor-ratt-fran-borjan\/#primaryimage","url":"https:\/\/nyforetagarcentrum.se\/mitt\/wp-content\/uploads\/sites\/70\/2024\/02\/Natverk-seminarium-LOW.jpg","contentUrl":"https:\/\/nyforetagarcentrum.se\/mitt\/wp-content\/uploads\/sites\/70\/2024\/02\/Natverk-seminarium-LOW.jpg","width":1476,"height":984},{"@type":"BreadcrumbList","@id":"https:\/\/nyforetagarcentrum.se\/mitt\/evenemang\/redovisning-och-skatt-gor-ratt-fran-borjan\/#breadcrumb","itemListElement":[{"@type":"ListItem","position":1,"name":"Hem","item":"https:\/\/nyforetagarcentrum.se\/mitt\/"},{"@type":"ListItem","position":2,"name":"Evenemang","item":"https:\/\/nyforetagarcentrum.se\/mitt\/evenemang\/"},{"@type":"ListItem","position":3,"name":"Redovisning och Skatt &#8211; g\u00f6r r\u00e4tt fr\u00e5n b\u00f6rjan!"}]},{"@type":"WebSite","@id":"https:\/\/nyforetagarcentrum.se\/mitt\/#website","url":"https:\/\/nyforetagarcentrum.se\/mitt\/","name":"Mitt","description":"Sveriges ledande kraft f\u00f6r fler nya livskraftiga f\u00f6retag","publisher":{"@id":"https:\/\/nyforetagarcentrum.se\/mitt\/#organization"},"potentialAction":[{"@type":"SearchAction","target":{"@type":"EntryPoint","urlTemplate":"https:\/\/nyforetagarcentrum.se\/mitt\/?s={search_term_string}"},"query-input":"required name=search_term_string"}],"inLanguage":"sv-SE"},{"@type":"Organization","@id":"https:\/\/nyforetagarcentrum.se\/mitt\/#organization","name":"Mitt","url":"https:\/\/nyforetagarcentrum.se\/mitt\/","logo":{"@type":"ImageObject","inLanguage":"sv-SE","@id":"https:\/\/nyforetagarcentrum.se\/mitt\/#\/schema\/logo\/image\/","url":"https:\/\/nyforetagarcentrum.se\/mitt\/wp-content\/uploads\/sites\/70\/2024\/07\/mitt_bla-1.png","contentUrl":"https:\/\/nyforetagarcentrum.se\/mitt\/wp-content\/uploads\/sites\/70\/2024\/07\/mitt_bla-1.png","width":870,"height":355,"caption":"Mitt"},"image":{"@id":"https:\/\/nyforetagarcentrum.se\/mitt\/#\/schema\/logo\/image\/"}}]}},"_links":{"self":[{"href":"https:\/\/nyforetagarcentrum.se\/mitt\/wp-json\/wp\/v2\/event\/1675"}],"collection":[{"href":"https:\/\/nyforetagarcentrum.se\/mitt\/wp-json\/wp\/v2\/event"}],"about":[{"href":"https:\/\/nyforetagarcentrum.se\/mitt\/wp-json\/wp\/v2\/types\/event"}],"version-history":[{"count":2,"href":"https:\/\/nyforetagarcentrum.se\/mitt\/wp-json\/wp\/v2\/event\/1675\/revisions"}],"predecessor-version":[{"id":1677,"href":"https:\/\/nyforetagarcentrum.se\/mitt\/wp-json\/wp\/v2\/event\/1675\/revisions\/1677"}],"wp:attachment":[{"href":"https:\/\/nyforetagarcentrum.se\/mitt\/wp-json\/wp\/v2\/media?parent=1675"}],"curies":[{"name":"wp","href":"https:\/\/api.w.org\/{rel}","templated":true}]}}