{"id":1652,"date":"2024-08-28T09:31:19","date_gmt":"2024-08-28T07:31:19","guid":{"rendered":"https:\/\/nyforetagarcentrum.se\/sundsvall\/?post_type=event&#038;p=1652"},"modified":"2024-09-05T16:44:29","modified_gmt":"2024-09-05T14:44:29","slug":"seminarie-om-foretagsform","status":"publish","type":"event","link":"https:\/\/nyforetagarcentrum.se\/mitt\/evenemang\/seminarie-om-foretagsform\/","title":{"rendered":"Seminarie om f\u00f6retagsform"},"content":{"rendered":"\n<figure class=\"wp-block-image size-large\"><img loading=\"lazy\" decoding=\"async\" width=\"1024\" height=\"683\" src=\"https:\/\/nyforetagarcentrum.se\/sundsvall\/wp-content\/uploads\/sites\/70\/2024\/02\/Nyforetagare-ung-LOW-1024x683.jpg\" alt=\"\" class=\"wp-image-206\" srcset=\"https:\/\/nyforetagarcentrum.se\/mitt\/wp-content\/uploads\/sites\/70\/2024\/02\/Nyforetagare-ung-LOW-1024x683.jpg 1024w, https:\/\/nyforetagarcentrum.se\/mitt\/wp-content\/uploads\/sites\/70\/2024\/02\/Nyforetagare-ung-LOW-300x200.jpg 300w, https:\/\/nyforetagarcentrum.se\/mitt\/wp-content\/uploads\/sites\/70\/2024\/02\/Nyforetagare-ung-LOW-768x512.jpg 768w, https:\/\/nyforetagarcentrum.se\/mitt\/wp-content\/uploads\/sites\/70\/2024\/02\/Nyforetagare-ung-LOW.jpg 1476w\" sizes=\"(max-width: 1024px) 100vw, 1024px\" \/><\/figure>\n\n\n\n<p><strong>G\u00e5r du i tankar att start nytt f\u00f6retag eller funderar du p\u00e5 att \u00e4ndra f\u00f6retagsform?<\/strong><\/p>\n\n\n\n<p><strong>D\u00e5 har du m\u00f6jligheten att f\u00e5 all kunskap p\u00e5 detta seminarium.<\/strong><\/p>\n\n\n\n<p>Under detta seminarium kommer vi att utforska de olika typer av f\u00f6retagsformer som finns tillg\u00e4ngliga f\u00f6r f\u00f6retagare i Sverige. Vi kommer diskutera f\u00f6r o nackdelar med varje form samt n\u00e4r de passar b\u00e4st.<br><br><br>Fokusomr\u00e5den inkluderar:<br>\u2022 Enskild firma<br>\u2022 Handels o kommanditbolag<br>\u2022 Aktiebolag<br>\u2022 Ekonomisk f\u00f6rening<\/p>\n\n\n\n<p>Seminariet \u00e4r\u00a0<strong>kostnadsfritt<\/strong>. Dock beh\u00f6ver vi din anm\u00e4lan!<\/p>\n\n\n\n<p><strong>N\u00e4r:<\/strong> 26 September 2024 Klockan: 17:00 &#8211; 19:00<\/p>\n\n\n\n<p><strong>Vart:<\/strong> N\u00e4ringsliv och Tillv\u00e4xt, Centralgatan 8, Stadshuset Sundsvall (Ing\u00e5ng mittemot Basta)<\/p>\n\n\n\n<div class=\"wp-block-buttons is-layout-flex wp-block-buttons-is-layout-flex\">\n<div class=\"wp-block-button\"><a class=\"wp-block-button__link wp-element-button\" href=\"https:\/\/simplesignup.se\/event\/219203\">Anm\u00e4l er h\u00e4r!<\/a><\/div>\n<\/div>\n\n\n\n<p><\/p>\n\n\n\n<p>Har ni fr\u00e5gor?&nbsp;<\/p>\n\n\n\n<p>Kontakta Lotta Uvhage &#8211; <a href=\"mailto:lotta.uvhage@nyforetagarcentrum.se\">lotta.uvhage@nyforetagarcentrum.se<\/a><\/p>\n\n\n\n<p><strong>V\u00e4lkommen \u00f6nskar<\/strong><\/p>\n\n\n\n<p>Nyf\u00f6retagarcentrum MITT<br>Coompanion<\/p>\n","protected":false},"template":"","meta":{"footnotes":""},"acf":[],"yoast_head":"<!-- This site is optimized with the Yoast SEO plugin v22.9 - https:\/\/yoast.com\/wordpress\/plugins\/seo\/ -->\n<title>Evenemang i Sundsvall - Nyf\u00f6retagarCentrum<\/title>\n<meta name=\"description\" content=\"Uppt\u00e4ck kommande evenemang hos Nyf\u00f6retagarCentrum i Sundsvall, utformade f\u00f6r att st\u00f6dja blivande och nya f\u00f6retagare. Delta i workshops, seminarier och n\u00e4tverkstr\u00e4ffar f\u00f6r att f\u00e5 v\u00e4rdefulla insikter och kontakter f\u00f6r din entrepren\u00f6rsresa. F\u00e5 information om datum, platser och hur du anm\u00e4ler dig.\" \/>\n<meta name=\"robots\" content=\"index, follow, max-snippet:-1, max-image-preview:large, max-video-preview:-1\" \/>\n<link rel=\"canonical\" href=\"https:\/\/nyforetagarcentrum.se\/mitt\/evenemang\/seminarie-om-foretagsform\/\" \/>\n<meta property=\"og:locale\" content=\"sv_SE\" \/>\n<meta property=\"og:type\" content=\"article\" \/>\n<meta property=\"og:title\" content=\"Evenemang i Sundsvall - Nyf\u00f6retagarCentrum\" \/>\n<meta property=\"og:description\" content=\"Uppt\u00e4ck kommande evenemang hos Nyf\u00f6retagarCentrum i Sundsvall, utformade f\u00f6r att st\u00f6dja blivande och nya f\u00f6retagare. Delta i workshops, seminarier och n\u00e4tverkstr\u00e4ffar f\u00f6r att f\u00e5 v\u00e4rdefulla insikter och kontakter f\u00f6r din entrepren\u00f6rsresa. F\u00e5 information om datum, platser och hur du anm\u00e4ler dig.\" \/>\n<meta property=\"og:url\" content=\"https:\/\/nyforetagarcentrum.se\/mitt\/evenemang\/seminarie-om-foretagsform\/\" \/>\n<meta property=\"og:site_name\" content=\"Mitt\" \/>\n<meta property=\"article:modified_time\" content=\"2024-09-05T14:44:29+00:00\" \/>\n<meta property=\"og:image\" content=\"https:\/\/nyforetagarcentrum.se\/sundsvall\/wp-content\/uploads\/sites\/70\/2024\/02\/Nyforetagare-ung-LOW-1024x683.jpg\" \/>\n<meta name=\"twitter:card\" content=\"summary_large_image\" \/>\n<meta name=\"twitter:label1\" content=\"Ber\u00e4knad l\u00e4stid\" \/>\n\t<meta name=\"twitter:data1\" content=\"1 minut\" \/>\n<script type=\"application\/ld+json\" class=\"yoast-schema-graph\">{\"@context\":\"https:\/\/schema.org\",\"@graph\":[{\"@type\":\"WebPage\",\"@id\":\"https:\/\/nyforetagarcentrum.se\/mitt\/evenemang\/seminarie-om-foretagsform\/\",\"url\":\"https:\/\/nyforetagarcentrum.se\/mitt\/evenemang\/seminarie-om-foretagsform\/\",\"name\":\"Evenemang i Sundsvall - Nyf\u00f6retagarCentrum\",\"isPartOf\":{\"@id\":\"https:\/\/nyforetagarcentrum.se\/mitt\/#website\"},\"primaryImageOfPage\":{\"@id\":\"https:\/\/nyforetagarcentrum.se\/mitt\/evenemang\/seminarie-om-foretagsform\/#primaryimage\"},\"image\":{\"@id\":\"https:\/\/nyforetagarcentrum.se\/mitt\/evenemang\/seminarie-om-foretagsform\/#primaryimage\"},\"thumbnailUrl\":\"https:\/\/nyforetagarcentrum.se\/sundsvall\/wp-content\/uploads\/sites\/70\/2024\/02\/Nyforetagare-ung-LOW-1024x683.jpg\",\"datePublished\":\"2024-08-28T07:31:19+00:00\",\"dateModified\":\"2024-09-05T14:44:29+00:00\",\"description\":\"Uppt\u00e4ck kommande evenemang hos Nyf\u00f6retagarCentrum i Sundsvall, utformade f\u00f6r att st\u00f6dja blivande och nya f\u00f6retagare. Delta i workshops, seminarier och n\u00e4tverkstr\u00e4ffar f\u00f6r att f\u00e5 v\u00e4rdefulla insikter och kontakter f\u00f6r din entrepren\u00f6rsresa. F\u00e5 information om datum, platser och hur du anm\u00e4ler dig.\",\"breadcrumb\":{\"@id\":\"https:\/\/nyforetagarcentrum.se\/mitt\/evenemang\/seminarie-om-foretagsform\/#breadcrumb\"},\"inLanguage\":\"sv-SE\",\"potentialAction\":[{\"@type\":\"ReadAction\",\"target\":[\"https:\/\/nyforetagarcentrum.se\/mitt\/evenemang\/seminarie-om-foretagsform\/\"]}]},{\"@type\":\"ImageObject\",\"inLanguage\":\"sv-SE\",\"@id\":\"https:\/\/nyforetagarcentrum.se\/mitt\/evenemang\/seminarie-om-foretagsform\/#primaryimage\",\"url\":\"https:\/\/nyforetagarcentrum.se\/sundsvall\/wp-content\/uploads\/sites\/70\/2024\/02\/Nyforetagare-ung-LOW-1024x683.jpg\",\"contentUrl\":\"https:\/\/nyforetagarcentrum.se\/sundsvall\/wp-content\/uploads\/sites\/70\/2024\/02\/Nyforetagare-ung-LOW-1024x683.jpg\"},{\"@type\":\"BreadcrumbList\",\"@id\":\"https:\/\/nyforetagarcentrum.se\/mitt\/evenemang\/seminarie-om-foretagsform\/#breadcrumb\",\"itemListElement\":[{\"@type\":\"ListItem\",\"position\":1,\"name\":\"Hem\",\"item\":\"https:\/\/nyforetagarcentrum.se\/mitt\/\"},{\"@type\":\"ListItem\",\"position\":2,\"name\":\"Evenemang\",\"item\":\"https:\/\/nyforetagarcentrum.se\/mitt\/evenemang\/\"},{\"@type\":\"ListItem\",\"position\":3,\"name\":\"Seminarie om f\u00f6retagsform\"}]},{\"@type\":\"WebSite\",\"@id\":\"https:\/\/nyforetagarcentrum.se\/mitt\/#website\",\"url\":\"https:\/\/nyforetagarcentrum.se\/mitt\/\",\"name\":\"Mitt\",\"description\":\"Sveriges ledande kraft f\u00f6r fler nya livskraftiga f\u00f6retag\",\"publisher\":{\"@id\":\"https:\/\/nyforetagarcentrum.se\/mitt\/#organization\"},\"potentialAction\":[{\"@type\":\"SearchAction\",\"target\":{\"@type\":\"EntryPoint\",\"urlTemplate\":\"https:\/\/nyforetagarcentrum.se\/mitt\/?s={search_term_string}\"},\"query-input\":\"required name=search_term_string\"}],\"inLanguage\":\"sv-SE\"},{\"@type\":\"Organization\",\"@id\":\"https:\/\/nyforetagarcentrum.se\/mitt\/#organization\",\"name\":\"Mitt\",\"url\":\"https:\/\/nyforetagarcentrum.se\/mitt\/\",\"logo\":{\"@type\":\"ImageObject\",\"inLanguage\":\"sv-SE\",\"@id\":\"https:\/\/nyforetagarcentrum.se\/mitt\/#\/schema\/logo\/image\/\",\"url\":\"https:\/\/nyforetagarcentrum.se\/mitt\/wp-content\/uploads\/sites\/70\/2024\/07\/mitt_bla-1.png\",\"contentUrl\":\"https:\/\/nyforetagarcentrum.se\/mitt\/wp-content\/uploads\/sites\/70\/2024\/07\/mitt_bla-1.png\",\"width\":870,\"height\":355,\"caption\":\"Mitt\"},\"image\":{\"@id\":\"https:\/\/nyforetagarcentrum.se\/mitt\/#\/schema\/logo\/image\/\"}}]}<\/script>\n<!-- \/ Yoast SEO plugin. -->","yoast_head_json":{"title":"Evenemang i Sundsvall - Nyf\u00f6retagarCentrum","description":"Uppt\u00e4ck kommande evenemang hos Nyf\u00f6retagarCentrum i Sundsvall, utformade f\u00f6r att st\u00f6dja blivande och nya f\u00f6retagare. Delta i workshops, seminarier och n\u00e4tverkstr\u00e4ffar f\u00f6r att f\u00e5 v\u00e4rdefulla insikter och kontakter f\u00f6r din entrepren\u00f6rsresa. F\u00e5 information om datum, platser och hur du anm\u00e4ler dig.","robots":{"index":"index","follow":"follow","max-snippet":"max-snippet:-1","max-image-preview":"max-image-preview:large","max-video-preview":"max-video-preview:-1"},"canonical":"https:\/\/nyforetagarcentrum.se\/mitt\/evenemang\/seminarie-om-foretagsform\/","og_locale":"sv_SE","og_type":"article","og_title":"Evenemang i Sundsvall - Nyf\u00f6retagarCentrum","og_description":"Uppt\u00e4ck kommande evenemang hos Nyf\u00f6retagarCentrum i Sundsvall, utformade f\u00f6r att st\u00f6dja blivande och nya f\u00f6retagare. Delta i workshops, seminarier och n\u00e4tverkstr\u00e4ffar f\u00f6r att f\u00e5 v\u00e4rdefulla insikter och kontakter f\u00f6r din entrepren\u00f6rsresa. F\u00e5 information om datum, platser och hur du anm\u00e4ler dig.","og_url":"https:\/\/nyforetagarcentrum.se\/mitt\/evenemang\/seminarie-om-foretagsform\/","og_site_name":"Mitt","article_modified_time":"2024-09-05T14:44:29+00:00","og_image":[{"url":"https:\/\/nyforetagarcentrum.se\/sundsvall\/wp-content\/uploads\/sites\/70\/2024\/02\/Nyforetagare-ung-LOW-1024x683.jpg"}],"twitter_card":"summary_large_image","twitter_misc":{"Ber\u00e4knad l\u00e4stid":"1 minut"},"schema":{"@context":"https:\/\/schema.org","@graph":[{"@type":"WebPage","@id":"https:\/\/nyforetagarcentrum.se\/mitt\/evenemang\/seminarie-om-foretagsform\/","url":"https:\/\/nyforetagarcentrum.se\/mitt\/evenemang\/seminarie-om-foretagsform\/","name":"Evenemang i Sundsvall - Nyf\u00f6retagarCentrum","isPartOf":{"@id":"https:\/\/nyforetagarcentrum.se\/mitt\/#website"},"primaryImageOfPage":{"@id":"https:\/\/nyforetagarcentrum.se\/mitt\/evenemang\/seminarie-om-foretagsform\/#primaryimage"},"image":{"@id":"https:\/\/nyforetagarcentrum.se\/mitt\/evenemang\/seminarie-om-foretagsform\/#primaryimage"},"thumbnailUrl":"https:\/\/nyforetagarcentrum.se\/sundsvall\/wp-content\/uploads\/sites\/70\/2024\/02\/Nyforetagare-ung-LOW-1024x683.jpg","datePublished":"2024-08-28T07:31:19+00:00","dateModified":"2024-09-05T14:44:29+00:00","description":"Uppt\u00e4ck kommande evenemang hos Nyf\u00f6retagarCentrum i Sundsvall, utformade f\u00f6r att st\u00f6dja blivande och nya f\u00f6retagare. Delta i workshops, seminarier och n\u00e4tverkstr\u00e4ffar f\u00f6r att f\u00e5 v\u00e4rdefulla insikter och kontakter f\u00f6r din entrepren\u00f6rsresa. F\u00e5 information om datum, platser och hur du anm\u00e4ler dig.","breadcrumb":{"@id":"https:\/\/nyforetagarcentrum.se\/mitt\/evenemang\/seminarie-om-foretagsform\/#breadcrumb"},"inLanguage":"sv-SE","potentialAction":[{"@type":"ReadAction","target":["https:\/\/nyforetagarcentrum.se\/mitt\/evenemang\/seminarie-om-foretagsform\/"]}]},{"@type":"ImageObject","inLanguage":"sv-SE","@id":"https:\/\/nyforetagarcentrum.se\/mitt\/evenemang\/seminarie-om-foretagsform\/#primaryimage","url":"https:\/\/nyforetagarcentrum.se\/sundsvall\/wp-content\/uploads\/sites\/70\/2024\/02\/Nyforetagare-ung-LOW-1024x683.jpg","contentUrl":"https:\/\/nyforetagarcentrum.se\/sundsvall\/wp-content\/uploads\/sites\/70\/2024\/02\/Nyforetagare-ung-LOW-1024x683.jpg"},{"@type":"BreadcrumbList","@id":"https:\/\/nyforetagarcentrum.se\/mitt\/evenemang\/seminarie-om-foretagsform\/#breadcrumb","itemListElement":[{"@type":"ListItem","position":1,"name":"Hem","item":"https:\/\/nyforetagarcentrum.se\/mitt\/"},{"@type":"ListItem","position":2,"name":"Evenemang","item":"https:\/\/nyforetagarcentrum.se\/mitt\/evenemang\/"},{"@type":"ListItem","position":3,"name":"Seminarie om f\u00f6retagsform"}]},{"@type":"WebSite","@id":"https:\/\/nyforetagarcentrum.se\/mitt\/#website","url":"https:\/\/nyforetagarcentrum.se\/mitt\/","name":"Mitt","description":"Sveriges ledande kraft f\u00f6r fler nya livskraftiga f\u00f6retag","publisher":{"@id":"https:\/\/nyforetagarcentrum.se\/mitt\/#organization"},"potentialAction":[{"@type":"SearchAction","target":{"@type":"EntryPoint","urlTemplate":"https:\/\/nyforetagarcentrum.se\/mitt\/?s={search_term_string}"},"query-input":"required name=search_term_string"}],"inLanguage":"sv-SE"},{"@type":"Organization","@id":"https:\/\/nyforetagarcentrum.se\/mitt\/#organization","name":"Mitt","url":"https:\/\/nyforetagarcentrum.se\/mitt\/","logo":{"@type":"ImageObject","inLanguage":"sv-SE","@id":"https:\/\/nyforetagarcentrum.se\/mitt\/#\/schema\/logo\/image\/","url":"https:\/\/nyforetagarcentrum.se\/mitt\/wp-content\/uploads\/sites\/70\/2024\/07\/mitt_bla-1.png","contentUrl":"https:\/\/nyforetagarcentrum.se\/mitt\/wp-content\/uploads\/sites\/70\/2024\/07\/mitt_bla-1.png","width":870,"height":355,"caption":"Mitt"},"image":{"@id":"https:\/\/nyforetagarcentrum.se\/mitt\/#\/schema\/logo\/image\/"}}]}},"_links":{"self":[{"href":"https:\/\/nyforetagarcentrum.se\/mitt\/wp-json\/wp\/v2\/event\/1652"}],"collection":[{"href":"https:\/\/nyforetagarcentrum.se\/mitt\/wp-json\/wp\/v2\/event"}],"about":[{"href":"https:\/\/nyforetagarcentrum.se\/mitt\/wp-json\/wp\/v2\/types\/event"}],"version-history":[{"count":5,"href":"https:\/\/nyforetagarcentrum.se\/mitt\/wp-json\/wp\/v2\/event\/1652\/revisions"}],"predecessor-version":[{"id":1658,"href":"https:\/\/nyforetagarcentrum.se\/mitt\/wp-json\/wp\/v2\/event\/1652\/revisions\/1658"}],"wp:attachment":[{"href":"https:\/\/nyforetagarcentrum.se\/mitt\/wp-json\/wp\/v2\/media?parent=1652"}],"curies":[{"name":"wp","href":"https:\/\/api.w.org\/{rel}","templated":true}]}}