{"id":93,"date":"2024-02-22T10:59:00","date_gmt":"2024-02-22T09:59:00","guid":{"rendered":"https:\/\/nyforetagarcentrum.se\/mellerstaostergotland\/?page_id=93"},"modified":"2025-12-10T09:17:33","modified_gmt":"2025-12-10T08:17:33","slug":"radgivning","status":"publish","type":"page","link":"https:\/\/nyforetagarcentrum.se\/mellerstaostergotland\/radgivning\/","title":{"rendered":"R\u00e5dgivning"},"content":{"rendered":"<section  class=\"nfc-block-breadcrumbs alignwide\">\n    <div class=\"wrapper contained\">\n        <ol class=\"breadcrumbs\" itemscope itemtype=\"https:\/\/schema.org\/BreadcrumbList\">\n            <li itemprop=\"itemListElement\" itemscope itemtype=\"https:\/\/schema.org\/ListItem\">\n            \n\n                            <span class=\"current\" itemprop=\"name\">Hem<\/span>\n            \n            <meta itemprop=\"position\" content=\"1\" \/>\n        <\/li>\n    <\/ol>    <\/div>\n<\/section>\n\n\n<div style=\"height:var(--wp--preset--spacing--80)\" aria-hidden=\"true\" class=\"wp-block-spacer\"><\/div>\n\n\n<section  class=\"nfc-block-split_screen alignwide image_alignment-left\">\n    <div class=\"wrapper\">\n        <div class=\"nfc-block-split_screen__image-wrapper\">\n            <img loading=\"lazy\" decoding=\"async\" width=\"1014\" height=\"1052\" src=\"https:\/\/nyforetagarcentrum.se\/mellerstaostergotland\/wp-content\/uploads\/sites\/12\/2024\/07\/NFC-12-1-1025x1536-annu-mindre.png\" class=\"attachment-landscape size-landscape\" alt=\"\" srcset=\"https:\/\/nyforetagarcentrum.se\/mellerstaostergotland\/wp-content\/uploads\/sites\/12\/2024\/07\/NFC-12-1-1025x1536-annu-mindre.png 1014w, https:\/\/nyforetagarcentrum.se\/mellerstaostergotland\/wp-content\/uploads\/sites\/12\/2024\/07\/NFC-12-1-1025x1536-annu-mindre-289x300.png 289w, https:\/\/nyforetagarcentrum.se\/mellerstaostergotland\/wp-content\/uploads\/sites\/12\/2024\/07\/NFC-12-1-1025x1536-annu-mindre-987x1024.png 987w, https:\/\/nyforetagarcentrum.se\/mellerstaostergotland\/wp-content\/uploads\/sites\/12\/2024\/07\/NFC-12-1-1025x1536-annu-mindre-768x797.png 768w\" sizes=\"(max-width: 1014px) 100vw, 1014px\" \/>        <\/div>\n\n        <div class=\"nfc-block-split_screen__content-wrapper\">\n            <h1>Boka kostnadsfri<br \/>\nr\u00e5dgivning hos oss<\/h1>\n<div>\n<p>V\u00e4lkommen till Nyf\u00f6retagarCentrum Mellersta \u00d6sterg\u00f6tland. Vi finns som st\u00f6d och bollplank under hela din f\u00f6retagsstart och dina f\u00f6rsta \u00e5r som f\u00f6retagare. Vi erbjuder bl a enskild r\u00e5dgivning, f\u00f6rel\u00e4sningar och seminarier, starta eget-kurs och mentorprogram.<\/p>\n<p>Vi ser helst att alla som kommer till oss tar del av v\u00e5r introduktionsf\u00f6rel\u00e4sning &#8221;Allm\u00e4n info starta f\u00f6retag&#8221;. Det \u00e4r en timmes digital information med grundl\u00e4ggande information om att starta och driva f\u00f6retag s\u00e5som om moms, skatt och bolagsformer samt en kort introduktion av v\u00e5ra verktyg s\u00e5som aff\u00e4rsplanen samt vad vi kan hj\u00e4lpa dig med. Vi erbjuder \u00e4ven en digital genomg\u00e5ng av v\u00e5r <a href=\"https:\/\/affarsplanen.com\/\">Aff\u00e4rsplan<\/a> d\u00e4r du ocks\u00e5 kan st\u00e4lla egna fr\u00e5gor.<\/p>\n<p>Sedan \u00e4r det dags att boka enskild r\u00e5dgivning f\u00f6r att diskutera din aff\u00e4rsid\u00e9 och f\u00e5 hj\u00e4lp och st\u00f6d under din f\u00f6retagsstart.<\/p>\n<p>Vi har flera starta eget-utbildningar varje termin. <a href=\"https:\/\/nyforetagarcentrum.se\/mellerstaostergotland\/starta-eget-utbildning\/\">L\u00e4s mera h\u00e4r<\/a><\/p>\n<\/div>\n<h3>Vi har onlinebokning till samtliga aktiviteter.<\/h3>\n<p><a href=\"https:\/\/nyforetagarcentrum.se\/mellerstaostergotland\/2024\/08\/13\/sa-fungerar-var-onlinebokning\/\">Mer info om v\u00e5r onlinebokning hittar du h\u00e4r<\/a><\/p>\n<p>Maila <a href=\"mailto:mellerstaostergotland@nyforetagarcentrum.se\">mellerstaostergotland@nyforetagarcentrum.se<\/a> om du beh\u00f6ver hj\u00e4lp.<\/p>\n<p>H\u00e4r hittar du snabbl\u00e4nkar: till bokning av: &#8221;<a href=\"https:\/\/jobsdata-nyforetagarcentrum.se\/ExternBooking\/Index?OfficeId=3c27aa7e-4396-e811-80d7-0050568571f4&amp;blockList=32\">Allm\u00e4n info<\/a>&#8221;, &#8221;<a href=\"https:\/\/jobsdata-nyforetagarcentrum.se\/ExternBooking\/Index?OfficeId=3c27aa7e-4396-e811-80d7-0050568571f4&amp;blockList=143\">Aff\u00e4rsplan &amp; budget<\/a>&#8221;, <a href=\"https:\/\/jobsdata-nyforetagarcentrum.se\/ExternBooking\/Index?OfficeId=3c27aa7e-4396-e811-80d7-0050568571f4&amp;blockList=17\">Enskild r\u00e5dgivning p\u00e5 plats<\/a>, <a href=\"https:\/\/jobsdata-nyforetagarcentrum.se\/ExternBooking\/Index?OfficeId=3c27aa7e-4396-e811-80d7-0050568571f4&amp;blockList=61\">Digital enskild r\u00e5dgivning<\/a> samt v\u00e5ra <a href=\"https:\/\/jobsdata-nyforetagarcentrum.se\/ExternBooking\/Index?OfficeId=3c27aa7e-4396-e811-80d7-0050568571f4&amp;blockList=18\">f\u00f6rel\u00e4sningar och evenemang<\/a>.<\/p>\n<p>Evenemang och f\u00f6rel\u00e4sningar: <a href=\"https:\/\/nyforetagarcentrum.se\/mellerstaostergotland\/event-seminarier-2\/\">Mer info om dessa finns h\u00e4r<\/a><\/p>\n<p>Den enskilda r\u00e5dgivningen p\u00e5 Nyf\u00f6retagarCentrum \u00e4r kostnadsfri, personlig och konfidentiell. Vi erbjuder \u00e4ven tips och v\u00e4gledning om var du kan f\u00e5 ytterligare hj\u00e4lp inom v\u00e5rt n\u00e4tverk. F\u00f6r att underl\u00e4tta har vi en interaktiv <a href=\"https:\/\/affarsplanen.com\/\">aff\u00e4rsplan<\/a> som \u00e4r kostnadsfri att anv\u00e4nda. Observera att all r\u00e5dgivning m\u00e5ste bokas i f\u00f6rv\u00e4g.<\/p>\n<h4><strong>Vi re<\/strong><strong>kommenderar att du bokar via en dator<\/strong><\/h4>\n\n                            <div class=\"nfc-block-split_screen__buttons\">\n                                            <a href=\"https:\/\/jobsdata-nyforetagarcentrum.se\/ExternBooking?OfficeId=3c27aa7e-4396-e811-80d7-0050568571f4&amp;_gl=1*152fbde*_ga*MjM3MzkyMTUuMTcwODU0OTMxNg..*_ga_9RRJJK0Y4R*MTcxMTYxNDU2MC4xMS4xLjE3MTE2MTY4NTUuNTQuMC4w\" class=\"button primary\">Boka r\u00e5dgivning h\u00e4r<\/a>\n                                    <\/div>\n            \n        <\/div>\n    <\/div>\n<\/section>\n\n\n<div style=\"height:var(--wp--preset--spacing--80)\" aria-hidden=\"true\" class=\"wp-block-spacer\"><\/div>\n\n\n\n<h2 class=\"wp-block-heading alignwide has-x-large-font-size\">S\u00e5 h\u00e4r g\u00e5r det till<\/h2>\n\n\n<section  class=\"nfc-block-text_cards alignwide show_numbers\">\n    <div class=\"wrapper contained\">\n                    <div class=\"text-card\">\n                <div class=\"text-card__content\">\n                    <h3 class=\"heading\" data-number=\"1\">F\u00f6rbered underlag och skriv ner fr\u00e5gor<\/h3>\n\n                                            <div class=\"description\">Fundera p\u00e5 om det \u00e4r n\u00e5gra specifika fr\u00e5gor du beh\u00f6ver ha hj\u00e4lp med eller om du har n\u00e5got annat underlag som \u00e4r bra f\u00f6r r\u00e5dgivaren att se.<\/div>\n                    \n                    \n                <\/div>\n            <\/div>\n                    <div class=\"text-card\">\n                <div class=\"text-card__content\">\n                    <h3 class=\"heading\" data-number=\"2\">B\u00f6rja skriva din aff\u00e4rsplan<\/h3>\n\n                                            <div class=\"description\">F\u00f6r att kunna ge dig s\u00e5 goda r\u00e5d som m\u00f6jligt \u00e4r det viktigt att du har arbetat s\u00e5 mycket som g\u00e5r p\u00e5 din aff\u00e4rsplan innan ditt m\u00f6te. Har du \u00e4nnu inte b\u00f6rjat skriva p\u00e5 en aff\u00e4rsplan kan du f\u00f6lja l\u00e4nken nedan.<\/div>\n                    \n                                            <a href=\"https:\/\/affarsplanen.com\/\" class=\"button primary\">Till aff\u00e4rsplanen<\/a>\n                    \n                <\/div>\n            <\/div>\n                    <div class=\"text-card\">\n                <div class=\"text-card__content\">\n                    <h3 class=\"heading\" data-number=\"3\">Boka r\u00e5dgivning<\/h3>\n\n                                            <div class=\"description\">Boka din r\u00e5dgivning i god tid. Ibland kan det finnas ont om tider n\u00e4ra inp\u00e5. S\u00e5 f\u00f6rs\u00f6k vara ute i god tid.<\/div>\n                    \n                                            <a href=\"https:\/\/jobsdata-nyforetagarcentrum.se\/ExternBooking?OfficeId=3c27aa7e-4396-e811-80d7-0050568571f4&amp;_gl=1*kmn23d*_ga*MjM3MzkyMTUuMTcwODU0OTMxNg..*_ga_9RRJJK0Y4R*MTcxMTYxNDU2MC4xMS4xLjE3MTE2MTY5NzIuMTQuMC4w\" class=\"button primary\">Boka r\u00e5dgivning<\/a>\n                    \n                <\/div>\n            <\/div>\n            <\/div>\n<\/section>\n\n\n<div style=\"height:58px\" aria-hidden=\"true\" class=\"wp-block-spacer\"><\/div>\n\n\n\n<h2 class=\"wp-block-heading has-text-align-center has-x-large-font-size\">V\u00e5ra r\u00e5dgivare<\/h2>\n\n\n<section  class=\"nfc-block-person_grid alignwide layout-large\">\n    <div class=\"contained\">\n        <div class=\"grid\">\n            <div class=\"person-large-card\">\n    \n    <div class=\"featured_image\">\n                    <img loading=\"lazy\" decoding=\"async\" width=\"711\" height=\"1024\" src=\"https:\/\/nyforetagarcentrum.se\/mellerstaostergotland\/wp-content\/uploads\/sites\/12\/2025\/02\/test-1-711x1024.png\" class=\"attachment-large size-large\" alt=\"Pernilla H\u00f6rwing\" srcset=\"https:\/\/nyforetagarcentrum.se\/mellerstaostergotland\/wp-content\/uploads\/sites\/12\/2025\/02\/test-1-711x1024.png 711w, https:\/\/nyforetagarcentrum.se\/mellerstaostergotland\/wp-content\/uploads\/sites\/12\/2025\/02\/test-1-208x300.png 208w, https:\/\/nyforetagarcentrum.se\/mellerstaostergotland\/wp-content\/uploads\/sites\/12\/2025\/02\/test-1-768x1105.png 768w, https:\/\/nyforetagarcentrum.se\/mellerstaostergotland\/wp-content\/uploads\/sites\/12\/2025\/02\/test-1-1067x1536.png 1067w, https:\/\/nyforetagarcentrum.se\/mellerstaostergotland\/wp-content\/uploads\/sites\/12\/2025\/02\/test-1-1423x2048.png 1423w, https:\/\/nyforetagarcentrum.se\/mellerstaostergotland\/wp-content\/uploads\/sites\/12\/2025\/02\/test-1-750x1080.png 750w, https:\/\/nyforetagarcentrum.se\/mellerstaostergotland\/wp-content\/uploads\/sites\/12\/2025\/02\/test-1.png 1441w\" sizes=\"(max-width: 711px) 100vw, 711px\" \/>            <\/div>\n\n    <div class=\"content-wrapper\">\n        <h3>Pernilla H\u00f6rwing<\/h3>\n\n                    <div class=\"excerpt\">\n                Pernilla \u00e4r v\u00e5r verksamhetsledare och har gedigen erfarenhet inom Ung F\u00f6retagsamhet samt f\u00f6retagsledning p\u00e5 lokal, regional och nationell niv\u00e5. Hon har dessutom l\u00e5ng erfarenhet av kommunal verksamhet inom Link\u00f6pings kommun. Med ett starkt engagemang f\u00f6r entrepren\u00f6rskap brinner Pernilla f\u00f6r att fr\u00e4mja f\u00f6retagande och skapa nya entrepren\u00f6riella samarbetsytor i regionen.            <\/div>\n        \n        <div class=\"links\">\n\n            \n                    <\/div>\n        \n    <\/div>\n<\/div><div class=\"person-large-card\">\n    \n    <div class=\"featured_image\">\n                    <img loading=\"lazy\" decoding=\"async\" width=\"683\" height=\"1024\" src=\"https:\/\/nyforetagarcentrum.se\/mellerstaostergotland\/wp-content\/uploads\/sites\/12\/2025\/02\/NFC_DoSpaceNkpg-109-1-683x1024.jpg\" class=\"attachment-large size-large\" alt=\"\" srcset=\"https:\/\/nyforetagarcentrum.se\/mellerstaostergotland\/wp-content\/uploads\/sites\/12\/2025\/02\/NFC_DoSpaceNkpg-109-1-683x1024.jpg 683w, https:\/\/nyforetagarcentrum.se\/mellerstaostergotland\/wp-content\/uploads\/sites\/12\/2025\/02\/NFC_DoSpaceNkpg-109-1-200x300.jpg 200w, https:\/\/nyforetagarcentrum.se\/mellerstaostergotland\/wp-content\/uploads\/sites\/12\/2025\/02\/NFC_DoSpaceNkpg-109-1-768x1151.jpg 768w, https:\/\/nyforetagarcentrum.se\/mellerstaostergotland\/wp-content\/uploads\/sites\/12\/2025\/02\/NFC_DoSpaceNkpg-109-1-1025x1536.jpg 1025w, https:\/\/nyforetagarcentrum.se\/mellerstaostergotland\/wp-content\/uploads\/sites\/12\/2025\/02\/NFC_DoSpaceNkpg-109-1-720x1080.jpg 720w\" sizes=\"(max-width: 683px) 100vw, 683px\" \/>            <\/div>\n\n    <div class=\"content-wrapper\">\n        <h3>Eva Torell<\/h3>\n\n                    <div class=\"excerpt\">\n                Eva har utbildning inom ekonomi och har arbetat med ekonomi, l\u00f6ner och administration i m\u00e5nga \u00e5r, bl a som redovisningskonsult. Eva har lokal k\u00e4nnedom om n\u00e4ringslivet i kommunerna Kinda och Ydre och r\u00e5dger p\u00e5 plats i Kisa och \u00d6sterbymo. Eva r\u00e5dger p\u00e5 svenska.\u00a0            <\/div>\n        \n        <div class=\"links\">\n\n            \n                    <\/div>\n        \n    <\/div>\n<\/div><div class=\"person-large-card\">\n    \n    <div class=\"featured_image\">\n                    <img loading=\"lazy\" decoding=\"async\" width=\"683\" height=\"1024\" src=\"https:\/\/nyforetagarcentrum.se\/mellerstaostergotland\/wp-content\/uploads\/sites\/12\/2025\/02\/NFC_DoSpaceNkpg-140-683x1024.jpg\" class=\"attachment-large size-large\" alt=\"\" srcset=\"https:\/\/nyforetagarcentrum.se\/mellerstaostergotland\/wp-content\/uploads\/sites\/12\/2025\/02\/NFC_DoSpaceNkpg-140-683x1024.jpg 683w, https:\/\/nyforetagarcentrum.se\/mellerstaostergotland\/wp-content\/uploads\/sites\/12\/2025\/02\/NFC_DoSpaceNkpg-140-200x300.jpg 200w, https:\/\/nyforetagarcentrum.se\/mellerstaostergotland\/wp-content\/uploads\/sites\/12\/2025\/02\/NFC_DoSpaceNkpg-140-768x1151.jpg 768w, https:\/\/nyforetagarcentrum.se\/mellerstaostergotland\/wp-content\/uploads\/sites\/12\/2025\/02\/NFC_DoSpaceNkpg-140-1025x1536.jpg 1025w, https:\/\/nyforetagarcentrum.se\/mellerstaostergotland\/wp-content\/uploads\/sites\/12\/2025\/02\/NFC_DoSpaceNkpg-140-720x1080.jpg 720w\" sizes=\"(max-width: 683px) 100vw, 683px\" \/>            <\/div>\n\n    <div class=\"content-wrapper\">\n        <h3>Kajsa Granberg<\/h3>\n\n                    <div class=\"excerpt\">\n                Kajsas styrkor \u00e4r kommunikation, konceptutveckling och varum\u00e4rkesstrategi. Henne pratar du med n\u00e4r du vill ha hj\u00e4lp att paketera ert erbjudande, hitta USP och s\u00e4tta m\u00e5l. Kajsa Granberg \u00e4r mamma och f\u00f6retagare med eget AB och \u00e4r \u00e4ven ansvarig f\u00f6r mentorprogrammet. Erbjuder r\u00e5dgivningar digitalt och i Link\u00f6ping, Mj\u00f6lby och Kisa, p\u00e5 svenska eller engelska. <br \/>\r\n<br \/>\r\nNotera att Kajsa f\u00f6r tillf\u00e4llet \u00e4r f\u00f6r\u00e4ldraledig<br \/>\r\n<br \/>\r\n            <\/div>\n        \n        <div class=\"links\">\n\n            \n                    <\/div>\n        \n    <\/div>\n<\/div><div class=\"person-large-card\">\n    \n    <div class=\"featured_image\">\n                    <img loading=\"lazy\" decoding=\"async\" width=\"607\" height=\"752\" src=\"https:\/\/nyforetagarcentrum.se\/mellerstaostergotland\/wp-content\/uploads\/sites\/12\/2026\/02\/per-w-till-hemsidan.png\" class=\"attachment-large size-large\" alt=\"per wernerson\" srcset=\"https:\/\/nyforetagarcentrum.se\/mellerstaostergotland\/wp-content\/uploads\/sites\/12\/2026\/02\/per-w-till-hemsidan.png 607w, https:\/\/nyforetagarcentrum.se\/mellerstaostergotland\/wp-content\/uploads\/sites\/12\/2026\/02\/per-w-till-hemsidan-242x300.png 242w\" sizes=\"(max-width: 607px) 100vw, 607px\" \/>            <\/div>\n\n    <div class=\"content-wrapper\">\n        <h3>Per Wernerson<\/h3>\n\n                    <div class=\"excerpt\">\n                Per \u00e4r en erfaren entrepren\u00f6r och certifierad styrelseledamot med gedigen erfarenhet av att starta, utveckla, skala upp och driva stora och sm\u00e5 bolag. Hans breda bakgrund och branscherfarenhet, inte minst inom s\u00e4lj, tillv\u00e4xt och l\u00f6nsamhet, samt erfarenhet som mentor g\u00f6r honom till ett perfekt bollplank f\u00f6r dig som vill ta steget till eget. Per erbjuder r\u00e5dgivning p\u00e5 svenska och engelska, digitalt eller p\u00e5 plats i Norrk\u00f6ping.            <\/div>\n        \n        <div class=\"links\">\n\n            \n                    <\/div>\n        \n    <\/div>\n<\/div><div class=\"person-large-card\">\n    \n    <div class=\"featured_image\">\n                    <img loading=\"lazy\" decoding=\"async\" width=\"683\" height=\"1024\" src=\"https:\/\/nyforetagarcentrum.se\/mellerstaostergotland\/wp-content\/uploads\/sites\/12\/2024\/10\/NFC_DoSpaceNkpg-69-683x1024.jpg\" class=\"attachment-large size-large\" alt=\"\" srcset=\"https:\/\/nyforetagarcentrum.se\/mellerstaostergotland\/wp-content\/uploads\/sites\/12\/2024\/10\/NFC_DoSpaceNkpg-69-683x1024.jpg 683w, https:\/\/nyforetagarcentrum.se\/mellerstaostergotland\/wp-content\/uploads\/sites\/12\/2024\/10\/NFC_DoSpaceNkpg-69-200x300.jpg 200w, https:\/\/nyforetagarcentrum.se\/mellerstaostergotland\/wp-content\/uploads\/sites\/12\/2024\/10\/NFC_DoSpaceNkpg-69-768x1151.jpg 768w, https:\/\/nyforetagarcentrum.se\/mellerstaostergotland\/wp-content\/uploads\/sites\/12\/2024\/10\/NFC_DoSpaceNkpg-69-1025x1536.jpg 1025w, https:\/\/nyforetagarcentrum.se\/mellerstaostergotland\/wp-content\/uploads\/sites\/12\/2024\/10\/NFC_DoSpaceNkpg-69-720x1080.jpg 720w\" sizes=\"(max-width: 683px) 100vw, 683px\" \/>            <\/div>\n\n    <div class=\"content-wrapper\">\n        <h3>Erik \u00d6sterberg<\/h3>\n\n                    <div class=\"excerpt\">\n                Erik har arbetat i mindre, entrepren\u00f6rsdrivna f\u00f6retag under hela sin karri\u00e4r och har erfarenhet av att b\u00e5de starta och bygga upp f\u00f6retag. Med ett starkt teknikfokus \u00e4r han kunnig inom omr\u00e5den som programmering, AI och ljud\/bild-media och \u00e4r inte r\u00e4dd f\u00f6r att anv\u00e4nda teknik som ett verktyg. Erik gillar att t\u00e4nka utanf\u00f6r boxen och har ett stort intresse f\u00f6r h\u00e5llbart f\u00f6retagande. Han \u00e4r ocks\u00e5 generalist med bred teknisk kunskap och som gillar strategiska fr\u00e5gor, har verkat inom b\u00e5de sm\u00e5 och mellanstora bolag, med b\u00e5de egen personal samt frilansare och har erfarenhet av styrelsearbete. Erik har lokal k\u00e4nnedom om n\u00e4ringslivet i \u00c5tvidaberg och r\u00e5dger p\u00e5 plats i \u00c5tvidaberg samt digitalt. Erik r\u00e5dger p\u00e5 svenska och engelska.            <\/div>\n        \n        <div class=\"links\">\n\n            \n                    <\/div>\n        \n    <\/div>\n<\/div><div class=\"person-large-card\">\n    \n    <div class=\"featured_image\">\n                    <img loading=\"lazy\" decoding=\"async\" width=\"973\" height=\"1024\" src=\"https:\/\/nyforetagarcentrum.se\/mellerstaostergotland\/wp-content\/uploads\/sites\/12\/2024\/07\/rabi-k-mini1-973x1024.jpg\" class=\"attachment-large size-large\" alt=\"\" srcset=\"https:\/\/nyforetagarcentrum.se\/mellerstaostergotland\/wp-content\/uploads\/sites\/12\/2024\/07\/rabi-k-mini1-973x1024.jpg 973w, https:\/\/nyforetagarcentrum.se\/mellerstaostergotland\/wp-content\/uploads\/sites\/12\/2024\/07\/rabi-k-mini1-285x300.jpg 285w, https:\/\/nyforetagarcentrum.se\/mellerstaostergotland\/wp-content\/uploads\/sites\/12\/2024\/07\/rabi-k-mini1-768x808.jpg 768w, https:\/\/nyforetagarcentrum.se\/mellerstaostergotland\/wp-content\/uploads\/sites\/12\/2024\/07\/rabi-k-mini1-1459x1536.jpg 1459w, https:\/\/nyforetagarcentrum.se\/mellerstaostergotland\/wp-content\/uploads\/sites\/12\/2024\/07\/rabi-k-mini1-1946x2048.jpg 1946w, https:\/\/nyforetagarcentrum.se\/mellerstaostergotland\/wp-content\/uploads\/sites\/12\/2024\/07\/rabi-k-mini1-1026x1080.jpg 1026w\" sizes=\"(max-width: 973px) 100vw, 973px\" \/>            <\/div>\n\n    <div class=\"content-wrapper\">\n        <h3>Rabi Khalaf<\/h3>\n\n                    <div class=\"excerpt\">\n                Rabi Khalaf \u00e4r aff\u00e4rsjuristkonsult och f\u00f6retagsledare f\u00f6r flera f\u00f6retag, bland annat St\u00e5ng\u00e5utbildning AB. Han hj\u00e4lper nya f\u00f6retagare att komma ig\u00e5ng, har drivit f\u00f6retag sedan ung \u00e5lder och \u00e4r kunnig inom det juridiska, inom allm\u00e4n bolagsr\u00e4tt och strategi, samt inspirerar unga genom f\u00f6rel\u00e4sningar p\u00e5 StuderaR\u00e4tt. Rabi r\u00e5dger i Link\u00f6ping och digitalt, p\u00e5 svenska, engelska, arabiska, syrianska och tyska.            <\/div>\n        \n        <div class=\"links\">\n\n            \n                    <\/div>\n        \n    <\/div>\n<\/div><div class=\"person-large-card\">\n    \n    <div class=\"featured_image\">\n                    <img loading=\"lazy\" decoding=\"async\" width=\"683\" height=\"1024\" src=\"https:\/\/nyforetagarcentrum.se\/mellerstaostergotland\/wp-content\/uploads\/sites\/12\/2024\/05\/NFC_DoSpaceNkpg-154-683x1024.jpg\" class=\"attachment-large size-large\" alt=\"\" srcset=\"https:\/\/nyforetagarcentrum.se\/mellerstaostergotland\/wp-content\/uploads\/sites\/12\/2024\/05\/NFC_DoSpaceNkpg-154-683x1024.jpg 683w, https:\/\/nyforetagarcentrum.se\/mellerstaostergotland\/wp-content\/uploads\/sites\/12\/2024\/05\/NFC_DoSpaceNkpg-154-200x300.jpg 200w, https:\/\/nyforetagarcentrum.se\/mellerstaostergotland\/wp-content\/uploads\/sites\/12\/2024\/05\/NFC_DoSpaceNkpg-154-768x1151.jpg 768w, https:\/\/nyforetagarcentrum.se\/mellerstaostergotland\/wp-content\/uploads\/sites\/12\/2024\/05\/NFC_DoSpaceNkpg-154-1025x1536.jpg 1025w, https:\/\/nyforetagarcentrum.se\/mellerstaostergotland\/wp-content\/uploads\/sites\/12\/2024\/05\/NFC_DoSpaceNkpg-154-720x1080.jpg 720w\" sizes=\"(max-width: 683px) 100vw, 683px\" \/>            <\/div>\n\n    <div class=\"content-wrapper\">\n        <h3>Anders Bj\u00f6rck<\/h3>\n\n                    <div class=\"excerpt\">\n                Anders har mer \u00e4n 20 \u00e5rs erfarenhet, b\u00e5de som f\u00f6retagare och som r\u00e5dgivare och har en m\u00e4ngd utbildningar inom f\u00f6retagande, s\u00e4lj och ledarskap i ryggen. Anders har \u00e4ven idrottsbakgrund med erfarenheter fr\u00e5n f\u00f6reningsliv samt inom utvecklings, och styrelsearbete. Han jobbar mycket med n\u00e4tverksbyggande och aff\u00e4rsrelationer, framf\u00f6r allt i \u00d6sterg\u00f6tland. Han \u00e4r \u00e4ven certifierad inom styrelsekunskap och innehar f\u00f6rtroendeuppdrag. Han har en bred branscherfarenhet och r\u00e5dger p\u00e5 svenska och engelska. Anders har lokal k\u00e4nnedom om n\u00e4ringslivet i Link\u00f6ping, Norrk\u00f6ping och r\u00e5dger p\u00e5 plats i Link\u00f6ping och digitalt. <br \/>\r\n            <\/div>\n        \n        <div class=\"links\">\n\n            \n                    <\/div>\n        \n    <\/div>\n<\/div><div class=\"person-large-card\">\n    \n    <div class=\"featured_image\">\n                    <img loading=\"lazy\" decoding=\"async\" width=\"683\" height=\"1024\" src=\"https:\/\/nyforetagarcentrum.se\/mellerstaostergotland\/wp-content\/uploads\/sites\/12\/2024\/05\/NFC_DoSpaceNkpg-46-683x1024.jpg\" class=\"attachment-large size-large\" alt=\"\" srcset=\"https:\/\/nyforetagarcentrum.se\/mellerstaostergotland\/wp-content\/uploads\/sites\/12\/2024\/05\/NFC_DoSpaceNkpg-46-683x1024.jpg 683w, https:\/\/nyforetagarcentrum.se\/mellerstaostergotland\/wp-content\/uploads\/sites\/12\/2024\/05\/NFC_DoSpaceNkpg-46-200x300.jpg 200w, https:\/\/nyforetagarcentrum.se\/mellerstaostergotland\/wp-content\/uploads\/sites\/12\/2024\/05\/NFC_DoSpaceNkpg-46-768x1151.jpg 768w, https:\/\/nyforetagarcentrum.se\/mellerstaostergotland\/wp-content\/uploads\/sites\/12\/2024\/05\/NFC_DoSpaceNkpg-46-1025x1536.jpg 1025w, https:\/\/nyforetagarcentrum.se\/mellerstaostergotland\/wp-content\/uploads\/sites\/12\/2024\/05\/NFC_DoSpaceNkpg-46-720x1080.jpg 720w\" sizes=\"(max-width: 683px) 100vw, 683px\" \/>            <\/div>\n\n    <div class=\"content-wrapper\">\n        <h3>Azad Suleimani<\/h3>\n\n                    <div class=\"excerpt\">\n                Azad \u00e4r elektroingenj\u00f6ren som blev redovisningskonsult och trivs b\u00e4st n\u00e4r han f\u00e5r hj\u00e4lpa andra att komma ig\u00e5ng med sina f\u00f6retag. Han pratar persiska, kurdiska, svenska och engelska vilket \u00e4r en stor tillg\u00e5ng f\u00f6r m\u00e5nga blivande f\u00f6retagare. Han har ocks\u00e5 bred kunskap om bokf\u00f6ring, bolagsregistrering och marknadsf\u00f6ring. Azad har lokalk\u00e4nnedom om n\u00e4ringslivet i Link\u00f6ping och r\u00e5dger p\u00e5 plats i Link\u00f6ping och digitalt.            <\/div>\n        \n        <div class=\"links\">\n\n            \n                    <\/div>\n        \n    <\/div>\n<\/div><div class=\"person-large-card\">\n    \n    <div class=\"featured_image\">\n                    <img loading=\"lazy\" decoding=\"async\" width=\"683\" height=\"1024\" src=\"https:\/\/nyforetagarcentrum.se\/mellerstaostergotland\/wp-content\/uploads\/sites\/12\/2024\/05\/NFC-5-683x1024.jpg\" class=\"attachment-large size-large\" alt=\"\" srcset=\"https:\/\/nyforetagarcentrum.se\/mellerstaostergotland\/wp-content\/uploads\/sites\/12\/2024\/05\/NFC-5-683x1024.jpg 683w, https:\/\/nyforetagarcentrum.se\/mellerstaostergotland\/wp-content\/uploads\/sites\/12\/2024\/05\/NFC-5-200x300.jpg 200w, https:\/\/nyforetagarcentrum.se\/mellerstaostergotland\/wp-content\/uploads\/sites\/12\/2024\/05\/NFC-5-768x1152.jpg 768w, https:\/\/nyforetagarcentrum.se\/mellerstaostergotland\/wp-content\/uploads\/sites\/12\/2024\/05\/NFC-5-1024x1536.jpg 1024w, https:\/\/nyforetagarcentrum.se\/mellerstaostergotland\/wp-content\/uploads\/sites\/12\/2024\/05\/NFC-5-720x1080.jpg 720w\" sizes=\"(max-width: 683px) 100vw, 683px\" \/>            <\/div>\n\n    <div class=\"content-wrapper\">\n        <h3>Bo Bengtsson<\/h3>\n\n                    <div class=\"excerpt\">\n                Bosse \u00e4r en generalistspecialist som har varit verksam som f\u00f6retagsutvecklare i drygt 40 \u00e5r och \u00e4r utbildad civilingenj\u00f6r. Han r\u00e5dger p\u00e5 svenska och engelska och har arbetat med allt fr\u00e5n enmansf\u00f6retag till Ericsson.\u00a0Bosse har lokal k\u00e4nnedom om n\u00e4ringslivet i Link\u00f6ping och r\u00e5dger p\u00e5 plats i Link\u00f6ping, samt digitalt i Norrk\u00f6ping, Mj\u00f6lby och \u00c5tvidaberg.            <\/div>\n        \n        <div class=\"links\">\n\n            \n                    <\/div>\n        \n    <\/div>\n<\/div><div class=\"person-large-card\">\n    \n    <div class=\"featured_image\">\n                    <img loading=\"lazy\" decoding=\"async\" width=\"664\" height=\"1024\" src=\"https:\/\/nyforetagarcentrum.se\/mellerstaostergotland\/wp-content\/uploads\/sites\/12\/2024\/05\/NFC-2-664x1024.jpg\" class=\"attachment-large size-large\" alt=\"\" srcset=\"https:\/\/nyforetagarcentrum.se\/mellerstaostergotland\/wp-content\/uploads\/sites\/12\/2024\/05\/NFC-2-664x1024.jpg 664w, https:\/\/nyforetagarcentrum.se\/mellerstaostergotland\/wp-content\/uploads\/sites\/12\/2024\/05\/NFC-2-195x300.jpg 195w, https:\/\/nyforetagarcentrum.se\/mellerstaostergotland\/wp-content\/uploads\/sites\/12\/2024\/05\/NFC-2-768x1184.jpg 768w, https:\/\/nyforetagarcentrum.se\/mellerstaostergotland\/wp-content\/uploads\/sites\/12\/2024\/05\/NFC-2-996x1536.jpg 996w, https:\/\/nyforetagarcentrum.se\/mellerstaostergotland\/wp-content\/uploads\/sites\/12\/2024\/05\/NFC-2-700x1080.jpg 700w\" sizes=\"(max-width: 664px) 100vw, 664px\" \/>            <\/div>\n\n    <div class=\"content-wrapper\">\n        <h3>Erika Wessbo<\/h3>\n\n                    <div class=\"excerpt\">\n                Erika \u00e4r utbildad gymnasiel\u00e4rare och redovisningskonsult och har tidigare arbetet som l\u00e4rare i f\u00f6retagsekonomi samt inom UF. Hon har en gedigen och l\u00e5ng erfarenhet. B\u00e5de som f\u00f6retagare inom Caf\u00e9- och Restaurangbranschen samt har arbetat i m\u00e5nga \u00e5r som r\u00e5dgivare. Erika r\u00e5dger p\u00e5 svenska och engelska. Hon r\u00e5dger p\u00e5 plats i Link\u00f6ping, Norrk\u00f6ping, Mj\u00f6lby, Kisa, \u00c5tvidaberg samt digitalt.<br \/>\r\n            <\/div>\n        \n        <div class=\"links\">\n\n            \n                    <\/div>\n        \n    <\/div>\n<\/div><div class=\"person-large-card\">\n    \n    <div class=\"featured_image\">\n                    <img loading=\"lazy\" decoding=\"async\" width=\"683\" height=\"1024\" src=\"https:\/\/nyforetagarcentrum.se\/mellerstaostergotland\/wp-content\/uploads\/sites\/12\/2024\/05\/NFC_DoSpaceNkpg-58-683x1024.jpg\" class=\"attachment-large size-large\" alt=\"\" srcset=\"https:\/\/nyforetagarcentrum.se\/mellerstaostergotland\/wp-content\/uploads\/sites\/12\/2024\/05\/NFC_DoSpaceNkpg-58-683x1024.jpg 683w, https:\/\/nyforetagarcentrum.se\/mellerstaostergotland\/wp-content\/uploads\/sites\/12\/2024\/05\/NFC_DoSpaceNkpg-58-200x300.jpg 200w, https:\/\/nyforetagarcentrum.se\/mellerstaostergotland\/wp-content\/uploads\/sites\/12\/2024\/05\/NFC_DoSpaceNkpg-58-768x1151.jpg 768w, https:\/\/nyforetagarcentrum.se\/mellerstaostergotland\/wp-content\/uploads\/sites\/12\/2024\/05\/NFC_DoSpaceNkpg-58-1025x1536.jpg 1025w, https:\/\/nyforetagarcentrum.se\/mellerstaostergotland\/wp-content\/uploads\/sites\/12\/2024\/05\/NFC_DoSpaceNkpg-58-1366x2048.jpg 1366w, https:\/\/nyforetagarcentrum.se\/mellerstaostergotland\/wp-content\/uploads\/sites\/12\/2024\/05\/NFC_DoSpaceNkpg-58-720x1080.jpg 720w, https:\/\/nyforetagarcentrum.se\/mellerstaostergotland\/wp-content\/uploads\/sites\/12\/2024\/05\/NFC_DoSpaceNkpg-58-scaled.jpg 1708w\" sizes=\"(max-width: 683px) 100vw, 683px\" \/>            <\/div>\n\n    <div class=\"content-wrapper\">\n        <h3>Frida S\u00f6dermark<\/h3>\n\n                    <div class=\"excerpt\">\n                Frida \u00e4r gymnasiel\u00e4rare, utbildare, f\u00f6rel\u00e4sare, f\u00f6rfattare, l\u00f6pare, inspirat\u00f6r och eventkoordinator som brinner f\u00f6r entrepren\u00f6rskap. Hon har skrivit flera b\u00f6cker inom motivation och tr\u00e4ningsgl\u00e4dje, \u00e4r duktig p\u00e5 marknadsf\u00f6ring, har erfarenhet av utbildnings- och eventbranschen samt kunskap om influencerbranschen och trivs i rollen som r\u00e5dgivare. Frida r\u00e5dger p\u00e5 svenska, engelska och tyska.\u00a0Frida har lokal k\u00e4nnedom om n\u00e4ringslivet i Norrk\u00f6ping och r\u00e5dger p\u00e5 plats i Norrk\u00f6ping och digitalt.<br \/>\r\n<br \/>\r\n<br \/>\r\n<br \/>\r\n            <\/div>\n        \n        <div class=\"links\">\n\n            \n                    <\/div>\n        \n    <\/div>\n<\/div><div class=\"person-large-card\">\n    \n    <div class=\"featured_image\">\n                    <img loading=\"lazy\" decoding=\"async\" width=\"256\" height=\"282\" src=\"https:\/\/nyforetagarcentrum.se\/mellerstaostergotland\/wp-content\/uploads\/sites\/12\/2024\/04\/Helena-Nyberg-minibild1-1.jpg\" class=\"attachment-large size-large\" alt=\"\" \/>            <\/div>\n\n    <div class=\"content-wrapper\">\n        <h3>Helena Nyberg<\/h3>\n\n                    <div class=\"excerpt\">\n                Helena har bred utbildning och erfarenhet inom handel och marknadsf\u00f6ring. Hon har bl a drivit butik i s\u00e5v\u00e4l fysisk form som inom e-handel f\u00f6r att senare \u00f6verg\u00e5 till att arbeta som konsult inom marknads- och aff\u00e4rsutveckling. Helena r\u00e5dger p\u00e5 svenska. <br \/>\r\n<br \/>\r\nNotera att Helena f\u00f6r tillf\u00e4llet \u00e4r sjukskriven.            <\/div>\n        \n        <div class=\"links\">\n\n            \n                    <\/div>\n        \n    <\/div>\n<\/div><div class=\"person-large-card\">\n    \n    <div class=\"featured_image\">\n                    <img loading=\"lazy\" decoding=\"async\" width=\"683\" height=\"1024\" src=\"https:\/\/nyforetagarcentrum.se\/mellerstaostergotland\/wp-content\/uploads\/sites\/12\/2024\/05\/NFC_DoSpaceNkpg-52-683x1024.jpg\" class=\"attachment-large size-large\" alt=\"\" srcset=\"https:\/\/nyforetagarcentrum.se\/mellerstaostergotland\/wp-content\/uploads\/sites\/12\/2024\/05\/NFC_DoSpaceNkpg-52-683x1024.jpg 683w, https:\/\/nyforetagarcentrum.se\/mellerstaostergotland\/wp-content\/uploads\/sites\/12\/2024\/05\/NFC_DoSpaceNkpg-52-200x300.jpg 200w, https:\/\/nyforetagarcentrum.se\/mellerstaostergotland\/wp-content\/uploads\/sites\/12\/2024\/05\/NFC_DoSpaceNkpg-52-768x1151.jpg 768w, https:\/\/nyforetagarcentrum.se\/mellerstaostergotland\/wp-content\/uploads\/sites\/12\/2024\/05\/NFC_DoSpaceNkpg-52-1025x1536.jpg 1025w, https:\/\/nyforetagarcentrum.se\/mellerstaostergotland\/wp-content\/uploads\/sites\/12\/2024\/05\/NFC_DoSpaceNkpg-52-720x1080.jpg 720w\" sizes=\"(max-width: 683px) 100vw, 683px\" \/>            <\/div>\n\n    <div class=\"content-wrapper\">\n        <h3>Karin Wetterstrand<\/h3>\n\n                    <div class=\"excerpt\">\n                Karin \u00e4r beteendevetare och har arbetat med HR-fr\u00e5gor i hela sitt yrkesliv i flera olika branscher inom media, logistik &amp; lager, bemanning och inom den kommunala och statliga sektorn. Hon har en stark entrepren\u00f6rs\u00e5dra och varit med om att starta upp ett flertal stora f\u00f6retag, samt drivit eget som HR-partner och r\u00e5dgivare. Karin \u00e4r en av initiativtagarna till 100-listan, ett initiativ f\u00f6r att f\u00e5 fler kvinnor till bolagsstyrelser. Karin har lokalk\u00e4nnedom om n\u00e4ringslivet i Norrk\u00f6ping och r\u00e5dger p\u00e5 plats i Norrk\u00f6ping och digitalt. Karin r\u00e5dger p\u00e5 svenska.            <\/div>\n        \n        <div class=\"links\">\n\n            \n                    <\/div>\n        \n    <\/div>\n<\/div><div class=\"person-large-card\">\n    \n    <div class=\"featured_image\">\n                    <img loading=\"lazy\" decoding=\"async\" width=\"683\" height=\"1024\" src=\"https:\/\/nyforetagarcentrum.se\/mellerstaostergotland\/wp-content\/uploads\/sites\/12\/2024\/05\/NFC_DoSpaceNkpg-72-683x1024.jpg\" class=\"attachment-large size-large\" alt=\"\" srcset=\"https:\/\/nyforetagarcentrum.se\/mellerstaostergotland\/wp-content\/uploads\/sites\/12\/2024\/05\/NFC_DoSpaceNkpg-72-683x1024.jpg 683w, https:\/\/nyforetagarcentrum.se\/mellerstaostergotland\/wp-content\/uploads\/sites\/12\/2024\/05\/NFC_DoSpaceNkpg-72-200x300.jpg 200w, https:\/\/nyforetagarcentrum.se\/mellerstaostergotland\/wp-content\/uploads\/sites\/12\/2024\/05\/NFC_DoSpaceNkpg-72-768x1151.jpg 768w, https:\/\/nyforetagarcentrum.se\/mellerstaostergotland\/wp-content\/uploads\/sites\/12\/2024\/05\/NFC_DoSpaceNkpg-72-1024x1536.jpg 1024w, https:\/\/nyforetagarcentrum.se\/mellerstaostergotland\/wp-content\/uploads\/sites\/12\/2024\/05\/NFC_DoSpaceNkpg-72-1366x2048.jpg 1366w, https:\/\/nyforetagarcentrum.se\/mellerstaostergotland\/wp-content\/uploads\/sites\/12\/2024\/05\/NFC_DoSpaceNkpg-72-720x1080.jpg 720w, https:\/\/nyforetagarcentrum.se\/mellerstaostergotland\/wp-content\/uploads\/sites\/12\/2024\/05\/NFC_DoSpaceNkpg-72-scaled.jpg 1707w\" sizes=\"(max-width: 683px) 100vw, 683px\" \/>            <\/div>\n\n    <div class=\"content-wrapper\">\n        <h3>Michael Elofsson<\/h3>\n\n                    <div class=\"excerpt\">\n                Michael har en bakgrund inom marknadsf\u00f6ring- och kommunikation och har \u00e4ven en bred erfarenhet av handel. Han \u00e4r sj\u00e4lv egenf\u00f6retagare och har sj\u00e4lv f\u00e5tt hj\u00e4lp av Nyf\u00f6retagarcentrum. Michael r\u00e5dger p\u00e5 svenska och engelska. Michael har lokalk\u00e4nnedom om n\u00e4ringslivet i Link\u00f6ping och r\u00e5dger p\u00e5 plats i Link\u00f6ping och digitalt.            <\/div>\n        \n        <div class=\"links\">\n\n            \n                    <\/div>\n        \n    <\/div>\n<\/div>        <\/div>\n    <\/div>\n<\/section>\n\n\n<h2 class=\"wp-block-heading has-text-align-center has-x-large-font-size\">Vanliga fr\u00e5gor om r\u00e5dgivning<\/h2>\n\n\n            <script type=\"application\/ld+json\">\n                {\n                    \"@context\": \"https:\/\/schema.org\",\n                    \"@type\": \"FAQPage\",\n                    \"mainEntity\": [\n                                                    {\n                                \"@type\": \"Question\",\n                                \"name\": \"\u00c4r r\u00e5dgivningen kostnadsfri?\",\n                                \"acceptedAnswer\": {\n                                    \"@type\": \"Answer\",\n                                    \"text\": \"<p>Ja! R\u00e5dgivning hos Nyf\u00f6retagarCentrum \u00e4r helt kostnadsfri.<\/p>\"\n                                }\n                            },                                                    {\n                                \"@type\": \"Question\",\n                                \"name\": \"\u00c4r r\u00e5dgivningen konfidentiell?\",\n                                \"acceptedAnswer\": {\n                                    \"@type\": \"Answer\",\n                                    \"text\": \"<p>V\u00e5r r\u00e5dgivning \u00e4r konfidentiell vilket inneb\u00e4r att den r\u00e5dgivare du g\u00e5r till f\u00e5r inte tala om f\u00f6r n\u00e5gon att du varit hos oss eller vad din aff\u00e4rsid\u00e9 handlar om. Den dag du registrerar ditt f\u00f6retag s\u00e5 kommer det att bli offentliga uppgifter.<\/p>\"\n                                }\n                            },                                                    {\n                                \"@type\": \"Question\",\n                                \"name\": \"Jag ska k\u00f6pa ett redan befintligt f\u00f6retag. Kan jag fortfarande f\u00e5 hj\u00e4lp av er?\",\n                                \"acceptedAnswer\": {\n                                    \"@type\": \"Answer\",\n                                    \"text\": \"<p>\u00c4ven n\u00e4r man tar \u00f6ver ett familjef\u00f6retag eller om man k\u00f6per ett f\u00f6retag s\u00e5 \u00e4r man ju ny som f\u00f6retagare och \u00e4r sj\u00e4lvklart v\u00e4lkommen till oss f\u00f6r hj\u00e4lp.<\/p>\"\n                                }\n                            }                                            ]\n                }\n            <\/script>\n        <section  class=\"nfc-block-accordions alignwide\">\n    <div class=\"wrapper contained\">\n        <div class=\"accordions\">\n\n                            <div class=\"accordion\">\n                    <h3>\n                        <button \n                            class=\"accordion-header\"\n                            aria-expanded=\"true\"\n                            aria-controls=\"accordion-panel-0\"\n                            id=\"accordion-header-0\"\n                            data-accordion-header\n                        >\n                            <span>\u00c4r r\u00e5dgivningen kostnadsfri?<\/span>\n                            <div class=\"icon icon-down\"><\/div>\n                        <\/button>\n                    <\/h3>\n                    <section id=\"accordion-panel-0\" aria-labelledby=\"accordion-header-0\">\n                        <span>\n                            <p>Ja! R\u00e5dgivning hos Nyf\u00f6retagarCentrum \u00e4r helt kostnadsfri.<\/p>\n                        <\/span>\n                    <\/section>\n                <\/div>\n                            <div class=\"accordion\">\n                    <h3>\n                        <button \n                            class=\"accordion-header\"\n                            aria-expanded=\"true\"\n                            aria-controls=\"accordion-panel-1\"\n                            id=\"accordion-header-1\"\n                            data-accordion-header\n                        >\n                            <span>\u00c4r r\u00e5dgivningen konfidentiell?<\/span>\n                            <div class=\"icon icon-down\"><\/div>\n                        <\/button>\n                    <\/h3>\n                    <section id=\"accordion-panel-1\" aria-labelledby=\"accordion-header-1\">\n                        <span>\n                            <p>V\u00e5r r\u00e5dgivning \u00e4r konfidentiell vilket inneb\u00e4r att den r\u00e5dgivare du g\u00e5r till f\u00e5r inte tala om f\u00f6r n\u00e5gon att du varit hos oss eller vad din aff\u00e4rsid\u00e9 handlar om. Den dag du registrerar ditt f\u00f6retag s\u00e5 kommer det att bli offentliga uppgifter.<\/p>\n                        <\/span>\n                    <\/section>\n                <\/div>\n                            <div class=\"accordion\">\n                    <h3>\n                        <button \n                            class=\"accordion-header\"\n                            aria-expanded=\"true\"\n                            aria-controls=\"accordion-panel-2\"\n                            id=\"accordion-header-2\"\n                            data-accordion-header\n                        >\n                            <span>Jag ska k\u00f6pa ett redan befintligt f\u00f6retag. Kan jag fortfarande f\u00e5 hj\u00e4lp av er?<\/span>\n                            <div class=\"icon icon-down\"><\/div>\n                        <\/button>\n                    <\/h3>\n                    <section id=\"accordion-panel-2\" aria-labelledby=\"accordion-header-2\">\n                        <span>\n                            <p>\u00c4ven n\u00e4r man tar \u00f6ver ett familjef\u00f6retag eller om man k\u00f6per ett f\u00f6retag s\u00e5 \u00e4r man ju ny som f\u00f6retagare och \u00e4r sj\u00e4lvklart v\u00e4lkommen till oss f\u00f6r hj\u00e4lp.<\/p>\n                        <\/span>\n                    <\/section>\n                <\/div>\n                    <\/div>\n    <\/div>\n    <noscript>\n        <style>\n            .accordion-header .icon {\n                display: none !important;\n            }\n        <\/style>\n    <\/noscript>\n<\/section>\n\n\n\n<div style=\"height:var(--wp--preset--spacing--80)\" aria-hidden=\"true\" class=\"wp-block-spacer\"><\/div>\n","protected":false},"excerpt":{"rendered":"<p>S\u00e5 h\u00e4r g\u00e5r det till V\u00e5ra r\u00e5dgivare Vanliga fr\u00e5gor om r\u00e5dgivning<\/p>\n","protected":false},"author":1,"featured_media":0,"parent":0,"menu_order":0,"comment_status":"closed","ping_status":"closed","template":"","meta":{"footnotes":""},"acf":[],"yoast_head":"<!-- This site is optimized with the Yoast SEO plugin v22.9 - https:\/\/yoast.com\/wordpress\/plugins\/seo\/ -->\n<title>R\u00e5dgivning - Mellersta \u00d6sterg\u00f6tland<\/title>\n<meta name=\"robots\" content=\"index, follow, max-snippet:-1, max-image-preview:large, max-video-preview:-1\" \/>\n<link rel=\"canonical\" href=\"https:\/\/nyforetagarcentrum.se\/mellerstaostergotland\/radgivning\/\" \/>\n<meta property=\"og:locale\" content=\"sv_SE\" \/>\n<meta property=\"og:type\" content=\"article\" \/>\n<meta property=\"og:title\" content=\"R\u00e5dgivning - Mellersta \u00d6sterg\u00f6tland\" \/>\n<meta property=\"og:description\" content=\"S\u00e5 h\u00e4r g\u00e5r det till V\u00e5ra r\u00e5dgivare Vanliga fr\u00e5gor om r\u00e5dgivning\" \/>\n<meta property=\"og:url\" content=\"https:\/\/nyforetagarcentrum.se\/mellerstaostergotland\/radgivning\/\" \/>\n<meta property=\"og:site_name\" content=\"Mellersta \u00d6sterg\u00f6tland\" \/>\n<meta property=\"article:modified_time\" content=\"2025-12-10T08:17:33+00:00\" \/>\n<meta name=\"twitter:card\" content=\"summary_large_image\" \/>\n<meta name=\"twitter:label1\" content=\"Ber\u00e4knad l\u00e4stid\" \/>\n\t<meta name=\"twitter:data1\" content=\"1 minut\" \/>\n<script type=\"application\/ld+json\" class=\"yoast-schema-graph\">{\"@context\":\"https:\/\/schema.org\",\"@graph\":[{\"@type\":\"WebPage\",\"@id\":\"https:\/\/nyforetagarcentrum.se\/mellerstaostergotland\/radgivning\/\",\"url\":\"https:\/\/nyforetagarcentrum.se\/mellerstaostergotland\/radgivning\/\",\"name\":\"R\u00e5dgivning - Mellersta \u00d6sterg\u00f6tland\",\"isPartOf\":{\"@id\":\"https:\/\/nyforetagarcentrum.se\/mellerstaostergotland\/#website\"},\"datePublished\":\"2024-02-22T09:59:00+00:00\",\"dateModified\":\"2025-12-10T08:17:33+00:00\",\"breadcrumb\":{\"@id\":\"https:\/\/nyforetagarcentrum.se\/mellerstaostergotland\/radgivning\/#breadcrumb\"},\"inLanguage\":\"sv-SE\",\"potentialAction\":[{\"@type\":\"ReadAction\",\"target\":[\"https:\/\/nyforetagarcentrum.se\/mellerstaostergotland\/radgivning\/\"]}]},{\"@type\":\"BreadcrumbList\",\"@id\":\"https:\/\/nyforetagarcentrum.se\/mellerstaostergotland\/radgivning\/#breadcrumb\",\"itemListElement\":[{\"@type\":\"ListItem\",\"position\":1,\"name\":\"Hem\",\"item\":\"https:\/\/nyforetagarcentrum.se\/mellerstaostergotland\/\"},{\"@type\":\"ListItem\",\"position\":2,\"name\":\"R\u00e5dgivning\"}]},{\"@type\":\"WebSite\",\"@id\":\"https:\/\/nyforetagarcentrum.se\/mellerstaostergotland\/#website\",\"url\":\"https:\/\/nyforetagarcentrum.se\/mellerstaostergotland\/\",\"name\":\"Mellersta \u00d6sterg\u00f6tland\",\"description\":\"Sveriges ledande kraft f\u00f6r fler nya livskraftiga f\u00f6retag\",\"publisher\":{\"@id\":\"https:\/\/nyforetagarcentrum.se\/mellerstaostergotland\/#organization\"},\"potentialAction\":[{\"@type\":\"SearchAction\",\"target\":{\"@type\":\"EntryPoint\",\"urlTemplate\":\"https:\/\/nyforetagarcentrum.se\/mellerstaostergotland\/?s={search_term_string}\"},\"query-input\":\"required name=search_term_string\"}],\"inLanguage\":\"sv-SE\"},{\"@type\":\"Organization\",\"@id\":\"https:\/\/nyforetagarcentrum.se\/mellerstaostergotland\/#organization\",\"name\":\"Mellersta \u00d6sterg\u00f6tland\",\"url\":\"https:\/\/nyforetagarcentrum.se\/mellerstaostergotland\/\",\"logo\":{\"@type\":\"ImageObject\",\"inLanguage\":\"sv-SE\",\"@id\":\"https:\/\/nyforetagarcentrum.se\/mellerstaostergotland\/#\/schema\/logo\/image\/\",\"url\":\"https:\/\/nyforetagarcentrum.se\/mellerstaostergotland\/wp-content\/uploads\/sites\/12\/2026\/04\/mellerstaostergotland_bla.png\",\"contentUrl\":\"https:\/\/nyforetagarcentrum.se\/mellerstaostergotland\/wp-content\/uploads\/sites\/12\/2026\/04\/mellerstaostergotland_bla.png\",\"width\":870,\"height\":355,\"caption\":\"Mellersta \u00d6sterg\u00f6tland\"},\"image\":{\"@id\":\"https:\/\/nyforetagarcentrum.se\/mellerstaostergotland\/#\/schema\/logo\/image\/\"}}]}<\/script>\n<!-- \/ Yoast SEO plugin. -->","yoast_head_json":{"title":"R\u00e5dgivning - Mellersta \u00d6sterg\u00f6tland","robots":{"index":"index","follow":"follow","max-snippet":"max-snippet:-1","max-image-preview":"max-image-preview:large","max-video-preview":"max-video-preview:-1"},"canonical":"https:\/\/nyforetagarcentrum.se\/mellerstaostergotland\/radgivning\/","og_locale":"sv_SE","og_type":"article","og_title":"R\u00e5dgivning - Mellersta \u00d6sterg\u00f6tland","og_description":"S\u00e5 h\u00e4r g\u00e5r det till V\u00e5ra r\u00e5dgivare Vanliga fr\u00e5gor om r\u00e5dgivning","og_url":"https:\/\/nyforetagarcentrum.se\/mellerstaostergotland\/radgivning\/","og_site_name":"Mellersta \u00d6sterg\u00f6tland","article_modified_time":"2025-12-10T08:17:33+00:00","twitter_card":"summary_large_image","twitter_misc":{"Ber\u00e4knad l\u00e4stid":"1 minut"},"schema":{"@context":"https:\/\/schema.org","@graph":[{"@type":"WebPage","@id":"https:\/\/nyforetagarcentrum.se\/mellerstaostergotland\/radgivning\/","url":"https:\/\/nyforetagarcentrum.se\/mellerstaostergotland\/radgivning\/","name":"R\u00e5dgivning - Mellersta \u00d6sterg\u00f6tland","isPartOf":{"@id":"https:\/\/nyforetagarcentrum.se\/mellerstaostergotland\/#website"},"datePublished":"2024-02-22T09:59:00+00:00","dateModified":"2025-12-10T08:17:33+00:00","breadcrumb":{"@id":"https:\/\/nyforetagarcentrum.se\/mellerstaostergotland\/radgivning\/#breadcrumb"},"inLanguage":"sv-SE","potentialAction":[{"@type":"ReadAction","target":["https:\/\/nyforetagarcentrum.se\/mellerstaostergotland\/radgivning\/"]}]},{"@type":"BreadcrumbList","@id":"https:\/\/nyforetagarcentrum.se\/mellerstaostergotland\/radgivning\/#breadcrumb","itemListElement":[{"@type":"ListItem","position":1,"name":"Hem","item":"https:\/\/nyforetagarcentrum.se\/mellerstaostergotland\/"},{"@type":"ListItem","position":2,"name":"R\u00e5dgivning"}]},{"@type":"WebSite","@id":"https:\/\/nyforetagarcentrum.se\/mellerstaostergotland\/#website","url":"https:\/\/nyforetagarcentrum.se\/mellerstaostergotland\/","name":"Mellersta \u00d6sterg\u00f6tland","description":"Sveriges ledande kraft f\u00f6r fler nya livskraftiga f\u00f6retag","publisher":{"@id":"https:\/\/nyforetagarcentrum.se\/mellerstaostergotland\/#organization"},"potentialAction":[{"@type":"SearchAction","target":{"@type":"EntryPoint","urlTemplate":"https:\/\/nyforetagarcentrum.se\/mellerstaostergotland\/?s={search_term_string}"},"query-input":"required name=search_term_string"}],"inLanguage":"sv-SE"},{"@type":"Organization","@id":"https:\/\/nyforetagarcentrum.se\/mellerstaostergotland\/#organization","name":"Mellersta \u00d6sterg\u00f6tland","url":"https:\/\/nyforetagarcentrum.se\/mellerstaostergotland\/","logo":{"@type":"ImageObject","inLanguage":"sv-SE","@id":"https:\/\/nyforetagarcentrum.se\/mellerstaostergotland\/#\/schema\/logo\/image\/","url":"https:\/\/nyforetagarcentrum.se\/mellerstaostergotland\/wp-content\/uploads\/sites\/12\/2026\/04\/mellerstaostergotland_bla.png","contentUrl":"https:\/\/nyforetagarcentrum.se\/mellerstaostergotland\/wp-content\/uploads\/sites\/12\/2026\/04\/mellerstaostergotland_bla.png","width":870,"height":355,"caption":"Mellersta \u00d6sterg\u00f6tland"},"image":{"@id":"https:\/\/nyforetagarcentrum.se\/mellerstaostergotland\/#\/schema\/logo\/image\/"}}]}},"_links":{"self":[{"href":"https:\/\/nyforetagarcentrum.se\/mellerstaostergotland\/wp-json\/wp\/v2\/pages\/93"}],"collection":[{"href":"https:\/\/nyforetagarcentrum.se\/mellerstaostergotland\/wp-json\/wp\/v2\/pages"}],"about":[{"href":"https:\/\/nyforetagarcentrum.se\/mellerstaostergotland\/wp-json\/wp\/v2\/types\/page"}],"author":[{"embeddable":true,"href":"https:\/\/nyforetagarcentrum.se\/mellerstaostergotland\/wp-json\/wp\/v2\/users\/1"}],"replies":[{"embeddable":true,"href":"https:\/\/nyforetagarcentrum.se\/mellerstaostergotland\/wp-json\/wp\/v2\/comments?post=93"}],"version-history":[{"count":188,"href":"https:\/\/nyforetagarcentrum.se\/mellerstaostergotland\/wp-json\/wp\/v2\/pages\/93\/revisions"}],"predecessor-version":[{"id":5243,"href":"https:\/\/nyforetagarcentrum.se\/mellerstaostergotland\/wp-json\/wp\/v2\/pages\/93\/revisions\/5243"}],"wp:attachment":[{"href":"https:\/\/nyforetagarcentrum.se\/mellerstaostergotland\/wp-json\/wp\/v2\/media?parent=93"}],"curies":[{"name":"wp","href":"https:\/\/api.w.org\/{rel}","templated":true}]}}