{"id":1636,"date":"2024-05-27T14:51:13","date_gmt":"2024-05-27T12:51:13","guid":{"rendered":"https:\/\/nyforetagarcentrum.se\/mellerstaostergotland\/?page_id=1636"},"modified":"2026-02-18T14:37:26","modified_gmt":"2026-02-18T13:37:26","slug":"for-deltagare","status":"publish","type":"page","link":"https:\/\/nyforetagarcentrum.se\/mellerstaostergotland\/for-deltagare\/","title":{"rendered":"F\u00f6r deltagare"},"content":{"rendered":"\n<div style=\"height:51px\" aria-hidden=\"true\" class=\"wp-block-spacer\"><\/div>\n\n\n<section  class=\"nfc-block-breadcrumbs alignwide\">\n    <div class=\"wrapper contained\">\n        <ol class=\"breadcrumbs\" itemscope itemtype=\"https:\/\/schema.org\/BreadcrumbList\">\n            <li itemprop=\"itemListElement\" itemscope itemtype=\"https:\/\/schema.org\/ListItem\">\n            \n\n                            <span class=\"current\" itemprop=\"name\">Hem<\/span>\n            \n            <meta itemprop=\"position\" content=\"1\" \/>\n        <\/li>\n    <\/ol>    <\/div>\n<\/section>\n\n\n<div style=\"height:51px\" aria-hidden=\"true\" class=\"wp-block-spacer\"><\/div>\n\n\n<section  class=\"nfc-block-split_screen alignwide image_alignment-left\">\n    <div class=\"wrapper\">\n        <div class=\"nfc-block-split_screen__image-wrapper\">\n            <img loading=\"lazy\" decoding=\"async\" width=\"1476\" height=\"984\" src=\"https:\/\/nyforetagarcentrum.se\/mellerstaostergotland\/wp-content\/uploads\/sites\/12\/2024\/02\/Nyforetagare-seminarium-2-LOW.jpg\" class=\"attachment-landscape size-landscape\" alt=\"\" srcset=\"https:\/\/nyforetagarcentrum.se\/mellerstaostergotland\/wp-content\/uploads\/sites\/12\/2024\/02\/Nyforetagare-seminarium-2-LOW.jpg 1476w, https:\/\/nyforetagarcentrum.se\/mellerstaostergotland\/wp-content\/uploads\/sites\/12\/2024\/02\/Nyforetagare-seminarium-2-LOW-300x200.jpg 300w, https:\/\/nyforetagarcentrum.se\/mellerstaostergotland\/wp-content\/uploads\/sites\/12\/2024\/02\/Nyforetagare-seminarium-2-LOW-1024x683.jpg 1024w, https:\/\/nyforetagarcentrum.se\/mellerstaostergotland\/wp-content\/uploads\/sites\/12\/2024\/02\/Nyforetagare-seminarium-2-LOW-768x512.jpg 768w\" sizes=\"(max-width: 1476px) 100vw, 1476px\" \/>        <\/div>\n\n        <div class=\"nfc-block-split_screen__content-wrapper\">\n            <h1>V\u00e4lkommen till Startup Time Caf\u00e9<\/h1>\n<p>Startup Time med dess popul\u00e4ra caf\u00e9er \u00e4r projektet f\u00f6r dig med utl\u00e4ndsk bakgrund som vill starta f\u00f6retag! Kom och fika, diskutera din aff\u00e4rsid\u00e9 med f\u00f6retagsr\u00e5dgivare som pratar m\u00e5nga olika spr\u00e5k och ha en trevlig kv\u00e4ll. H\u00e4r kommer vi att l\u00e4gga upp information om h\u00f6stens alla Startup Time Caf\u00e9er. Stort tack till alla fantastiska m\u00e4nniskor som under v\u00e5ren deltog i v\u00e5ra caf\u00e9er och som aktivt arbetat och fortsatt arbetar med sina f\u00f6retagsid\u00e9er!<\/p>\n<p>Lycka till med ert f\u00f6retagande, och kom ih\u00e5g att sommaren \u00e4r ett perfekt tillf\u00e4lle att inspireras av andra och jobba med s\u00e5v\u00e4l aff\u00e4rsplan och marknadsf\u00f6ring inf\u00f6r h\u00f6stens kommande aktiviteter h\u00e4r p\u00e5 Startup Time. Vi ses!<br \/>\nKunskapsh\u00f6jande tr\u00e4ffar<\/p>\n<p>V\u00e5ra ordinarie caf\u00e9tr\u00e4ffar h\u00e5lls varje vecka. En g\u00e5ng i m\u00e5naden g\u00f6r vi om en av dessa till en kunskapsh\u00f6jande tr\u00e4ff med ett s\u00e4rskilt tema. D\u00e5 f\u00e5r du ta del av inspiration, praktiska tips och konkreta verktyg fr\u00e5n experter och erfarna f\u00f6retagare.<br \/>\nKvinnotr\u00e4ffar<\/p>\n<p>V\u00e5ra kvinnotr\u00e4ffar \u00e4r \u00f6ppna m\u00f6ten f\u00f6r dig som vill n\u00e4tverka, dela erfarenheter och hitta inspiration tillsammans med andra kvinnor. H\u00e4r finns utrymme f\u00f6r samtal, gemenskap och nya id\u00e9er \u2013 oavsett om du driver f\u00f6retag, funderar p\u00e5 att starta eller bara \u00e4r nyfiken.<\/p>\n<p>Aktiviteter v\u00e5ren 2026<\/p>\n<p>Januari<br \/>\nVecka 3: Ons 14\/1 2026 \u2013 Agora-Bibliotek, <strong>Kunskapsh\u00f6jande tr\u00e4ff<\/strong>, 16:30-18:30.<br \/>\nVecka 4: Ons 21\/1 2026 \u2013 Ryds Bibliotek, 16:30-18:30.<br \/>\nVecka 5: Tis 27\/1 2026 \u2013 Berga Bibliotek, 16:30-18:30.<\/p>\n<p>Februari<br \/>\nVecka 6: L\u00f6r 7\/2 2026 \u2013 Agora-Bibliotek, <strong>Kvinnotr\u00e4ff<\/strong>, 13:00-15:00.<br \/>\nVecka 7: Ons 11\/2 2026 \u2013 Agora-Bibliotek, 16:30-18:30.<br \/>\nVecka 8: Ons 18\/2 2026 \u2013 Ryds Bibliotek, <strong>Kunskapsh\u00f6jande tr\u00e4ff<\/strong>, 16:30-18:30.<br \/>\nVecka 9: Tis 24\/2 2026 \u2013 Berga Bibliotek, 16:30-18:30.<\/p>\n<p>Mars<br \/>\nVecka 10: L\u00f6r 7\/3 2026 \u2013 Agora-Bibliotek, <strong>Kvinnotr\u00e4ff<\/strong>, 13:00-15:00.<br \/>\nVecka 11: Ons 11\/3 2026 \u2013 Agora-Bibliotek, 16:30-18:30.<br \/>\nVecka 12: Ons 18\/3 2026 \u2013 Ryds Bibliotek, 16:30-18:30.<br \/>\nVecka 13: Tis 24\/3 2026 \u2013 Berga Bibliotek, <strong>Kunskapsh\u00f6jande tr\u00e4ff<\/strong>, 16:30-18:30.<\/p>\n<p>April<br \/>\nVecka 14: L\u00f6r 4\/4 2026 \u2013 Agora-Bibliotek, <strong>Kvinnotr\u00e4ff<\/strong>, 13:00-15:00.<br \/>\nVecka 15: Ons 8\/4 2026 \u2013 Agora-Bibliotek, <strong>Kunskapsh\u00f6jande tr\u00e4ff<\/strong>, 16:30-18:30.<br \/>\nVecka 16: Ons 15\/4 2026 \u2013 Ryds Bibliotek, 16:30-18:30.<br \/>\nVecka 17: Tis 21\/4 2026 \u2013 Berga Bibliotek, 16:30-18:30.<\/p>\n<p>Maj<br \/>\nVecka 18: L\u00f6r 2\/5 2026 \u2013 Agora-Bibliotek, <strong>Kvinnotr\u00e4ff<\/strong>, 13:00-15:00.<br \/>\nVecka 19: Ons 6\/5 2026 \u2013 Agora-Bibliotek, 16:30-18:30.<br \/>\nVecka 20: Ons 13\/5 2026 \u2013 RydsBibliotek, <strong>Kunskapsh\u00f6jande tr\u00e4ff<\/strong>, 16:30-18:30.<br \/>\nVecka 21: Tis 19\/5 2026 \u2013 Berga Bibliotek, 16:30-18:30.<br \/>\nVecka 22: L\u00f6r 30\/5 2026 \u2013 Agora-Bibliotek, <strong>Kvinnotr\u00e4ff<\/strong>, 13:00-15:00.<\/p>\n<p>Juni<br \/>\nVecka 23: Ons 3\/6 2026 \u2013 Agora-Bibliotek, 16:30-18:30.<br \/>\nVecka 24: Ons 10\/6 2026 \u2013 Ryds Bibliotek, <strong>Kunskapsh\u00f6jande tr\u00e4ff<\/strong>, 16:30-18:30.<br \/>\nVecka 25: Tis 16\/6 2026 \u2013 Berga Bibliotek, 16:30-18:30.<\/p>\n<p><strong><a href=\"https:\/\/nyforetagarcentrum.se\/mellerstaostergotland\/2024\/06\/11\/nytt-samarbete-med-sankt-kors-och-ostergotlands-stadsmission\/\">H\u00e4r kan du l\u00e4sa ett pressmeddelande om v\u00e5rt samarbete med Sankt Kors och \u00d6sterg\u00f6tlands Stadsmission.<\/a><\/strong><\/p>\n<p><strong>Here is information about Startup Time in: <a href=\"https:\/\/www.instagram.com\/reel\/C6hgZo_o9z8\/?utm_source=ig_web_copy_link&amp;igsh=MzRlODBiNWFlZA==\" target=\"_blank\" rel=\"noopener\">Arabic<\/a> \u2013 <a href=\"https:\/\/www.instagram.com\/reel\/C7U-AzwoPFE\/?utm_source=ig_web_copy_link&amp;igsh=MzRlODBiNWFlZA==\" target=\"_blank\" rel=\"noopener\">Kurdish<\/a> \u2013 <a href=\"https:\/\/www.instagram.com\/reel\/C64uHrdoCtJ\/?utm_source=ig_web_copy_link&amp;igsh=MzRlODBiNWFlZA==\" target=\"_blank\" rel=\"noopener\">Persian<\/a> \u2013 <a href=\"https:\/\/www.instagram.com\/p\/C6XE8Q3slMy\/\" target=\"_blank\" rel=\"noopener\">Swedish<\/a> &#8211; For more info, please visit our <a href=\"https:\/\/www.instagram.com\/startuptimenfc\/\" target=\"_blank\" rel=\"noopener\">Instagram<\/a> and <a href=\"https:\/\/www.facebook.com\/startuptimenfc\" target=\"_blank\" rel=\"noopener\">Facebook<\/a>.<\/strong><\/p>\n<h2><strong data-start=\"52\" data-end=\"74\">Studiebes\u00f6k hos er<\/strong><\/h2>\n<p>Vill ni att vi kommer ut till er f\u00f6rening, f\u00f6rbund eller verksamhet och pratar f\u00f6retagande? Vi erbjuder inspirerande tr\u00e4ffar p\u00e5 svenska, engelska, arabiska, persiska, kurdiska och somaliska. Klicka p\u00e5 knappen nedan s\u00e5 \u00f6ppnas ett mail direkt d\u00e4r ni enkelt kan skicka en f\u00f6rfr\u00e5gan till oss.\u00a0<br data-start=\"269\" data-end=\"272\" \/><!-- wp:paragraph --><\/p>\n<p><!-- \/wp:paragraph --><\/p>\n\n                            <div class=\"nfc-block-split_screen__buttons\">\n                                            <a href=\"mailto:rabi.khalaf@nyforetagarcentrum.se\" class=\"button primary\">Boka studiebes\u00f6k<\/a>\n                                    <\/div>\n            \n        <\/div>\n    <\/div>\n<\/section>\n\n\n<div style=\"height:51px\" aria-hidden=\"true\" class=\"wp-block-spacer\"><\/div>\n\n\n\n<div class=\"wp-block-columns alignwide is-layout-flex wp-container-core-columns-is-layout-1 wp-block-columns-is-layout-flex\">\n<div class=\"wp-block-column is-layout-flow wp-block-column-is-layout-flow\">\n<p><\/p>\n\n\n\n<h2 class=\"wp-block-heading has-text-align-left has-large-font-size\">Nyfiken p\u00e5 hur vi kan hj\u00e4lpa dig att f\u00f6rverkliga din f\u00f6retagsdr\u00f6m?<\/h2>\n<\/div>\n\n\n\n<div class=\"wp-block-column is-vertically-aligned-center is-layout-flow wp-block-column-is-layout-flow\">\n<p>D\u00e5 ska du l\u00e4sa <a href=\"https:\/\/nyforetagarcentrum.se\/mellerstaostergotland\/success-stories\/ako-startade-eget-foretag-inom-angtvatt\/\">den h\u00e4r intervjun<\/a> med Ako som startade f\u00f6retaget <a href=\"https:\/\/mistersteam.se\/\">Mister Steam<\/a> med hj\u00e4lp av <a href=\"https:\/\/nyforetagarcentrum.se\/mellerstaostergotland\/for-intressenter\/\">Startup Time<\/a>. Nedan ser du Ako tillsammans med Startup Times Azad Suleimani.<\/p>\n<\/div>\n<\/div>\n\n\n<section  class=\"nfc-block-featured_image alignfull\">\n\n    <img loading=\"lazy\" decoding=\"async\" width=\"1536\" height=\"839\" src=\"https:\/\/nyforetagarcentrum.se\/mellerstaostergotland\/wp-content\/uploads\/sites\/12\/2024\/05\/ako-pa-mister-steamddddd-1536x839-1.png\" class=\"attachment-landscape size-landscape\" alt=\"Startup Time\" srcset=\"https:\/\/nyforetagarcentrum.se\/mellerstaostergotland\/wp-content\/uploads\/sites\/12\/2024\/05\/ako-pa-mister-steamddddd-1536x839-1.png 1536w, https:\/\/nyforetagarcentrum.se\/mellerstaostergotland\/wp-content\/uploads\/sites\/12\/2024\/05\/ako-pa-mister-steamddddd-1536x839-1-300x164.png 300w, https:\/\/nyforetagarcentrum.se\/mellerstaostergotland\/wp-content\/uploads\/sites\/12\/2024\/05\/ako-pa-mister-steamddddd-1536x839-1-1024x559.png 1024w, https:\/\/nyforetagarcentrum.se\/mellerstaostergotland\/wp-content\/uploads\/sites\/12\/2024\/05\/ako-pa-mister-steamddddd-1536x839-1-768x420.png 768w\" sizes=\"(max-width: 1536px) 100vw, 1536px\" \/>\n    <div class=\"contained\">\n                    <div class=\"nfc-block-featured_image__buttons\">\n                                    <a href=\"https:\/\/nyforetagarcentrum.se\/mellerstaostergotland\/success-stories\/ako-startade-eget-foretag-inom-angtvatt\/\" class=\"button primary\">Till storyn<\/a>\n                            <\/div>\n            <\/div>\n<\/section>\n\n\n<div style=\"height:51px\" aria-hidden=\"true\" class=\"wp-block-spacer\"><\/div>\n\n\n\n<div class=\"wp-block-columns is-layout-flex wp-container-core-columns-is-layout-2 wp-block-columns-is-layout-flex\">\n<div class=\"wp-block-column is-layout-flow wp-block-column-is-layout-flow\">\n<figure class=\"wp-block-image size-full is-resized\"><img loading=\"lazy\" decoding=\"async\" width=\"796\" height=\"800\" src=\"https:\/\/nyforetagarcentrum.se\/mellerstaostergotland\/wp-content\/uploads\/sites\/12\/2024\/06\/dqdqd.png\" alt=\"\" class=\"wp-image-1852\" style=\"width:369px;height:auto\" srcset=\"https:\/\/nyforetagarcentrum.se\/mellerstaostergotland\/wp-content\/uploads\/sites\/12\/2024\/06\/dqdqd.png 796w, https:\/\/nyforetagarcentrum.se\/mellerstaostergotland\/wp-content\/uploads\/sites\/12\/2024\/06\/dqdqd-150x150.png 150w, https:\/\/nyforetagarcentrum.se\/mellerstaostergotland\/wp-content\/uploads\/sites\/12\/2024\/06\/dqdqd-768x772.png 768w\" sizes=\"(max-width: 796px) 100vw, 796px\" \/><\/figure>\n<\/div>\n\n\n\n<div class=\"wp-block-column is-layout-flow wp-block-column-is-layout-flow\">\n<figure class=\"wp-block-image size-full is-resized\"><img loading=\"lazy\" decoding=\"async\" width=\"798\" height=\"804\" src=\"https:\/\/nyforetagarcentrum.se\/mellerstaostergotland\/wp-content\/uploads\/sites\/12\/2024\/06\/Namnlosssasdedddwc.png\" alt=\"\" class=\"wp-image-1853\" style=\"width:417px;height:auto\" srcset=\"https:\/\/nyforetagarcentrum.se\/mellerstaostergotland\/wp-content\/uploads\/sites\/12\/2024\/06\/Namnlosssasdedddwc.png 798w, https:\/\/nyforetagarcentrum.se\/mellerstaostergotland\/wp-content\/uploads\/sites\/12\/2024\/06\/Namnlosssasdedddwc-298x300.png 298w, https:\/\/nyforetagarcentrum.se\/mellerstaostergotland\/wp-content\/uploads\/sites\/12\/2024\/06\/Namnlosssasdedddwc-150x150.png 150w, https:\/\/nyforetagarcentrum.se\/mellerstaostergotland\/wp-content\/uploads\/sites\/12\/2024\/06\/Namnlosssasdedddwc-768x774.png 768w\" sizes=\"(max-width: 798px) 100vw, 798px\" \/><\/figure>\n<\/div>\n\n\n\n<div class=\"wp-block-column is-layout-flow wp-block-column-is-layout-flow\">\n<figure class=\"wp-block-image size-full is-resized\"><img loading=\"lazy\" decoding=\"async\" width=\"807\" height=\"807\" src=\"https:\/\/nyforetagarcentrum.se\/mellerstaostergotland\/wp-content\/uploads\/sites\/12\/2024\/06\/Namnlosssasdewc.png\" alt=\"\" class=\"wp-image-1854\" style=\"width:487px;height:auto\" srcset=\"https:\/\/nyforetagarcentrum.se\/mellerstaostergotland\/wp-content\/uploads\/sites\/12\/2024\/06\/Namnlosssasdewc.png 807w, https:\/\/nyforetagarcentrum.se\/mellerstaostergotland\/wp-content\/uploads\/sites\/12\/2024\/06\/Namnlosssasdewc-300x300.png 300w, https:\/\/nyforetagarcentrum.se\/mellerstaostergotland\/wp-content\/uploads\/sites\/12\/2024\/06\/Namnlosssasdewc-150x150.png 150w, https:\/\/nyforetagarcentrum.se\/mellerstaostergotland\/wp-content\/uploads\/sites\/12\/2024\/06\/Namnlosssasdewc-768x768.png 768w\" sizes=\"(max-width: 807px) 100vw, 807px\" \/><\/figure>\n<\/div>\n<\/div>\n","protected":false},"excerpt":{"rendered":"<p>Nyfiken p\u00e5 hur vi kan hj\u00e4lpa dig att f\u00f6rverkliga din f\u00f6retagsdr\u00f6m? D\u00e5 ska du l\u00e4sa den h\u00e4r intervjun med Ako som startade f\u00f6retaget Mister Steam med hj\u00e4lp av Startup Time. Nedan ser du Ako tillsammans med Startup Times Azad Suleimani.<\/p>\n","protected":false},"author":1,"featured_media":0,"parent":0,"menu_order":0,"comment_status":"closed","ping_status":"closed","template":"","meta":{"footnotes":""},"acf":[],"yoast_head":"<!-- This site is optimized with the Yoast SEO plugin v22.9 - https:\/\/yoast.com\/wordpress\/plugins\/seo\/ -->\n<title>F\u00f6r deltagare - Mellersta \u00d6sterg\u00f6tland<\/title>\n<meta name=\"description\" content=\"Startup Time \u00e4r f\u00f6r dig med utl\u00e4ndsk bakgrund som vill starta f\u00f6retag! Kom och diskutera din aff\u00e4rsid\u00e9 med v\u00e5ra flerspr\u00e5kiga r\u00e5dgivare\" \/>\n<meta name=\"robots\" content=\"index, follow, max-snippet:-1, max-image-preview:large, max-video-preview:-1\" \/>\n<link rel=\"canonical\" href=\"https:\/\/nyforetagarcentrum.se\/mellerstaostergotland\/for-deltagare\/\" \/>\n<meta property=\"og:locale\" content=\"sv_SE\" \/>\n<meta property=\"og:type\" content=\"article\" \/>\n<meta property=\"og:title\" content=\"F\u00f6r deltagare - Mellersta \u00d6sterg\u00f6tland\" \/>\n<meta property=\"og:description\" content=\"Startup Time \u00e4r f\u00f6r dig med utl\u00e4ndsk bakgrund som vill starta f\u00f6retag! Kom och diskutera din aff\u00e4rsid\u00e9 med v\u00e5ra flerspr\u00e5kiga r\u00e5dgivare\" \/>\n<meta property=\"og:url\" content=\"https:\/\/nyforetagarcentrum.se\/mellerstaostergotland\/for-deltagare\/\" \/>\n<meta property=\"og:site_name\" content=\"Mellersta \u00d6sterg\u00f6tland\" \/>\n<meta property=\"article:modified_time\" content=\"2026-02-18T13:37:26+00:00\" \/>\n<meta property=\"og:image\" content=\"https:\/\/nyforetagarcentrum.se\/mellerstaostergotland\/wp-content\/uploads\/sites\/12\/2024\/06\/dqdqd.png\" \/>\n<meta name=\"twitter:card\" content=\"summary_large_image\" \/>\n<meta name=\"twitter:label1\" content=\"Ber\u00e4knad l\u00e4stid\" \/>\n\t<meta name=\"twitter:data1\" content=\"1 minut\" \/>\n<script type=\"application\/ld+json\" class=\"yoast-schema-graph\">{\"@context\":\"https:\/\/schema.org\",\"@graph\":[{\"@type\":\"WebPage\",\"@id\":\"https:\/\/nyforetagarcentrum.se\/mellerstaostergotland\/for-deltagare\/\",\"url\":\"https:\/\/nyforetagarcentrum.se\/mellerstaostergotland\/for-deltagare\/\",\"name\":\"F\u00f6r deltagare - Mellersta \u00d6sterg\u00f6tland\",\"isPartOf\":{\"@id\":\"https:\/\/nyforetagarcentrum.se\/mellerstaostergotland\/#website\"},\"primaryImageOfPage\":{\"@id\":\"https:\/\/nyforetagarcentrum.se\/mellerstaostergotland\/for-deltagare\/#primaryimage\"},\"image\":{\"@id\":\"https:\/\/nyforetagarcentrum.se\/mellerstaostergotland\/for-deltagare\/#primaryimage\"},\"thumbnailUrl\":\"https:\/\/nyforetagarcentrum.se\/mellerstaostergotland\/wp-content\/uploads\/sites\/12\/2024\/06\/dqdqd.png\",\"datePublished\":\"2024-05-27T12:51:13+00:00\",\"dateModified\":\"2026-02-18T13:37:26+00:00\",\"description\":\"Startup Time \u00e4r f\u00f6r dig med utl\u00e4ndsk bakgrund som vill starta f\u00f6retag! Kom och diskutera din aff\u00e4rsid\u00e9 med v\u00e5ra flerspr\u00e5kiga r\u00e5dgivare\",\"breadcrumb\":{\"@id\":\"https:\/\/nyforetagarcentrum.se\/mellerstaostergotland\/for-deltagare\/#breadcrumb\"},\"inLanguage\":\"sv-SE\",\"potentialAction\":[{\"@type\":\"ReadAction\",\"target\":[\"https:\/\/nyforetagarcentrum.se\/mellerstaostergotland\/for-deltagare\/\"]}]},{\"@type\":\"ImageObject\",\"inLanguage\":\"sv-SE\",\"@id\":\"https:\/\/nyforetagarcentrum.se\/mellerstaostergotland\/for-deltagare\/#primaryimage\",\"url\":\"https:\/\/nyforetagarcentrum.se\/mellerstaostergotland\/wp-content\/uploads\/sites\/12\/2024\/06\/dqdqd.png\",\"contentUrl\":\"https:\/\/nyforetagarcentrum.se\/mellerstaostergotland\/wp-content\/uploads\/sites\/12\/2024\/06\/dqdqd.png\",\"width\":796,\"height\":800,\"caption\":\"Startup Time\"},{\"@type\":\"BreadcrumbList\",\"@id\":\"https:\/\/nyforetagarcentrum.se\/mellerstaostergotland\/for-deltagare\/#breadcrumb\",\"itemListElement\":[{\"@type\":\"ListItem\",\"position\":1,\"name\":\"Hem\",\"item\":\"https:\/\/nyforetagarcentrum.se\/mellerstaostergotland\/\"},{\"@type\":\"ListItem\",\"position\":2,\"name\":\"F\u00f6r deltagare\"}]},{\"@type\":\"WebSite\",\"@id\":\"https:\/\/nyforetagarcentrum.se\/mellerstaostergotland\/#website\",\"url\":\"https:\/\/nyforetagarcentrum.se\/mellerstaostergotland\/\",\"name\":\"Mellersta \u00d6sterg\u00f6tland\",\"description\":\"Sveriges ledande kraft f\u00f6r fler nya livskraftiga f\u00f6retag\",\"publisher\":{\"@id\":\"https:\/\/nyforetagarcentrum.se\/mellerstaostergotland\/#organization\"},\"potentialAction\":[{\"@type\":\"SearchAction\",\"target\":{\"@type\":\"EntryPoint\",\"urlTemplate\":\"https:\/\/nyforetagarcentrum.se\/mellerstaostergotland\/?s={search_term_string}\"},\"query-input\":\"required name=search_term_string\"}],\"inLanguage\":\"sv-SE\"},{\"@type\":\"Organization\",\"@id\":\"https:\/\/nyforetagarcentrum.se\/mellerstaostergotland\/#organization\",\"name\":\"Mellersta \u00d6sterg\u00f6tland\",\"url\":\"https:\/\/nyforetagarcentrum.se\/mellerstaostergotland\/\",\"logo\":{\"@type\":\"ImageObject\",\"inLanguage\":\"sv-SE\",\"@id\":\"https:\/\/nyforetagarcentrum.se\/mellerstaostergotland\/#\/schema\/logo\/image\/\",\"url\":\"https:\/\/nyforetagarcentrum.se\/mellerstaostergotland\/wp-content\/uploads\/sites\/12\/2026\/04\/mellerstaostergotland_bla.png\",\"contentUrl\":\"https:\/\/nyforetagarcentrum.se\/mellerstaostergotland\/wp-content\/uploads\/sites\/12\/2026\/04\/mellerstaostergotland_bla.png\",\"width\":870,\"height\":355,\"caption\":\"Mellersta \u00d6sterg\u00f6tland\"},\"image\":{\"@id\":\"https:\/\/nyforetagarcentrum.se\/mellerstaostergotland\/#\/schema\/logo\/image\/\"}}]}<\/script>\n<!-- \/ Yoast SEO plugin. -->","yoast_head_json":{"title":"F\u00f6r deltagare - Mellersta \u00d6sterg\u00f6tland","description":"Startup Time \u00e4r f\u00f6r dig med utl\u00e4ndsk bakgrund som vill starta f\u00f6retag! Kom och diskutera din aff\u00e4rsid\u00e9 med v\u00e5ra flerspr\u00e5kiga r\u00e5dgivare","robots":{"index":"index","follow":"follow","max-snippet":"max-snippet:-1","max-image-preview":"max-image-preview:large","max-video-preview":"max-video-preview:-1"},"canonical":"https:\/\/nyforetagarcentrum.se\/mellerstaostergotland\/for-deltagare\/","og_locale":"sv_SE","og_type":"article","og_title":"F\u00f6r deltagare - Mellersta \u00d6sterg\u00f6tland","og_description":"Startup Time \u00e4r f\u00f6r dig med utl\u00e4ndsk bakgrund som vill starta f\u00f6retag! Kom och diskutera din aff\u00e4rsid\u00e9 med v\u00e5ra flerspr\u00e5kiga r\u00e5dgivare","og_url":"https:\/\/nyforetagarcentrum.se\/mellerstaostergotland\/for-deltagare\/","og_site_name":"Mellersta \u00d6sterg\u00f6tland","article_modified_time":"2026-02-18T13:37:26+00:00","og_image":[{"url":"https:\/\/nyforetagarcentrum.se\/mellerstaostergotland\/wp-content\/uploads\/sites\/12\/2024\/06\/dqdqd.png"}],"twitter_card":"summary_large_image","twitter_misc":{"Ber\u00e4knad l\u00e4stid":"1 minut"},"schema":{"@context":"https:\/\/schema.org","@graph":[{"@type":"WebPage","@id":"https:\/\/nyforetagarcentrum.se\/mellerstaostergotland\/for-deltagare\/","url":"https:\/\/nyforetagarcentrum.se\/mellerstaostergotland\/for-deltagare\/","name":"F\u00f6r deltagare - Mellersta \u00d6sterg\u00f6tland","isPartOf":{"@id":"https:\/\/nyforetagarcentrum.se\/mellerstaostergotland\/#website"},"primaryImageOfPage":{"@id":"https:\/\/nyforetagarcentrum.se\/mellerstaostergotland\/for-deltagare\/#primaryimage"},"image":{"@id":"https:\/\/nyforetagarcentrum.se\/mellerstaostergotland\/for-deltagare\/#primaryimage"},"thumbnailUrl":"https:\/\/nyforetagarcentrum.se\/mellerstaostergotland\/wp-content\/uploads\/sites\/12\/2024\/06\/dqdqd.png","datePublished":"2024-05-27T12:51:13+00:00","dateModified":"2026-02-18T13:37:26+00:00","description":"Startup Time \u00e4r f\u00f6r dig med utl\u00e4ndsk bakgrund som vill starta f\u00f6retag! Kom och diskutera din aff\u00e4rsid\u00e9 med v\u00e5ra flerspr\u00e5kiga r\u00e5dgivare","breadcrumb":{"@id":"https:\/\/nyforetagarcentrum.se\/mellerstaostergotland\/for-deltagare\/#breadcrumb"},"inLanguage":"sv-SE","potentialAction":[{"@type":"ReadAction","target":["https:\/\/nyforetagarcentrum.se\/mellerstaostergotland\/for-deltagare\/"]}]},{"@type":"ImageObject","inLanguage":"sv-SE","@id":"https:\/\/nyforetagarcentrum.se\/mellerstaostergotland\/for-deltagare\/#primaryimage","url":"https:\/\/nyforetagarcentrum.se\/mellerstaostergotland\/wp-content\/uploads\/sites\/12\/2024\/06\/dqdqd.png","contentUrl":"https:\/\/nyforetagarcentrum.se\/mellerstaostergotland\/wp-content\/uploads\/sites\/12\/2024\/06\/dqdqd.png","width":796,"height":800,"caption":"Startup Time"},{"@type":"BreadcrumbList","@id":"https:\/\/nyforetagarcentrum.se\/mellerstaostergotland\/for-deltagare\/#breadcrumb","itemListElement":[{"@type":"ListItem","position":1,"name":"Hem","item":"https:\/\/nyforetagarcentrum.se\/mellerstaostergotland\/"},{"@type":"ListItem","position":2,"name":"F\u00f6r deltagare"}]},{"@type":"WebSite","@id":"https:\/\/nyforetagarcentrum.se\/mellerstaostergotland\/#website","url":"https:\/\/nyforetagarcentrum.se\/mellerstaostergotland\/","name":"Mellersta \u00d6sterg\u00f6tland","description":"Sveriges ledande kraft f\u00f6r fler nya livskraftiga f\u00f6retag","publisher":{"@id":"https:\/\/nyforetagarcentrum.se\/mellerstaostergotland\/#organization"},"potentialAction":[{"@type":"SearchAction","target":{"@type":"EntryPoint","urlTemplate":"https:\/\/nyforetagarcentrum.se\/mellerstaostergotland\/?s={search_term_string}"},"query-input":"required name=search_term_string"}],"inLanguage":"sv-SE"},{"@type":"Organization","@id":"https:\/\/nyforetagarcentrum.se\/mellerstaostergotland\/#organization","name":"Mellersta \u00d6sterg\u00f6tland","url":"https:\/\/nyforetagarcentrum.se\/mellerstaostergotland\/","logo":{"@type":"ImageObject","inLanguage":"sv-SE","@id":"https:\/\/nyforetagarcentrum.se\/mellerstaostergotland\/#\/schema\/logo\/image\/","url":"https:\/\/nyforetagarcentrum.se\/mellerstaostergotland\/wp-content\/uploads\/sites\/12\/2026\/04\/mellerstaostergotland_bla.png","contentUrl":"https:\/\/nyforetagarcentrum.se\/mellerstaostergotland\/wp-content\/uploads\/sites\/12\/2026\/04\/mellerstaostergotland_bla.png","width":870,"height":355,"caption":"Mellersta \u00d6sterg\u00f6tland"},"image":{"@id":"https:\/\/nyforetagarcentrum.se\/mellerstaostergotland\/#\/schema\/logo\/image\/"}}]}},"_links":{"self":[{"href":"https:\/\/nyforetagarcentrum.se\/mellerstaostergotland\/wp-json\/wp\/v2\/pages\/1636"}],"collection":[{"href":"https:\/\/nyforetagarcentrum.se\/mellerstaostergotland\/wp-json\/wp\/v2\/pages"}],"about":[{"href":"https:\/\/nyforetagarcentrum.se\/mellerstaostergotland\/wp-json\/wp\/v2\/types\/page"}],"author":[{"embeddable":true,"href":"https:\/\/nyforetagarcentrum.se\/mellerstaostergotland\/wp-json\/wp\/v2\/users\/1"}],"replies":[{"embeddable":true,"href":"https:\/\/nyforetagarcentrum.se\/mellerstaostergotland\/wp-json\/wp\/v2\/comments?post=1636"}],"version-history":[{"count":161,"href":"https:\/\/nyforetagarcentrum.se\/mellerstaostergotland\/wp-json\/wp\/v2\/pages\/1636\/revisions"}],"predecessor-version":[{"id":5754,"href":"https:\/\/nyforetagarcentrum.se\/mellerstaostergotland\/wp-json\/wp\/v2\/pages\/1636\/revisions\/5754"}],"wp:attachment":[{"href":"https:\/\/nyforetagarcentrum.se\/mellerstaostergotland\/wp-json\/wp\/v2\/media?parent=1636"}],"curies":[{"name":"wp","href":"https:\/\/api.w.org\/{rel}","templated":true}]}}