{"id":3471,"date":"2025-03-26T16:28:55","date_gmt":"2025-03-26T15:28:55","guid":{"rendered":"https:\/\/nyforetagarcentrum.se\/mellerstaostergotland\/?post_type=event&#038;p=3471"},"modified":"2025-04-04T11:57:09","modified_gmt":"2025-04-04T09:57:09","slug":"valkommen-pa-inspiration-och-natverkstraff-i-mjolby-med-tema-marknadsforing","status":"publish","type":"event","link":"https:\/\/nyforetagarcentrum.se\/mellerstaostergotland\/evenemang\/valkommen-pa-inspiration-och-natverkstraff-i-mjolby-med-tema-marknadsforing\/","title":{"rendered":"V\u00e4lkommen p\u00e5 inspiration- och n\u00e4tverkstr\u00e4ff i Mj\u00f6lby med tema marknadsf\u00f6ring!"},"content":{"rendered":"\n<p>Vill du bli tydligare i din marknadsf\u00f6ring? F\u00e5 praktiska tips f\u00f6r att n\u00e5 ut till r\u00e4tt kunder? Och samtidigt tr\u00e4ffa och l\u00e4ra k\u00e4nna andra f\u00f6retagare? D\u00e5 \u00e4r du varmt v\u00e4lkommen till en kostnadsfri kv\u00e4ll i Mj\u00f6lby med fokus p\u00e5 just marknadsf\u00f6ring och n\u00e4tverkande.<\/p>\n\n\n\n<p>Kajsa Granberg, nyf\u00f6retagarr\u00e5dgivare och aff\u00e4rsutvecklare p\u00e5 Nyf\u00f6retagarcentrum, tipsar p\u00e5 temat &#8221;<strong>S\u00e5 n\u00e5r du ut till dina kunder<\/strong>&#8221;. Hon delar med sig av konkreta r\u00e5d och leder \u00e4ven en kort workshop som hj\u00e4lper dig att hitta nya aff\u00e4rsm\u00f6jligheter.<\/p>\n\n\n\n<p>\ud83d\udccd&nbsp;<strong>Nyf\u00f6retagarcentrums lokal i Tingshuset, Lagmansgatan 26, Mj\u00f6lby<br><\/strong>\ud83d\udcc5&nbsp;<strong>Onsdag 23 april kl. 18.00\u2013ca 20.30<\/strong><\/p>\n\n\n\n<p>\ud83c\udf74Vi bjuder p\u00e5 sm\u00f6rg\u00e5sfika och n\u00e4tverkande med andra f\u00f6retagare! V\u00e4lkommen!<\/p>\n\n\n\n<figure class=\"wp-block-image size-large\"><img loading=\"lazy\" decoding=\"async\" width=\"1024\" height=\"576\" src=\"https:\/\/nyforetagarcentrum.se\/mellerstaostergotland\/wp-content\/uploads\/sites\/12\/2025\/03\/Inspirationstraff-Mjolby-1024x576.png\" alt=\"\" class=\"wp-image-3472\" srcset=\"https:\/\/nyforetagarcentrum.se\/mellerstaostergotland\/wp-content\/uploads\/sites\/12\/2025\/03\/Inspirationstraff-Mjolby-1024x576.png 1024w, https:\/\/nyforetagarcentrum.se\/mellerstaostergotland\/wp-content\/uploads\/sites\/12\/2025\/03\/Inspirationstraff-Mjolby-300x169.png 300w, https:\/\/nyforetagarcentrum.se\/mellerstaostergotland\/wp-content\/uploads\/sites\/12\/2025\/03\/Inspirationstraff-Mjolby-768x432.png 768w, https:\/\/nyforetagarcentrum.se\/mellerstaostergotland\/wp-content\/uploads\/sites\/12\/2025\/03\/Inspirationstraff-Mjolby-1536x864.png 1536w, https:\/\/nyforetagarcentrum.se\/mellerstaostergotland\/wp-content\/uploads\/sites\/12\/2025\/03\/Inspirationstraff-Mjolby.png 1920w\" sizes=\"(max-width: 1024px) 100vw, 1024px\" \/><\/figure>\n","protected":false},"template":"","meta":{"footnotes":""},"acf":[],"yoast_head":"<!-- This site is optimized with the Yoast SEO plugin v22.9 - https:\/\/yoast.com\/wordpress\/plugins\/seo\/ -->\n<title>Evenemang f\u00f6r blivande f\u00f6retagare i Mellersta \u00d6sterg\u00f6tland | Nyf\u00f6retagarcentrum<\/title>\n<meta name=\"description\" content=\"Nyf\u00f6retagarcentrum i Mellersta \u00d6sterg\u00f6tland arrangerar inspirerande evenemang och utbildningar f\u00f6r dig som vill starta eget f\u00f6retag.\" \/>\n<meta name=\"robots\" content=\"index, follow, max-snippet:-1, max-image-preview:large, max-video-preview:-1\" \/>\n<link rel=\"canonical\" href=\"https:\/\/nyforetagarcentrum.se\/mellerstaostergotland\/evenemang\/valkommen-pa-inspiration-och-natverkstraff-i-mjolby-med-tema-marknadsforing\/\" \/>\n<meta property=\"og:locale\" content=\"sv_SE\" \/>\n<meta property=\"og:type\" content=\"article\" \/>\n<meta property=\"og:title\" content=\"Evenemang f\u00f6r blivande f\u00f6retagare i Mellersta \u00d6sterg\u00f6tland | Nyf\u00f6retagarcentrum\" \/>\n<meta property=\"og:description\" content=\"Nyf\u00f6retagarcentrum i Mellersta \u00d6sterg\u00f6tland arrangerar inspirerande evenemang och utbildningar f\u00f6r dig som vill starta eget f\u00f6retag.\" \/>\n<meta property=\"og:url\" content=\"https:\/\/nyforetagarcentrum.se\/mellerstaostergotland\/evenemang\/valkommen-pa-inspiration-och-natverkstraff-i-mjolby-med-tema-marknadsforing\/\" \/>\n<meta property=\"og:site_name\" content=\"Mellersta \u00d6sterg\u00f6tland\" \/>\n<meta property=\"article:modified_time\" content=\"2025-04-04T09:57:09+00:00\" \/>\n<meta property=\"og:image\" content=\"https:\/\/nyforetagarcentrum.se\/mellerstaostergotland\/wp-content\/uploads\/sites\/12\/2025\/03\/Inspirationstraff-Mjolby-1024x576.png\" \/>\n<meta name=\"twitter:card\" content=\"summary_large_image\" \/>\n<meta name=\"twitter:label1\" content=\"Ber\u00e4knad l\u00e4stid\" \/>\n\t<meta name=\"twitter:data1\" content=\"1 minut\" \/>\n<script type=\"application\/ld+json\" class=\"yoast-schema-graph\">{\"@context\":\"https:\/\/schema.org\",\"@graph\":[{\"@type\":\"WebPage\",\"@id\":\"https:\/\/nyforetagarcentrum.se\/mellerstaostergotland\/evenemang\/valkommen-pa-inspiration-och-natverkstraff-i-mjolby-med-tema-marknadsforing\/\",\"url\":\"https:\/\/nyforetagarcentrum.se\/mellerstaostergotland\/evenemang\/valkommen-pa-inspiration-och-natverkstraff-i-mjolby-med-tema-marknadsforing\/\",\"name\":\"Evenemang f\u00f6r blivande f\u00f6retagare i Mellersta \u00d6sterg\u00f6tland | Nyf\u00f6retagarcentrum\",\"isPartOf\":{\"@id\":\"https:\/\/nyforetagarcentrum.se\/mellerstaostergotland\/#website\"},\"primaryImageOfPage\":{\"@id\":\"https:\/\/nyforetagarcentrum.se\/mellerstaostergotland\/evenemang\/valkommen-pa-inspiration-och-natverkstraff-i-mjolby-med-tema-marknadsforing\/#primaryimage\"},\"image\":{\"@id\":\"https:\/\/nyforetagarcentrum.se\/mellerstaostergotland\/evenemang\/valkommen-pa-inspiration-och-natverkstraff-i-mjolby-med-tema-marknadsforing\/#primaryimage\"},\"thumbnailUrl\":\"https:\/\/nyforetagarcentrum.se\/mellerstaostergotland\/wp-content\/uploads\/sites\/12\/2025\/03\/Inspirationstraff-Mjolby-1024x576.png\",\"datePublished\":\"2025-03-26T15:28:55+00:00\",\"dateModified\":\"2025-04-04T09:57:09+00:00\",\"description\":\"Nyf\u00f6retagarcentrum i Mellersta \u00d6sterg\u00f6tland arrangerar inspirerande evenemang och utbildningar f\u00f6r dig som vill starta eget f\u00f6retag.\",\"breadcrumb\":{\"@id\":\"https:\/\/nyforetagarcentrum.se\/mellerstaostergotland\/evenemang\/valkommen-pa-inspiration-och-natverkstraff-i-mjolby-med-tema-marknadsforing\/#breadcrumb\"},\"inLanguage\":\"sv-SE\",\"potentialAction\":[{\"@type\":\"ReadAction\",\"target\":[\"https:\/\/nyforetagarcentrum.se\/mellerstaostergotland\/evenemang\/valkommen-pa-inspiration-och-natverkstraff-i-mjolby-med-tema-marknadsforing\/\"]}]},{\"@type\":\"ImageObject\",\"inLanguage\":\"sv-SE\",\"@id\":\"https:\/\/nyforetagarcentrum.se\/mellerstaostergotland\/evenemang\/valkommen-pa-inspiration-och-natverkstraff-i-mjolby-med-tema-marknadsforing\/#primaryimage\",\"url\":\"https:\/\/nyforetagarcentrum.se\/mellerstaostergotland\/wp-content\/uploads\/sites\/12\/2025\/03\/Inspirationstraff-Mjolby.png\",\"contentUrl\":\"https:\/\/nyforetagarcentrum.se\/mellerstaostergotland\/wp-content\/uploads\/sites\/12\/2025\/03\/Inspirationstraff-Mjolby.png\",\"width\":1920,\"height\":1080},{\"@type\":\"BreadcrumbList\",\"@id\":\"https:\/\/nyforetagarcentrum.se\/mellerstaostergotland\/evenemang\/valkommen-pa-inspiration-och-natverkstraff-i-mjolby-med-tema-marknadsforing\/#breadcrumb\",\"itemListElement\":[{\"@type\":\"ListItem\",\"position\":1,\"name\":\"Hem\",\"item\":\"https:\/\/nyforetagarcentrum.se\/mellerstaostergotland\/\"},{\"@type\":\"ListItem\",\"position\":2,\"name\":\"Evenemang\",\"item\":\"https:\/\/nyforetagarcentrum.se\/mellerstaostergotland\/evenemang\/\"},{\"@type\":\"ListItem\",\"position\":3,\"name\":\"V\u00e4lkommen p\u00e5 inspiration- och n\u00e4tverkstr\u00e4ff i Mj\u00f6lby med tema marknadsf\u00f6ring!\"}]},{\"@type\":\"WebSite\",\"@id\":\"https:\/\/nyforetagarcentrum.se\/mellerstaostergotland\/#website\",\"url\":\"https:\/\/nyforetagarcentrum.se\/mellerstaostergotland\/\",\"name\":\"Mellersta \u00d6sterg\u00f6tland\",\"description\":\"Sveriges ledande kraft f\u00f6r fler nya livskraftiga f\u00f6retag\",\"publisher\":{\"@id\":\"https:\/\/nyforetagarcentrum.se\/mellerstaostergotland\/#organization\"},\"potentialAction\":[{\"@type\":\"SearchAction\",\"target\":{\"@type\":\"EntryPoint\",\"urlTemplate\":\"https:\/\/nyforetagarcentrum.se\/mellerstaostergotland\/?s={search_term_string}\"},\"query-input\":\"required name=search_term_string\"}],\"inLanguage\":\"sv-SE\"},{\"@type\":\"Organization\",\"@id\":\"https:\/\/nyforetagarcentrum.se\/mellerstaostergotland\/#organization\",\"name\":\"Mellersta \u00d6sterg\u00f6tland\",\"url\":\"https:\/\/nyforetagarcentrum.se\/mellerstaostergotland\/\",\"logo\":{\"@type\":\"ImageObject\",\"inLanguage\":\"sv-SE\",\"@id\":\"https:\/\/nyforetagarcentrum.se\/mellerstaostergotland\/#\/schema\/logo\/image\/\",\"url\":\"https:\/\/nyforetagarcentrum.se\/mellerstaostergotland\/wp-content\/uploads\/sites\/12\/2026\/04\/mellerstaostergotland_bla.png\",\"contentUrl\":\"https:\/\/nyforetagarcentrum.se\/mellerstaostergotland\/wp-content\/uploads\/sites\/12\/2026\/04\/mellerstaostergotland_bla.png\",\"width\":870,\"height\":355,\"caption\":\"Mellersta \u00d6sterg\u00f6tland\"},\"image\":{\"@id\":\"https:\/\/nyforetagarcentrum.se\/mellerstaostergotland\/#\/schema\/logo\/image\/\"}}]}<\/script>\n<!-- \/ Yoast SEO plugin. -->","yoast_head_json":{"title":"Evenemang f\u00f6r blivande f\u00f6retagare i Mellersta \u00d6sterg\u00f6tland | Nyf\u00f6retagarcentrum","description":"Nyf\u00f6retagarcentrum i Mellersta \u00d6sterg\u00f6tland arrangerar inspirerande evenemang och utbildningar f\u00f6r dig som vill starta eget f\u00f6retag.","robots":{"index":"index","follow":"follow","max-snippet":"max-snippet:-1","max-image-preview":"max-image-preview:large","max-video-preview":"max-video-preview:-1"},"canonical":"https:\/\/nyforetagarcentrum.se\/mellerstaostergotland\/evenemang\/valkommen-pa-inspiration-och-natverkstraff-i-mjolby-med-tema-marknadsforing\/","og_locale":"sv_SE","og_type":"article","og_title":"Evenemang f\u00f6r blivande f\u00f6retagare i Mellersta \u00d6sterg\u00f6tland | Nyf\u00f6retagarcentrum","og_description":"Nyf\u00f6retagarcentrum i Mellersta \u00d6sterg\u00f6tland arrangerar inspirerande evenemang och utbildningar f\u00f6r dig som vill starta eget f\u00f6retag.","og_url":"https:\/\/nyforetagarcentrum.se\/mellerstaostergotland\/evenemang\/valkommen-pa-inspiration-och-natverkstraff-i-mjolby-med-tema-marknadsforing\/","og_site_name":"Mellersta \u00d6sterg\u00f6tland","article_modified_time":"2025-04-04T09:57:09+00:00","og_image":[{"url":"https:\/\/nyforetagarcentrum.se\/mellerstaostergotland\/wp-content\/uploads\/sites\/12\/2025\/03\/Inspirationstraff-Mjolby-1024x576.png"}],"twitter_card":"summary_large_image","twitter_misc":{"Ber\u00e4knad l\u00e4stid":"1 minut"},"schema":{"@context":"https:\/\/schema.org","@graph":[{"@type":"WebPage","@id":"https:\/\/nyforetagarcentrum.se\/mellerstaostergotland\/evenemang\/valkommen-pa-inspiration-och-natverkstraff-i-mjolby-med-tema-marknadsforing\/","url":"https:\/\/nyforetagarcentrum.se\/mellerstaostergotland\/evenemang\/valkommen-pa-inspiration-och-natverkstraff-i-mjolby-med-tema-marknadsforing\/","name":"Evenemang f\u00f6r blivande f\u00f6retagare i Mellersta \u00d6sterg\u00f6tland | Nyf\u00f6retagarcentrum","isPartOf":{"@id":"https:\/\/nyforetagarcentrum.se\/mellerstaostergotland\/#website"},"primaryImageOfPage":{"@id":"https:\/\/nyforetagarcentrum.se\/mellerstaostergotland\/evenemang\/valkommen-pa-inspiration-och-natverkstraff-i-mjolby-med-tema-marknadsforing\/#primaryimage"},"image":{"@id":"https:\/\/nyforetagarcentrum.se\/mellerstaostergotland\/evenemang\/valkommen-pa-inspiration-och-natverkstraff-i-mjolby-med-tema-marknadsforing\/#primaryimage"},"thumbnailUrl":"https:\/\/nyforetagarcentrum.se\/mellerstaostergotland\/wp-content\/uploads\/sites\/12\/2025\/03\/Inspirationstraff-Mjolby-1024x576.png","datePublished":"2025-03-26T15:28:55+00:00","dateModified":"2025-04-04T09:57:09+00:00","description":"Nyf\u00f6retagarcentrum i Mellersta \u00d6sterg\u00f6tland arrangerar inspirerande evenemang och utbildningar f\u00f6r dig som vill starta eget f\u00f6retag.","breadcrumb":{"@id":"https:\/\/nyforetagarcentrum.se\/mellerstaostergotland\/evenemang\/valkommen-pa-inspiration-och-natverkstraff-i-mjolby-med-tema-marknadsforing\/#breadcrumb"},"inLanguage":"sv-SE","potentialAction":[{"@type":"ReadAction","target":["https:\/\/nyforetagarcentrum.se\/mellerstaostergotland\/evenemang\/valkommen-pa-inspiration-och-natverkstraff-i-mjolby-med-tema-marknadsforing\/"]}]},{"@type":"ImageObject","inLanguage":"sv-SE","@id":"https:\/\/nyforetagarcentrum.se\/mellerstaostergotland\/evenemang\/valkommen-pa-inspiration-och-natverkstraff-i-mjolby-med-tema-marknadsforing\/#primaryimage","url":"https:\/\/nyforetagarcentrum.se\/mellerstaostergotland\/wp-content\/uploads\/sites\/12\/2025\/03\/Inspirationstraff-Mjolby.png","contentUrl":"https:\/\/nyforetagarcentrum.se\/mellerstaostergotland\/wp-content\/uploads\/sites\/12\/2025\/03\/Inspirationstraff-Mjolby.png","width":1920,"height":1080},{"@type":"BreadcrumbList","@id":"https:\/\/nyforetagarcentrum.se\/mellerstaostergotland\/evenemang\/valkommen-pa-inspiration-och-natverkstraff-i-mjolby-med-tema-marknadsforing\/#breadcrumb","itemListElement":[{"@type":"ListItem","position":1,"name":"Hem","item":"https:\/\/nyforetagarcentrum.se\/mellerstaostergotland\/"},{"@type":"ListItem","position":2,"name":"Evenemang","item":"https:\/\/nyforetagarcentrum.se\/mellerstaostergotland\/evenemang\/"},{"@type":"ListItem","position":3,"name":"V\u00e4lkommen p\u00e5 inspiration- och n\u00e4tverkstr\u00e4ff i Mj\u00f6lby med tema marknadsf\u00f6ring!"}]},{"@type":"WebSite","@id":"https:\/\/nyforetagarcentrum.se\/mellerstaostergotland\/#website","url":"https:\/\/nyforetagarcentrum.se\/mellerstaostergotland\/","name":"Mellersta \u00d6sterg\u00f6tland","description":"Sveriges ledande kraft f\u00f6r fler nya livskraftiga f\u00f6retag","publisher":{"@id":"https:\/\/nyforetagarcentrum.se\/mellerstaostergotland\/#organization"},"potentialAction":[{"@type":"SearchAction","target":{"@type":"EntryPoint","urlTemplate":"https:\/\/nyforetagarcentrum.se\/mellerstaostergotland\/?s={search_term_string}"},"query-input":"required name=search_term_string"}],"inLanguage":"sv-SE"},{"@type":"Organization","@id":"https:\/\/nyforetagarcentrum.se\/mellerstaostergotland\/#organization","name":"Mellersta \u00d6sterg\u00f6tland","url":"https:\/\/nyforetagarcentrum.se\/mellerstaostergotland\/","logo":{"@type":"ImageObject","inLanguage":"sv-SE","@id":"https:\/\/nyforetagarcentrum.se\/mellerstaostergotland\/#\/schema\/logo\/image\/","url":"https:\/\/nyforetagarcentrum.se\/mellerstaostergotland\/wp-content\/uploads\/sites\/12\/2026\/04\/mellerstaostergotland_bla.png","contentUrl":"https:\/\/nyforetagarcentrum.se\/mellerstaostergotland\/wp-content\/uploads\/sites\/12\/2026\/04\/mellerstaostergotland_bla.png","width":870,"height":355,"caption":"Mellersta \u00d6sterg\u00f6tland"},"image":{"@id":"https:\/\/nyforetagarcentrum.se\/mellerstaostergotland\/#\/schema\/logo\/image\/"}}]}},"_links":{"self":[{"href":"https:\/\/nyforetagarcentrum.se\/mellerstaostergotland\/wp-json\/wp\/v2\/event\/3471"}],"collection":[{"href":"https:\/\/nyforetagarcentrum.se\/mellerstaostergotland\/wp-json\/wp\/v2\/event"}],"about":[{"href":"https:\/\/nyforetagarcentrum.se\/mellerstaostergotland\/wp-json\/wp\/v2\/types\/event"}],"version-history":[{"count":4,"href":"https:\/\/nyforetagarcentrum.se\/mellerstaostergotland\/wp-json\/wp\/v2\/event\/3471\/revisions"}],"predecessor-version":[{"id":3556,"href":"https:\/\/nyforetagarcentrum.se\/mellerstaostergotland\/wp-json\/wp\/v2\/event\/3471\/revisions\/3556"}],"wp:attachment":[{"href":"https:\/\/nyforetagarcentrum.se\/mellerstaostergotland\/wp-json\/wp\/v2\/media?parent=3471"}],"curies":[{"name":"wp","href":"https:\/\/api.w.org\/{rel}","templated":true}]}}