{"id":2970,"date":"2024-12-13T10:49:28","date_gmt":"2024-12-13T09:49:28","guid":{"rendered":"https:\/\/nyforetagarcentrum.se\/mellerstaostergotland\/?post_type=event&#038;p=2970"},"modified":"2025-08-07T11:42:19","modified_gmt":"2025-08-07T09:42:19","slug":"planera-ditt-ar-ekonomiforelasning-med-aklero-ekonomi-ab-28-januari","status":"publish","type":"event","link":"https:\/\/nyforetagarcentrum.se\/mellerstaostergotland\/evenemang\/planera-ditt-ar-ekonomiforelasning-med-aklero-ekonomi-ab-28-januari\/","title":{"rendered":"Planera ditt f\u00f6retags \u00e5r &#8211; Ekonomif\u00f6rel\u00e4sning med Aklero Ekonomi AB"},"content":{"rendered":"\n<p>V\u00e5r samarbetspartner Aklero Ekonomi AB g\u00e5r igenom f\u00f6retagets \u00e5r och viktiga datum. Du l\u00e4r dig om hur du g\u00f6r ditt f\u00f6retags budget och sedan f\u00f6ljer upp den under \u00e5ret, om prelimin\u00e4rskatt och slutlig skatt samt&nbsp; hur du tar ut l\u00f6n ur f\u00f6retaget och mycket mer.&nbsp;<\/p>\n\n\n\n<p>Du kan \u00e4ven st\u00e4lla egna fr\u00e5gor till Emma Griph fr\u00e5n Aklero Ekonomi AB.&nbsp;<\/p>\n\n\n\n<p>Evenemanget \u00e4r kostnadsfritt, men avboka om du f\u00e5r f\u00f6rhinder, (det g\u00f6r du via l\u00e4nken i din bokningsbekr\u00e4ftelse mailad fr\u00e5n bokning@nyforetagarcentrum.se.)<\/p>\n\n\n\n<p><strong><strong>\ud83d\udcc5<\/strong>&nbsp;<\/strong>Onsdag 3\/9 kl 17-18,30<\/p>\n\n\n\n<p><strong><strong>\ud83d\udccd<\/strong>&nbsp;<\/strong>P\u00e5 plats p\u00e5 Dospace Alfa i Link\u00f6ping och digitalt via l\u00e4nk<\/p>\n\n\n\n<p><strong>ANM\u00c4LAN:<\/strong>&nbsp;Klicka p\u00e5 bokningsknappen nedan och skrolla ned till r\u00e4tt seminarium. Vi rekommenderar att du bokar via en dator. Du ser bokningsvyn b\u00e4st d\u00e5.<\/p>\n\n\n\n<p><strong>OBS &#8211; Du kan delta fysiskt eller digitalt. Var uppm\u00e4rksam s\u00e5 du bokar r\u00e4tt &#8211; det finns tv\u00e5 bokningsalternativ (p\u00e5 tv\u00e5 olika rader). Tydligast \u00e4r att boka via dator.<\/strong><\/p>\n\n\n\n<p><\/p>\n\n\n\n<figure class=\"wp-block-image size-large\"><img loading=\"lazy\" decoding=\"async\" width=\"819\" height=\"1024\" src=\"https:\/\/nyforetagarcentrum.se\/mellerstaostergotland\/wp-content\/uploads\/sites\/12\/2025\/08\/Kopia-av-ROR-EJ-ORGINAL-REDIGERA-EJ-5-819x1024.png\" alt=\"\" class=\"wp-image-4071\" srcset=\"https:\/\/nyforetagarcentrum.se\/mellerstaostergotland\/wp-content\/uploads\/sites\/12\/2025\/08\/Kopia-av-ROR-EJ-ORGINAL-REDIGERA-EJ-5-819x1024.png 819w, https:\/\/nyforetagarcentrum.se\/mellerstaostergotland\/wp-content\/uploads\/sites\/12\/2025\/08\/Kopia-av-ROR-EJ-ORGINAL-REDIGERA-EJ-5-240x300.png 240w, https:\/\/nyforetagarcentrum.se\/mellerstaostergotland\/wp-content\/uploads\/sites\/12\/2025\/08\/Kopia-av-ROR-EJ-ORGINAL-REDIGERA-EJ-5-768x960.png 768w, https:\/\/nyforetagarcentrum.se\/mellerstaostergotland\/wp-content\/uploads\/sites\/12\/2025\/08\/Kopia-av-ROR-EJ-ORGINAL-REDIGERA-EJ-5-864x1080.png 864w, https:\/\/nyforetagarcentrum.se\/mellerstaostergotland\/wp-content\/uploads\/sites\/12\/2025\/08\/Kopia-av-ROR-EJ-ORGINAL-REDIGERA-EJ-5.png 1080w\" sizes=\"(max-width: 819px) 100vw, 819px\" \/><\/figure>\n","protected":false},"template":"","meta":{"footnotes":""},"acf":[],"yoast_head":"<!-- This site is optimized with the Yoast SEO plugin v22.9 - https:\/\/yoast.com\/wordpress\/plugins\/seo\/ -->\n<title>Evenemang f\u00f6r blivande f\u00f6retagare i Mellersta \u00d6sterg\u00f6tland | Nyf\u00f6retagarcentrum<\/title>\n<meta name=\"description\" content=\"Nyf\u00f6retagarcentrum i Mellersta \u00d6sterg\u00f6tland arrangerar inspirerande evenemang och utbildningar f\u00f6r dig som vill starta eget f\u00f6retag\" \/>\n<meta name=\"robots\" content=\"index, follow, max-snippet:-1, max-image-preview:large, max-video-preview:-1\" \/>\n<link rel=\"canonical\" href=\"https:\/\/nyforetagarcentrum.se\/mellerstaostergotland\/evenemang\/planera-ditt-ar-ekonomiforelasning-med-aklero-ekonomi-ab-28-januari\/\" \/>\n<meta property=\"og:locale\" content=\"sv_SE\" \/>\n<meta property=\"og:type\" content=\"article\" \/>\n<meta property=\"og:title\" content=\"Evenemang f\u00f6r blivande f\u00f6retagare i Mellersta \u00d6sterg\u00f6tland | Nyf\u00f6retagarcentrum\" \/>\n<meta property=\"og:description\" content=\"Nyf\u00f6retagarcentrum i Mellersta \u00d6sterg\u00f6tland arrangerar inspirerande evenemang och utbildningar f\u00f6r dig som vill starta eget f\u00f6retag\" \/>\n<meta property=\"og:url\" content=\"https:\/\/nyforetagarcentrum.se\/mellerstaostergotland\/evenemang\/planera-ditt-ar-ekonomiforelasning-med-aklero-ekonomi-ab-28-januari\/\" \/>\n<meta property=\"og:site_name\" content=\"Mellersta \u00d6sterg\u00f6tland\" \/>\n<meta property=\"article:modified_time\" content=\"2025-08-07T09:42:19+00:00\" \/>\n<meta property=\"og:image\" content=\"https:\/\/nyforetagarcentrum.se\/mellerstaostergotland\/wp-content\/uploads\/sites\/12\/2025\/08\/Kopia-av-ROR-EJ-ORGINAL-REDIGERA-EJ-5-819x1024.png\" \/>\n<meta name=\"twitter:card\" content=\"summary_large_image\" \/>\n<meta name=\"twitter:label1\" content=\"Ber\u00e4knad l\u00e4stid\" \/>\n\t<meta name=\"twitter:data1\" content=\"1 minut\" \/>\n<script type=\"application\/ld+json\" class=\"yoast-schema-graph\">{\"@context\":\"https:\/\/schema.org\",\"@graph\":[{\"@type\":\"WebPage\",\"@id\":\"https:\/\/nyforetagarcentrum.se\/mellerstaostergotland\/evenemang\/planera-ditt-ar-ekonomiforelasning-med-aklero-ekonomi-ab-28-januari\/\",\"url\":\"https:\/\/nyforetagarcentrum.se\/mellerstaostergotland\/evenemang\/planera-ditt-ar-ekonomiforelasning-med-aklero-ekonomi-ab-28-januari\/\",\"name\":\"Evenemang f\u00f6r blivande f\u00f6retagare i Mellersta \u00d6sterg\u00f6tland | Nyf\u00f6retagarcentrum\",\"isPartOf\":{\"@id\":\"https:\/\/nyforetagarcentrum.se\/mellerstaostergotland\/#website\"},\"primaryImageOfPage\":{\"@id\":\"https:\/\/nyforetagarcentrum.se\/mellerstaostergotland\/evenemang\/planera-ditt-ar-ekonomiforelasning-med-aklero-ekonomi-ab-28-januari\/#primaryimage\"},\"image\":{\"@id\":\"https:\/\/nyforetagarcentrum.se\/mellerstaostergotland\/evenemang\/planera-ditt-ar-ekonomiforelasning-med-aklero-ekonomi-ab-28-januari\/#primaryimage\"},\"thumbnailUrl\":\"https:\/\/nyforetagarcentrum.se\/mellerstaostergotland\/wp-content\/uploads\/sites\/12\/2025\/08\/Kopia-av-ROR-EJ-ORGINAL-REDIGERA-EJ-5-819x1024.png\",\"datePublished\":\"2024-12-13T09:49:28+00:00\",\"dateModified\":\"2025-08-07T09:42:19+00:00\",\"description\":\"Nyf\u00f6retagarcentrum i Mellersta \u00d6sterg\u00f6tland arrangerar inspirerande evenemang och utbildningar f\u00f6r dig som vill starta eget f\u00f6retag\",\"breadcrumb\":{\"@id\":\"https:\/\/nyforetagarcentrum.se\/mellerstaostergotland\/evenemang\/planera-ditt-ar-ekonomiforelasning-med-aklero-ekonomi-ab-28-januari\/#breadcrumb\"},\"inLanguage\":\"sv-SE\",\"potentialAction\":[{\"@type\":\"ReadAction\",\"target\":[\"https:\/\/nyforetagarcentrum.se\/mellerstaostergotland\/evenemang\/planera-ditt-ar-ekonomiforelasning-med-aklero-ekonomi-ab-28-januari\/\"]}]},{\"@type\":\"ImageObject\",\"inLanguage\":\"sv-SE\",\"@id\":\"https:\/\/nyforetagarcentrum.se\/mellerstaostergotland\/evenemang\/planera-ditt-ar-ekonomiforelasning-med-aklero-ekonomi-ab-28-januari\/#primaryimage\",\"url\":\"https:\/\/nyforetagarcentrum.se\/mellerstaostergotland\/wp-content\/uploads\/sites\/12\/2025\/08\/Kopia-av-ROR-EJ-ORGINAL-REDIGERA-EJ-5.png\",\"contentUrl\":\"https:\/\/nyforetagarcentrum.se\/mellerstaostergotland\/wp-content\/uploads\/sites\/12\/2025\/08\/Kopia-av-ROR-EJ-ORGINAL-REDIGERA-EJ-5.png\",\"width\":1080,\"height\":1350},{\"@type\":\"BreadcrumbList\",\"@id\":\"https:\/\/nyforetagarcentrum.se\/mellerstaostergotland\/evenemang\/planera-ditt-ar-ekonomiforelasning-med-aklero-ekonomi-ab-28-januari\/#breadcrumb\",\"itemListElement\":[{\"@type\":\"ListItem\",\"position\":1,\"name\":\"Hem\",\"item\":\"https:\/\/nyforetagarcentrum.se\/mellerstaostergotland\/\"},{\"@type\":\"ListItem\",\"position\":2,\"name\":\"Evenemang\",\"item\":\"https:\/\/nyforetagarcentrum.se\/mellerstaostergotland\/evenemang\/\"},{\"@type\":\"ListItem\",\"position\":3,\"name\":\"Planera ditt f\u00f6retags \u00e5r &#8211; Ekonomif\u00f6rel\u00e4sning med Aklero Ekonomi AB\"}]},{\"@type\":\"WebSite\",\"@id\":\"https:\/\/nyforetagarcentrum.se\/mellerstaostergotland\/#website\",\"url\":\"https:\/\/nyforetagarcentrum.se\/mellerstaostergotland\/\",\"name\":\"Mellersta \u00d6sterg\u00f6tland\",\"description\":\"Sveriges ledande kraft f\u00f6r fler nya livskraftiga f\u00f6retag\",\"publisher\":{\"@id\":\"https:\/\/nyforetagarcentrum.se\/mellerstaostergotland\/#organization\"},\"potentialAction\":[{\"@type\":\"SearchAction\",\"target\":{\"@type\":\"EntryPoint\",\"urlTemplate\":\"https:\/\/nyforetagarcentrum.se\/mellerstaostergotland\/?s={search_term_string}\"},\"query-input\":\"required name=search_term_string\"}],\"inLanguage\":\"sv-SE\"},{\"@type\":\"Organization\",\"@id\":\"https:\/\/nyforetagarcentrum.se\/mellerstaostergotland\/#organization\",\"name\":\"Mellersta \u00d6sterg\u00f6tland\",\"url\":\"https:\/\/nyforetagarcentrum.se\/mellerstaostergotland\/\",\"logo\":{\"@type\":\"ImageObject\",\"inLanguage\":\"sv-SE\",\"@id\":\"https:\/\/nyforetagarcentrum.se\/mellerstaostergotland\/#\/schema\/logo\/image\/\",\"url\":\"https:\/\/nyforetagarcentrum.se\/mellerstaostergotland\/wp-content\/uploads\/sites\/12\/2026\/04\/mellerstaostergotland_bla.png\",\"contentUrl\":\"https:\/\/nyforetagarcentrum.se\/mellerstaostergotland\/wp-content\/uploads\/sites\/12\/2026\/04\/mellerstaostergotland_bla.png\",\"width\":870,\"height\":355,\"caption\":\"Mellersta \u00d6sterg\u00f6tland\"},\"image\":{\"@id\":\"https:\/\/nyforetagarcentrum.se\/mellerstaostergotland\/#\/schema\/logo\/image\/\"}}]}<\/script>\n<!-- \/ Yoast SEO plugin. -->","yoast_head_json":{"title":"Evenemang f\u00f6r blivande f\u00f6retagare i Mellersta \u00d6sterg\u00f6tland | Nyf\u00f6retagarcentrum","description":"Nyf\u00f6retagarcentrum i Mellersta \u00d6sterg\u00f6tland arrangerar inspirerande evenemang och utbildningar f\u00f6r dig som vill starta eget f\u00f6retag","robots":{"index":"index","follow":"follow","max-snippet":"max-snippet:-1","max-image-preview":"max-image-preview:large","max-video-preview":"max-video-preview:-1"},"canonical":"https:\/\/nyforetagarcentrum.se\/mellerstaostergotland\/evenemang\/planera-ditt-ar-ekonomiforelasning-med-aklero-ekonomi-ab-28-januari\/","og_locale":"sv_SE","og_type":"article","og_title":"Evenemang f\u00f6r blivande f\u00f6retagare i Mellersta \u00d6sterg\u00f6tland | Nyf\u00f6retagarcentrum","og_description":"Nyf\u00f6retagarcentrum i Mellersta \u00d6sterg\u00f6tland arrangerar inspirerande evenemang och utbildningar f\u00f6r dig som vill starta eget f\u00f6retag","og_url":"https:\/\/nyforetagarcentrum.se\/mellerstaostergotland\/evenemang\/planera-ditt-ar-ekonomiforelasning-med-aklero-ekonomi-ab-28-januari\/","og_site_name":"Mellersta \u00d6sterg\u00f6tland","article_modified_time":"2025-08-07T09:42:19+00:00","og_image":[{"url":"https:\/\/nyforetagarcentrum.se\/mellerstaostergotland\/wp-content\/uploads\/sites\/12\/2025\/08\/Kopia-av-ROR-EJ-ORGINAL-REDIGERA-EJ-5-819x1024.png"}],"twitter_card":"summary_large_image","twitter_misc":{"Ber\u00e4knad l\u00e4stid":"1 minut"},"schema":{"@context":"https:\/\/schema.org","@graph":[{"@type":"WebPage","@id":"https:\/\/nyforetagarcentrum.se\/mellerstaostergotland\/evenemang\/planera-ditt-ar-ekonomiforelasning-med-aklero-ekonomi-ab-28-januari\/","url":"https:\/\/nyforetagarcentrum.se\/mellerstaostergotland\/evenemang\/planera-ditt-ar-ekonomiforelasning-med-aklero-ekonomi-ab-28-januari\/","name":"Evenemang f\u00f6r blivande f\u00f6retagare i Mellersta \u00d6sterg\u00f6tland | Nyf\u00f6retagarcentrum","isPartOf":{"@id":"https:\/\/nyforetagarcentrum.se\/mellerstaostergotland\/#website"},"primaryImageOfPage":{"@id":"https:\/\/nyforetagarcentrum.se\/mellerstaostergotland\/evenemang\/planera-ditt-ar-ekonomiforelasning-med-aklero-ekonomi-ab-28-januari\/#primaryimage"},"image":{"@id":"https:\/\/nyforetagarcentrum.se\/mellerstaostergotland\/evenemang\/planera-ditt-ar-ekonomiforelasning-med-aklero-ekonomi-ab-28-januari\/#primaryimage"},"thumbnailUrl":"https:\/\/nyforetagarcentrum.se\/mellerstaostergotland\/wp-content\/uploads\/sites\/12\/2025\/08\/Kopia-av-ROR-EJ-ORGINAL-REDIGERA-EJ-5-819x1024.png","datePublished":"2024-12-13T09:49:28+00:00","dateModified":"2025-08-07T09:42:19+00:00","description":"Nyf\u00f6retagarcentrum i Mellersta \u00d6sterg\u00f6tland arrangerar inspirerande evenemang och utbildningar f\u00f6r dig som vill starta eget f\u00f6retag","breadcrumb":{"@id":"https:\/\/nyforetagarcentrum.se\/mellerstaostergotland\/evenemang\/planera-ditt-ar-ekonomiforelasning-med-aklero-ekonomi-ab-28-januari\/#breadcrumb"},"inLanguage":"sv-SE","potentialAction":[{"@type":"ReadAction","target":["https:\/\/nyforetagarcentrum.se\/mellerstaostergotland\/evenemang\/planera-ditt-ar-ekonomiforelasning-med-aklero-ekonomi-ab-28-januari\/"]}]},{"@type":"ImageObject","inLanguage":"sv-SE","@id":"https:\/\/nyforetagarcentrum.se\/mellerstaostergotland\/evenemang\/planera-ditt-ar-ekonomiforelasning-med-aklero-ekonomi-ab-28-januari\/#primaryimage","url":"https:\/\/nyforetagarcentrum.se\/mellerstaostergotland\/wp-content\/uploads\/sites\/12\/2025\/08\/Kopia-av-ROR-EJ-ORGINAL-REDIGERA-EJ-5.png","contentUrl":"https:\/\/nyforetagarcentrum.se\/mellerstaostergotland\/wp-content\/uploads\/sites\/12\/2025\/08\/Kopia-av-ROR-EJ-ORGINAL-REDIGERA-EJ-5.png","width":1080,"height":1350},{"@type":"BreadcrumbList","@id":"https:\/\/nyforetagarcentrum.se\/mellerstaostergotland\/evenemang\/planera-ditt-ar-ekonomiforelasning-med-aklero-ekonomi-ab-28-januari\/#breadcrumb","itemListElement":[{"@type":"ListItem","position":1,"name":"Hem","item":"https:\/\/nyforetagarcentrum.se\/mellerstaostergotland\/"},{"@type":"ListItem","position":2,"name":"Evenemang","item":"https:\/\/nyforetagarcentrum.se\/mellerstaostergotland\/evenemang\/"},{"@type":"ListItem","position":3,"name":"Planera ditt f\u00f6retags \u00e5r &#8211; Ekonomif\u00f6rel\u00e4sning med Aklero Ekonomi AB"}]},{"@type":"WebSite","@id":"https:\/\/nyforetagarcentrum.se\/mellerstaostergotland\/#website","url":"https:\/\/nyforetagarcentrum.se\/mellerstaostergotland\/","name":"Mellersta \u00d6sterg\u00f6tland","description":"Sveriges ledande kraft f\u00f6r fler nya livskraftiga f\u00f6retag","publisher":{"@id":"https:\/\/nyforetagarcentrum.se\/mellerstaostergotland\/#organization"},"potentialAction":[{"@type":"SearchAction","target":{"@type":"EntryPoint","urlTemplate":"https:\/\/nyforetagarcentrum.se\/mellerstaostergotland\/?s={search_term_string}"},"query-input":"required name=search_term_string"}],"inLanguage":"sv-SE"},{"@type":"Organization","@id":"https:\/\/nyforetagarcentrum.se\/mellerstaostergotland\/#organization","name":"Mellersta \u00d6sterg\u00f6tland","url":"https:\/\/nyforetagarcentrum.se\/mellerstaostergotland\/","logo":{"@type":"ImageObject","inLanguage":"sv-SE","@id":"https:\/\/nyforetagarcentrum.se\/mellerstaostergotland\/#\/schema\/logo\/image\/","url":"https:\/\/nyforetagarcentrum.se\/mellerstaostergotland\/wp-content\/uploads\/sites\/12\/2026\/04\/mellerstaostergotland_bla.png","contentUrl":"https:\/\/nyforetagarcentrum.se\/mellerstaostergotland\/wp-content\/uploads\/sites\/12\/2026\/04\/mellerstaostergotland_bla.png","width":870,"height":355,"caption":"Mellersta \u00d6sterg\u00f6tland"},"image":{"@id":"https:\/\/nyforetagarcentrum.se\/mellerstaostergotland\/#\/schema\/logo\/image\/"}}]}},"_links":{"self":[{"href":"https:\/\/nyforetagarcentrum.se\/mellerstaostergotland\/wp-json\/wp\/v2\/event\/2970"}],"collection":[{"href":"https:\/\/nyforetagarcentrum.se\/mellerstaostergotland\/wp-json\/wp\/v2\/event"}],"about":[{"href":"https:\/\/nyforetagarcentrum.se\/mellerstaostergotland\/wp-json\/wp\/v2\/types\/event"}],"version-history":[{"count":10,"href":"https:\/\/nyforetagarcentrum.se\/mellerstaostergotland\/wp-json\/wp\/v2\/event\/2970\/revisions"}],"predecessor-version":[{"id":5292,"href":"https:\/\/nyforetagarcentrum.se\/mellerstaostergotland\/wp-json\/wp\/v2\/event\/2970\/revisions\/5292"}],"wp:attachment":[{"href":"https:\/\/nyforetagarcentrum.se\/mellerstaostergotland\/wp-json\/wp\/v2\/media?parent=2970"}],"curies":[{"name":"wp","href":"https:\/\/api.w.org\/{rel}","templated":true}]}}