{"id":2479,"date":"2024-08-30T11:46:54","date_gmt":"2024-08-30T09:46:54","guid":{"rendered":"https:\/\/nyforetagarcentrum.se\/mellerstaostergotland\/?post_type=event&#038;p=2479"},"modified":"2024-09-24T09:12:38","modified_gmt":"2024-09-24T07:12:38","slug":"marknadsforing-med-mediakonsulterna-hos-liu-innovation","status":"publish","type":"event","link":"https:\/\/nyforetagarcentrum.se\/mellerstaostergotland\/evenemang\/marknadsforing-med-mediakonsulterna-hos-liu-innovation\/","title":{"rendered":"Marknadsf\u00f6ring med Mediakonsulterna p\u00e5 LiU"},"content":{"rendered":"\n<p>Vill du l\u00e4ra dig hur hittar dina kunder och skapar kampanjer f\u00f6r just din m\u00e5lgrupp?&nbsp;Boka d\u00e5 in tisdag 1\/10 i kalendern. D\u00e5 h\u00e5ller Kenny Johansson fr\u00e5n <a href=\"https:\/\/www.mediakonsulterna.se\/\">Mediakonsulterna<\/a> en kostnadsfri lunchf\u00f6rel\u00e4sning med sm\u00f6rg\u00e5s och workshop om just detta p\u00e5 LiU.&nbsp;Under f\u00f6rel\u00e4sningen f\u00e5r du bland annat l\u00e4ra dig:<\/p>\n\n\n\n<ul>\n<li>Om m\u00e5lgruppssegmentering och vanliga fallgropar<\/li>\n\n\n\n<li>Hur du praktiskt l\u00e4gger upp kampanjer&nbsp;<\/li>\n\n\n\n<li>Workshop: l\u00e4r dig segmentera kring din egen m\u00e5lgrupp.&nbsp;<\/li>\n<\/ul>\n\n\n\n<p>F\u00f6rel\u00e4sningen \u00e4r kostnadsfri och du kan \u00e4ven st\u00e4lla egna fr\u00e5gor under tiden.<\/p>\n\n\n\n<p><strong>N\u00c4R: <\/strong>Tisdag 1\/10 kl 12-13.30<\/p>\n\n\n\n<p><strong>VAR: Lokal L\u00f6vverket, Studenthuset, Campus Valla.<\/strong> <a href=\"https:\/\/maps.app.goo.gl\/14Hd9133PbggXnYy8\">H\u00e4r finns en karta<\/a>.<\/p>\n\n\n\n<p><strong>ANM\u00c4LAN: <\/strong><a href=\"https:\/\/jobsdata-nyforetagarcentrum.se\/ExternBooking\/Index?OfficeId=3c27aa7e-4396-e811-80d7-0050568571f4&amp;blockList=295\" target=\"_blank\" rel=\"noreferrer noopener\">Direktanm\u00e4lan till eventet<\/a><\/p>\n\n\n\n<p><strong>Lunch:<\/strong> Enklare f\u00f6rt\u00e4ring ing\u00e5r. <a href=\"https:\/\/forms.office.com\/e\/e3ZfHwJcRz\">Den best\u00e4ller du separat h\u00e4r<\/a>.<\/p>\n\n\n\n<p>Var sn\u00e4ll och avboka om du f\u00e5r f\u00f6rhinder (det g\u00f6r du via l\u00e4nken i din bokningsbekr\u00e4ftelse mailad fr\u00e5n bokning@nyforetagarcentrum.se).<\/p>\n\n\n\n<p>Har du n\u00e5gra fr\u00e5gor? Kontakta oss p\u00e5 <a href=\"mailto:mellerstaostergotland@nyforetagarcentrum.se\">mellerstaostergotland@nyforetagarcentrum.se<\/a><\/p>\n\n\n\n<p>Detta \u00e4r ett samarbete mellan Nyf\u00f6retagarcentrum Mellersta \u00d6sterg\u00f6tland, Mediakonsulterna och <a href=\"https:\/\/www.studentinnovationbyliu.se\/\">Student Innovation by LiU<\/a>. Varmt v\u00e4lkommen!&nbsp;<\/p>\n\n\n\n<figure class=\"wp-block-image size-large\"><img loading=\"lazy\" decoding=\"async\" width=\"1024\" height=\"576\" src=\"https:\/\/nyforetagarcentrum.se\/mellerstaostergotland\/wp-content\/uploads\/sites\/12\/2024\/09\/Marknadsforing-pa-LiU-1-OKT-1-1024x576.png\" alt=\"\" class=\"wp-image-2572\" srcset=\"https:\/\/nyforetagarcentrum.se\/mellerstaostergotland\/wp-content\/uploads\/sites\/12\/2024\/09\/Marknadsforing-pa-LiU-1-OKT-1-1024x576.png 1024w, https:\/\/nyforetagarcentrum.se\/mellerstaostergotland\/wp-content\/uploads\/sites\/12\/2024\/09\/Marknadsforing-pa-LiU-1-OKT-1-300x169.png 300w, https:\/\/nyforetagarcentrum.se\/mellerstaostergotland\/wp-content\/uploads\/sites\/12\/2024\/09\/Marknadsforing-pa-LiU-1-OKT-1-768x432.png 768w, https:\/\/nyforetagarcentrum.se\/mellerstaostergotland\/wp-content\/uploads\/sites\/12\/2024\/09\/Marknadsforing-pa-LiU-1-OKT-1-1536x864.png 1536w, https:\/\/nyforetagarcentrum.se\/mellerstaostergotland\/wp-content\/uploads\/sites\/12\/2024\/09\/Marknadsforing-pa-LiU-1-OKT-1.png 1920w\" sizes=\"(max-width: 1024px) 100vw, 1024px\" \/><\/figure>\n","protected":false},"template":"","meta":{"footnotes":""},"acf":[],"yoast_head":"<!-- This site is optimized with the Yoast SEO plugin v22.9 - https:\/\/yoast.com\/wordpress\/plugins\/seo\/ -->\n<title>Evenemang f\u00f6r blivande f\u00f6retagare i Mellersta \u00d6sterg\u00f6tland | Nyf\u00f6retagarcentrum<\/title>\n<meta name=\"description\" content=\"Nyf\u00f6retagarcentrum i Mellersta \u00d6sterg\u00f6tland arrangerar inspirerande evenemang och utbildningar f\u00f6r dig som vill starta eget f\u00f6retag.\" \/>\n<meta name=\"robots\" content=\"index, follow, max-snippet:-1, max-image-preview:large, max-video-preview:-1\" \/>\n<link rel=\"canonical\" href=\"https:\/\/nyforetagarcentrum.se\/mellerstaostergotland\/evenemang\/marknadsforing-med-mediakonsulterna-hos-liu-innovation\/\" \/>\n<meta property=\"og:locale\" content=\"sv_SE\" \/>\n<meta property=\"og:type\" content=\"article\" \/>\n<meta property=\"og:title\" content=\"Evenemang f\u00f6r blivande f\u00f6retagare i Mellersta \u00d6sterg\u00f6tland | Nyf\u00f6retagarcentrum\" \/>\n<meta property=\"og:description\" content=\"Nyf\u00f6retagarcentrum i Mellersta \u00d6sterg\u00f6tland arrangerar inspirerande evenemang och utbildningar f\u00f6r dig som vill starta eget f\u00f6retag.\" \/>\n<meta property=\"og:url\" content=\"https:\/\/nyforetagarcentrum.se\/mellerstaostergotland\/evenemang\/marknadsforing-med-mediakonsulterna-hos-liu-innovation\/\" \/>\n<meta property=\"og:site_name\" content=\"Mellersta \u00d6sterg\u00f6tland\" \/>\n<meta property=\"article:modified_time\" content=\"2024-09-24T07:12:38+00:00\" \/>\n<meta property=\"og:image\" content=\"https:\/\/nyforetagarcentrum.se\/mellerstaostergotland\/wp-content\/uploads\/sites\/12\/2024\/09\/Marknadsforing-pa-LiU-1-OKT-1-1024x576.png\" \/>\n<meta name=\"twitter:card\" content=\"summary_large_image\" \/>\n<meta name=\"twitter:label1\" content=\"Ber\u00e4knad l\u00e4stid\" \/>\n\t<meta name=\"twitter:data1\" content=\"1 minut\" \/>\n<script type=\"application\/ld+json\" class=\"yoast-schema-graph\">{\"@context\":\"https:\/\/schema.org\",\"@graph\":[{\"@type\":\"WebPage\",\"@id\":\"https:\/\/nyforetagarcentrum.se\/mellerstaostergotland\/evenemang\/marknadsforing-med-mediakonsulterna-hos-liu-innovation\/\",\"url\":\"https:\/\/nyforetagarcentrum.se\/mellerstaostergotland\/evenemang\/marknadsforing-med-mediakonsulterna-hos-liu-innovation\/\",\"name\":\"Evenemang f\u00f6r blivande f\u00f6retagare i Mellersta \u00d6sterg\u00f6tland | Nyf\u00f6retagarcentrum\",\"isPartOf\":{\"@id\":\"https:\/\/nyforetagarcentrum.se\/mellerstaostergotland\/#website\"},\"primaryImageOfPage\":{\"@id\":\"https:\/\/nyforetagarcentrum.se\/mellerstaostergotland\/evenemang\/marknadsforing-med-mediakonsulterna-hos-liu-innovation\/#primaryimage\"},\"image\":{\"@id\":\"https:\/\/nyforetagarcentrum.se\/mellerstaostergotland\/evenemang\/marknadsforing-med-mediakonsulterna-hos-liu-innovation\/#primaryimage\"},\"thumbnailUrl\":\"https:\/\/nyforetagarcentrum.se\/mellerstaostergotland\/wp-content\/uploads\/sites\/12\/2024\/09\/Marknadsforing-pa-LiU-1-OKT-1-1024x576.png\",\"datePublished\":\"2024-08-30T09:46:54+00:00\",\"dateModified\":\"2024-09-24T07:12:38+00:00\",\"description\":\"Nyf\u00f6retagarcentrum i Mellersta \u00d6sterg\u00f6tland arrangerar inspirerande evenemang och utbildningar f\u00f6r dig som vill starta eget f\u00f6retag.\",\"breadcrumb\":{\"@id\":\"https:\/\/nyforetagarcentrum.se\/mellerstaostergotland\/evenemang\/marknadsforing-med-mediakonsulterna-hos-liu-innovation\/#breadcrumb\"},\"inLanguage\":\"sv-SE\",\"potentialAction\":[{\"@type\":\"ReadAction\",\"target\":[\"https:\/\/nyforetagarcentrum.se\/mellerstaostergotland\/evenemang\/marknadsforing-med-mediakonsulterna-hos-liu-innovation\/\"]}]},{\"@type\":\"ImageObject\",\"inLanguage\":\"sv-SE\",\"@id\":\"https:\/\/nyforetagarcentrum.se\/mellerstaostergotland\/evenemang\/marknadsforing-med-mediakonsulterna-hos-liu-innovation\/#primaryimage\",\"url\":\"https:\/\/nyforetagarcentrum.se\/mellerstaostergotland\/wp-content\/uploads\/sites\/12\/2024\/09\/Marknadsforing-pa-LiU-1-OKT-1.png\",\"contentUrl\":\"https:\/\/nyforetagarcentrum.se\/mellerstaostergotland\/wp-content\/uploads\/sites\/12\/2024\/09\/Marknadsforing-pa-LiU-1-OKT-1.png\",\"width\":1920,\"height\":1080},{\"@type\":\"BreadcrumbList\",\"@id\":\"https:\/\/nyforetagarcentrum.se\/mellerstaostergotland\/evenemang\/marknadsforing-med-mediakonsulterna-hos-liu-innovation\/#breadcrumb\",\"itemListElement\":[{\"@type\":\"ListItem\",\"position\":1,\"name\":\"Hem\",\"item\":\"https:\/\/nyforetagarcentrum.se\/mellerstaostergotland\/\"},{\"@type\":\"ListItem\",\"position\":2,\"name\":\"Evenemang\",\"item\":\"https:\/\/nyforetagarcentrum.se\/mellerstaostergotland\/evenemang\/\"},{\"@type\":\"ListItem\",\"position\":3,\"name\":\"Marknadsf\u00f6ring med Mediakonsulterna p\u00e5 LiU\"}]},{\"@type\":\"WebSite\",\"@id\":\"https:\/\/nyforetagarcentrum.se\/mellerstaostergotland\/#website\",\"url\":\"https:\/\/nyforetagarcentrum.se\/mellerstaostergotland\/\",\"name\":\"Mellersta \u00d6sterg\u00f6tland\",\"description\":\"Sveriges ledande kraft f\u00f6r fler nya livskraftiga f\u00f6retag\",\"publisher\":{\"@id\":\"https:\/\/nyforetagarcentrum.se\/mellerstaostergotland\/#organization\"},\"potentialAction\":[{\"@type\":\"SearchAction\",\"target\":{\"@type\":\"EntryPoint\",\"urlTemplate\":\"https:\/\/nyforetagarcentrum.se\/mellerstaostergotland\/?s={search_term_string}\"},\"query-input\":\"required name=search_term_string\"}],\"inLanguage\":\"sv-SE\"},{\"@type\":\"Organization\",\"@id\":\"https:\/\/nyforetagarcentrum.se\/mellerstaostergotland\/#organization\",\"name\":\"Mellersta \u00d6sterg\u00f6tland\",\"url\":\"https:\/\/nyforetagarcentrum.se\/mellerstaostergotland\/\",\"logo\":{\"@type\":\"ImageObject\",\"inLanguage\":\"sv-SE\",\"@id\":\"https:\/\/nyforetagarcentrum.se\/mellerstaostergotland\/#\/schema\/logo\/image\/\",\"url\":\"https:\/\/nyforetagarcentrum.se\/mellerstaostergotland\/wp-content\/uploads\/sites\/12\/2026\/04\/mellerstaostergotland_bla.png\",\"contentUrl\":\"https:\/\/nyforetagarcentrum.se\/mellerstaostergotland\/wp-content\/uploads\/sites\/12\/2026\/04\/mellerstaostergotland_bla.png\",\"width\":870,\"height\":355,\"caption\":\"Mellersta \u00d6sterg\u00f6tland\"},\"image\":{\"@id\":\"https:\/\/nyforetagarcentrum.se\/mellerstaostergotland\/#\/schema\/logo\/image\/\"}}]}<\/script>\n<!-- \/ Yoast SEO plugin. -->","yoast_head_json":{"title":"Evenemang f\u00f6r blivande f\u00f6retagare i Mellersta \u00d6sterg\u00f6tland | Nyf\u00f6retagarcentrum","description":"Nyf\u00f6retagarcentrum i Mellersta \u00d6sterg\u00f6tland arrangerar inspirerande evenemang och utbildningar f\u00f6r dig som vill starta eget f\u00f6retag.","robots":{"index":"index","follow":"follow","max-snippet":"max-snippet:-1","max-image-preview":"max-image-preview:large","max-video-preview":"max-video-preview:-1"},"canonical":"https:\/\/nyforetagarcentrum.se\/mellerstaostergotland\/evenemang\/marknadsforing-med-mediakonsulterna-hos-liu-innovation\/","og_locale":"sv_SE","og_type":"article","og_title":"Evenemang f\u00f6r blivande f\u00f6retagare i Mellersta \u00d6sterg\u00f6tland | Nyf\u00f6retagarcentrum","og_description":"Nyf\u00f6retagarcentrum i Mellersta \u00d6sterg\u00f6tland arrangerar inspirerande evenemang och utbildningar f\u00f6r dig som vill starta eget f\u00f6retag.","og_url":"https:\/\/nyforetagarcentrum.se\/mellerstaostergotland\/evenemang\/marknadsforing-med-mediakonsulterna-hos-liu-innovation\/","og_site_name":"Mellersta \u00d6sterg\u00f6tland","article_modified_time":"2024-09-24T07:12:38+00:00","og_image":[{"url":"https:\/\/nyforetagarcentrum.se\/mellerstaostergotland\/wp-content\/uploads\/sites\/12\/2024\/09\/Marknadsforing-pa-LiU-1-OKT-1-1024x576.png"}],"twitter_card":"summary_large_image","twitter_misc":{"Ber\u00e4knad l\u00e4stid":"1 minut"},"schema":{"@context":"https:\/\/schema.org","@graph":[{"@type":"WebPage","@id":"https:\/\/nyforetagarcentrum.se\/mellerstaostergotland\/evenemang\/marknadsforing-med-mediakonsulterna-hos-liu-innovation\/","url":"https:\/\/nyforetagarcentrum.se\/mellerstaostergotland\/evenemang\/marknadsforing-med-mediakonsulterna-hos-liu-innovation\/","name":"Evenemang f\u00f6r blivande f\u00f6retagare i Mellersta \u00d6sterg\u00f6tland | Nyf\u00f6retagarcentrum","isPartOf":{"@id":"https:\/\/nyforetagarcentrum.se\/mellerstaostergotland\/#website"},"primaryImageOfPage":{"@id":"https:\/\/nyforetagarcentrum.se\/mellerstaostergotland\/evenemang\/marknadsforing-med-mediakonsulterna-hos-liu-innovation\/#primaryimage"},"image":{"@id":"https:\/\/nyforetagarcentrum.se\/mellerstaostergotland\/evenemang\/marknadsforing-med-mediakonsulterna-hos-liu-innovation\/#primaryimage"},"thumbnailUrl":"https:\/\/nyforetagarcentrum.se\/mellerstaostergotland\/wp-content\/uploads\/sites\/12\/2024\/09\/Marknadsforing-pa-LiU-1-OKT-1-1024x576.png","datePublished":"2024-08-30T09:46:54+00:00","dateModified":"2024-09-24T07:12:38+00:00","description":"Nyf\u00f6retagarcentrum i Mellersta \u00d6sterg\u00f6tland arrangerar inspirerande evenemang och utbildningar f\u00f6r dig som vill starta eget f\u00f6retag.","breadcrumb":{"@id":"https:\/\/nyforetagarcentrum.se\/mellerstaostergotland\/evenemang\/marknadsforing-med-mediakonsulterna-hos-liu-innovation\/#breadcrumb"},"inLanguage":"sv-SE","potentialAction":[{"@type":"ReadAction","target":["https:\/\/nyforetagarcentrum.se\/mellerstaostergotland\/evenemang\/marknadsforing-med-mediakonsulterna-hos-liu-innovation\/"]}]},{"@type":"ImageObject","inLanguage":"sv-SE","@id":"https:\/\/nyforetagarcentrum.se\/mellerstaostergotland\/evenemang\/marknadsforing-med-mediakonsulterna-hos-liu-innovation\/#primaryimage","url":"https:\/\/nyforetagarcentrum.se\/mellerstaostergotland\/wp-content\/uploads\/sites\/12\/2024\/09\/Marknadsforing-pa-LiU-1-OKT-1.png","contentUrl":"https:\/\/nyforetagarcentrum.se\/mellerstaostergotland\/wp-content\/uploads\/sites\/12\/2024\/09\/Marknadsforing-pa-LiU-1-OKT-1.png","width":1920,"height":1080},{"@type":"BreadcrumbList","@id":"https:\/\/nyforetagarcentrum.se\/mellerstaostergotland\/evenemang\/marknadsforing-med-mediakonsulterna-hos-liu-innovation\/#breadcrumb","itemListElement":[{"@type":"ListItem","position":1,"name":"Hem","item":"https:\/\/nyforetagarcentrum.se\/mellerstaostergotland\/"},{"@type":"ListItem","position":2,"name":"Evenemang","item":"https:\/\/nyforetagarcentrum.se\/mellerstaostergotland\/evenemang\/"},{"@type":"ListItem","position":3,"name":"Marknadsf\u00f6ring med Mediakonsulterna p\u00e5 LiU"}]},{"@type":"WebSite","@id":"https:\/\/nyforetagarcentrum.se\/mellerstaostergotland\/#website","url":"https:\/\/nyforetagarcentrum.se\/mellerstaostergotland\/","name":"Mellersta \u00d6sterg\u00f6tland","description":"Sveriges ledande kraft f\u00f6r fler nya livskraftiga f\u00f6retag","publisher":{"@id":"https:\/\/nyforetagarcentrum.se\/mellerstaostergotland\/#organization"},"potentialAction":[{"@type":"SearchAction","target":{"@type":"EntryPoint","urlTemplate":"https:\/\/nyforetagarcentrum.se\/mellerstaostergotland\/?s={search_term_string}"},"query-input":"required name=search_term_string"}],"inLanguage":"sv-SE"},{"@type":"Organization","@id":"https:\/\/nyforetagarcentrum.se\/mellerstaostergotland\/#organization","name":"Mellersta \u00d6sterg\u00f6tland","url":"https:\/\/nyforetagarcentrum.se\/mellerstaostergotland\/","logo":{"@type":"ImageObject","inLanguage":"sv-SE","@id":"https:\/\/nyforetagarcentrum.se\/mellerstaostergotland\/#\/schema\/logo\/image\/","url":"https:\/\/nyforetagarcentrum.se\/mellerstaostergotland\/wp-content\/uploads\/sites\/12\/2026\/04\/mellerstaostergotland_bla.png","contentUrl":"https:\/\/nyforetagarcentrum.se\/mellerstaostergotland\/wp-content\/uploads\/sites\/12\/2026\/04\/mellerstaostergotland_bla.png","width":870,"height":355,"caption":"Mellersta \u00d6sterg\u00f6tland"},"image":{"@id":"https:\/\/nyforetagarcentrum.se\/mellerstaostergotland\/#\/schema\/logo\/image\/"}}]}},"_links":{"self":[{"href":"https:\/\/nyforetagarcentrum.se\/mellerstaostergotland\/wp-json\/wp\/v2\/event\/2479"}],"collection":[{"href":"https:\/\/nyforetagarcentrum.se\/mellerstaostergotland\/wp-json\/wp\/v2\/event"}],"about":[{"href":"https:\/\/nyforetagarcentrum.se\/mellerstaostergotland\/wp-json\/wp\/v2\/types\/event"}],"version-history":[{"count":20,"href":"https:\/\/nyforetagarcentrum.se\/mellerstaostergotland\/wp-json\/wp\/v2\/event\/2479\/revisions"}],"predecessor-version":[{"id":2653,"href":"https:\/\/nyforetagarcentrum.se\/mellerstaostergotland\/wp-json\/wp\/v2\/event\/2479\/revisions\/2653"}],"wp:attachment":[{"href":"https:\/\/nyforetagarcentrum.se\/mellerstaostergotland\/wp-json\/wp\/v2\/media?parent=2479"}],"curies":[{"name":"wp","href":"https:\/\/api.w.org\/{rel}","templated":true}]}}