{"id":2293,"date":"2024-08-04T15:38:30","date_gmt":"2024-08-04T13:38:30","guid":{"rendered":"https:\/\/nyforetagarcentrum.se\/mellerstaostergotland\/?post_type=event&#038;p=2293"},"modified":"2024-08-30T11:02:29","modified_gmt":"2024-08-30T09:02:29","slug":"seminariumplanera-ditt-foretags-ar-och-folj-upp","status":"publish","type":"event","link":"https:\/\/nyforetagarcentrum.se\/mellerstaostergotland\/evenemang\/seminariumplanera-ditt-foretags-ar-och-folj-upp\/","title":{"rendered":"Seminarium Planera ditt f\u00f6retags \u00e5r &#8211; och f\u00f6lj upp!"},"content":{"rendered":"\n<p>V\u00e5r samarbetspartner <a href=\"https:\/\/aklero.se\/\">Aklero Ekonomi<\/a> g\u00e5r igenom f\u00f6retagets \u00e5r och viktiga datum. Du l\u00e4r dig om hur du g\u00f6r din budget och sedan f\u00f6ljer upp den under \u00e5ret, om prelimin\u00e4rskatt och slutlig skatt, hur du tar ut l\u00f6n ur f\u00f6retaget och mycket mera.\u00a0Under seminariet kan du ocks\u00e5 st\u00e4lla\u00a0egna fr\u00e5gor till Emma Griph p\u00e5 Aklero Ekonomi AB.<\/p>\n\n\n\n<p><strong>N\u00c4R:&nbsp;<\/strong>Onsdag 4\/9 kl 11.30-13<\/p>\n\n\n\n<p><strong>VAR:&nbsp;<\/strong>Fysiskt: Link\u00f6ping,&nbsp;Dospace&nbsp;Alfa, Industrigatan 5.<br>Digitalt: via l\u00e4nk<\/p>\n\n\n\n<figure class=\"wp-block-image size-large\"><img loading=\"lazy\" decoding=\"async\" width=\"1024\" height=\"576\" src=\"https:\/\/nyforetagarcentrum.se\/mellerstaostergotland\/wp-content\/uploads\/sites\/12\/2024\/07\/Sem-4-1024x576.png\" alt=\"Planera ditt f\u00f6retags \u00e5r - och f\u00f6lj upp!\" class=\"wp-image-2294\" srcset=\"https:\/\/nyforetagarcentrum.se\/mellerstaostergotland\/wp-content\/uploads\/sites\/12\/2024\/07\/Sem-4-1024x576.png 1024w, https:\/\/nyforetagarcentrum.se\/mellerstaostergotland\/wp-content\/uploads\/sites\/12\/2024\/07\/Sem-4-300x169.png 300w, https:\/\/nyforetagarcentrum.se\/mellerstaostergotland\/wp-content\/uploads\/sites\/12\/2024\/07\/Sem-4-768x432.png 768w, https:\/\/nyforetagarcentrum.se\/mellerstaostergotland\/wp-content\/uploads\/sites\/12\/2024\/07\/Sem-4-1536x864.png 1536w, https:\/\/nyforetagarcentrum.se\/mellerstaostergotland\/wp-content\/uploads\/sites\/12\/2024\/07\/Sem-4.png 1920w\" sizes=\"(max-width: 1024px) 100vw, 1024px\" \/><\/figure>\n\n\n\n<p>Du hittar fler seminarium och infotr\u00e4ffar i v\u00e5r\u00a0<a href=\"https:\/\/nyforetagarcentrum.se\/mellerstaostergotland\/evenemang\/\">evenemangskalender<\/a><\/p>\n","protected":false},"template":"","meta":{"footnotes":""},"acf":[],"yoast_head":"<!-- This site is optimized with the Yoast SEO plugin v22.9 - https:\/\/yoast.com\/wordpress\/plugins\/seo\/ -->\n<title>Evenemang f\u00f6r blivande f\u00f6retagare i Mellersta \u00d6sterg\u00f6tland | Nyf\u00f6retagarcentrum<\/title>\n<meta name=\"description\" content=\"Nyf\u00f6retagarcentrum i Mellersta \u00d6sterg\u00f6tland arrangerar nu seminariet Planera ditt f\u00f6retags \u00e5r - och f\u00f6lj upp! med v\u00e5r partner Aklero Ekonomi\" \/>\n<meta name=\"robots\" content=\"index, follow, max-snippet:-1, max-image-preview:large, max-video-preview:-1\" \/>\n<link rel=\"canonical\" href=\"https:\/\/nyforetagarcentrum.se\/mellerstaostergotland\/evenemang\/seminariumplanera-ditt-foretags-ar-och-folj-upp\/\" \/>\n<meta property=\"og:locale\" content=\"sv_SE\" \/>\n<meta property=\"og:type\" content=\"article\" \/>\n<meta property=\"og:title\" content=\"Evenemang f\u00f6r blivande f\u00f6retagare i Mellersta \u00d6sterg\u00f6tland | Nyf\u00f6retagarcentrum\" \/>\n<meta property=\"og:description\" content=\"Nyf\u00f6retagarcentrum i Mellersta \u00d6sterg\u00f6tland arrangerar nu seminariet Planera ditt f\u00f6retags \u00e5r - och f\u00f6lj upp! med v\u00e5r partner Aklero Ekonomi\" \/>\n<meta property=\"og:url\" content=\"https:\/\/nyforetagarcentrum.se\/mellerstaostergotland\/evenemang\/seminariumplanera-ditt-foretags-ar-och-folj-upp\/\" \/>\n<meta property=\"og:site_name\" content=\"Mellersta \u00d6sterg\u00f6tland\" \/>\n<meta property=\"article:modified_time\" content=\"2024-08-30T09:02:29+00:00\" \/>\n<meta property=\"og:image\" content=\"https:\/\/nyforetagarcentrum.se\/mellerstaostergotland\/wp-content\/uploads\/sites\/12\/2024\/07\/Sem-4-1024x576.png\" \/>\n<meta name=\"twitter:card\" content=\"summary_large_image\" \/>\n<meta name=\"twitter:label1\" content=\"Ber\u00e4knad l\u00e4stid\" \/>\n\t<meta name=\"twitter:data1\" content=\"1 minut\" \/>\n<script type=\"application\/ld+json\" class=\"yoast-schema-graph\">{\"@context\":\"https:\/\/schema.org\",\"@graph\":[{\"@type\":\"WebPage\",\"@id\":\"https:\/\/nyforetagarcentrum.se\/mellerstaostergotland\/evenemang\/seminariumplanera-ditt-foretags-ar-och-folj-upp\/\",\"url\":\"https:\/\/nyforetagarcentrum.se\/mellerstaostergotland\/evenemang\/seminariumplanera-ditt-foretags-ar-och-folj-upp\/\",\"name\":\"Evenemang f\u00f6r blivande f\u00f6retagare i Mellersta \u00d6sterg\u00f6tland | Nyf\u00f6retagarcentrum\",\"isPartOf\":{\"@id\":\"https:\/\/nyforetagarcentrum.se\/mellerstaostergotland\/#website\"},\"primaryImageOfPage\":{\"@id\":\"https:\/\/nyforetagarcentrum.se\/mellerstaostergotland\/evenemang\/seminariumplanera-ditt-foretags-ar-och-folj-upp\/#primaryimage\"},\"image\":{\"@id\":\"https:\/\/nyforetagarcentrum.se\/mellerstaostergotland\/evenemang\/seminariumplanera-ditt-foretags-ar-och-folj-upp\/#primaryimage\"},\"thumbnailUrl\":\"https:\/\/nyforetagarcentrum.se\/mellerstaostergotland\/wp-content\/uploads\/sites\/12\/2024\/07\/Sem-4-1024x576.png\",\"datePublished\":\"2024-08-04T13:38:30+00:00\",\"dateModified\":\"2024-08-30T09:02:29+00:00\",\"description\":\"Nyf\u00f6retagarcentrum i Mellersta \u00d6sterg\u00f6tland arrangerar nu seminariet Planera ditt f\u00f6retags \u00e5r - och f\u00f6lj upp! med v\u00e5r partner Aklero Ekonomi\",\"breadcrumb\":{\"@id\":\"https:\/\/nyforetagarcentrum.se\/mellerstaostergotland\/evenemang\/seminariumplanera-ditt-foretags-ar-och-folj-upp\/#breadcrumb\"},\"inLanguage\":\"sv-SE\",\"potentialAction\":[{\"@type\":\"ReadAction\",\"target\":[\"https:\/\/nyforetagarcentrum.se\/mellerstaostergotland\/evenemang\/seminariumplanera-ditt-foretags-ar-och-folj-upp\/\"]}]},{\"@type\":\"ImageObject\",\"inLanguage\":\"sv-SE\",\"@id\":\"https:\/\/nyforetagarcentrum.se\/mellerstaostergotland\/evenemang\/seminariumplanera-ditt-foretags-ar-och-folj-upp\/#primaryimage\",\"url\":\"https:\/\/nyforetagarcentrum.se\/mellerstaostergotland\/wp-content\/uploads\/sites\/12\/2024\/07\/Sem-4.png\",\"contentUrl\":\"https:\/\/nyforetagarcentrum.se\/mellerstaostergotland\/wp-content\/uploads\/sites\/12\/2024\/07\/Sem-4.png\",\"width\":1920,\"height\":1080},{\"@type\":\"BreadcrumbList\",\"@id\":\"https:\/\/nyforetagarcentrum.se\/mellerstaostergotland\/evenemang\/seminariumplanera-ditt-foretags-ar-och-folj-upp\/#breadcrumb\",\"itemListElement\":[{\"@type\":\"ListItem\",\"position\":1,\"name\":\"Hem\",\"item\":\"https:\/\/nyforetagarcentrum.se\/mellerstaostergotland\/\"},{\"@type\":\"ListItem\",\"position\":2,\"name\":\"Evenemang\",\"item\":\"https:\/\/nyforetagarcentrum.se\/mellerstaostergotland\/evenemang\/\"},{\"@type\":\"ListItem\",\"position\":3,\"name\":\"Seminarium Planera ditt f\u00f6retags \u00e5r &#8211; och f\u00f6lj upp!\"}]},{\"@type\":\"WebSite\",\"@id\":\"https:\/\/nyforetagarcentrum.se\/mellerstaostergotland\/#website\",\"url\":\"https:\/\/nyforetagarcentrum.se\/mellerstaostergotland\/\",\"name\":\"Mellersta \u00d6sterg\u00f6tland\",\"description\":\"Sveriges ledande kraft f\u00f6r fler nya livskraftiga f\u00f6retag\",\"publisher\":{\"@id\":\"https:\/\/nyforetagarcentrum.se\/mellerstaostergotland\/#organization\"},\"potentialAction\":[{\"@type\":\"SearchAction\",\"target\":{\"@type\":\"EntryPoint\",\"urlTemplate\":\"https:\/\/nyforetagarcentrum.se\/mellerstaostergotland\/?s={search_term_string}\"},\"query-input\":\"required name=search_term_string\"}],\"inLanguage\":\"sv-SE\"},{\"@type\":\"Organization\",\"@id\":\"https:\/\/nyforetagarcentrum.se\/mellerstaostergotland\/#organization\",\"name\":\"Mellersta \u00d6sterg\u00f6tland\",\"url\":\"https:\/\/nyforetagarcentrum.se\/mellerstaostergotland\/\",\"logo\":{\"@type\":\"ImageObject\",\"inLanguage\":\"sv-SE\",\"@id\":\"https:\/\/nyforetagarcentrum.se\/mellerstaostergotland\/#\/schema\/logo\/image\/\",\"url\":\"https:\/\/nyforetagarcentrum.se\/mellerstaostergotland\/wp-content\/uploads\/sites\/12\/2026\/04\/mellerstaostergotland_bla.png\",\"contentUrl\":\"https:\/\/nyforetagarcentrum.se\/mellerstaostergotland\/wp-content\/uploads\/sites\/12\/2026\/04\/mellerstaostergotland_bla.png\",\"width\":870,\"height\":355,\"caption\":\"Mellersta \u00d6sterg\u00f6tland\"},\"image\":{\"@id\":\"https:\/\/nyforetagarcentrum.se\/mellerstaostergotland\/#\/schema\/logo\/image\/\"}}]}<\/script>\n<!-- \/ Yoast SEO plugin. -->","yoast_head_json":{"title":"Evenemang f\u00f6r blivande f\u00f6retagare i Mellersta \u00d6sterg\u00f6tland | Nyf\u00f6retagarcentrum","description":"Nyf\u00f6retagarcentrum i Mellersta \u00d6sterg\u00f6tland arrangerar nu seminariet Planera ditt f\u00f6retags \u00e5r - och f\u00f6lj upp! med v\u00e5r partner Aklero Ekonomi","robots":{"index":"index","follow":"follow","max-snippet":"max-snippet:-1","max-image-preview":"max-image-preview:large","max-video-preview":"max-video-preview:-1"},"canonical":"https:\/\/nyforetagarcentrum.se\/mellerstaostergotland\/evenemang\/seminariumplanera-ditt-foretags-ar-och-folj-upp\/","og_locale":"sv_SE","og_type":"article","og_title":"Evenemang f\u00f6r blivande f\u00f6retagare i Mellersta \u00d6sterg\u00f6tland | Nyf\u00f6retagarcentrum","og_description":"Nyf\u00f6retagarcentrum i Mellersta \u00d6sterg\u00f6tland arrangerar nu seminariet Planera ditt f\u00f6retags \u00e5r - och f\u00f6lj upp! med v\u00e5r partner Aklero Ekonomi","og_url":"https:\/\/nyforetagarcentrum.se\/mellerstaostergotland\/evenemang\/seminariumplanera-ditt-foretags-ar-och-folj-upp\/","og_site_name":"Mellersta \u00d6sterg\u00f6tland","article_modified_time":"2024-08-30T09:02:29+00:00","og_image":[{"url":"https:\/\/nyforetagarcentrum.se\/mellerstaostergotland\/wp-content\/uploads\/sites\/12\/2024\/07\/Sem-4-1024x576.png"}],"twitter_card":"summary_large_image","twitter_misc":{"Ber\u00e4knad l\u00e4stid":"1 minut"},"schema":{"@context":"https:\/\/schema.org","@graph":[{"@type":"WebPage","@id":"https:\/\/nyforetagarcentrum.se\/mellerstaostergotland\/evenemang\/seminariumplanera-ditt-foretags-ar-och-folj-upp\/","url":"https:\/\/nyforetagarcentrum.se\/mellerstaostergotland\/evenemang\/seminariumplanera-ditt-foretags-ar-och-folj-upp\/","name":"Evenemang f\u00f6r blivande f\u00f6retagare i Mellersta \u00d6sterg\u00f6tland | Nyf\u00f6retagarcentrum","isPartOf":{"@id":"https:\/\/nyforetagarcentrum.se\/mellerstaostergotland\/#website"},"primaryImageOfPage":{"@id":"https:\/\/nyforetagarcentrum.se\/mellerstaostergotland\/evenemang\/seminariumplanera-ditt-foretags-ar-och-folj-upp\/#primaryimage"},"image":{"@id":"https:\/\/nyforetagarcentrum.se\/mellerstaostergotland\/evenemang\/seminariumplanera-ditt-foretags-ar-och-folj-upp\/#primaryimage"},"thumbnailUrl":"https:\/\/nyforetagarcentrum.se\/mellerstaostergotland\/wp-content\/uploads\/sites\/12\/2024\/07\/Sem-4-1024x576.png","datePublished":"2024-08-04T13:38:30+00:00","dateModified":"2024-08-30T09:02:29+00:00","description":"Nyf\u00f6retagarcentrum i Mellersta \u00d6sterg\u00f6tland arrangerar nu seminariet Planera ditt f\u00f6retags \u00e5r - och f\u00f6lj upp! med v\u00e5r partner Aklero Ekonomi","breadcrumb":{"@id":"https:\/\/nyforetagarcentrum.se\/mellerstaostergotland\/evenemang\/seminariumplanera-ditt-foretags-ar-och-folj-upp\/#breadcrumb"},"inLanguage":"sv-SE","potentialAction":[{"@type":"ReadAction","target":["https:\/\/nyforetagarcentrum.se\/mellerstaostergotland\/evenemang\/seminariumplanera-ditt-foretags-ar-och-folj-upp\/"]}]},{"@type":"ImageObject","inLanguage":"sv-SE","@id":"https:\/\/nyforetagarcentrum.se\/mellerstaostergotland\/evenemang\/seminariumplanera-ditt-foretags-ar-och-folj-upp\/#primaryimage","url":"https:\/\/nyforetagarcentrum.se\/mellerstaostergotland\/wp-content\/uploads\/sites\/12\/2024\/07\/Sem-4.png","contentUrl":"https:\/\/nyforetagarcentrum.se\/mellerstaostergotland\/wp-content\/uploads\/sites\/12\/2024\/07\/Sem-4.png","width":1920,"height":1080},{"@type":"BreadcrumbList","@id":"https:\/\/nyforetagarcentrum.se\/mellerstaostergotland\/evenemang\/seminariumplanera-ditt-foretags-ar-och-folj-upp\/#breadcrumb","itemListElement":[{"@type":"ListItem","position":1,"name":"Hem","item":"https:\/\/nyforetagarcentrum.se\/mellerstaostergotland\/"},{"@type":"ListItem","position":2,"name":"Evenemang","item":"https:\/\/nyforetagarcentrum.se\/mellerstaostergotland\/evenemang\/"},{"@type":"ListItem","position":3,"name":"Seminarium Planera ditt f\u00f6retags \u00e5r &#8211; och f\u00f6lj upp!"}]},{"@type":"WebSite","@id":"https:\/\/nyforetagarcentrum.se\/mellerstaostergotland\/#website","url":"https:\/\/nyforetagarcentrum.se\/mellerstaostergotland\/","name":"Mellersta \u00d6sterg\u00f6tland","description":"Sveriges ledande kraft f\u00f6r fler nya livskraftiga f\u00f6retag","publisher":{"@id":"https:\/\/nyforetagarcentrum.se\/mellerstaostergotland\/#organization"},"potentialAction":[{"@type":"SearchAction","target":{"@type":"EntryPoint","urlTemplate":"https:\/\/nyforetagarcentrum.se\/mellerstaostergotland\/?s={search_term_string}"},"query-input":"required name=search_term_string"}],"inLanguage":"sv-SE"},{"@type":"Organization","@id":"https:\/\/nyforetagarcentrum.se\/mellerstaostergotland\/#organization","name":"Mellersta \u00d6sterg\u00f6tland","url":"https:\/\/nyforetagarcentrum.se\/mellerstaostergotland\/","logo":{"@type":"ImageObject","inLanguage":"sv-SE","@id":"https:\/\/nyforetagarcentrum.se\/mellerstaostergotland\/#\/schema\/logo\/image\/","url":"https:\/\/nyforetagarcentrum.se\/mellerstaostergotland\/wp-content\/uploads\/sites\/12\/2026\/04\/mellerstaostergotland_bla.png","contentUrl":"https:\/\/nyforetagarcentrum.se\/mellerstaostergotland\/wp-content\/uploads\/sites\/12\/2026\/04\/mellerstaostergotland_bla.png","width":870,"height":355,"caption":"Mellersta \u00d6sterg\u00f6tland"},"image":{"@id":"https:\/\/nyforetagarcentrum.se\/mellerstaostergotland\/#\/schema\/logo\/image\/"}}]}},"_links":{"self":[{"href":"https:\/\/nyforetagarcentrum.se\/mellerstaostergotland\/wp-json\/wp\/v2\/event\/2293"}],"collection":[{"href":"https:\/\/nyforetagarcentrum.se\/mellerstaostergotland\/wp-json\/wp\/v2\/event"}],"about":[{"href":"https:\/\/nyforetagarcentrum.se\/mellerstaostergotland\/wp-json\/wp\/v2\/types\/event"}],"version-history":[{"count":9,"href":"https:\/\/nyforetagarcentrum.se\/mellerstaostergotland\/wp-json\/wp\/v2\/event\/2293\/revisions"}],"predecessor-version":[{"id":2423,"href":"https:\/\/nyforetagarcentrum.se\/mellerstaostergotland\/wp-json\/wp\/v2\/event\/2293\/revisions\/2423"}],"wp:attachment":[{"href":"https:\/\/nyforetagarcentrum.se\/mellerstaostergotland\/wp-json\/wp\/v2\/media?parent=2293"}],"curies":[{"name":"wp","href":"https:\/\/api.w.org\/{rel}","templated":true}]}}