{"id":164,"date":"2024-02-27T16:05:17","date_gmt":"2024-02-27T15:05:17","guid":{"rendered":"https:\/\/nyforetagarcentrum.se\/mark\/?page_id=164"},"modified":"2024-04-16T15:59:01","modified_gmt":"2024-04-16T13:59:01","slug":"var-styrelse","status":"publish","type":"page","link":"https:\/\/nyforetagarcentrum.se\/mark\/var-styrelse\/","title":{"rendered":"V\u00e5r styrelse"},"content":{"rendered":"<section  class=\"nfc-block-hero alignfull\">\n\n    <img loading=\"lazy\" decoding=\"async\" width=\"1920\" height=\"794\" src=\"https:\/\/nyforetagarcentrum.se\/mark\/wp-content\/uploads\/sites\/36\/2024\/04\/nyforetagarcentrum-mark-2024-styrelsen.jpg\" class=\"attachment-landscape size-landscape\" alt=\"\" srcset=\"https:\/\/nyforetagarcentrum.se\/mark\/wp-content\/uploads\/sites\/36\/2024\/04\/nyforetagarcentrum-mark-2024-styrelsen.jpg 1920w, https:\/\/nyforetagarcentrum.se\/mark\/wp-content\/uploads\/sites\/36\/2024\/04\/nyforetagarcentrum-mark-2024-styrelsen-300x124.jpg 300w, https:\/\/nyforetagarcentrum.se\/mark\/wp-content\/uploads\/sites\/36\/2024\/04\/nyforetagarcentrum-mark-2024-styrelsen-1024x423.jpg 1024w, https:\/\/nyforetagarcentrum.se\/mark\/wp-content\/uploads\/sites\/36\/2024\/04\/nyforetagarcentrum-mark-2024-styrelsen-768x318.jpg 768w, https:\/\/nyforetagarcentrum.se\/mark\/wp-content\/uploads\/sites\/36\/2024\/04\/nyforetagarcentrum-mark-2024-styrelsen-1536x635.jpg 1536w\" sizes=\"(max-width: 1920px) 100vw, 1920px\" \/>\n    <div class=\"contained\">\n        <h1 class=\"nfc-block-hero__heading\">V\u00e5r styrelse<\/h1>\n\n            <\/div>\n<\/section>\n\n\n<div style=\"height:50px\" aria-hidden=\"true\" class=\"wp-block-spacer\"><\/div>\n\n\n<section  class=\"nfc-block-breadcrumbs\">\n    <div class=\"wrapper contained\">\n        <ol class=\"breadcrumbs\" itemscope itemtype=\"https:\/\/schema.org\/BreadcrumbList\">\n            <li itemprop=\"itemListElement\" itemscope itemtype=\"https:\/\/schema.org\/ListItem\">\n            \n\n                            <span class=\"current\" itemprop=\"name\">Hem<\/span>\n            \n            <meta itemprop=\"position\" content=\"1\" \/>\n        <\/li>\n    <\/ol>    <\/div>\n<\/section>\n\n\n<h1 class=\"wp-block-heading\">Vi som jobbar med Nyf\u00f6retagarCentrum Mark<\/h1>\n\n\n\n<p class=\"has-medium-font-size\">H\u00e4r presenterar vi styrelsen f\u00f6r Nyf\u00f6retagarcentrum Mark men ocks\u00e5 \u00f6vriga som bidrar i v\u00e5rt arbete.<\/p>\n\n\n\n<p>F\u00f6r n\u00e4rvarande kommer du i kontakt med alla genom att mejla till&nbsp;<a href=\"mailto:mark@nyforetagarcentrum.se\">mark@nyforetagarcentrum.se<\/a>. Var inte blyg, h\u00f6r av dig!<\/p>\n\n\n<section  class=\"nfc-block-person_grid alignwide layout-large\">\n    <div class=\"contained\">\n        <div class=\"grid\">\n            <div class=\"person-large-card\">\n    \n    <div class=\"featured_image\">\n            <\/div>\n\n    <div class=\"content-wrapper\">\n        <h3>Klas Udd<\/h3>\n\n        \n        <div class=\"links\">\n\n            \n                    <\/div>\n        \n    <\/div>\n<\/div><div class=\"person-large-card\">\n    \n    <div class=\"featured_image\">\n                    <img loading=\"lazy\" decoding=\"async\" width=\"800\" height=\"800\" src=\"https:\/\/nyforetagarcentrum.se\/mark\/wp-content\/uploads\/sites\/36\/2024\/03\/Hans-Nilsson.jpg\" class=\"attachment-large size-large\" alt=\"\" srcset=\"https:\/\/nyforetagarcentrum.se\/mark\/wp-content\/uploads\/sites\/36\/2024\/03\/Hans-Nilsson.jpg 800w, https:\/\/nyforetagarcentrum.se\/mark\/wp-content\/uploads\/sites\/36\/2024\/03\/Hans-Nilsson-300x300.jpg 300w, https:\/\/nyforetagarcentrum.se\/mark\/wp-content\/uploads\/sites\/36\/2024\/03\/Hans-Nilsson-150x150.jpg 150w, https:\/\/nyforetagarcentrum.se\/mark\/wp-content\/uploads\/sites\/36\/2024\/03\/Hans-Nilsson-768x768.jpg 768w\" sizes=\"(max-width: 800px) 100vw, 800px\" \/>            <\/div>\n\n    <div class=\"content-wrapper\">\n        <h3>Hans Nilsson<\/h3>\n\n                    <div class=\"excerpt\">\n                Ordf\u00f6rande            <\/div>\n        \n        <div class=\"links\">\n\n            \n                    <\/div>\n        \n    <\/div>\n<\/div><div class=\"person-large-card\">\n    \n    <div class=\"featured_image\">\n                    <img loading=\"lazy\" decoding=\"async\" width=\"300\" height=\"300\" src=\"https:\/\/nyforetagarcentrum.se\/mark\/wp-content\/uploads\/sites\/36\/2024\/03\/Jessica-Johansson-epokikinna.jpg\" class=\"attachment-large size-large\" alt=\"\" srcset=\"https:\/\/nyforetagarcentrum.se\/mark\/wp-content\/uploads\/sites\/36\/2024\/03\/Jessica-Johansson-epokikinna.jpg 300w, https:\/\/nyforetagarcentrum.se\/mark\/wp-content\/uploads\/sites\/36\/2024\/03\/Jessica-Johansson-epokikinna-150x150.jpg 150w\" sizes=\"(max-width: 300px) 100vw, 300px\" \/>            <\/div>\n\n    <div class=\"content-wrapper\">\n        <h3>Jessica Johansson<\/h3>\n\n                    <div class=\"excerpt\">\n                Kass\u00f6r            <\/div>\n        \n        <div class=\"links\">\n\n            \n                    <\/div>\n        \n    <\/div>\n<\/div><div class=\"person-large-card\">\n    \n    <div class=\"featured_image\">\n                    <img loading=\"lazy\" decoding=\"async\" width=\"841\" height=\"841\" src=\"https:\/\/nyforetagarcentrum.se\/mark\/wp-content\/uploads\/sites\/36\/2024\/03\/Fredrik-Hammarstrom.jpg\" class=\"attachment-large size-large\" alt=\"\" srcset=\"https:\/\/nyforetagarcentrum.se\/mark\/wp-content\/uploads\/sites\/36\/2024\/03\/Fredrik-Hammarstrom.jpg 841w, https:\/\/nyforetagarcentrum.se\/mark\/wp-content\/uploads\/sites\/36\/2024\/03\/Fredrik-Hammarstrom-300x300.jpg 300w, https:\/\/nyforetagarcentrum.se\/mark\/wp-content\/uploads\/sites\/36\/2024\/03\/Fredrik-Hammarstrom-150x150.jpg 150w, https:\/\/nyforetagarcentrum.se\/mark\/wp-content\/uploads\/sites\/36\/2024\/03\/Fredrik-Hammarstrom-768x768.jpg 768w\" sizes=\"(max-width: 841px) 100vw, 841px\" \/>            <\/div>\n\n    <div class=\"content-wrapper\">\n        <h3>Fredrik Hammarstr\u00f6m<\/h3>\n\n                    <div class=\"excerpt\">\n                Ledamot            <\/div>\n        \n        <div class=\"links\">\n\n            \n                    <\/div>\n        \n    <\/div>\n<\/div><div class=\"person-large-card\">\n    \n    <div class=\"featured_image\">\n                    <img loading=\"lazy\" decoding=\"async\" width=\"341\" height=\"511\" src=\"https:\/\/nyforetagarcentrum.se\/mark\/wp-content\/uploads\/sites\/36\/2024\/04\/fredrik-mann.png\" class=\"attachment-large size-large\" alt=\"\" srcset=\"https:\/\/nyforetagarcentrum.se\/mark\/wp-content\/uploads\/sites\/36\/2024\/04\/fredrik-mann.png 341w, https:\/\/nyforetagarcentrum.se\/mark\/wp-content\/uploads\/sites\/36\/2024\/04\/fredrik-mann-200x300.png 200w\" sizes=\"(max-width: 341px) 100vw, 341px\" \/>            <\/div>\n\n    <div class=\"content-wrapper\">\n        <h3>Fredrik Mann<\/h3>\n\n                    <div class=\"excerpt\">\n                Ledamot            <\/div>\n        \n        <div class=\"links\">\n\n            \n                    <\/div>\n        \n    <\/div>\n<\/div><div class=\"person-large-card\">\n    \n    <div class=\"featured_image\">\n                    <img loading=\"lazy\" decoding=\"async\" width=\"800\" height=\"800\" src=\"https:\/\/nyforetagarcentrum.se\/mark\/wp-content\/uploads\/sites\/36\/2024\/04\/Veronika-Berg.jpg\" class=\"attachment-large size-large\" alt=\"\" srcset=\"https:\/\/nyforetagarcentrum.se\/mark\/wp-content\/uploads\/sites\/36\/2024\/04\/Veronika-Berg.jpg 800w, https:\/\/nyforetagarcentrum.se\/mark\/wp-content\/uploads\/sites\/36\/2024\/04\/Veronika-Berg-300x300.jpg 300w, https:\/\/nyforetagarcentrum.se\/mark\/wp-content\/uploads\/sites\/36\/2024\/04\/Veronika-Berg-150x150.jpg 150w, https:\/\/nyforetagarcentrum.se\/mark\/wp-content\/uploads\/sites\/36\/2024\/04\/Veronika-Berg-768x768.jpg 768w\" sizes=\"(max-width: 800px) 100vw, 800px\" \/>            <\/div>\n\n    <div class=\"content-wrapper\">\n        <h3>Veronika Berg<\/h3>\n\n                    <div class=\"excerpt\">\n                Ledamot            <\/div>\n        \n        <div class=\"links\">\n\n            \n                    <\/div>\n        \n    <\/div>\n<\/div>        <\/div>\n    <\/div>\n<\/section>\n\n\n<div style=\"height:100px\" aria-hidden=\"true\" class=\"wp-block-spacer\"><\/div>\n\n\n\n<h2 class=\"wp-block-heading alignwide\">Adjungerade ledam\u00f6ter<\/h2>\n\n\n<section  class=\"nfc-block-person_grid alignwide layout-large\">\n    <div class=\"contained\">\n        <div class=\"grid\">\n            <div class=\"person-large-card\">\n    \n    <div class=\"featured_image\">\n                    <img loading=\"lazy\" decoding=\"async\" width=\"800\" height=\"800\" src=\"https:\/\/nyforetagarcentrum.se\/mark\/wp-content\/uploads\/sites\/36\/2024\/03\/Camilla-Olsson.jpg\" class=\"attachment-large size-large\" alt=\"\" srcset=\"https:\/\/nyforetagarcentrum.se\/mark\/wp-content\/uploads\/sites\/36\/2024\/03\/Camilla-Olsson.jpg 800w, https:\/\/nyforetagarcentrum.se\/mark\/wp-content\/uploads\/sites\/36\/2024\/03\/Camilla-Olsson-300x300.jpg 300w, https:\/\/nyforetagarcentrum.se\/mark\/wp-content\/uploads\/sites\/36\/2024\/03\/Camilla-Olsson-150x150.jpg 150w, https:\/\/nyforetagarcentrum.se\/mark\/wp-content\/uploads\/sites\/36\/2024\/03\/Camilla-Olsson-768x768.jpg 768w\" sizes=\"(max-width: 800px) 100vw, 800px\" \/>            <\/div>\n\n    <div class=\"content-wrapper\">\n        <h3>Camilla Olsson<\/h3>\n\n                    <div class=\"excerpt\">\n                Adjungerad ledamot fr\u00e5n Marks kommun            <\/div>\n        \n        <div class=\"links\">\n\n            \n                    <\/div>\n        \n    <\/div>\n<\/div><div class=\"person-large-card\">\n    \n    <div class=\"featured_image\">\n                    <img loading=\"lazy\" decoding=\"async\" width=\"800\" height=\"800\" src=\"https:\/\/nyforetagarcentrum.se\/mark\/wp-content\/uploads\/sites\/36\/2024\/02\/Gunnar-Martinsson-3s.jpg\" class=\"attachment-large size-large\" alt=\"\" srcset=\"https:\/\/nyforetagarcentrum.se\/mark\/wp-content\/uploads\/sites\/36\/2024\/02\/Gunnar-Martinsson-3s.jpg 800w, https:\/\/nyforetagarcentrum.se\/mark\/wp-content\/uploads\/sites\/36\/2024\/02\/Gunnar-Martinsson-3s-300x300.jpg 300w, https:\/\/nyforetagarcentrum.se\/mark\/wp-content\/uploads\/sites\/36\/2024\/02\/Gunnar-Martinsson-3s-150x150.jpg 150w, https:\/\/nyforetagarcentrum.se\/mark\/wp-content\/uploads\/sites\/36\/2024\/02\/Gunnar-Martinsson-3s-768x768.jpg 768w\" sizes=\"(max-width: 800px) 100vw, 800px\" \/>            <\/div>\n\n    <div class=\"content-wrapper\">\n        <h3>Gunnar Martinsson<\/h3>\n\n                    <div class=\"excerpt\">\n                Verksamhetsledare Nyf\u00f6retagarCentrum Mark, diplomerad r\u00e5dgivare            <\/div>\n        \n        <div class=\"links\">\n\n                            <a href=\"tel:0320-79 48 00\">\n                    0320-79 48 00                <\/a>\n            \n                            <a href=\"mailto:gunnar.martinsson@nyforetagarcentrum.se\">\n                    gunnar.martinsson@nyforetagarcentrum.se                <\/a>\n                    <\/div>\n        \n    <\/div>\n<\/div>        <\/div>\n    <\/div>\n<\/section>\n\n\n<div style=\"height:100px\" aria-hidden=\"true\" class=\"wp-block-spacer\"><\/div>\n\n\n\n<h2 class=\"wp-block-heading alignwide\">Valberedning f\u00f6r Nyf\u00f6retagarCentrum Mark<\/h2>\n\n\n<section  class=\"nfc-block-person_grid alignwide layout-large\">\n    <div class=\"contained\">\n        <div class=\"grid\">\n            <div class=\"person-large-card\">\n    \n    <div class=\"featured_image\">\n                    <img loading=\"lazy\" decoding=\"async\" width=\"768\" height=\"1024\" src=\"https:\/\/nyforetagarcentrum.se\/mark\/wp-content\/uploads\/sites\/36\/2024\/04\/gisella-olsson-768x1024.jpg\" class=\"attachment-large size-large\" alt=\"\" srcset=\"https:\/\/nyforetagarcentrum.se\/mark\/wp-content\/uploads\/sites\/36\/2024\/04\/gisella-olsson-768x1024.jpg 768w, https:\/\/nyforetagarcentrum.se\/mark\/wp-content\/uploads\/sites\/36\/2024\/04\/gisella-olsson-225x300.jpg 225w, https:\/\/nyforetagarcentrum.se\/mark\/wp-content\/uploads\/sites\/36\/2024\/04\/gisella-olsson-1152x1536.jpg 1152w, https:\/\/nyforetagarcentrum.se\/mark\/wp-content\/uploads\/sites\/36\/2024\/04\/gisella-olsson-810x1080.jpg 810w, https:\/\/nyforetagarcentrum.se\/mark\/wp-content\/uploads\/sites\/36\/2024\/04\/gisella-olsson.jpg 1536w\" sizes=\"(max-width: 768px) 100vw, 768px\" \/>            <\/div>\n\n    <div class=\"content-wrapper\">\n        <h3>Gisella Olsson<\/h3>\n\n                    <div class=\"excerpt\">\n                Valberedning, sammankallande            <\/div>\n        \n        <div class=\"links\">\n\n            \n                    <\/div>\n        \n    <\/div>\n<\/div><div class=\"person-large-card\">\n    \n    <div class=\"featured_image\">\n                    <img loading=\"lazy\" decoding=\"async\" width=\"490\" height=\"510\" src=\"https:\/\/nyforetagarcentrum.se\/mark\/wp-content\/uploads\/sites\/36\/2024\/03\/Portratt-Mathias_1.jpg\" class=\"attachment-large size-large\" alt=\"\" srcset=\"https:\/\/nyforetagarcentrum.se\/mark\/wp-content\/uploads\/sites\/36\/2024\/03\/Portratt-Mathias_1.jpg 490w, https:\/\/nyforetagarcentrum.se\/mark\/wp-content\/uploads\/sites\/36\/2024\/03\/Portratt-Mathias_1-288x300.jpg 288w\" sizes=\"(max-width: 490px) 100vw, 490px\" \/>            <\/div>\n\n    <div class=\"content-wrapper\">\n        <h3>Mathias Eriksson<\/h3>\n\n                    <div class=\"excerpt\">\n                Valberedning            <\/div>\n        \n        <div class=\"links\">\n\n            \n                    <\/div>\n        \n    <\/div>\n<\/div><div class=\"person-large-card\">\n    \n    <div class=\"featured_image\">\n                    <img loading=\"lazy\" decoding=\"async\" width=\"800\" height=\"800\" src=\"https:\/\/nyforetagarcentrum.se\/mark\/wp-content\/uploads\/sites\/36\/2024\/04\/Anna-Pyk.jpg\" class=\"attachment-large size-large\" alt=\"\" srcset=\"https:\/\/nyforetagarcentrum.se\/mark\/wp-content\/uploads\/sites\/36\/2024\/04\/Anna-Pyk.jpg 800w, https:\/\/nyforetagarcentrum.se\/mark\/wp-content\/uploads\/sites\/36\/2024\/04\/Anna-Pyk-300x300.jpg 300w, https:\/\/nyforetagarcentrum.se\/mark\/wp-content\/uploads\/sites\/36\/2024\/04\/Anna-Pyk-150x150.jpg 150w, https:\/\/nyforetagarcentrum.se\/mark\/wp-content\/uploads\/sites\/36\/2024\/04\/Anna-Pyk-768x768.jpg 768w\" sizes=\"(max-width: 800px) 100vw, 800px\" \/>            <\/div>\n\n    <div class=\"content-wrapper\">\n        <h3>Anna Pyk<\/h3>\n\n                    <div class=\"excerpt\">\n                Valberedning            <\/div>\n        \n        <div class=\"links\">\n\n            \n                    <\/div>\n        \n    <\/div>\n<\/div><div class=\"person-large-card\">\n    \n    <div class=\"featured_image\">\n                    <img loading=\"lazy\" decoding=\"async\" width=\"800\" height=\"800\" src=\"https:\/\/nyforetagarcentrum.se\/mark\/wp-content\/uploads\/sites\/36\/2024\/04\/tommy-franzen-valberedning.jpg\" class=\"attachment-large size-large\" alt=\"\" srcset=\"https:\/\/nyforetagarcentrum.se\/mark\/wp-content\/uploads\/sites\/36\/2024\/04\/tommy-franzen-valberedning.jpg 800w, https:\/\/nyforetagarcentrum.se\/mark\/wp-content\/uploads\/sites\/36\/2024\/04\/tommy-franzen-valberedning-300x300.jpg 300w, https:\/\/nyforetagarcentrum.se\/mark\/wp-content\/uploads\/sites\/36\/2024\/04\/tommy-franzen-valberedning-150x150.jpg 150w, https:\/\/nyforetagarcentrum.se\/mark\/wp-content\/uploads\/sites\/36\/2024\/04\/tommy-franzen-valberedning-768x768.jpg 768w\" sizes=\"(max-width: 800px) 100vw, 800px\" \/>            <\/div>\n\n    <div class=\"content-wrapper\">\n        <h3>Tommy Franz\u00e9n<\/h3>\n\n                    <div class=\"excerpt\">\n                Valberedning            <\/div>\n        \n        <div class=\"links\">\n\n            \n                    <\/div>\n        \n    <\/div>\n<\/div>        <\/div>\n    <\/div>\n<\/section>\n\n\n<div style=\"height:100px\" aria-hidden=\"true\" class=\"wp-block-spacer\"><\/div>\n\n\n\n<h2 class=\"wp-block-heading alignwide\">Revisorer<\/h2>\n\n\n<section  class=\"nfc-block-person_grid alignwide layout-large\">\n    <div class=\"contained\">\n        <div class=\"grid\">\n            <div class=\"person-large-card\">\n    \n    <div class=\"featured_image\">\n                    <img loading=\"lazy\" decoding=\"async\" width=\"800\" height=\"800\" src=\"https:\/\/nyforetagarcentrum.se\/mark\/wp-content\/uploads\/sites\/36\/2024\/04\/Magnus-Haglund.jpg\" class=\"attachment-large size-large\" alt=\"\" srcset=\"https:\/\/nyforetagarcentrum.se\/mark\/wp-content\/uploads\/sites\/36\/2024\/04\/Magnus-Haglund.jpg 800w, https:\/\/nyforetagarcentrum.se\/mark\/wp-content\/uploads\/sites\/36\/2024\/04\/Magnus-Haglund-300x300.jpg 300w, https:\/\/nyforetagarcentrum.se\/mark\/wp-content\/uploads\/sites\/36\/2024\/04\/Magnus-Haglund-150x150.jpg 150w, https:\/\/nyforetagarcentrum.se\/mark\/wp-content\/uploads\/sites\/36\/2024\/04\/Magnus-Haglund-768x768.jpg 768w\" sizes=\"(max-width: 800px) 100vw, 800px\" \/>            <\/div>\n\n    <div class=\"content-wrapper\">\n        <h3>Magnus Haglund<\/h3>\n\n                    <div class=\"excerpt\">\n                Revisorsers\u00e4ttare            <\/div>\n        \n        <div class=\"links\">\n\n            \n                    <\/div>\n        \n    <\/div>\n<\/div><div class=\"person-large-card\">\n    \n    <div class=\"featured_image\">\n                    <img loading=\"lazy\" decoding=\"async\" width=\"336\" height=\"336\" src=\"https:\/\/nyforetagarcentrum.se\/mark\/wp-content\/uploads\/sites\/36\/2024\/04\/Marcus-Sveibert.jpg\" class=\"attachment-large size-large\" alt=\"\" srcset=\"https:\/\/nyforetagarcentrum.se\/mark\/wp-content\/uploads\/sites\/36\/2024\/04\/Marcus-Sveibert.jpg 336w, https:\/\/nyforetagarcentrum.se\/mark\/wp-content\/uploads\/sites\/36\/2024\/04\/Marcus-Sveibert-300x300.jpg 300w, https:\/\/nyforetagarcentrum.se\/mark\/wp-content\/uploads\/sites\/36\/2024\/04\/Marcus-Sveibert-150x150.jpg 150w\" sizes=\"(max-width: 336px) 100vw, 336px\" \/>            <\/div>\n\n    <div class=\"content-wrapper\">\n        <h3>Marcus Sveibert<\/h3>\n\n                    <div class=\"excerpt\">\n                Revisor            <\/div>\n        \n        <div class=\"links\">\n\n            \n                    <\/div>\n        \n    <\/div>\n<\/div>        <\/div>\n    <\/div>\n<\/section>","protected":false},"excerpt":{"rendered":"<p>Vi som jobbar med Nyf\u00f6retagarCentrum Mark H\u00e4r presenterar vi styrelsen f\u00f6r Nyf\u00f6retagarcentrum Mark men ocks\u00e5 \u00f6vriga som bidrar i v\u00e5rt arbete. F\u00f6r n\u00e4rvarande kommer du i kontakt med alla genom att mejla till&nbsp;mark@nyforetagarcentrum.se. Var inte blyg, h\u00f6r av dig! Adjungerade ledam\u00f6ter Valberedning f\u00f6r Nyf\u00f6retagarCentrum Mark Revisorer<\/p>\n","protected":false},"author":1,"featured_media":0,"parent":0,"menu_order":0,"comment_status":"closed","ping_status":"closed","template":"","meta":{"footnotes":""},"acf":[],"yoast_head":"<!-- This site is optimized with the Yoast SEO plugin v22.9 - https:\/\/yoast.com\/wordpress\/plugins\/seo\/ -->\n<title>V\u00e5r styrelse - Mark<\/title>\n<meta name=\"robots\" content=\"index, follow, max-snippet:-1, max-image-preview:large, max-video-preview:-1\" \/>\n<link rel=\"canonical\" href=\"https:\/\/nyforetagarcentrum.se\/mark\/var-styrelse\/\" \/>\n<meta property=\"og:locale\" content=\"sv_SE\" \/>\n<meta property=\"og:type\" content=\"article\" \/>\n<meta property=\"og:title\" content=\"V\u00e5r styrelse - Mark\" \/>\n<meta property=\"og:description\" content=\"Vi som jobbar med Nyf\u00f6retagarCentrum Mark H\u00e4r presenterar vi styrelsen f\u00f6r Nyf\u00f6retagarcentrum Mark men ocks\u00e5 \u00f6vriga som bidrar i v\u00e5rt arbete. F\u00f6r n\u00e4rvarande kommer du i kontakt med alla genom att mejla till&nbsp;mark@nyforetagarcentrum.se. Var inte blyg, h\u00f6r av dig! Adjungerade ledam\u00f6ter Valberedning f\u00f6r Nyf\u00f6retagarCentrum Mark Revisorer\" \/>\n<meta property=\"og:url\" content=\"https:\/\/nyforetagarcentrum.se\/mark\/var-styrelse\/\" \/>\n<meta property=\"og:site_name\" content=\"Mark\" \/>\n<meta property=\"article:modified_time\" content=\"2024-04-16T13:59:01+00:00\" \/>\n<meta name=\"twitter:card\" content=\"summary_large_image\" \/>\n<script type=\"application\/ld+json\" class=\"yoast-schema-graph\">{\"@context\":\"https:\/\/schema.org\",\"@graph\":[{\"@type\":\"WebPage\",\"@id\":\"https:\/\/nyforetagarcentrum.se\/mark\/var-styrelse\/\",\"url\":\"https:\/\/nyforetagarcentrum.se\/mark\/var-styrelse\/\",\"name\":\"V\u00e5r styrelse - Mark\",\"isPartOf\":{\"@id\":\"https:\/\/nyforetagarcentrum.se\/mark\/#website\"},\"datePublished\":\"2024-02-27T15:05:17+00:00\",\"dateModified\":\"2024-04-16T13:59:01+00:00\",\"breadcrumb\":{\"@id\":\"https:\/\/nyforetagarcentrum.se\/mark\/var-styrelse\/#breadcrumb\"},\"inLanguage\":\"sv-SE\",\"potentialAction\":[{\"@type\":\"ReadAction\",\"target\":[\"https:\/\/nyforetagarcentrum.se\/mark\/var-styrelse\/\"]}]},{\"@type\":\"BreadcrumbList\",\"@id\":\"https:\/\/nyforetagarcentrum.se\/mark\/var-styrelse\/#breadcrumb\",\"itemListElement\":[{\"@type\":\"ListItem\",\"position\":1,\"name\":\"Hem\",\"item\":\"https:\/\/nyforetagarcentrum.se\/mark\/\"},{\"@type\":\"ListItem\",\"position\":2,\"name\":\"V\u00e5r styrelse\"}]},{\"@type\":\"WebSite\",\"@id\":\"https:\/\/nyforetagarcentrum.se\/mark\/#website\",\"url\":\"https:\/\/nyforetagarcentrum.se\/mark\/\",\"name\":\"Mark\",\"description\":\"Sveriges ledande kraft f\u00f6r fler nya livskraftiga f\u00f6retag\",\"publisher\":{\"@id\":\"https:\/\/nyforetagarcentrum.se\/mark\/#organization\"},\"potentialAction\":[{\"@type\":\"SearchAction\",\"target\":{\"@type\":\"EntryPoint\",\"urlTemplate\":\"https:\/\/nyforetagarcentrum.se\/mark\/?s={search_term_string}\"},\"query-input\":\"required name=search_term_string\"}],\"inLanguage\":\"sv-SE\"},{\"@type\":\"Organization\",\"@id\":\"https:\/\/nyforetagarcentrum.se\/mark\/#organization\",\"name\":\"Mark\",\"url\":\"https:\/\/nyforetagarcentrum.se\/mark\/\",\"logo\":{\"@type\":\"ImageObject\",\"inLanguage\":\"sv-SE\",\"@id\":\"https:\/\/nyforetagarcentrum.se\/mark\/#\/schema\/logo\/image\/\",\"url\":\"https:\/\/nyforetagarcentrum.se\/mark\/wp-content\/uploads\/sites\/36\/2024\/07\/mark_bla.png\",\"contentUrl\":\"https:\/\/nyforetagarcentrum.se\/mark\/wp-content\/uploads\/sites\/36\/2024\/07\/mark_bla.png\",\"width\":870,\"height\":355,\"caption\":\"Mark\"},\"image\":{\"@id\":\"https:\/\/nyforetagarcentrum.se\/mark\/#\/schema\/logo\/image\/\"}}]}<\/script>\n<!-- \/ Yoast SEO plugin. -->","yoast_head_json":{"title":"V\u00e5r styrelse - Mark","robots":{"index":"index","follow":"follow","max-snippet":"max-snippet:-1","max-image-preview":"max-image-preview:large","max-video-preview":"max-video-preview:-1"},"canonical":"https:\/\/nyforetagarcentrum.se\/mark\/var-styrelse\/","og_locale":"sv_SE","og_type":"article","og_title":"V\u00e5r styrelse - Mark","og_description":"Vi som jobbar med Nyf\u00f6retagarCentrum Mark H\u00e4r presenterar vi styrelsen f\u00f6r Nyf\u00f6retagarcentrum Mark men ocks\u00e5 \u00f6vriga som bidrar i v\u00e5rt arbete. F\u00f6r n\u00e4rvarande kommer du i kontakt med alla genom att mejla till&nbsp;mark@nyforetagarcentrum.se. Var inte blyg, h\u00f6r av dig! Adjungerade ledam\u00f6ter Valberedning f\u00f6r Nyf\u00f6retagarCentrum Mark Revisorer","og_url":"https:\/\/nyforetagarcentrum.se\/mark\/var-styrelse\/","og_site_name":"Mark","article_modified_time":"2024-04-16T13:59:01+00:00","twitter_card":"summary_large_image","schema":{"@context":"https:\/\/schema.org","@graph":[{"@type":"WebPage","@id":"https:\/\/nyforetagarcentrum.se\/mark\/var-styrelse\/","url":"https:\/\/nyforetagarcentrum.se\/mark\/var-styrelse\/","name":"V\u00e5r styrelse - Mark","isPartOf":{"@id":"https:\/\/nyforetagarcentrum.se\/mark\/#website"},"datePublished":"2024-02-27T15:05:17+00:00","dateModified":"2024-04-16T13:59:01+00:00","breadcrumb":{"@id":"https:\/\/nyforetagarcentrum.se\/mark\/var-styrelse\/#breadcrumb"},"inLanguage":"sv-SE","potentialAction":[{"@type":"ReadAction","target":["https:\/\/nyforetagarcentrum.se\/mark\/var-styrelse\/"]}]},{"@type":"BreadcrumbList","@id":"https:\/\/nyforetagarcentrum.se\/mark\/var-styrelse\/#breadcrumb","itemListElement":[{"@type":"ListItem","position":1,"name":"Hem","item":"https:\/\/nyforetagarcentrum.se\/mark\/"},{"@type":"ListItem","position":2,"name":"V\u00e5r styrelse"}]},{"@type":"WebSite","@id":"https:\/\/nyforetagarcentrum.se\/mark\/#website","url":"https:\/\/nyforetagarcentrum.se\/mark\/","name":"Mark","description":"Sveriges ledande kraft f\u00f6r fler nya livskraftiga f\u00f6retag","publisher":{"@id":"https:\/\/nyforetagarcentrum.se\/mark\/#organization"},"potentialAction":[{"@type":"SearchAction","target":{"@type":"EntryPoint","urlTemplate":"https:\/\/nyforetagarcentrum.se\/mark\/?s={search_term_string}"},"query-input":"required name=search_term_string"}],"inLanguage":"sv-SE"},{"@type":"Organization","@id":"https:\/\/nyforetagarcentrum.se\/mark\/#organization","name":"Mark","url":"https:\/\/nyforetagarcentrum.se\/mark\/","logo":{"@type":"ImageObject","inLanguage":"sv-SE","@id":"https:\/\/nyforetagarcentrum.se\/mark\/#\/schema\/logo\/image\/","url":"https:\/\/nyforetagarcentrum.se\/mark\/wp-content\/uploads\/sites\/36\/2024\/07\/mark_bla.png","contentUrl":"https:\/\/nyforetagarcentrum.se\/mark\/wp-content\/uploads\/sites\/36\/2024\/07\/mark_bla.png","width":870,"height":355,"caption":"Mark"},"image":{"@id":"https:\/\/nyforetagarcentrum.se\/mark\/#\/schema\/logo\/image\/"}}]}},"_links":{"self":[{"href":"https:\/\/nyforetagarcentrum.se\/mark\/wp-json\/wp\/v2\/pages\/164"}],"collection":[{"href":"https:\/\/nyforetagarcentrum.se\/mark\/wp-json\/wp\/v2\/pages"}],"about":[{"href":"https:\/\/nyforetagarcentrum.se\/mark\/wp-json\/wp\/v2\/types\/page"}],"author":[{"embeddable":true,"href":"https:\/\/nyforetagarcentrum.se\/mark\/wp-json\/wp\/v2\/users\/1"}],"replies":[{"embeddable":true,"href":"https:\/\/nyforetagarcentrum.se\/mark\/wp-json\/wp\/v2\/comments?post=164"}],"version-history":[{"count":31,"href":"https:\/\/nyforetagarcentrum.se\/mark\/wp-json\/wp\/v2\/pages\/164\/revisions"}],"predecessor-version":[{"id":582,"href":"https:\/\/nyforetagarcentrum.se\/mark\/wp-json\/wp\/v2\/pages\/164\/revisions\/582"}],"wp:attachment":[{"href":"https:\/\/nyforetagarcentrum.se\/mark\/wp-json\/wp\/v2\/media?parent=164"}],"curies":[{"name":"wp","href":"https:\/\/api.w.org\/{rel}","templated":true}]}}